{"id":10947,"date":"2023-12-05T15:30:15","date_gmt":"2023-12-05T14:30:15","guid":{"rendered":"https:\/\/www.amec.es\/formacio-sostenibilitat-en-lempresa-industrial\/"},"modified":"2024-01-04T17:13:36","modified_gmt":"2024-01-04T16:13:36","slug":"formacio-sostenibilitat-en-lempresa-industrial","status":"publish","type":"page","link":"https:\/\/amec.es\/ca\/formacio-sostenibilitat-en-lempresa-industrial\/","title":{"rendered":"Formaci\u00f3: Sostenibilitat en l&#8217;empresa industrial"},"content":{"rendered":"\t\t<div data-elementor-type=\"wp-page\" data-elementor-id=\"10947\" class=\"elementor elementor-10947 elementor-8705\" data-elementor-post-type=\"page\">\n\t\t\t\t\t\t<section class=\"elementor-section elementor-top-section elementor-element elementor-element-63d23ad4 elementor-section-boxed elementor-section-height-default elementor-section-height-default\" data-id=\"63d23ad4\" data-element_type=\"section\" data-e-type=\"section\" data-settings=\"{&quot;background_background&quot;:&quot;classic&quot;}\">\n\t\t\t\t\t\t<div class=\"elementor-container elementor-column-gap-default\">\n\t\t\t\t\t<div class=\"elementor-column elementor-col-100 elementor-top-column elementor-element elementor-element-65a157da\" data-id=\"65a157da\" data-element_type=\"column\" data-e-type=\"column\">\n\t\t\t<div class=\"elementor-widget-wrap elementor-element-populated\">\n\t\t\t\t\t\t<div class=\"elementor-element elementor-element-1108ab85 elementor-widget elementor-widget-heading\" data-id=\"1108ab85\" data-element_type=\"widget\" data-e-type=\"widget\" data-widget_type=\"heading.default\">\n\t\t\t\t<div class=\"elementor-widget-container\">\n\t\t\t\t\t<p class=\"elementor-heading-title elementor-size-default\"><a href=\"https:\/\/www.amec.es\/ca\/contracta-amec\/\">Contracta <i>amec<\/i><\/a><\/p>\t\t\t\t<\/div>\n\t\t\t\t<\/div>\n\t\t\t\t<div class=\"elementor-element elementor-element-3c317da6 elementor-widget__width-initial elementor-widget-divider--view-line elementor-widget elementor-widget-global elementor-global-48210 elementor-global-159 elementor-widget-divider\" data-id=\"3c317da6\" data-element_type=\"widget\" data-e-type=\"widget\" data-widget_type=\"divider.default\">\n\t\t\t\t<div class=\"elementor-widget-container\">\n\t\t\t\t\t\t\t<div class=\"elementor-divider\">\n\t\t\t<span class=\"elementor-divider-separator\">\n\t\t\t\t\t\t<\/span>\n\t\t<\/div>\n\t\t\t\t\t\t<\/div>\n\t\t\t\t<\/div>\n\t\t\t\t\t<\/div>\n\t\t<\/div>\n\t\t\t\t\t<\/div>\n\t\t<\/section>\n\t\t\t\t<section class=\"elementor-section elementor-top-section elementor-element elementor-element-68b68950 elementor-section-boxed elementor-section-height-default elementor-section-height-default\" data-id=\"68b68950\" data-element_type=\"section\" data-e-type=\"section\" data-settings=\"{&quot;background_background&quot;:&quot;classic&quot;}\">\n\t\t\t\t\t\t<div class=\"elementor-container elementor-column-gap-default\">\n\t\t\t\t\t<div class=\"elementor-column elementor-col-33 elementor-top-column elementor-element elementor-element-39084673\" data-id=\"39084673\" data-element_type=\"column\" data-e-type=\"column\">\n\t\t\t<div class=\"elementor-widget-wrap elementor-element-populated\">\n\t\t\t\t\t\t<div class=\"elementor-element elementor-element-2f5f65da elementor-widget elementor-widget-heading\" data-id=\"2f5f65da\" data-element_type=\"widget\" data-e-type=\"widget\" data-widget_type=\"heading.default\">\n\t\t\t\t<div class=\"elementor-widget-container\">\n\t\t\t\t\t<h2 class=\"elementor-heading-title elementor-size-default\">Sostenibilitat en l'empresa industrial<\/h2>\t\t\t\t<\/div>\n\t\t\t\t<\/div>\n\t\t\t\t\t<\/div>\n\t\t<\/div>\n\t\t\t\t<div class=\"elementor-column elementor-col-66 elementor-top-column elementor-element elementor-element-1339faf6\" data-id=\"1339faf6\" data-element_type=\"column\" data-e-type=\"column\">\n\t\t\t<div class=\"elementor-widget-wrap elementor-element-populated\">\n\t\t\t\t\t\t<div class=\"elementor-element elementor-element-7de79037 elementor-widget elementor-widget-text-editor\" data-id=\"7de79037\" data-element_type=\"widget\" data-e-type=\"widget\" data-widget_type=\"text-editor.default\">\n\t\t\t\t<div class=\"elementor-widget-container\">\n\t\t\t\t\t\t\t\t\t<p><strong style=\"background-color: #00ffff;\"> Noves dates 2024!<\/strong><\/p><p><strong>22, 24, 29 i 31 de gener i 5, 7, 12 i 14 de febrer de 2024<\/strong><\/p><p><strong>Horari: de 16:00 a 18:00<\/strong><\/p><ul><li>Formaci\u00f3 de 16 hores dividida en sessions de 2 hores cadascuna. <strong>Inscriu-te a tots els m\u00f2duls o als que m\u00e9s t&#8217;interessin<\/strong>.<\/li><li>Programa online (amb 40% de descompte per als membres d&#8217; <em><strong>amec<\/strong><\/em> i 20% per als socis de l&#8217;AER)<\/li><\/ul><p>\u00a0<\/p><p>La transici\u00f3 cap a un model socioecon\u00f2mic sostenible i circular \u00e9s ja una realitat.<\/p><p>L&#8217;econom\u00eda circular i regenerativa vol allargar la vida dels recursos perque no es converteixin en residus (amb les conseq\u00fc\u00e8ncies d&#8217;esgotament de recursos i d&#8217;emissions residuals corresponents. <strong>Les empreses del futur seran sostenibles o no seran. <\/strong><\/p><p>Et proposem aquesta formaci\u00f3 que pret\u00e9n establir <strong>les bases de l&#8217;economia del futur i ajudar a les empreses a entendre les noves tend\u00e8ncies i oportunitats d&#8217;adaptaci\u00f3,<\/strong> aix\u00ed com els riscos de la no transici\u00f3.<\/p><p><strong style=\"background-color: #00ffff;\">T&#8217;interessa? Pots inscriure&#8217;t utilizant el formulari que apareix al final d&#8217;aquesta p\u00e0gina<\/strong><\/p>\t\t\t\t\t\t\t\t<\/div>\n\t\t\t\t<\/div>\n\t\t\t\t\t<\/div>\n\t\t<\/div>\n\t\t\t\t\t<\/div>\n\t\t<\/section>\n\t\t\t\t<section class=\"elementor-section elementor-top-section elementor-element elementor-element-277ff772 elementor-section-boxed elementor-section-height-default elementor-section-height-default\" data-id=\"277ff772\" data-element_type=\"section\" data-e-type=\"section\" data-settings=\"{&quot;background_background&quot;:&quot;classic&quot;}\">\n\t\t\t\t\t\t<div class=\"elementor-container elementor-column-gap-default\">\n\t\t\t\t\t<div class=\"elementor-column elementor-col-33 elementor-top-column elementor-element elementor-element-fa56bb4\" data-id=\"fa56bb4\" data-element_type=\"column\" data-e-type=\"column\">\n\t\t\t<div class=\"elementor-widget-wrap elementor-element-populated\">\n\t\t\t\t\t\t<div class=\"elementor-element elementor-element-376a1da0 elementor-widget elementor-widget-heading\" data-id=\"376a1da0\" data-element_type=\"widget\" data-e-type=\"widget\" data-widget_type=\"heading.default\">\n\t\t\t\t<div class=\"elementor-widget-container\">\n\t\t\t\t\t<h2 class=\"elementor-heading-title elementor-size-default\">Contingut de la formaci\u00f3 i metodologia<\/h2>\t\t\t\t<\/div>\n\t\t\t\t<\/div>\n\t\t\t\t<div class=\"elementor-element elementor-element-4a7fbb8c elementor-widget__width-initial elementor-widget-divider--view-line elementor-widget elementor-widget-global elementor-global-48210 elementor-global-159 elementor-widget-divider\" data-id=\"4a7fbb8c\" data-element_type=\"widget\" data-e-type=\"widget\" data-widget_type=\"divider.default\">\n\t\t\t\t<div class=\"elementor-widget-container\">\n\t\t\t\t\t\t\t<div class=\"elementor-divider\">\n\t\t\t<span class=\"elementor-divider-separator\">\n\t\t\t\t\t\t<\/span>\n\t\t<\/div>\n\t\t\t\t\t\t<\/div>\n\t\t\t\t<\/div>\n\t\t\t\t\t<\/div>\n\t\t<\/div>\n\t\t\t\t<div class=\"elementor-column elementor-col-66 elementor-top-column elementor-element elementor-element-2034d594\" data-id=\"2034d594\" data-element_type=\"column\" data-e-type=\"column\">\n\t\t\t<div class=\"elementor-widget-wrap elementor-element-populated\">\n\t\t\t\t\t\t<div class=\"elementor-element elementor-element-3f7be57a elementor-widget elementor-widget-text-editor\" data-id=\"3f7be57a\" data-element_type=\"widget\" data-e-type=\"widget\" data-widget_type=\"text-editor.default\">\n\t\t\t\t<div class=\"elementor-widget-container\">\n\t\t\t\t\t\t\t\t\t<p><span style=\"background-color: transparent;\">M\u00f3dulo 1 (22 gener): <strong>El context<\/strong>: quina \u00e9s la situaci\u00f3 actual a nivell de recursos naturals i humans que precipita l&#8217;aparici\u00f3 de l&#8217;economia circular i alhora la consolidaci\u00f3 de la sostenibilitat a l&#8217;empresa industrial.<\/span><\/p><ul><li><span style=\"background-color: transparent;\">Tend\u00e8ncies globals i sectorials en l&#8217;ind\u00fastria<\/span><\/li><li><span style=\"background-color: transparent;\">Els ODS i el Pacte Verd Europeu com a grans tractors de sostenibilitat. Com afecta a l&#8217;empresa industrial?<\/span><\/li><\/ul><p>\u00a0<\/p><p>M\u00f2dul 2 (24 gener): <strong>La sostenibilitat empresarial:<\/strong> qu\u00e9 s&#8217;ent\u00e9n actualment per empresa sostenible.<\/p><ul><li>L\u00edmits sist\u00e8mics i teoria del Donut de Kate Raworth<\/li><li>Sostenibilitat empresarial<\/li><\/ul><ul><li>Innovaci\u00f3 per a la sostenibilitat<\/li><li>Exemples d&#8217;empreses m\u00e9s sostenibles.<\/li><\/ul><p>\u00a0<\/p><p>M\u00f2dul 3 (29 gener): <strong>Economia circular i ecodisseny:<\/strong> qu\u00e8 \u00e9s l&#8217;economia circular i com l&#8217;ecodisseny ajuda en el disseny de negocis circulars sostenibles.<\/p><ul><li>L&#8217;Econom\u00eda circular, el marc del nou paradigma socio-econ\u00f2mic<\/li><li>La papallona de l&#8217;Econom\u00eda circular<\/li><li>Les 9R: Definicions i exemples de les principals estrat\u00e8gies de l&#8217;Economia circular<\/li><\/ul><p>\u00a0<\/p><p>M\u00f2dul 4 (31 gener):<strong> Models de negoci circulars<\/strong>: com son els negocis circulars i quines oportunitats ofrereixen<\/p><ul><li>Models de negoci circular i eines de diagnosi de circularitat<\/li><li>Exemples de models de negoci circular<\/li><li>Oportunitats i barreres de la circularitat<\/li><\/ul><p>\u00a0<\/p><p>M\u00f2dul 5 (5 febrer):<strong> Mitigaci\u00f3 i petjada de C<\/strong>: qu\u00e8 s&#8217;ent\u00e9n per mitigaci\u00f3 y com es calcula la petjada de C.<\/p><ul><li>El canvi clim\u00e0tic<\/li><li>Com contribuir a aturar el canvi clim\u00e0tic<\/li><li>Com es calcula la contribuci\u00f3 de l&#8217;empresa al canvi clim\u00e0tic<\/li><li>Estrat\u00e8gies de mitigaci\u00f3<\/li><\/ul><p>\u00a0<\/p><p>M\u00f2dul 6 (7 febrer): <strong>Adaptaci\u00f3 i vulnerabilitat<\/strong><\/p><ul><li>Els efectes del canvi clim\u00e0tic: prediccions globals i locals<\/li><li>Els riscos derivats del canvi clim\u00e0tic<\/li><li>La vulnerabilitat<\/li><li>Possibles actuacions d&#8217;adaptaci\u00f3<\/li><\/ul><p>\u00a0<\/p><p>M\u00f2dul 7 (12 febrer): <strong>Normativa:<\/strong> la legislaci\u00f3 present per a la descarbonitzaci\u00f3 d&#8217;Europa<\/p><ul><li>El Pacte Verd Europeu<\/li><li>Implicacions del Pacte Verd en la legislaci\u00f3 europea<\/li><\/ul><p>\u00a0<\/p><p>M\u00f2dul 8 (14 febrer):<strong> \u2018Reporting\u2019 no financer:<\/strong> Comunicaci\u00f3 de la sostenibilidad<\/p><ul><li>Informes de sostenibilitat: Qu\u00e8 s\u00f3n i com s&#8217;han d&#8217;elaborar<\/li><li>Diferents marcs d&#8217;informaci\u00f3 de la sostenibilitat<\/li><\/ul><p>\u00a0<\/p><p><strong>Metodologia<\/strong>: S&#8217;integraran classes magistrals amb exemples i iniciatives. Tamb\u00e9 es treballaran casos pr\u00e0ctics que els participants prepararan i discutiran al llarg del curso. Es generaran espais d&#8217;intercanvi dexperi\u00e8ncies i di\u00e0leg al voltant de les sessions per enriquir la comunitat dels ens locals.<\/p>\t\t\t\t\t\t\t\t<\/div>\n\t\t\t\t<\/div>\n\t\t\t\t\t<\/div>\n\t\t<\/div>\n\t\t\t\t\t<\/div>\n\t\t<\/section>\n\t\t\t\t<section class=\"elementor-section elementor-top-section elementor-element elementor-element-75e6c25 elementor-section-boxed elementor-section-height-default elementor-section-height-default\" data-id=\"75e6c25\" data-element_type=\"section\" data-e-type=\"section\" data-settings=\"{&quot;background_background&quot;:&quot;classic&quot;}\">\n\t\t\t\t\t\t<div class=\"elementor-container elementor-column-gap-default\">\n\t\t\t\t\t<div class=\"elementor-column elementor-col-100 elementor-top-column elementor-element elementor-element-55b7972\" data-id=\"55b7972\" data-element_type=\"column\" data-e-type=\"column\">\n\t\t\t<div class=\"elementor-widget-wrap elementor-element-populated\">\n\t\t\t\t\t\t<div class=\"elementor-element elementor-element-d78127e elementor-widget elementor-widget-heading\" data-id=\"d78127e\" data-element_type=\"widget\" data-e-type=\"widget\" data-widget_type=\"heading.default\">\n\t\t\t\t<div class=\"elementor-widget-container\">\n\t\t\t\t\t<h2 class=\"elementor-heading-title elementor-size-default\">Formadors\n<\/h2>\t\t\t\t<\/div>\n\t\t\t\t<\/div>\n\t\t\t\t<div class=\"elementor-element elementor-element-df3256b elementor-widget__width-initial elementor-widget-divider--view-line elementor-widget elementor-widget-global elementor-global-48210 elementor-global-159 elementor-widget-divider\" data-id=\"df3256b\" data-element_type=\"widget\" data-e-type=\"widget\" data-widget_type=\"divider.default\">\n\t\t\t\t<div class=\"elementor-widget-container\">\n\t\t\t\t\t\t\t<div class=\"elementor-divider\">\n\t\t\t<span class=\"elementor-divider-separator\">\n\t\t\t\t\t\t<\/span>\n\t\t<\/div>\n\t\t\t\t\t\t<\/div>\n\t\t\t\t<\/div>\n\t\t\t\t\t<\/div>\n\t\t<\/div>\n\t\t\t\t\t<\/div>\n\t\t<\/section>\n\t\t\t\t<section class=\"elementor-section elementor-top-section elementor-element elementor-element-1d1ca50 elementor-section-boxed elementor-section-height-default elementor-section-height-default\" data-id=\"1d1ca50\" data-element_type=\"section\" data-e-type=\"section\" data-settings=\"{&quot;background_background&quot;:&quot;classic&quot;}\">\n\t\t\t\t\t\t<div class=\"elementor-container elementor-column-gap-default\">\n\t\t\t\t\t<div class=\"elementor-column elementor-col-33 elementor-top-column elementor-element elementor-element-288bd93\" data-id=\"288bd93\" data-element_type=\"column\" data-e-type=\"column\">\n\t\t\t<div class=\"elementor-widget-wrap elementor-element-populated\">\n\t\t\t\t\t\t<div class=\"elementor-element elementor-element-023c4a6 elementor-flip-box--effect-slide elementor-flip-box--direction-up elementor-widget elementor-widget-flip-box\" data-id=\"023c4a6\" data-element_type=\"widget\" data-e-type=\"widget\" data-widget_type=\"flip-box.default\">\n\t\t\t\t<div class=\"elementor-widget-container\">\n\t\t\t\t\t\t\t<div class=\"elementor-flip-box\" tabindex=\"0\">\n\t\t\t<div class=\"elementor-flip-box__layer elementor-flip-box__front\">\n\t\t\t\t<div class=\"elementor-flip-box__layer__overlay\">\n\t\t\t\t\t<div class=\"elementor-flip-box__layer__inner\">\n\t\t\t\t\t\t\n\t\t\t\t\t\t\t\t\t\t\t\t\t<h3 class=\"elementor-flip-box__layer__title\">\n\t\t\t\t\t\t\t\tAriadna Benet \t\t\t\t\t\t\t<\/h3>\n\t\t\t\t\t\t\n\t\t\t\t\t\t\t\t\t\t\t<\/div>\n\t\t\t\t<\/div>\n\t\t\t<\/div>\n\t\t\t<div class=\"elementor-flip-box__layer elementor-flip-box__back\">\n\t\t\t<div class=\"elementor-flip-box__layer__overlay\">\n\t\t\t\t<div class=\"elementor-flip-box__layer__inner\">\n\t\t\t\t\t\n\t\t\t\t\t\t\t\t\t\t\t<div class=\"elementor-flip-box__layer__description\">\n\t\t\t\t\t\t\t Fundadora de'AdNSostenible, consultora senior en desenvolupament sostenible, especialitzada en sostenibilitat empresarial, planificaci\u00f3 estrat\u00e8gica i economia circular Guia empreses, emprenedors i institucions en la transformaci\u00f3 cap a la sostenibilitat i en el (re)disseny de models de negoci sostenibles i circular. Ha facilitat la inclusi\u00f3 dels Objectius de Desenvolupament Sostenible de les Nacions Unides (Agenda 2030) per a la planificaci\u00f3 estrat\u00e8gica; i ha desenvolupat mem\u00f2ries de sostenibilitat amb la metodologia GRI Standards d'empreses i institucions.\t\t\t\t\t\t<\/div>\n\t\t\t\t\t\n\t\t\t\t\t\t\t\t<\/div>\n\t\t<\/div>\n\t\t<\/div>\n\t\t<\/div>\n\t\t\t\t\t\t<\/div>\n\t\t\t\t<\/div>\n\t\t\t\t\t<\/div>\n\t\t<\/div>\n\t\t\t\t<div class=\"elementor-column elementor-col-33 elementor-top-column elementor-element elementor-element-17740c7\" data-id=\"17740c7\" data-element_type=\"column\" data-e-type=\"column\">\n\t\t\t<div class=\"elementor-widget-wrap elementor-element-populated\">\n\t\t\t\t\t\t<div class=\"elementor-element elementor-element-5904c69 elementor-flip-box--effect-slide elementor-flip-box--direction-up elementor-widget elementor-widget-flip-box\" data-id=\"5904c69\" data-element_type=\"widget\" data-e-type=\"widget\" data-widget_type=\"flip-box.default\">\n\t\t\t\t<div class=\"elementor-widget-container\">\n\t\t\t\t\t\t\t<div class=\"elementor-flip-box\" tabindex=\"0\">\n\t\t\t<div class=\"elementor-flip-box__layer elementor-flip-box__front\">\n\t\t\t\t<div class=\"elementor-flip-box__layer__overlay\">\n\t\t\t\t\t<div class=\"elementor-flip-box__layer__inner\">\n\t\t\t\t\t\t\n\t\t\t\t\t\t\t\t\t\t\t\t\t<h3 class=\"elementor-flip-box__layer__title\">\n\t\t\t\t\t\t\t\tMaria Armi\u00f1ana\t\t\t\t\t\t\t<\/h3>\n\t\t\t\t\t\t\n\t\t\t\t\t\t\t\t\t\t\t<\/div>\n\t\t\t\t<\/div>\n\t\t\t<\/div>\n\t\t\t<div class=\"elementor-flip-box__layer elementor-flip-box__back\">\n\t\t\t<div class=\"elementor-flip-box__layer__overlay\">\n\t\t\t\t<div class=\"elementor-flip-box__layer__inner\">\n\t\t\t\t\t\n\t\t\t\t\t\t\t\t\t\t\t<div class=\"elementor-flip-box__layer__description\">\n\t\t\t\t\t\t\tCoordinadora de la C\u00e0tedra d'Economia Circular i Sostenibilitat del Tecnocampus Matar\u00f3-Maresme (UPF). Especialitzada en impactes empresarials positius, concretats en sostenibilitat i perspectiva de g\u00e8nere, per con\u00e8ixer com les empreses poden millorar els seus impactes socials i ambientals. Guia per a la implementaci\u00f3 de models de negoci circulars, m\u00e8triques per a la mesura de la circularitat empresarial i altres actuacions relacionades amb la transici\u00f3 empresarial i sectorial cap a la circularitat.\t\t\t\t\t\t<\/div>\n\t\t\t\t\t\n\t\t\t\t\t\t\t\t<\/div>\n\t\t<\/div>\n\t\t<\/div>\n\t\t<\/div>\n\t\t\t\t\t\t<\/div>\n\t\t\t\t<\/div>\n\t\t\t\t\t<\/div>\n\t\t<\/div>\n\t\t\t\t<div class=\"elementor-column elementor-col-33 elementor-top-column elementor-element elementor-element-4882460\" data-id=\"4882460\" data-element_type=\"column\" data-e-type=\"column\">\n\t\t\t<div class=\"elementor-widget-wrap\">\n\t\t\t\t\t\t\t<\/div>\n\t\t<\/div>\n\t\t\t\t\t<\/div>\n\t\t<\/section>\n\t\t\t\t<section class=\"elementor-section elementor-top-section elementor-element elementor-element-69715414 elementor-section-boxed elementor-section-height-default elementor-section-height-default\" data-id=\"69715414\" data-element_type=\"section\" data-e-type=\"section\" data-settings=\"{&quot;background_background&quot;:&quot;classic&quot;}\">\n\t\t\t\t\t\t<div class=\"elementor-container elementor-column-gap-default\">\n\t\t\t\t\t<div class=\"elementor-column elementor-col-100 elementor-top-column elementor-element elementor-element-6043121c\" data-id=\"6043121c\" data-element_type=\"column\" data-e-type=\"column\">\n\t\t\t<div class=\"elementor-widget-wrap elementor-element-populated\">\n\t\t\t\t\t\t<div class=\"elementor-element elementor-element-385e405a elementor-widget elementor-widget-heading\" data-id=\"385e405a\" data-element_type=\"widget\" data-e-type=\"widget\" data-widget_type=\"heading.default\">\n\t\t\t\t<div class=\"elementor-widget-container\">\n\t\t\t\t\t<h3 class=\"elementor-heading-title elementor-size-default\">Fitxa t\u00e8cnica del programa\n<\/h3>\t\t\t\t<\/div>\n\t\t\t\t<\/div>\n\t\t\t\t<div class=\"elementor-element elementor-element-7d2144a7 elementor-widget__width-initial elementor-widget-divider--view-line elementor-widget elementor-widget-global elementor-global-48210 elementor-global-159 elementor-widget-divider\" data-id=\"7d2144a7\" data-element_type=\"widget\" data-e-type=\"widget\" data-widget_type=\"divider.default\">\n\t\t\t\t<div class=\"elementor-widget-container\">\n\t\t\t\t\t\t\t<div class=\"elementor-divider\">\n\t\t\t<span class=\"elementor-divider-separator\">\n\t\t\t\t\t\t<\/span>\n\t\t<\/div>\n\t\t\t\t\t\t<\/div>\n\t\t\t\t<\/div>\n\t\t\t\t<div class=\"elementor-element elementor-element-5f4b486 elementor-widget elementor-widget-spacer\" data-id=\"5f4b486\" data-element_type=\"widget\" data-e-type=\"widget\" data-widget_type=\"spacer.default\">\n\t\t\t\t<div class=\"elementor-widget-container\">\n\t\t\t\t\t\t\t<div class=\"elementor-spacer\">\n\t\t\t<div class=\"elementor-spacer-inner\"><\/div>\n\t\t<\/div>\n\t\t\t\t\t\t<\/div>\n\t\t\t\t<\/div>\n\t\t\t\t<div class=\"elementor-element elementor-element-cd40919 elementor-widget elementor-widget-text-editor\" data-id=\"cd40919\" data-element_type=\"widget\" data-e-type=\"widget\" data-widget_type=\"text-editor.default\">\n\t\t\t\t<div class=\"elementor-widget-container\">\n\t\t\t\t\t\t\t\t\t<p>Les empreses membre d&#8217;<em><strong>amec<\/strong><\/em> disposen d&#8217;un <strong>40% de descompte en el preu<\/strong>i un 20% per als socis de l&#8217;AER<\/p><p><strong>Escull la inscripci\u00f3 a tot el Programa o a los m\u00f2duls que m\u00e9s t&#8217;interessin:<\/strong><\/p><p>Inscripci\u00f3 a tots els m\u00f2duls:<\/p><ul><li>Membres d&#8217;<strong><em>amec<\/em><\/strong>: 1040\u20ac + 21% IVA<\/li><li>Membres de l&#8217;AER: 1384\u20ac + 21% IVA<\/li><li>Empreses no membre: 1730\u20ac + 21% IVA<\/li><\/ul><p>\u00a0<\/p><p>Inscripci\u00f3 a cada m\u00f2dul:<\/p><ul><li>Membres d&#8217;<em><strong>amec<\/strong><\/em>: 260\u20ac+ 21% IVA<\/li><li>Membres de l&#8217;AER: 345\u20ac + 21% IVA<\/li><li>Empreses no membres: 430\u20ac + 21% IVA<\/li><\/ul><p>\u00a0<\/p><p>Nombre m\u00ednim d&#8217;assistents: 7<\/p><p><strong>Pol\u00edtica de cancel\u00b7laci\u00f3<\/strong><\/p><p>Per a cancel\u00b7lacions realitzades durant els 30 dies abans de l&#8217;inici del taller, es tornar\u00e0 el 75% de l&#8217;import.<\/p><p>Per cancel\u00b7lacions realitzades durant els 15 dies abans de l&#8217;inici del taller, no se&#8217;n tornar\u00e0 l&#8217;import.<\/p><p>\u00a0<\/p><p><strong>Gesti\u00f3 de la Bonificaci\u00f3 Fundae: <\/strong><strong><em>amec<\/em><\/strong> nom\u00e9s gestionar\u00e0 la bonificaci\u00f3 fundae a les inscripcions a tots els m\u00f2duls, per fer-ho hem de tenir tota la documentaci\u00f3 necess\u00e0ria 7 dies abans de l&#8217;inici del curs.<\/p><p class=\"p1\">Tens alguna pregunta? envia un correu a Eva Pahissa &#8211; <strong><a style=\"color: #002e84; background-color: #ffda2f;\" href=\"mailto:epahissa@amec.es\">epahissa@amec.es<\/a><\/strong><\/p>\t\t\t\t\t\t\t\t<\/div>\n\t\t\t\t<\/div>\n\t\t\t\t\t<\/div>\n\t\t<\/div>\n\t\t\t\t\t<\/div>\n\t\t<\/section>\n\t\t\t\t<section class=\"elementor-section elementor-top-section elementor-element elementor-element-0c511e6 elementor-section-boxed elementor-section-height-default elementor-section-height-default\" data-id=\"0c511e6\" data-element_type=\"section\" data-e-type=\"section\" data-settings=\"{&quot;background_background&quot;:&quot;classic&quot;}\">\n\t\t\t\t\t\t<div class=\"elementor-container elementor-column-gap-default\">\n\t\t\t\t\t<div class=\"elementor-column elementor-col-100 elementor-top-column elementor-element elementor-element-0d41a7f\" data-id=\"0d41a7f\" data-element_type=\"column\" data-e-type=\"column\">\n\t\t\t<div class=\"elementor-widget-wrap elementor-element-populated\">\n\t\t\t\t\t\t<div class=\"elementor-element elementor-element-1474642 elementor-widget elementor-widget-heading\" data-id=\"1474642\" data-element_type=\"widget\" data-e-type=\"widget\" data-widget_type=\"heading.default\">\n\t\t\t\t<div class=\"elementor-widget-container\">\n\t\t\t\t\t<h2 class=\"elementor-heading-title elementor-size-default\">Inscr\u00edu-te a la formaci\u00f3 Sostenibilitat per a l'empresa industrial<\/h2>\t\t\t\t<\/div>\n\t\t\t\t<\/div>\n\t\t\t\t<div class=\"elementor-element elementor-element-eb9ce3e elementor-widget__width-initial elementor-widget-divider--view-line elementor-widget elementor-widget-global elementor-global-48210 elementor-global-159 elementor-widget-divider\" data-id=\"eb9ce3e\" data-element_type=\"widget\" data-e-type=\"widget\" data-widget_type=\"divider.default\">\n\t\t\t\t<div class=\"elementor-widget-container\">\n\t\t\t\t\t\t\t<div class=\"elementor-divider\">\n\t\t\t<span class=\"elementor-divider-separator\">\n\t\t\t\t\t\t<\/span>\n\t\t<\/div>\n\t\t\t\t\t\t<\/div>\n\t\t\t\t<\/div>\n\t\t\t\t<div class=\"elementor-element elementor-element-b78848e legales-blanco elementor-button-align-stretch elementor-widget elementor-widget-form\" data-id=\"b78848e\" data-element_type=\"widget\" data-e-type=\"widget\" data-settings=\"{&quot;button_width&quot;:&quot;20&quot;,&quot;step_next_label&quot;:&quot;Seg\\u00fcent&quot;,&quot;step_previous_label&quot;:&quot;Anterior&quot;,&quot;step_type&quot;:&quot;number_text&quot;,&quot;step_icon_shape&quot;:&quot;circle&quot;}\" data-widget_type=\"form.default\">\n\t\t\t\t<div class=\"elementor-widget-container\">\n\t\t\t\t\t\t\t<form class=\"elementor-form\" method=\"post\" name=\"Formaci\u00f3 en sostenibilitat\" aria-label=\"Formaci\u00f3 en sostenibilitat\">\n\t\t\t<input type=\"hidden\" name=\"post_id\" value=\"10947\"\/>\n\t\t\t<input type=\"hidden\" name=\"form_id\" value=\"b78848e\"\/>\n\t\t\t<input type=\"hidden\" name=\"referer_title\" value=\"amec Positive Industry\" \/>\n\n\t\t\t\n\t\t\t<div class=\"elementor-form-fields-wrapper elementor-labels-above\">\n\t\t\t\t\t\t\t\t<div class=\"elementor-field-type-text elementor-field-group elementor-column elementor-field-group-name elementor-col-100 elementor-field-required\">\n\t\t\t\t\t\t\t\t\t\t\t\t\t<input size=\"1\" type=\"text\" name=\"form_fields[name]\" id=\"form-field-name\" class=\"elementor-field elementor-size-sm  elementor-field-textual\" placeholder=\"Nom*\" required=\"required\">\n\t\t\t\t\t\t\t\t\t\t\t<\/div>\n\t\t\t\t\t\t\t\t<div class=\"elementor-field-type-text elementor-field-group elementor-column elementor-field-group-field_bfb214a elementor-col-100 elementor-field-required\">\n\t\t\t\t\t\t\t\t\t\t\t\t\t<input size=\"1\" type=\"text\" name=\"form_fields[field_bfb214a]\" id=\"form-field-field_bfb214a\" class=\"elementor-field elementor-size-sm  elementor-field-textual\" placeholder=\"Cognoms*\" required=\"required\">\n\t\t\t\t\t\t\t\t\t\t\t<\/div>\n\t\t\t\t\t\t\t\t<div class=\"elementor-field-type-text elementor-field-group elementor-column elementor-field-group-field_cbdc095 elementor-col-100 elementor-field-required\">\n\t\t\t\t\t\t\t\t\t\t\t\t\t<input size=\"1\" type=\"text\" name=\"form_fields[field_cbdc095]\" id=\"form-field-field_cbdc095\" class=\"elementor-field elementor-size-sm  elementor-field-textual\" placeholder=\"El teu correu electr\u00f2nic*\" required=\"required\">\n\t\t\t\t\t\t\t\t\t\t\t<\/div>\n\t\t\t\t\t\t\t\t<div class=\"elementor-field-type-text elementor-field-group elementor-column elementor-field-group-field_71f88b7 elementor-col-100 elementor-field-required\">\n\t\t\t\t\t\t\t\t\t\t\t\t\t<input size=\"1\" type=\"text\" name=\"form_fields[field_71f88b7]\" id=\"form-field-field_71f88b7\" class=\"elementor-field elementor-size-sm  elementor-field-textual\" placeholder=\"Empresa\/Entitat*\" required=\"required\">\n\t\t\t\t\t\t\t\t\t\t\t<\/div>\n\t\t\t\t\t\t\t\t<div class=\"elementor-field-type-text elementor-field-group elementor-column elementor-field-group-field_dd56502 elementor-col-100 elementor-field-required\">\n\t\t\t\t\t\t\t\t\t\t\t\t\t<input size=\"1\" type=\"text\" name=\"form_fields[field_dd56502]\" id=\"form-field-field_dd56502\" class=\"elementor-field elementor-size-sm  elementor-field-textual\" placeholder=\"C\u00e0rrec *\" required=\"required\">\n\t\t\t\t\t\t\t\t\t\t\t<\/div>\n\t\t\t\t\t\t\t\t<div class=\"elementor-field-type-tel elementor-field-group elementor-column elementor-field-group-field_a56bc2d elementor-col-100\">\n\t\t\t\t\t\t\t<input size=\"1\" type=\"tel\" name=\"form_fields[field_a56bc2d]\" id=\"form-field-field_a56bc2d\" class=\"elementor-field elementor-size-sm  elementor-field-textual\" placeholder=\"Tel\u00e8fon de contacte (opcional)\" pattern=\"[0-9()#&amp;+*-=.]+\" title=\"Only numbers and phone characters (#, -, *, etc) are accepted.\">\n\n\t\t\t\t\t\t<\/div>\n\t\t\t\t\t\t\t\t<div class=\"elementor-field-type-acceptance elementor-field-group elementor-column elementor-field-group-field_4653b10 elementor-col-100\">\n\t\t\t\t\t\t\t<div class=\"elementor-field-subgroup\">\n\t\t\t<span class=\"elementor-field-option\">\n\t\t\t\t<input type=\"checkbox\" name=\"form_fields[field_4653b10]\" id=\"form-field-field_4653b10\" class=\"elementor-field elementor-size-sm  elementor-acceptance-field\">\n\t\t\t\t<label for=\"form-field-field_4653b10\">Vull inscriure'm a tots els m\u00f2duls<\/label>\t\t\t<\/span>\n\t\t<\/div>\n\t\t\t\t\t\t<\/div>\n\t\t\t\t\t\t\t\t<div class=\"elementor-field-type-acceptance elementor-field-group elementor-column elementor-field-group-field_a3da0e2 elementor-col-100\">\n\t\t\t\t\t\t\t<div class=\"elementor-field-subgroup\">\n\t\t\t<span class=\"elementor-field-option\">\n\t\t\t\t<input type=\"checkbox\" name=\"form_fields[field_a3da0e2]\" id=\"form-field-field_a3da0e2\" class=\"elementor-field elementor-size-sm  elementor-acceptance-field\">\n\t\t\t\t<label for=\"form-field-field_a3da0e2\">Vull inscriure'm al M\u00f2dul 1: El context (22 gener)<\/label>\t\t\t<\/span>\n\t\t<\/div>\n\t\t\t\t\t\t<\/div>\n\t\t\t\t\t\t\t\t<div class=\"elementor-field-type-acceptance elementor-field-group elementor-column elementor-field-group-field_dfb0680 elementor-col-100\">\n\t\t\t\t\t\t\t<div class=\"elementor-field-subgroup\">\n\t\t\t<span class=\"elementor-field-option\">\n\t\t\t\t<input type=\"checkbox\" name=\"form_fields[field_dfb0680]\" id=\"form-field-field_dfb0680\" class=\"elementor-field elementor-size-sm  elementor-acceptance-field\">\n\t\t\t\t<label for=\"form-field-field_dfb0680\">Vull inscriure'm al M\u00f2dul 2: La sostenibilitat empresarial (24 gener)<\/label>\t\t\t<\/span>\n\t\t<\/div>\n\t\t\t\t\t\t<\/div>\n\t\t\t\t\t\t\t\t<div class=\"elementor-field-type-acceptance elementor-field-group elementor-column elementor-field-group-field_65a32b2 elementor-col-100\">\n\t\t\t\t\t\t\t<div class=\"elementor-field-subgroup\">\n\t\t\t<span class=\"elementor-field-option\">\n\t\t\t\t<input type=\"checkbox\" name=\"form_fields[field_65a32b2]\" id=\"form-field-field_65a32b2\" class=\"elementor-field elementor-size-sm  elementor-acceptance-field\">\n\t\t\t\t<label for=\"form-field-field_65a32b2\">Vull inscriure'm al M\u00f2dul 3: Economia circular i ecodisseny (29 gener)<\/label>\t\t\t<\/span>\n\t\t<\/div>\n\t\t\t\t\t\t<\/div>\n\t\t\t\t\t\t\t\t<div class=\"elementor-field-type-acceptance elementor-field-group elementor-column elementor-field-group-field_e989a39 elementor-col-100\">\n\t\t\t\t\t\t\t<div class=\"elementor-field-subgroup\">\n\t\t\t<span class=\"elementor-field-option\">\n\t\t\t\t<input type=\"checkbox\" name=\"form_fields[field_e989a39]\" id=\"form-field-field_e989a39\" class=\"elementor-field elementor-size-sm  elementor-acceptance-field\">\n\t\t\t\t<label for=\"form-field-field_e989a39\">Vull inscriure'm al M\u00f2dul 4: Models de negoci circulars (31 gener)<\/label>\t\t\t<\/span>\n\t\t<\/div>\n\t\t\t\t\t\t<\/div>\n\t\t\t\t\t\t\t\t<div class=\"elementor-field-type-acceptance elementor-field-group elementor-column elementor-field-group-field_cd32c08 elementor-col-100\">\n\t\t\t\t\t\t\t<div class=\"elementor-field-subgroup\">\n\t\t\t<span class=\"elementor-field-option\">\n\t\t\t\t<input type=\"checkbox\" name=\"form_fields[field_cd32c08]\" id=\"form-field-field_cd32c08\" class=\"elementor-field elementor-size-sm  elementor-acceptance-field\">\n\t\t\t\t<label for=\"form-field-field_cd32c08\">Vull inscriure'm al M\u00f2dul 5: Mitigaci\u00f3 i petjada de C. (5 feb.)<\/label>\t\t\t<\/span>\n\t\t<\/div>\n\t\t\t\t\t\t<\/div>\n\t\t\t\t\t\t\t\t<div class=\"elementor-field-type-acceptance elementor-field-group elementor-column elementor-field-group-field_da9b53d elementor-col-100\">\n\t\t\t\t\t\t\t<div class=\"elementor-field-subgroup\">\n\t\t\t<span class=\"elementor-field-option\">\n\t\t\t\t<input type=\"checkbox\" name=\"form_fields[field_da9b53d]\" id=\"form-field-field_da9b53d\" class=\"elementor-field elementor-size-sm  elementor-acceptance-field\">\n\t\t\t\t<label for=\"form-field-field_da9b53d\">Vull inscriure'm al M\u00f2dul 6: Adaptaci\u00f3 i vulnerabilitat (7 feb.)<\/label>\t\t\t<\/span>\n\t\t<\/div>\n\t\t\t\t\t\t<\/div>\n\t\t\t\t\t\t\t\t<div class=\"elementor-field-type-acceptance elementor-field-group elementor-column elementor-field-group-field_53a0ddc elementor-col-100\">\n\t\t\t\t\t\t\t<div class=\"elementor-field-subgroup\">\n\t\t\t<span class=\"elementor-field-option\">\n\t\t\t\t<input type=\"checkbox\" name=\"form_fields[field_53a0ddc]\" id=\"form-field-field_53a0ddc\" class=\"elementor-field elementor-size-sm  elementor-acceptance-field\">\n\t\t\t\t<label for=\"form-field-field_53a0ddc\">Vull inscriure'm al M\u00f3dul 7: Normativa (12 feb.)<\/label>\t\t\t<\/span>\n\t\t<\/div>\n\t\t\t\t\t\t<\/div>\n\t\t\t\t\t\t\t\t<div class=\"elementor-field-type-acceptance elementor-field-group elementor-column elementor-field-group-field_06a0daf elementor-col-100\">\n\t\t\t\t\t\t\t<div class=\"elementor-field-subgroup\">\n\t\t\t<span class=\"elementor-field-option\">\n\t\t\t\t<input type=\"checkbox\" name=\"form_fields[field_06a0daf]\" id=\"form-field-field_06a0daf\" class=\"elementor-field elementor-size-sm  elementor-acceptance-field\">\n\t\t\t\t<label for=\"form-field-field_06a0daf\">Vull inscriure'm al M\u00f2dul 8: 'Reporting' no financer (14 feb.)<\/label>\t\t\t<\/span>\n\t\t<\/div>\n\t\t\t\t\t\t<\/div>\n\t\t\t\t\t\t\t\t<div class=\"elementor-field-type-radio elementor-field-group elementor-column elementor-field-group-field_cee6e06 elementor-col-100\">\n\t\t\t\t\t<div class=\"elementor-field-subgroup  \"><span class=\"elementor-field-option\"><input type=\"radio\" value=\"Som socis de l&#039;AER\" id=\"form-field-field_cee6e06-0\" name=\"form_fields[field_cee6e06]\"> <label for=\"form-field-field_cee6e06-0\">Som socis de l'AER<\/label><\/span><\/div>\t\t\t\t<\/div>\n\t\t\t\t\t\t\t\t<div class=\"elementor-field-type-acceptance elementor-field-group elementor-column elementor-field-group-field_7259d92 elementor-col-100 elementor-field-required\">\n\t\t\t\t\t\t\t<div class=\"elementor-field-subgroup\">\n\t\t\t<span class=\"elementor-field-option\">\n\t\t\t\t<input type=\"checkbox\" name=\"form_fields[field_7259d92]\" id=\"form-field-field_7259d92\" class=\"elementor-field elementor-size-sm  elementor-acceptance-field\" required=\"required\">\n\t\t\t\t<label for=\"form-field-field_7259d92\">He llegit i accepto les <a href=\"#\">condicions legals<\/a><\/label>\t\t\t<\/span>\n\t\t<\/div>\n\t\t\t\t\t\t<\/div>\n\t\t\t\t\t\t\t\t<div class=\"elementor-field-type-html elementor-field-group elementor-column elementor-field-group-field_7e04e21 elementor-col-100\">\n\t\t\t\t\t<p>Aquest lloc est\u00e0 protegit amb reCAPTCHA i s'apliquen les <a target=\"_blank\" href=\"https:\/\/policies.google.com\/terms\">Condicions<\/a> y el <a target=\"_blank\" href=\"https:\/\/policies.google.com\/privacy\">servei de privadesa<\/a> de Google.<\/p>\t\t\t\t<\/div>\n\t\t\t\t\t\t\t\t<div class=\"elementor-field-type-html elementor-field-group elementor-column elementor-field-group-field_a4c9a55 elementor-col-100\">\n\t\t\t\t\t* Camps obligatoris\t\t\t\t<\/div>\n\t\t\t\t\t\t\t\t<div class=\"elementor-field-group elementor-column elementor-field-type-submit elementor-col-20 e-form__buttons\">\n\t\t\t\t\t<button class=\"elementor-button elementor-size-sm\" type=\"submit\">\n\t\t\t\t\t\t<span class=\"elementor-button-content-wrapper\">\n\t\t\t\t\t\t\t\t\t\t\t\t\t\t\t\t\t\t\t\t\t\t<span class=\"elementor-button-text\">Enviar<\/span>\n\t\t\t\t\t\t\t\t\t\t\t\t\t<\/span>\n\t\t\t\t\t<\/button>\n\t\t\t\t<\/div>\n\t\t\t<\/div>\n\t\t<\/form>\n\t\t\t\t\t\t<\/div>\n\t\t\t\t<\/div>\n\t\t\t\t\t<\/div>\n\t\t<\/div>\n\t\t\t\t\t<\/div>\n\t\t<\/section>\n\t\t\t\t<\/div>\n\t\t","protected":false},"excerpt":{"rendered":"<p>Contracta amec Sostenibilitat en l&#8217;empresa industrial Noves dates 2024! 22, 24, 29 i 31 de gener i 5, 7, 12 i 14 de febrer de 2024 Horari: de 16:00 a 18:00 Formaci\u00f3 de 16 hores dividida en sessions de 2 hores cadascuna. Inscriu-te a tots els m\u00f2duls o als que m\u00e9s t&#8217;interessin. Programa online (amb [&hellip;]<\/p>\n","protected":false},"author":4,"featured_media":6934,"parent":0,"menu_order":0,"comment_status":"closed","ping_status":"closed","template":"","meta":{"inline_featured_image":false,"footnotes":""},"categories":[],"tags":[],"class_list":["post-10947","page","type-page","status-publish","has-post-thumbnail","hentry"],"yoast_head":"<!-- This site is optimized with the Yoast SEO plugin v27.3 - https:\/\/yoast.com\/product\/yoast-seo-wordpress\/ -->\n<title>Formaci\u00f3: Sostenibilitat en l&#039;empresa industrial | amec Positive Industry<\/title>\n<meta name=\"robots\" content=\"index, follow, max-snippet:-1, max-image-preview:large, max-video-preview:-1\" \/>\n<link rel=\"canonical\" href=\"https:\/\/amec.es\/formacion-sostenibilidad-en-la-empresa-industrial\/\" \/>\n<meta property=\"og:locale\" content=\"ca_ES\" \/>\n<meta property=\"og:type\" content=\"article\" \/>\n<meta property=\"og:title\" content=\"Formaci\u00f3: Sostenibilitat en l&#039;empresa industrial | amec Positive Industry\" \/>\n<meta property=\"og:description\" content=\"Contracta amec Sostenibilitat en l&#8217;empresa industrial Noves dates 2024! 22, 24, 29 i 31 de gener i 5, 7, 12 i 14 de febrer de 2024 Horari: de 16:00 a 18:00 Formaci\u00f3 de 16 hores dividida en sessions de 2 hores cadascuna. Inscriu-te a tots els m\u00f2duls o als que m\u00e9s t&#8217;interessin. Programa online (amb [&hellip;]\" \/>\n<meta property=\"og:url\" content=\"https:\/\/amec.es\/formacion-sostenibilidad-en-la-empresa-industrial\/\" \/>\n<meta property=\"og:site_name\" content=\"amec Positive Industry\" \/>\n<meta property=\"article:modified_time\" content=\"2024-01-04T16:13:36+00:00\" \/>\n<meta property=\"og:image\" content=\"https:\/\/amec.es\/wp-content\/uploads\/2023\/10\/asistenciatecnica.jpg\" \/>\n\t<meta property=\"og:image:width\" content=\"1920\" \/>\n\t<meta property=\"og:image:height\" content=\"284\" \/>\n\t<meta property=\"og:image:type\" content=\"image\/jpeg\" \/>\n<meta name=\"twitter:card\" content=\"summary_large_image\" \/>\n<meta name=\"twitter:label1\" content=\"Temps estimat de lectura\" \/>\n\t<meta name=\"twitter:data1\" content=\"4 minuts\" \/>\n<script type=\"application\/ld+json\" class=\"yoast-schema-graph\">{\"@context\":\"https:\\\/\\\/schema.org\",\"@graph\":[{\"@type\":\"WebPage\",\"@id\":\"https:\\\/\\\/amec.es\\\/formacion-sostenibilidad-en-la-empresa-industrial\\\/\",\"url\":\"https:\\\/\\\/amec.es\\\/formacion-sostenibilidad-en-la-empresa-industrial\\\/\",\"name\":\"Formaci\u00f3: Sostenibilitat en l'empresa industrial | amec Positive Industry\",\"isPartOf\":{\"@id\":\"https:\\\/\\\/amec.es\\\/#website\"},\"primaryImageOfPage\":{\"@id\":\"https:\\\/\\\/amec.es\\\/formacion-sostenibilidad-en-la-empresa-industrial\\\/#primaryimage\"},\"image\":{\"@id\":\"https:\\\/\\\/amec.es\\\/formacion-sostenibilidad-en-la-empresa-industrial\\\/#primaryimage\"},\"thumbnailUrl\":\"https:\\\/\\\/amec.es\\\/wp-content\\\/uploads\\\/2023\\\/10\\\/asistenciatecnica.jpg\",\"datePublished\":\"2023-12-05T14:30:15+00:00\",\"dateModified\":\"2024-01-04T16:13:36+00:00\",\"breadcrumb\":{\"@id\":\"https:\\\/\\\/amec.es\\\/formacion-sostenibilidad-en-la-empresa-industrial\\\/#breadcrumb\"},\"inLanguage\":\"ca\",\"potentialAction\":[{\"@type\":\"ReadAction\",\"target\":[\"https:\\\/\\\/amec.es\\\/formacion-sostenibilidad-en-la-empresa-industrial\\\/\"]}]},{\"@type\":\"ImageObject\",\"inLanguage\":\"ca\",\"@id\":\"https:\\\/\\\/amec.es\\\/formacion-sostenibilidad-en-la-empresa-industrial\\\/#primaryimage\",\"url\":\"https:\\\/\\\/amec.es\\\/wp-content\\\/uploads\\\/2023\\\/10\\\/asistenciatecnica.jpg\",\"contentUrl\":\"https:\\\/\\\/amec.es\\\/wp-content\\\/uploads\\\/2023\\\/10\\\/asistenciatecnica.jpg\",\"width\":1920,\"height\":284},{\"@type\":\"BreadcrumbList\",\"@id\":\"https:\\\/\\\/amec.es\\\/formacion-sostenibilidad-en-la-empresa-industrial\\\/#breadcrumb\",\"itemListElement\":[{\"@type\":\"ListItem\",\"position\":1,\"name\":\"Portada\",\"item\":\"https:\\\/\\\/amec.es\\\/ca\\\/home-new\\\/\"},{\"@type\":\"ListItem\",\"position\":2,\"name\":\"Formaci\u00f3: Sostenibilitat en l&#8217;empresa industrial\"}]},{\"@type\":\"WebSite\",\"@id\":\"https:\\\/\\\/amec.es\\\/#website\",\"url\":\"https:\\\/\\\/amec.es\\\/\",\"name\":\"amec Positive Industry\",\"description\":\"\",\"publisher\":{\"@id\":\"https:\\\/\\\/amec.es\\\/#organization\"},\"potentialAction\":[{\"@type\":\"SearchAction\",\"target\":{\"@type\":\"EntryPoint\",\"urlTemplate\":\"https:\\\/\\\/amec.es\\\/?s={search_term_string}\"},\"query-input\":{\"@type\":\"PropertyValueSpecification\",\"valueRequired\":true,\"valueName\":\"search_term_string\"}}],\"inLanguage\":\"ca\"},{\"@type\":\"Organization\",\"@id\":\"https:\\\/\\\/amec.es\\\/#organization\",\"name\":\"amec Positive Industry\",\"url\":\"https:\\\/\\\/amec.es\\\/\",\"logo\":{\"@type\":\"ImageObject\",\"inLanguage\":\"ca\",\"@id\":\"https:\\\/\\\/amec.es\\\/#\\\/schema\\\/logo\\\/image\\\/\",\"url\":\"https:\\\/\\\/amec.es\\\/wp-content\\\/uploads\\\/2023\\\/07\\\/logoamec.png\",\"contentUrl\":\"https:\\\/\\\/amec.es\\\/wp-content\\\/uploads\\\/2023\\\/07\\\/logoamec.png\",\"width\":200,\"height\":48,\"caption\":\"amec Positive Industry\"},\"image\":{\"@id\":\"https:\\\/\\\/amec.es\\\/#\\\/schema\\\/logo\\\/image\\\/\"}}]}<\/script>\n<!-- \/ Yoast SEO plugin. -->","yoast_head_json":{"title":"Formaci\u00f3: Sostenibilitat en l'empresa industrial | amec Positive Industry","robots":{"index":"index","follow":"follow","max-snippet":"max-snippet:-1","max-image-preview":"max-image-preview:large","max-video-preview":"max-video-preview:-1"},"canonical":"https:\/\/amec.es\/formacion-sostenibilidad-en-la-empresa-industrial\/","og_locale":"ca_ES","og_type":"article","og_title":"Formaci\u00f3: Sostenibilitat en l'empresa industrial | amec Positive Industry","og_description":"Contracta amec Sostenibilitat en l&#8217;empresa industrial Noves dates 2024! 22, 24, 29 i 31 de gener i 5, 7, 12 i 14 de febrer de 2024 Horari: de 16:00 a 18:00 Formaci\u00f3 de 16 hores dividida en sessions de 2 hores cadascuna. Inscriu-te a tots els m\u00f2duls o als que m\u00e9s t&#8217;interessin. Programa online (amb [&hellip;]","og_url":"https:\/\/amec.es\/formacion-sostenibilidad-en-la-empresa-industrial\/","og_site_name":"amec Positive Industry","article_modified_time":"2024-01-04T16:13:36+00:00","og_image":[{"width":1920,"height":284,"url":"https:\/\/amec.es\/wp-content\/uploads\/2023\/10\/asistenciatecnica.jpg","type":"image\/jpeg"}],"twitter_card":"summary_large_image","twitter_misc":{"Temps estimat de lectura":"4 minuts"},"schema":{"@context":"https:\/\/schema.org","@graph":[{"@type":"WebPage","@id":"https:\/\/amec.es\/formacion-sostenibilidad-en-la-empresa-industrial\/","url":"https:\/\/amec.es\/formacion-sostenibilidad-en-la-empresa-industrial\/","name":"Formaci\u00f3: Sostenibilitat en l'empresa industrial | amec Positive Industry","isPartOf":{"@id":"https:\/\/amec.es\/#website"},"primaryImageOfPage":{"@id":"https:\/\/amec.es\/formacion-sostenibilidad-en-la-empresa-industrial\/#primaryimage"},"image":{"@id":"https:\/\/amec.es\/formacion-sostenibilidad-en-la-empresa-industrial\/#primaryimage"},"thumbnailUrl":"https:\/\/amec.es\/wp-content\/uploads\/2023\/10\/asistenciatecnica.jpg","datePublished":"2023-12-05T14:30:15+00:00","dateModified":"2024-01-04T16:13:36+00:00","breadcrumb":{"@id":"https:\/\/amec.es\/formacion-sostenibilidad-en-la-empresa-industrial\/#breadcrumb"},"inLanguage":"ca","potentialAction":[{"@type":"ReadAction","target":["https:\/\/amec.es\/formacion-sostenibilidad-en-la-empresa-industrial\/"]}]},{"@type":"ImageObject","inLanguage":"ca","@id":"https:\/\/amec.es\/formacion-sostenibilidad-en-la-empresa-industrial\/#primaryimage","url":"https:\/\/amec.es\/wp-content\/uploads\/2023\/10\/asistenciatecnica.jpg","contentUrl":"https:\/\/amec.es\/wp-content\/uploads\/2023\/10\/asistenciatecnica.jpg","width":1920,"height":284},{"@type":"BreadcrumbList","@id":"https:\/\/amec.es\/formacion-sostenibilidad-en-la-empresa-industrial\/#breadcrumb","itemListElement":[{"@type":"ListItem","position":1,"name":"Portada","item":"https:\/\/amec.es\/ca\/home-new\/"},{"@type":"ListItem","position":2,"name":"Formaci\u00f3: Sostenibilitat en l&#8217;empresa industrial"}]},{"@type":"WebSite","@id":"https:\/\/amec.es\/#website","url":"https:\/\/amec.es\/","name":"amec Positive Industry","description":"","publisher":{"@id":"https:\/\/amec.es\/#organization"},"potentialAction":[{"@type":"SearchAction","target":{"@type":"EntryPoint","urlTemplate":"https:\/\/amec.es\/?s={search_term_string}"},"query-input":{"@type":"PropertyValueSpecification","valueRequired":true,"valueName":"search_term_string"}}],"inLanguage":"ca"},{"@type":"Organization","@id":"https:\/\/amec.es\/#organization","name":"amec Positive Industry","url":"https:\/\/amec.es\/","logo":{"@type":"ImageObject","inLanguage":"ca","@id":"https:\/\/amec.es\/#\/schema\/logo\/image\/","url":"https:\/\/amec.es\/wp-content\/uploads\/2023\/07\/logoamec.png","contentUrl":"https:\/\/amec.es\/wp-content\/uploads\/2023\/07\/logoamec.png","width":200,"height":48,"caption":"amec Positive Industry"},"image":{"@id":"https:\/\/amec.es\/#\/schema\/logo\/image\/"}}]}},"_links":{"self":[{"href":"https:\/\/amec.es\/ca\/wp-json\/wp\/v2\/pages\/10947","targetHints":{"allow":["GET"]}}],"collection":[{"href":"https:\/\/amec.es\/ca\/wp-json\/wp\/v2\/pages"}],"about":[{"href":"https:\/\/amec.es\/ca\/wp-json\/wp\/v2\/types\/page"}],"author":[{"embeddable":true,"href":"https:\/\/amec.es\/ca\/wp-json\/wp\/v2\/users\/4"}],"replies":[{"embeddable":true,"href":"https:\/\/amec.es\/ca\/wp-json\/wp\/v2\/comments?post=10947"}],"version-history":[{"count":15,"href":"https:\/\/amec.es\/ca\/wp-json\/wp\/v2\/pages\/10947\/revisions"}],"predecessor-version":[{"id":10964,"href":"https:\/\/amec.es\/ca\/wp-json\/wp\/v2\/pages\/10947\/revisions\/10964"}],"wp:featuredmedia":[{"embeddable":true,"href":"https:\/\/amec.es\/ca\/wp-json\/wp\/v2\/media\/6934"}],"wp:attachment":[{"href":"https:\/\/amec.es\/ca\/wp-json\/wp\/v2\/media?parent=10947"}],"wp:term":[{"taxonomy":"category","embeddable":true,"href":"https:\/\/amec.es\/ca\/wp-json\/wp\/v2\/categories?post=10947"},{"taxonomy":"post_tag","embeddable":true,"href":"https:\/\/amec.es\/ca\/wp-json\/wp\/v2\/tags?post=10947"}],"curies":[{"name":"wp","href":"https:\/\/api.w.org\/{rel}","templated":true}]}}