{"id":10977,"date":"2023-12-14T17:21:08","date_gmt":"2023-12-14T16:21:08","guid":{"rendered":"https:\/\/www.amec.es\/masterclass-el-financament-com-a-factor-clau-en-la-venda-internacional\/"},"modified":"2024-01-05T09:51:21","modified_gmt":"2024-01-05T08:51:21","slug":"masterclass-el-financament-com-a-factor-clau-en-la-venda-internacional","status":"publish","type":"page","link":"https:\/\/amec.es\/ca\/masterclass-el-financament-com-a-factor-clau-en-la-venda-internacional\/","title":{"rendered":"Masterclass El finan\u00e7ament com a factor clau en la venda internacional"},"content":{"rendered":"\t\t<div data-elementor-type=\"wp-page\" data-elementor-id=\"10977\" class=\"elementor elementor-10977 elementor-9829\" data-elementor-post-type=\"page\">\n\t\t\t\t\t\t<section class=\"elementor-section elementor-top-section elementor-element elementor-element-63d23ad4 elementor-section-boxed elementor-section-height-default elementor-section-height-default\" data-id=\"63d23ad4\" data-element_type=\"section\" data-e-type=\"section\" data-settings=\"{&quot;background_background&quot;:&quot;classic&quot;}\">\n\t\t\t\t\t\t<div class=\"elementor-container elementor-column-gap-default\">\n\t\t\t\t\t<div class=\"elementor-column elementor-col-100 elementor-top-column elementor-element elementor-element-65a157da\" data-id=\"65a157da\" data-element_type=\"column\" data-e-type=\"column\">\n\t\t\t<div class=\"elementor-widget-wrap elementor-element-populated\">\n\t\t\t\t\t\t<div class=\"elementor-element elementor-element-15e92d2 elementor-widget elementor-widget-heading\" data-id=\"15e92d2\" data-element_type=\"widget\" data-e-type=\"widget\" data-widget_type=\"heading.default\">\n\t\t\t\t<div class=\"elementor-widget-container\">\n\t\t\t\t\t<h2 class=\"elementor-heading-title elementor-size-default\">El finan\u00e7ament com a factor clau en la venda internacional<\/h2>\t\t\t\t<\/div>\n\t\t\t\t<\/div>\n\t\t\t\t<div class=\"elementor-element elementor-element-3c317da6 elementor-widget__width-initial elementor-widget-divider--view-line elementor-widget elementor-widget-global elementor-global-48210 elementor-global-159 elementor-widget-divider\" data-id=\"3c317da6\" data-element_type=\"widget\" data-e-type=\"widget\" data-widget_type=\"divider.default\">\n\t\t\t\t<div class=\"elementor-widget-container\">\n\t\t\t\t\t\t\t<div class=\"elementor-divider\">\n\t\t\t<span class=\"elementor-divider-separator\">\n\t\t\t\t\t\t<\/span>\n\t\t<\/div>\n\t\t\t\t\t\t<\/div>\n\t\t\t\t<\/div>\n\t\t\t\t\t<\/div>\n\t\t<\/div>\n\t\t\t\t\t<\/div>\n\t\t<\/section>\n\t\t\t\t<section class=\"elementor-section elementor-top-section elementor-element elementor-element-68b68950 elementor-section-boxed elementor-section-height-default elementor-section-height-default\" data-id=\"68b68950\" data-element_type=\"section\" data-e-type=\"section\" data-settings=\"{&quot;background_background&quot;:&quot;classic&quot;}\">\n\t\t\t\t\t\t<div class=\"elementor-container elementor-column-gap-default\">\n\t\t\t\t\t<div class=\"elementor-column elementor-col-33 elementor-top-column elementor-element elementor-element-39084673\" data-id=\"39084673\" data-element_type=\"column\" data-e-type=\"column\">\n\t\t\t<div class=\"elementor-widget-wrap elementor-element-populated\">\n\t\t\t\t\t\t<div class=\"elementor-element elementor-element-2f5f65da elementor-widget elementor-widget-heading\" data-id=\"2f5f65da\" data-element_type=\"widget\" data-e-type=\"widget\" data-widget_type=\"heading.default\">\n\t\t\t\t<div class=\"elementor-widget-container\">\n\t\t\t\t\t<h2 class=\"elementor-heading-title elementor-size-default\"><p class=\"MsoNormal\" style=\"margin-bottom:0cm;line-height:normal\"><b>El finan\u00e7ament com a factor clau en la venda internacional<\/b><\/p>\n\n<\/h2>\t\t\t\t<\/div>\n\t\t\t\t<\/div>\n\t\t\t\t\t<\/div>\n\t\t<\/div>\n\t\t\t\t<div class=\"elementor-column elementor-col-66 elementor-top-column elementor-element elementor-element-1339faf6\" data-id=\"1339faf6\" data-element_type=\"column\" data-e-type=\"column\">\n\t\t\t<div class=\"elementor-widget-wrap elementor-element-populated\">\n\t\t\t\t\t\t<div class=\"elementor-element elementor-element-7de79037 elementor-widget elementor-widget-text-editor\" data-id=\"7de79037\" data-element_type=\"widget\" data-e-type=\"widget\" data-widget_type=\"text-editor.default\">\n\t\t\t\t<div class=\"elementor-widget-container\">\n\t\t\t\t\t\t\t\t\t<p><strong>Est\u00e0s a punt de tancar una venda per\u00f2 el client no sap com obtenir el finan\u00e7ament i no pot fer la compra?<\/strong><\/p>\n<p>En molts casos per fer una venda a l&#8217;empresa industrial, hem d&#8217;incloure el finan\u00e7ament a l&#8217;oferta comercial.<\/p>\n<p><em><strong>amec<\/strong><\/em> organitza aquesta masterclass en finan\u00e7ament internacional amb el nostre expert Javier del Rio, on abordarem el finan\u00e7ament de les exportacions com a element fonamental en les vendes internacionals de b\u00e9ns d&#8217;equip.<\/p>\n<p><strong>Tractarem els seg\u00fcents temes<\/strong><\/p>\n<ul>\n<li>El sistema de suport oficial a l&#8217;exportaci\u00f3<\/li>\n<li>Les institucions que el conformen<\/li>\n<li>Els productes que ofereixen: CESCE, FIEM, ICO, bancs, asseguradores.<\/li>\n<\/ul>\n<p>Explicarem tamb\u00e9, <strong>com preparar una bona oferta financera que acompanyi la comercial.<\/strong><\/p>\n<p><strong>Ponent: <\/strong><strong>Javier del R\u00edo,<\/strong> CEO de Consultores de Financiaci\u00f3n Internacional amb m\u00e9s de 30 anys d&#8217;experi\u00e8ncia en finan\u00e7ament d&#8217;exportacions i inversions<\/p>\n<h3 style=\"margin-bottom: 0cm; text-align: justify; line-height: normal;\"><strong>M\u00e9s informaci\u00f3:<\/strong><\/h3>\n<p style=\"margin-bottom: 0cm; text-align: justify; line-height: normal;\">masterclass <strong>online<\/strong><\/p>\n<p style=\"margin-bottom: 0cm; text-align: justify; line-height: normal;\"><strong>Dia: 24 de gener<\/strong><\/p>\n<p style=\"margin-bottom: 0cm; text-align: justify; line-height: normal;\"><strong>Horari: De 10:00 a 11:30<\/strong><\/p>\n<p style=\"margin-bottom: 0cm; text-align: justify; line-height: normal;\">Contacto: Eva Pahissa &#8211;<a href=\"mailto:epahissa@amec.es\">epahissa@amec.es<\/a><\/p>\n<p style=\"margin-bottom: 0cm; text-align: justify; line-height: normal;\">Preu: Les empreses membre d&#8217;amec disposen d&#8217;un 40% de descompte en el preu:<\/p>\n<p style=\"margin-bottom: 0cm; text-align: justify; line-height: normal;\"><strong>Membres d&#8217;amec: 55 Euros + IVA<\/strong><\/p>\n<p>Membres de l&#8217;AER: 70 Euros + IVA<\/p>\n<p style=\"margin-bottom: 0cm; text-align: justify; line-height: normal;\">No membres: 90 Euros + IVA<\/p>\n<p style=\"margin-bottom: 0cm; text-align: justify; line-height: normal;\">\n\t\t\t\t\t\t\t\t<\/div>\n\t\t\t\t<\/div>\n\t\t\t\t\t<\/div>\n\t\t<\/div>\n\t\t\t\t\t<\/div>\n\t\t<\/section>\n\t\t\t\t<section class=\"elementor-section elementor-top-section elementor-element elementor-element-0c511e6 elementor-section-boxed elementor-section-height-default elementor-section-height-default\" data-id=\"0c511e6\" data-element_type=\"section\" data-e-type=\"section\" data-settings=\"{&quot;background_background&quot;:&quot;classic&quot;}\">\n\t\t\t\t\t\t<div class=\"elementor-container elementor-column-gap-default\">\n\t\t\t\t\t<div class=\"elementor-column elementor-col-100 elementor-top-column elementor-element elementor-element-0d41a7f\" data-id=\"0d41a7f\" data-element_type=\"column\" data-e-type=\"column\">\n\t\t\t<div class=\"elementor-widget-wrap elementor-element-populated\">\n\t\t\t\t\t\t<div class=\"elementor-element elementor-element-1474642 elementor-widget elementor-widget-heading\" data-id=\"1474642\" data-element_type=\"widget\" data-e-type=\"widget\" data-widget_type=\"heading.default\">\n\t\t\t\t<div class=\"elementor-widget-container\">\n\t\t\t\t\t<h2 class=\"elementor-heading-title elementor-size-default\">Inscriu-te a la Masterclass: El finan\u00e7ament com factor clau en la venda internacional<\/h2>\t\t\t\t<\/div>\n\t\t\t\t<\/div>\n\t\t\t\t<div class=\"elementor-element elementor-element-eb9ce3e elementor-widget__width-initial elementor-widget-divider--view-line elementor-widget elementor-widget-global elementor-global-48210 elementor-global-159 elementor-widget-divider\" data-id=\"eb9ce3e\" data-element_type=\"widget\" data-e-type=\"widget\" data-widget_type=\"divider.default\">\n\t\t\t\t<div class=\"elementor-widget-container\">\n\t\t\t\t\t\t\t<div class=\"elementor-divider\">\n\t\t\t<span class=\"elementor-divider-separator\">\n\t\t\t\t\t\t<\/span>\n\t\t<\/div>\n\t\t\t\t\t\t<\/div>\n\t\t\t\t<\/div>\n\t\t\t\t<div class=\"elementor-element elementor-element-d61a647 elementor-button-align-stretch elementor-widget elementor-widget-form\" data-id=\"d61a647\" data-element_type=\"widget\" data-e-type=\"widget\" data-settings=\"{&quot;button_width&quot;:&quot;30&quot;,&quot;step_next_label&quot;:&quot;Seg\\u00fcent&quot;,&quot;step_previous_label&quot;:&quot;Anterior&quot;,&quot;step_type&quot;:&quot;number_text&quot;,&quot;step_icon_shape&quot;:&quot;circle&quot;}\" data-widget_type=\"form.default\">\n\t\t\t\t<div class=\"elementor-widget-container\">\n\t\t\t\t\t\t\t<form class=\"elementor-form\" method=\"post\" name=\"(BO) formulari formacio finan\u00e7ament\" aria-label=\"(BO) formulari formacio finan\u00e7ament\">\n\t\t\t<input type=\"hidden\" name=\"post_id\" value=\"10977\"\/>\n\t\t\t<input type=\"hidden\" name=\"form_id\" value=\"d61a647\"\/>\n\t\t\t<input type=\"hidden\" name=\"referer_title\" value=\"amec Positive Industry\" \/>\n\n\t\t\t\n\t\t\t<div class=\"elementor-form-fields-wrapper elementor-labels-above\">\n\t\t\t\t\t\t\t\t<div class=\"elementor-field-type-text elementor-field-group elementor-column elementor-field-group-name elementor-col-100\">\n\t\t\t\t\t\t\t\t\t\t\t\t\t<input size=\"1\" type=\"text\" name=\"form_fields[name]\" id=\"form-field-name\" class=\"elementor-field elementor-size-sm  elementor-field-textual\" placeholder=\"Nom *\">\n\t\t\t\t\t\t\t\t\t\t\t<\/div>\n\t\t\t\t\t\t\t\t<div class=\"elementor-field-type-text elementor-field-group elementor-column elementor-field-group-email elementor-col-100 elementor-field-required\">\n\t\t\t\t\t\t\t\t\t\t\t\t\t<input size=\"1\" type=\"text\" name=\"form_fields[email]\" id=\"form-field-email\" class=\"elementor-field elementor-size-sm  elementor-field-textual\" placeholder=\"Cognoms *\" required=\"required\">\n\t\t\t\t\t\t\t\t\t\t\t<\/div>\n\t\t\t\t\t\t\t\t<div class=\"elementor-field-type-email elementor-field-group elementor-column elementor-field-group-field_fdb255d elementor-col-100 elementor-field-required\">\n\t\t\t\t\t\t\t\t\t\t\t\t\t<input size=\"1\" type=\"email\" name=\"form_fields[field_fdb255d]\" id=\"form-field-field_fdb255d\" class=\"elementor-field elementor-size-sm  elementor-field-textual\" placeholder=\"Correu electr\u00f2nic *\" required=\"required\">\n\t\t\t\t\t\t\t\t\t\t\t<\/div>\n\t\t\t\t\t\t\t\t<div class=\"elementor-field-type-text elementor-field-group elementor-column elementor-field-group-field_f8be909 elementor-col-100 elementor-field-required\">\n\t\t\t\t\t\t\t\t\t\t\t\t\t<input size=\"1\" type=\"text\" name=\"form_fields[field_f8be909]\" id=\"form-field-field_f8be909\" class=\"elementor-field elementor-size-sm  elementor-field-textual\" placeholder=\"Empresa *\" required=\"required\">\n\t\t\t\t\t\t\t\t\t\t\t<\/div>\n\t\t\t\t\t\t\t\t<div class=\"elementor-field-type-text elementor-field-group elementor-column elementor-field-group-field_9e662f3 elementor-col-100 elementor-field-required\">\n\t\t\t\t\t\t\t\t\t\t\t\t\t<input size=\"1\" type=\"text\" name=\"form_fields[field_9e662f3]\" id=\"form-field-field_9e662f3\" class=\"elementor-field elementor-size-sm  elementor-field-textual\" placeholder=\"C\u00e0rrec *\" required=\"required\">\n\t\t\t\t\t\t\t\t\t\t\t<\/div>\n\t\t\t\t\t\t\t\t<div class=\"elementor-field-type-text elementor-field-group elementor-column elementor-field-group-field_526d9a6 elementor-col-100\">\n\t\t\t\t\t\t\t\t\t\t\t\t\t<input size=\"1\" type=\"text\" name=\"form_fields[field_526d9a6]\" id=\"form-field-field_526d9a6\" class=\"elementor-field elementor-size-sm  elementor-field-textual\" placeholder=\"Tel\u00e8fon (opcional)\">\n\t\t\t\t\t\t\t\t\t\t\t<\/div>\n\t\t\t\t\t\t\t\t<div class=\"elementor-field-type-checkbox elementor-field-group elementor-column elementor-field-group-field_fce1a1b elementor-col-100\">\n\t\t\t\t\t<div class=\"elementor-field-subgroup  \"><span class=\"elementor-field-option\"><input type=\"checkbox\" value=\"Som socis de l&#039;AER\" id=\"form-field-field_fce1a1b-0\" name=\"form_fields[field_fce1a1b]\"> <label for=\"form-field-field_fce1a1b-0\">Som socis de l'AER<\/label><\/span><\/div>\t\t\t\t<\/div>\n\t\t\t\t\t\t\t\t<div class=\"elementor-field-type-checkbox elementor-field-group elementor-column elementor-field-group-field_2d0ee74 elementor-col-100\">\n\t\t\t\t\t<div class=\"elementor-field-subgroup  \"><span class=\"elementor-field-option\"><input type=\"checkbox\" value=\"He llegit i accepto les condicions legals\" id=\"form-field-field_2d0ee74-0\" name=\"form_fields[field_2d0ee74]\"> <label for=\"form-field-field_2d0ee74-0\">He llegit i accepto les condicions legals<\/label><\/span><\/div>\t\t\t\t<\/div>\n\t\t\t\t\t\t\t\t<div class=\"elementor-field-group elementor-column elementor-field-type-submit elementor-col-30 e-form__buttons\">\n\t\t\t\t\t<button class=\"elementor-button elementor-size-sm\" type=\"submit\">\n\t\t\t\t\t\t<span class=\"elementor-button-content-wrapper\">\n\t\t\t\t\t\t\t\t\t\t\t\t\t\t\t\t\t\t\t\t\t\t<span class=\"elementor-button-text\">Enviar<\/span>\n\t\t\t\t\t\t\t\t\t\t\t\t\t<\/span>\n\t\t\t\t\t<\/button>\n\t\t\t\t<\/div>\n\t\t\t<\/div>\n\t\t<\/form>\n\t\t\t\t\t\t<\/div>\n\t\t\t\t<\/div>\n\t\t\t\t\t<\/div>\n\t\t<\/div>\n\t\t\t\t\t<\/div>\n\t\t<\/section>\n\t\t\t\t<\/div>\n\t\t","protected":false},"excerpt":{"rendered":"<p>El finan\u00e7ament com a factor clau en la venda internacional El finan\u00e7ament com a factor clau en la venda internacional Est\u00e0s a punt de tancar una venda per\u00f2 el client no sap com obtenir el finan\u00e7ament i no pot fer la compra? En molts casos per fer una venda a l&#8217;empresa industrial, hem d&#8217;incloure el [&hellip;]<\/p>\n","protected":false},"author":4,"featured_media":6934,"parent":0,"menu_order":0,"comment_status":"closed","ping_status":"closed","template":"","meta":{"inline_featured_image":false,"footnotes":""},"categories":[],"tags":[],"class_list":["post-10977","page","type-page","status-publish","has-post-thumbnail","hentry"],"yoast_head":"<!-- This site is optimized with the Yoast SEO plugin v27.3 - https:\/\/yoast.com\/product\/yoast-seo-wordpress\/ -->\n<title>Masterclass El finan\u00e7ament com a factor clau en la venda internacional | amec Positive Industry<\/title>\n<meta name=\"robots\" content=\"index, follow, max-snippet:-1, max-image-preview:large, max-video-preview:-1\" \/>\n<link rel=\"canonical\" href=\"https:\/\/amec.es\/financiacion-como-factor-clave-en-la-venta-internacional\/\" \/>\n<meta property=\"og:locale\" content=\"ca_ES\" \/>\n<meta property=\"og:type\" content=\"article\" \/>\n<meta property=\"og:title\" content=\"Masterclass El finan\u00e7ament com a factor clau en la venda internacional | amec Positive Industry\" \/>\n<meta property=\"og:description\" content=\"El finan\u00e7ament com a factor clau en la venda internacional El finan\u00e7ament com a factor clau en la venda internacional Est\u00e0s a punt de tancar una venda per\u00f2 el client no sap com obtenir el finan\u00e7ament i no pot fer la compra? En molts casos per fer una venda a l&#8217;empresa industrial, hem d&#8217;incloure el [&hellip;]\" \/>\n<meta property=\"og:url\" content=\"https:\/\/amec.es\/financiacion-como-factor-clave-en-la-venta-internacional\/\" \/>\n<meta property=\"og:site_name\" content=\"amec Positive Industry\" \/>\n<meta property=\"article:modified_time\" content=\"2024-01-05T08:51:21+00:00\" \/>\n<meta property=\"og:image\" content=\"https:\/\/amec.es\/wp-content\/uploads\/2023\/10\/asistenciatecnica.jpg\" \/>\n\t<meta property=\"og:image:width\" content=\"1920\" \/>\n\t<meta property=\"og:image:height\" content=\"284\" \/>\n\t<meta property=\"og:image:type\" content=\"image\/jpeg\" \/>\n<meta name=\"twitter:card\" content=\"summary_large_image\" \/>\n<meta name=\"twitter:label1\" content=\"Temps estimat de lectura\" \/>\n\t<meta name=\"twitter:data1\" content=\"1 minut\" \/>\n<script type=\"application\/ld+json\" class=\"yoast-schema-graph\">{\"@context\":\"https:\\\/\\\/schema.org\",\"@graph\":[{\"@type\":\"WebPage\",\"@id\":\"https:\\\/\\\/amec.es\\\/financiacion-como-factor-clave-en-la-venta-internacional\\\/\",\"url\":\"https:\\\/\\\/amec.es\\\/financiacion-como-factor-clave-en-la-venta-internacional\\\/\",\"name\":\"Masterclass El finan\u00e7ament com a factor clau en la venda internacional | amec Positive Industry\",\"isPartOf\":{\"@id\":\"https:\\\/\\\/amec.es\\\/#website\"},\"primaryImageOfPage\":{\"@id\":\"https:\\\/\\\/amec.es\\\/financiacion-como-factor-clave-en-la-venta-internacional\\\/#primaryimage\"},\"image\":{\"@id\":\"https:\\\/\\\/amec.es\\\/financiacion-como-factor-clave-en-la-venta-internacional\\\/#primaryimage\"},\"thumbnailUrl\":\"https:\\\/\\\/amec.es\\\/wp-content\\\/uploads\\\/2023\\\/10\\\/asistenciatecnica.jpg\",\"datePublished\":\"2023-12-14T16:21:08+00:00\",\"dateModified\":\"2024-01-05T08:51:21+00:00\",\"breadcrumb\":{\"@id\":\"https:\\\/\\\/amec.es\\\/financiacion-como-factor-clave-en-la-venta-internacional\\\/#breadcrumb\"},\"inLanguage\":\"ca\",\"potentialAction\":[{\"@type\":\"ReadAction\",\"target\":[\"https:\\\/\\\/amec.es\\\/financiacion-como-factor-clave-en-la-venta-internacional\\\/\"]}]},{\"@type\":\"ImageObject\",\"inLanguage\":\"ca\",\"@id\":\"https:\\\/\\\/amec.es\\\/financiacion-como-factor-clave-en-la-venta-internacional\\\/#primaryimage\",\"url\":\"https:\\\/\\\/amec.es\\\/wp-content\\\/uploads\\\/2023\\\/10\\\/asistenciatecnica.jpg\",\"contentUrl\":\"https:\\\/\\\/amec.es\\\/wp-content\\\/uploads\\\/2023\\\/10\\\/asistenciatecnica.jpg\",\"width\":1920,\"height\":284},{\"@type\":\"BreadcrumbList\",\"@id\":\"https:\\\/\\\/amec.es\\\/financiacion-como-factor-clave-en-la-venta-internacional\\\/#breadcrumb\",\"itemListElement\":[{\"@type\":\"ListItem\",\"position\":1,\"name\":\"Portada\",\"item\":\"https:\\\/\\\/amec.es\\\/ca\\\/home-new\\\/\"},{\"@type\":\"ListItem\",\"position\":2,\"name\":\"Masterclass El finan\u00e7ament com a factor clau en la venda internacional\"}]},{\"@type\":\"WebSite\",\"@id\":\"https:\\\/\\\/amec.es\\\/#website\",\"url\":\"https:\\\/\\\/amec.es\\\/\",\"name\":\"amec Positive Industry\",\"description\":\"\",\"publisher\":{\"@id\":\"https:\\\/\\\/amec.es\\\/#organization\"},\"potentialAction\":[{\"@type\":\"SearchAction\",\"target\":{\"@type\":\"EntryPoint\",\"urlTemplate\":\"https:\\\/\\\/amec.es\\\/?s={search_term_string}\"},\"query-input\":{\"@type\":\"PropertyValueSpecification\",\"valueRequired\":true,\"valueName\":\"search_term_string\"}}],\"inLanguage\":\"ca\"},{\"@type\":\"Organization\",\"@id\":\"https:\\\/\\\/amec.es\\\/#organization\",\"name\":\"amec Positive Industry\",\"url\":\"https:\\\/\\\/amec.es\\\/\",\"logo\":{\"@type\":\"ImageObject\",\"inLanguage\":\"ca\",\"@id\":\"https:\\\/\\\/amec.es\\\/#\\\/schema\\\/logo\\\/image\\\/\",\"url\":\"https:\\\/\\\/amec.es\\\/wp-content\\\/uploads\\\/2023\\\/07\\\/logoamec.png\",\"contentUrl\":\"https:\\\/\\\/amec.es\\\/wp-content\\\/uploads\\\/2023\\\/07\\\/logoamec.png\",\"width\":200,\"height\":48,\"caption\":\"amec Positive Industry\"},\"image\":{\"@id\":\"https:\\\/\\\/amec.es\\\/#\\\/schema\\\/logo\\\/image\\\/\"}}]}<\/script>\n<!-- \/ Yoast SEO plugin. -->","yoast_head_json":{"title":"Masterclass El finan\u00e7ament com a factor clau en la venda internacional | amec Positive Industry","robots":{"index":"index","follow":"follow","max-snippet":"max-snippet:-1","max-image-preview":"max-image-preview:large","max-video-preview":"max-video-preview:-1"},"canonical":"https:\/\/amec.es\/financiacion-como-factor-clave-en-la-venta-internacional\/","og_locale":"ca_ES","og_type":"article","og_title":"Masterclass El finan\u00e7ament com a factor clau en la venda internacional | amec Positive Industry","og_description":"El finan\u00e7ament com a factor clau en la venda internacional El finan\u00e7ament com a factor clau en la venda internacional Est\u00e0s a punt de tancar una venda per\u00f2 el client no sap com obtenir el finan\u00e7ament i no pot fer la compra? En molts casos per fer una venda a l&#8217;empresa industrial, hem d&#8217;incloure el [&hellip;]","og_url":"https:\/\/amec.es\/financiacion-como-factor-clave-en-la-venta-internacional\/","og_site_name":"amec Positive Industry","article_modified_time":"2024-01-05T08:51:21+00:00","og_image":[{"width":1920,"height":284,"url":"https:\/\/amec.es\/wp-content\/uploads\/2023\/10\/asistenciatecnica.jpg","type":"image\/jpeg"}],"twitter_card":"summary_large_image","twitter_misc":{"Temps estimat de lectura":"1 minut"},"schema":{"@context":"https:\/\/schema.org","@graph":[{"@type":"WebPage","@id":"https:\/\/amec.es\/financiacion-como-factor-clave-en-la-venta-internacional\/","url":"https:\/\/amec.es\/financiacion-como-factor-clave-en-la-venta-internacional\/","name":"Masterclass El finan\u00e7ament com a factor clau en la venda internacional | amec Positive Industry","isPartOf":{"@id":"https:\/\/amec.es\/#website"},"primaryImageOfPage":{"@id":"https:\/\/amec.es\/financiacion-como-factor-clave-en-la-venta-internacional\/#primaryimage"},"image":{"@id":"https:\/\/amec.es\/financiacion-como-factor-clave-en-la-venta-internacional\/#primaryimage"},"thumbnailUrl":"https:\/\/amec.es\/wp-content\/uploads\/2023\/10\/asistenciatecnica.jpg","datePublished":"2023-12-14T16:21:08+00:00","dateModified":"2024-01-05T08:51:21+00:00","breadcrumb":{"@id":"https:\/\/amec.es\/financiacion-como-factor-clave-en-la-venta-internacional\/#breadcrumb"},"inLanguage":"ca","potentialAction":[{"@type":"ReadAction","target":["https:\/\/amec.es\/financiacion-como-factor-clave-en-la-venta-internacional\/"]}]},{"@type":"ImageObject","inLanguage":"ca","@id":"https:\/\/amec.es\/financiacion-como-factor-clave-en-la-venta-internacional\/#primaryimage","url":"https:\/\/amec.es\/wp-content\/uploads\/2023\/10\/asistenciatecnica.jpg","contentUrl":"https:\/\/amec.es\/wp-content\/uploads\/2023\/10\/asistenciatecnica.jpg","width":1920,"height":284},{"@type":"BreadcrumbList","@id":"https:\/\/amec.es\/financiacion-como-factor-clave-en-la-venta-internacional\/#breadcrumb","itemListElement":[{"@type":"ListItem","position":1,"name":"Portada","item":"https:\/\/amec.es\/ca\/home-new\/"},{"@type":"ListItem","position":2,"name":"Masterclass El finan\u00e7ament com a factor clau en la venda internacional"}]},{"@type":"WebSite","@id":"https:\/\/amec.es\/#website","url":"https:\/\/amec.es\/","name":"amec Positive Industry","description":"","publisher":{"@id":"https:\/\/amec.es\/#organization"},"potentialAction":[{"@type":"SearchAction","target":{"@type":"EntryPoint","urlTemplate":"https:\/\/amec.es\/?s={search_term_string}"},"query-input":{"@type":"PropertyValueSpecification","valueRequired":true,"valueName":"search_term_string"}}],"inLanguage":"ca"},{"@type":"Organization","@id":"https:\/\/amec.es\/#organization","name":"amec Positive Industry","url":"https:\/\/amec.es\/","logo":{"@type":"ImageObject","inLanguage":"ca","@id":"https:\/\/amec.es\/#\/schema\/logo\/image\/","url":"https:\/\/amec.es\/wp-content\/uploads\/2023\/07\/logoamec.png","contentUrl":"https:\/\/amec.es\/wp-content\/uploads\/2023\/07\/logoamec.png","width":200,"height":48,"caption":"amec Positive Industry"},"image":{"@id":"https:\/\/amec.es\/#\/schema\/logo\/image\/"}}]}},"_links":{"self":[{"href":"https:\/\/amec.es\/ca\/wp-json\/wp\/v2\/pages\/10977","targetHints":{"allow":["GET"]}}],"collection":[{"href":"https:\/\/amec.es\/ca\/wp-json\/wp\/v2\/pages"}],"about":[{"href":"https:\/\/amec.es\/ca\/wp-json\/wp\/v2\/types\/page"}],"author":[{"embeddable":true,"href":"https:\/\/amec.es\/ca\/wp-json\/wp\/v2\/users\/4"}],"replies":[{"embeddable":true,"href":"https:\/\/amec.es\/ca\/wp-json\/wp\/v2\/comments?post=10977"}],"version-history":[{"count":1,"href":"https:\/\/amec.es\/ca\/wp-json\/wp\/v2\/pages\/10977\/revisions"}],"predecessor-version":[{"id":10978,"href":"https:\/\/amec.es\/ca\/wp-json\/wp\/v2\/pages\/10977\/revisions\/10978"}],"wp:featuredmedia":[{"embeddable":true,"href":"https:\/\/amec.es\/ca\/wp-json\/wp\/v2\/media\/6934"}],"wp:attachment":[{"href":"https:\/\/amec.es\/ca\/wp-json\/wp\/v2\/media?parent=10977"}],"wp:term":[{"taxonomy":"category","embeddable":true,"href":"https:\/\/amec.es\/ca\/wp-json\/wp\/v2\/categories?post=10977"},{"taxonomy":"post_tag","embeddable":true,"href":"https:\/\/amec.es\/ca\/wp-json\/wp\/v2\/tags?post=10977"}],"curies":[{"name":"wp","href":"https:\/\/api.w.org\/{rel}","templated":true}]}}