{"id":14421,"date":"2024-03-21T11:15:44","date_gmt":"2024-03-21T10:15:44","guid":{"rendered":"https:\/\/www.amec.es\/masterclass-com-utilitzar-a-teva-marca-per-atraure-talent\/"},"modified":"2024-03-21T15:51:12","modified_gmt":"2024-03-21T14:51:12","slug":"masterclass-com-utilitzar-a-teva-marca-per-atraure-talent","status":"publish","type":"page","link":"https:\/\/amec.es\/ca\/masterclass-com-utilitzar-a-teva-marca-per-atraure-talent\/","title":{"rendered":"Masterclass: Com utilitzar a teva marca per atraure talent?"},"content":{"rendered":"\t\t<div data-elementor-type=\"wp-page\" data-elementor-id=\"14421\" class=\"elementor elementor-14421 elementor-14336\" data-elementor-post-type=\"page\">\n\t\t\t\t\t\t<section class=\"elementor-section elementor-top-section elementor-element elementor-element-63d23ad4 elementor-section-boxed elementor-section-height-default elementor-section-height-default\" data-id=\"63d23ad4\" data-element_type=\"section\" data-e-type=\"section\" data-settings=\"{&quot;background_background&quot;:&quot;classic&quot;}\">\n\t\t\t\t\t\t<div class=\"elementor-container elementor-column-gap-default\">\n\t\t\t\t\t<div class=\"elementor-column elementor-col-100 elementor-top-column elementor-element elementor-element-65a157da\" data-id=\"65a157da\" data-element_type=\"column\" data-e-type=\"column\">\n\t\t\t<div class=\"elementor-widget-wrap elementor-element-populated\">\n\t\t\t\t\t\t<div class=\"elementor-element elementor-element-ebf7ffd elementor-widget elementor-widget-heading\" data-id=\"ebf7ffd\" data-element_type=\"widget\" data-e-type=\"widget\" data-widget_type=\"heading.default\">\n\t\t\t\t<div class=\"elementor-widget-container\">\n\t\t\t\t\t<h2 class=\"elementor-heading-title elementor-size-default\">Masterclass: Com utilitzar la teva marca per atraure talent?<\/h2>\t\t\t\t<\/div>\n\t\t\t\t<\/div>\n\t\t\t\t<div class=\"elementor-element elementor-element-3c317da6 elementor-widget__width-initial elementor-widget-divider--view-line elementor-widget elementor-widget-global elementor-global-48210 elementor-global-159 elementor-widget-divider\" data-id=\"3c317da6\" data-element_type=\"widget\" data-e-type=\"widget\" data-widget_type=\"divider.default\">\n\t\t\t\t<div class=\"elementor-widget-container\">\n\t\t\t\t\t\t\t<div class=\"elementor-divider\">\n\t\t\t<span class=\"elementor-divider-separator\">\n\t\t\t\t\t\t<\/span>\n\t\t<\/div>\n\t\t\t\t\t\t<\/div>\n\t\t\t\t<\/div>\n\t\t\t\t\t<\/div>\n\t\t<\/div>\n\t\t\t\t\t<\/div>\n\t\t<\/section>\n\t\t\t\t<section class=\"elementor-section elementor-top-section elementor-element elementor-element-68b68950 elementor-section-boxed elementor-section-height-default elementor-section-height-default\" data-id=\"68b68950\" data-element_type=\"section\" data-e-type=\"section\" data-settings=\"{&quot;background_background&quot;:&quot;classic&quot;}\">\n\t\t\t\t\t\t<div class=\"elementor-container elementor-column-gap-default\">\n\t\t\t\t\t<div class=\"elementor-column elementor-col-33 elementor-top-column elementor-element elementor-element-39084673\" data-id=\"39084673\" data-element_type=\"column\" data-e-type=\"column\">\n\t\t\t<div class=\"elementor-widget-wrap elementor-element-populated\">\n\t\t\t\t\t\t<div class=\"elementor-element elementor-element-2f5f65da elementor-widget elementor-widget-heading\" data-id=\"2f5f65da\" data-element_type=\"widget\" data-e-type=\"widget\" data-widget_type=\"heading.default\">\n\t\t\t\t<div class=\"elementor-widget-container\">\n\t\t\t\t\t<h2 class=\"elementor-heading-title elementor-size-default\">Masterclass: Com utilitzar la teva marca per atraure talent?\n\n<\/h2>\t\t\t\t<\/div>\n\t\t\t\t<\/div>\n\t\t\t\t\t<\/div>\n\t\t<\/div>\n\t\t\t\t<div class=\"elementor-column elementor-col-66 elementor-top-column elementor-element elementor-element-1339faf6\" data-id=\"1339faf6\" data-element_type=\"column\" data-e-type=\"column\">\n\t\t\t<div class=\"elementor-widget-wrap elementor-element-populated\">\n\t\t\t\t\t\t<div class=\"elementor-element elementor-element-7de79037 elementor-widget__width-initial elementor-widget elementor-widget-text-editor\" data-id=\"7de79037\" data-element_type=\"widget\" data-e-type=\"widget\" data-widget_type=\"text-editor.default\">\n\t\t\t\t<div class=\"elementor-widget-container\">\n\t\t\t\t\t\t\t\t\t<p style=\"margin-bottom: 0cm; text-align: justify; line-height: normal;\">Un dels problemes de les pimes industrials \u00e9s la captaci\u00f3 del talent. A les generacions m\u00e9s joves els costa veure&#8217;s treballant a la pime industrial, prefereixen acostar-se a les multinacionals, sense saber que a les pimes poden tenir un pla de carrera atractiu. \u00c9s important realitzar accions per atraure aquest talent per\u00f2 <strong>la manera com ens presentem com a marca ocupadora \u00e9s fonamental.<\/strong><\/p>\n<\/p>\n<p>Et proposem aquesta masterclass on tractarem els punts seg\u00fcents:<\/p>\n<ul>\n<li>Explorar com una marca s\u00f2lida pot influir en la percepci\u00f3 de l&#8217;<strong>empresa com a ocupador desitjable.<\/strong><\/li>\n<li><strong>Identificar els elements<\/strong> clau de la marca que son <strong>atractius per als possibles empleats.<\/strong><\/li>\n<li><strong>Desenvolupar estrat\u00e8gies<\/strong> per <strong>comunicar de manera efectiva<\/strong> els valors i les oportunitats de l&#8217;empresa a trav\u00e9s de la marca.<\/li>\n<li>Proporcionar <strong>exemples pr\u00e0ctics i estudis de casos rellevants<\/strong> que il\u00b7lustrin les <strong>millors pr\u00e0ctiques<\/strong> <strong>en la gesti\u00f3 de la marca<\/strong> per a l&#8217;atracci\u00f3 de talent.<\/li>\n<li style=\"list-style-type: none;\"> <\/li>\n<\/ul>\n<h3>Objectiu:<\/h3>\n<p>Capacitar els participants en com fer servir la <strong>marca d&#8217;una empresa industrial<\/strong> com una eina efectiva <strong>per atraure i fidelitzar talent qualificat.<\/strong><\/p>\n<h3 style=\"margin-bottom: 0cm; text-align: justify; line-height: normal;\">M\u00e9s informaci\u00f3:<\/h3>\n<p style=\"margin-bottom: 0cm; text-align: justify; line-height: normal;\">Masterclass <strong>online<\/strong> <\/p>\n<p style=\"margin-bottom: 0cm; text-align: justify; line-height: normal;\"><strong>Dia: 20 de juny<\/strong><\/p>\n<p style=\"margin-bottom: 0cm; text-align: justify; line-height: normal;\"><strong>Horari: De 10:00 a 11:30<\/strong><\/p>\n<p style=\"margin-bottom: 0cm; text-align: justify; line-height: normal;\">Contacte: Eva Pahissa- <a href=\"mailto:epahissa@amec.es\">epahissa@amec.es<\/a><\/p>\n<p style=\"margin-bottom: 0cm; text-align: justify; line-height: normal;\">Preu: Les empreses membres d&#8217;amec disposen d&#8217;un 40% de descompte en el preu i les empreses membres d&#8217;Ascamm i de l&#8217;AER disposen d&#8217;un 20% de descompte:<\/p>\n<p style=\"margin-bottom: 0cm; text-align: justify; line-height: normal;\"><strong>Membres d&#8217;amec: 55 Euros + IVA<\/strong><\/p>\n<p style=\"margin-bottom: 0cm; text-align: justify; line-height: normal;\">Membres d&#8217;Ascamm i de l&#8217;AER: 70 Euros + IVA<\/p>\n<p style=\"margin-bottom: 0cm; text-align: justify; line-height: normal;\">No membres: 90 Euros + IVA<\/p>\n<p style=\"margin-bottom: 0cm; text-align: justify; line-height: normal;\">\n\t\t\t\t\t\t\t\t<\/div>\n\t\t\t\t<\/div>\n\t\t\t\t\t<\/div>\n\t\t<\/div>\n\t\t\t\t\t<\/div>\n\t\t<\/section>\n\t\t\t\t<section class=\"elementor-section elementor-top-section elementor-element elementor-element-0c511e6 elementor-section-boxed elementor-section-height-default elementor-section-height-default\" data-id=\"0c511e6\" data-element_type=\"section\" data-e-type=\"section\" data-settings=\"{&quot;background_background&quot;:&quot;classic&quot;}\">\n\t\t\t\t\t\t<div class=\"elementor-container elementor-column-gap-default\">\n\t\t\t\t\t<div class=\"elementor-column elementor-col-100 elementor-top-column elementor-element elementor-element-0d41a7f\" data-id=\"0d41a7f\" data-element_type=\"column\" data-e-type=\"column\">\n\t\t\t<div class=\"elementor-widget-wrap elementor-element-populated\">\n\t\t\t\t\t\t<div class=\"elementor-element elementor-element-1474642 elementor-widget elementor-widget-heading\" data-id=\"1474642\" data-element_type=\"widget\" data-e-type=\"widget\" data-widget_type=\"heading.default\">\n\t\t\t\t<div class=\"elementor-widget-container\">\n\t\t\t\t\t<h2 class=\"elementor-heading-title elementor-size-default\">Inscriu-te a la Masterclass: Com utilitzar la teva marca per atraure talent?<\/h2>\t\t\t\t<\/div>\n\t\t\t\t<\/div>\n\t\t\t\t<div class=\"elementor-element elementor-element-eb9ce3e elementor-widget__width-initial elementor-widget-divider--view-line elementor-widget elementor-widget-global elementor-global-48210 elementor-global-159 elementor-widget-divider\" data-id=\"eb9ce3e\" data-element_type=\"widget\" data-e-type=\"widget\" data-widget_type=\"divider.default\">\n\t\t\t\t<div class=\"elementor-widget-container\">\n\t\t\t\t\t\t\t<div class=\"elementor-divider\">\n\t\t\t<span class=\"elementor-divider-separator\">\n\t\t\t\t\t\t<\/span>\n\t\t<\/div>\n\t\t\t\t\t\t<\/div>\n\t\t\t\t<\/div>\n\t\t\t\t<div class=\"elementor-element elementor-element-b78848e legales-blanco elementor-button-align-stretch elementor-widget elementor-widget-form\" data-id=\"b78848e\" data-element_type=\"widget\" data-e-type=\"widget\" data-settings=\"{&quot;button_width&quot;:&quot;20&quot;,&quot;step_next_label&quot;:&quot;Seg\\u00fcent&quot;,&quot;step_previous_label&quot;:&quot;Anterior&quot;,&quot;step_type&quot;:&quot;number_text&quot;,&quot;step_icon_shape&quot;:&quot;circle&quot;}\" data-widget_type=\"form.default\">\n\t\t\t\t<div class=\"elementor-widget-container\">\n\t\t\t\t\t\t\t<form class=\"elementor-form\" method=\"post\" name=\"Formulari - Masterclass: Com utilitzar la teva marca per atraure talent?\" aria-label=\"Formulari - Masterclass: Com utilitzar la teva marca per atraure talent?\">\n\t\t\t<input type=\"hidden\" name=\"post_id\" value=\"14421\"\/>\n\t\t\t<input type=\"hidden\" name=\"form_id\" value=\"b78848e\"\/>\n\t\t\t<input type=\"hidden\" name=\"referer_title\" value=\"amec Positive Industry\" \/>\n\n\t\t\t\n\t\t\t<div class=\"elementor-form-fields-wrapper elementor-labels-above\">\n\t\t\t\t\t\t\t\t<div class=\"elementor-field-type-text elementor-field-group elementor-column elementor-field-group-name elementor-col-100 elementor-field-required\">\n\t\t\t\t\t\t\t\t\t\t\t\t\t<input size=\"1\" type=\"text\" name=\"form_fields[name]\" id=\"form-field-name\" class=\"elementor-field elementor-size-sm  elementor-field-textual\" placeholder=\"Nom*\" required=\"required\">\n\t\t\t\t\t\t\t\t\t\t\t<\/div>\n\t\t\t\t\t\t\t\t<div class=\"elementor-field-type-text elementor-field-group elementor-column elementor-field-group-field_bfb214a elementor-col-100 elementor-field-required\">\n\t\t\t\t\t\t\t\t\t\t\t\t\t<input size=\"1\" type=\"text\" name=\"form_fields[field_bfb214a]\" id=\"form-field-field_bfb214a\" class=\"elementor-field elementor-size-sm  elementor-field-textual\" placeholder=\"Cognoms*\" required=\"required\">\n\t\t\t\t\t\t\t\t\t\t\t<\/div>\n\t\t\t\t\t\t\t\t<div class=\"elementor-field-type-text elementor-field-group elementor-column elementor-field-group-field_cbdc095 elementor-col-100 elementor-field-required\">\n\t\t\t\t\t\t\t\t\t\t\t\t\t<input size=\"1\" type=\"text\" name=\"form_fields[field_cbdc095]\" id=\"form-field-field_cbdc095\" class=\"elementor-field elementor-size-sm  elementor-field-textual\" placeholder=\"El teu correu electr\u00f2nic*\" required=\"required\">\n\t\t\t\t\t\t\t\t\t\t\t<\/div>\n\t\t\t\t\t\t\t\t<div class=\"elementor-field-type-text elementor-field-group elementor-column elementor-field-group-field_71f88b7 elementor-col-100 elementor-field-required\">\n\t\t\t\t\t\t\t\t\t\t\t\t\t<input size=\"1\" type=\"text\" name=\"form_fields[field_71f88b7]\" id=\"form-field-field_71f88b7\" class=\"elementor-field elementor-size-sm  elementor-field-textual\" placeholder=\"Empresa\/Entitat*\" required=\"required\">\n\t\t\t\t\t\t\t\t\t\t\t<\/div>\n\t\t\t\t\t\t\t\t<div class=\"elementor-field-type-text elementor-field-group elementor-column elementor-field-group-field_dd56502 elementor-col-100 elementor-field-required\">\n\t\t\t\t\t\t\t\t\t\t\t\t\t<input size=\"1\" type=\"text\" name=\"form_fields[field_dd56502]\" id=\"form-field-field_dd56502\" class=\"elementor-field elementor-size-sm  elementor-field-textual\" placeholder=\"C\u00e0rrec *\" required=\"required\">\n\t\t\t\t\t\t\t\t\t\t\t<\/div>\n\t\t\t\t\t\t\t\t<div class=\"elementor-field-type-tel elementor-field-group elementor-column elementor-field-group-field_a56bc2d elementor-col-100\">\n\t\t\t\t\t\t\t<input size=\"1\" type=\"tel\" name=\"form_fields[field_a56bc2d]\" id=\"form-field-field_a56bc2d\" class=\"elementor-field elementor-size-sm  elementor-field-textual\" placeholder=\"Tel\u00e8fon de contacte (opcional)\" pattern=\"[0-9()#&amp;+*-=.]+\" title=\"Only numbers and phone characters (#, -, *, etc) are accepted.\">\n\n\t\t\t\t\t\t<\/div>\n\t\t\t\t\t\t\t\t<div class=\"elementor-field-type-radio elementor-field-group elementor-column elementor-field-group-field_bb561fc elementor-col-100\">\n\t\t\t\t\t<div class=\"elementor-field-subgroup  \"><span class=\"elementor-field-option\"><input type=\"radio\" value=\"Som socis d&#039;Ascamm\" id=\"form-field-field_bb561fc-0\" name=\"form_fields[field_bb561fc]\"> <label for=\"form-field-field_bb561fc-0\">Som socis d'Ascamm<\/label><\/span><span class=\"elementor-field-option\"><input type=\"radio\" value=\"Som socis de l&#039;AER\" id=\"form-field-field_bb561fc-1\" name=\"form_fields[field_bb561fc]\"> <label for=\"form-field-field_bb561fc-1\">Som socis de l'AER<\/label><\/span><\/div>\t\t\t\t<\/div>\n\t\t\t\t\t\t\t\t<div class=\"elementor-field-type-acceptance elementor-field-group elementor-column elementor-field-group-field_7259d92 elementor-col-100 elementor-field-required\">\n\t\t\t\t\t\t\t<div class=\"elementor-field-subgroup\">\n\t\t\t<span class=\"elementor-field-option\">\n\t\t\t\t<input type=\"checkbox\" name=\"form_fields[field_7259d92]\" id=\"form-field-field_7259d92\" class=\"elementor-field elementor-size-sm  elementor-acceptance-field\" required=\"required\">\n\t\t\t\t<label for=\"form-field-field_7259d92\">He llegit i accepto les <a href=\"#\">condicions legals<\/a>*<\/label>\t\t\t<\/span>\n\t\t<\/div>\n\t\t\t\t\t\t<\/div>\n\t\t\t\t\t\t\t\t<div class=\"elementor-field-type-html elementor-field-group elementor-column elementor-field-group-field_7e04e21 elementor-col-100\">\n\t\t\t\t\t<p>Aquest lloc est\u00e0 protegit amb reCAPTCHA i s'apliquen les <a target=\"_blank\" href=\"https:\/\/policies.google.com\/terms\">Condicions<\/a> y el <a target=\"_blank\" href=\"https:\/\/policies.google.com\/privacy\">servei de privadesa<\/a> de Google.<\/p>\t\t\t\t<\/div>\n\t\t\t\t\t\t\t\t<div class=\"elementor-field-type-html elementor-field-group elementor-column elementor-field-group-field_a4c9a55 elementor-col-100\">\n\t\t\t\t\t* Camps obligatoris\t\t\t\t<\/div>\n\t\t\t\t\t\t\t\t<div class=\"elementor-field-group elementor-column elementor-field-type-submit elementor-col-20 e-form__buttons\">\n\t\t\t\t\t<button class=\"elementor-button elementor-size-sm\" type=\"submit\">\n\t\t\t\t\t\t<span class=\"elementor-button-content-wrapper\">\n\t\t\t\t\t\t\t\t\t\t\t\t\t\t\t\t\t\t\t\t\t\t<span class=\"elementor-button-text\">Enviar<\/span>\n\t\t\t\t\t\t\t\t\t\t\t\t\t<\/span>\n\t\t\t\t\t<\/button>\n\t\t\t\t<\/div>\n\t\t\t<\/div>\n\t\t<\/form>\n\t\t\t\t\t\t<\/div>\n\t\t\t\t<\/div>\n\t\t\t\t\t<\/div>\n\t\t<\/div>\n\t\t\t\t\t<\/div>\n\t\t<\/section>\n\t\t\t\t<\/div>\n\t\t","protected":false},"excerpt":{"rendered":"<p>Masterclass: Com utilitzar la teva marca per atraure talent? Masterclass: Com utilitzar la teva marca per atraure talent? Un dels problemes de les pimes industrials \u00e9s la captaci\u00f3 del talent. A les generacions m\u00e9s joves els costa veure&#8217;s treballant a la pime industrial, prefereixen acostar-se a les multinacionals, sense saber que a les pimes poden [&hellip;]<\/p>\n","protected":false},"author":4,"featured_media":6934,"parent":0,"menu_order":0,"comment_status":"closed","ping_status":"closed","template":"","meta":{"inline_featured_image":false,"footnotes":""},"categories":[],"tags":[],"class_list":["post-14421","page","type-page","status-publish","has-post-thumbnail","hentry"],"yoast_head":"<!-- This site is optimized with the Yoast SEO plugin v27.3 - https:\/\/yoast.com\/product\/yoast-seo-wordpress\/ -->\n<title>Masterclass: Com utilitzar a teva marca per atraure talent? | amec Positive Industry<\/title>\n<meta name=\"robots\" content=\"index, follow, max-snippet:-1, max-image-preview:large, max-video-preview:-1\" \/>\n<link rel=\"canonical\" href=\"https:\/\/amec.es\/como-utilizar-tu-marca-para-captar-talento\/\" \/>\n<meta property=\"og:locale\" content=\"ca_ES\" \/>\n<meta property=\"og:type\" content=\"article\" \/>\n<meta property=\"og:title\" content=\"Masterclass: Com utilitzar a teva marca per atraure talent? | amec Positive Industry\" \/>\n<meta property=\"og:description\" content=\"Masterclass: Com utilitzar la teva marca per atraure talent? Masterclass: Com utilitzar la teva marca per atraure talent? Un dels problemes de les pimes industrials \u00e9s la captaci\u00f3 del talent. A les generacions m\u00e9s joves els costa veure&#8217;s treballant a la pime industrial, prefereixen acostar-se a les multinacionals, sense saber que a les pimes poden [&hellip;]\" \/>\n<meta property=\"og:url\" content=\"https:\/\/amec.es\/como-utilizar-tu-marca-para-captar-talento\/\" \/>\n<meta property=\"og:site_name\" content=\"amec Positive Industry\" \/>\n<meta property=\"article:modified_time\" content=\"2024-03-21T14:51:12+00:00\" \/>\n<meta property=\"og:image\" content=\"https:\/\/amec.es\/wp-content\/uploads\/2023\/10\/asistenciatecnica.jpg\" \/>\n\t<meta property=\"og:image:width\" content=\"1920\" \/>\n\t<meta property=\"og:image:height\" content=\"284\" \/>\n\t<meta property=\"og:image:type\" content=\"image\/jpeg\" \/>\n<meta name=\"twitter:card\" content=\"summary_large_image\" \/>\n<meta name=\"twitter:label1\" content=\"Temps estimat de lectura\" \/>\n\t<meta name=\"twitter:data1\" content=\"1 minut\" \/>\n<script type=\"application\/ld+json\" class=\"yoast-schema-graph\">{\"@context\":\"https:\\\/\\\/schema.org\",\"@graph\":[{\"@type\":\"WebPage\",\"@id\":\"https:\\\/\\\/amec.es\\\/como-utilizar-tu-marca-para-captar-talento\\\/\",\"url\":\"https:\\\/\\\/amec.es\\\/como-utilizar-tu-marca-para-captar-talento\\\/\",\"name\":\"Masterclass: Com utilitzar a teva marca per atraure talent? | amec Positive Industry\",\"isPartOf\":{\"@id\":\"https:\\\/\\\/amec.es\\\/#website\"},\"primaryImageOfPage\":{\"@id\":\"https:\\\/\\\/amec.es\\\/como-utilizar-tu-marca-para-captar-talento\\\/#primaryimage\"},\"image\":{\"@id\":\"https:\\\/\\\/amec.es\\\/como-utilizar-tu-marca-para-captar-talento\\\/#primaryimage\"},\"thumbnailUrl\":\"https:\\\/\\\/amec.es\\\/wp-content\\\/uploads\\\/2023\\\/10\\\/asistenciatecnica.jpg\",\"datePublished\":\"2024-03-21T10:15:44+00:00\",\"dateModified\":\"2024-03-21T14:51:12+00:00\",\"breadcrumb\":{\"@id\":\"https:\\\/\\\/amec.es\\\/como-utilizar-tu-marca-para-captar-talento\\\/#breadcrumb\"},\"inLanguage\":\"ca\",\"potentialAction\":[{\"@type\":\"ReadAction\",\"target\":[\"https:\\\/\\\/amec.es\\\/como-utilizar-tu-marca-para-captar-talento\\\/\"]}]},{\"@type\":\"ImageObject\",\"inLanguage\":\"ca\",\"@id\":\"https:\\\/\\\/amec.es\\\/como-utilizar-tu-marca-para-captar-talento\\\/#primaryimage\",\"url\":\"https:\\\/\\\/amec.es\\\/wp-content\\\/uploads\\\/2023\\\/10\\\/asistenciatecnica.jpg\",\"contentUrl\":\"https:\\\/\\\/amec.es\\\/wp-content\\\/uploads\\\/2023\\\/10\\\/asistenciatecnica.jpg\",\"width\":1920,\"height\":284},{\"@type\":\"BreadcrumbList\",\"@id\":\"https:\\\/\\\/amec.es\\\/como-utilizar-tu-marca-para-captar-talento\\\/#breadcrumb\",\"itemListElement\":[{\"@type\":\"ListItem\",\"position\":1,\"name\":\"Portada\",\"item\":\"https:\\\/\\\/amec.es\\\/ca\\\/home-new\\\/\"},{\"@type\":\"ListItem\",\"position\":2,\"name\":\"Masterclass: Com utilitzar a teva marca per atraure talent?\"}]},{\"@type\":\"WebSite\",\"@id\":\"https:\\\/\\\/amec.es\\\/#website\",\"url\":\"https:\\\/\\\/amec.es\\\/\",\"name\":\"amec Positive Industry\",\"description\":\"\",\"publisher\":{\"@id\":\"https:\\\/\\\/amec.es\\\/#organization\"},\"potentialAction\":[{\"@type\":\"SearchAction\",\"target\":{\"@type\":\"EntryPoint\",\"urlTemplate\":\"https:\\\/\\\/amec.es\\\/?s={search_term_string}\"},\"query-input\":{\"@type\":\"PropertyValueSpecification\",\"valueRequired\":true,\"valueName\":\"search_term_string\"}}],\"inLanguage\":\"ca\"},{\"@type\":\"Organization\",\"@id\":\"https:\\\/\\\/amec.es\\\/#organization\",\"name\":\"amec Positive Industry\",\"url\":\"https:\\\/\\\/amec.es\\\/\",\"logo\":{\"@type\":\"ImageObject\",\"inLanguage\":\"ca\",\"@id\":\"https:\\\/\\\/amec.es\\\/#\\\/schema\\\/logo\\\/image\\\/\",\"url\":\"https:\\\/\\\/amec.es\\\/wp-content\\\/uploads\\\/2023\\\/07\\\/logoamec.png\",\"contentUrl\":\"https:\\\/\\\/amec.es\\\/wp-content\\\/uploads\\\/2023\\\/07\\\/logoamec.png\",\"width\":200,\"height\":48,\"caption\":\"amec Positive Industry\"},\"image\":{\"@id\":\"https:\\\/\\\/amec.es\\\/#\\\/schema\\\/logo\\\/image\\\/\"}}]}<\/script>\n<!-- \/ Yoast SEO plugin. -->","yoast_head_json":{"title":"Masterclass: Com utilitzar a teva marca per atraure talent? | amec Positive Industry","robots":{"index":"index","follow":"follow","max-snippet":"max-snippet:-1","max-image-preview":"max-image-preview:large","max-video-preview":"max-video-preview:-1"},"canonical":"https:\/\/amec.es\/como-utilizar-tu-marca-para-captar-talento\/","og_locale":"ca_ES","og_type":"article","og_title":"Masterclass: Com utilitzar a teva marca per atraure talent? | amec Positive Industry","og_description":"Masterclass: Com utilitzar la teva marca per atraure talent? Masterclass: Com utilitzar la teva marca per atraure talent? Un dels problemes de les pimes industrials \u00e9s la captaci\u00f3 del talent. A les generacions m\u00e9s joves els costa veure&#8217;s treballant a la pime industrial, prefereixen acostar-se a les multinacionals, sense saber que a les pimes poden [&hellip;]","og_url":"https:\/\/amec.es\/como-utilizar-tu-marca-para-captar-talento\/","og_site_name":"amec Positive Industry","article_modified_time":"2024-03-21T14:51:12+00:00","og_image":[{"width":1920,"height":284,"url":"https:\/\/amec.es\/wp-content\/uploads\/2023\/10\/asistenciatecnica.jpg","type":"image\/jpeg"}],"twitter_card":"summary_large_image","twitter_misc":{"Temps estimat de lectura":"1 minut"},"schema":{"@context":"https:\/\/schema.org","@graph":[{"@type":"WebPage","@id":"https:\/\/amec.es\/como-utilizar-tu-marca-para-captar-talento\/","url":"https:\/\/amec.es\/como-utilizar-tu-marca-para-captar-talento\/","name":"Masterclass: Com utilitzar a teva marca per atraure talent? | amec Positive Industry","isPartOf":{"@id":"https:\/\/amec.es\/#website"},"primaryImageOfPage":{"@id":"https:\/\/amec.es\/como-utilizar-tu-marca-para-captar-talento\/#primaryimage"},"image":{"@id":"https:\/\/amec.es\/como-utilizar-tu-marca-para-captar-talento\/#primaryimage"},"thumbnailUrl":"https:\/\/amec.es\/wp-content\/uploads\/2023\/10\/asistenciatecnica.jpg","datePublished":"2024-03-21T10:15:44+00:00","dateModified":"2024-03-21T14:51:12+00:00","breadcrumb":{"@id":"https:\/\/amec.es\/como-utilizar-tu-marca-para-captar-talento\/#breadcrumb"},"inLanguage":"ca","potentialAction":[{"@type":"ReadAction","target":["https:\/\/amec.es\/como-utilizar-tu-marca-para-captar-talento\/"]}]},{"@type":"ImageObject","inLanguage":"ca","@id":"https:\/\/amec.es\/como-utilizar-tu-marca-para-captar-talento\/#primaryimage","url":"https:\/\/amec.es\/wp-content\/uploads\/2023\/10\/asistenciatecnica.jpg","contentUrl":"https:\/\/amec.es\/wp-content\/uploads\/2023\/10\/asistenciatecnica.jpg","width":1920,"height":284},{"@type":"BreadcrumbList","@id":"https:\/\/amec.es\/como-utilizar-tu-marca-para-captar-talento\/#breadcrumb","itemListElement":[{"@type":"ListItem","position":1,"name":"Portada","item":"https:\/\/amec.es\/ca\/home-new\/"},{"@type":"ListItem","position":2,"name":"Masterclass: Com utilitzar a teva marca per atraure talent?"}]},{"@type":"WebSite","@id":"https:\/\/amec.es\/#website","url":"https:\/\/amec.es\/","name":"amec Positive Industry","description":"","publisher":{"@id":"https:\/\/amec.es\/#organization"},"potentialAction":[{"@type":"SearchAction","target":{"@type":"EntryPoint","urlTemplate":"https:\/\/amec.es\/?s={search_term_string}"},"query-input":{"@type":"PropertyValueSpecification","valueRequired":true,"valueName":"search_term_string"}}],"inLanguage":"ca"},{"@type":"Organization","@id":"https:\/\/amec.es\/#organization","name":"amec Positive Industry","url":"https:\/\/amec.es\/","logo":{"@type":"ImageObject","inLanguage":"ca","@id":"https:\/\/amec.es\/#\/schema\/logo\/image\/","url":"https:\/\/amec.es\/wp-content\/uploads\/2023\/07\/logoamec.png","contentUrl":"https:\/\/amec.es\/wp-content\/uploads\/2023\/07\/logoamec.png","width":200,"height":48,"caption":"amec Positive Industry"},"image":{"@id":"https:\/\/amec.es\/#\/schema\/logo\/image\/"}}]}},"_links":{"self":[{"href":"https:\/\/amec.es\/ca\/wp-json\/wp\/v2\/pages\/14421","targetHints":{"allow":["GET"]}}],"collection":[{"href":"https:\/\/amec.es\/ca\/wp-json\/wp\/v2\/pages"}],"about":[{"href":"https:\/\/amec.es\/ca\/wp-json\/wp\/v2\/types\/page"}],"author":[{"embeddable":true,"href":"https:\/\/amec.es\/ca\/wp-json\/wp\/v2\/users\/4"}],"replies":[{"embeddable":true,"href":"https:\/\/amec.es\/ca\/wp-json\/wp\/v2\/comments?post=14421"}],"version-history":[{"count":1,"href":"https:\/\/amec.es\/ca\/wp-json\/wp\/v2\/pages\/14421\/revisions"}],"predecessor-version":[{"id":14422,"href":"https:\/\/amec.es\/ca\/wp-json\/wp\/v2\/pages\/14421\/revisions\/14422"}],"wp:featuredmedia":[{"embeddable":true,"href":"https:\/\/amec.es\/ca\/wp-json\/wp\/v2\/media\/6934"}],"wp:attachment":[{"href":"https:\/\/amec.es\/ca\/wp-json\/wp\/v2\/media?parent=14421"}],"wp:term":[{"taxonomy":"category","embeddable":true,"href":"https:\/\/amec.es\/ca\/wp-json\/wp\/v2\/categories?post=14421"},{"taxonomy":"post_tag","embeddable":true,"href":"https:\/\/amec.es\/ca\/wp-json\/wp\/v2\/tags?post=14421"}],"curies":[{"name":"wp","href":"https:\/\/api.w.org\/{rel}","templated":true}]}}