{"id":17526,"date":"2024-05-02T16:52:10","date_gmt":"2024-05-02T14:52:10","guid":{"rendered":"https:\/\/www.amec.es\/expandeix-la-teva-empresa-industrial-internacionalitzacio-i-plataformes-digitals\/"},"modified":"2024-05-03T10:45:06","modified_gmt":"2024-05-03T08:45:06","slug":"expandeix-la-teva-empresa-industrial-internacionalitzacio-i-plataformes-digitals","status":"publish","type":"page","link":"https:\/\/amec.es\/ca\/expandeix-la-teva-empresa-industrial-internacionalitzacio-i-plataformes-digitals\/","title":{"rendered":"Expandeix la teva empresa industrial: Internacionalitzaci\u00f3 i Plataformes Digitals"},"content":{"rendered":"\t\t<div data-elementor-type=\"wp-page\" data-elementor-id=\"17526\" class=\"elementor elementor-17526 elementor-17461\" data-elementor-post-type=\"page\">\n\t\t\t\t\t\t<section class=\"elementor-section elementor-top-section elementor-element elementor-element-20f2eca elementor-section-height-min-height elementor-section-stretched elementor-section-boxed elementor-section-height-default elementor-section-items-middle\" data-id=\"20f2eca\" data-element_type=\"section\" data-e-type=\"section\" data-settings=\"{&quot;stretch_section&quot;:&quot;section-stretched&quot;,&quot;background_background&quot;:&quot;classic&quot;}\">\n\t\t\t\t\t\t\t<div class=\"elementor-background-overlay\"><\/div>\n\t\t\t\t\t\t\t<div class=\"elementor-container elementor-column-gap-default\">\n\t\t\t\t\t<div class=\"elementor-column elementor-col-100 elementor-top-column elementor-element elementor-element-b397ef9\" data-id=\"b397ef9\" data-element_type=\"column\" data-e-type=\"column\">\n\t\t\t<div class=\"elementor-widget-wrap elementor-element-populated\">\n\t\t\t\t\t\t<div class=\"elementor-element elementor-element-925e3e5 elementor-widget elementor-widget-spacer\" data-id=\"925e3e5\" data-element_type=\"widget\" data-e-type=\"widget\" data-widget_type=\"spacer.default\">\n\t\t\t\t<div class=\"elementor-widget-container\">\n\t\t\t\t\t\t\t<div class=\"elementor-spacer\">\n\t\t\t<div class=\"elementor-spacer-inner\"><\/div>\n\t\t<\/div>\n\t\t\t\t\t\t<\/div>\n\t\t\t\t<\/div>\n\t\t\t\t<div class=\"elementor-element elementor-element-7bf3477 elementor-position-inline-start elementor-view-default elementor-mobile-position-block-start elementor-widget elementor-widget-icon-box\" data-id=\"7bf3477\" data-element_type=\"widget\" data-e-type=\"widget\" data-widget_type=\"icon-box.default\">\n\t\t\t\t<div class=\"elementor-widget-container\">\n\t\t\t\t\t\t\t<div class=\"elementor-icon-box-wrapper\">\n\n\t\t\t\t\t\t<div class=\"elementor-icon-box-icon\">\n\t\t\t\t<a href=\"https:\/\/www.amec.es\/ca\/agenda\/\" class=\"elementor-icon\" tabindex=\"-1\" aria-label=\"Consulta altres activitats\">\n\t\t\t\t<i aria-hidden=\"true\" class=\"fas fa-angle-double-left\"><\/i>\t\t\t\t<\/a>\n\t\t\t<\/div>\n\t\t\t\n\t\t\t\t\t\t<div class=\"elementor-icon-box-content\">\n\n\t\t\t\t\t\t\t\t\t<p class=\"elementor-icon-box-title\">\n\t\t\t\t\t\t<a href=\"https:\/\/www.amec.es\/ca\/agenda\/\" >\n\t\t\t\t\t\t\tConsulta altres activitats\t\t\t\t\t\t<\/a>\n\t\t\t\t\t<\/p>\n\t\t\t\t\n\t\t\t\t\n\t\t\t<\/div>\n\t\t\t\n\t\t<\/div>\n\t\t\t\t\t\t<\/div>\n\t\t\t\t<\/div>\n\t\t\t\t<div class=\"elementor-element elementor-element-8c8c893 elementor-widget elementor-widget-spacer\" data-id=\"8c8c893\" data-element_type=\"widget\" data-e-type=\"widget\" data-widget_type=\"spacer.default\">\n\t\t\t\t<div class=\"elementor-widget-container\">\n\t\t\t\t\t\t\t<div class=\"elementor-spacer\">\n\t\t\t<div class=\"elementor-spacer-inner\"><\/div>\n\t\t<\/div>\n\t\t\t\t\t\t<\/div>\n\t\t\t\t<\/div>\n\t\t\t\t<div class=\"elementor-element elementor-element-e67fe96 elementor-widget elementor-widget-heading\" data-id=\"e67fe96\" data-element_type=\"widget\" data-e-type=\"widget\" data-widget_type=\"heading.default\">\n\t\t\t\t<div class=\"elementor-widget-container\">\n\t\t\t\t\t<h1 class=\"elementor-heading-title elementor-size-default\">Masterclass: Expandeix la teva empresa industrial: Internacionalitzaci\u00f3 i Plataformes Digitals<br>\n<\/h1>\t\t\t\t<\/div>\n\t\t\t\t<\/div>\n\t\t\t\t<div class=\"elementor-element elementor-element-ef1dc8f elementor-widget__width-initial elementor-widget-divider--view-line elementor-widget elementor-widget-global elementor-global-48210 elementor-global-159 elementor-widget-divider\" data-id=\"ef1dc8f\" data-element_type=\"widget\" data-e-type=\"widget\" data-widget_type=\"divider.default\">\n\t\t\t\t<div class=\"elementor-widget-container\">\n\t\t\t\t\t\t\t<div class=\"elementor-divider\">\n\t\t\t<span class=\"elementor-divider-separator\">\n\t\t\t\t\t\t<\/span>\n\t\t<\/div>\n\t\t\t\t\t\t<\/div>\n\t\t\t\t<\/div>\n\t\t\t\t<div class=\"elementor-element elementor-element-63205bc elementor-icon-list--layout-traditional elementor-list-item-link-full_width elementor-widget elementor-widget-icon-list\" data-id=\"63205bc\" data-element_type=\"widget\" data-e-type=\"widget\" data-widget_type=\"icon-list.default\">\n\t\t\t\t<div class=\"elementor-widget-container\">\n\t\t\t\t\t\t\t<ul class=\"elementor-icon-list-items\">\n\t\t\t\t\t\t\t<li class=\"elementor-icon-list-item\">\n\t\t\t\t\t\t\t\t\t\t\t<span class=\"elementor-icon-list-icon\">\n\t\t\t\t\t\t\t<i aria-hidden=\"true\" class=\"fas fa-calendar-alt\"><\/i>\t\t\t\t\t\t<\/span>\n\t\t\t\t\t\t\t\t\t\t<span class=\"elementor-icon-list-text\">26 de setembre de 10:00 a 13:00<\/span>\n\t\t\t\t\t\t\t\t\t<\/li>\n\t\t\t\t\t\t\t\t<li class=\"elementor-icon-list-item\">\n\t\t\t\t\t\t\t\t\t\t\t<span class=\"elementor-icon-list-icon\">\n\t\t\t\t\t\t\t<i aria-hidden=\"true\" class=\"fas fa-map-marker-alt\"><\/i>\t\t\t\t\t\t<\/span>\n\t\t\t\t\t\t\t\t\t\t<span class=\"elementor-icon-list-text\">Sessi\u00f3 presencial i online<\/span>\n\t\t\t\t\t\t\t\t\t<\/li>\n\t\t\t\t\t\t\t\t<li class=\"elementor-icon-list-item\">\n\t\t\t\t\t\t\t\t\t\t\t<span class=\"elementor-icon-list-icon\">\n\t\t\t\t\t\t\t<i aria-hidden=\"true\" class=\"far fa-money-bill-alt\"><\/i>\t\t\t\t\t\t<\/span>\n\t\t\t\t\t\t\t\t\t\t<span class=\"elementor-icon-list-text\">55\u20ac+IVA empreses membres d'amec<\/span>\n\t\t\t\t\t\t\t\t\t<\/li>\n\t\t\t\t\t\t<\/ul>\n\t\t\t\t\t\t<\/div>\n\t\t\t\t<\/div>\n\t\t\t\t\t<\/div>\n\t\t<\/div>\n\t\t\t\t\t<\/div>\n\t\t<\/section>\n\t\t\t\t<section class=\"elementor-section elementor-top-section elementor-element elementor-element-250aa52 elementor-section-stretched elementor-section-content-middle elementor-section-boxed elementor-section-height-default elementor-section-height-default\" data-id=\"250aa52\" data-element_type=\"section\" data-e-type=\"section\" data-settings=\"{&quot;stretch_section&quot;:&quot;section-stretched&quot;}\">\n\t\t\t\t\t\t<div class=\"elementor-container elementor-column-gap-wider\">\n\t\t\t\t\t<div class=\"elementor-column elementor-col-50 elementor-top-column elementor-element elementor-element-7722d73\" data-id=\"7722d73\" data-element_type=\"column\" data-e-type=\"column\">\n\t\t\t<div class=\"elementor-widget-wrap elementor-element-populated\">\n\t\t\t\t\t\t<div class=\"elementor-element elementor-element-dcf2bf5 elementor-widget elementor-widget-heading\" data-id=\"dcf2bf5\" data-element_type=\"widget\" data-e-type=\"widget\" data-widget_type=\"heading.default\">\n\t\t\t\t<div class=\"elementor-widget-container\">\n\t\t\t\t\t<h2 class=\"elementor-heading-title elementor-size-default\">Per qu\u00e8 no te la pots perdre?<\/h2>\t\t\t\t<\/div>\n\t\t\t\t<\/div>\n\t\t\t\t<div class=\"elementor-element elementor-element-1fc040c elementor-widget elementor-widget-text-editor\" data-id=\"1fc040c\" data-element_type=\"widget\" data-e-type=\"widget\" data-widget_type=\"text-editor.default\">\n\t\t\t\t<div class=\"elementor-widget-container\">\n\t\t\t\t\t\t\t\t\t<p>En aquesta masterclass ens centrarem en la import\u00e0ncia de la digitalitzaci\u00f3 per <strong>a lexpansi\u00f3 internacional<\/strong> de les empreses industrials. S&#8217;analitzaran <strong>les tend\u00e8ncies de digitalitzaci\u00f3 i el seu impacte al mercat industrial<\/strong> , aix\u00ed com el paper essencial de les plataformes digitals en la internacionalitzaci\u00f3.  <strong>Els assistents aprendran a identificar les diferents plataformes digitals i es discutiran estrat\u00e8gies per integrar-les efica\u00e7ment a les seves operacions.<\/strong> A m\u00e9s, es detallaran els <strong>components clau de les plataformes digitals<\/strong> , incloent-hi la gesti\u00f3 de l&#8217;experi\u00e8ncia del client, cat\u00e0legs de productes, \u00e0rees d&#8217;autoservei digital i els e-commerce. Proporcionarem una <strong>visi\u00f3 integral perqu\u00e8 les empreses industrials utilitzin la digitalitzaci\u00f3<\/strong> i les plataformes com a catalitzador per a la seva internacionalitzaci\u00f3.<\/p>\n\t\t\t\t\t\t\t\t<\/div>\n\t\t\t\t<\/div>\n\t\t\t\t\t<\/div>\n\t\t<\/div>\n\t\t\t\t<div class=\"elementor-column elementor-col-50 elementor-top-column elementor-element elementor-element-8937a94\" data-id=\"8937a94\" data-element_type=\"column\" data-e-type=\"column\" data-settings=\"{&quot;background_background&quot;:&quot;classic&quot;}\">\n\t\t\t<div class=\"elementor-widget-wrap elementor-element-populated\">\n\t\t\t\t\t\t<div class=\"elementor-element elementor-element-017591f elementor-widget elementor-widget-menu-anchor\" data-id=\"017591f\" data-element_type=\"widget\" data-e-type=\"widget\" data-widget_type=\"menu-anchor.default\">\n\t\t\t\t<div class=\"elementor-widget-container\">\n\t\t\t\t\t\t\t<div class=\"elementor-menu-anchor\" id=\"formulario\"><\/div>\n\t\t\t\t\t\t<\/div>\n\t\t\t\t<\/div>\n\t\t\t\t<div class=\"elementor-element elementor-element-f557ee0 elementor-widget elementor-widget-heading\" data-id=\"f557ee0\" data-element_type=\"widget\" data-e-type=\"widget\" data-widget_type=\"heading.default\">\n\t\t\t\t<div class=\"elementor-widget-container\">\n\t\t\t\t\t<h2 class=\"elementor-heading-title elementor-size-default\">Apunta't a la Masterclass!<\/h2>\t\t\t\t<\/div>\n\t\t\t\t<\/div>\n\t\t\t\t<div class=\"elementor-element elementor-element-4875fea legales-blanco elementor-button-align-center elementor-widget elementor-widget-form\" data-id=\"4875fea\" data-element_type=\"widget\" data-e-type=\"widget\" data-settings=\"{&quot;step_next_label&quot;:&quot;Seg\\u00fcent&quot;,&quot;step_previous_label&quot;:&quot;Anterior&quot;,&quot;button_width&quot;:&quot;100&quot;,&quot;step_type&quot;:&quot;number_text&quot;,&quot;step_icon_shape&quot;:&quot;circle&quot;}\" data-widget_type=\"form.default\">\n\t\t\t\t<div class=\"elementor-widget-container\">\n\t\t\t\t\t\t\t<form class=\"elementor-form\" method=\"post\" id=\"openday\" name=\"Expandeix la teva empresa industrial: Internacionalitzaci\u00f3 i Plataformes digitals\" aria-label=\"Expandeix la teva empresa industrial: Internacionalitzaci\u00f3 i Plataformes digitals\">\n\t\t\t<input type=\"hidden\" name=\"post_id\" value=\"17526\"\/>\n\t\t\t<input type=\"hidden\" name=\"form_id\" value=\"4875fea\"\/>\n\t\t\t<input type=\"hidden\" name=\"referer_title\" value=\"amec Positive Industry\" \/>\n\n\t\t\t\n\t\t\t<div class=\"elementor-form-fields-wrapper elementor-labels-above\">\n\t\t\t\t\t\t\t\t<div class=\"elementor-field-type-text elementor-field-group elementor-column elementor-field-group-name elementor-col-100 elementor-field-required elementor-mark-required\">\n\t\t\t\t\t\t\t\t\t\t\t\t\t<input size=\"1\" type=\"text\" name=\"form_fields[name]\" id=\"form-field-name\" class=\"elementor-field elementor-size-sm  elementor-field-textual\" placeholder=\"Nom *\" required=\"required\">\n\t\t\t\t\t\t\t\t\t\t\t<\/div>\n\t\t\t\t\t\t\t\t<div class=\"elementor-field-type-text elementor-field-group elementor-column elementor-field-group-field_bfb214a elementor-col-100 elementor-field-required elementor-mark-required\">\n\t\t\t\t\t\t\t\t\t\t\t\t\t<input size=\"1\" type=\"text\" name=\"form_fields[field_bfb214a]\" id=\"form-field-field_bfb214a\" class=\"elementor-field elementor-size-sm  elementor-field-textual\" placeholder=\"Cognoms *\" required=\"required\">\n\t\t\t\t\t\t\t\t\t\t\t<\/div>\n\t\t\t\t\t\t\t\t<div class=\"elementor-field-type-text elementor-field-group elementor-column elementor-field-group-field_cbdc095 elementor-col-100 elementor-field-required elementor-mark-required\">\n\t\t\t\t\t\t\t\t\t\t\t\t\t<input size=\"1\" type=\"text\" name=\"form_fields[field_cbdc095]\" id=\"form-field-field_cbdc095\" class=\"elementor-field elementor-size-sm  elementor-field-textual\" placeholder=\"El teu correu electr\u00f2nic *\" required=\"required\">\n\t\t\t\t\t\t\t\t\t\t\t<\/div>\n\t\t\t\t\t\t\t\t<div class=\"elementor-field-type-text elementor-field-group elementor-column elementor-field-group-field_71f88b7 elementor-col-100 elementor-field-required elementor-mark-required\">\n\t\t\t\t\t\t\t\t\t\t\t\t\t<input size=\"1\" type=\"text\" name=\"form_fields[field_71f88b7]\" id=\"form-field-field_71f88b7\" class=\"elementor-field elementor-size-sm  elementor-field-textual\" placeholder=\"Empresa *\" required=\"required\">\n\t\t\t\t\t\t\t\t\t\t\t<\/div>\n\t\t\t\t\t\t\t\t<div class=\"elementor-field-type-tel elementor-field-group elementor-column elementor-field-group-field_09ff446 elementor-col-100 elementor-field-required elementor-mark-required\">\n\t\t\t\t\t\t\t<input size=\"1\" type=\"tel\" name=\"form_fields[field_09ff446]\" id=\"form-field-field_09ff446\" class=\"elementor-field elementor-size-sm  elementor-field-textual\" placeholder=\"Tel\u00e8fon *\" required=\"required\" pattern=\"[0-9()#&amp;+*-=.]+\" title=\"Only numbers and phone characters (#, -, *, etc) are accepted.\">\n\n\t\t\t\t\t\t<\/div>\n\t\t\t\t\t\t\t\t<div class=\"elementor-field-type-radio elementor-field-group elementor-column elementor-field-group-field_d587287 elementor-col-100 elementor-field-required elementor-mark-required\">\n\t\t\t\t\t\t\t\t\t\t\t\t<label for=\"form-field-field_d587287\" class=\"elementor-field-label\">\n\t\t\t\t\t\t\t\tModalitat dassist\u00e8ncia\t\t\t\t\t\t\t<\/label>\n\t\t\t\t\t\t<div class=\"elementor-field-subgroup  \"><span class=\"elementor-field-option\"><input type=\"radio\" value=\"Presencial\" id=\"form-field-field_d587287-0\" name=\"form_fields[field_d587287]\" required=\"required\"> <label for=\"form-field-field_d587287-0\">Presencial<\/label><\/span><span class=\"elementor-field-option\"><input type=\"radio\" value=\"Online\" id=\"form-field-field_d587287-1\" name=\"form_fields[field_d587287]\" required=\"required\"> <label for=\"form-field-field_d587287-1\">Online<\/label><\/span><\/div>\t\t\t\t<\/div>\n\t\t\t\t\t\t\t\t<div class=\"elementor-field-type-radio elementor-field-group elementor-column elementor-field-group-field_533196d elementor-col-100\">\n\t\t\t\t\t\t\t\t\t\t\t\t<label for=\"form-field-field_533196d\" class=\"elementor-field-label\">\n\t\t\t\t\t\t\t\tSom socis de\t\t\t\t\t\t\t<\/label>\n\t\t\t\t\t\t<div class=\"elementor-field-subgroup  \"><span class=\"elementor-field-option\"><input type=\"radio\" value=\"Ascamm\" id=\"form-field-field_533196d-0\" name=\"form_fields[field_533196d]\"> <label for=\"form-field-field_533196d-0\">Ascamm<\/label><\/span><span class=\"elementor-field-option\"><input type=\"radio\" value=\"Aer\" id=\"form-field-field_533196d-1\" name=\"form_fields[field_533196d]\"> <label for=\"form-field-field_533196d-1\">Aer<\/label><\/span><\/div>\t\t\t\t<\/div>\n\t\t\t\t\t\t\t\t<div class=\"elementor-field-type-checkbox elementor-field-group elementor-column elementor-field-group-field_f528760 elementor-col-100\">\n\t\t\t\t\t<div class=\"elementor-field-subgroup  \"><span class=\"elementor-field-option\"><input type=\"checkbox\" value=\"He llegit i accepto les condicions legals\" id=\"form-field-field_f528760-0\" name=\"form_fields[field_f528760]\"> <label for=\"form-field-field_f528760-0\">He llegit i accepto les condicions legals<\/label><\/span><\/div>\t\t\t\t<\/div>\n\t\t\t\t\t\t\t\t<div class=\"elementor-field-group elementor-column elementor-field-type-submit elementor-col-100 e-form__buttons\">\n\t\t\t\t\t<button class=\"elementor-button elementor-size-sm\" type=\"submit\">\n\t\t\t\t\t\t<span class=\"elementor-button-content-wrapper\">\n\t\t\t\t\t\t\t\t\t\t\t\t\t\t\t\t\t\t\t\t\t\t<span class=\"elementor-button-text\">M'inscric!<\/span>\n\t\t\t\t\t\t\t\t\t\t\t\t\t<\/span>\n\t\t\t\t\t<\/button>\n\t\t\t\t<\/div>\n\t\t\t<\/div>\n\t\t<\/form>\n\t\t\t\t\t\t<\/div>\n\t\t\t\t<\/div>\n\t\t\t\t\t<\/div>\n\t\t<\/div>\n\t\t\t\t\t<\/div>\n\t\t<\/section>\n\t\t\t\t<section class=\"elementor-section elementor-top-section elementor-element elementor-element-86c2eae elementor-section-boxed elementor-section-height-default elementor-section-height-default\" data-id=\"86c2eae\" data-element_type=\"section\" data-e-type=\"section\" data-settings=\"{&quot;background_background&quot;:&quot;classic&quot;,&quot;shape_divider_top&quot;:&quot;arrow&quot;}\">\n\t\t\t\t\t<div class=\"elementor-shape elementor-shape-top\" aria-hidden=\"true\" data-negative=\"false\">\n\t\t\t<svg xmlns=\"http:\/\/www.w3.org\/2000\/svg\" viewBox=\"0 0 700 10\" preserveAspectRatio=\"none\">\n\t<path class=\"elementor-shape-fill\" d=\"M350,10L340,0h20L350,10z\"\/>\n<\/svg>\t\t<\/div>\n\t\t\t\t\t<div class=\"elementor-container elementor-column-gap-default\">\n\t\t\t\t\t<div class=\"elementor-column elementor-col-50 elementor-top-column elementor-element elementor-element-dad6dc0\" data-id=\"dad6dc0\" data-element_type=\"column\" data-e-type=\"column\">\n\t\t\t<div class=\"elementor-widget-wrap elementor-element-populated\">\n\t\t\t\t\t\t<div class=\"elementor-element elementor-element-1e75340 elementor-widget elementor-widget-heading\" data-id=\"1e75340\" data-element_type=\"widget\" data-e-type=\"widget\" data-widget_type=\"heading.default\">\n\t\t\t\t<div class=\"elementor-widget-container\">\n\t\t\t\t\t<h2 class=\"elementor-heading-title elementor-size-default\">A qui va dirigida?<\/h2>\t\t\t\t<\/div>\n\t\t\t\t<\/div>\n\t\t\t\t\t<\/div>\n\t\t<\/div>\n\t\t\t\t<div class=\"elementor-column elementor-col-50 elementor-top-column elementor-element elementor-element-d3c60ac\" data-id=\"d3c60ac\" data-element_type=\"column\" data-e-type=\"column\">\n\t\t\t<div class=\"elementor-widget-wrap elementor-element-populated\">\n\t\t\t\t\t\t<div class=\"elementor-element elementor-element-e270d41 elementor-widget__width-initial elementor-icon-list--layout-traditional elementor-list-item-link-full_width elementor-widget elementor-widget-icon-list\" data-id=\"e270d41\" data-element_type=\"widget\" data-e-type=\"widget\" data-widget_type=\"icon-list.default\">\n\t\t\t\t<div class=\"elementor-widget-container\">\n\t\t\t\t\t\t\t<ul class=\"elementor-icon-list-items\">\n\t\t\t\t\t\t\t<li class=\"elementor-icon-list-item\">\n\t\t\t\t\t\t\t\t\t\t\t<span class=\"elementor-icon-list-icon\">\n\t\t\t\t\t\t\t<i aria-hidden=\"true\" class=\"fas fa-check\"><\/i>\t\t\t\t\t\t<\/span>\n\t\t\t\t\t\t\t\t\t\t<span class=\"elementor-icon-list-text\">L\u00edders empresarials i executius d'empreses industrials interessats a l'expansi\u00f3 internacional.<\/span>\n\t\t\t\t\t\t\t\t\t<\/li>\n\t\t\t\t\t\t\t\t<li class=\"elementor-icon-list-item\">\n\t\t\t\t\t\t\t\t\t\t\t<span class=\"elementor-icon-list-icon\">\n\t\t\t\t\t\t\t<i aria-hidden=\"true\" class=\"fas fa-check\"><\/i>\t\t\t\t\t\t<\/span>\n\t\t\t\t\t\t\t\t\t\t<span class=\"elementor-icon-list-text\">Gerents d'operacions i estrat\u00e8gia que volen integrar plataformes digitals als seus processos de negoci.<\/span>\n\t\t\t\t\t\t\t\t\t<\/li>\n\t\t\t\t\t\t\t\t<li class=\"elementor-icon-list-item\">\n\t\t\t\t\t\t\t\t\t\t\t<span class=\"elementor-icon-list-icon\">\n\t\t\t\t\t\t\t<i aria-hidden=\"true\" class=\"fas fa-check\"><\/i>\t\t\t\t\t\t<\/span>\n\t\t\t\t\t\t\t\t\t\t<span class=\"elementor-icon-list-text\">Professionals de TI i sistemes que s'enfronten al repte de la internacionalitzaci\u00f3.<\/span>\n\t\t\t\t\t\t\t\t\t<\/li>\n\t\t\t\t\t\t\t\t<li class=\"elementor-icon-list-item\">\n\t\t\t\t\t\t\t\t\t\t\t<span class=\"elementor-icon-list-icon\">\n\t\t\t\t\t\t\t<i aria-hidden=\"true\" class=\"fas fa-check\"><\/i>\t\t\t\t\t\t<\/span>\n\t\t\t\t\t\t\t\t\t\t<span class=\"elementor-icon-list-text\">Professionals del m\u00e0rqueting i la digitalitzaci\u00f3 que busquen implementar o millorar la pres\u00e8ncia digital de la seva empresa al mercat global.<\/span>\n\t\t\t\t\t\t\t\t\t<\/li>\n\t\t\t\t\t\t<\/ul>\n\t\t\t\t\t\t<\/div>\n\t\t\t\t<\/div>\n\t\t\t\t\t<\/div>\n\t\t<\/div>\n\t\t\t\t\t<\/div>\n\t\t<\/section>\n\t\t\t\t<section class=\"elementor-section elementor-top-section elementor-element elementor-element-512995b elementor-section-content-middle elementor-section-boxed elementor-section-height-default elementor-section-height-default\" data-id=\"512995b\" data-element_type=\"section\" data-e-type=\"section\" data-settings=\"{&quot;background_background&quot;:&quot;classic&quot;}\">\n\t\t\t\t\t\t<div class=\"elementor-container elementor-column-gap-wider\">\n\t\t\t\t\t<div class=\"elementor-column elementor-col-100 elementor-top-column elementor-element elementor-element-3d6e870\" data-id=\"3d6e870\" data-element_type=\"column\" data-e-type=\"column\">\n\t\t\t<div class=\"elementor-widget-wrap elementor-element-populated\">\n\t\t\t\t\t\t<div class=\"elementor-element elementor-element-5af2a5a elementor-widget elementor-widget-text-editor\" data-id=\"5af2a5a\" data-element_type=\"widget\" data-e-type=\"widget\" data-widget_type=\"text-editor.default\">\n\t\t\t\t<div class=\"elementor-widget-container\">\n\t\t\t\t\t\t\t\t\t<h3><strong><span style=\"color: #ffffff;\">Contingut:<\/span><\/strong><\/h3>\n<ul>\n<li><strong>Principis de les Plataformes Digitals<\/strong>\n<ul>\n<li>Introducci\u00f3: Internacionalitzaci\u00f3 i Digitalitzaci\u00f3\n<ul>\n<li><strong>Tend\u00e8ncies actuals en digitalitzaci\u00f3<\/strong> i impacte en l&#8217;expansi\u00f3 global industrial<\/li>\n<li><strong>Les plataformes digitals i el seu rol<\/strong> a la internacionalitzaci\u00f3.<\/li>\n<\/ul>\n<\/li>\n<\/ul>\n<\/li>\n<\/ul>\n<ul>\n<li><strong>\u00das de Plataformes Digitals per a la Connexi\u00f3 Global<\/strong>\n<ul>\n<li>Presentaci\u00f3 de <strong>diferents plataformes digitals<\/strong> i com es poden utilitzar per <strong>connectar amb clients i socis internacionals.<\/strong><\/li>\n<li>Criteris i <strong>estrat\u00e8gies d&#8217;elecci\u00f3 de plataformes<\/strong> digitals per a la internacionalitzaci\u00f3.<\/li>\n<li><strong>Impacte de la IA<\/strong> a les plataformes digitals i els processos internacionalitzaci\u00f3.<\/li>\n<\/ul>\n<\/li>\n<\/ul>\n<ul>\n<li><strong>Les plataformes Digitals al detall<\/strong>\n<ul>\n<li><strong>Experi\u00e8ncia de Client i Gesti\u00f3 de Marca<\/strong> (Plataformes DXP)\n<ul>\n<li>Descobriu com les plataformes DXP milloren la interacci\u00f3 amb el client i enforteixen la identitat de marca.<\/li>\n<\/ul>\n<\/li>\n<li><strong>Gesti\u00f3 del Cat\u00e0leg de Productes<\/strong> (Plataformes PIM)\n<ul>\n<li>Apr\u00e8n a centralitzar i enriquir la informaci\u00f3 de productes, facilitant-ne la gesti\u00f3 i distribuci\u00f3 omnicanal amb plataformes PIM.<\/li>\n<\/ul>\n<\/li>\n<li><strong>\u00c0rees Privades de Client<\/strong> (Plataformes de Digital Self Service)\n<ul>\n<li>Explora com les \u00e0rees d&#8217;autoservei digital empoderen els clients, permetent gestionar les seves interaccions i serveis de forma independent.<\/li>\n<\/ul>\n<\/li>\n<li><strong>Gesti\u00f3 de l&#8217;E-commerce<\/strong> (Marketplaces, B2B, B2B2C, DTC)\n<ul>\n<li>Examina les plataformes per manipular eficientment les vendes en l\u00ednia, des de marketplaces fins a models directes al consumidor.<\/li>\n<\/ul>\n<\/li>\n<\/ul>\n<\/li>\n<\/ul>\n\t\t\t\t\t\t\t\t<\/div>\n\t\t\t\t<\/div>\n\t\t\t\t\t<\/div>\n\t\t<\/div>\n\t\t\t\t\t<\/div>\n\t\t<\/section>\n\t\t\t\t<section class=\"elementor-section elementor-top-section elementor-element elementor-element-33259f8 elementor-section-boxed elementor-section-height-default elementor-section-height-default\" data-id=\"33259f8\" data-element_type=\"section\" data-e-type=\"section\" data-settings=\"{&quot;background_background&quot;:&quot;classic&quot;}\">\n\t\t\t\t\t\t<div class=\"elementor-container elementor-column-gap-default\">\n\t\t\t\t\t<div class=\"elementor-column elementor-col-100 elementor-top-column elementor-element elementor-element-02aa937\" data-id=\"02aa937\" data-element_type=\"column\" data-e-type=\"column\">\n\t\t\t<div class=\"elementor-widget-wrap elementor-element-populated\">\n\t\t\t\t\t\t<div class=\"elementor-element elementor-element-aede98b elementor-widget elementor-widget-heading\" data-id=\"aede98b\" data-element_type=\"widget\" data-e-type=\"widget\" data-widget_type=\"heading.default\">\n\t\t\t\t<div class=\"elementor-widget-container\">\n\t\t\t\t\t<h3 class=\"elementor-heading-title elementor-size-default\">Ponents<\/h3>\t\t\t\t<\/div>\n\t\t\t\t<\/div>\n\t\t\t\t<div class=\"elementor-element elementor-element-7a3b3fc elementor-widget__width-initial elementor-widget-divider--view-line elementor-widget elementor-widget-global elementor-global-48210 elementor-global-159 elementor-widget-divider\" data-id=\"7a3b3fc\" data-element_type=\"widget\" data-e-type=\"widget\" data-widget_type=\"divider.default\">\n\t\t\t\t<div class=\"elementor-widget-container\">\n\t\t\t\t\t\t\t<div class=\"elementor-divider\">\n\t\t\t<span class=\"elementor-divider-separator\">\n\t\t\t\t\t\t<\/span>\n\t\t<\/div>\n\t\t\t\t\t\t<\/div>\n\t\t\t\t<\/div>\n\t\t\t\t<section class=\"elementor-section elementor-inner-section elementor-element elementor-element-709b2e6 elementor-section-boxed elementor-section-height-default elementor-section-height-default\" data-id=\"709b2e6\" data-element_type=\"section\" data-e-type=\"section\">\n\t\t\t\t\t\t<div class=\"elementor-container elementor-column-gap-default\">\n\t\t\t\t\t<div class=\"elementor-column elementor-col-33 elementor-inner-column elementor-element elementor-element-8840831\" data-id=\"8840831\" data-element_type=\"column\" data-e-type=\"column\">\n\t\t\t<div class=\"elementor-widget-wrap elementor-element-populated\">\n\t\t\t\t\t\t<div class=\"elementor-element elementor-element-4763caf elementor-flip-box--effect-slide elementor-flip-box--direction-up elementor-widget elementor-widget-flip-box\" data-id=\"4763caf\" data-element_type=\"widget\" data-e-type=\"widget\" data-widget_type=\"flip-box.default\">\n\t\t\t\t<div class=\"elementor-widget-container\">\n\t\t\t\t\t\t\t<div class=\"elementor-flip-box\" tabindex=\"0\">\n\t\t\t<div class=\"elementor-flip-box__layer elementor-flip-box__front\">\n\t\t\t\t<div class=\"elementor-flip-box__layer__overlay\">\n\t\t\t\t\t<div class=\"elementor-flip-box__layer__inner\">\n\t\t\t\t\t\t\n\t\t\t\t\t\t\t\t\t\t\t\t\t<h3 class=\"elementor-flip-box__layer__title\">\n\t\t\t\t\t\t\t\t\u00c0lex Net\t\t\t\t\t\t\t<\/h3>\n\t\t\t\t\t\t\n\t\t\t\t\t\t\t\t\t\t\t<\/div>\n\t\t\t\t<\/div>\n\t\t\t<\/div>\n\t\t\t<div class=\"elementor-flip-box__layer elementor-flip-box__back\">\n\t\t\t<div class=\"elementor-flip-box__layer__overlay\">\n\t\t\t\t<div class=\"elementor-flip-box__layer__inner\">\n\t\t\t\t\t\t\t\t\t\t\t<h3 class=\"elementor-flip-box__layer__title\">\n\t\t\t\t\t\t\t\u00c0lex Net\t\t\t\t\t\t<\/h3>\n\t\t\t\t\t\n\t\t\t\t\t\t\t\t\t\t\t<div class=\"elementor-flip-box__layer__description\">\n\t\t\t\t\t\t\tDirector General d\u00b4Infinitum Digital. Desenvolupen i implementen solucions i estrat\u00e8gies innovadores per al sector de noves tecnologies i serveis.\t\t\t\t\t\t<\/div>\n\t\t\t\t\t\n\t\t\t\t\t\t\t\t<\/div>\n\t\t<\/div>\n\t\t<\/div>\n\t\t<\/div>\n\t\t\t\t\t\t<\/div>\n\t\t\t\t<\/div>\n\t\t\t\t\t<\/div>\n\t\t<\/div>\n\t\t\t\t<div class=\"elementor-column elementor-col-33 elementor-inner-column elementor-element elementor-element-1516260\" data-id=\"1516260\" data-element_type=\"column\" data-e-type=\"column\">\n\t\t\t<div class=\"elementor-widget-wrap\">\n\t\t\t\t\t\t\t<\/div>\n\t\t<\/div>\n\t\t\t\t<div class=\"elementor-column elementor-col-33 elementor-inner-column elementor-element elementor-element-d548958\" data-id=\"d548958\" data-element_type=\"column\" data-e-type=\"column\">\n\t\t\t<div class=\"elementor-widget-wrap\">\n\t\t\t\t\t\t\t<\/div>\n\t\t<\/div>\n\t\t\t\t\t<\/div>\n\t\t<\/section>\n\t\t\t\t<div class=\"elementor-element elementor-element-7a219b5 elementor-widget elementor-widget-spacer\" data-id=\"7a219b5\" data-element_type=\"widget\" data-e-type=\"widget\" data-widget_type=\"spacer.default\">\n\t\t\t\t<div class=\"elementor-widget-container\">\n\t\t\t\t\t\t\t<div class=\"elementor-spacer\">\n\t\t\t<div class=\"elementor-spacer-inner\"><\/div>\n\t\t<\/div>\n\t\t\t\t\t\t<\/div>\n\t\t\t\t<\/div>\n\t\t\t\t\t<\/div>\n\t\t<\/div>\n\t\t\t\t\t<\/div>\n\t\t<\/section>\n\t\t\t\t<section class=\"elementor-section elementor-top-section elementor-element elementor-element-a15492d elementor-section-boxed elementor-section-height-default elementor-section-height-default\" data-id=\"a15492d\" data-element_type=\"section\" data-e-type=\"section\" data-settings=\"{&quot;background_background&quot;:&quot;classic&quot;}\">\n\t\t\t\t\t\t<div class=\"elementor-container elementor-column-gap-default\">\n\t\t\t\t\t<div class=\"elementor-column elementor-col-50 elementor-top-column elementor-element elementor-element-863bccc\" data-id=\"863bccc\" data-element_type=\"column\" data-e-type=\"column\" data-settings=\"{&quot;background_background&quot;:&quot;classic&quot;}\">\n\t\t\t<div class=\"elementor-widget-wrap elementor-element-populated\">\n\t\t\t\t\t\t<div class=\"elementor-element elementor-element-56e844f elementor-widget elementor-widget-text-editor\" data-id=\"56e844f\" data-element_type=\"widget\" data-e-type=\"widget\" data-widget_type=\"text-editor.default\">\n\t\t\t\t<div class=\"elementor-widget-container\">\n\t\t\t\t\t\t\t\t\t<h3><strong>Fitxa t\u00e8cnica<\/strong><\/h3>\n\t\t\t\t\t\t\t\t<\/div>\n\t\t\t\t<\/div>\n\t\t\t\t\t<\/div>\n\t\t<\/div>\n\t\t\t\t<div class=\"elementor-column elementor-col-50 elementor-top-column elementor-element elementor-element-96532c1\" data-id=\"96532c1\" data-element_type=\"column\" data-e-type=\"column\">\n\t\t\t<div class=\"elementor-widget-wrap elementor-element-populated\">\n\t\t\t\t\t\t<div class=\"elementor-element elementor-element-9ef1acd elementor-widget elementor-widget-text-editor\" data-id=\"9ef1acd\" data-element_type=\"widget\" data-e-type=\"widget\" data-widget_type=\"text-editor.default\">\n\t\t\t\t<div class=\"elementor-widget-container\">\n\t\t\t\t\t\t\t\t\t<p>Les empreses membres de <em><strong>Amec<\/strong><\/em> disposen d&#8217;un 40% de descompte en el preu i un 20% de descompte per a les empreses s\u00f2cies de l&#8217;AER i Ascamm.<\/p>\n<p><strong>Pots assistir-hi online o presencial (tria la modalitat que m\u00e9s t&#8217;interessi)<\/strong><\/p>\n<ul>\n<li>Preu membres <em><strong>amec<\/strong><\/em> : 55 \u20ac + IVA<\/li>\n<li>Preu membres de l&#8217;AER\/Ascamm: 70\u20ac +IVA<\/li>\n<li>Preu empreses no membre: 90\u20ac + IVA<\/li>\n<\/ul>\n<p>Nombre m\u00ednim d&#8217;assistents: 7<\/p>\n<p><strong>Pol\u00edtica de cancel\u00b7laci\u00f3<\/strong><\/p>\n<p>Per cancel\u00b7lacions fetes durant els 30 dies abans de l&#8217;inici, es tornar\u00e0 el 75% de l&#8217;import.<\/p>\n<p>Per cancel\u00b7lacions realitzades durant els 15 dies abans de l&#8217;inici, no se&#8217;n tornar\u00e0 l&#8217;import.<strong> <\/strong><\/p>\n<p><strong><em>amec<\/em> no gestionar\u00e0 la bonificaci\u00f3 fonamentada en aquesta formaci\u00f3.<\/strong><\/p>\n<p class=\"p1\">Tens alguna pregunta? envia un correu a Eva Pahissa \u2013 <span style=\"color: #000080;\"><a style=\"color: #000080;\" href=\"mailto:epahissa@amec.es\">epahissa@amec.es<\/a><\/span> <\/p>\n\t\t\t\t\t\t\t\t<\/div>\n\t\t\t\t<\/div>\n\t\t\t\t<div class=\"elementor-element elementor-element-fff8c22 elementor-align-center elementor-widget elementor-widget-button\" data-id=\"fff8c22\" data-element_type=\"widget\" data-e-type=\"widget\" data-widget_type=\"button.default\">\n\t\t\t\t<div class=\"elementor-widget-container\">\n\t\t\t\t\t\t\t\t\t<div class=\"elementor-button-wrapper\">\n\t\t\t\t\t<a class=\"elementor-button elementor-button-link elementor-size-sm\" href=\"#formulario\">\n\t\t\t\t\t\t<span class=\"elementor-button-content-wrapper\">\n\t\t\t\t\t\t\t\t\t<span class=\"elementor-button-text\">Inscriu-te!<\/span>\n\t\t\t\t\t<\/span>\n\t\t\t\t\t<\/a>\n\t\t\t\t<\/div>\n\t\t\t\t\t\t\t\t<\/div>\n\t\t\t\t<\/div>\n\t\t\t\t\t<\/div>\n\t\t<\/div>\n\t\t\t\t\t<\/div>\n\t\t<\/section>\n\t\t\t\t<\/div>\n\t\t","protected":false},"excerpt":{"rendered":"<p>Consulta altres activitats Masterclass: Expandeix la teva empresa industrial: Internacionalitzaci\u00f3 i Plataformes Digitals 26 de setembre de 10:00 a 13:00 Sessi\u00f3 presencial i online 55\u20ac+IVA empreses membres d&#8217;amec Per qu\u00e8 no te la pots perdre? En aquesta masterclass ens centrarem en la import\u00e0ncia de la digitalitzaci\u00f3 per a lexpansi\u00f3 internacional de les empreses industrials. S&#8217;analitzaran [&hellip;]<\/p>\n","protected":false},"author":4,"featured_media":7727,"parent":0,"menu_order":0,"comment_status":"closed","ping_status":"closed","template":"elementor_header_footer","meta":{"inline_featured_image":false,"footnotes":""},"categories":[],"tags":[],"class_list":["post-17526","page","type-page","status-publish","has-post-thumbnail","hentry"],"yoast_head":"<!-- This site is optimized with the Yoast SEO plugin v27.3 - https:\/\/yoast.com\/product\/yoast-seo-wordpress\/ -->\n<title>Expandeix la teva empresa industrial: Internacionalitzaci\u00f3 i Plataformes Digitals | amec Positive Industry<\/title>\n<meta name=\"robots\" content=\"index, follow, max-snippet:-1, max-image-preview:large, max-video-preview:-1\" \/>\n<link rel=\"canonical\" href=\"https:\/\/amec.es\/expande-tu-empresa-industrial-internacionalizacion-y-plataformas-digitales\/\" \/>\n<meta property=\"og:locale\" content=\"ca_ES\" \/>\n<meta property=\"og:type\" content=\"article\" \/>\n<meta property=\"og:title\" content=\"Expandeix la teva empresa industrial: Internacionalitzaci\u00f3 i Plataformes Digitals | amec Positive Industry\" \/>\n<meta property=\"og:description\" content=\"Consulta altres activitats Masterclass: Expandeix la teva empresa industrial: Internacionalitzaci\u00f3 i Plataformes Digitals 26 de setembre de 10:00 a 13:00 Sessi\u00f3 presencial i online 55\u20ac+IVA empreses membres d&#8217;amec Per qu\u00e8 no te la pots perdre? En aquesta masterclass ens centrarem en la import\u00e0ncia de la digitalitzaci\u00f3 per a lexpansi\u00f3 internacional de les empreses industrials. S&#8217;analitzaran [&hellip;]\" \/>\n<meta property=\"og:url\" content=\"https:\/\/amec.es\/expande-tu-empresa-industrial-internacionalizacion-y-plataformas-digitales\/\" \/>\n<meta property=\"og:site_name\" content=\"amec Positive Industry\" \/>\n<meta property=\"article:modified_time\" content=\"2024-05-03T08:45:06+00:00\" \/>\n<meta property=\"og:image\" content=\"https:\/\/amec.es\/wp-content\/uploads\/2023\/10\/cabeceritas-observatorio.jpg\" \/>\n\t<meta property=\"og:image:width\" content=\"1920\" \/>\n\t<meta property=\"og:image:height\" content=\"284\" \/>\n\t<meta property=\"og:image:type\" content=\"image\/jpeg\" \/>\n<meta name=\"twitter:card\" content=\"summary_large_image\" \/>\n<meta name=\"twitter:label1\" content=\"Temps estimat de lectura\" \/>\n\t<meta name=\"twitter:data1\" content=\"3 minuts\" \/>\n<script type=\"application\/ld+json\" class=\"yoast-schema-graph\">{\"@context\":\"https:\\\/\\\/schema.org\",\"@graph\":[{\"@type\":\"WebPage\",\"@id\":\"https:\\\/\\\/amec.es\\\/expande-tu-empresa-industrial-internacionalizacion-y-plataformas-digitales\\\/\",\"url\":\"https:\\\/\\\/amec.es\\\/expande-tu-empresa-industrial-internacionalizacion-y-plataformas-digitales\\\/\",\"name\":\"Expandeix la teva empresa industrial: Internacionalitzaci\u00f3 i Plataformes Digitals | amec Positive Industry\",\"isPartOf\":{\"@id\":\"https:\\\/\\\/amec.es\\\/#website\"},\"primaryImageOfPage\":{\"@id\":\"https:\\\/\\\/amec.es\\\/expande-tu-empresa-industrial-internacionalizacion-y-plataformas-digitales\\\/#primaryimage\"},\"image\":{\"@id\":\"https:\\\/\\\/amec.es\\\/expande-tu-empresa-industrial-internacionalizacion-y-plataformas-digitales\\\/#primaryimage\"},\"thumbnailUrl\":\"https:\\\/\\\/amec.es\\\/wp-content\\\/uploads\\\/2023\\\/10\\\/cabeceritas-observatorio.jpg\",\"datePublished\":\"2024-05-02T14:52:10+00:00\",\"dateModified\":\"2024-05-03T08:45:06+00:00\",\"breadcrumb\":{\"@id\":\"https:\\\/\\\/amec.es\\\/expande-tu-empresa-industrial-internacionalizacion-y-plataformas-digitales\\\/#breadcrumb\"},\"inLanguage\":\"ca\",\"potentialAction\":[{\"@type\":\"ReadAction\",\"target\":[\"https:\\\/\\\/amec.es\\\/expande-tu-empresa-industrial-internacionalizacion-y-plataformas-digitales\\\/\"]}]},{\"@type\":\"ImageObject\",\"inLanguage\":\"ca\",\"@id\":\"https:\\\/\\\/amec.es\\\/expande-tu-empresa-industrial-internacionalizacion-y-plataformas-digitales\\\/#primaryimage\",\"url\":\"https:\\\/\\\/amec.es\\\/wp-content\\\/uploads\\\/2023\\\/10\\\/cabeceritas-observatorio.jpg\",\"contentUrl\":\"https:\\\/\\\/amec.es\\\/wp-content\\\/uploads\\\/2023\\\/10\\\/cabeceritas-observatorio.jpg\",\"width\":1920,\"height\":284},{\"@type\":\"BreadcrumbList\",\"@id\":\"https:\\\/\\\/amec.es\\\/expande-tu-empresa-industrial-internacionalizacion-y-plataformas-digitales\\\/#breadcrumb\",\"itemListElement\":[{\"@type\":\"ListItem\",\"position\":1,\"name\":\"Portada\",\"item\":\"https:\\\/\\\/amec.es\\\/ca\\\/home-new\\\/\"},{\"@type\":\"ListItem\",\"position\":2,\"name\":\"Expandeix la teva empresa industrial: Internacionalitzaci\u00f3 i Plataformes Digitals\"}]},{\"@type\":\"WebSite\",\"@id\":\"https:\\\/\\\/amec.es\\\/#website\",\"url\":\"https:\\\/\\\/amec.es\\\/\",\"name\":\"amec Positive Industry\",\"description\":\"\",\"publisher\":{\"@id\":\"https:\\\/\\\/amec.es\\\/#organization\"},\"potentialAction\":[{\"@type\":\"SearchAction\",\"target\":{\"@type\":\"EntryPoint\",\"urlTemplate\":\"https:\\\/\\\/amec.es\\\/?s={search_term_string}\"},\"query-input\":{\"@type\":\"PropertyValueSpecification\",\"valueRequired\":true,\"valueName\":\"search_term_string\"}}],\"inLanguage\":\"ca\"},{\"@type\":\"Organization\",\"@id\":\"https:\\\/\\\/amec.es\\\/#organization\",\"name\":\"amec Positive Industry\",\"url\":\"https:\\\/\\\/amec.es\\\/\",\"logo\":{\"@type\":\"ImageObject\",\"inLanguage\":\"ca\",\"@id\":\"https:\\\/\\\/amec.es\\\/#\\\/schema\\\/logo\\\/image\\\/\",\"url\":\"https:\\\/\\\/amec.es\\\/wp-content\\\/uploads\\\/2023\\\/07\\\/logoamec.png\",\"contentUrl\":\"https:\\\/\\\/amec.es\\\/wp-content\\\/uploads\\\/2023\\\/07\\\/logoamec.png\",\"width\":200,\"height\":48,\"caption\":\"amec Positive Industry\"},\"image\":{\"@id\":\"https:\\\/\\\/amec.es\\\/#\\\/schema\\\/logo\\\/image\\\/\"}}]}<\/script>\n<!-- \/ Yoast SEO plugin. -->","yoast_head_json":{"title":"Expandeix la teva empresa industrial: Internacionalitzaci\u00f3 i Plataformes Digitals | amec Positive Industry","robots":{"index":"index","follow":"follow","max-snippet":"max-snippet:-1","max-image-preview":"max-image-preview:large","max-video-preview":"max-video-preview:-1"},"canonical":"https:\/\/amec.es\/expande-tu-empresa-industrial-internacionalizacion-y-plataformas-digitales\/","og_locale":"ca_ES","og_type":"article","og_title":"Expandeix la teva empresa industrial: Internacionalitzaci\u00f3 i Plataformes Digitals | amec Positive Industry","og_description":"Consulta altres activitats Masterclass: Expandeix la teva empresa industrial: Internacionalitzaci\u00f3 i Plataformes Digitals 26 de setembre de 10:00 a 13:00 Sessi\u00f3 presencial i online 55\u20ac+IVA empreses membres d&#8217;amec Per qu\u00e8 no te la pots perdre? En aquesta masterclass ens centrarem en la import\u00e0ncia de la digitalitzaci\u00f3 per a lexpansi\u00f3 internacional de les empreses industrials. S&#8217;analitzaran [&hellip;]","og_url":"https:\/\/amec.es\/expande-tu-empresa-industrial-internacionalizacion-y-plataformas-digitales\/","og_site_name":"amec Positive Industry","article_modified_time":"2024-05-03T08:45:06+00:00","og_image":[{"width":1920,"height":284,"url":"https:\/\/amec.es\/wp-content\/uploads\/2023\/10\/cabeceritas-observatorio.jpg","type":"image\/jpeg"}],"twitter_card":"summary_large_image","twitter_misc":{"Temps estimat de lectura":"3 minuts"},"schema":{"@context":"https:\/\/schema.org","@graph":[{"@type":"WebPage","@id":"https:\/\/amec.es\/expande-tu-empresa-industrial-internacionalizacion-y-plataformas-digitales\/","url":"https:\/\/amec.es\/expande-tu-empresa-industrial-internacionalizacion-y-plataformas-digitales\/","name":"Expandeix la teva empresa industrial: Internacionalitzaci\u00f3 i Plataformes Digitals | amec Positive Industry","isPartOf":{"@id":"https:\/\/amec.es\/#website"},"primaryImageOfPage":{"@id":"https:\/\/amec.es\/expande-tu-empresa-industrial-internacionalizacion-y-plataformas-digitales\/#primaryimage"},"image":{"@id":"https:\/\/amec.es\/expande-tu-empresa-industrial-internacionalizacion-y-plataformas-digitales\/#primaryimage"},"thumbnailUrl":"https:\/\/amec.es\/wp-content\/uploads\/2023\/10\/cabeceritas-observatorio.jpg","datePublished":"2024-05-02T14:52:10+00:00","dateModified":"2024-05-03T08:45:06+00:00","breadcrumb":{"@id":"https:\/\/amec.es\/expande-tu-empresa-industrial-internacionalizacion-y-plataformas-digitales\/#breadcrumb"},"inLanguage":"ca","potentialAction":[{"@type":"ReadAction","target":["https:\/\/amec.es\/expande-tu-empresa-industrial-internacionalizacion-y-plataformas-digitales\/"]}]},{"@type":"ImageObject","inLanguage":"ca","@id":"https:\/\/amec.es\/expande-tu-empresa-industrial-internacionalizacion-y-plataformas-digitales\/#primaryimage","url":"https:\/\/amec.es\/wp-content\/uploads\/2023\/10\/cabeceritas-observatorio.jpg","contentUrl":"https:\/\/amec.es\/wp-content\/uploads\/2023\/10\/cabeceritas-observatorio.jpg","width":1920,"height":284},{"@type":"BreadcrumbList","@id":"https:\/\/amec.es\/expande-tu-empresa-industrial-internacionalizacion-y-plataformas-digitales\/#breadcrumb","itemListElement":[{"@type":"ListItem","position":1,"name":"Portada","item":"https:\/\/amec.es\/ca\/home-new\/"},{"@type":"ListItem","position":2,"name":"Expandeix la teva empresa industrial: Internacionalitzaci\u00f3 i Plataformes Digitals"}]},{"@type":"WebSite","@id":"https:\/\/amec.es\/#website","url":"https:\/\/amec.es\/","name":"amec Positive Industry","description":"","publisher":{"@id":"https:\/\/amec.es\/#organization"},"potentialAction":[{"@type":"SearchAction","target":{"@type":"EntryPoint","urlTemplate":"https:\/\/amec.es\/?s={search_term_string}"},"query-input":{"@type":"PropertyValueSpecification","valueRequired":true,"valueName":"search_term_string"}}],"inLanguage":"ca"},{"@type":"Organization","@id":"https:\/\/amec.es\/#organization","name":"amec Positive Industry","url":"https:\/\/amec.es\/","logo":{"@type":"ImageObject","inLanguage":"ca","@id":"https:\/\/amec.es\/#\/schema\/logo\/image\/","url":"https:\/\/amec.es\/wp-content\/uploads\/2023\/07\/logoamec.png","contentUrl":"https:\/\/amec.es\/wp-content\/uploads\/2023\/07\/logoamec.png","width":200,"height":48,"caption":"amec Positive Industry"},"image":{"@id":"https:\/\/amec.es\/#\/schema\/logo\/image\/"}}]}},"_links":{"self":[{"href":"https:\/\/amec.es\/ca\/wp-json\/wp\/v2\/pages\/17526","targetHints":{"allow":["GET"]}}],"collection":[{"href":"https:\/\/amec.es\/ca\/wp-json\/wp\/v2\/pages"}],"about":[{"href":"https:\/\/amec.es\/ca\/wp-json\/wp\/v2\/types\/page"}],"author":[{"embeddable":true,"href":"https:\/\/amec.es\/ca\/wp-json\/wp\/v2\/users\/4"}],"replies":[{"embeddable":true,"href":"https:\/\/amec.es\/ca\/wp-json\/wp\/v2\/comments?post=17526"}],"version-history":[{"count":4,"href":"https:\/\/amec.es\/ca\/wp-json\/wp\/v2\/pages\/17526\/revisions"}],"predecessor-version":[{"id":17557,"href":"https:\/\/amec.es\/ca\/wp-json\/wp\/v2\/pages\/17526\/revisions\/17557"}],"wp:featuredmedia":[{"embeddable":true,"href":"https:\/\/amec.es\/ca\/wp-json\/wp\/v2\/media\/7727"}],"wp:attachment":[{"href":"https:\/\/amec.es\/ca\/wp-json\/wp\/v2\/media?parent=17526"}],"wp:term":[{"taxonomy":"category","embeddable":true,"href":"https:\/\/amec.es\/ca\/wp-json\/wp\/v2\/categories?post=17526"},{"taxonomy":"post_tag","embeddable":true,"href":"https:\/\/amec.es\/ca\/wp-json\/wp\/v2\/tags?post=17526"}],"curies":[{"name":"wp","href":"https:\/\/api.w.org\/{rel}","templated":true}]}}