{"id":19781,"date":"2024-06-19T10:24:25","date_gmt":"2024-06-19T08:24:25","guid":{"rendered":"https:\/\/www.amec.es\/reuneix-te-amb-la-nostra-representant-als-estats-units\/"},"modified":"2024-06-19T12:07:40","modified_gmt":"2024-06-19T10:07:40","slug":"reuneix-te-amb-la-nostra-representant-als-estats-units","status":"publish","type":"page","link":"https:\/\/amec.es\/ca\/reuneix-te-amb-la-nostra-representant-als-estats-units\/","title":{"rendered":"Reuneix-te amb la nostra representant als Estats Units"},"content":{"rendered":"\t\t<div data-elementor-type=\"wp-page\" data-elementor-id=\"19781\" class=\"elementor elementor-19781\" data-elementor-post-type=\"page\">\n\t\t\t\t\t\t<section class=\"elementor-section elementor-top-section elementor-element elementor-element-63d23ad4 elementor-section-boxed elementor-section-height-default elementor-section-height-default\" data-id=\"63d23ad4\" data-element_type=\"section\" data-e-type=\"section\" data-settings=\"{&quot;background_background&quot;:&quot;classic&quot;}\">\n\t\t\t\t\t\t<div class=\"elementor-container elementor-column-gap-default\">\n\t\t\t\t\t<div class=\"elementor-column elementor-col-100 elementor-top-column elementor-element elementor-element-65a157da\" data-id=\"65a157da\" data-element_type=\"column\" data-e-type=\"column\">\n\t\t\t<div class=\"elementor-widget-wrap elementor-element-populated\">\n\t\t\t\t\t\t<div class=\"elementor-element elementor-element-d62de9d elementor-widget elementor-widget-heading\" data-id=\"d62de9d\" data-element_type=\"widget\" data-e-type=\"widget\" data-widget_type=\"heading.default\">\n\t\t\t\t<div class=\"elementor-widget-container\">\n\t\t\t\t\t<h2 class=\"elementor-heading-title elementor-size-default\">Reuneix-te amb la nostra representant a  <\/h2>\t\t\t\t<\/div>\n\t\t\t\t<\/div>\n\t\t\t\t<div class=\"elementor-element elementor-element-3c317da6 elementor-widget__width-initial elementor-widget-divider--view-line elementor-widget elementor-widget-global elementor-global-48210 elementor-global-159 elementor-widget-divider\" data-id=\"3c317da6\" data-element_type=\"widget\" data-e-type=\"widget\" data-widget_type=\"divider.default\">\n\t\t\t\t<div class=\"elementor-widget-container\">\n\t\t\t\t\t\t\t<div class=\"elementor-divider\">\n\t\t\t<span class=\"elementor-divider-separator\">\n\t\t\t\t\t\t<\/span>\n\t\t<\/div>\n\t\t\t\t\t\t<\/div>\n\t\t\t\t<\/div>\n\t\t\t\t\t<\/div>\n\t\t<\/div>\n\t\t\t\t\t<\/div>\n\t\t<\/section>\n\t\t\t\t<section class=\"elementor-section elementor-top-section elementor-element elementor-element-68b68950 elementor-section-boxed elementor-section-height-default elementor-section-height-default\" data-id=\"68b68950\" data-element_type=\"section\" data-e-type=\"section\" data-settings=\"{&quot;background_background&quot;:&quot;classic&quot;}\">\n\t\t\t\t\t\t<div class=\"elementor-container elementor-column-gap-default\">\n\t\t\t\t\t<div class=\"elementor-column elementor-col-33 elementor-top-column elementor-element elementor-element-39084673\" data-id=\"39084673\" data-element_type=\"column\" data-e-type=\"column\">\n\t\t\t<div class=\"elementor-widget-wrap elementor-element-populated\">\n\t\t\t\t\t\t<div class=\"elementor-element elementor-element-2f5f65da elementor-widget elementor-widget-heading\" data-id=\"2f5f65da\" data-element_type=\"widget\" data-e-type=\"widget\" data-widget_type=\"heading.default\">\n\t\t\t\t<div class=\"elementor-widget-container\">\n\t\t\t\t\t<h2 class=\"elementor-heading-title elementor-size-default\">Reuneix-te amb el nostre delegat a Austr\u00e0lia i Nova Zelanda<\/h2>\t\t\t\t<\/div>\n\t\t\t\t<\/div>\n\t\t\t\t\t<\/div>\n\t\t<\/div>\n\t\t\t\t<div class=\"elementor-column elementor-col-66 elementor-top-column elementor-element elementor-element-1339faf6\" data-id=\"1339faf6\" data-element_type=\"column\" data-e-type=\"column\">\n\t\t\t<div class=\"elementor-widget-wrap elementor-element-populated\">\n\t\t\t\t\t\t<div class=\"elementor-element elementor-element-7de79037 elementor-widget__width-initial elementor-widget elementor-widget-text-editor\" data-id=\"7de79037\" data-element_type=\"widget\" data-e-type=\"widget\" data-widget_type=\"text-editor.default\">\n\t\t\t\t<div class=\"elementor-widget-container\">\n\t\t\t\t\t\t\t\t\t<div data-editorblocktype=\"Text\">\n<p><span tabindex=\"0\" aria-label=\"widgetLabel\"><strong>&nbsp;Vols reunir-te amb el nostre delegat a Austr\u00e0lia i Nova Zelanda?<\/strong><\/span><\/p>\n<\/div>\n<div data-editorblocktype=\"Text\">\n<p><strong>&nbsp;Tens projectes o interessos a AUSTR\u00c0LIA I NOVA ZELANDA?&nbsp;&nbsp;<\/strong><\/p>\n<p><strong>Durant la setmana del 10 de juny<\/strong>&nbsp; organitzem reunions <strong>presencials o en format online<\/strong> amb el nostre representant a <strong>Austr\u00e0lia i Nova Zelanda,<\/strong> per la qual cosa et convidem a que si tens inter\u00e8s en aquest mercat o tens algun projecte, sol\u00b7licitis una reuni\u00f3.<\/p>\n<p>Si no et pots reunir en aquestes dates, podem organitzar una reuni\u00f3 en format en l\u00ednia en altres dates en qu\u00e8 tinguis disponibilitat.&nbsp;<\/p>\n<p>Les reunions tindran una durada de 30 minuts.<\/p>\n<\/div>\n<h3 style=\"margin-bottom: 0cm; text-align: justify; line-height: normal;\"><strong>M\u00e9s informaci\u00f3:<\/strong><\/h3>\n<p><\/p>\n<p style=\"margin-bottom: 0cm; text-align: justify; line-height: normal;\">Contacte: Raquel Pous &#8211; <a href=\"mailto:rpous@amec.es\">rpous@amec.e<\/a><\/p>\n<p style=\"margin-bottom: 0cm; text-align: justify; line-height: normal;\">\n<\/p>\t\t\t\t\t\t\t\t<\/div>\n\t\t\t\t<\/div>\n\t\t\t\t\t<\/div>\n\t\t<\/div>\n\t\t\t\t\t<\/div>\n\t\t<\/section>\n\t\t\t\t<section class=\"elementor-section elementor-top-section elementor-element elementor-element-0c511e6 elementor-section-boxed elementor-section-height-default elementor-section-height-default\" data-id=\"0c511e6\" data-element_type=\"section\" data-e-type=\"section\" data-settings=\"{&quot;background_background&quot;:&quot;classic&quot;}\">\n\t\t\t\t\t\t<div class=\"elementor-container elementor-column-gap-default\">\n\t\t\t\t\t<div class=\"elementor-column elementor-col-100 elementor-top-column elementor-element elementor-element-0d41a7f\" data-id=\"0d41a7f\" data-element_type=\"column\" data-e-type=\"column\">\n\t\t\t<div class=\"elementor-widget-wrap elementor-element-populated\">\n\t\t\t\t\t\t<div class=\"elementor-element elementor-element-1474642 elementor-widget elementor-widget-heading\" data-id=\"1474642\" data-element_type=\"widget\" data-e-type=\"widget\" data-widget_type=\"heading.default\">\n\t\t\t\t<div class=\"elementor-widget-container\">\n\t\t\t\t\t<h2 class=\"elementor-heading-title elementor-size-default\">Inscriu-te a la sessi\u00f3: Reuneix-te amb el nostre delegat a Austr\u00e0lia i Nova Zelanda<\/h2>\t\t\t\t<\/div>\n\t\t\t\t<\/div>\n\t\t\t\t<div class=\"elementor-element elementor-element-eb9ce3e elementor-widget__width-initial elementor-widget-divider--view-line elementor-widget elementor-widget-global elementor-global-48210 elementor-global-159 elementor-widget-divider\" data-id=\"eb9ce3e\" data-element_type=\"widget\" data-e-type=\"widget\" data-widget_type=\"divider.default\">\n\t\t\t\t<div class=\"elementor-widget-container\">\n\t\t\t\t\t\t\t<div class=\"elementor-divider\">\n\t\t\t<span class=\"elementor-divider-separator\">\n\t\t\t\t\t\t<\/span>\n\t\t<\/div>\n\t\t\t\t\t\t<\/div>\n\t\t\t\t<\/div>\n\t\t\t\t<div class=\"elementor-element elementor-element-becb8e2 elementor-button-align-stretch elementor-widget elementor-widget-form\" data-id=\"becb8e2\" data-element_type=\"widget\" data-e-type=\"widget\" data-settings=\"{&quot;step_next_label&quot;:&quot;Seg\\u00fcent&quot;,&quot;step_previous_label&quot;:&quot;Anterior&quot;,&quot;button_width&quot;:&quot;100&quot;,&quot;step_type&quot;:&quot;number_text&quot;,&quot;step_icon_shape&quot;:&quot;circle&quot;}\" data-widget_type=\"form.default\">\n\t\t\t\t<div class=\"elementor-widget-container\">\n\t\t\t\t\t\t\t<form class=\"elementor-form\" method=\"post\" name=\"Reuneix-te amb el nostre delegat per a Africa Occidental\" aria-label=\"Reuneix-te amb el nostre delegat per a Africa Occidental\">\n\t\t\t<input type=\"hidden\" name=\"post_id\" value=\"19781\"\/>\n\t\t\t<input type=\"hidden\" name=\"form_id\" value=\"becb8e2\"\/>\n\t\t\t<input type=\"hidden\" name=\"referer_title\" value=\"amec Positive Industry\" \/>\n\n\t\t\t\n\t\t\t<div class=\"elementor-form-fields-wrapper elementor-labels-\">\n\t\t\t\t\t\t\t\t<div class=\"elementor-field-type-text elementor-field-group elementor-column elementor-field-group-name elementor-col-100 elementor-field-required\">\n\t\t\t\t\t\t\t\t\t\t\t\t<label for=\"form-field-name\" class=\"elementor-field-label elementor-screen-only\">\n\t\t\t\t\t\t\t\tNom\t\t\t\t\t\t\t<\/label>\n\t\t\t\t\t\t\t\t\t\t\t\t\t\t<input size=\"1\" type=\"text\" name=\"form_fields[name]\" id=\"form-field-name\" class=\"elementor-field elementor-size-sm  elementor-field-textual\" placeholder=\"Nom *\" required=\"required\">\n\t\t\t\t\t\t\t\t\t\t\t<\/div>\n\t\t\t\t\t\t\t\t<div class=\"elementor-field-type-text elementor-field-group elementor-column elementor-field-group-email elementor-col-100 elementor-field-required\">\n\t\t\t\t\t\t\t\t\t\t\t\t<label for=\"form-field-email\" class=\"elementor-field-label elementor-screen-only\">\n\t\t\t\t\t\t\t\tCognoms\t\t\t\t\t\t\t<\/label>\n\t\t\t\t\t\t\t\t\t\t\t\t\t\t<input size=\"1\" type=\"text\" name=\"form_fields[email]\" id=\"form-field-email\" class=\"elementor-field elementor-size-sm  elementor-field-textual\" placeholder=\"Cognoms *\" required=\"required\">\n\t\t\t\t\t\t\t\t\t\t\t<\/div>\n\t\t\t\t\t\t\t\t<div class=\"elementor-field-type-email elementor-field-group elementor-column elementor-field-group-field_141f54c elementor-col-100 elementor-field-required\">\n\t\t\t\t\t\t\t\t\t\t\t\t<label for=\"form-field-field_141f54c\" class=\"elementor-field-label elementor-screen-only\">\n\t\t\t\t\t\t\t\tCorreu\t\t\t\t\t\t\t<\/label>\n\t\t\t\t\t\t\t\t\t\t\t\t\t\t<input size=\"1\" type=\"email\" name=\"form_fields[field_141f54c]\" id=\"form-field-field_141f54c\" class=\"elementor-field elementor-size-sm  elementor-field-textual\" placeholder=\"Email *\" required=\"required\">\n\t\t\t\t\t\t\t\t\t\t\t<\/div>\n\t\t\t\t\t\t\t\t<div class=\"elementor-field-type-text elementor-field-group elementor-column elementor-field-group-field_4860e4d elementor-col-100 elementor-field-required\">\n\t\t\t\t\t\t\t\t\t\t\t\t<label for=\"form-field-field_4860e4d\" class=\"elementor-field-label elementor-screen-only\">\n\t\t\t\t\t\t\t\tEmpresa\t\t\t\t\t\t\t<\/label>\n\t\t\t\t\t\t\t\t\t\t\t\t\t\t<input size=\"1\" type=\"text\" name=\"form_fields[field_4860e4d]\" id=\"form-field-field_4860e4d\" class=\"elementor-field elementor-size-sm  elementor-field-textual\" placeholder=\"Empresa\/Entitat *\" required=\"required\">\n\t\t\t\t\t\t\t\t\t\t\t<\/div>\n\t\t\t\t\t\t\t\t<div class=\"elementor-field-type-text elementor-field-group elementor-column elementor-field-group-field_52133a4 elementor-col-100 elementor-field-required\">\n\t\t\t\t\t\t\t\t\t\t\t\t<label for=\"form-field-field_52133a4\" class=\"elementor-field-label elementor-screen-only\">\n\t\t\t\t\t\t\t\tC\u00e0rrec\t\t\t\t\t\t\t<\/label>\n\t\t\t\t\t\t\t\t\t\t\t\t\t\t<input size=\"1\" type=\"text\" name=\"form_fields[field_52133a4]\" id=\"form-field-field_52133a4\" class=\"elementor-field elementor-size-sm  elementor-field-textual\" placeholder=\"C\u00e0rrec *\" required=\"required\">\n\t\t\t\t\t\t\t\t\t\t\t<\/div>\n\t\t\t\t\t\t\t\t<div class=\"elementor-field-type-tel elementor-field-group elementor-column elementor-field-group-message elementor-col-100\">\n\t\t\t\t\t\t\t\t\t\t\t\t<label for=\"form-field-message\" class=\"elementor-field-label elementor-screen-only\">\n\t\t\t\t\t\t\t\tTel\u00e8fon\t\t\t\t\t\t\t<\/label>\n\t\t\t\t\t\t\t\t<input size=\"1\" type=\"tel\" name=\"form_fields[message]\" id=\"form-field-message\" class=\"elementor-field elementor-size-sm  elementor-field-textual\" placeholder=\"Tel\u00e8fon (opcional)\" pattern=\"[0-9()#&amp;+*-=.]+\" title=\"Only numbers and phone characters (#, -, *, etc) are accepted.\">\n\n\t\t\t\t\t\t<\/div>\n\t\t\t\t\t\t\t\t<div class=\"elementor-field-group elementor-column elementor-field-type-submit elementor-col-100 e-form__buttons\">\n\t\t\t\t\t<button class=\"elementor-button elementor-size-sm\" type=\"submit\">\n\t\t\t\t\t\t<span class=\"elementor-button-content-wrapper\">\n\t\t\t\t\t\t\t\t\t\t\t\t\t\t\t\t\t\t\t\t\t\t<span class=\"elementor-button-text\">Enviar<\/span>\n\t\t\t\t\t\t\t\t\t\t\t\t\t<\/span>\n\t\t\t\t\t<\/button>\n\t\t\t\t<\/div>\n\t\t\t<\/div>\n\t\t<\/form>\n\t\t\t\t\t\t<\/div>\n\t\t\t\t<\/div>\n\t\t\t\t\t<\/div>\n\t\t<\/div>\n\t\t\t\t\t<\/div>\n\t\t<\/section>\n\t\t\t\t<\/div>\n\t\t","protected":false},"excerpt":{"rendered":"<p>Reuneix-te amb la nostra representant a Reuneix-te amb el nostre delegat a Austr\u00e0lia i Nova Zelanda &nbsp;Vols reunir-te amb el nostre delegat a Austr\u00e0lia i Nova Zelanda? &nbsp;Tens projectes o interessos a AUSTR\u00c0LIA I NOVA ZELANDA?&nbsp;&nbsp; Durant la setmana del 10 de juny&nbsp; organitzem reunions presencials o en format online amb el nostre representant a [&hellip;]<\/p>\n","protected":false},"author":5,"featured_media":6934,"parent":0,"menu_order":0,"comment_status":"closed","ping_status":"closed","template":"","meta":{"inline_featured_image":false,"footnotes":""},"categories":[],"tags":[],"class_list":["post-19781","page","type-page","status-publish","has-post-thumbnail","hentry"],"yoast_head":"<!-- This site is optimized with the Yoast SEO plugin v27.3 - https:\/\/yoast.com\/product\/yoast-seo-wordpress\/ -->\n<title>Reuneix-te amb la nostra representant als Estats Units | amec Positive Industry<\/title>\n<meta name=\"robots\" content=\"index, follow, max-snippet:-1, max-image-preview:large, max-video-preview:-1\" \/>\n<link rel=\"canonical\" href=\"https:\/\/amec.es\/ca\/reuneix-te-amb-la-nostra-representant-als-estats-units\/\" \/>\n<meta property=\"og:locale\" content=\"ca_ES\" \/>\n<meta property=\"og:type\" content=\"article\" \/>\n<meta property=\"og:title\" content=\"Reuneix-te amb la nostra representant als Estats Units | amec Positive Industry\" \/>\n<meta property=\"og:description\" content=\"Reuneix-te amb la nostra representant a Reuneix-te amb el nostre delegat a Austr\u00e0lia i Nova Zelanda &nbsp;Vols reunir-te amb el nostre delegat a Austr\u00e0lia i Nova Zelanda? &nbsp;Tens projectes o interessos a AUSTR\u00c0LIA I NOVA ZELANDA?&nbsp;&nbsp; Durant la setmana del 10 de juny&nbsp; organitzem reunions presencials o en format online amb el nostre representant a [&hellip;]\" \/>\n<meta property=\"og:url\" content=\"https:\/\/amec.es\/ca\/reuneix-te-amb-la-nostra-representant-als-estats-units\/\" \/>\n<meta property=\"og:site_name\" content=\"amec Positive Industry\" \/>\n<meta property=\"article:modified_time\" content=\"2024-06-19T10:07:40+00:00\" \/>\n<meta property=\"og:image\" content=\"https:\/\/amec.es\/wp-content\/uploads\/2023\/10\/asistenciatecnica.jpg\" \/>\n\t<meta property=\"og:image:width\" content=\"1920\" \/>\n\t<meta property=\"og:image:height\" content=\"284\" \/>\n\t<meta property=\"og:image:type\" content=\"image\/jpeg\" \/>\n<meta name=\"twitter:card\" content=\"summary_large_image\" \/>\n<meta name=\"twitter:label1\" content=\"Temps estimat de lectura\" \/>\n\t<meta name=\"twitter:data1\" content=\"1 minut\" \/>\n<script type=\"application\/ld+json\" class=\"yoast-schema-graph\">{\"@context\":\"https:\\\/\\\/schema.org\",\"@graph\":[{\"@type\":\"WebPage\",\"@id\":\"https:\\\/\\\/amec.es\\\/ca\\\/reuneix-te-amb-la-nostra-representant-als-estats-units\\\/\",\"url\":\"https:\\\/\\\/amec.es\\\/ca\\\/reuneix-te-amb-la-nostra-representant-als-estats-units\\\/\",\"name\":\"Reuneix-te amb la nostra representant als Estats Units | amec Positive Industry\",\"isPartOf\":{\"@id\":\"https:\\\/\\\/amec.es\\\/#website\"},\"primaryImageOfPage\":{\"@id\":\"https:\\\/\\\/amec.es\\\/ca\\\/reuneix-te-amb-la-nostra-representant-als-estats-units\\\/#primaryimage\"},\"image\":{\"@id\":\"https:\\\/\\\/amec.es\\\/ca\\\/reuneix-te-amb-la-nostra-representant-als-estats-units\\\/#primaryimage\"},\"thumbnailUrl\":\"https:\\\/\\\/amec.es\\\/wp-content\\\/uploads\\\/2023\\\/10\\\/asistenciatecnica.jpg\",\"datePublished\":\"2024-06-19T08:24:25+00:00\",\"dateModified\":\"2024-06-19T10:07:40+00:00\",\"breadcrumb\":{\"@id\":\"https:\\\/\\\/amec.es\\\/ca\\\/reuneix-te-amb-la-nostra-representant-als-estats-units\\\/#breadcrumb\"},\"inLanguage\":\"ca\",\"potentialAction\":[{\"@type\":\"ReadAction\",\"target\":[\"https:\\\/\\\/amec.es\\\/ca\\\/reuneix-te-amb-la-nostra-representant-als-estats-units\\\/\"]}]},{\"@type\":\"ImageObject\",\"inLanguage\":\"ca\",\"@id\":\"https:\\\/\\\/amec.es\\\/ca\\\/reuneix-te-amb-la-nostra-representant-als-estats-units\\\/#primaryimage\",\"url\":\"https:\\\/\\\/amec.es\\\/wp-content\\\/uploads\\\/2023\\\/10\\\/asistenciatecnica.jpg\",\"contentUrl\":\"https:\\\/\\\/amec.es\\\/wp-content\\\/uploads\\\/2023\\\/10\\\/asistenciatecnica.jpg\",\"width\":1920,\"height\":284},{\"@type\":\"BreadcrumbList\",\"@id\":\"https:\\\/\\\/amec.es\\\/ca\\\/reuneix-te-amb-la-nostra-representant-als-estats-units\\\/#breadcrumb\",\"itemListElement\":[{\"@type\":\"ListItem\",\"position\":1,\"name\":\"Portada\",\"item\":\"https:\\\/\\\/amec.es\\\/ca\\\/home-new\\\/\"},{\"@type\":\"ListItem\",\"position\":2,\"name\":\"Reuneix-te amb la nostra representant als Estats Units\"}]},{\"@type\":\"WebSite\",\"@id\":\"https:\\\/\\\/amec.es\\\/#website\",\"url\":\"https:\\\/\\\/amec.es\\\/\",\"name\":\"amec Positive Industry\",\"description\":\"\",\"publisher\":{\"@id\":\"https:\\\/\\\/amec.es\\\/#organization\"},\"potentialAction\":[{\"@type\":\"SearchAction\",\"target\":{\"@type\":\"EntryPoint\",\"urlTemplate\":\"https:\\\/\\\/amec.es\\\/?s={search_term_string}\"},\"query-input\":{\"@type\":\"PropertyValueSpecification\",\"valueRequired\":true,\"valueName\":\"search_term_string\"}}],\"inLanguage\":\"ca\"},{\"@type\":\"Organization\",\"@id\":\"https:\\\/\\\/amec.es\\\/#organization\",\"name\":\"amec Positive Industry\",\"url\":\"https:\\\/\\\/amec.es\\\/\",\"logo\":{\"@type\":\"ImageObject\",\"inLanguage\":\"ca\",\"@id\":\"https:\\\/\\\/amec.es\\\/#\\\/schema\\\/logo\\\/image\\\/\",\"url\":\"https:\\\/\\\/amec.es\\\/wp-content\\\/uploads\\\/2023\\\/07\\\/logoamec.png\",\"contentUrl\":\"https:\\\/\\\/amec.es\\\/wp-content\\\/uploads\\\/2023\\\/07\\\/logoamec.png\",\"width\":200,\"height\":48,\"caption\":\"amec Positive Industry\"},\"image\":{\"@id\":\"https:\\\/\\\/amec.es\\\/#\\\/schema\\\/logo\\\/image\\\/\"}}]}<\/script>\n<!-- \/ Yoast SEO plugin. -->","yoast_head_json":{"title":"Reuneix-te amb la nostra representant als Estats Units | amec Positive Industry","robots":{"index":"index","follow":"follow","max-snippet":"max-snippet:-1","max-image-preview":"max-image-preview:large","max-video-preview":"max-video-preview:-1"},"canonical":"https:\/\/amec.es\/ca\/reuneix-te-amb-la-nostra-representant-als-estats-units\/","og_locale":"ca_ES","og_type":"article","og_title":"Reuneix-te amb la nostra representant als Estats Units | amec Positive Industry","og_description":"Reuneix-te amb la nostra representant a Reuneix-te amb el nostre delegat a Austr\u00e0lia i Nova Zelanda &nbsp;Vols reunir-te amb el nostre delegat a Austr\u00e0lia i Nova Zelanda? &nbsp;Tens projectes o interessos a AUSTR\u00c0LIA I NOVA ZELANDA?&nbsp;&nbsp; Durant la setmana del 10 de juny&nbsp; organitzem reunions presencials o en format online amb el nostre representant a [&hellip;]","og_url":"https:\/\/amec.es\/ca\/reuneix-te-amb-la-nostra-representant-als-estats-units\/","og_site_name":"amec Positive Industry","article_modified_time":"2024-06-19T10:07:40+00:00","og_image":[{"width":1920,"height":284,"url":"https:\/\/amec.es\/wp-content\/uploads\/2023\/10\/asistenciatecnica.jpg","type":"image\/jpeg"}],"twitter_card":"summary_large_image","twitter_misc":{"Temps estimat de lectura":"1 minut"},"schema":{"@context":"https:\/\/schema.org","@graph":[{"@type":"WebPage","@id":"https:\/\/amec.es\/ca\/reuneix-te-amb-la-nostra-representant-als-estats-units\/","url":"https:\/\/amec.es\/ca\/reuneix-te-amb-la-nostra-representant-als-estats-units\/","name":"Reuneix-te amb la nostra representant als Estats Units | amec Positive Industry","isPartOf":{"@id":"https:\/\/amec.es\/#website"},"primaryImageOfPage":{"@id":"https:\/\/amec.es\/ca\/reuneix-te-amb-la-nostra-representant-als-estats-units\/#primaryimage"},"image":{"@id":"https:\/\/amec.es\/ca\/reuneix-te-amb-la-nostra-representant-als-estats-units\/#primaryimage"},"thumbnailUrl":"https:\/\/amec.es\/wp-content\/uploads\/2023\/10\/asistenciatecnica.jpg","datePublished":"2024-06-19T08:24:25+00:00","dateModified":"2024-06-19T10:07:40+00:00","breadcrumb":{"@id":"https:\/\/amec.es\/ca\/reuneix-te-amb-la-nostra-representant-als-estats-units\/#breadcrumb"},"inLanguage":"ca","potentialAction":[{"@type":"ReadAction","target":["https:\/\/amec.es\/ca\/reuneix-te-amb-la-nostra-representant-als-estats-units\/"]}]},{"@type":"ImageObject","inLanguage":"ca","@id":"https:\/\/amec.es\/ca\/reuneix-te-amb-la-nostra-representant-als-estats-units\/#primaryimage","url":"https:\/\/amec.es\/wp-content\/uploads\/2023\/10\/asistenciatecnica.jpg","contentUrl":"https:\/\/amec.es\/wp-content\/uploads\/2023\/10\/asistenciatecnica.jpg","width":1920,"height":284},{"@type":"BreadcrumbList","@id":"https:\/\/amec.es\/ca\/reuneix-te-amb-la-nostra-representant-als-estats-units\/#breadcrumb","itemListElement":[{"@type":"ListItem","position":1,"name":"Portada","item":"https:\/\/amec.es\/ca\/home-new\/"},{"@type":"ListItem","position":2,"name":"Reuneix-te amb la nostra representant als Estats Units"}]},{"@type":"WebSite","@id":"https:\/\/amec.es\/#website","url":"https:\/\/amec.es\/","name":"amec Positive Industry","description":"","publisher":{"@id":"https:\/\/amec.es\/#organization"},"potentialAction":[{"@type":"SearchAction","target":{"@type":"EntryPoint","urlTemplate":"https:\/\/amec.es\/?s={search_term_string}"},"query-input":{"@type":"PropertyValueSpecification","valueRequired":true,"valueName":"search_term_string"}}],"inLanguage":"ca"},{"@type":"Organization","@id":"https:\/\/amec.es\/#organization","name":"amec Positive Industry","url":"https:\/\/amec.es\/","logo":{"@type":"ImageObject","inLanguage":"ca","@id":"https:\/\/amec.es\/#\/schema\/logo\/image\/","url":"https:\/\/amec.es\/wp-content\/uploads\/2023\/07\/logoamec.png","contentUrl":"https:\/\/amec.es\/wp-content\/uploads\/2023\/07\/logoamec.png","width":200,"height":48,"caption":"amec Positive Industry"},"image":{"@id":"https:\/\/amec.es\/#\/schema\/logo\/image\/"}}]}},"_links":{"self":[{"href":"https:\/\/amec.es\/ca\/wp-json\/wp\/v2\/pages\/19781","targetHints":{"allow":["GET"]}}],"collection":[{"href":"https:\/\/amec.es\/ca\/wp-json\/wp\/v2\/pages"}],"about":[{"href":"https:\/\/amec.es\/ca\/wp-json\/wp\/v2\/types\/page"}],"author":[{"embeddable":true,"href":"https:\/\/amec.es\/ca\/wp-json\/wp\/v2\/users\/5"}],"replies":[{"embeddable":true,"href":"https:\/\/amec.es\/ca\/wp-json\/wp\/v2\/comments?post=19781"}],"version-history":[{"count":1,"href":"https:\/\/amec.es\/ca\/wp-json\/wp\/v2\/pages\/19781\/revisions"}],"predecessor-version":[{"id":19782,"href":"https:\/\/amec.es\/ca\/wp-json\/wp\/v2\/pages\/19781\/revisions\/19782"}],"wp:featuredmedia":[{"embeddable":true,"href":"https:\/\/amec.es\/ca\/wp-json\/wp\/v2\/media\/6934"}],"wp:attachment":[{"href":"https:\/\/amec.es\/ca\/wp-json\/wp\/v2\/media?parent=19781"}],"wp:term":[{"taxonomy":"category","embeddable":true,"href":"https:\/\/amec.es\/ca\/wp-json\/wp\/v2\/categories?post=19781"},{"taxonomy":"post_tag","embeddable":true,"href":"https:\/\/amec.es\/ca\/wp-json\/wp\/v2\/tags?post=19781"}],"curies":[{"name":"wp","href":"https:\/\/api.w.org\/{rel}","templated":true}]}}