{"id":21138,"date":"2023-02-06T12:41:29","date_gmt":"2023-02-06T11:41:29","guid":{"rendered":"https:\/\/www.amec.es\/quins-riscos-globals-ens-impactaran-en-els-propers-anys\/"},"modified":"2024-07-19T12:03:44","modified_gmt":"2024-07-19T10:03:44","slug":"quins-riscos-globals-ens-impactaran-en-els-propers-anys","status":"publish","type":"page","link":"https:\/\/amec.es\/ca\/quins-riscos-globals-ens-impactaran-en-els-propers-anys\/","title":{"rendered":"Quins riscos globals ens impactaran en els propers anys?"},"content":{"rendered":"\t\t<div data-elementor-type=\"wp-page\" data-elementor-id=\"21138\" class=\"elementor elementor-21138 elementor-10186\" data-elementor-post-type=\"page\">\n\t\t\t\t\t\t<section class=\"elementor-section elementor-top-section elementor-element elementor-element-f43e207 elementor-section-boxed elementor-section-height-default elementor-section-height-default\" data-id=\"f43e207\" data-element_type=\"section\" data-e-type=\"section\" data-settings=\"{&quot;background_background&quot;:&quot;gradient&quot;}\">\n\t\t\t\t\t\t<div class=\"elementor-container elementor-column-gap-default\">\n\t\t\t\t\t<div class=\"elementor-column elementor-col-100 elementor-top-column elementor-element elementor-element-1b54d1b\" data-id=\"1b54d1b\" data-element_type=\"column\" data-e-type=\"column\">\n\t\t\t<div class=\"elementor-widget-wrap elementor-element-populated\">\n\t\t\t\t\t\t<div class=\"elementor-element elementor-element-ec3972f elementor-widget elementor-widget-heading\" data-id=\"ec3972f\" data-element_type=\"widget\" data-e-type=\"widget\" data-widget_type=\"heading.default\">\n\t\t\t\t<div class=\"elementor-widget-container\">\n\t\t\t\t\t<h2 class=\"elementor-heading-title elementor-size-default\"><a href=\"https:\/\/amec.es\/ca\/category\/alertes-i-tendencies-exclusives\/\" rel=\"tag\">Alertes i tend\u00e8ncies exclusives<\/a><\/h2>\t\t\t\t<\/div>\n\t\t\t\t<\/div>\n\t\t\t\t<div class=\"elementor-element elementor-element-5ca2255 elementor-widget elementor-widget-spacer\" data-id=\"5ca2255\" data-element_type=\"widget\" data-e-type=\"widget\" data-widget_type=\"spacer.default\">\n\t\t\t\t<div class=\"elementor-widget-container\">\n\t\t\t\t\t\t\t<div class=\"elementor-spacer\">\n\t\t\t<div class=\"elementor-spacer-inner\"><\/div>\n\t\t<\/div>\n\t\t\t\t\t\t<\/div>\n\t\t\t\t<\/div>\n\t\t\t\t<div class=\"elementor-element elementor-element-67a2778 elementor-widget-divider--view-line elementor-widget elementor-widget-divider\" data-id=\"67a2778\" data-element_type=\"widget\" data-e-type=\"widget\" data-widget_type=\"divider.default\">\n\t\t\t\t<div class=\"elementor-widget-container\">\n\t\t\t\t\t\t\t<div class=\"elementor-divider\">\n\t\t\t<span class=\"elementor-divider-separator\">\n\t\t\t\t\t\t<\/span>\n\t\t<\/div>\n\t\t\t\t\t\t<\/div>\n\t\t\t\t<\/div>\n\t\t\t\t\t<\/div>\n\t\t<\/div>\n\t\t\t\t\t<\/div>\n\t\t<\/section>\n\t\t\t\t<section class=\"elementor-section elementor-top-section elementor-element elementor-element-85642a5 elementor-section-boxed elementor-section-height-default elementor-section-height-default\" data-id=\"85642a5\" data-element_type=\"section\" data-e-type=\"section\">\n\t\t\t\t\t\t<div class=\"elementor-container elementor-column-gap-default\">\n\t\t\t\t\t<div class=\"elementor-column elementor-col-100 elementor-top-column elementor-element elementor-element-f327550\" data-id=\"f327550\" data-element_type=\"column\" data-e-type=\"column\">\n\t\t\t<div class=\"elementor-widget-wrap elementor-element-populated\">\n\t\t\t\t\t\t<div class=\"elementor-element elementor-element-2d88781 elementor-widget elementor-widget-heading\" data-id=\"2d88781\" data-element_type=\"widget\" data-e-type=\"widget\" data-widget_type=\"heading.default\">\n\t\t\t\t<div class=\"elementor-widget-container\">\n\t\t\t\t\t<h2 class=\"elementor-heading-title elementor-size-default\">Quins riscos globals ens impactaran en els propers anys?<\/h2>\t\t\t\t<\/div>\n\t\t\t\t<\/div>\n\t\t\t\t<div class=\"elementor-element elementor-element-24f57a9 elementor-widget elementor-widget-spacer\" data-id=\"24f57a9\" data-element_type=\"widget\" data-e-type=\"widget\" data-widget_type=\"spacer.default\">\n\t\t\t\t<div class=\"elementor-widget-container\">\n\t\t\t\t\t\t\t<div class=\"elementor-spacer\">\n\t\t\t<div class=\"elementor-spacer-inner\"><\/div>\n\t\t<\/div>\n\t\t\t\t\t\t<\/div>\n\t\t\t\t<\/div>\n\t\t\t\t<div class=\"elementor-element elementor-element-88ed7fa elementor-widget elementor-widget-text-editor\" data-id=\"88ed7fa\" data-element_type=\"widget\" data-e-type=\"widget\" data-widget_type=\"text-editor.default\">\n\t\t\t\t<div class=\"elementor-widget-container\">\n\t\t\t\t\t\t\t\t\t6 de febrer de 2023\t\t\t\t\t\t\t\t<\/div>\n\t\t\t\t<\/div>\n\t\t\t\t<div class=\"elementor-element elementor-element-b1706c1 elementor-widget elementor-widget-text-editor\" data-id=\"b1706c1\" data-element_type=\"widget\" data-e-type=\"widget\" data-widget_type=\"text-editor.default\">\n\t\t\t\t<div class=\"elementor-widget-container\">\n\t\t\t\t\t\t\t\t\t<p class=\"Remarca\">Els riscos mediambientals, socials i geoecon\u00f2mics dominaran l&#8217;escenari global dels propers anys. Per abordar-los, les empreses necessitaran un enfocament sist\u00e8mic que combini tant l&#8217;an\u00e0lisi a curt com a llarg termini.<\/p>\n<p> <\/p>\n<p>L&#8217;informe de Riscos Globals el fa el F\u00f2rum Econ\u00f2mic Mundial a partir d&#8217;una enquesta anual adre\u00e7ada a m\u00e9s de 1.200 experts en riscos globals, experts de l&#8217;\u00e0mbit acad\u00e8mic, empreses, governs, la comunitat internacional i la societat civil. A l&#8217;enquesta es pregunta sobre els riscos amb m\u00e9s impacte actualment, a curt termini (pr\u00f2xims dos anys) ia llarg termini (pr\u00f2xims 10 anys).<\/p>\n<p> <\/p>\n<p class=\"title_with_yellow_after\">Riscos globals el 2023<\/p>\n<p> <\/p>\n<p><strong>Els riscos amb un impacte potencial m\u00e9s gran a escala global el 2023<\/strong> , segons les respostes obtingudes, s\u00f3n un reflex de les principals preocupacions en l&#8217;actualitat:<\/p>\n<ul>\n<li>Crisi de subministrament <strong>denergia<\/strong><\/li>\n<li>Crisi de <strong>cost de la vida<\/strong><\/li>\n<li><strong>Inflaci\u00f3<\/strong> creixent<\/li>\n<li>Crisi de subministrament d&#8217; <strong>aliments<\/strong><\/li>\n<li><strong>Ciberatacs<\/strong> en infraestructures cr\u00edtiques<\/li>\n<\/ul>\n<p> <\/p>\n<p class=\"title_with_yellow_after\">Riscos globals horitz\u00f3 2025 i 2033<\/p>\n<p> <\/p>\n<p><strong>Els propers dos anys es preveuen dominats per riscos socials i mediambientals<\/strong> , impulsats per les tend\u00e8ncies geopol\u00edtiques i econ\u00f2miques. Centrant-nos en les respostes provinents de les <strong>empreses<\/strong> enquestades, els principals riscos ordenats de m\u00e9s a menys severitat serien els seg\u00fcents:<\/p>\n<ul>\n<li>Crisi de cost de la vida<\/li>\n<li>Desastres naturals i clima extrem<\/li>\n<li>Confrontacions geoecon\u00f2miques<\/li>\n<li>Ciber-inseguretat<\/li>\n<li>Danys mediambientals a gran escala<\/li>\n<li>Erosi\u00f3 de la cohesi\u00f3 social i polaritzaci\u00f3<\/li>\n<li>Frac\u00e0s a mitigar el canvi clim\u00e0tic<\/li>\n<li>Crisi de recursos naturals<\/li>\n<li>Crisi d&#8217;endeutament<\/li>\n<li>Frac\u00e0s d&#8217;adaptaci\u00f3 al canvi clim\u00e0tic<\/li>\n<\/ul>\n<p> <\/p>\n<p><strong>El panorama de riscos per als propers 10 anys<\/strong> es mant\u00e9 dominat pel deteriorament dels riscos ambientals, amb els riscos relacionats amb el clima i la natura liderant el Top 10.<\/p>\n<p> <\/p>\n<p>Aix\u00f2 no obstant, comparat amb els riscos a curt termini, <strong>els riscos socials creixen en import\u00e0ncia<\/strong> . Aqu\u00ed trobem regs com ara el deteriorament de la salut mental, el col\u00b7lapse dels serveis p\u00fablics, les migracions for\u00e7ades a gran escala i l&#8217;erosi\u00f3 de la cohesi\u00f3 social.<\/p>\n<p> <\/p>\n<p class=\"negreta-cursiva\"><u>Crisi del cost de la vida<\/u><\/p>\n<p> <\/p>\n<p>Posicionat com el risc global m\u00e9s sever en els propers dos anys, el <strong>preu de la cistella b\u00e0sica<\/strong> ja estava a l&#8217;al\u00e7a abans de la pand\u00e8mia. El <strong>deute de les llars<\/strong> ha augmentat en certes economies i els <strong>tipus hipotecaris<\/strong> han assolit el nivell m\u00e0xim en m\u00e9s d&#8217;una d\u00e8cada. Tot aix\u00f2 podria reduir les despeses en necessitats essencials, empitjorant els resultats de la salut i el benestar de les comunitats.<\/p>\n<ul>\n<li>Tot i que les cadenes de subministrament globals s&#8217;han adaptat parcialment, <strong>la relaxaci\u00f3 de les pol\u00edtiques anti-Covid a la Xina<\/strong> podria fer pujar encara m\u00e9s els preus de l&#8217;energia i les primeres mat\u00e8ries.<\/li>\n<li>Tant la manca d&#8217; assequibilitat com de disponibilitat de productes de primera necessitat poden avivar la <strong>inestabilitat social i pol\u00edtica<\/strong> . La inseguretat pot exacerbar la inestabilitat a pa\u00efsos que s&#8217;enfronten simult\u00e0niament a crisis aliment\u00e0ries i de deute, com Tun\u00edsia, Ghana, Pakistan, Egipte i L\u00edban.<\/li>\n<li>Hi ha la possibilitat que es produeixi una <strong>crisi de subministrament d&#8217;aliments<\/strong> el 2023, amb la continuaci\u00f3 de la guerra a Ucra\u00efna, l&#8217;efecte retardat d&#8217;un augment dels preus dels fertilitzants l&#8217;any passat i l&#8217;impacte de les condicions clim\u00e0tiques extremes a la producci\u00f3 d&#8217;aliments a regions clau.<\/li>\n<\/ul>\n<p> <\/p>\n<p class=\"negreta-cursiva\"><u>Recessi\u00f3 econ\u00f2mica<\/u><\/p>\n<p> <\/p>\n<p><strong>La complexitat de la din\u00e0mica inflacion\u00e0ria<\/strong> est\u00e0 creant un entorn pol\u00edtic desafiador, tant per al sector p\u00fablic com per als bancs centrals, atesa la combinaci\u00f3 d&#8217;impulsors del costat de la demanda i l&#8217;oferta.<\/p>\n<ul>\n<li>Es pronostica que el <strong>creixement global es desaccelerar\u00e0 el 2,7% el 2023<\/strong> , amb un ter\u00e7 de l&#8217;economia mundial enfrontant una recessi\u00f3 t\u00e8cnica liderada pels mercats avan\u00e7ats.<\/li>\n<li><strong>Els governs i els bancs centrals caminen a la corda fluixa<\/strong> entre la gesti\u00f3 de la inflaci\u00f3 sense desencadenar una recessi\u00f3 perllongada i evitar una crisi del cost de la vida, alhora que atenen a deute hist\u00f2ricament elevat.<\/li>\n<\/ul>\n<p> <\/p>\n<p class=\"negreta-cursiva\"><u>Confrontaci\u00f3 geoecon\u00f2mica<\/u><\/p>\n<p> <\/p>\n<p>Davant les vulnerabilitats subratllades per la pand\u00e8mia i la guerra a Ucra\u00efna, la pol\u00edtica econ\u00f2mica, especialment en les economies avan\u00e7ades, es dirigeix \u200b\u200bcada cop m\u00e9s cap a <strong>objectius geopol\u00edtics<\/strong> .<\/p>\n<ul>\n<li><strong>La recerca de l&#8217;increment de l&#8217;autosufici\u00e8ncia<\/strong> en productes estrat\u00e8gics clau, aix\u00ed com de la mitigaci\u00f3 i l&#8217;adaptaci\u00f3 al canvi clim\u00e0tic, s&#8217;han tradu\u00eft mesures que fan augmentar la compet\u00e8ncia entre els blocs globals: sancions, guerres comercials, controls d&#8217;exportaci\u00f3 sobre tecnologies clau i propietat intel\u00b7lectual, restriccions sobre empreses que treballen amb empreses estrangeres designades, selecci\u00f3 d&#8217;inversions sortints, etc.<\/li>\n<li><strong>Les ramificacions financeres i tecnol\u00f2giques<\/strong> d&#8217;aquesta confrontaci\u00f3 geoecon\u00f2mica poden ressaltar m\u00e9s vulnerabilitats, portant els estats a reduir altres interdepend\u00e8ncies en nom de la seguretat nacional i la resili\u00e8ncia els propers anys.<\/li>\n<li><strong>Unes cadenes de subministrament m\u00e9s curtes<\/strong> poden augmentar l&#8217;exposici\u00f3 a riscos concentrats geogr\u00e0ficament, com l&#8217;escassetat de m\u00e0 d&#8217;obra, els disturbis socials, les pand\u00e8mies i els fen\u00f2mens meteorol\u00f2gics naturals.<\/li>\n<\/ul>\n<p> <\/p>\n<p class=\"negreta-cursiva\"><u>Pausa de lacci\u00f3 clim\u00e0tica<\/u><\/p>\n<p> <\/p>\n<p>Les tensions geopol\u00edtiques i les pressions econ\u00f2miques fan poc probable que l&#8217;impuls general per a la mitigaci\u00f3 del canvi clim\u00e0tic s&#8217;acceleri r\u00e0pidament els propers dos anys.<\/p>\n<ul>\n<li>Els responsables pol\u00edtics s&#8217;enfronten cada cop m\u00e9s a la <strong>disjuntiva entre seguretat energ\u00e8tica, assequibilitat i sostenibilitat<\/strong> . Per exemple, la UE va gastar 50.000 M\u20ac en infraestructura i subministraments de combustibles f\u00f2ssils i alguns pa\u00efsos van reiniciar les centrals el\u00e8ctriques de carb\u00f3.<\/li>\n<li>Aquests desafiaments, en el context d&#8217;un panorama econ\u00f2mic de deteriorament i de costos d&#8217;insums inflats, poden <strong>posposar les inversions<\/strong> en m\u00e8todes de producci\u00f3 m\u00e9s ecol\u00f2gics, particularment en ind\u00fastries m\u00e9s pesades i \u201cbrutes\u201d.<\/li>\n<\/ul>\n<p> <\/p>\n<p class=\"negreta-cursiva\"><u>Polaritzaci\u00f3 social<\/u><\/p>\n<p> <\/p>\n<p><strong>Les divisions econ\u00f2miques i socials es tradueixen en divisions pol\u00edtiques<\/strong> , plantejant un desafiament tant per als sistemes autocr\u00e0tics com per als democr\u00e0tics.<\/p>\n<ul>\n<li>La creixent polaritzaci\u00f3 est\u00e0 contribuint al <strong>declivi de les democr\u00e0cies<\/strong> . La proporci\u00f3 de la poblaci\u00f3 mundial que viu a pa\u00efsos autocr\u00e0tics va augmentar del 5 % el 2011 al 36 % el 2021.<\/li>\n<li><strong>La desinformaci\u00f3<\/strong> \u00e9s tant un accelerador de l\u201ferosi\u00f3 de la cohesi\u00f3 social com una conseq\u00fc\u00e8ncia. Amb el seu potencial de desestabilitzar la confian\u00e7a en la informaci\u00f3 i els processos pol\u00edtics, ha esdevingut una eina per propagar creences extremistes.<\/li>\n<\/ul>\n<p> <\/p>\n<p class=\"title_with_yellow_after\">Mirant endavant: \u00e9s possible l&#8217;anticipaci\u00f3?<\/p>\n<p><strong>La conflu\u00e8ncia de les crisis actuals distreu l&#8217;atenci\u00f3 i els recursos dels riscos globals que es poden convertir en les crisis del dem\u00e0.<\/strong>  La sobreprioritzaci\u00f3 dels desafiaments actuals ens pot portar a un cercle vici\u00f3s on els recursos s\u00f3n absorbits per la gesti\u00f3 de les crisis, en lloc de ser dirigits a la preparaci\u00f3 per a riscos futurs.<\/p>\n<p> <\/p>\n<p>Els enfocaments defensius, fragmentats i orientats a les crisis s\u00f3n miops i sovint perpetuen els cercles viciosos. Els nivells d&#8217;incertesa m\u00e9s grans ens han de fer <strong>canviar l&#8217;enfocament del que \u00e9s probable cap al possible<\/strong> per garantir que la preparaci\u00f3 davant dels riscos abordi l&#8217;abast complet dels possibles impactes.<\/p>\n<p> <\/p>\n<p>Per millorar la previsi\u00f3 de riscos globals <strong>cal una visi\u00f3 i enfocament sist\u00e8mic<\/strong> . Els riscos m\u00e9s influenciats o exposats a altres riscos seran els m\u00e9s dif\u00edcils de controlar, mentre que aquells que exerceixen una gran influ\u00e8ncia sobre les din\u00e0miques de la xarxa s&#8217;haurien de prioritzar com a punts clau d&#8217;intervenci\u00f3.<\/p>\n<p>Els desafiaments complexos no es poden resoldre \u00fanicament mitjan\u00e7ant la presa de decisions a curt termini i, tanmateix, el pensament a llarg termini per si mateix \u00e9s insuficient davant de les crisis que s&#8217;estan desenvolupant actualment.<\/p>\n<p> <\/p>\n<p>Els l\u00edders empresarials han d&#8217;adoptar <strong>una visi\u00f3 dual que equilibra la gesti\u00f3 de les crisis actuals amb una perspectiva a m\u00e9s llarg termini<\/strong> . Les accions preses per abordar els desafiaments actuals han de, com a m\u00ednim, evitar exacerbar els riscos futurs. I, a la inversa, moltes accions a curt termini tamb\u00e9 poden actuar com a estabilitzadors a llarg termini.<\/p>\n<p> <\/p>\n<p>La majoria dels riscos globals estan fora del control directe de qualsevol entitat del sector p\u00fablic o privat. A mesura que els riscos s&#8217;entrellacen cada cop m\u00e9s, <strong>l&#8217;anticipaci\u00f3 s&#8217;ha de convertir en una responsabilitat compartida<\/strong> entre els governs, les empreses i la societat civil, aprofitant-ne els punts forts respectius.<\/p>\n<p> <\/p>\n<p class=\"title_with_yellow_after\">m\u00e9s informaci\u00f3<\/p>\n<p class=\"article-story__headline article__headline\">World Economic Forum.  <em>Global Risks Report 2023<\/em><\/p>\n<p class=\"article-story__headline article__headline\"><a href=\"https:\/\/www.weforum.org\/reports\/global-risks-report-2023\" target=\"_blank\" rel=\"noopener\">https:\/\/www.weforum.org\/reports\/global-risks-report-2023<\/a><\/p>\n<p class=\"article-story__headline article__headline\"> <\/p>\n<p> <\/p>\t\t\t\t\t\t\t\t<\/div>\n\t\t\t\t<\/div>\n\t\t\t\t\t<\/div>\n\t\t<\/div>\n\t\t\t\t\t<\/div>\n\t\t<\/section>\n\t\t\t\t<\/div>\n\t\t","protected":false},"excerpt":{"rendered":"<p>Els riscos mediambientals, socials i geoecon\u00f2mics dominaran l&#8217;escenari global dels propers anys. Per abordar-los, les empreses necessitaran un enfocament sist\u00e8mic que combini tant l&#8217;an\u00e0lisi a curt com a llarg termini. L&#8217;informe de Riscos Globals el fa el F\u00f2rum Econ\u00f2mic Mundial a partir d&#8217;una enquesta anual adre\u00e7ada a m\u00e9s de 1.200 experts en riscos globals, experts [&hellip;]<\/p>\n","protected":false},"author":3,"featured_media":0,"parent":0,"menu_order":0,"comment_status":"closed","ping_status":"closed","template":"elementor_canvas","meta":{"inline_featured_image":false,"footnotes":""},"categories":[219],"tags":[],"class_list":["post-21138","page","type-page","status-publish","hentry","category-alertes-i-tendencies-exclusives"],"yoast_head":"<!-- This site is optimized with the Yoast SEO plugin v27.3 - https:\/\/yoast.com\/product\/yoast-seo-wordpress\/ -->\n<title>Quins riscos globals ens impactaran en els propers anys? | amec Positive Industry<\/title>\n<meta name=\"robots\" content=\"index, follow, max-snippet:-1, max-image-preview:large, max-video-preview:-1\" \/>\n<link rel=\"canonical\" href=\"https:\/\/amec.es\/que-riesgos-globales-nos-impactaran-en-los-proximos-anos\/\" \/>\n<meta property=\"og:locale\" content=\"ca_ES\" \/>\n<meta property=\"og:type\" content=\"article\" \/>\n<meta property=\"og:title\" content=\"Quins riscos globals ens impactaran en els propers anys? | amec Positive Industry\" \/>\n<meta property=\"og:description\" content=\"Els riscos mediambientals, socials i geoecon\u00f2mics dominaran l&#8217;escenari global dels propers anys. Per abordar-los, les empreses necessitaran un enfocament sist\u00e8mic que combini tant l&#8217;an\u00e0lisi a curt com a llarg termini. L&#8217;informe de Riscos Globals el fa el F\u00f2rum Econ\u00f2mic Mundial a partir d&#8217;una enquesta anual adre\u00e7ada a m\u00e9s de 1.200 experts en riscos globals, experts [&hellip;]\" \/>\n<meta property=\"og:url\" content=\"https:\/\/amec.es\/que-riesgos-globales-nos-impactaran-en-los-proximos-anos\/\" \/>\n<meta property=\"og:site_name\" content=\"amec Positive Industry\" \/>\n<meta property=\"article:modified_time\" content=\"2024-07-19T10:03:44+00:00\" \/>\n<meta property=\"og:image\" content=\"https:\/\/amec.es\/wp-content\/uploads\/2024\/02\/Logo_AMEC.png\" \/>\n\t<meta property=\"og:image:width\" content=\"1827\" \/>\n\t<meta property=\"og:image:height\" content=\"438\" \/>\n\t<meta property=\"og:image:type\" content=\"image\/png\" \/>\n<meta name=\"twitter:card\" content=\"summary_large_image\" \/>\n<meta name=\"twitter:label1\" content=\"Temps estimat de lectura\" \/>\n\t<meta name=\"twitter:data1\" content=\"7 minuts\" \/>\n<script type=\"application\/ld+json\" class=\"yoast-schema-graph\">{\"@context\":\"https:\\\/\\\/schema.org\",\"@graph\":[{\"@type\":\"WebPage\",\"@id\":\"https:\\\/\\\/amec.es\\\/que-riesgos-globales-nos-impactaran-en-los-proximos-anos\\\/\",\"url\":\"https:\\\/\\\/amec.es\\\/que-riesgos-globales-nos-impactaran-en-los-proximos-anos\\\/\",\"name\":\"Quins riscos globals ens impactaran en els propers anys? | amec Positive Industry\",\"isPartOf\":{\"@id\":\"https:\\\/\\\/amec.es\\\/#website\"},\"datePublished\":\"2023-02-06T11:41:29+00:00\",\"dateModified\":\"2024-07-19T10:03:44+00:00\",\"breadcrumb\":{\"@id\":\"https:\\\/\\\/amec.es\\\/que-riesgos-globales-nos-impactaran-en-los-proximos-anos\\\/#breadcrumb\"},\"inLanguage\":\"ca\",\"potentialAction\":[{\"@type\":\"ReadAction\",\"target\":[\"https:\\\/\\\/amec.es\\\/que-riesgos-globales-nos-impactaran-en-los-proximos-anos\\\/\"]}]},{\"@type\":\"BreadcrumbList\",\"@id\":\"https:\\\/\\\/amec.es\\\/que-riesgos-globales-nos-impactaran-en-los-proximos-anos\\\/#breadcrumb\",\"itemListElement\":[{\"@type\":\"ListItem\",\"position\":1,\"name\":\"Portada\",\"item\":\"https:\\\/\\\/amec.es\\\/ca\\\/home-new\\\/\"},{\"@type\":\"ListItem\",\"position\":2,\"name\":\"Quins riscos globals ens impactaran en els propers anys?\"}]},{\"@type\":\"WebSite\",\"@id\":\"https:\\\/\\\/amec.es\\\/#website\",\"url\":\"https:\\\/\\\/amec.es\\\/\",\"name\":\"amec Positive Industry\",\"description\":\"\",\"publisher\":{\"@id\":\"https:\\\/\\\/amec.es\\\/#organization\"},\"potentialAction\":[{\"@type\":\"SearchAction\",\"target\":{\"@type\":\"EntryPoint\",\"urlTemplate\":\"https:\\\/\\\/amec.es\\\/?s={search_term_string}\"},\"query-input\":{\"@type\":\"PropertyValueSpecification\",\"valueRequired\":true,\"valueName\":\"search_term_string\"}}],\"inLanguage\":\"ca\"},{\"@type\":\"Organization\",\"@id\":\"https:\\\/\\\/amec.es\\\/#organization\",\"name\":\"amec Positive Industry\",\"url\":\"https:\\\/\\\/amec.es\\\/\",\"logo\":{\"@type\":\"ImageObject\",\"inLanguage\":\"ca\",\"@id\":\"https:\\\/\\\/amec.es\\\/#\\\/schema\\\/logo\\\/image\\\/\",\"url\":\"https:\\\/\\\/amec.es\\\/wp-content\\\/uploads\\\/2023\\\/07\\\/logoamec.png\",\"contentUrl\":\"https:\\\/\\\/amec.es\\\/wp-content\\\/uploads\\\/2023\\\/07\\\/logoamec.png\",\"width\":200,\"height\":48,\"caption\":\"amec Positive Industry\"},\"image\":{\"@id\":\"https:\\\/\\\/amec.es\\\/#\\\/schema\\\/logo\\\/image\\\/\"}}]}<\/script>\n<!-- \/ Yoast SEO plugin. -->","yoast_head_json":{"title":"Quins riscos globals ens impactaran en els propers anys? | amec Positive Industry","robots":{"index":"index","follow":"follow","max-snippet":"max-snippet:-1","max-image-preview":"max-image-preview:large","max-video-preview":"max-video-preview:-1"},"canonical":"https:\/\/amec.es\/que-riesgos-globales-nos-impactaran-en-los-proximos-anos\/","og_locale":"ca_ES","og_type":"article","og_title":"Quins riscos globals ens impactaran en els propers anys? | amec Positive Industry","og_description":"Els riscos mediambientals, socials i geoecon\u00f2mics dominaran l&#8217;escenari global dels propers anys. Per abordar-los, les empreses necessitaran un enfocament sist\u00e8mic que combini tant l&#8217;an\u00e0lisi a curt com a llarg termini. L&#8217;informe de Riscos Globals el fa el F\u00f2rum Econ\u00f2mic Mundial a partir d&#8217;una enquesta anual adre\u00e7ada a m\u00e9s de 1.200 experts en riscos globals, experts [&hellip;]","og_url":"https:\/\/amec.es\/que-riesgos-globales-nos-impactaran-en-los-proximos-anos\/","og_site_name":"amec Positive Industry","article_modified_time":"2024-07-19T10:03:44+00:00","og_image":[{"width":1827,"height":438,"url":"https:\/\/amec.es\/wp-content\/uploads\/2024\/02\/Logo_AMEC.png","type":"image\/png"}],"twitter_card":"summary_large_image","twitter_misc":{"Temps estimat de lectura":"7 minuts"},"schema":{"@context":"https:\/\/schema.org","@graph":[{"@type":"WebPage","@id":"https:\/\/amec.es\/que-riesgos-globales-nos-impactaran-en-los-proximos-anos\/","url":"https:\/\/amec.es\/que-riesgos-globales-nos-impactaran-en-los-proximos-anos\/","name":"Quins riscos globals ens impactaran en els propers anys? | amec Positive Industry","isPartOf":{"@id":"https:\/\/amec.es\/#website"},"datePublished":"2023-02-06T11:41:29+00:00","dateModified":"2024-07-19T10:03:44+00:00","breadcrumb":{"@id":"https:\/\/amec.es\/que-riesgos-globales-nos-impactaran-en-los-proximos-anos\/#breadcrumb"},"inLanguage":"ca","potentialAction":[{"@type":"ReadAction","target":["https:\/\/amec.es\/que-riesgos-globales-nos-impactaran-en-los-proximos-anos\/"]}]},{"@type":"BreadcrumbList","@id":"https:\/\/amec.es\/que-riesgos-globales-nos-impactaran-en-los-proximos-anos\/#breadcrumb","itemListElement":[{"@type":"ListItem","position":1,"name":"Portada","item":"https:\/\/amec.es\/ca\/home-new\/"},{"@type":"ListItem","position":2,"name":"Quins riscos globals ens impactaran en els propers anys?"}]},{"@type":"WebSite","@id":"https:\/\/amec.es\/#website","url":"https:\/\/amec.es\/","name":"amec Positive Industry","description":"","publisher":{"@id":"https:\/\/amec.es\/#organization"},"potentialAction":[{"@type":"SearchAction","target":{"@type":"EntryPoint","urlTemplate":"https:\/\/amec.es\/?s={search_term_string}"},"query-input":{"@type":"PropertyValueSpecification","valueRequired":true,"valueName":"search_term_string"}}],"inLanguage":"ca"},{"@type":"Organization","@id":"https:\/\/amec.es\/#organization","name":"amec Positive Industry","url":"https:\/\/amec.es\/","logo":{"@type":"ImageObject","inLanguage":"ca","@id":"https:\/\/amec.es\/#\/schema\/logo\/image\/","url":"https:\/\/amec.es\/wp-content\/uploads\/2023\/07\/logoamec.png","contentUrl":"https:\/\/amec.es\/wp-content\/uploads\/2023\/07\/logoamec.png","width":200,"height":48,"caption":"amec Positive Industry"},"image":{"@id":"https:\/\/amec.es\/#\/schema\/logo\/image\/"}}]}},"_links":{"self":[{"href":"https:\/\/amec.es\/ca\/wp-json\/wp\/v2\/pages\/21138","targetHints":{"allow":["GET"]}}],"collection":[{"href":"https:\/\/amec.es\/ca\/wp-json\/wp\/v2\/pages"}],"about":[{"href":"https:\/\/amec.es\/ca\/wp-json\/wp\/v2\/types\/page"}],"author":[{"embeddable":true,"href":"https:\/\/amec.es\/ca\/wp-json\/wp\/v2\/users\/3"}],"replies":[{"embeddable":true,"href":"https:\/\/amec.es\/ca\/wp-json\/wp\/v2\/comments?post=21138"}],"version-history":[{"count":1,"href":"https:\/\/amec.es\/ca\/wp-json\/wp\/v2\/pages\/21138\/revisions"}],"predecessor-version":[{"id":21139,"href":"https:\/\/amec.es\/ca\/wp-json\/wp\/v2\/pages\/21138\/revisions\/21139"}],"wp:attachment":[{"href":"https:\/\/amec.es\/ca\/wp-json\/wp\/v2\/media?parent=21138"}],"wp:term":[{"taxonomy":"category","embeddable":true,"href":"https:\/\/amec.es\/ca\/wp-json\/wp\/v2\/categories?post=21138"},{"taxonomy":"post_tag","embeddable":true,"href":"https:\/\/amec.es\/ca\/wp-json\/wp\/v2\/tags?post=21138"}],"curies":[{"name":"wp","href":"https:\/\/api.w.org\/{rel}","templated":true}]}}