{"id":24668,"date":"2024-10-10T18:25:18","date_gmt":"2024-10-10T16:25:18","guid":{"rendered":"https:\/\/www.amec.es\/cfia-2025\/"},"modified":"2024-10-24T12:18:15","modified_gmt":"2024-10-24T10:18:15","slug":"cfia-2025","status":"publish","type":"page","link":"https:\/\/amec.es\/ca\/cfia-2025\/","title":{"rendered":"CFIA 2025"},"content":{"rendered":"\t\t<div data-elementor-type=\"wp-page\" data-elementor-id=\"24668\" class=\"elementor elementor-24668 elementor-23921\" data-elementor-post-type=\"page\">\n\t\t\t\t\t\t<section class=\"elementor-section elementor-top-section elementor-element elementor-element-28f844f elementor-section-height-min-height elementor-section-stretched elementor-section-boxed elementor-section-height-default elementor-section-items-middle\" data-id=\"28f844f\" data-element_type=\"section\" data-e-type=\"section\" data-settings=\"{&quot;stretch_section&quot;:&quot;section-stretched&quot;,&quot;background_background&quot;:&quot;classic&quot;}\">\n\t\t\t\t\t\t\t<div class=\"elementor-background-overlay\"><\/div>\n\t\t\t\t\t\t\t<div class=\"elementor-container elementor-column-gap-default\">\n\t\t\t\t\t<div class=\"elementor-column elementor-col-100 elementor-top-column elementor-element elementor-element-12acdd5\" data-id=\"12acdd5\" data-element_type=\"column\" data-e-type=\"column\">\n\t\t\t<div class=\"elementor-widget-wrap elementor-element-populated\">\n\t\t\t\t\t\t<div class=\"elementor-element elementor-element-5bd6bcc elementor-widget elementor-widget-heading\" data-id=\"5bd6bcc\" data-element_type=\"widget\" data-e-type=\"widget\" data-widget_type=\"heading.default\">\n\t\t\t\t<div class=\"elementor-widget-container\">\n\t\t\t\t\t<h1 class=\"elementor-heading-title elementor-size-default\">Fira CFIA 2025<\/h1>\t\t\t\t<\/div>\n\t\t\t\t<\/div>\n\t\t\t\t<div class=\"elementor-element elementor-element-5101803 elementor-widget__width-initial elementor-widget-divider--view-line elementor-widget elementor-widget-global elementor-global-48210 elementor-global-159 elementor-widget-divider\" data-id=\"5101803\" data-element_type=\"widget\" data-e-type=\"widget\" data-widget_type=\"divider.default\">\n\t\t\t\t<div class=\"elementor-widget-container\">\n\t\t\t\t\t\t\t<div class=\"elementor-divider\">\n\t\t\t<span class=\"elementor-divider-separator\">\n\t\t\t\t\t\t<\/span>\n\t\t<\/div>\n\t\t\t\t\t\t<\/div>\n\t\t\t\t<\/div>\n\t\t\t\t<div class=\"elementor-element elementor-element-e9d697c elementor-icon-list--layout-traditional elementor-list-item-link-full_width elementor-widget elementor-widget-icon-list\" data-id=\"e9d697c\" data-element_type=\"widget\" data-e-type=\"widget\" data-widget_type=\"icon-list.default\">\n\t\t\t\t<div class=\"elementor-widget-container\">\n\t\t\t\t\t\t\t<ul class=\"elementor-icon-list-items\">\n\t\t\t\t\t\t\t<li class=\"elementor-icon-list-item\">\n\t\t\t\t\t\t\t\t\t\t\t<span class=\"elementor-icon-list-icon\">\n\t\t\t\t\t\t\t<i aria-hidden=\"true\" class=\"fas fa-calendar-alt\"><\/i>\t\t\t\t\t\t<\/span>\n\t\t\t\t\t\t\t\t\t\t<span class=\"elementor-icon-list-text\">4 al 6 de mar\u00e7 de 2025<\/span>\n\t\t\t\t\t\t\t\t\t<\/li>\n\t\t\t\t\t\t\t\t<li class=\"elementor-icon-list-item\">\n\t\t\t\t\t\t\t\t\t\t\t<span class=\"elementor-icon-list-icon\">\n\t\t\t\t\t\t\t<i aria-hidden=\"true\" class=\"fas fa-map-marker-alt\"><\/i>\t\t\t\t\t\t<\/span>\n\t\t\t\t\t\t\t\t\t\t<span class=\"elementor-icon-list-text\">Rennes Parc Expo, Rennes<\/span>\n\t\t\t\t\t\t\t\t\t<\/li>\n\t\t\t\t\t\t<\/ul>\n\t\t\t\t\t\t<\/div>\n\t\t\t\t<\/div>\n\t\t\t\t\t<\/div>\n\t\t<\/div>\n\t\t\t\t\t<\/div>\n\t\t<\/section>\n\t\t\t\t<section class=\"elementor-section elementor-top-section elementor-element elementor-element-01703e9 elementor-section-stretched elementor-section-boxed elementor-section-height-default elementor-section-height-default\" data-id=\"01703e9\" data-element_type=\"section\" data-e-type=\"section\" data-settings=\"{&quot;stretch_section&quot;:&quot;section-stretched&quot;}\">\n\t\t\t\t\t\t<div class=\"elementor-container elementor-column-gap-wider\">\n\t\t\t\t\t<div class=\"elementor-column elementor-col-50 elementor-top-column elementor-element elementor-element-9e79f65\" data-id=\"9e79f65\" data-element_type=\"column\" data-e-type=\"column\">\n\t\t\t<div class=\"elementor-widget-wrap elementor-element-populated\">\n\t\t\t\t\t\t<div class=\"elementor-element elementor-element-9ebd760 elementor-widget elementor-widget-spacer\" data-id=\"9ebd760\" data-element_type=\"widget\" data-e-type=\"widget\" data-widget_type=\"spacer.default\">\n\t\t\t\t<div class=\"elementor-widget-container\">\n\t\t\t\t\t\t\t<div class=\"elementor-spacer\">\n\t\t\t<div class=\"elementor-spacer-inner\"><\/div>\n\t\t<\/div>\n\t\t\t\t\t\t<\/div>\n\t\t\t\t<\/div>\n\t\t\t\t<div class=\"elementor-element elementor-element-e809bbd elementor-widget elementor-widget-heading\" data-id=\"e809bbd\" data-element_type=\"widget\" data-e-type=\"widget\" data-widget_type=\"heading.default\">\n\t\t\t\t<div class=\"elementor-widget-container\">\n\t\t\t\t\t<h2 class=\"elementor-heading-title elementor-size-default\">Per qu\u00e8 no te la pots perdre?<\/h2>\t\t\t\t<\/div>\n\t\t\t\t<\/div>\n\t\t\t\t<div class=\"elementor-element elementor-element-91ce67c elementor-widget elementor-widget-spacer\" data-id=\"91ce67c\" data-element_type=\"widget\" data-e-type=\"widget\" data-widget_type=\"spacer.default\">\n\t\t\t\t<div class=\"elementor-widget-container\">\n\t\t\t\t\t\t\t<div class=\"elementor-spacer\">\n\t\t\t<div class=\"elementor-spacer-inner\"><\/div>\n\t\t<\/div>\n\t\t\t\t\t\t<\/div>\n\t\t\t\t<\/div>\n\t\t\t\t<div class=\"elementor-element elementor-element-2bc1b0a elementor-widget__width-initial elementor-icon-list--layout-traditional elementor-list-item-link-full_width elementor-widget elementor-widget-icon-list\" data-id=\"2bc1b0a\" data-element_type=\"widget\" data-e-type=\"widget\" data-widget_type=\"icon-list.default\">\n\t\t\t\t<div class=\"elementor-widget-container\">\n\t\t\t\t\t\t\t<ul class=\"elementor-icon-list-items\">\n\t\t\t\t\t\t\t<li class=\"elementor-icon-list-item\">\n\t\t\t\t\t\t\t\t\t\t\t<span class=\"elementor-icon-list-icon\">\n\t\t\t\t\t\t\t<i aria-hidden=\"true\" class=\"fas fa-caret-right\"><\/i>\t\t\t\t\t\t<\/span>\n\t\t\t\t\t\t\t\t\t\t<span class=\"elementor-icon-list-text\"><span style=\"font-family: Poppins;font-size: 12pt;background-color: transparent;color: var( --e-global-color-primary )\">+19.750<\/span> <span style=\"font-family: Poppins;font-size: 12pt;background-color: transparent;color: var( --e-global-color-primary )\">visitants de fins a 170 pa\u00efsos el 2024<\/span><\/span>\n\t\t\t\t\t\t\t\t\t<\/li>\n\t\t\t\t\t\t\t\t<li class=\"elementor-icon-list-item\">\n\t\t\t\t\t\t\t\t\t\t\t<span class=\"elementor-icon-list-icon\">\n\t\t\t\t\t\t\t<i aria-hidden=\"true\" class=\"fas fa-caret-right\"><\/i>\t\t\t\t\t\t<\/span>\n\t\t\t\t\t\t\t\t\t\t<span class=\"elementor-icon-list-text\">90% de visitants amb poder de compra<\/span>\n\t\t\t\t\t\t\t\t\t<\/li>\n\t\t\t\t\t\t\t\t<li class=\"elementor-icon-list-item\">\n\t\t\t\t\t\t\t\t\t\t\t<span class=\"elementor-icon-list-icon\">\n\t\t\t\t\t\t\t<i aria-hidden=\"true\" class=\"fas fa-caret-right\"><\/i>\t\t\t\t\t\t<\/span>\n\t\t\t\t\t\t\t\t\t\t<span class=\"elementor-icon-list-text\"><span style=\"font-family: Poppins\">Un dels punts de trobada m\u00e9s important a nivell europeu per a les empreses dels subsectors d'<\/span>ingredients i productes alimentaris processats, equips i processos, empaquetatge i condicionament, <span style=\"font-family: Poppins\">on presenten tota la gamma de prestacions del sector a nivell global.<\/span><\/span>\n\t\t\t\t\t\t\t\t\t<\/li>\n\t\t\t\t\t\t\t\t<li class=\"elementor-icon-list-item\">\n\t\t\t\t\t\t\t\t\t\t\t<span class=\"elementor-icon-list-icon\">\n\t\t\t\t\t\t\t<i aria-hidden=\"true\" class=\"fas fa-caret-right\"><\/i>\t\t\t\t\t\t<\/span>\n\t\t\t\t\t\t\t\t\t\t<span class=\"elementor-icon-list-text\"><ul style=\"margin-top:0cm\" type=\"disc\"><span style=\"font-family: Poppins;font-size: 12pt;background-color: transparent;color: var( --e-global-color-primary )\"><span style=\"background-color: transparent;color: var( --e-global-color-primary );font-size: 12pt\">Amb m\u00e9s de 1.600 expositors, la fira CFIA<\/span> <span style=\"background-color: transparent;color: var( --e-global-color-primary );font-size: 12pt\">ser\u00e0 tamb\u00e9 a l'any 2025 la plataforma ideal per fer negocis i establir contactes.<\/span><\/span><span style=\"color: var( --e-global-color-primary );background-color: transparent;font-size: inherit\"><\/span><\/ul><\/span>\n\t\t\t\t\t\t\t\t\t<\/li>\n\t\t\t\t\t\t<\/ul>\n\t\t\t\t\t\t<\/div>\n\t\t\t\t<\/div>\n\t\t\t\t<div class=\"elementor-element elementor-element-fa7d648 elementor-widget elementor-widget-text-editor\" data-id=\"fa7d648\" data-element_type=\"widget\" data-e-type=\"widget\" data-widget_type=\"text-editor.default\">\n\t\t\t\t<div class=\"elementor-widget-container\">\n\t\t\t\t\t\t\t\t\t<p style=\"text-align: justify;\"><span style=\"color: var( --e-global-color-text ); font-family: var( --e-global-typography-text-font-family ), Sans-serif; font-weight: var( --e-global-typography-text-font-weight );\"> <\/span><\/p>\n<p style=\"text-align: justify;\"><span style=\"color: var( --e-global-color-text ); font-family: var( --e-global-typography-text-font-family ), Sans-serif; font-weight: var( --e-global-typography-text-font-weight );\">Vols saber-ne m\u00e9s sobre la fira? Visita <a href=\"http:\/\/www.rennes.cfiaexpo.com\/en\">www.r<\/a> <\/span>ennes.cfiaexpo.com\/en<\/p>\n\t\t\t\t\t\t\t\t<\/div>\n\t\t\t\t<\/div>\n\t\t\t\t<div class=\"elementor-element elementor-element-4f68a53 elementor-widget elementor-widget-text-editor\" data-id=\"4f68a53\" data-element_type=\"widget\" data-e-type=\"widget\" data-widget_type=\"text-editor.default\">\n\t\t\t\t<div class=\"elementor-widget-container\">\n\t\t\t\t\t\t\t\t\t<p><b>Continua llegint m\u00e9s avall per con\u00e8ixer tots els nostres serveis!<\/b><\/p>\n<p><b>Data l\u00edmit de contractaci\u00f3: 1 de febrer de 2025<\/b><\/p>\n\t\t\t\t\t\t\t\t<\/div>\n\t\t\t\t<\/div>\n\t\t\t\t\t<\/div>\n\t\t<\/div>\n\t\t\t\t<div class=\"elementor-column elementor-col-50 elementor-top-column elementor-element elementor-element-334a9fc\" data-id=\"334a9fc\" data-element_type=\"column\" data-e-type=\"column\" data-settings=\"{&quot;background_background&quot;:&quot;classic&quot;}\">\n\t\t\t<div class=\"elementor-widget-wrap elementor-element-populated\">\n\t\t\t\t\t\t<div class=\"elementor-element elementor-element-6d8f354 elementor-widget elementor-widget-heading\" data-id=\"6d8f354\" data-element_type=\"widget\" data-e-type=\"widget\" data-widget_type=\"heading.default\">\n\t\t\t\t<div class=\"elementor-widget-container\">\n\t\t\t\t\t<h2 class=\"elementor-heading-title elementor-size-default\">Demana els serveis d'amec alimentec per a la CFIA<\/h2>\t\t\t\t<\/div>\n\t\t\t\t<\/div>\n\t\t\t\t<div class=\"elementor-element elementor-element-5d9ea0a legales-blanco elementor-button-align-stretch elementor-widget elementor-widget-form\" data-id=\"5d9ea0a\" data-element_type=\"widget\" data-e-type=\"widget\" data-settings=\"{&quot;button_width&quot;:&quot;20&quot;,&quot;step_next_label&quot;:&quot;Seg\\u00fcent&quot;,&quot;step_previous_label&quot;:&quot;Anterior&quot;,&quot;step_type&quot;:&quot;number_text&quot;,&quot;step_icon_shape&quot;:&quot;circle&quot;}\" data-widget_type=\"form.default\">\n\t\t\t\t<div class=\"elementor-widget-container\">\n\t\t\t\t\t\t\t<form class=\"elementor-form\" method=\"post\" name=\"Formulari serveis CFIA 2025\" aria-label=\"Formulari serveis CFIA 2025\">\n\t\t\t<input type=\"hidden\" name=\"post_id\" value=\"24668\"\/>\n\t\t\t<input type=\"hidden\" name=\"form_id\" value=\"5d9ea0a\"\/>\n\t\t\t<input type=\"hidden\" name=\"referer_title\" value=\"amec Positive Industry\" \/>\n\n\t\t\t\n\t\t\t<div class=\"elementor-form-fields-wrapper elementor-labels-above\">\n\t\t\t\t\t\t\t\t<div class=\"elementor-field-type-text elementor-field-group elementor-column elementor-field-group-name elementor-col-100 elementor-field-required\">\n\t\t\t\t\t\t\t\t\t\t\t\t\t<input size=\"1\" type=\"text\" name=\"form_fields[name]\" id=\"form-field-name\" class=\"elementor-field elementor-size-sm  elementor-field-textual\" placeholder=\"Nom*\" required=\"required\">\n\t\t\t\t\t\t\t\t\t\t\t<\/div>\n\t\t\t\t\t\t\t\t<div class=\"elementor-field-type-text elementor-field-group elementor-column elementor-field-group-field_bfb214a elementor-col-100 elementor-field-required\">\n\t\t\t\t\t\t\t\t\t\t\t\t\t<input size=\"1\" type=\"text\" name=\"form_fields[field_bfb214a]\" id=\"form-field-field_bfb214a\" class=\"elementor-field elementor-size-sm  elementor-field-textual\" placeholder=\"Cognoms*\" required=\"required\">\n\t\t\t\t\t\t\t\t\t\t\t<\/div>\n\t\t\t\t\t\t\t\t<div class=\"elementor-field-type-text elementor-field-group elementor-column elementor-field-group-field_cbdc095 elementor-col-100 elementor-field-required\">\n\t\t\t\t\t\t\t\t\t\t\t\t\t<input size=\"1\" type=\"text\" name=\"form_fields[field_cbdc095]\" id=\"form-field-field_cbdc095\" class=\"elementor-field elementor-size-sm  elementor-field-textual\" placeholder=\"Correu electr\u00f2nic*\" required=\"required\">\n\t\t\t\t\t\t\t\t\t\t\t<\/div>\n\t\t\t\t\t\t\t\t<div class=\"elementor-field-type-tel elementor-field-group elementor-column elementor-field-group-field_a56bc2d elementor-col-100 elementor-field-required\">\n\t\t\t\t\t\t\t<input size=\"1\" type=\"tel\" name=\"form_fields[field_a56bc2d]\" id=\"form-field-field_a56bc2d\" class=\"elementor-field elementor-size-sm  elementor-field-textual\" placeholder=\"Tel\u00e8fon*\" required=\"required\" pattern=\"[0-9()#&amp;+*-=.]+\" title=\"Only numbers and phone characters (#, -, *, etc) are accepted.\">\n\n\t\t\t\t\t\t<\/div>\n\t\t\t\t\t\t\t\t<div class=\"elementor-field-type-text elementor-field-group elementor-column elementor-field-group-field_71f88b7 elementor-col-100 elementor-field-required\">\n\t\t\t\t\t\t\t\t\t\t\t\t\t<input size=\"1\" type=\"text\" name=\"form_fields[field_71f88b7]\" id=\"form-field-field_71f88b7\" class=\"elementor-field elementor-size-sm  elementor-field-textual\" placeholder=\"Empresa*\" required=\"required\">\n\t\t\t\t\t\t\t\t\t\t\t<\/div>\n\t\t\t\t\t\t\t\t<div class=\"elementor-field-type-text elementor-field-group elementor-column elementor-field-group-field_dd56502 elementor-col-100 elementor-field-required\">\n\t\t\t\t\t\t\t\t\t\t\t\t\t<input size=\"1\" type=\"text\" name=\"form_fields[field_dd56502]\" id=\"form-field-field_dd56502\" class=\"elementor-field elementor-size-sm  elementor-field-textual\" placeholder=\"C\u00e0rrec*\" required=\"required\">\n\t\t\t\t\t\t\t\t\t\t\t<\/div>\n\t\t\t\t\t\t\t\t<div class=\"elementor-field-type-checkbox elementor-field-group elementor-column elementor-field-group-field_619856f elementor-col-100\">\n\t\t\t\t\t<div class=\"elementor-field-subgroup  \"><span class=\"elementor-field-option\"><input type=\"checkbox\" value=\"Desitjo contractar els serveis de promoci\u00f3 digital d&#039;amec (275\u20ac+IVA socis \/550\u20ac+IVA no socis)\" id=\"form-field-field_619856f-0\" name=\"form_fields[field_619856f]\"> <label for=\"form-field-field_619856f-0\">Desitjo contractar els serveis de promoci\u00f3 digital d'amec (275\u20ac+IVA socis \/550\u20ac+IVA no socis)<\/label><\/span><\/div>\t\t\t\t<\/div>\n\t\t\t\t\t\t\t\t<div class=\"elementor-field-type-checkbox elementor-field-group elementor-column elementor-field-group-field_6542e6d elementor-col-100\">\n\t\t\t\t\t<div class=\"elementor-field-subgroup  \"><span class=\"elementor-field-option\"><input type=\"checkbox\" value=\"Desitjo contractar els serveis de decoraci\u00f3 d&#039;amec (350\u20ac+IVA socis\/700\u20ac+IVA no socis)\" id=\"form-field-field_6542e6d-0\" name=\"form_fields[field_6542e6d]\"> <label for=\"form-field-field_6542e6d-0\">Desitjo contractar els serveis de decoraci\u00f3 d'amec (350\u20ac+IVA socis\/700\u20ac+IVA no socis)<\/label><\/span><\/div>\t\t\t\t<\/div>\n\t\t\t\t\t\t\t\t<div class=\"elementor-field-type-checkbox elementor-field-group elementor-column elementor-field-group-field_846c82c elementor-col-100\">\n\t\t\t\t\t<div class=\"elementor-field-subgroup  \"><span class=\"elementor-field-option\"><input type=\"checkbox\" value=\"Desitjo contractar els serveis de transport d&#039;amec (350\u20ac+IVA socis\/700\u20ac+IVA no socis)\" id=\"form-field-field_846c82c-0\" name=\"form_fields[field_846c82c]\"> <label for=\"form-field-field_846c82c-0\">Desitjo contractar els serveis de transport d'amec (350\u20ac+IVA socis\/700\u20ac+IVA no socis)<\/label><\/span><\/div>\t\t\t\t<\/div>\n\t\t\t\t\t\t\t\t<div class=\"elementor-field-type-radio elementor-field-group elementor-column elementor-field-group-field_cc6f572 elementor-col-100 elementor-field-required\">\n\t\t\t\t\t\t\t\t\t\t\t\t<label for=\"form-field-field_cc6f572\" class=\"elementor-field-label\">\n\t\t\t\t\t\t\t\tS\u00f3c membre d'amec*\t\t\t\t\t\t\t<\/label>\n\t\t\t\t\t\t<div class=\"elementor-field-subgroup  \"><span class=\"elementor-field-option\"><input type=\"radio\" value=\"S\u00ed No\" id=\"form-field-field_cc6f572-0\" name=\"form_fields[field_cc6f572]\" required=\"required\"> <label for=\"form-field-field_cc6f572-0\">S\u00ed No<\/label><\/span><\/div>\t\t\t\t<\/div>\n\t\t\t\t\t\t\t\t<div class=\"elementor-field-type-checkbox elementor-field-group elementor-column elementor-field-group-field_7259d92 elementor-col-100\">\n\t\t\t\t\t<div class=\"elementor-field-subgroup  \"><span class=\"elementor-field-option\"><input type=\"checkbox\" value=\"He llegit i accepto les condicions legals\" id=\"form-field-field_7259d92-0\" name=\"form_fields[field_7259d92]\"> <label for=\"form-field-field_7259d92-0\">He llegit i accepto les condicions legals<\/label><\/span><\/div>\t\t\t\t<\/div>\n\t\t\t\t\t\t\t\t<div class=\"elementor-field-group elementor-column elementor-field-type-submit elementor-col-20 e-form__buttons\">\n\t\t\t\t\t<button class=\"elementor-button elementor-size-sm\" type=\"submit\">\n\t\t\t\t\t\t<span class=\"elementor-button-content-wrapper\">\n\t\t\t\t\t\t\t\t\t\t\t\t\t\t\t\t\t\t\t\t\t\t<span class=\"elementor-button-text\">Enviar<\/span>\n\t\t\t\t\t\t\t\t\t\t\t\t\t<\/span>\n\t\t\t\t\t<\/button>\n\t\t\t\t<\/div>\n\t\t\t<\/div>\n\t\t<\/form>\n\t\t\t\t\t\t<\/div>\n\t\t\t\t<\/div>\n\t\t\t\t\t<\/div>\n\t\t<\/div>\n\t\t\t\t\t<\/div>\n\t\t<\/section>\n\t\t\t\t<section class=\"elementor-section elementor-top-section elementor-element elementor-element-4da0f02 elementor-section-boxed elementor-section-height-default elementor-section-height-default\" data-id=\"4da0f02\" data-element_type=\"section\" data-e-type=\"section\" data-settings=\"{&quot;background_background&quot;:&quot;classic&quot;,&quot;shape_divider_top&quot;:&quot;arrow&quot;}\">\n\t\t\t\t\t<div class=\"elementor-shape elementor-shape-top\" aria-hidden=\"true\" data-negative=\"false\">\n\t\t\t<svg xmlns=\"http:\/\/www.w3.org\/2000\/svg\" viewBox=\"0 0 700 10\" preserveAspectRatio=\"none\">\n\t<path class=\"elementor-shape-fill\" d=\"M350,10L340,0h20L350,10z\"\/>\n<\/svg>\t\t<\/div>\n\t\t\t\t\t<div class=\"elementor-container elementor-column-gap-default\">\n\t\t\t\t\t<div class=\"elementor-column elementor-col-50 elementor-top-column elementor-element elementor-element-5c9563d\" data-id=\"5c9563d\" data-element_type=\"column\" data-e-type=\"column\">\n\t\t\t<div class=\"elementor-widget-wrap elementor-element-populated\">\n\t\t\t\t\t\t<div class=\"elementor-element elementor-element-3aa4b25 elementor-widget elementor-widget-heading\" data-id=\"3aa4b25\" data-element_type=\"widget\" data-e-type=\"widget\" data-widget_type=\"heading.default\">\n\t\t\t\t<div class=\"elementor-widget-container\">\n\t\t\t\t\t<h2 class=\"elementor-heading-title elementor-size-default\">Potencia la teva participaci\u00f3 amb<br> els serveis d'amec  <\/h2>\t\t\t\t<\/div>\n\t\t\t\t<\/div>\n\t\t\t\t\t<\/div>\n\t\t<\/div>\n\t\t\t\t<div class=\"elementor-column elementor-col-50 elementor-top-column elementor-element elementor-element-f0d6a12\" data-id=\"f0d6a12\" data-element_type=\"column\" data-e-type=\"column\">\n\t\t\t<div class=\"elementor-widget-wrap elementor-element-populated\">\n\t\t\t\t\t\t<div class=\"elementor-element elementor-element-ded194a elementor-widget elementor-widget-heading\" data-id=\"ded194a\" data-element_type=\"widget\" data-e-type=\"widget\" data-widget_type=\"heading.default\">\n\t\t\t\t<div class=\"elementor-widget-container\">\n\t\t\t\t\t<h3 class=\"elementor-heading-title elementor-size-default\">Qu\u00e8 farem per tu si decideixes que t'hi acompanyem? <\/h3>\t\t\t\t<\/div>\n\t\t\t\t<\/div>\n\t\t\t\t<div class=\"elementor-element elementor-element-0f3ec69 elementor-widget elementor-widget-heading\" data-id=\"0f3ec69\" data-element_type=\"widget\" data-e-type=\"widget\" data-widget_type=\"heading.default\">\n\t\t\t\t<div class=\"elementor-widget-container\">\n\t\t\t\t\t<h3 class=\"elementor-heading-title elementor-size-default\"><b><i>amec alimentec<\/i><\/b> posa a la teva disposici\u00f3 una s\u00e8rie de serveis per potenciar la teva participaci\u00f3 a la <b>CFIA 2025<\/b><\/h3>\t\t\t\t<\/div>\n\t\t\t\t<\/div>\n\t\t\t\t<div class=\"elementor-element elementor-element-b644764 elementor-widget elementor-widget-text-editor\" data-id=\"b644764\" data-element_type=\"widget\" data-e-type=\"widget\" data-widget_type=\"text-editor.default\">\n\t\t\t\t<div class=\"elementor-widget-container\">\n\t\t\t\t\t\t\t\t\t<div data-id=\"fca5b3f\" data-element_type=\"widget\" data-widget_type=\"heading.default\">\n<div>\n<h5><b>Servei de transport<\/b><\/h5>\n<\/div>\n<\/div>\n<div data-id=\"9b99b5e\" data-element_type=\"widget\" data-widget_type=\"text-editor.default\">\n<div>\n<ul>\n<li>El servei de transport inclou:\n<ul>\n<li>Cerca, negociaci\u00f3 i coordinaci\u00f3 amb un transportista de confian\u00e7a<\/li>\n<li>Elaboraci\u00f3 d&#8217;un pressupost general amb possibilitat de fer grupatge de mercaderies entre diverses empreses estalviant costos<\/li>\n<li>Seguiment de l&#8217;enviament individual de cada empresa<\/li>\n<li>Supervisi\u00f3 durant el transport de la maquin\u00e0ria a fira[1]<\/li>\n<\/ul>\n<\/li>\n<\/ul>\n<div> <\/div>\n<p>Preu: <b>350<\/b> <strong>\u20ac + IVA<\/strong> per a socis d&#8217;amec\/ <b>7<\/b> <strong>00\u20ac + IVA<\/strong> per a no socis<\/p>\n<\/div>\n<\/div>\n\t\t\t\t\t\t\t\t<\/div>\n\t\t\t\t<\/div>\n\t\t\t\t<div class=\"elementor-element elementor-element-b8ed146 elementor-widget elementor-widget-text-editor\" data-id=\"b8ed146\" data-element_type=\"widget\" data-e-type=\"widget\" data-widget_type=\"text-editor.default\">\n\t\t\t\t<div class=\"elementor-widget-container\">\n\t\t\t\t\t\t\t\t\t<div data-id=\"fca5b3f\" data-element_type=\"widget\" data-widget_type=\"heading.default\">\n<div>\n<h5><b style=\"color: var( --e-global-color-primary ); font-family: var( --e-global-typography-primary-font-family ), Sans-serif; font-size: 1.25rem;\">Servei de decoraci\u00f3<\/b><\/h5>\n<\/div>\n<\/div>\n<div data-id=\"9b99b5e\" data-element_type=\"widget\" data-widget_type=\"text-editor.default\">\n<div>\n<ul>\n<li>El servei de decoraci\u00f3 inclou:<\/li>\n<\/ul>\n<div> <\/div>\n<ul>\n<li style=\"list-style-type: none;\">\n<ul>\n<li>Cerca, negociaci\u00f3 i coordinaci\u00f3 amb un contractista de confian\u00e7a  <\/li>\n<li>Elaboraci\u00f3 amb el contractista d&#8217;una proposta general de decoraci\u00f3 (admet customitzaci\u00f3)<\/li>\n<li>Seguiment del projecte individual de cada empresa<\/li>\n<li>Supervisi\u00f3 durant el muntatge. Estalvia haver de despla\u00e7ar-te abans d&#8217;hora![2]  <\/li>\n<\/ul>\n<\/li>\n<\/ul>\n<div> <\/div>\n<p>Preu: <b>350<\/b><strong>\u20ac + IVA<\/strong> per a socis d&#8217;amec\/ <b>7<\/b><strong>00\u20ac + IVA<\/strong> per a no socis<\/p>\n<\/div>\n<\/div>\n\t\t\t\t\t\t\t\t<\/div>\n\t\t\t\t<\/div>\n\t\t\t\t<div class=\"elementor-element elementor-element-bc67399 elementor-widget elementor-widget-text-editor\" data-id=\"bc67399\" data-element_type=\"widget\" data-e-type=\"widget\" data-widget_type=\"text-editor.default\">\n\t\t\t\t<div class=\"elementor-widget-container\">\n\t\t\t\t\t\t\t\t\t<div data-id=\"0f3ec69\" data-element_type=\"widget\" data-widget_type=\"heading.default\">\n<div>\n<div style=\"--flex-direction: initial; --flex-wrap: initial; --justify-content: initial; --align-items: initial; --align-content: initial; --gap: initial; --flex-basis: initial; --flex-grow: initial; --flex-shrink: initial; --order: initial; --align-self: initial; flex-basis: var(--flex-basis); flex-grow: var(--flex-grow); flex-shrink: var(--flex-shrink); order: var(--order); align-self: var(--align-self); flex-direction: var(--flex-direction); flex-wrap: var(--flex-wrap); justify-content: var(--justify-content); align-items: var(--align-items); align-content: var(--align-content); gap: var(--gap); position: relative; --swiper-theme-color: #000; --swiper-navigation-size: 44px; --swiper-pagination-bullet-size: 6px; --swiper-pagination-bullet-horizontal-gap: 6px; --widgets-spacing: 20px 20px; margin-bottom: 20px; margin-block-end: 20px;\" data-id=\"fca5b3f\" data-element_type=\"widget\" data-widget_type=\"heading.default\">\n<div style=\"transition: background .3s,border .3s,border-radius .3s,box-shadow .3s,transform var(--e-transform-transition-duration,.4s);\">\n<h5 style=\"font-family: var( --e-global-typography-primary-font-family ), Sans-serif; line-height: 1; padding: 0px; margin: 0px;\"><span style=\"font-weight: bold;\">Servei de promoci\u00f3 digital<\/span><\/h5>\n<\/div>\n<\/div>\n<\/div>\n<ul>\n<li><span style=\"color: var( --e-global-color-text ); font-family: var( --e-global-typography-text-font-family ), Sans-serif; font-weight: var( --e-global-typography-text-font-weight );\">El servei de promoci\u00f3 digital inclou:  <\/span><\/li>\n<\/ul>\n<div> <\/div>\n<\/div>\n<div data-id=\"b644764\" data-element_type=\"widget\" data-widget_type=\"text-editor.default\">\n<div>\n<ul>\n<li style=\"list-style-type: none;\">\n<ul>\n<li>Landing Page i Perfil Verified: una web espec\u00edfica per a la fira i un Perfil Verified de la teva empresa per promocionar la participaci\u00f3 espanyola dins del web del sector <span style=\"font-size: 11.0pt; line-height: 107%; font-family: 'Aptos',sans-serif; mso-ascii-theme-font: minor-latin; mso-fareast-font-family: Aptos; mso-fareast-theme-font: minor-latin; mso-hansi-theme-font: minor-latin; mso-bidi-font-family: Arial; mso-bidi-theme-font: minor-bidi; mso-ansi-language: ES; mso-fareast-language: EN-US; mso-bidi-language: AR-SA;\"><a href=\"https:\/\/foodtechnologies.biz\/\"><span style=\"font-size: 12.0pt; line-height: 107%; font-family: Poppins; mso-fareast-font-family: 'Times New Roman'; mso-font-kerning: 0pt; mso-ligatures: none; mso-fareast-language: ES;\">Spanish Technologies for Food<\/span><\/a><\/span> <span style=\"font-size: 12pt; line-height: 107%; font-family: Poppins;\">.<\/span><\/li>\n<li>Campanyes de Google Ads: potencia la teva imatge i capta leads de potencials distribu\u00efdors i compradors al mercat de dest\u00ed i altres<\/li>\n<li>Promoci\u00f3 a trav\u00e9s de Xarxes Socials: obteniu visibilitat de la vostra empresa a la p\u00e0gina LinkedIn de <span style=\"font-size: 11.0pt; line-height: 107%; font-family: 'Aptos',sans-serif; mso-ascii-theme-font: minor-latin; mso-fareast-font-family: Aptos; mso-fareast-theme-font: minor-latin; mso-hansi-theme-font: minor-latin; mso-bidi-font-family: Arial; mso-bidi-theme-font: minor-bidi; mso-ansi-language: ES; mso-fareast-language: EN-US; mso-bidi-language: AR-SA;\"><a href=\"https:\/\/foodtechnologies.biz\/\"><span style=\"font-size: 12.0pt; line-height: 107%; font-family: Poppins; mso-fareast-font-family: 'Times New Roman'; mso-font-kerning: 0pt; mso-ligatures: none; mso-fareast-language: ES;\">Spanish Technologies for Food<\/span><\/a><\/span> <span style=\"font-size: 12pt; line-height: 107%; font-family: Poppins;\">.<\/span><\/li>\n<\/ul>\n<\/li>\n<\/ul>\n<\/div>\n<div> <\/div>\n<p>Preu: <strong>275 \u20ac + IVA<\/strong> per a socis d&#8217;amec\/ <strong>550 \u20ac + IVA<\/strong> per a no socis<\/p>\n<\/div>\n\t\t\t\t\t\t\t\t<\/div>\n\t\t\t\t<\/div>\n\t\t\t\t<div class=\"elementor-element elementor-element-4dc345f elementor-widget elementor-widget-text-editor\" data-id=\"4dc345f\" data-element_type=\"widget\" data-e-type=\"widget\" data-widget_type=\"text-editor.default\">\n\t\t\t\t<div class=\"elementor-widget-container\">\n\t\t\t\t\t\t\t\t\t<p><b>Contracta els 3 serveis (decoraci\u00f3, transport i promoci\u00f3 digital) i gaudeix d\u00b4un descompte!<\/b><\/p>\n<p><b>900\u20ac + IVA socis\/1800\u20ac + IVA no socis<\/b><\/p>\n\t\t\t\t\t\t\t\t<\/div>\n\t\t\t\t<\/div>\n\t\t\t\t<div class=\"elementor-element elementor-element-25bc08f elementor-widget elementor-widget-text-editor\" data-id=\"25bc08f\" data-element_type=\"widget\" data-e-type=\"widget\" data-widget_type=\"text-editor.default\">\n\t\t\t\t<div class=\"elementor-widget-container\">\n\t\t\t\t\t\t\t\t\t<h5><b>Data l\u00edmit de contractaci\u00f3 dels serveis: 1 de febrer de 2025<\/b><\/h5>\n\t\t\t\t\t\t\t\t<\/div>\n\t\t\t\t<\/div>\n\t\t\t\t<div class=\"elementor-element elementor-element-7ae98fb elementor-widget elementor-widget-text-editor\" data-id=\"7ae98fb\" data-element_type=\"widget\" data-e-type=\"widget\" data-widget_type=\"text-editor.default\">\n\t\t\t\t<div class=\"elementor-widget-container\">\n\t\t\t\t\t\t\t\t\t<p>[1]&nbsp; <span style=\"color: var( --e-global-color-text ); font-family: var( --e-global-typography-text-font-family ), Sans-serif; font-weight: var( --e-global-typography-text-font-weight );\">[2] Ser\u00e0 necess\u00e0ria la contractaci\u00f3 d&#8217;un m\u00ednim de 4 serveis de decoraci\u00f3 i\/o transport per poder oferir l&#8217;acompanyament durant la fira pel personal d&#8217;amec alimentec.<\/span><\/p>\n<p><\/p>\t\t\t\t\t\t\t\t<\/div>\n\t\t\t\t<\/div>\n\t\t\t\t\t<\/div>\n\t\t<\/div>\n\t\t\t\t\t<\/div>\n\t\t<\/section>\n\t\t\t\t<section class=\"elementor-section elementor-top-section elementor-element elementor-element-76d5d7b elementor-section-boxed elementor-section-height-default elementor-section-height-default\" data-id=\"76d5d7b\" data-element_type=\"section\" data-e-type=\"section\" data-settings=\"{&quot;background_background&quot;:&quot;classic&quot;}\">\n\t\t\t\t\t\t<div class=\"elementor-container elementor-column-gap-default\">\n\t\t\t\t\t<div class=\"elementor-column elementor-col-100 elementor-top-column elementor-element elementor-element-5ffeb80\" data-id=\"5ffeb80\" data-element_type=\"column\" data-e-type=\"column\">\n\t\t\t<div class=\"elementor-widget-wrap elementor-element-populated\">\n\t\t\t\t\t\t<div class=\"elementor-element elementor-element-5273b1f elementor-widget elementor-widget-heading\" data-id=\"5273b1f\" data-element_type=\"widget\" data-e-type=\"widget\" data-widget_type=\"heading.default\">\n\t\t\t\t<div class=\"elementor-widget-container\">\n\t\t\t\t\t<h3 class=\"elementor-heading-title elementor-size-default\">Vols m\u00e9s informaci\u00f3? Contacta'ns!<\/h3>\t\t\t\t<\/div>\n\t\t\t\t<\/div>\n\t\t\t\t<div class=\"elementor-element elementor-element-a6d32a0 elementor-widget__width-initial elementor-widget-divider--view-line elementor-widget elementor-widget-global elementor-global-48210 elementor-global-159 elementor-widget-divider\" data-id=\"a6d32a0\" data-element_type=\"widget\" data-e-type=\"widget\" data-widget_type=\"divider.default\">\n\t\t\t\t<div class=\"elementor-widget-container\">\n\t\t\t\t\t\t\t<div class=\"elementor-divider\">\n\t\t\t<span class=\"elementor-divider-separator\">\n\t\t\t\t\t\t<\/span>\n\t\t<\/div>\n\t\t\t\t\t\t<\/div>\n\t\t\t\t<\/div>\n\t\t\t\t<div class=\"elementor-element elementor-element-a499faa elementor-widget elementor-widget-spacer\" data-id=\"a499faa\" data-element_type=\"widget\" data-e-type=\"widget\" data-widget_type=\"spacer.default\">\n\t\t\t\t<div class=\"elementor-widget-container\">\n\t\t\t\t\t\t\t<div class=\"elementor-spacer\">\n\t\t\t<div class=\"elementor-spacer-inner\"><\/div>\n\t\t<\/div>\n\t\t\t\t\t\t<\/div>\n\t\t\t\t<\/div>\n\t\t\t\t<section class=\"elementor-section elementor-inner-section elementor-element elementor-element-9ac67b3 elementor-section-content-middle elementor-section-boxed elementor-section-height-default elementor-section-height-default\" data-id=\"9ac67b3\" data-element_type=\"section\" data-e-type=\"section\">\n\t\t\t\t\t\t<div class=\"elementor-container elementor-column-gap-wide\">\n\t\t\t\t\t<div class=\"elementor-column elementor-col-50 elementor-inner-column elementor-element elementor-element-1b81864\" data-id=\"1b81864\" data-element_type=\"column\" data-e-type=\"column\">\n\t\t\t<div class=\"elementor-widget-wrap elementor-element-populated\">\n\t\t\t\t\t\t<div class=\"elementor-element elementor-element-d96748b elementor-widget__width-initial elementor-widget elementor-widget-image\" data-id=\"d96748b\" data-element_type=\"widget\" data-e-type=\"widget\" data-widget_type=\"image.default\">\n\t\t\t\t<div class=\"elementor-widget-container\">\n\t\t\t\t\t\t\t\t\t\t\t\t\t\t\t<img decoding=\"async\" src=\"https:\/\/amec.es\/wp-content\/uploads\/elementor\/thumbs\/aleixok-redim-w480-h480-qabcjv3bf139p04gpzu52ltbssgbu0wfwl6x65p66g.jpg\" title=\"aleixok-redim-w480-h480\" alt=\"aleixok-redim-w480-h480\" loading=\"lazy\" \/>\t\t\t\t\t\t\t\t\t\t\t\t\t\t\t<\/div>\n\t\t\t\t<\/div>\n\t\t\t\t\t<\/div>\n\t\t<\/div>\n\t\t\t\t<div class=\"elementor-column elementor-col-50 elementor-inner-column elementor-element elementor-element-96d844a\" data-id=\"96d844a\" data-element_type=\"column\" data-e-type=\"column\">\n\t\t\t<div class=\"elementor-widget-wrap elementor-element-populated\">\n\t\t\t\t\t\t<div class=\"elementor-element elementor-element-8b66858 elementor-icon-list--layout-traditional elementor-list-item-link-full_width elementor-widget elementor-widget-icon-list\" data-id=\"8b66858\" data-element_type=\"widget\" data-e-type=\"widget\" data-widget_type=\"icon-list.default\">\n\t\t\t\t<div class=\"elementor-widget-container\">\n\t\t\t\t\t\t\t<ul class=\"elementor-icon-list-items\">\n\t\t\t\t\t\t\t<li class=\"elementor-icon-list-item\">\n\t\t\t\t\t\t\t\t\t\t\t<span class=\"elementor-icon-list-icon\">\n\t\t\t\t\t\t\t<i aria-hidden=\"true\" class=\"fas fa-user-circle\"><\/i>\t\t\t\t\t\t<\/span>\n\t\t\t\t\t\t\t\t\t\t<span class=\"elementor-icon-list-text\">Aleix Serrallonga<\/span>\n\t\t\t\t\t\t\t\t\t<\/li>\n\t\t\t\t\t\t\t\t<li class=\"elementor-icon-list-item\">\n\t\t\t\t\t\t\t\t\t\t\t<span class=\"elementor-icon-list-icon\">\n\t\t\t\t\t\t\t<i aria-hidden=\"true\" class=\"fas fa-briefcase\"><\/i>\t\t\t\t\t\t<\/span>\n\t\t\t\t\t\t\t\t\t\t<span class=\"elementor-icon-list-text\">T\u00e8cnic de promoci\u00f3 internacional<\/span>\n\t\t\t\t\t\t\t\t\t<\/li>\n\t\t\t\t\t\t\t\t<li class=\"elementor-icon-list-item\">\n\t\t\t\t\t\t\t\t\t\t\t<span class=\"elementor-icon-list-icon\">\n\t\t\t\t\t\t\t<i aria-hidden=\"true\" class=\"fas fa-envelope\"><\/i>\t\t\t\t\t\t<\/span>\n\t\t\t\t\t\t\t\t\t\t<span class=\"elementor-icon-list-text\">aserrallonga@amec.es<\/span>\n\t\t\t\t\t\t\t\t\t<\/li>\n\t\t\t\t\t\t<\/ul>\n\t\t\t\t\t\t<\/div>\n\t\t\t\t<\/div>\n\t\t\t\t\t<\/div>\n\t\t<\/div>\n\t\t\t\t\t<\/div>\n\t\t<\/section>\n\t\t\t\t\t<\/div>\n\t\t<\/div>\n\t\t\t\t\t<\/div>\n\t\t<\/section>\n\t\t\t\t<\/div>\n\t\t","protected":false},"excerpt":{"rendered":"<p>Fira CFIA 2025 4 al 6 de mar\u00e7 de 2025 Rennes Parc Expo, Rennes Per qu\u00e8 no te la pots perdre? +19.750 visitants de fins a 170 pa\u00efsos el 2024 90% de visitants amb poder de compra Un dels punts de trobada m\u00e9s important a nivell europeu per a les empreses dels subsectors d&#8217;ingredients i [&hellip;]<\/p>\n","protected":false},"author":1,"featured_media":0,"parent":0,"menu_order":0,"comment_status":"closed","ping_status":"closed","template":"","meta":{"inline_featured_image":false,"footnotes":""},"categories":[],"tags":[],"class_list":["post-24668","page","type-page","status-publish","hentry"],"yoast_head":"<!-- This site is optimized with the Yoast SEO plugin v27.3 - https:\/\/yoast.com\/product\/yoast-seo-wordpress\/ -->\n<title>CFIA 2025 | amec Positive Industry<\/title>\n<meta name=\"robots\" content=\"index, follow, max-snippet:-1, max-image-preview:large, max-video-preview:-1\" \/>\n<link rel=\"canonical\" href=\"https:\/\/amec.es\/cfia-2025\/\" \/>\n<meta property=\"og:locale\" content=\"ca_ES\" \/>\n<meta property=\"og:type\" content=\"article\" \/>\n<meta property=\"og:title\" content=\"CFIA 2025 | amec Positive Industry\" \/>\n<meta property=\"og:description\" content=\"Fira CFIA 2025 4 al 6 de mar\u00e7 de 2025 Rennes Parc Expo, Rennes Per qu\u00e8 no te la pots perdre? +19.750 visitants de fins a 170 pa\u00efsos el 2024 90% de visitants amb poder de compra Un dels punts de trobada m\u00e9s important a nivell europeu per a les empreses dels subsectors d&#8217;ingredients i [&hellip;]\" \/>\n<meta property=\"og:url\" content=\"https:\/\/amec.es\/cfia-2025\/\" \/>\n<meta property=\"og:site_name\" content=\"amec Positive Industry\" \/>\n<meta property=\"article:modified_time\" content=\"2024-10-24T10:18:15+00:00\" \/>\n<meta property=\"og:image\" content=\"https:\/\/www.amec.es\/wp-content\/uploads\/2023\/08\/aleixok-redim-w480-h480-150x150.jpg\" \/>\n<meta name=\"twitter:card\" content=\"summary_large_image\" \/>\n<meta name=\"twitter:label1\" content=\"Temps estimat de lectura\" \/>\n\t<meta name=\"twitter:data1\" content=\"2 minuts\" \/>\n<script type=\"application\/ld+json\" class=\"yoast-schema-graph\">{\"@context\":\"https:\\\/\\\/schema.org\",\"@graph\":[{\"@type\":\"WebPage\",\"@id\":\"https:\\\/\\\/amec.es\\\/cfia-2025\\\/\",\"url\":\"https:\\\/\\\/amec.es\\\/cfia-2025\\\/\",\"name\":\"CFIA 2025 | amec Positive Industry\",\"isPartOf\":{\"@id\":\"https:\\\/\\\/amec.es\\\/#website\"},\"primaryImageOfPage\":{\"@id\":\"https:\\\/\\\/amec.es\\\/cfia-2025\\\/#primaryimage\"},\"image\":{\"@id\":\"https:\\\/\\\/amec.es\\\/cfia-2025\\\/#primaryimage\"},\"thumbnailUrl\":\"https:\\\/\\\/www.amec.es\\\/wp-content\\\/uploads\\\/2023\\\/08\\\/aleixok-redim-w480-h480-150x150.jpg\",\"datePublished\":\"2024-10-10T16:25:18+00:00\",\"dateModified\":\"2024-10-24T10:18:15+00:00\",\"breadcrumb\":{\"@id\":\"https:\\\/\\\/amec.es\\\/cfia-2025\\\/#breadcrumb\"},\"inLanguage\":\"ca\",\"potentialAction\":[{\"@type\":\"ReadAction\",\"target\":[\"https:\\\/\\\/amec.es\\\/cfia-2025\\\/\"]}]},{\"@type\":\"ImageObject\",\"inLanguage\":\"ca\",\"@id\":\"https:\\\/\\\/amec.es\\\/cfia-2025\\\/#primaryimage\",\"url\":\"https:\\\/\\\/www.amec.es\\\/wp-content\\\/uploads\\\/2023\\\/08\\\/aleixok-redim-w480-h480-150x150.jpg\",\"contentUrl\":\"https:\\\/\\\/www.amec.es\\\/wp-content\\\/uploads\\\/2023\\\/08\\\/aleixok-redim-w480-h480-150x150.jpg\"},{\"@type\":\"BreadcrumbList\",\"@id\":\"https:\\\/\\\/amec.es\\\/cfia-2025\\\/#breadcrumb\",\"itemListElement\":[{\"@type\":\"ListItem\",\"position\":1,\"name\":\"Portada\",\"item\":\"https:\\\/\\\/amec.es\\\/ca\\\/home-new\\\/\"},{\"@type\":\"ListItem\",\"position\":2,\"name\":\"CFIA 2025\"}]},{\"@type\":\"WebSite\",\"@id\":\"https:\\\/\\\/amec.es\\\/#website\",\"url\":\"https:\\\/\\\/amec.es\\\/\",\"name\":\"amec Positive Industry\",\"description\":\"\",\"publisher\":{\"@id\":\"https:\\\/\\\/amec.es\\\/#organization\"},\"potentialAction\":[{\"@type\":\"SearchAction\",\"target\":{\"@type\":\"EntryPoint\",\"urlTemplate\":\"https:\\\/\\\/amec.es\\\/?s={search_term_string}\"},\"query-input\":{\"@type\":\"PropertyValueSpecification\",\"valueRequired\":true,\"valueName\":\"search_term_string\"}}],\"inLanguage\":\"ca\"},{\"@type\":\"Organization\",\"@id\":\"https:\\\/\\\/amec.es\\\/#organization\",\"name\":\"amec Positive Industry\",\"url\":\"https:\\\/\\\/amec.es\\\/\",\"logo\":{\"@type\":\"ImageObject\",\"inLanguage\":\"ca\",\"@id\":\"https:\\\/\\\/amec.es\\\/#\\\/schema\\\/logo\\\/image\\\/\",\"url\":\"https:\\\/\\\/amec.es\\\/wp-content\\\/uploads\\\/2023\\\/07\\\/logoamec.png\",\"contentUrl\":\"https:\\\/\\\/amec.es\\\/wp-content\\\/uploads\\\/2023\\\/07\\\/logoamec.png\",\"width\":200,\"height\":48,\"caption\":\"amec Positive Industry\"},\"image\":{\"@id\":\"https:\\\/\\\/amec.es\\\/#\\\/schema\\\/logo\\\/image\\\/\"}}]}<\/script>\n<!-- \/ Yoast SEO plugin. -->","yoast_head_json":{"title":"CFIA 2025 | amec Positive Industry","robots":{"index":"index","follow":"follow","max-snippet":"max-snippet:-1","max-image-preview":"max-image-preview:large","max-video-preview":"max-video-preview:-1"},"canonical":"https:\/\/amec.es\/cfia-2025\/","og_locale":"ca_ES","og_type":"article","og_title":"CFIA 2025 | amec Positive Industry","og_description":"Fira CFIA 2025 4 al 6 de mar\u00e7 de 2025 Rennes Parc Expo, Rennes Per qu\u00e8 no te la pots perdre? +19.750 visitants de fins a 170 pa\u00efsos el 2024 90% de visitants amb poder de compra Un dels punts de trobada m\u00e9s important a nivell europeu per a les empreses dels subsectors d&#8217;ingredients i [&hellip;]","og_url":"https:\/\/amec.es\/cfia-2025\/","og_site_name":"amec Positive Industry","article_modified_time":"2024-10-24T10:18:15+00:00","og_image":[{"url":"https:\/\/www.amec.es\/wp-content\/uploads\/2023\/08\/aleixok-redim-w480-h480-150x150.jpg","type":"","width":"","height":""}],"twitter_card":"summary_large_image","twitter_misc":{"Temps estimat de lectura":"2 minuts"},"schema":{"@context":"https:\/\/schema.org","@graph":[{"@type":"WebPage","@id":"https:\/\/amec.es\/cfia-2025\/","url":"https:\/\/amec.es\/cfia-2025\/","name":"CFIA 2025 | amec Positive Industry","isPartOf":{"@id":"https:\/\/amec.es\/#website"},"primaryImageOfPage":{"@id":"https:\/\/amec.es\/cfia-2025\/#primaryimage"},"image":{"@id":"https:\/\/amec.es\/cfia-2025\/#primaryimage"},"thumbnailUrl":"https:\/\/www.amec.es\/wp-content\/uploads\/2023\/08\/aleixok-redim-w480-h480-150x150.jpg","datePublished":"2024-10-10T16:25:18+00:00","dateModified":"2024-10-24T10:18:15+00:00","breadcrumb":{"@id":"https:\/\/amec.es\/cfia-2025\/#breadcrumb"},"inLanguage":"ca","potentialAction":[{"@type":"ReadAction","target":["https:\/\/amec.es\/cfia-2025\/"]}]},{"@type":"ImageObject","inLanguage":"ca","@id":"https:\/\/amec.es\/cfia-2025\/#primaryimage","url":"https:\/\/www.amec.es\/wp-content\/uploads\/2023\/08\/aleixok-redim-w480-h480-150x150.jpg","contentUrl":"https:\/\/www.amec.es\/wp-content\/uploads\/2023\/08\/aleixok-redim-w480-h480-150x150.jpg"},{"@type":"BreadcrumbList","@id":"https:\/\/amec.es\/cfia-2025\/#breadcrumb","itemListElement":[{"@type":"ListItem","position":1,"name":"Portada","item":"https:\/\/amec.es\/ca\/home-new\/"},{"@type":"ListItem","position":2,"name":"CFIA 2025"}]},{"@type":"WebSite","@id":"https:\/\/amec.es\/#website","url":"https:\/\/amec.es\/","name":"amec Positive Industry","description":"","publisher":{"@id":"https:\/\/amec.es\/#organization"},"potentialAction":[{"@type":"SearchAction","target":{"@type":"EntryPoint","urlTemplate":"https:\/\/amec.es\/?s={search_term_string}"},"query-input":{"@type":"PropertyValueSpecification","valueRequired":true,"valueName":"search_term_string"}}],"inLanguage":"ca"},{"@type":"Organization","@id":"https:\/\/amec.es\/#organization","name":"amec Positive Industry","url":"https:\/\/amec.es\/","logo":{"@type":"ImageObject","inLanguage":"ca","@id":"https:\/\/amec.es\/#\/schema\/logo\/image\/","url":"https:\/\/amec.es\/wp-content\/uploads\/2023\/07\/logoamec.png","contentUrl":"https:\/\/amec.es\/wp-content\/uploads\/2023\/07\/logoamec.png","width":200,"height":48,"caption":"amec Positive Industry"},"image":{"@id":"https:\/\/amec.es\/#\/schema\/logo\/image\/"}}]}},"_links":{"self":[{"href":"https:\/\/amec.es\/ca\/wp-json\/wp\/v2\/pages\/24668","targetHints":{"allow":["GET"]}}],"collection":[{"href":"https:\/\/amec.es\/ca\/wp-json\/wp\/v2\/pages"}],"about":[{"href":"https:\/\/amec.es\/ca\/wp-json\/wp\/v2\/types\/page"}],"author":[{"embeddable":true,"href":"https:\/\/amec.es\/ca\/wp-json\/wp\/v2\/users\/1"}],"replies":[{"embeddable":true,"href":"https:\/\/amec.es\/ca\/wp-json\/wp\/v2\/comments?post=24668"}],"version-history":[{"count":2,"href":"https:\/\/amec.es\/ca\/wp-json\/wp\/v2\/pages\/24668\/revisions"}],"predecessor-version":[{"id":24671,"href":"https:\/\/amec.es\/ca\/wp-json\/wp\/v2\/pages\/24668\/revisions\/24671"}],"wp:attachment":[{"href":"https:\/\/amec.es\/ca\/wp-json\/wp\/v2\/media?parent=24668"}],"wp:term":[{"taxonomy":"category","embeddable":true,"href":"https:\/\/amec.es\/ca\/wp-json\/wp\/v2\/categories?post=24668"},{"taxonomy":"post_tag","embeddable":true,"href":"https:\/\/amec.es\/ca\/wp-json\/wp\/v2\/tags?post=24668"}],"curies":[{"name":"wp","href":"https:\/\/api.w.org\/{rel}","templated":true}]}}