{"id":27374,"date":"2024-11-26T17:09:00","date_gmt":"2024-11-26T16:09:00","guid":{"rendered":"https:\/\/www.amec.es\/industria-4-0-en-maquinaria-beneficis-de-la-ia-a-la-produccio\/"},"modified":"2025-04-11T14:07:26","modified_gmt":"2025-04-11T12:07:26","slug":"industria-4-0-en-maquinaria-beneficis-de-la-ia-a-la-produccio","status":"publish","type":"page","link":"https:\/\/amec.es\/ca\/industria-4-0-en-maquinaria-beneficis-de-la-ia-a-la-produccio\/","title":{"rendered":"Ind\u00fastria 4.0 en maquin\u00e0ria: beneficis de la IA a la producci\u00f3"},"content":{"rendered":"\t\t<div data-elementor-type=\"wp-page\" data-elementor-id=\"27374\" class=\"elementor elementor-27374 elementor-26066\" data-elementor-post-type=\"page\">\n\t\t\t\t\t\t<section class=\"elementor-section elementor-top-section elementor-element elementor-element-20f2eca elementor-section-height-min-height elementor-section-stretched elementor-section-boxed elementor-section-height-default elementor-section-items-middle\" data-id=\"20f2eca\" data-element_type=\"section\" data-e-type=\"section\" data-settings=\"{&quot;stretch_section&quot;:&quot;section-stretched&quot;,&quot;background_background&quot;:&quot;classic&quot;}\">\n\t\t\t\t\t\t\t<div class=\"elementor-background-overlay\"><\/div>\n\t\t\t\t\t\t\t<div class=\"elementor-container elementor-column-gap-default\">\n\t\t\t\t\t<div class=\"elementor-column elementor-col-100 elementor-top-column elementor-element elementor-element-b397ef9\" data-id=\"b397ef9\" data-element_type=\"column\" data-e-type=\"column\">\n\t\t\t<div class=\"elementor-widget-wrap elementor-element-populated\">\n\t\t\t\t\t\t<div class=\"elementor-element elementor-element-925e3e5 elementor-widget elementor-widget-spacer\" data-id=\"925e3e5\" data-element_type=\"widget\" data-e-type=\"widget\" data-widget_type=\"spacer.default\">\n\t\t\t\t<div class=\"elementor-widget-container\">\n\t\t\t\t\t\t\t<div class=\"elementor-spacer\">\n\t\t\t<div class=\"elementor-spacer-inner\"><\/div>\n\t\t<\/div>\n\t\t\t\t\t\t<\/div>\n\t\t\t\t<\/div>\n\t\t\t\t<div class=\"elementor-element elementor-element-7bf3477 elementor-position-inline-start elementor-view-default elementor-mobile-position-block-start elementor-widget elementor-widget-icon-box\" data-id=\"7bf3477\" data-element_type=\"widget\" data-e-type=\"widget\" data-widget_type=\"icon-box.default\">\n\t\t\t\t<div class=\"elementor-widget-container\">\n\t\t\t\t\t\t\t<div class=\"elementor-icon-box-wrapper\">\n\n\t\t\t\t\t\t<div class=\"elementor-icon-box-icon\">\n\t\t\t\t<a href=\"https:\/\/www.amec.es\/ca\/agenda\/\" class=\"elementor-icon\" tabindex=\"-1\" aria-label=\"Consulta altres activitats\">\n\t\t\t\t<i aria-hidden=\"true\" class=\"fas fa-angle-double-left\"><\/i>\t\t\t\t<\/a>\n\t\t\t<\/div>\n\t\t\t\n\t\t\t\t\t\t<div class=\"elementor-icon-box-content\">\n\n\t\t\t\t\t\t\t\t\t<p class=\"elementor-icon-box-title\">\n\t\t\t\t\t\t<a href=\"https:\/\/www.amec.es\/ca\/agenda\/\" >\n\t\t\t\t\t\t\tConsulta altres activitats\t\t\t\t\t\t<\/a>\n\t\t\t\t\t<\/p>\n\t\t\t\t\n\t\t\t\t\n\t\t\t<\/div>\n\t\t\t\n\t\t<\/div>\n\t\t\t\t\t\t<\/div>\n\t\t\t\t<\/div>\n\t\t\t\t<div class=\"elementor-element elementor-element-8c8c893 elementor-widget elementor-widget-spacer\" data-id=\"8c8c893\" data-element_type=\"widget\" data-e-type=\"widget\" data-widget_type=\"spacer.default\">\n\t\t\t\t<div class=\"elementor-widget-container\">\n\t\t\t\t\t\t\t<div class=\"elementor-spacer\">\n\t\t\t<div class=\"elementor-spacer-inner\"><\/div>\n\t\t<\/div>\n\t\t\t\t\t\t<\/div>\n\t\t\t\t<\/div>\n\t\t\t\t<div class=\"elementor-element elementor-element-e67fe96 elementor-widget elementor-widget-heading\" data-id=\"e67fe96\" data-element_type=\"widget\" data-e-type=\"widget\" data-widget_type=\"heading.default\">\n\t\t\t\t<div class=\"elementor-widget-container\">\n\t\t\t\t\t<h1 class=\"elementor-heading-title elementor-size-default\">Ind\u00fastria 4.0 en maquin\u00e0ria:\n beneficis de la IA en la producci\u00f3<\/h1>\t\t\t\t<\/div>\n\t\t\t\t<\/div>\n\t\t\t\t<div class=\"elementor-element elementor-element-ef1dc8f elementor-widget__width-initial elementor-widget-divider--view-line elementor-widget elementor-widget-global elementor-global-48210 elementor-global-159 elementor-widget-divider\" data-id=\"ef1dc8f\" data-element_type=\"widget\" data-e-type=\"widget\" data-widget_type=\"divider.default\">\n\t\t\t\t<div class=\"elementor-widget-container\">\n\t\t\t\t\t\t\t<div class=\"elementor-divider\">\n\t\t\t<span class=\"elementor-divider-separator\">\n\t\t\t\t\t\t<\/span>\n\t\t<\/div>\n\t\t\t\t\t\t<\/div>\n\t\t\t\t<\/div>\n\t\t\t\t<div class=\"elementor-element elementor-element-63205bc elementor-icon-list--layout-traditional elementor-list-item-link-full_width elementor-widget elementor-widget-icon-list\" data-id=\"63205bc\" data-element_type=\"widget\" data-e-type=\"widget\" data-widget_type=\"icon-list.default\">\n\t\t\t\t<div class=\"elementor-widget-container\">\n\t\t\t\t\t\t\t<ul class=\"elementor-icon-list-items\">\n\t\t\t\t\t\t\t<li class=\"elementor-icon-list-item\">\n\t\t\t\t\t\t\t\t\t\t\t<span class=\"elementor-icon-list-icon\">\n\t\t\t\t\t\t\t<i aria-hidden=\"true\" class=\"fas fa-calendar-alt\"><\/i>\t\t\t\t\t\t<\/span>\n\t\t\t\t\t\t\t\t\t\t<span class=\"elementor-icon-list-text\">21 de maig del 2025. De 9:00 a 12:00<\/span>\n\t\t\t\t\t\t\t\t\t<\/li>\n\t\t\t\t\t\t\t\t<li class=\"elementor-icon-list-item\">\n\t\t\t\t\t\t\t\t\t\t\t<span class=\"elementor-icon-list-icon\">\n\t\t\t\t\t\t\t<i aria-hidden=\"true\" class=\"fas fa-map-marker-alt\"><\/i>\t\t\t\t\t\t<\/span>\n\t\t\t\t\t\t\t\t\t\t<span class=\"elementor-icon-list-text\">Sessi\u00f3 online<\/span>\n\t\t\t\t\t\t\t\t\t<\/li>\n\t\t\t\t\t\t\t\t<li class=\"elementor-icon-list-item\">\n\t\t\t\t\t\t\t\t\t\t\t<span class=\"elementor-icon-list-icon\">\n\t\t\t\t\t\t\t<i aria-hidden=\"true\" class=\"far fa-money-bill-alt\"><\/i>\t\t\t\t\t\t<\/span>\n\t\t\t\t\t\t\t\t\t\t<span class=\"elementor-icon-list-text\">190\u20ac+IVA- 10% de dte. per a inscripcions abans del 5 de maig<\/span>\n\t\t\t\t\t\t\t\t\t<\/li>\n\t\t\t\t\t\t<\/ul>\n\t\t\t\t\t\t<\/div>\n\t\t\t\t<\/div>\n\t\t\t\t\t<\/div>\n\t\t<\/div>\n\t\t\t\t\t<\/div>\n\t\t<\/section>\n\t\t\t\t<section class=\"elementor-section elementor-top-section elementor-element elementor-element-250aa52 elementor-section-stretched elementor-section-content-middle elementor-section-boxed elementor-section-height-default elementor-section-height-default\" data-id=\"250aa52\" data-element_type=\"section\" data-e-type=\"section\" data-settings=\"{&quot;stretch_section&quot;:&quot;section-stretched&quot;}\">\n\t\t\t\t\t\t<div class=\"elementor-container elementor-column-gap-wider\">\n\t\t\t\t\t<div class=\"elementor-column elementor-col-50 elementor-top-column elementor-element elementor-element-7722d73\" data-id=\"7722d73\" data-element_type=\"column\" data-e-type=\"column\">\n\t\t\t<div class=\"elementor-widget-wrap elementor-element-populated\">\n\t\t\t\t\t\t<div class=\"elementor-element elementor-element-dcf2bf5 elementor-widget elementor-widget-heading\" data-id=\"dcf2bf5\" data-element_type=\"widget\" data-e-type=\"widget\" data-widget_type=\"heading.default\">\n\t\t\t\t<div class=\"elementor-widget-container\">\n\t\t\t\t\t<h2 class=\"elementor-heading-title elementor-size-default\">Per qu\u00e8 no te les pots perdre?<\/h2>\t\t\t\t<\/div>\n\t\t\t\t<\/div>\n\t\t\t\t<div class=\"elementor-element elementor-element-1fc040c elementor-widget elementor-widget-text-editor\" data-id=\"1fc040c\" data-element_type=\"widget\" data-e-type=\"widget\" data-widget_type=\"text-editor.default\">\n\t\t\t\t<div class=\"elementor-widget-container\">\n\t\t\t\t\t\t\t\t\t<p>La sessi\u00f3 pret\u00e9n demostrar els <strong>beneficis reals de la implementaci\u00f3 de la IA a la maquin\u00e0ria<\/strong> i com les empreses industrials poden aprofitar la tecnologia per millorar els seus productes i processos.<\/p><p>A trav\u00e9s de <strong>diferents casos pr\u00e0ctics, coneixerem les eines avan\u00e7ades que han fet servir per optimitzar els seus processos productius<\/strong> coneixerem els reptes que s&#8217;han superat i els resultats obtinguts.<\/p>\t\t\t\t\t\t\t\t<\/div>\n\t\t\t\t<\/div>\n\t\t\t\t\t<\/div>\n\t\t<\/div>\n\t\t\t\t<div class=\"elementor-column elementor-col-50 elementor-top-column elementor-element elementor-element-e12054e\" data-id=\"e12054e\" data-element_type=\"column\" data-e-type=\"column\" data-settings=\"{&quot;background_background&quot;:&quot;classic&quot;}\">\n\t\t\t<div class=\"elementor-widget-wrap elementor-element-populated\">\n\t\t\t\t\t\t<div class=\"elementor-element elementor-element-c1ad140 elementor-widget elementor-widget-menu-anchor\" data-id=\"c1ad140\" data-element_type=\"widget\" data-e-type=\"widget\" data-widget_type=\"menu-anchor.default\">\n\t\t\t\t<div class=\"elementor-widget-container\">\n\t\t\t\t\t\t\t<div class=\"elementor-menu-anchor\" id=\"formulari\"><\/div>\n\t\t\t\t\t\t<\/div>\n\t\t\t\t<\/div>\n\t\t\t\t<div class=\"elementor-element elementor-element-0ac6d85 elementor-widget elementor-widget-heading\" data-id=\"0ac6d85\" data-element_type=\"widget\" data-e-type=\"widget\" data-widget_type=\"heading.default\">\n\t\t\t\t<div class=\"elementor-widget-container\">\n\t\t\t\t\t<h2 class=\"elementor-heading-title elementor-size-default\">Apunta't a la formaci\u00f3: Ind\u00fastria 4.0 en maquin\u00e0ria: beneficis de la IA a la producci\u00f3!<\/h2>\t\t\t\t<\/div>\n\t\t\t\t<\/div>\n\t\t\t\t<div class=\"elementor-element elementor-element-fc2ae06 legales-blanco elementor-button-align-center elementor-widget elementor-widget-form\" data-id=\"fc2ae06\" data-element_type=\"widget\" data-e-type=\"widget\" data-settings=\"{&quot;step_next_label&quot;:&quot;Seg\\u00fcent&quot;,&quot;step_previous_label&quot;:&quot;Anterior&quot;,&quot;button_width&quot;:&quot;100&quot;,&quot;step_type&quot;:&quot;number_text&quot;,&quot;step_icon_shape&quot;:&quot;circle&quot;}\" data-widget_type=\"form.default\">\n\t\t\t\t<div class=\"elementor-widget-container\">\n\t\t\t\t\t\t\t<form class=\"elementor-form\" method=\"post\" id=\"openday\" name=\"La IA als llocs d&#039;oficina\" aria-label=\"La IA als llocs d&#039;oficina\">\n\t\t\t<input type=\"hidden\" name=\"post_id\" value=\"27374\"\/>\n\t\t\t<input type=\"hidden\" name=\"form_id\" value=\"fc2ae06\"\/>\n\t\t\t<input type=\"hidden\" name=\"referer_title\" value=\"amec Positive Industry\" \/>\n\n\t\t\t\n\t\t\t<div class=\"elementor-form-fields-wrapper elementor-labels-above\">\n\t\t\t\t\t\t\t\t<div class=\"elementor-field-type-text elementor-field-group elementor-column elementor-field-group-name elementor-col-100 elementor-field-required elementor-mark-required\">\n\t\t\t\t\t\t\t\t\t\t\t\t\t<input size=\"1\" type=\"text\" name=\"form_fields[name]\" id=\"form-field-name\" class=\"elementor-field elementor-size-sm  elementor-field-textual\" placeholder=\"Nom *\" required=\"required\">\n\t\t\t\t\t\t\t\t\t\t\t<\/div>\n\t\t\t\t\t\t\t\t<div class=\"elementor-field-type-text elementor-field-group elementor-column elementor-field-group-field_bfb214a elementor-col-100 elementor-field-required elementor-mark-required\">\n\t\t\t\t\t\t\t\t\t\t\t\t\t<input size=\"1\" type=\"text\" name=\"form_fields[field_bfb214a]\" id=\"form-field-field_bfb214a\" class=\"elementor-field elementor-size-sm  elementor-field-textual\" placeholder=\"Cognoms *\" required=\"required\">\n\t\t\t\t\t\t\t\t\t\t\t<\/div>\n\t\t\t\t\t\t\t\t<div class=\"elementor-field-type-text elementor-field-group elementor-column elementor-field-group-field_723610b elementor-col-100 elementor-field-required elementor-mark-required\">\n\t\t\t\t\t\t\t\t\t\t\t\t\t<input size=\"1\" type=\"text\" name=\"form_fields[field_723610b]\" id=\"form-field-field_723610b\" class=\"elementor-field elementor-size-sm  elementor-field-textual\" placeholder=\"C\u00e0rrec *\" required=\"required\">\n\t\t\t\t\t\t\t\t\t\t\t<\/div>\n\t\t\t\t\t\t\t\t<div class=\"elementor-field-type-text elementor-field-group elementor-column elementor-field-group-field_cbdc095 elementor-col-100 elementor-field-required elementor-mark-required\">\n\t\t\t\t\t\t\t\t\t\t\t\t\t<input size=\"1\" type=\"text\" name=\"form_fields[field_cbdc095]\" id=\"form-field-field_cbdc095\" class=\"elementor-field elementor-size-sm  elementor-field-textual\" placeholder=\"El teu correu electr\u00f2nic *\" required=\"required\">\n\t\t\t\t\t\t\t\t\t\t\t<\/div>\n\t\t\t\t\t\t\t\t<div class=\"elementor-field-type-text elementor-field-group elementor-column elementor-field-group-field_71f88b7 elementor-col-100 elementor-field-required elementor-mark-required\">\n\t\t\t\t\t\t\t\t\t\t\t\t\t<input size=\"1\" type=\"text\" name=\"form_fields[field_71f88b7]\" id=\"form-field-field_71f88b7\" class=\"elementor-field elementor-size-sm  elementor-field-textual\" placeholder=\"Empresa *\" required=\"required\">\n\t\t\t\t\t\t\t\t\t\t\t<\/div>\n\t\t\t\t\t\t\t\t<div class=\"elementor-field-type-tel elementor-field-group elementor-column elementor-field-group-field_09ff446 elementor-col-100 elementor-field-required elementor-mark-required\">\n\t\t\t\t\t\t\t<input size=\"1\" type=\"tel\" name=\"form_fields[field_09ff446]\" id=\"form-field-field_09ff446\" class=\"elementor-field elementor-size-sm  elementor-field-textual\" placeholder=\"Tel\u00e8fon *\" required=\"required\" pattern=\"[0-9()#&amp;+*-=.]+\" title=\"Only numbers and phone characters (#, -, *, etc) are accepted.\">\n\n\t\t\t\t\t\t<\/div>\n\t\t\t\t\t\t\t\t<div class=\"elementor-field-type-text elementor-field-group elementor-column elementor-field-group-field_02f2b67 elementor-col-100\">\n\t\t\t\t\t\t\t\t\t\t\t\t\t<input size=\"1\" type=\"text\" name=\"form_fields[field_02f2b67]\" id=\"form-field-field_02f2b67\" class=\"elementor-field elementor-size-sm  elementor-field-textual\" placeholder=\"No ets soci d&#039;amec? Indica el teu codi de descompte \">\n\t\t\t\t\t\t\t\t\t\t\t<\/div>\n\t\t\t\t\t\t\t\t<div class=\"elementor-field-type-html elementor-field-group elementor-column elementor-field-group-field_313e3ef elementor-col-100\">\n\t\t\t\t\tD'acord amb la Llei org\u00e0nica 3\/2018, de 5 de desembre, de protecci\u00f3 de dades personals i garantia dels drets digitals (LOPDGDD), les dades personals recollides en aquest formulari seran objecte de tractament per part d'AMEC amb la finalitat de posar-nos en contacte amb vost\u00e8 i oferir una resposta a les consultes plantejades per mitj\u00e0 del present formulari. La base legal per al tractament de les vostres dades \u00e9s el vostre consentiment, el desenvolupament de mesures precontractuals o contractuals, el compliment d'obligacions legals i\/o l'inter\u00e8s leg\u00edtim d'AMEC. Es podran exercir els drets dacc\u00e9s, supressi\u00f3, rectificaci\u00f3, oposici\u00f3, portabilitat o limitaci\u00f3 mitjan\u00e7ant correu electr\u00f2nic a ladre\u00e7a amec@amec.es. En tot cas, els interessats tenen dret a presentar una reclamaci\u00f3 davant l'Autoritat de Protecci\u00f3 de Dades corresponent. Les dades personals proporcionades es conservaran pel per\u00edode legalment o contractualment previst, o mentre es mantingui el consentiment de linteressat. No es fa cessi\u00f3 de les dades recollides, excepte per obligaci\u00f3 legal o cessions autoritzades per llei. Preguem, comuniqueu de forma immediata a amec@amec.es qualsevol canvi o modificaci\u00f3 que es produeixi en relaci\u00f3 amb les dades que ens heu proporcionat, a fi que aquestes responguin amb veracitat a la vostra situaci\u00f3 personal en tot moment.      \t\t\t\t<\/div>\n\t\t\t\t\t\t\t\t<div class=\"elementor-field-type-checkbox elementor-field-group elementor-column elementor-field-group-field_f528760 elementor-col-100\">\n\t\t\t\t\t<div class=\"elementor-field-subgroup  \"><span class=\"elementor-field-option\"><input type=\"checkbox\" value=\"Accepto la &lt;a href=&quot;https:\/\/www.amec.es\/ca\/politica-de-privacitat\/&quot;&gt;Pol\u00edtica de Privadesa&lt;\/a&gt; *\" id=\"form-field-field_f528760-0\" name=\"form_fields[field_f528760]\"> <label for=\"form-field-field_f528760-0\">Accepto la <a href=\"https:\/\/www.amec.es\/ca\/politica-de-privacitat\/\">Pol\u00edtica de Privadesa<\/a> *<\/label><\/span><\/div>\t\t\t\t<\/div>\n\t\t\t\t\t\t\t\t<div class=\"elementor-field-type-checkbox elementor-field-group elementor-column elementor-field-group-field_a05b9ee elementor-col-100\">\n\t\t\t\t\t<div class=\"elementor-field-subgroup  \"><span class=\"elementor-field-option\"><input type=\"checkbox\" value=\"Accepto rebre comunicacions informatives \/ comercials de Amec\" id=\"form-field-field_a05b9ee-0\" name=\"form_fields[field_a05b9ee]\"> <label for=\"form-field-field_a05b9ee-0\">Accepto rebre comunicacions informatives \/ comercials de Amec<\/label><\/span><\/div>\t\t\t\t<\/div>\n\t\t\t\t\t\t\t\t<div class=\"elementor-field-group elementor-column elementor-field-type-submit elementor-col-100 e-form__buttons\">\n\t\t\t\t\t<button class=\"elementor-button elementor-size-sm\" type=\"submit\">\n\t\t\t\t\t\t<span class=\"elementor-button-content-wrapper\">\n\t\t\t\t\t\t\t\t\t\t\t\t\t\t\t\t\t\t\t\t\t\t<span class=\"elementor-button-text\">M'inscric!<\/span>\n\t\t\t\t\t\t\t\t\t\t\t\t\t<\/span>\n\t\t\t\t\t<\/button>\n\t\t\t\t<\/div>\n\t\t\t<\/div>\n\t\t<\/form>\n\t\t\t\t\t\t<\/div>\n\t\t\t\t<\/div>\n\t\t\t\t\t<\/div>\n\t\t<\/div>\n\t\t\t\t\t<\/div>\n\t\t<\/section>\n\t\t\t\t<section class=\"elementor-section elementor-top-section elementor-element elementor-element-86c2eae elementor-section-boxed elementor-section-height-default elementor-section-height-default\" data-id=\"86c2eae\" data-element_type=\"section\" data-e-type=\"section\" data-settings=\"{&quot;background_background&quot;:&quot;classic&quot;,&quot;shape_divider_top&quot;:&quot;arrow&quot;}\">\n\t\t\t\t\t<div class=\"elementor-shape elementor-shape-top\" aria-hidden=\"true\" data-negative=\"false\">\n\t\t\t<svg xmlns=\"http:\/\/www.w3.org\/2000\/svg\" viewBox=\"0 0 700 10\" preserveAspectRatio=\"none\">\n\t<path class=\"elementor-shape-fill\" d=\"M350,10L340,0h20L350,10z\"\/>\n<\/svg>\t\t<\/div>\n\t\t\t\t\t<div class=\"elementor-container elementor-column-gap-default\">\n\t\t\t\t\t<div class=\"elementor-column elementor-col-50 elementor-top-column elementor-element elementor-element-dad6dc0\" data-id=\"dad6dc0\" data-element_type=\"column\" data-e-type=\"column\">\n\t\t\t<div class=\"elementor-widget-wrap elementor-element-populated\">\n\t\t\t\t\t\t<div class=\"elementor-element elementor-element-1e75340 elementor-widget elementor-widget-heading\" data-id=\"1e75340\" data-element_type=\"widget\" data-e-type=\"widget\" data-widget_type=\"heading.default\">\n\t\t\t\t<div class=\"elementor-widget-container\">\n\t\t\t\t\t<h2 class=\"elementor-heading-title elementor-size-default\">Quins temes tractarem en aquesta formaci\u00f3?<\/h2>\t\t\t\t<\/div>\n\t\t\t\t<\/div>\n\t\t\t\t\t<\/div>\n\t\t<\/div>\n\t\t\t\t<div class=\"elementor-column elementor-col-50 elementor-top-column elementor-element elementor-element-d3c60ac\" data-id=\"d3c60ac\" data-element_type=\"column\" data-e-type=\"column\">\n\t\t\t<div class=\"elementor-widget-wrap elementor-element-populated\">\n\t\t\t\t\t\t<div class=\"elementor-element elementor-element-e270d41 elementor-widget__width-initial elementor-icon-list--layout-traditional elementor-list-item-link-full_width elementor-widget elementor-widget-icon-list\" data-id=\"e270d41\" data-element_type=\"widget\" data-e-type=\"widget\" data-widget_type=\"icon-list.default\">\n\t\t\t\t<div class=\"elementor-widget-container\">\n\t\t\t\t\t\t\t<ul class=\"elementor-icon-list-items\">\n\t\t\t\t\t\t\t<li class=\"elementor-icon-list-item\">\n\t\t\t\t\t\t\t\t\t\t\t<span class=\"elementor-icon-list-icon\">\n\t\t\t\t\t\t\t<i aria-hidden=\"true\" class=\"fas fa-caret-right\"><\/i>\t\t\t\t\t\t<\/span>\n\t\t\t\t\t\t\t\t\t\t<span class=\"elementor-icon-list-text\"><\/span>\n\t\t\t\t\t\t\t\t\t<\/li>\n\t\t\t\t\t\t<\/ul>\n\t\t\t\t\t\t<\/div>\n\t\t\t\t<\/div>\n\t\t\t\t<div class=\"elementor-element elementor-element-1154e1b elementor-widget elementor-widget-text-editor\" data-id=\"1154e1b\" data-element_type=\"widget\" data-e-type=\"widget\" data-widget_type=\"text-editor.default\">\n\t\t\t\t<div class=\"elementor-widget-container\">\n\t\t\t\t\t\t\t\t\t<p><strong>Introducci\u00f3 i context a la Digitalitzaci\u00f3. Ind\u00fastria 4.0 <\/strong><\/p><ul><li style=\"list-style-type: none;\"><ul><li>Context a la digitalitzaci\u00f3<\/li><li>Converg\u00e8ncia tecnol\u00f2gica<\/li><li>Gesti\u00f3 de dades i coneixement<\/li><li>Transformaci\u00f3 intel\u00b7ligent a la manufactura. Avantatges<br> competitives. <\/li><\/ul><\/li><\/ul><p> <\/p><p><strong>Intel\u00b7lig\u00e8ncia Artificial<\/strong><\/p><ul><li style=\"list-style-type: none;\"><ul><li>Reflexi\u00f3 sobre la tecnologia<\/li><li>Intel\u00b7lig\u00e8ncia Artificial: ressorgiment<\/li><li>Intel\u00b7lig\u00e8ncia Artificial Generativa<\/li><\/ul><\/li><\/ul><p> <\/p><p><strong>Aplicacions de la IA a la maquin\u00e0ria industrial<\/strong><\/p><ul><li style=\"list-style-type: none;\"><ul><li>Identificaci\u00f3 de potencials aplicacions al sector<\/li><li>Pros i contres a les aplicacions<\/li><\/ul><\/li><\/ul><p> <\/p><p><strong>Casos pr\u00e0ctics d&#8217;aplicaci\u00f3<\/strong><\/p><p><br><strong>Barrera, reptes i oportunitats<\/strong><\/p><ul><li>Oportunitats i desafiaments espec\u00edfics que enfronta la ind\u00fastria amb<br> l&#8217;adopci\u00f3 de la IA<\/li><\/ul><p><br><strong>Roadmap d&#8217;implementaci\u00f3<\/strong><\/p>\t\t\t\t\t\t\t\t<\/div>\n\t\t\t\t<\/div>\n\t\t\t\t\t<\/div>\n\t\t<\/div>\n\t\t\t\t\t<\/div>\n\t\t<\/section>\n\t\t\t\t<section class=\"elementor-section elementor-top-section elementor-element elementor-element-33259f8 elementor-section-boxed elementor-section-height-default elementor-section-height-default\" data-id=\"33259f8\" data-element_type=\"section\" data-e-type=\"section\" data-settings=\"{&quot;background_background&quot;:&quot;classic&quot;}\">\n\t\t\t\t\t\t<div class=\"elementor-container elementor-column-gap-default\">\n\t\t\t\t\t<div class=\"elementor-column elementor-col-100 elementor-top-column elementor-element elementor-element-02aa937\" data-id=\"02aa937\" data-element_type=\"column\" data-e-type=\"column\">\n\t\t\t<div class=\"elementor-widget-wrap elementor-element-populated\">\n\t\t\t\t\t\t<div class=\"elementor-element elementor-element-aede98b elementor-widget elementor-widget-heading\" data-id=\"aede98b\" data-element_type=\"widget\" data-e-type=\"widget\" data-widget_type=\"heading.default\">\n\t\t\t\t<div class=\"elementor-widget-container\">\n\t\t\t\t\t<h3 class=\"elementor-heading-title elementor-size-default\">Ponent<\/h3>\t\t\t\t<\/div>\n\t\t\t\t<\/div>\n\t\t\t\t<div class=\"elementor-element elementor-element-7a3b3fc elementor-widget__width-initial elementor-widget-divider--view-line elementor-widget elementor-widget-global elementor-global-48210 elementor-global-159 elementor-widget-divider\" data-id=\"7a3b3fc\" data-element_type=\"widget\" data-e-type=\"widget\" data-widget_type=\"divider.default\">\n\t\t\t\t<div class=\"elementor-widget-container\">\n\t\t\t\t\t\t\t<div class=\"elementor-divider\">\n\t\t\t<span class=\"elementor-divider-separator\">\n\t\t\t\t\t\t<\/span>\n\t\t<\/div>\n\t\t\t\t\t\t<\/div>\n\t\t\t\t<\/div>\n\t\t\t\t<div class=\"elementor-element elementor-element-7a219b5 elementor-widget elementor-widget-spacer\" data-id=\"7a219b5\" data-element_type=\"widget\" data-e-type=\"widget\" data-widget_type=\"spacer.default\">\n\t\t\t\t<div class=\"elementor-widget-container\">\n\t\t\t\t\t\t\t<div class=\"elementor-spacer\">\n\t\t\t<div class=\"elementor-spacer-inner\"><\/div>\n\t\t<\/div>\n\t\t\t\t\t\t<\/div>\n\t\t\t\t<\/div>\n\t\t\t\t<div class=\"elementor-element elementor-element-176f942 elementor-flip-box--effect-slide elementor-widget__width-initial elementor-flip-box--direction-up elementor-widget elementor-widget-flip-box\" data-id=\"176f942\" data-element_type=\"widget\" data-e-type=\"widget\" data-widget_type=\"flip-box.default\">\n\t\t\t\t<div class=\"elementor-widget-container\">\n\t\t\t\t\t\t\t<div class=\"elementor-flip-box\" tabindex=\"0\">\n\t\t\t<div class=\"elementor-flip-box__layer elementor-flip-box__front\">\n\t\t\t\t<div class=\"elementor-flip-box__layer__overlay\">\n\t\t\t\t\t<div class=\"elementor-flip-box__layer__inner\">\n\t\t\t\t\t\t\n\t\t\t\t\t\t\t\t\t\t\t\t\t<h3 class=\"elementor-flip-box__layer__title\">\n\t\t\t\t\t\t\t\tF. Xavier Plant\u00e0  \t\t\t\t\t\t\t<\/h3>\n\t\t\t\t\t\t\n\t\t\t\t\t\t\t\t\t\t\t<\/div>\n\t\t\t\t<\/div>\n\t\t\t<\/div>\n\t\t\t<div class=\"elementor-flip-box__layer elementor-flip-box__back\">\n\t\t\t<div class=\"elementor-flip-box__layer__overlay\">\n\t\t\t\t<div class=\"elementor-flip-box__layer__inner\">\n\t\t\t\t\t\t\t\t\t\t\t<h3 class=\"elementor-flip-box__layer__title\">\n\t\t\t\t\t\t\tF. Xavier Plant\u00e0  \t\t\t\t\t\t<\/h3>\n\t\t\t\t\t\n\t\t\t\t\t\t\t\t\t\t\t<div class=\"elementor-flip-box__layer__description\">\n\t\t\t\t\t\t\tDirector \u00c0rea de Tecnologies Industrials d'Eurecat des de 1996. La meva responsabilitat \u00e9s generar coneixement al voltant de les tecnologies industrials i transferir-les posteriorment per la via dels serveis, els projectes de R+D i la formaci\u00f3.   \n\t\t\t\t\t\t<\/div>\n\t\t\t\t\t\n\t\t\t\t\t\t\t\t<\/div>\n\t\t<\/div>\n\t\t<\/div>\n\t\t<\/div>\n\t\t\t\t\t\t<\/div>\n\t\t\t\t<\/div>\n\t\t\t\t\t<\/div>\n\t\t<\/div>\n\t\t\t\t\t<\/div>\n\t\t<\/section>\n\t\t\t\t<section class=\"elementor-section elementor-top-section elementor-element elementor-element-a15492d elementor-section-boxed elementor-section-height-default elementor-section-height-default\" data-id=\"a15492d\" data-element_type=\"section\" data-e-type=\"section\" data-settings=\"{&quot;background_background&quot;:&quot;classic&quot;}\">\n\t\t\t\t\t\t<div class=\"elementor-container elementor-column-gap-default\">\n\t\t\t\t\t<div class=\"elementor-column elementor-col-50 elementor-top-column elementor-element elementor-element-863bccc\" data-id=\"863bccc\" data-element_type=\"column\" data-e-type=\"column\" data-settings=\"{&quot;background_background&quot;:&quot;classic&quot;}\">\n\t\t\t<div class=\"elementor-widget-wrap elementor-element-populated\">\n\t\t\t\t\t\t<div class=\"elementor-element elementor-element-56e844f elementor-widget elementor-widget-text-editor\" data-id=\"56e844f\" data-element_type=\"widget\" data-e-type=\"widget\" data-widget_type=\"text-editor.default\">\n\t\t\t\t<div class=\"elementor-widget-container\">\n\t\t\t\t\t\t\t\t\t<h3><strong>Fitxa t\u00e8cnica<\/strong><\/h3>\t\t\t\t\t\t\t\t<\/div>\n\t\t\t\t<\/div>\n\t\t\t\t\t<\/div>\n\t\t<\/div>\n\t\t\t\t<div class=\"elementor-column elementor-col-50 elementor-top-column elementor-element elementor-element-96532c1\" data-id=\"96532c1\" data-element_type=\"column\" data-e-type=\"column\">\n\t\t\t<div class=\"elementor-widget-wrap elementor-element-populated\">\n\t\t\t\t\t\t<div class=\"elementor-element elementor-element-9ef1acd elementor-widget__width-initial elementor-widget elementor-widget-text-editor\" data-id=\"9ef1acd\" data-element_type=\"widget\" data-e-type=\"widget\" data-widget_type=\"text-editor.default\">\n\t\t\t\t<div class=\"elementor-widget-container\">\n\t\t\t\t\t\t\t\t\t<p>Les empreses membres de <em><strong>Amec<\/strong><\/em> disposen d&#8217;un 40% de descompte en el preu i un 20% de descompte per a les empreses s\u00f2cies de l&#8217;AER i Ascamm.<\/p><ul><li>Membres <em><strong>amec<\/strong><\/em> : 190\u20ac + IVA<\/li><li>Membres de l\u00b4AER \/ Ascamm: 250\u20ac +IVA<\/li><li>Empreses no membre: 315\u20ac + IVA<\/li><li style=\"list-style-type: none;\"> <\/li><\/ul><p>Nombre m\u00ednim d&#8217;assistents: 7<\/p><p>Formaci\u00f3 bonificable per Fundae. Sol\u00b7licita&#8217;ns la documentaci\u00f3 per poder fer la bonificaci\u00f3. <\/p><p><span data-teams=\"true\">Per a cancel\u00b7lacions realitzades <strong>7 dies abans<\/strong> de l&#8217;inici de la formaci\u00f3, no es podr\u00e0 fer el reemborsament.<\/span><\/p><p>Tens alguna pregunta? envia un correu a Eva Pahissa \u2013 <a href=\"mailto:epahissa@amec.es\">epahissa@amec.es<\/a> Telf.: 630366789<\/p>\t\t\t\t\t\t\t\t<\/div>\n\t\t\t\t<\/div>\n\t\t\t\t<div class=\"elementor-element elementor-element-fff8c22 elementor-align-center elementor-widget elementor-widget-button\" data-id=\"fff8c22\" data-element_type=\"widget\" data-e-type=\"widget\" data-widget_type=\"button.default\">\n\t\t\t\t<div class=\"elementor-widget-container\">\n\t\t\t\t\t\t\t\t\t<div class=\"elementor-button-wrapper\">\n\t\t\t\t\t<a class=\"elementor-button elementor-button-link elementor-size-sm\" href=\"#formulario\">\n\t\t\t\t\t\t<span class=\"elementor-button-content-wrapper\">\n\t\t\t\t\t\t\t\t\t<span class=\"elementor-button-text\">Inscriu-te!<\/span>\n\t\t\t\t\t<\/span>\n\t\t\t\t\t<\/a>\n\t\t\t\t<\/div>\n\t\t\t\t\t\t\t\t<\/div>\n\t\t\t\t<\/div>\n\t\t\t\t\t<\/div>\n\t\t<\/div>\n\t\t\t\t\t<\/div>\n\t\t<\/section>\n\t\t\t\t<\/div>\n\t\t","protected":false},"excerpt":{"rendered":"<p>Consulta altres activitats Ind\u00fastria 4.0 en maquin\u00e0ria: beneficis de la IA en la producci\u00f3 21 de maig del 2025. De 9:00 a 12:00 Sessi\u00f3 online 190\u20ac+IVA- 10% de dte. per a inscripcions abans del 5 de maig Per qu\u00e8 no te les pots perdre? La sessi\u00f3 pret\u00e9n demostrar els beneficis reals de la implementaci\u00f3 de [&hellip;]<\/p>\n","protected":false},"author":4,"featured_media":7727,"parent":0,"menu_order":0,"comment_status":"closed","ping_status":"closed","template":"elementor_header_footer","meta":{"inline_featured_image":false,"footnotes":""},"categories":[],"tags":[],"class_list":["post-27374","page","type-page","status-publish","has-post-thumbnail","hentry"],"yoast_head":"<!-- This site is optimized with the Yoast SEO plugin v27.3 - https:\/\/yoast.com\/product\/yoast-seo-wordpress\/ -->\n<title>Ind\u00fastria 4.0 en maquin\u00e0ria: beneficis de la IA a la producci\u00f3 | amec Positive Industry<\/title>\n<meta name=\"robots\" content=\"index, follow, max-snippet:-1, max-image-preview:large, max-video-preview:-1\" \/>\n<link rel=\"canonical\" href=\"https:\/\/amec.es\/industria-4-0-en-maquinaria-beneficios-de-la-ia-en-la-produccion\/\" \/>\n<meta property=\"og:locale\" content=\"ca_ES\" \/>\n<meta property=\"og:type\" content=\"article\" \/>\n<meta property=\"og:title\" content=\"Ind\u00fastria 4.0 en maquin\u00e0ria: beneficis de la IA a la producci\u00f3 | amec Positive Industry\" \/>\n<meta property=\"og:description\" content=\"Consulta altres activitats Ind\u00fastria 4.0 en maquin\u00e0ria: beneficis de la IA en la producci\u00f3 21 de maig del 2025. De 9:00 a 12:00 Sessi\u00f3 online 190\u20ac+IVA- 10% de dte. per a inscripcions abans del 5 de maig Per qu\u00e8 no te les pots perdre? La sessi\u00f3 pret\u00e9n demostrar els beneficis reals de la implementaci\u00f3 de [&hellip;]\" \/>\n<meta property=\"og:url\" content=\"https:\/\/amec.es\/industria-4-0-en-maquinaria-beneficios-de-la-ia-en-la-produccion\/\" \/>\n<meta property=\"og:site_name\" content=\"amec Positive Industry\" \/>\n<meta property=\"article:modified_time\" content=\"2025-04-11T12:07:26+00:00\" \/>\n<meta property=\"og:image\" content=\"https:\/\/amec.es\/wp-content\/uploads\/2023\/10\/cabeceritas-observatorio.jpg\" \/>\n\t<meta property=\"og:image:width\" content=\"1920\" \/>\n\t<meta property=\"og:image:height\" content=\"284\" \/>\n\t<meta property=\"og:image:type\" content=\"image\/jpeg\" \/>\n<meta name=\"twitter:card\" content=\"summary_large_image\" \/>\n<meta name=\"twitter:label1\" content=\"Temps estimat de lectura\" \/>\n\t<meta name=\"twitter:data1\" content=\"2 minuts\" \/>\n<script type=\"application\/ld+json\" class=\"yoast-schema-graph\">{\"@context\":\"https:\\\/\\\/schema.org\",\"@graph\":[{\"@type\":\"WebPage\",\"@id\":\"https:\\\/\\\/amec.es\\\/industria-4-0-en-maquinaria-beneficios-de-la-ia-en-la-produccion\\\/\",\"url\":\"https:\\\/\\\/amec.es\\\/industria-4-0-en-maquinaria-beneficios-de-la-ia-en-la-produccion\\\/\",\"name\":\"Ind\u00fastria 4.0 en maquin\u00e0ria: beneficis de la IA a la producci\u00f3 | amec Positive Industry\",\"isPartOf\":{\"@id\":\"https:\\\/\\\/amec.es\\\/#website\"},\"primaryImageOfPage\":{\"@id\":\"https:\\\/\\\/amec.es\\\/industria-4-0-en-maquinaria-beneficios-de-la-ia-en-la-produccion\\\/#primaryimage\"},\"image\":{\"@id\":\"https:\\\/\\\/amec.es\\\/industria-4-0-en-maquinaria-beneficios-de-la-ia-en-la-produccion\\\/#primaryimage\"},\"thumbnailUrl\":\"https:\\\/\\\/amec.es\\\/wp-content\\\/uploads\\\/2023\\\/10\\\/cabeceritas-observatorio.jpg\",\"datePublished\":\"2024-11-26T16:09:00+00:00\",\"dateModified\":\"2025-04-11T12:07:26+00:00\",\"breadcrumb\":{\"@id\":\"https:\\\/\\\/amec.es\\\/industria-4-0-en-maquinaria-beneficios-de-la-ia-en-la-produccion\\\/#breadcrumb\"},\"inLanguage\":\"ca\",\"potentialAction\":[{\"@type\":\"ReadAction\",\"target\":[\"https:\\\/\\\/amec.es\\\/industria-4-0-en-maquinaria-beneficios-de-la-ia-en-la-produccion\\\/\"]}]},{\"@type\":\"ImageObject\",\"inLanguage\":\"ca\",\"@id\":\"https:\\\/\\\/amec.es\\\/industria-4-0-en-maquinaria-beneficios-de-la-ia-en-la-produccion\\\/#primaryimage\",\"url\":\"https:\\\/\\\/amec.es\\\/wp-content\\\/uploads\\\/2023\\\/10\\\/cabeceritas-observatorio.jpg\",\"contentUrl\":\"https:\\\/\\\/amec.es\\\/wp-content\\\/uploads\\\/2023\\\/10\\\/cabeceritas-observatorio.jpg\",\"width\":1920,\"height\":284},{\"@type\":\"BreadcrumbList\",\"@id\":\"https:\\\/\\\/amec.es\\\/industria-4-0-en-maquinaria-beneficios-de-la-ia-en-la-produccion\\\/#breadcrumb\",\"itemListElement\":[{\"@type\":\"ListItem\",\"position\":1,\"name\":\"Portada\",\"item\":\"https:\\\/\\\/amec.es\\\/ca\\\/home-new\\\/\"},{\"@type\":\"ListItem\",\"position\":2,\"name\":\"Ind\u00fastria 4.0 en maquin\u00e0ria: beneficis de la IA a la producci\u00f3\"}]},{\"@type\":\"WebSite\",\"@id\":\"https:\\\/\\\/amec.es\\\/#website\",\"url\":\"https:\\\/\\\/amec.es\\\/\",\"name\":\"amec Positive Industry\",\"description\":\"\",\"publisher\":{\"@id\":\"https:\\\/\\\/amec.es\\\/#organization\"},\"potentialAction\":[{\"@type\":\"SearchAction\",\"target\":{\"@type\":\"EntryPoint\",\"urlTemplate\":\"https:\\\/\\\/amec.es\\\/?s={search_term_string}\"},\"query-input\":{\"@type\":\"PropertyValueSpecification\",\"valueRequired\":true,\"valueName\":\"search_term_string\"}}],\"inLanguage\":\"ca\"},{\"@type\":\"Organization\",\"@id\":\"https:\\\/\\\/amec.es\\\/#organization\",\"name\":\"amec Positive Industry\",\"url\":\"https:\\\/\\\/amec.es\\\/\",\"logo\":{\"@type\":\"ImageObject\",\"inLanguage\":\"ca\",\"@id\":\"https:\\\/\\\/amec.es\\\/#\\\/schema\\\/logo\\\/image\\\/\",\"url\":\"https:\\\/\\\/amec.es\\\/wp-content\\\/uploads\\\/2023\\\/07\\\/logoamec.png\",\"contentUrl\":\"https:\\\/\\\/amec.es\\\/wp-content\\\/uploads\\\/2023\\\/07\\\/logoamec.png\",\"width\":200,\"height\":48,\"caption\":\"amec Positive Industry\"},\"image\":{\"@id\":\"https:\\\/\\\/amec.es\\\/#\\\/schema\\\/logo\\\/image\\\/\"}}]}<\/script>\n<!-- \/ Yoast SEO plugin. -->","yoast_head_json":{"title":"Ind\u00fastria 4.0 en maquin\u00e0ria: beneficis de la IA a la producci\u00f3 | amec Positive Industry","robots":{"index":"index","follow":"follow","max-snippet":"max-snippet:-1","max-image-preview":"max-image-preview:large","max-video-preview":"max-video-preview:-1"},"canonical":"https:\/\/amec.es\/industria-4-0-en-maquinaria-beneficios-de-la-ia-en-la-produccion\/","og_locale":"ca_ES","og_type":"article","og_title":"Ind\u00fastria 4.0 en maquin\u00e0ria: beneficis de la IA a la producci\u00f3 | amec Positive Industry","og_description":"Consulta altres activitats Ind\u00fastria 4.0 en maquin\u00e0ria: beneficis de la IA en la producci\u00f3 21 de maig del 2025. De 9:00 a 12:00 Sessi\u00f3 online 190\u20ac+IVA- 10% de dte. per a inscripcions abans del 5 de maig Per qu\u00e8 no te les pots perdre? La sessi\u00f3 pret\u00e9n demostrar els beneficis reals de la implementaci\u00f3 de [&hellip;]","og_url":"https:\/\/amec.es\/industria-4-0-en-maquinaria-beneficios-de-la-ia-en-la-produccion\/","og_site_name":"amec Positive Industry","article_modified_time":"2025-04-11T12:07:26+00:00","og_image":[{"width":1920,"height":284,"url":"https:\/\/amec.es\/wp-content\/uploads\/2023\/10\/cabeceritas-observatorio.jpg","type":"image\/jpeg"}],"twitter_card":"summary_large_image","twitter_misc":{"Temps estimat de lectura":"2 minuts"},"schema":{"@context":"https:\/\/schema.org","@graph":[{"@type":"WebPage","@id":"https:\/\/amec.es\/industria-4-0-en-maquinaria-beneficios-de-la-ia-en-la-produccion\/","url":"https:\/\/amec.es\/industria-4-0-en-maquinaria-beneficios-de-la-ia-en-la-produccion\/","name":"Ind\u00fastria 4.0 en maquin\u00e0ria: beneficis de la IA a la producci\u00f3 | amec Positive Industry","isPartOf":{"@id":"https:\/\/amec.es\/#website"},"primaryImageOfPage":{"@id":"https:\/\/amec.es\/industria-4-0-en-maquinaria-beneficios-de-la-ia-en-la-produccion\/#primaryimage"},"image":{"@id":"https:\/\/amec.es\/industria-4-0-en-maquinaria-beneficios-de-la-ia-en-la-produccion\/#primaryimage"},"thumbnailUrl":"https:\/\/amec.es\/wp-content\/uploads\/2023\/10\/cabeceritas-observatorio.jpg","datePublished":"2024-11-26T16:09:00+00:00","dateModified":"2025-04-11T12:07:26+00:00","breadcrumb":{"@id":"https:\/\/amec.es\/industria-4-0-en-maquinaria-beneficios-de-la-ia-en-la-produccion\/#breadcrumb"},"inLanguage":"ca","potentialAction":[{"@type":"ReadAction","target":["https:\/\/amec.es\/industria-4-0-en-maquinaria-beneficios-de-la-ia-en-la-produccion\/"]}]},{"@type":"ImageObject","inLanguage":"ca","@id":"https:\/\/amec.es\/industria-4-0-en-maquinaria-beneficios-de-la-ia-en-la-produccion\/#primaryimage","url":"https:\/\/amec.es\/wp-content\/uploads\/2023\/10\/cabeceritas-observatorio.jpg","contentUrl":"https:\/\/amec.es\/wp-content\/uploads\/2023\/10\/cabeceritas-observatorio.jpg","width":1920,"height":284},{"@type":"BreadcrumbList","@id":"https:\/\/amec.es\/industria-4-0-en-maquinaria-beneficios-de-la-ia-en-la-produccion\/#breadcrumb","itemListElement":[{"@type":"ListItem","position":1,"name":"Portada","item":"https:\/\/amec.es\/ca\/home-new\/"},{"@type":"ListItem","position":2,"name":"Ind\u00fastria 4.0 en maquin\u00e0ria: beneficis de la IA a la producci\u00f3"}]},{"@type":"WebSite","@id":"https:\/\/amec.es\/#website","url":"https:\/\/amec.es\/","name":"amec Positive Industry","description":"","publisher":{"@id":"https:\/\/amec.es\/#organization"},"potentialAction":[{"@type":"SearchAction","target":{"@type":"EntryPoint","urlTemplate":"https:\/\/amec.es\/?s={search_term_string}"},"query-input":{"@type":"PropertyValueSpecification","valueRequired":true,"valueName":"search_term_string"}}],"inLanguage":"ca"},{"@type":"Organization","@id":"https:\/\/amec.es\/#organization","name":"amec Positive Industry","url":"https:\/\/amec.es\/","logo":{"@type":"ImageObject","inLanguage":"ca","@id":"https:\/\/amec.es\/#\/schema\/logo\/image\/","url":"https:\/\/amec.es\/wp-content\/uploads\/2023\/07\/logoamec.png","contentUrl":"https:\/\/amec.es\/wp-content\/uploads\/2023\/07\/logoamec.png","width":200,"height":48,"caption":"amec Positive Industry"},"image":{"@id":"https:\/\/amec.es\/#\/schema\/logo\/image\/"}}]}},"_links":{"self":[{"href":"https:\/\/amec.es\/ca\/wp-json\/wp\/v2\/pages\/27374","targetHints":{"allow":["GET"]}}],"collection":[{"href":"https:\/\/amec.es\/ca\/wp-json\/wp\/v2\/pages"}],"about":[{"href":"https:\/\/amec.es\/ca\/wp-json\/wp\/v2\/types\/page"}],"author":[{"embeddable":true,"href":"https:\/\/amec.es\/ca\/wp-json\/wp\/v2\/users\/4"}],"replies":[{"embeddable":true,"href":"https:\/\/amec.es\/ca\/wp-json\/wp\/v2\/comments?post=27374"}],"version-history":[{"count":4,"href":"https:\/\/amec.es\/ca\/wp-json\/wp\/v2\/pages\/27374\/revisions"}],"predecessor-version":[{"id":32943,"href":"https:\/\/amec.es\/ca\/wp-json\/wp\/v2\/pages\/27374\/revisions\/32943"}],"wp:featuredmedia":[{"embeddable":true,"href":"https:\/\/amec.es\/ca\/wp-json\/wp\/v2\/media\/7727"}],"wp:attachment":[{"href":"https:\/\/amec.es\/ca\/wp-json\/wp\/v2\/media?parent=27374"}],"wp:term":[{"taxonomy":"category","embeddable":true,"href":"https:\/\/amec.es\/ca\/wp-json\/wp\/v2\/categories?post=27374"},{"taxonomy":"post_tag","embeddable":true,"href":"https:\/\/amec.es\/ca\/wp-json\/wp\/v2\/tags?post=27374"}],"curies":[{"name":"wp","href":"https:\/\/api.w.org\/{rel}","templated":true}]}}