{"id":27983,"date":"2025-01-21T11:24:25","date_gmt":"2025-01-21T10:24:25","guid":{"rendered":"https:\/\/www.amec.es\/oferta-banc-talent-tecnic-a-comercial-zona-murcia\/"},"modified":"2025-01-21T11:33:21","modified_gmt":"2025-01-21T10:33:21","slug":"oferta-banc-talent-tecnic-a-comercial-zona-murcia","status":"publish","type":"page","link":"https:\/\/amec.es\/ca\/oferta-banc-talent-tecnic-a-comercial-zona-murcia\/","title":{"rendered":"Oferta Banc Talent: T\u00e8cnic\/a comercial Zona M\u00farcia"},"content":{"rendered":"\t\t<div data-elementor-type=\"wp-page\" data-elementor-id=\"27983\" class=\"elementor elementor-27983 elementor-27976\" data-elementor-post-type=\"page\">\n\t\t\t\t\t\t<section class=\"elementor-section elementor-top-section elementor-element elementor-element-def5113 elementor-section-boxed elementor-section-height-default elementor-section-height-default\" data-id=\"def5113\" data-element_type=\"section\" data-e-type=\"section\" data-settings=\"{&quot;background_background&quot;:&quot;gradient&quot;}\">\n\t\t\t\t\t\t<div class=\"elementor-container elementor-column-gap-default\">\n\t\t\t\t\t<div class=\"elementor-column elementor-col-100 elementor-top-column elementor-element elementor-element-da1d87f\" data-id=\"da1d87f\" data-element_type=\"column\" data-e-type=\"column\">\n\t\t\t<div class=\"elementor-widget-wrap elementor-element-populated\">\n\t\t\t\t\t\t<div class=\"elementor-element elementor-element-1a3657a elementor-align-center elementor-widget elementor-widget-button\" data-id=\"1a3657a\" data-element_type=\"widget\" data-e-type=\"widget\" data-widget_type=\"button.default\">\n\t\t\t\t<div class=\"elementor-widget-container\">\n\t\t\t\t\t\t\t\t\t<div class=\"elementor-button-wrapper\">\n\t\t\t\t\t<a class=\"elementor-button elementor-size-xs\" role=\"button\">\n\t\t\t\t\t\t<span class=\"elementor-button-content-wrapper\">\n\t\t\t\t\t\t\t\t\t<span class=\"elementor-button-text\">Oferta activa<\/span>\n\t\t\t\t\t<\/span>\n\t\t\t\t\t<\/a>\n\t\t\t\t<\/div>\n\t\t\t\t\t\t\t\t<\/div>\n\t\t\t\t<\/div>\n\t\t\t\t<div class=\"elementor-element elementor-element-8f5240d elementor-widget elementor-widget-spacer\" data-id=\"8f5240d\" data-element_type=\"widget\" data-e-type=\"widget\" data-widget_type=\"spacer.default\">\n\t\t\t\t<div class=\"elementor-widget-container\">\n\t\t\t\t\t\t\t<div class=\"elementor-spacer\">\n\t\t\t<div class=\"elementor-spacer-inner\"><\/div>\n\t\t<\/div>\n\t\t\t\t\t\t<\/div>\n\t\t\t\t<\/div>\n\t\t\t\t<div class=\"elementor-element elementor-element-e258468 elementor-widget elementor-widget-heading\" data-id=\"e258468\" data-element_type=\"widget\" data-e-type=\"widget\" data-widget_type=\"heading.default\">\n\t\t\t\t<div class=\"elementor-widget-container\">\n\t\t\t\t\t<h2 class=\"elementor-heading-title elementor-size-default\">Oferta: T\u00e8cnic\/a comercial Zona M\u00farcia<\/h2>\t\t\t\t<\/div>\n\t\t\t\t<\/div>\n\t\t\t\t<div class=\"elementor-element elementor-element-0a6ea12 elementor-widget elementor-widget-spacer\" data-id=\"0a6ea12\" data-element_type=\"widget\" data-e-type=\"widget\" data-widget_type=\"spacer.default\">\n\t\t\t\t<div class=\"elementor-widget-container\">\n\t\t\t\t\t\t\t<div class=\"elementor-spacer\">\n\t\t\t<div class=\"elementor-spacer-inner\"><\/div>\n\t\t<\/div>\n\t\t\t\t\t\t<\/div>\n\t\t\t\t<\/div>\n\t\t\t\t<div class=\"elementor-element elementor-element-69a6530 elementor-widget-divider--view-line elementor-widget elementor-widget-divider\" data-id=\"69a6530\" data-element_type=\"widget\" data-e-type=\"widget\" data-widget_type=\"divider.default\">\n\t\t\t\t<div class=\"elementor-widget-container\">\n\t\t\t\t\t\t\t<div class=\"elementor-divider\">\n\t\t\t<span class=\"elementor-divider-separator\">\n\t\t\t\t\t\t<\/span>\n\t\t<\/div>\n\t\t\t\t\t\t<\/div>\n\t\t\t\t<\/div>\n\t\t\t\t\t<\/div>\n\t\t<\/div>\n\t\t\t\t\t<\/div>\n\t\t<\/section>\n\t\t\t\t<section class=\"elementor-section elementor-top-section elementor-element elementor-element-53b76db elementor-section-stretched elementor-section-boxed elementor-section-height-default elementor-section-height-default\" data-id=\"53b76db\" data-element_type=\"section\" data-e-type=\"section\" data-settings=\"{&quot;stretch_section&quot;:&quot;section-stretched&quot;,&quot;background_background&quot;:&quot;classic&quot;}\">\n\t\t\t\t\t\t<div class=\"elementor-container elementor-column-gap-default\">\n\t\t\t\t\t<div class=\"elementor-column elementor-col-100 elementor-top-column elementor-element elementor-element-a60db5e\" data-id=\"a60db5e\" data-element_type=\"column\" data-e-type=\"column\">\n\t\t\t<div class=\"elementor-widget-wrap elementor-element-populated\">\n\t\t\t\t\t\t<div class=\"elementor-element elementor-element-2bf0122 elementor-widget elementor-widget-spacer\" data-id=\"2bf0122\" data-element_type=\"widget\" data-e-type=\"widget\" data-widget_type=\"spacer.default\">\n\t\t\t\t<div class=\"elementor-widget-container\">\n\t\t\t\t\t\t\t<div class=\"elementor-spacer\">\n\t\t\t<div class=\"elementor-spacer-inner\"><\/div>\n\t\t<\/div>\n\t\t\t\t\t\t<\/div>\n\t\t\t\t<\/div>\n\t\t\t\t<div class=\"elementor-element elementor-element-8984056 elementor-widget elementor-widget-text-editor\" data-id=\"8984056\" data-element_type=\"widget\" data-e-type=\"widget\" data-widget_type=\"text-editor.default\">\n\t\t\t\t<div class=\"elementor-widget-container\">\n\t\t\t\t\t\t\t\t\t<p>Empresa: Murrelektronic<\/p>\n<p>En depend\u00e8ncia del director comercial, es responsabilitzar\u00e0 de gestionar el manteniment i l&#8217;increment de la cartera de clients assignada, aportant solucions t\u00e8cniques de valor en automatitzaci\u00f3 industrial en l&#8217;\u00e0mbit de la perif\u00e8ria descentralitzada.<\/p>\n\t\t\t\t\t\t\t\t<\/div>\n\t\t\t\t<\/div>\n\t\t\t\t<div class=\"elementor-element elementor-element-c6ccd21 elementor-widget elementor-widget-heading\" data-id=\"c6ccd21\" data-element_type=\"widget\" data-e-type=\"widget\" data-widget_type=\"heading.default\">\n\t\t\t\t<div class=\"elementor-widget-container\">\n\t\t\t\t\t<h2 class=\"elementor-heading-title elementor-size-default\">Qu\u00e8 us oferim i quines seran les vostres responsabilitats?<\/h2>\t\t\t\t<\/div>\n\t\t\t\t<\/div>\n\t\t\t\t<div class=\"elementor-element elementor-element-e1750ee elementor-widget-divider--view-line elementor-widget elementor-widget-divider\" data-id=\"e1750ee\" data-element_type=\"widget\" data-e-type=\"widget\" data-widget_type=\"divider.default\">\n\t\t\t\t<div class=\"elementor-widget-container\">\n\t\t\t\t\t\t\t<div class=\"elementor-divider\">\n\t\t\t<span class=\"elementor-divider-separator\">\n\t\t\t\t\t\t<\/span>\n\t\t<\/div>\n\t\t\t\t\t\t<\/div>\n\t\t\t\t<\/div>\n\t\t\t\t<div class=\"elementor-element elementor-element-97bc3db elementor-widget elementor-widget-text-editor\" data-id=\"97bc3db\" data-element_type=\"widget\" data-e-type=\"widget\" data-widget_type=\"text-editor.default\">\n\t\t\t\t<div class=\"elementor-widget-container\">\n\t\t\t\t\t\t\t\t\t<p>Responsabilitats:<\/p>\n\t\t\t\t\t\t\t\t<\/div>\n\t\t\t\t<\/div>\n\t\t\t\t<div class=\"elementor-element elementor-element-e965563 elementor-widget elementor-widget-text-editor\" data-id=\"e965563\" data-element_type=\"widget\" data-e-type=\"widget\" data-widget_type=\"text-editor.default\">\n\t\t\t\t<div class=\"elementor-widget-container\">\n\t\t\t\t\t\t\t\t\t<ul>\n<li>Assessorament t\u00e8cnic a empreses a l&#8217;entorn de busos de camp<\/li>\n<li>Reportant el director comercial s&#8217;encarregar\u00e0 de la fidelitzaci\u00f3 i captaci\u00f3 de clients en aquest sector<\/li>\n<li>S&#8217;encarregar\u00e0 de prospectar el mercat visitant els clients i oferint valor, preparant solucions tecnicocomercials, realitzant-ne el seguiment i el tancament.<\/li>\n<\/ul>\n\t\t\t\t\t\t\t\t<\/div>\n\t\t\t\t<\/div>\n\t\t\t\t<div class=\"elementor-element elementor-element-bf3c8d7 elementor-widget elementor-widget-text-editor\" data-id=\"bf3c8d7\" data-element_type=\"widget\" data-e-type=\"widget\" data-widget_type=\"text-editor.default\">\n\t\t\t\t<div class=\"elementor-widget-container\">\n\t\t\t\t\t\t\t\t\t<p>Qu\u00e8 us oferim?<\/p>\n\t\t\t\t\t\t\t\t<\/div>\n\t\t\t\t<\/div>\n\t\t\t\t<div class=\"elementor-element elementor-element-23dccb8 elementor-widget elementor-widget-text-editor\" data-id=\"23dccb8\" data-element_type=\"widget\" data-e-type=\"widget\" data-widget_type=\"text-editor.default\">\n\t\t\t\t<div class=\"elementor-widget-container\">\n\t\t\t\t\t\t\t\t\t<ul>\n<li>\n<p>Contracte indefinit<\/p>\n<\/li>\n<li>\n<p>Formaci\u00f3 continuada<\/p>\n<\/li>\n<li>\n<p>Vehicle<\/p>\n<\/li>\n<li>\n<p>Tel\u00e8fon m\u00f2bil<\/p>\n<\/li>\n<li>\n<p>Flexibilitat hor\u00e0ria<\/p>\n<\/li>\n<li>\n<p>Salari segons v\u00e0lua<\/p>\n<\/li>\n<\/ul>\n\t\t\t\t\t\t\t\t<\/div>\n\t\t\t\t<\/div>\n\t\t\t\t<div class=\"elementor-element elementor-element-bb02f31 elementor-widget elementor-widget-heading\" data-id=\"bb02f31\" data-element_type=\"widget\" data-e-type=\"widget\" data-widget_type=\"heading.default\">\n\t\t\t\t<div class=\"elementor-widget-container\">\n\t\t\t\t\t<h2 class=\"elementor-heading-title elementor-size-default\">Quins s\u00f3n els requisits?<\/h2>\t\t\t\t<\/div>\n\t\t\t\t<\/div>\n\t\t\t\t<div class=\"elementor-element elementor-element-4565b09 elementor-widget-divider--view-line elementor-widget elementor-widget-divider\" data-id=\"4565b09\" data-element_type=\"widget\" data-e-type=\"widget\" data-widget_type=\"divider.default\">\n\t\t\t\t<div class=\"elementor-widget-container\">\n\t\t\t\t\t\t\t<div class=\"elementor-divider\">\n\t\t\t<span class=\"elementor-divider-separator\">\n\t\t\t\t\t\t<\/span>\n\t\t<\/div>\n\t\t\t\t\t\t<\/div>\n\t\t\t\t<\/div>\n\t\t\t\t<div class=\"elementor-element elementor-element-d4c57a3 elementor-widget__width-initial elementor-widget elementor-widget-text-editor\" data-id=\"d4c57a3\" data-element_type=\"widget\" data-e-type=\"widget\" data-widget_type=\"text-editor.default\">\n\t\t\t\t<div class=\"elementor-widget-container\">\n\t\t\t\t\t\t\t\t\t<ul>\n<li>\n<p>Enginyer@ t\u00e8cnic o grau superior en automatitzaci\u00f3 i\/o rob\u00f2tica<\/p>\n<\/li>\n<li>\n<p>10 anys d&#8217;experi\u00e8ncia contrastada en llocs semblants<\/p>\n<\/li>\n<li>\n<p>Habilitats socials i comunicatives<\/p>\n<\/li>\n<li>\n<p>Agilitat de treball amb paquet Office i Sales Force<\/p>\n<\/li>\n<li>\n<p>Es valorar\u00e0 angl\u00e8s<\/p>\n<\/li>\n<\/ul>\n\t\t\t\t\t\t\t\t<\/div>\n\t\t\t\t<\/div>\n\t\t\t\t<div class=\"elementor-element elementor-element-53d6b12 elementor-widget elementor-widget-spacer\" data-id=\"53d6b12\" data-element_type=\"widget\" data-e-type=\"widget\" data-widget_type=\"spacer.default\">\n\t\t\t\t<div class=\"elementor-widget-container\">\n\t\t\t\t\t\t\t<div class=\"elementor-spacer\">\n\t\t\t<div class=\"elementor-spacer-inner\"><\/div>\n\t\t<\/div>\n\t\t\t\t\t\t<\/div>\n\t\t\t\t<\/div>\n\t\t\t\t\t<\/div>\n\t\t<\/div>\n\t\t\t\t\t<\/div>\n\t\t<\/section>\n\t\t\t\t<section class=\"elementor-section elementor-top-section elementor-element elementor-element-6edad6a elementor-section-content-middle elementor-section-boxed elementor-section-height-default elementor-section-height-default\" data-id=\"6edad6a\" data-element_type=\"section\" data-e-type=\"section\" data-settings=\"{&quot;background_background&quot;:&quot;classic&quot;}\">\n\t\t\t\t\t\t<div class=\"elementor-container elementor-column-gap-default\">\n\t\t\t\t\t<div class=\"elementor-column elementor-col-50 elementor-top-column elementor-element elementor-element-f0facf7\" data-id=\"f0facf7\" data-element_type=\"column\" data-e-type=\"column\">\n\t\t\t<div class=\"elementor-widget-wrap elementor-element-populated\">\n\t\t\t\t\t\t<div class=\"elementor-element elementor-element-98a33ee elementor-widget elementor-widget-heading\" data-id=\"98a33ee\" data-element_type=\"widget\" data-e-type=\"widget\" data-widget_type=\"heading.default\">\n\t\t\t\t<div class=\"elementor-widget-container\">\n\t\t\t\t\t<h2 class=\"elementor-heading-title elementor-size-default\">Esteu interessats?<\/h2>\t\t\t\t<\/div>\n\t\t\t\t<\/div>\n\t\t\t\t<div class=\"elementor-element elementor-element-bf21ae1 elementor-widget-divider--view-line elementor-widget elementor-widget-divider\" data-id=\"bf21ae1\" data-element_type=\"widget\" data-e-type=\"widget\" data-widget_type=\"divider.default\">\n\t\t\t\t<div class=\"elementor-widget-container\">\n\t\t\t\t\t\t\t<div class=\"elementor-divider\">\n\t\t\t<span class=\"elementor-divider-separator\">\n\t\t\t\t\t\t<\/span>\n\t\t<\/div>\n\t\t\t\t\t\t<\/div>\n\t\t\t\t<\/div>\n\t\t\t\t<div class=\"elementor-element elementor-element-69c5b54 elementor-widget elementor-widget-text-editor\" data-id=\"69c5b54\" data-element_type=\"widget\" data-e-type=\"widget\" data-widget_type=\"text-editor.default\">\n\t\t\t\t<div class=\"elementor-widget-container\">\n\t\t\t\t\t\t\t\t\t<p>Si creus que pots encaixar a la posici\u00f3, omple el seg\u00fcent formulari:<\/p>\n\t\t\t\t\t\t\t\t<\/div>\n\t\t\t\t<\/div>\n\t\t\t\t\t<\/div>\n\t\t<\/div>\n\t\t\t\t<div class=\"elementor-column elementor-col-50 elementor-top-column elementor-element elementor-element-2b261a5\" data-id=\"2b261a5\" data-element_type=\"column\" data-e-type=\"column\">\n\t\t\t<div class=\"elementor-widget-wrap elementor-element-populated\">\n\t\t\t\t\t\t<div class=\"elementor-element elementor-element-b8cb4f6 elementor-button-align-stretch elementor-widget elementor-widget-form\" data-id=\"b8cb4f6\" data-element_type=\"widget\" data-e-type=\"widget\" data-settings=\"{&quot;step_next_label&quot;:&quot;Seg\\u00fcent&quot;,&quot;step_previous_label&quot;:&quot;Anterior&quot;,&quot;button_width&quot;:&quot;100&quot;,&quot;step_type&quot;:&quot;number_text&quot;,&quot;step_icon_shape&quot;:&quot;circle&quot;}\" data-widget_type=\"form.default\">\n\t\t\t\t<div class=\"elementor-widget-container\">\n\t\t\t\t\t\t\t<form class=\"elementor-form\" method=\"post\" name=\"Formulari oferta: T\u00c8CNIC\/A COMERCIAL ZONA M\u00daRCIA\" aria-label=\"Formulari oferta: T\u00c8CNIC\/A COMERCIAL ZONA M\u00daRCIA\">\n\t\t\t<input type=\"hidden\" name=\"post_id\" value=\"27983\"\/>\n\t\t\t<input type=\"hidden\" name=\"form_id\" value=\"b8cb4f6\"\/>\n\t\t\t<input type=\"hidden\" name=\"referer_title\" value=\"amec Positive Industry\" \/>\n\n\t\t\t\n\t\t\t<div class=\"elementor-form-fields-wrapper elementor-labels-\">\n\t\t\t\t\t\t\t\t<div class=\"elementor-field-type-text elementor-field-group elementor-column elementor-field-group-name elementor-col-100 elementor-field-required\">\n\t\t\t\t\t\t\t\t\t\t\t\t<label for=\"form-field-name\" class=\"elementor-field-label elementor-screen-only\">\n\t\t\t\t\t\t\t\tNom\t\t\t\t\t\t\t<\/label>\n\t\t\t\t\t\t\t\t\t\t\t\t\t\t<input size=\"1\" type=\"text\" name=\"form_fields[name]\" id=\"form-field-name\" class=\"elementor-field elementor-size-sm  elementor-field-textual\" placeholder=\"Nom *\" required=\"required\">\n\t\t\t\t\t\t\t\t\t\t\t<\/div>\n\t\t\t\t\t\t\t\t<div class=\"elementor-field-type-text elementor-field-group elementor-column elementor-field-group-field_462792b elementor-col-100 elementor-field-required\">\n\t\t\t\t\t\t\t\t\t\t\t\t<label for=\"form-field-field_462792b\" class=\"elementor-field-label elementor-screen-only\">\n\t\t\t\t\t\t\t\tCognoms\t\t\t\t\t\t\t<\/label>\n\t\t\t\t\t\t\t\t\t\t\t\t\t\t<input size=\"1\" type=\"text\" name=\"form_fields[field_462792b]\" id=\"form-field-field_462792b\" class=\"elementor-field elementor-size-sm  elementor-field-textual\" placeholder=\"Cognoms *\" required=\"required\">\n\t\t\t\t\t\t\t\t\t\t\t<\/div>\n\t\t\t\t\t\t\t\t<div class=\"elementor-field-type-email elementor-field-group elementor-column elementor-field-group-field_f45286e elementor-col-100 elementor-field-required\">\n\t\t\t\t\t\t\t\t\t\t\t\t<label for=\"form-field-field_f45286e\" class=\"elementor-field-label elementor-screen-only\">\n\t\t\t\t\t\t\t\tCorreu electr\u00f2nic\t\t\t\t\t\t\t<\/label>\n\t\t\t\t\t\t\t\t\t\t\t\t\t\t<input size=\"1\" type=\"email\" name=\"form_fields[field_f45286e]\" id=\"form-field-field_f45286e\" class=\"elementor-field elementor-size-sm  elementor-field-textual\" placeholder=\"Correu electr\u00f2nic *\" required=\"required\">\n\t\t\t\t\t\t\t\t\t\t\t<\/div>\n\t\t\t\t\t\t\t\t<div class=\"elementor-field-type-tel elementor-field-group elementor-column elementor-field-group-field_9b0b4c5 elementor-col-100 elementor-field-required\">\n\t\t\t\t\t\t\t\t\t\t\t\t<label for=\"form-field-field_9b0b4c5\" class=\"elementor-field-label elementor-screen-only\">\n\t\t\t\t\t\t\t\tTel\u00e8fon\t\t\t\t\t\t\t<\/label>\n\t\t\t\t\t\t\t\t<input size=\"1\" type=\"tel\" name=\"form_fields[field_9b0b4c5]\" id=\"form-field-field_9b0b4c5\" class=\"elementor-field elementor-size-sm  elementor-field-textual\" placeholder=\"Tel\u00e8fon *\" required=\"required\" pattern=\"[0-9()#&amp;+*-=.]+\" title=\"Only numbers and phone characters (#, -, *, etc) are accepted.\">\n\n\t\t\t\t\t\t<\/div>\n\t\t\t\t\t\t\t\t<div class=\"elementor-field-type-url elementor-field-group elementor-column elementor-field-group-field_0108d8d elementor-col-100\">\n\t\t\t\t\t\t\t\t\t\t\t\t<label for=\"form-field-field_0108d8d\" class=\"elementor-field-label elementor-screen-only\">\n\t\t\t\t\t\t\t\tPerfil de LinkedIn\t\t\t\t\t\t\t<\/label>\n\t\t\t\t\t\t\t\t\t\t\t\t\t\t<input size=\"1\" type=\"url\" name=\"form_fields[field_0108d8d]\" id=\"form-field-field_0108d8d\" class=\"elementor-field elementor-size-sm  elementor-field-textual\" placeholder=\"Perfil de LinkedIn\">\n\t\t\t\t\t\t\t\t\t\t\t<\/div>\n\t\t\t\t\t\t\t\t<div class=\"elementor-field-type-textarea elementor-field-group elementor-column elementor-field-group-field_5af2058 elementor-col-100\">\n\t\t\t\t\t\t\t\t\t\t\t\t<label for=\"form-field-field_5af2058\" class=\"elementor-field-label elementor-screen-only\">\n\t\t\t\t\t\t\t\tBreu descripci\u00f3\t\t\t\t\t\t\t<\/label>\n\t\t\t\t\t\t<textarea class=\"elementor-field-textual elementor-field  elementor-size-sm\" name=\"form_fields[field_5af2058]\" id=\"form-field-field_5af2058\" rows=\"4\" placeholder=\"Breu descripci\u00f3*\"><\/textarea>\t\t\t\t<\/div>\n\t\t\t\t\t\t\t\t<div class=\"elementor-field-type-html elementor-field-group elementor-column elementor-field-group-field_9b3be4c elementor-col-100\">\n\t\t\t\t\tD'acord amb la Llei org\u00e0nica 3\/2018, de 5 de desembre, de protecci\u00f3 de dades personals i garantia dels drets digitals (LOPDGDD), les dades personals recollides en aquest formulari seran objecte de tractament per part d'AMEC amb la finalitat de posar-nos en contacte amb vost\u00e8 i oferir una resposta a les consultes plantejades per mitj\u00e0 del present formulari. La base legal per al tractament de les vostres dades \u00e9s el vostre consentiment, el desenvolupament de mesures precontractuals o contractuals, el compliment d'obligacions legals i\/o l'inter\u00e8s leg\u00edtim d'AMEC. Es podran exercir els drets dacc\u00e9s, supressi\u00f3, rectificaci\u00f3, oposici\u00f3, portabilitat o limitaci\u00f3 mitjan\u00e7ant correu electr\u00f2nic a ladre\u00e7a amec@amec.es. En tot cas, els interessats tenen dret a presentar una reclamaci\u00f3 davant l'Autoritat de Protecci\u00f3 de Dades corresponent. Les dades personals proporcionades es conservaran pel per\u00edode legalment o contractualment previst, o mentre es mantingui el consentiment de linteressat. No es fa cessi\u00f3 de les dades recollides, excepte per obligaci\u00f3 legal o cessions autoritzades per llei. Preguem, comuniqueu de forma immediata a amec@amec.es qualsevol canvi o modificaci\u00f3 que es produeixi en relaci\u00f3 amb les dades que ens heu proporcionat, a fi que aquestes responguin amb veracitat a la vostra situaci\u00f3 personal en tot moment.      \t\t\t\t<\/div>\n\t\t\t\t\t\t\t\t<div class=\"elementor-field-type-acceptance elementor-field-group elementor-column elementor-field-group-field_bd17287 elementor-col-100 elementor-field-required\">\n\t\t\t\t\t\t\t\t\t\t\t\t<label for=\"form-field-field_bd17287\" class=\"elementor-field-label elementor-screen-only\">\n\t\t\t\t\t\t\t\tAcceptaci\u00f3 RGPD\t\t\t\t\t\t\t<\/label>\n\t\t\t\t\t\t\t\t<div class=\"elementor-field-subgroup\">\n\t\t\t<span class=\"elementor-field-option\">\n\t\t\t\t<input type=\"checkbox\" name=\"form_fields[field_bd17287]\" id=\"form-field-field_bd17287\" class=\"elementor-field elementor-size-sm  elementor-acceptance-field\" required=\"required\">\n\t\t\t\t<label for=\"form-field-field_bd17287\">Accepto la <a href=\"https:\/\/www.amec.es\/ca\/politica-de-privacitat\/\">Pol\u00edtica de Privadesa<\/a> *<\/label>\t\t\t<\/span>\n\t\t<\/div>\n\t\t\t\t\t\t<\/div>\n\t\t\t\t\t\t\t\t<div class=\"elementor-field-type-acceptance elementor-field-group elementor-column elementor-field-group-field_79b06d4 elementor-col-100\">\n\t\t\t\t\t\t\t\t\t\t\t\t<label for=\"form-field-field_79b06d4\" class=\"elementor-field-label elementor-screen-only\">\n\t\t\t\t\t\t\t\tAcceptaci\u00f3 comunicacions\t\t\t\t\t\t\t<\/label>\n\t\t\t\t\t\t\t\t<div class=\"elementor-field-subgroup\">\n\t\t\t<span class=\"elementor-field-option\">\n\t\t\t\t<input type=\"checkbox\" name=\"form_fields[field_79b06d4]\" id=\"form-field-field_79b06d4\" class=\"elementor-field elementor-size-sm  elementor-acceptance-field\">\n\t\t\t\t<label for=\"form-field-field_79b06d4\">Accepto rebre comunicacions informatives \/ comercials de Amec<\/label>\t\t\t<\/span>\n\t\t<\/div>\n\t\t\t\t\t\t<\/div>\n\t\t\t\t\t\t\t\t<div class=\"elementor-field-group elementor-column elementor-field-type-submit elementor-col-100 e-form__buttons\">\n\t\t\t\t\t<button class=\"elementor-button elementor-size-sm\" type=\"submit\">\n\t\t\t\t\t\t<span class=\"elementor-button-content-wrapper\">\n\t\t\t\t\t\t\t\t\t\t\t\t\t\t\t\t\t\t\t\t\t\t<span class=\"elementor-button-text\">Enviar<\/span>\n\t\t\t\t\t\t\t\t\t\t\t\t\t<\/span>\n\t\t\t\t\t<\/button>\n\t\t\t\t<\/div>\n\t\t\t<\/div>\n\t\t<\/form>\n\t\t\t\t\t\t<\/div>\n\t\t\t\t<\/div>\n\t\t\t\t\t<\/div>\n\t\t<\/div>\n\t\t\t\t\t<\/div>\n\t\t<\/section>\n\t\t\t\t<\/div>\n\t\t","protected":false},"excerpt":{"rendered":"<p>Oferta activa Oferta: T\u00e8cnic\/a comercial Zona M\u00farcia Empresa: Murrelektronic En depend\u00e8ncia del director comercial, es responsabilitzar\u00e0 de gestionar el manteniment i l&#8217;increment de la cartera de clients assignada, aportant solucions t\u00e8cniques de valor en automatitzaci\u00f3 industrial en l&#8217;\u00e0mbit de la perif\u00e8ria descentralitzada. Qu\u00e8 us oferim i quines seran les vostres responsabilitats? Responsabilitats: Assessorament t\u00e8cnic a [&hellip;]<\/p>\n","protected":false},"author":4,"featured_media":0,"parent":0,"menu_order":0,"comment_status":"closed","ping_status":"closed","template":"elementor_header_footer","meta":{"inline_featured_image":false,"footnotes":""},"categories":[226],"tags":[],"class_list":["post-27983","page","type-page","status-publish","hentry","category-banc-de-talent"],"yoast_head":"<!-- This site is optimized with the Yoast SEO plugin v27.3 - https:\/\/yoast.com\/product\/yoast-seo-wordpress\/ -->\n<title>Oferta Banc Talent: T\u00e8cnic\/a comercial Zona M\u00farcia | amec Positive Industry<\/title>\n<meta name=\"robots\" content=\"index, follow, max-snippet:-1, max-image-preview:large, max-video-preview:-1\" \/>\n<link rel=\"canonical\" href=\"https:\/\/amec.es\/ca\/oferta-banc-talent-tecnic-a-comercial-zona-murcia\/\" \/>\n<meta property=\"og:locale\" content=\"ca_ES\" \/>\n<meta property=\"og:type\" content=\"article\" \/>\n<meta property=\"og:title\" content=\"Oferta Banc Talent: T\u00e8cnic\/a comercial Zona M\u00farcia | amec Positive Industry\" \/>\n<meta property=\"og:description\" content=\"Oferta activa Oferta: T\u00e8cnic\/a comercial Zona M\u00farcia Empresa: Murrelektronic En depend\u00e8ncia del director comercial, es responsabilitzar\u00e0 de gestionar el manteniment i l&#8217;increment de la cartera de clients assignada, aportant solucions t\u00e8cniques de valor en automatitzaci\u00f3 industrial en l&#8217;\u00e0mbit de la perif\u00e8ria descentralitzada. Qu\u00e8 us oferim i quines seran les vostres responsabilitats? Responsabilitats: Assessorament t\u00e8cnic a [&hellip;]\" \/>\n<meta property=\"og:url\" content=\"https:\/\/amec.es\/ca\/oferta-banc-talent-tecnic-a-comercial-zona-murcia\/\" \/>\n<meta property=\"og:site_name\" content=\"amec Positive Industry\" \/>\n<meta property=\"article:modified_time\" content=\"2025-01-21T10:33:21+00:00\" \/>\n<meta property=\"og:image\" content=\"https:\/\/amec.es\/wp-content\/uploads\/2024\/02\/Logo_AMEC.png\" \/>\n\t<meta property=\"og:image:width\" content=\"1827\" \/>\n\t<meta property=\"og:image:height\" content=\"438\" \/>\n\t<meta property=\"og:image:type\" content=\"image\/png\" \/>\n<meta name=\"twitter:card\" content=\"summary_large_image\" \/>\n<meta name=\"twitter:label1\" content=\"Temps estimat de lectura\" \/>\n\t<meta name=\"twitter:data1\" content=\"1 minut\" \/>\n<script type=\"application\/ld+json\" class=\"yoast-schema-graph\">{\"@context\":\"https:\\\/\\\/schema.org\",\"@graph\":[{\"@type\":\"WebPage\",\"@id\":\"https:\\\/\\\/amec.es\\\/ca\\\/oferta-banc-talent-tecnic-a-comercial-zona-murcia\\\/\",\"url\":\"https:\\\/\\\/amec.es\\\/ca\\\/oferta-banc-talent-tecnic-a-comercial-zona-murcia\\\/\",\"name\":\"Oferta Banc Talent: T\u00e8cnic\\\/a comercial Zona M\u00farcia | amec Positive Industry\",\"isPartOf\":{\"@id\":\"https:\\\/\\\/amec.es\\\/#website\"},\"datePublished\":\"2025-01-21T10:24:25+00:00\",\"dateModified\":\"2025-01-21T10:33:21+00:00\",\"breadcrumb\":{\"@id\":\"https:\\\/\\\/amec.es\\\/ca\\\/oferta-banc-talent-tecnic-a-comercial-zona-murcia\\\/#breadcrumb\"},\"inLanguage\":\"ca\",\"potentialAction\":[{\"@type\":\"ReadAction\",\"target\":[\"https:\\\/\\\/amec.es\\\/ca\\\/oferta-banc-talent-tecnic-a-comercial-zona-murcia\\\/\"]}]},{\"@type\":\"BreadcrumbList\",\"@id\":\"https:\\\/\\\/amec.es\\\/ca\\\/oferta-banc-talent-tecnic-a-comercial-zona-murcia\\\/#breadcrumb\",\"itemListElement\":[{\"@type\":\"ListItem\",\"position\":1,\"name\":\"Portada\",\"item\":\"https:\\\/\\\/amec.es\\\/ca\\\/home-new\\\/\"},{\"@type\":\"ListItem\",\"position\":2,\"name\":\"Oferta Banc Talent: T\u00e8cnic\\\/a comercial Zona M\u00farcia\"}]},{\"@type\":\"WebSite\",\"@id\":\"https:\\\/\\\/amec.es\\\/#website\",\"url\":\"https:\\\/\\\/amec.es\\\/\",\"name\":\"amec Positive Industry\",\"description\":\"\",\"publisher\":{\"@id\":\"https:\\\/\\\/amec.es\\\/#organization\"},\"potentialAction\":[{\"@type\":\"SearchAction\",\"target\":{\"@type\":\"EntryPoint\",\"urlTemplate\":\"https:\\\/\\\/amec.es\\\/?s={search_term_string}\"},\"query-input\":{\"@type\":\"PropertyValueSpecification\",\"valueRequired\":true,\"valueName\":\"search_term_string\"}}],\"inLanguage\":\"ca\"},{\"@type\":\"Organization\",\"@id\":\"https:\\\/\\\/amec.es\\\/#organization\",\"name\":\"amec Positive Industry\",\"url\":\"https:\\\/\\\/amec.es\\\/\",\"logo\":{\"@type\":\"ImageObject\",\"inLanguage\":\"ca\",\"@id\":\"https:\\\/\\\/amec.es\\\/#\\\/schema\\\/logo\\\/image\\\/\",\"url\":\"https:\\\/\\\/amec.es\\\/wp-content\\\/uploads\\\/2023\\\/07\\\/logoamec.png\",\"contentUrl\":\"https:\\\/\\\/amec.es\\\/wp-content\\\/uploads\\\/2023\\\/07\\\/logoamec.png\",\"width\":200,\"height\":48,\"caption\":\"amec Positive Industry\"},\"image\":{\"@id\":\"https:\\\/\\\/amec.es\\\/#\\\/schema\\\/logo\\\/image\\\/\"}}]}<\/script>\n<!-- \/ Yoast SEO plugin. -->","yoast_head_json":{"title":"Oferta Banc Talent: T\u00e8cnic\/a comercial Zona M\u00farcia | amec Positive Industry","robots":{"index":"index","follow":"follow","max-snippet":"max-snippet:-1","max-image-preview":"max-image-preview:large","max-video-preview":"max-video-preview:-1"},"canonical":"https:\/\/amec.es\/ca\/oferta-banc-talent-tecnic-a-comercial-zona-murcia\/","og_locale":"ca_ES","og_type":"article","og_title":"Oferta Banc Talent: T\u00e8cnic\/a comercial Zona M\u00farcia | amec Positive Industry","og_description":"Oferta activa Oferta: T\u00e8cnic\/a comercial Zona M\u00farcia Empresa: Murrelektronic En depend\u00e8ncia del director comercial, es responsabilitzar\u00e0 de gestionar el manteniment i l&#8217;increment de la cartera de clients assignada, aportant solucions t\u00e8cniques de valor en automatitzaci\u00f3 industrial en l&#8217;\u00e0mbit de la perif\u00e8ria descentralitzada. Qu\u00e8 us oferim i quines seran les vostres responsabilitats? Responsabilitats: Assessorament t\u00e8cnic a [&hellip;]","og_url":"https:\/\/amec.es\/ca\/oferta-banc-talent-tecnic-a-comercial-zona-murcia\/","og_site_name":"amec Positive Industry","article_modified_time":"2025-01-21T10:33:21+00:00","og_image":[{"width":1827,"height":438,"url":"https:\/\/amec.es\/wp-content\/uploads\/2024\/02\/Logo_AMEC.png","type":"image\/png"}],"twitter_card":"summary_large_image","twitter_misc":{"Temps estimat de lectura":"1 minut"},"schema":{"@context":"https:\/\/schema.org","@graph":[{"@type":"WebPage","@id":"https:\/\/amec.es\/ca\/oferta-banc-talent-tecnic-a-comercial-zona-murcia\/","url":"https:\/\/amec.es\/ca\/oferta-banc-talent-tecnic-a-comercial-zona-murcia\/","name":"Oferta Banc Talent: T\u00e8cnic\/a comercial Zona M\u00farcia | amec Positive Industry","isPartOf":{"@id":"https:\/\/amec.es\/#website"},"datePublished":"2025-01-21T10:24:25+00:00","dateModified":"2025-01-21T10:33:21+00:00","breadcrumb":{"@id":"https:\/\/amec.es\/ca\/oferta-banc-talent-tecnic-a-comercial-zona-murcia\/#breadcrumb"},"inLanguage":"ca","potentialAction":[{"@type":"ReadAction","target":["https:\/\/amec.es\/ca\/oferta-banc-talent-tecnic-a-comercial-zona-murcia\/"]}]},{"@type":"BreadcrumbList","@id":"https:\/\/amec.es\/ca\/oferta-banc-talent-tecnic-a-comercial-zona-murcia\/#breadcrumb","itemListElement":[{"@type":"ListItem","position":1,"name":"Portada","item":"https:\/\/amec.es\/ca\/home-new\/"},{"@type":"ListItem","position":2,"name":"Oferta Banc Talent: T\u00e8cnic\/a comercial Zona M\u00farcia"}]},{"@type":"WebSite","@id":"https:\/\/amec.es\/#website","url":"https:\/\/amec.es\/","name":"amec Positive Industry","description":"","publisher":{"@id":"https:\/\/amec.es\/#organization"},"potentialAction":[{"@type":"SearchAction","target":{"@type":"EntryPoint","urlTemplate":"https:\/\/amec.es\/?s={search_term_string}"},"query-input":{"@type":"PropertyValueSpecification","valueRequired":true,"valueName":"search_term_string"}}],"inLanguage":"ca"},{"@type":"Organization","@id":"https:\/\/amec.es\/#organization","name":"amec Positive Industry","url":"https:\/\/amec.es\/","logo":{"@type":"ImageObject","inLanguage":"ca","@id":"https:\/\/amec.es\/#\/schema\/logo\/image\/","url":"https:\/\/amec.es\/wp-content\/uploads\/2023\/07\/logoamec.png","contentUrl":"https:\/\/amec.es\/wp-content\/uploads\/2023\/07\/logoamec.png","width":200,"height":48,"caption":"amec Positive Industry"},"image":{"@id":"https:\/\/amec.es\/#\/schema\/logo\/image\/"}}]}},"_links":{"self":[{"href":"https:\/\/amec.es\/ca\/wp-json\/wp\/v2\/pages\/27983","targetHints":{"allow":["GET"]}}],"collection":[{"href":"https:\/\/amec.es\/ca\/wp-json\/wp\/v2\/pages"}],"about":[{"href":"https:\/\/amec.es\/ca\/wp-json\/wp\/v2\/types\/page"}],"author":[{"embeddable":true,"href":"https:\/\/amec.es\/ca\/wp-json\/wp\/v2\/users\/4"}],"replies":[{"embeddable":true,"href":"https:\/\/amec.es\/ca\/wp-json\/wp\/v2\/comments?post=27983"}],"version-history":[{"count":1,"href":"https:\/\/amec.es\/ca\/wp-json\/wp\/v2\/pages\/27983\/revisions"}],"predecessor-version":[{"id":27984,"href":"https:\/\/amec.es\/ca\/wp-json\/wp\/v2\/pages\/27983\/revisions\/27984"}],"wp:attachment":[{"href":"https:\/\/amec.es\/ca\/wp-json\/wp\/v2\/media?parent=27983"}],"wp:term":[{"taxonomy":"category","embeddable":true,"href":"https:\/\/amec.es\/ca\/wp-json\/wp\/v2\/categories?post=27983"},{"taxonomy":"post_tag","embeddable":true,"href":"https:\/\/amec.es\/ca\/wp-json\/wp\/v2\/tags?post=27983"}],"curies":[{"name":"wp","href":"https:\/\/api.w.org\/{rel}","templated":true}]}}