{"id":29061,"date":"2025-02-20T10:52:42","date_gmt":"2025-02-20T09:52:42","guid":{"rendered":"https:\/\/www.amec.es\/masterclass-coneixes-les-noves-directives-a-ciberseguretat-per-a-lempresa-internacional\/"},"modified":"2025-02-24T09:39:28","modified_gmt":"2025-02-24T08:39:28","slug":"masterclass-coneixes-les-noves-directives-a-ciberseguretat-per-a-lempresa-internacional","status":"publish","type":"page","link":"https:\/\/amec.es\/ca\/masterclass-coneixes-les-noves-directives-a-ciberseguretat-per-a-lempresa-internacional\/","title":{"rendered":"Masterclass: Coneixes les noves directives a ciberseguretat per a l&#8217;empresa internacional?"},"content":{"rendered":"\t\t<div data-elementor-type=\"wp-page\" data-elementor-id=\"29061\" class=\"elementor elementor-29061 elementor-29048\" data-elementor-post-type=\"page\">\n\t\t\t\t\t\t<section class=\"elementor-section elementor-top-section elementor-element elementor-element-20f2eca elementor-section-height-min-height elementor-section-stretched elementor-section-boxed elementor-section-height-default elementor-section-items-middle\" data-id=\"20f2eca\" data-element_type=\"section\" data-e-type=\"section\" data-settings=\"{&quot;stretch_section&quot;:&quot;section-stretched&quot;,&quot;background_background&quot;:&quot;classic&quot;}\">\n\t\t\t\t\t\t\t<div class=\"elementor-background-overlay\"><\/div>\n\t\t\t\t\t\t\t<div class=\"elementor-container elementor-column-gap-default\">\n\t\t\t\t\t<div class=\"elementor-column elementor-col-100 elementor-top-column elementor-element elementor-element-b397ef9\" data-id=\"b397ef9\" data-element_type=\"column\" data-e-type=\"column\">\n\t\t\t<div class=\"elementor-widget-wrap elementor-element-populated\">\n\t\t\t\t\t\t<div class=\"elementor-element elementor-element-925e3e5 elementor-widget elementor-widget-spacer\" data-id=\"925e3e5\" data-element_type=\"widget\" data-e-type=\"widget\" data-widget_type=\"spacer.default\">\n\t\t\t\t<div class=\"elementor-widget-container\">\n\t\t\t\t\t\t\t<div class=\"elementor-spacer\">\n\t\t\t<div class=\"elementor-spacer-inner\"><\/div>\n\t\t<\/div>\n\t\t\t\t\t\t<\/div>\n\t\t\t\t<\/div>\n\t\t\t\t<div class=\"elementor-element elementor-element-7bf3477 elementor-position-inline-start elementor-view-default elementor-mobile-position-block-start elementor-widget elementor-widget-icon-box\" data-id=\"7bf3477\" data-element_type=\"widget\" data-e-type=\"widget\" data-widget_type=\"icon-box.default\">\n\t\t\t\t<div class=\"elementor-widget-container\">\n\t\t\t\t\t\t\t<div class=\"elementor-icon-box-wrapper\">\n\n\t\t\t\t\t\t<div class=\"elementor-icon-box-icon\">\n\t\t\t\t<a href=\"https:\/\/www.amec.es\/ca\/agenda\/\" class=\"elementor-icon\" tabindex=\"-1\" aria-label=\"Consulta altres activitats\">\n\t\t\t\t<i aria-hidden=\"true\" class=\"fas fa-angle-double-left\"><\/i>\t\t\t\t<\/a>\n\t\t\t<\/div>\n\t\t\t\n\t\t\t\t\t\t<div class=\"elementor-icon-box-content\">\n\n\t\t\t\t\t\t\t\t\t<p class=\"elementor-icon-box-title\">\n\t\t\t\t\t\t<a href=\"https:\/\/www.amec.es\/ca\/agenda\/\" >\n\t\t\t\t\t\t\tConsulta altres activitats\t\t\t\t\t\t<\/a>\n\t\t\t\t\t<\/p>\n\t\t\t\t\n\t\t\t\t\n\t\t\t<\/div>\n\t\t\t\n\t\t<\/div>\n\t\t\t\t\t\t<\/div>\n\t\t\t\t<\/div>\n\t\t\t\t<div class=\"elementor-element elementor-element-8c8c893 elementor-widget elementor-widget-spacer\" data-id=\"8c8c893\" data-element_type=\"widget\" data-e-type=\"widget\" data-widget_type=\"spacer.default\">\n\t\t\t\t<div class=\"elementor-widget-container\">\n\t\t\t\t\t\t\t<div class=\"elementor-spacer\">\n\t\t\t<div class=\"elementor-spacer-inner\"><\/div>\n\t\t<\/div>\n\t\t\t\t\t\t<\/div>\n\t\t\t\t<\/div>\n\t\t\t\t<div class=\"elementor-element elementor-element-e67fe96 elementor-widget elementor-widget-heading\" data-id=\"e67fe96\" data-element_type=\"widget\" data-e-type=\"widget\" data-widget_type=\"heading.default\">\n\t\t\t\t<div class=\"elementor-widget-container\">\n\t\t\t\t\t<h1 class=\"elementor-heading-title elementor-size-default\">Masterclass: Coneixes les noves normatives en ciberseguretat per a l'empresa internacionalitzada?<\/h1>\t\t\t\t<\/div>\n\t\t\t\t<\/div>\n\t\t\t\t<div class=\"elementor-element elementor-element-ef1dc8f elementor-widget__width-initial elementor-widget-divider--view-line elementor-widget elementor-widget-global elementor-global-48210 elementor-global-159 elementor-widget-divider\" data-id=\"ef1dc8f\" data-element_type=\"widget\" data-e-type=\"widget\" data-widget_type=\"divider.default\">\n\t\t\t\t<div class=\"elementor-widget-container\">\n\t\t\t\t\t\t\t<div class=\"elementor-divider\">\n\t\t\t<span class=\"elementor-divider-separator\">\n\t\t\t\t\t\t<\/span>\n\t\t<\/div>\n\t\t\t\t\t\t<\/div>\n\t\t\t\t<\/div>\n\t\t\t\t<div class=\"elementor-element elementor-element-63205bc elementor-icon-list--layout-traditional elementor-list-item-link-full_width elementor-widget elementor-widget-icon-list\" data-id=\"63205bc\" data-element_type=\"widget\" data-e-type=\"widget\" data-widget_type=\"icon-list.default\">\n\t\t\t\t<div class=\"elementor-widget-container\">\n\t\t\t\t\t\t\t<ul class=\"elementor-icon-list-items\">\n\t\t\t\t\t\t\t<li class=\"elementor-icon-list-item\">\n\t\t\t\t\t\t\t\t\t\t\t<span class=\"elementor-icon-list-icon\">\n\t\t\t\t\t\t\t<i aria-hidden=\"true\" class=\"fas fa-calendar-alt\"><\/i>\t\t\t\t\t\t<\/span>\n\t\t\t\t\t\t\t\t\t\t<span class=\"elementor-icon-list-text\">3 d'abril 2025 - De 10:00 a 11:30<\/span>\n\t\t\t\t\t\t\t\t\t<\/li>\n\t\t\t\t\t\t\t\t<li class=\"elementor-icon-list-item\">\n\t\t\t\t\t\t\t\t\t\t\t<span class=\"elementor-icon-list-icon\">\n\t\t\t\t\t\t\t<i aria-hidden=\"true\" class=\"far fa-paper-plane\"><\/i>\t\t\t\t\t\t<\/span>\n\t\t\t\t\t\t\t\t\t\t<span class=\"elementor-icon-list-text\">Sessi\u00f3 online<\/span>\n\t\t\t\t\t\t\t\t\t<\/li>\n\t\t\t\t\t\t\t\t<li class=\"elementor-icon-list-item\">\n\t\t\t\t\t\t\t\t\t\t\t<span class=\"elementor-icon-list-icon\">\n\t\t\t\t\t\t\t<i aria-hidden=\"true\" class=\"far fa-money-bill-alt\"><\/i>\t\t\t\t\t\t<\/span>\n\t\t\t\t\t\t\t\t\t\t<span class=\"elementor-icon-list-text\">55\u20ac+IVA. 10% de Dte. per a inscripcions abans del 15 de mar\u00e7 <\/span>\n\t\t\t\t\t\t\t\t\t<\/li>\n\t\t\t\t\t\t<\/ul>\n\t\t\t\t\t\t<\/div>\n\t\t\t\t<\/div>\n\t\t\t\t\t<\/div>\n\t\t<\/div>\n\t\t\t\t\t<\/div>\n\t\t<\/section>\n\t\t\t\t<section class=\"elementor-section elementor-top-section elementor-element elementor-element-250aa52 elementor-section-stretched elementor-section-content-middle elementor-section-boxed elementor-section-height-default elementor-section-height-default\" data-id=\"250aa52\" data-element_type=\"section\" data-e-type=\"section\" data-settings=\"{&quot;stretch_section&quot;:&quot;section-stretched&quot;}\">\n\t\t\t\t\t\t<div class=\"elementor-container elementor-column-gap-wider\">\n\t\t\t\t\t<div class=\"elementor-column elementor-col-50 elementor-top-column elementor-element elementor-element-7722d73\" data-id=\"7722d73\" data-element_type=\"column\" data-e-type=\"column\">\n\t\t\t<div class=\"elementor-widget-wrap elementor-element-populated\">\n\t\t\t\t\t\t<div class=\"elementor-element elementor-element-dcf2bf5 elementor-widget elementor-widget-heading\" data-id=\"dcf2bf5\" data-element_type=\"widget\" data-e-type=\"widget\" data-widget_type=\"heading.default\">\n\t\t\t\t<div class=\"elementor-widget-container\">\n\t\t\t\t\t<h2 class=\"elementor-heading-title elementor-size-default\">  Vols saber m\u00e9s sobre la ciberseguretat a l'empresa internacionalitzada?<\/h2>\t\t\t\t<\/div>\n\t\t\t\t<\/div>\n\t\t\t\t<div class=\"elementor-element elementor-element-1fc040c elementor-widget elementor-widget-text-editor\" data-id=\"1fc040c\" data-element_type=\"widget\" data-e-type=\"widget\" data-widget_type=\"text-editor.default\">\n\t\t\t\t<div class=\"elementor-widget-container\">\n\t\t\t\t\t\t\t\t\t<p>Si la teva organitzaci\u00f3 no compleix amb normatives com la <strong>ISO 27001<\/strong> , <strong>TISAX<\/strong> , <strong>DORA<\/strong> , o la normativa europea <strong>NIS 2<\/strong> , est\u00e0s augmentant el risc de ser objectiu de ciberatacs. Complir aquestes i altres regulacions no nom\u00e9s protegeix la teva infraestructura digital, sin\u00f3 que tamb\u00e9 facilita l&#8217;expansi\u00f3 internacional, generant confian\u00e7a amb socis i clients a nivell global. <\/p>\n<p>Sabies que la responsabilitat no recau nom\u00e9s a l&#8217;equip de TI? Com a directiu, cal garantir que cada membre de l&#8217;organitzaci\u00f3 segueixi els protocols adequats. Un simple clic erroni o no aplicar les <strong>mesures de seguretat necess\u00e0ries<\/strong> poden ser la porta dentrada per als atacants. Si no est\u00e0s realitzant <strong>auditories<\/strong> <strong>de seguretat<\/strong> , <strong>simulacres<\/strong> <strong>d&#8217;atac o<\/strong> <strong>capacitant i conscienciant<\/strong> <strong>els empleats<\/strong> , el seu negoci ser\u00e0 vulnerable davant d&#8217;amenaces cada vegada m\u00e9s sofisticades. La ciberseguretat no \u00e9s una opci\u00f3, \u00e9s una responsabilitat que ha de ser assumida a nivell organitzacional.<\/p>\n<p><em><strong>amec<\/strong><\/em> en col\u00b7laboraci\u00f3 amb el nostre expert en ciberseguretat, <strong>JakinCode<\/strong> , organitza aquesta masterclass on <strong>et donarem les claus per a la teva funci\u00f3 i responsabilitat sobre la seguretat de la informaci\u00f3<\/strong> , amb la mirada posada en la salvaguarda de la reputaci\u00f3 i la confian\u00e7a que la teva empresa ha constru\u00eft.<\/p>\n\t\t\t\t\t\t\t\t<\/div>\n\t\t\t\t<\/div>\n\t\t\t\t\t<\/div>\n\t\t<\/div>\n\t\t\t\t<div class=\"elementor-column elementor-col-50 elementor-top-column elementor-element elementor-element-33f380b\" data-id=\"33f380b\" data-element_type=\"column\" data-e-type=\"column\" data-settings=\"{&quot;background_background&quot;:&quot;classic&quot;}\">\n\t\t\t<div class=\"elementor-widget-wrap elementor-element-populated\">\n\t\t\t\t\t\t<div class=\"elementor-element elementor-element-e3bbbb7 elementor-widget elementor-widget-menu-anchor\" data-id=\"e3bbbb7\" data-element_type=\"widget\" data-e-type=\"widget\" data-widget_type=\"menu-anchor.default\">\n\t\t\t\t<div class=\"elementor-widget-container\">\n\t\t\t\t\t\t\t<div class=\"elementor-menu-anchor\" id=\"formulari\"><\/div>\n\t\t\t\t\t\t<\/div>\n\t\t\t\t<\/div>\n\t\t\t\t<div class=\"elementor-element elementor-element-e54a6c6 elementor-widget elementor-widget-heading\" data-id=\"e54a6c6\" data-element_type=\"widget\" data-e-type=\"widget\" data-widget_type=\"heading.default\">\n\t\t\t\t<div class=\"elementor-widget-container\">\n\t\t\t\t\t<h2 class=\"elementor-heading-title elementor-size-default\">Apunta't a la masterclass Coneixes les noves normatives en ciberseguretat per a l'empresa internacionalitzada?<\/h2>\t\t\t\t<\/div>\n\t\t\t\t<\/div>\n\t\t\t\t<div class=\"elementor-element elementor-element-d4bd6da legales-blanco elementor-button-align-center elementor-widget elementor-widget-form\" data-id=\"d4bd6da\" data-element_type=\"widget\" data-e-type=\"widget\" data-settings=\"{&quot;step_next_label&quot;:&quot;Seg\\u00fcent&quot;,&quot;step_previous_label&quot;:&quot;Anterior&quot;,&quot;button_width&quot;:&quot;100&quot;,&quot;step_type&quot;:&quot;number_text&quot;,&quot;step_icon_shape&quot;:&quot;circle&quot;}\" data-widget_type=\"form.default\">\n\t\t\t\t<div class=\"elementor-widget-container\">\n\t\t\t\t\t\t\t<form class=\"elementor-form\" method=\"post\" id=\"openday\" name=\"Masterclass: normatives en ciberseguretat\" aria-label=\"Masterclass: normatives en ciberseguretat\">\n\t\t\t<input type=\"hidden\" name=\"post_id\" value=\"29061\"\/>\n\t\t\t<input type=\"hidden\" name=\"form_id\" value=\"d4bd6da\"\/>\n\t\t\t<input type=\"hidden\" name=\"referer_title\" value=\"amec Positive Industry\" \/>\n\n\t\t\t\n\t\t\t<div class=\"elementor-form-fields-wrapper elementor-labels-above\">\n\t\t\t\t\t\t\t\t<div class=\"elementor-field-type-text elementor-field-group elementor-column elementor-field-group-name elementor-col-100 elementor-field-required elementor-mark-required\">\n\t\t\t\t\t\t\t\t\t\t\t\t\t<input size=\"1\" type=\"text\" name=\"form_fields[name]\" id=\"form-field-name\" class=\"elementor-field elementor-size-sm  elementor-field-textual\" placeholder=\"Nom *\" required=\"required\">\n\t\t\t\t\t\t\t\t\t\t\t<\/div>\n\t\t\t\t\t\t\t\t<div class=\"elementor-field-type-text elementor-field-group elementor-column elementor-field-group-field_bfb214a elementor-col-100 elementor-field-required elementor-mark-required\">\n\t\t\t\t\t\t\t\t\t\t\t\t\t<input size=\"1\" type=\"text\" name=\"form_fields[field_bfb214a]\" id=\"form-field-field_bfb214a\" class=\"elementor-field elementor-size-sm  elementor-field-textual\" placeholder=\"Cognoms *\" required=\"required\">\n\t\t\t\t\t\t\t\t\t\t\t<\/div>\n\t\t\t\t\t\t\t\t<div class=\"elementor-field-type-text elementor-field-group elementor-column elementor-field-group-field_723610b elementor-col-100 elementor-field-required elementor-mark-required\">\n\t\t\t\t\t\t\t\t\t\t\t\t\t<input size=\"1\" type=\"text\" name=\"form_fields[field_723610b]\" id=\"form-field-field_723610b\" class=\"elementor-field elementor-size-sm  elementor-field-textual\" placeholder=\"C\u00e0rrec *\" required=\"required\">\n\t\t\t\t\t\t\t\t\t\t\t<\/div>\n\t\t\t\t\t\t\t\t<div class=\"elementor-field-type-text elementor-field-group elementor-column elementor-field-group-field_cbdc095 elementor-col-100 elementor-field-required elementor-mark-required\">\n\t\t\t\t\t\t\t\t\t\t\t\t\t<input size=\"1\" type=\"text\" name=\"form_fields[field_cbdc095]\" id=\"form-field-field_cbdc095\" class=\"elementor-field elementor-size-sm  elementor-field-textual\" placeholder=\"El teu correu electr\u00f2nic *\" required=\"required\">\n\t\t\t\t\t\t\t\t\t\t\t<\/div>\n\t\t\t\t\t\t\t\t<div class=\"elementor-field-type-text elementor-field-group elementor-column elementor-field-group-field_71f88b7 elementor-col-100 elementor-field-required elementor-mark-required\">\n\t\t\t\t\t\t\t\t\t\t\t\t\t<input size=\"1\" type=\"text\" name=\"form_fields[field_71f88b7]\" id=\"form-field-field_71f88b7\" class=\"elementor-field elementor-size-sm  elementor-field-textual\" placeholder=\"Empresa *\" required=\"required\">\n\t\t\t\t\t\t\t\t\t\t\t<\/div>\n\t\t\t\t\t\t\t\t<div class=\"elementor-field-type-tel elementor-field-group elementor-column elementor-field-group-field_09ff446 elementor-col-100 elementor-field-required elementor-mark-required\">\n\t\t\t\t\t\t\t<input size=\"1\" type=\"tel\" name=\"form_fields[field_09ff446]\" id=\"form-field-field_09ff446\" class=\"elementor-field elementor-size-sm  elementor-field-textual\" placeholder=\"Tel\u00e8fon *\" required=\"required\" pattern=\"[0-9()#&amp;+*-=.]+\" title=\"Only numbers and phone characters (#, -, *, etc) are accepted.\">\n\n\t\t\t\t\t\t<\/div>\n\t\t\t\t\t\t\t\t<div class=\"elementor-field-type-html elementor-field-group elementor-column elementor-field-group-field_313e3ef elementor-col-100\">\n\t\t\t\t\tD'acord amb la Llei org\u00e0nica 3\/2018, de 5 de desembre, de protecci\u00f3 de dades personals i garantia dels drets digitals (LOPDGDD), les dades personals recollides en aquest formulari seran objecte de tractament per part d'AMEC amb la finalitat de posar-nos en contacte amb vost\u00e8 i oferir una resposta a les consultes plantejades per mitj\u00e0 del present formulari. La base legal per al tractament de les vostres dades \u00e9s el vostre consentiment, el desenvolupament de mesures precontractuals o contractuals, el compliment d'obligacions legals i\/o l'inter\u00e8s leg\u00edtim d'AMEC. Es podran exercir els drets dacc\u00e9s, supressi\u00f3, rectificaci\u00f3, oposici\u00f3, portabilitat o limitaci\u00f3 mitjan\u00e7ant correu electr\u00f2nic a ladre\u00e7a amec@amec.es. En tot cas, els interessats tenen dret a presentar una reclamaci\u00f3 davant l'Autoritat de Protecci\u00f3 de Dades corresponent. Les dades personals proporcionades es conservaran pel per\u00edode legalment o contractualment previst, o mentre es mantingui el consentiment de linteressat. No es fa cessi\u00f3 de les dades recollides, excepte per obligaci\u00f3 legal o cessions autoritzades per llei. Preguem, comuniqueu de forma immediata a amec@amec.es qualsevol canvi o modificaci\u00f3 que es produeixi en relaci\u00f3 amb les dades que ens heu proporcionat, a fi que aquestes responguin amb veracitat a la vostra situaci\u00f3 personal en tot moment.      \t\t\t\t<\/div>\n\t\t\t\t\t\t\t\t<div class=\"elementor-field-type-checkbox elementor-field-group elementor-column elementor-field-group-field_f528760 elementor-col-100\">\n\t\t\t\t\t<div class=\"elementor-field-subgroup  \"><span class=\"elementor-field-option\"><input type=\"checkbox\" value=\"Accepto la &lt;a href=&quot;https:\/\/www.amec.es\/ca\/politica-de-privacitat\/&quot;&gt;Pol\u00edtica de Privadesa&lt;\/a&gt; *\" id=\"form-field-field_f528760-0\" name=\"form_fields[field_f528760]\"> <label for=\"form-field-field_f528760-0\">Accepto la <a href=\"https:\/\/www.amec.es\/ca\/politica-de-privacitat\/\">Pol\u00edtica de Privadesa<\/a> *<\/label><\/span><\/div>\t\t\t\t<\/div>\n\t\t\t\t\t\t\t\t<div class=\"elementor-field-type-checkbox elementor-field-group elementor-column elementor-field-group-field_a05b9ee elementor-col-100\">\n\t\t\t\t\t<div class=\"elementor-field-subgroup  \"><span class=\"elementor-field-option\"><input type=\"checkbox\" value=\"Accepto rebre comunicacions informatives \/ comercials de Amec\" id=\"form-field-field_a05b9ee-0\" name=\"form_fields[field_a05b9ee]\"> <label for=\"form-field-field_a05b9ee-0\">Accepto rebre comunicacions informatives \/ comercials de Amec<\/label><\/span><\/div>\t\t\t\t<\/div>\n\t\t\t\t\t\t\t\t<div class=\"elementor-field-group elementor-column elementor-field-type-submit elementor-col-100 e-form__buttons\">\n\t\t\t\t\t<button class=\"elementor-button elementor-size-sm\" type=\"submit\">\n\t\t\t\t\t\t<span class=\"elementor-button-content-wrapper\">\n\t\t\t\t\t\t\t\t\t\t\t\t\t\t\t\t\t\t\t\t\t\t<span class=\"elementor-button-text\">M'inscric!<\/span>\n\t\t\t\t\t\t\t\t\t\t\t\t\t<\/span>\n\t\t\t\t\t<\/button>\n\t\t\t\t<\/div>\n\t\t\t<\/div>\n\t\t<\/form>\n\t\t\t\t\t\t<\/div>\n\t\t\t\t<\/div>\n\t\t\t\t\t<\/div>\n\t\t<\/div>\n\t\t\t\t\t<\/div>\n\t\t<\/section>\n\t\t\t\t<section class=\"elementor-section elementor-top-section elementor-element elementor-element-33259f8 elementor-section-boxed elementor-section-height-default elementor-section-height-default\" data-id=\"33259f8\" data-element_type=\"section\" data-e-type=\"section\" data-settings=\"{&quot;background_background&quot;:&quot;classic&quot;}\">\n\t\t\t\t\t\t<div class=\"elementor-container elementor-column-gap-default\">\n\t\t\t\t\t<div class=\"elementor-column elementor-col-100 elementor-top-column elementor-element elementor-element-02aa937\" data-id=\"02aa937\" data-element_type=\"column\" data-e-type=\"column\">\n\t\t\t<div class=\"elementor-widget-wrap elementor-element-populated\">\n\t\t\t\t\t\t<div class=\"elementor-element elementor-element-aede98b elementor-widget elementor-widget-heading\" data-id=\"aede98b\" data-element_type=\"widget\" data-e-type=\"widget\" data-widget_type=\"heading.default\">\n\t\t\t\t<div class=\"elementor-widget-container\">\n\t\t\t\t\t<h3 class=\"elementor-heading-title elementor-size-default\">Ponent<\/h3>\t\t\t\t<\/div>\n\t\t\t\t<\/div>\n\t\t\t\t<div class=\"elementor-element elementor-element-7a3b3fc elementor-widget__width-initial elementor-widget-divider--view-line elementor-widget elementor-widget-global elementor-global-48210 elementor-global-159 elementor-widget-divider\" data-id=\"7a3b3fc\" data-element_type=\"widget\" data-e-type=\"widget\" data-widget_type=\"divider.default\">\n\t\t\t\t<div class=\"elementor-widget-container\">\n\t\t\t\t\t\t\t<div class=\"elementor-divider\">\n\t\t\t<span class=\"elementor-divider-separator\">\n\t\t\t\t\t\t<\/span>\n\t\t<\/div>\n\t\t\t\t\t\t<\/div>\n\t\t\t\t<\/div>\n\t\t\t\t<section class=\"elementor-section elementor-inner-section elementor-element elementor-element-709b2e6 elementor-section-boxed elementor-section-height-default elementor-section-height-default\" data-id=\"709b2e6\" data-element_type=\"section\" data-e-type=\"section\">\n\t\t\t\t\t\t<div class=\"elementor-container elementor-column-gap-default\">\n\t\t\t\t\t<div class=\"elementor-column elementor-col-50 elementor-inner-column elementor-element elementor-element-8840831\" data-id=\"8840831\" data-element_type=\"column\" data-e-type=\"column\">\n\t\t\t<div class=\"elementor-widget-wrap elementor-element-populated\">\n\t\t\t\t\t\t<div class=\"elementor-element elementor-element-4763caf elementor-flip-box--effect-slide elementor-widget__width-initial elementor-flip-box--direction-up elementor-widget elementor-widget-flip-box\" data-id=\"4763caf\" data-element_type=\"widget\" data-e-type=\"widget\" data-widget_type=\"flip-box.default\">\n\t\t\t\t<div class=\"elementor-widget-container\">\n\t\t\t\t\t\t\t<div class=\"elementor-flip-box\" tabindex=\"0\">\n\t\t\t<div class=\"elementor-flip-box__layer elementor-flip-box__front\">\n\t\t\t\t<div class=\"elementor-flip-box__layer__overlay\">\n\t\t\t\t\t<div class=\"elementor-flip-box__layer__inner\">\n\t\t\t\t\t\t\n\t\t\t\t\t\t\t\t\t\t\t\t\t<h3 class=\"elementor-flip-box__layer__title\">\n\t\t\t\t\t\t\t\tDiego Gil\t\t\t\t\t\t\t<\/h3>\n\t\t\t\t\t\t\n\t\t\t\t\t\t\t\t\t\t\t<\/div>\n\t\t\t\t<\/div>\n\t\t\t<\/div>\n\t\t\t<div class=\"elementor-flip-box__layer elementor-flip-box__back\">\n\t\t\t<div class=\"elementor-flip-box__layer__overlay\">\n\t\t\t\t<div class=\"elementor-flip-box__layer__inner\">\n\t\t\t\t\t\t\t\t\t\t\t<h3 class=\"elementor-flip-box__layer__title\">\n\t\t\t\t\t\t\tDiego Gil\t\t\t\t\t\t<\/h3>\n\t\t\t\t\t\n\t\t\t\t\t\t\t\t\t\t\t<div class=\"elementor-flip-box__layer__description\">\n\t\t\t\t\t\t\tDirector d'operacions a Jakincode, empresa especialitzada en Ciberseguretat a l'entorn empresarial. Desenvolupen solucions pr\u00f2pies per a la Gesti\u00f3 de la Seguretat de la Informaci\u00f3. \t\t\t\t\t\t<\/div>\n\t\t\t\t\t\n\t\t\t\t\t\t\t\t<\/div>\n\t\t<\/div>\n\t\t<\/div>\n\t\t<\/div>\n\t\t\t\t\t\t<\/div>\n\t\t\t\t<\/div>\n\t\t\t\t\t<\/div>\n\t\t<\/div>\n\t\t\t\t<div class=\"elementor-column elementor-col-50 elementor-inner-column elementor-element elementor-element-d548958\" data-id=\"d548958\" data-element_type=\"column\" data-e-type=\"column\">\n\t\t\t<div class=\"elementor-widget-wrap\">\n\t\t\t\t\t\t\t<\/div>\n\t\t<\/div>\n\t\t\t\t\t<\/div>\n\t\t<\/section>\n\t\t\t\t<div class=\"elementor-element elementor-element-7a219b5 elementor-widget elementor-widget-spacer\" data-id=\"7a219b5\" data-element_type=\"widget\" data-e-type=\"widget\" data-widget_type=\"spacer.default\">\n\t\t\t\t<div class=\"elementor-widget-container\">\n\t\t\t\t\t\t\t<div class=\"elementor-spacer\">\n\t\t\t<div class=\"elementor-spacer-inner\"><\/div>\n\t\t<\/div>\n\t\t\t\t\t\t<\/div>\n\t\t\t\t<\/div>\n\t\t\t\t\t<\/div>\n\t\t<\/div>\n\t\t\t\t\t<\/div>\n\t\t<\/section>\n\t\t\t\t<section class=\"elementor-section elementor-top-section elementor-element elementor-element-a15492d elementor-section-boxed elementor-section-height-default elementor-section-height-default\" data-id=\"a15492d\" data-element_type=\"section\" data-e-type=\"section\" data-settings=\"{&quot;background_background&quot;:&quot;classic&quot;}\">\n\t\t\t\t\t\t<div class=\"elementor-container elementor-column-gap-default\">\n\t\t\t\t\t<div class=\"elementor-column elementor-col-50 elementor-top-column elementor-element elementor-element-863bccc\" data-id=\"863bccc\" data-element_type=\"column\" data-e-type=\"column\" data-settings=\"{&quot;background_background&quot;:&quot;classic&quot;}\">\n\t\t\t<div class=\"elementor-widget-wrap elementor-element-populated\">\n\t\t\t\t\t\t<div class=\"elementor-element elementor-element-56e844f elementor-widget elementor-widget-text-editor\" data-id=\"56e844f\" data-element_type=\"widget\" data-e-type=\"widget\" data-widget_type=\"text-editor.default\">\n\t\t\t\t<div class=\"elementor-widget-container\">\n\t\t\t\t\t\t\t\t\t<h3><strong>Fitxa t\u00e8cnica<\/strong><\/h3>\n\t\t\t\t\t\t\t\t<\/div>\n\t\t\t\t<\/div>\n\t\t\t\t\t<\/div>\n\t\t<\/div>\n\t\t\t\t<div class=\"elementor-column elementor-col-50 elementor-top-column elementor-element elementor-element-96532c1\" data-id=\"96532c1\" data-element_type=\"column\" data-e-type=\"column\">\n\t\t\t<div class=\"elementor-widget-wrap elementor-element-populated\">\n\t\t\t\t\t\t<div class=\"elementor-element elementor-element-9ef1acd elementor-widget elementor-widget-text-editor\" data-id=\"9ef1acd\" data-element_type=\"widget\" data-e-type=\"widget\" data-widget_type=\"text-editor.default\">\n\t\t\t\t<div class=\"elementor-widget-container\">\n\t\t\t\t\t\t\t\t\t<p>Les empreses membres d&#8217;<em><span style=\"font-weight: bolder;\">amec<\/span><\/em> disposen d&#8217;un 40% de descompte en el preu i un 20% per als socis d&#8217;Ascamm i de l&#8217;AER<\/p>\n<div style=\"flex-basis: var(--flex-basis); flex-grow: var(--flex-grow); flex-shrink: var(--flex-shrink); order: var(--order); align-self: var(--align-self); flex-direction: var(--flex-direction); flex-wrap: var(--flex-wrap); justify-content: var(--justify-content); align-items: var(--align-items); align-content: var(--align-content); gap: var(--gap); --widgets-spacing: 20px 20px; --swiper-theme-color: #000; --swiper-navigation-size: 44px; --swiper-pagination-bullet-size: 6px; --swiper-pagination-bullet-horizontal-gap: 6px; color: #002e84; font-family: Poppins, sans-serif; font-weight: 400; width: 1140px; margin-bottom: 0px;\" data-id=\"369e1c8\" data-element_type=\"widget\" data-widget_type=\"text-editor.default\">\n<div style=\"transition: background .3s,border .3s,border-radius .3s,box-shadow .3s,transform var(--e-transform-transition-duration,.4s);\">\n<p>Membre <em><span style=\"font-weight: bolder;\">amec<\/span><\/em> : 55\u20ac + 21% IVA<\/p>\n<p>Membre d&#8217;Ascamm\/AER: 77\u20ac + 21% IVA<\/p>\n<p><span style=\"color: var( --e-global-color-text ); font-family: var( --e-global-typography-text-font-family ), Sans-serif; font-weight: var( --e-global-typography-text-font-weight );\">Empreses no membre: 91\u20ac + 21% IVA<\/span><\/p>\n<p>Nombre m\u00ednim d&#8217;assistents: 7<\/p>\n<p>Tens alguna pregunta? envia un correu a Eva Pahissa \u2013 <a href=\"mailto:epahissa@amec.es\">epahissa@amec.es<\/a> Telf.: 630366789<\/p>\n<\/div>\n<\/div>\n\t\t\t\t\t\t\t\t<\/div>\n\t\t\t\t<\/div>\n\t\t\t\t<div class=\"elementor-element elementor-element-fff8c22 elementor-align-center elementor-widget elementor-widget-button\" data-id=\"fff8c22\" data-element_type=\"widget\" data-e-type=\"widget\" data-widget_type=\"button.default\">\n\t\t\t\t<div class=\"elementor-widget-container\">\n\t\t\t\t\t\t\t\t\t<div class=\"elementor-button-wrapper\">\n\t\t\t\t\t<a class=\"elementor-button elementor-button-link elementor-size-sm\" href=\"#formulario\">\n\t\t\t\t\t\t<span class=\"elementor-button-content-wrapper\">\n\t\t\t\t\t\t\t\t\t<span class=\"elementor-button-text\">Inscriu-te!<\/span>\n\t\t\t\t\t<\/span>\n\t\t\t\t\t<\/a>\n\t\t\t\t<\/div>\n\t\t\t\t\t\t\t\t<\/div>\n\t\t\t\t<\/div>\n\t\t\t\t\t<\/div>\n\t\t<\/div>\n\t\t\t\t\t<\/div>\n\t\t<\/section>\n\t\t\t\t<\/div>\n\t\t","protected":false},"excerpt":{"rendered":"<p>Consulta altres activitats Masterclass: Coneixes les noves normatives en ciberseguretat per a l&#8217;empresa internacionalitzada? 3 d&#8217;abril 2025 &#8211; De 10:00 a 11:30 Sessi\u00f3 online 55\u20ac+IVA. 10% de Dte. per a inscripcions abans del 15 de mar\u00e7 Vols saber m\u00e9s sobre la ciberseguretat a l&#8217;empresa internacionalitzada? Si la teva organitzaci\u00f3 no compleix amb normatives com la [&hellip;]<\/p>\n","protected":false},"author":4,"featured_media":7727,"parent":0,"menu_order":0,"comment_status":"closed","ping_status":"closed","template":"elementor_header_footer","meta":{"inline_featured_image":false,"footnotes":""},"categories":[],"tags":[],"class_list":["post-29061","page","type-page","status-publish","has-post-thumbnail","hentry"],"yoast_head":"<!-- This site is optimized with the Yoast SEO plugin v27.3 - https:\/\/yoast.com\/product\/yoast-seo-wordpress\/ -->\n<title>Masterclass: Coneixes les noves directives a ciberseguretat per a l&#039;empresa internacional? | amec Positive Industry<\/title>\n<meta name=\"robots\" content=\"index, follow, max-snippet:-1, max-image-preview:large, max-video-preview:-1\" \/>\n<link rel=\"canonical\" href=\"https:\/\/amec.es\/conoces-las-nuevas-directivas-en-ciberseguridad-para-la-empresa-internacional\/\" \/>\n<meta property=\"og:locale\" content=\"ca_ES\" \/>\n<meta property=\"og:type\" content=\"article\" \/>\n<meta property=\"og:title\" content=\"Masterclass: Coneixes les noves directives a ciberseguretat per a l&#039;empresa internacional? | amec Positive Industry\" \/>\n<meta property=\"og:description\" content=\"Consulta altres activitats Masterclass: Coneixes les noves normatives en ciberseguretat per a l&#8217;empresa internacionalitzada? 3 d&#8217;abril 2025 &#8211; De 10:00 a 11:30 Sessi\u00f3 online 55\u20ac+IVA. 10% de Dte. per a inscripcions abans del 15 de mar\u00e7 Vols saber m\u00e9s sobre la ciberseguretat a l&#8217;empresa internacionalitzada? Si la teva organitzaci\u00f3 no compleix amb normatives com la [&hellip;]\" \/>\n<meta property=\"og:url\" content=\"https:\/\/amec.es\/conoces-las-nuevas-directivas-en-ciberseguridad-para-la-empresa-internacional\/\" \/>\n<meta property=\"og:site_name\" content=\"amec Positive Industry\" \/>\n<meta property=\"article:modified_time\" content=\"2025-02-24T08:39:28+00:00\" \/>\n<meta property=\"og:image\" content=\"https:\/\/amec.es\/wp-content\/uploads\/2023\/10\/cabeceritas-observatorio.jpg\" \/>\n\t<meta property=\"og:image:width\" content=\"1920\" \/>\n\t<meta property=\"og:image:height\" content=\"284\" \/>\n\t<meta property=\"og:image:type\" content=\"image\/jpeg\" \/>\n<meta name=\"twitter:card\" content=\"summary_large_image\" \/>\n<meta name=\"twitter:label1\" content=\"Temps estimat de lectura\" \/>\n\t<meta name=\"twitter:data1\" content=\"4 minuts\" \/>\n<script type=\"application\/ld+json\" class=\"yoast-schema-graph\">{\"@context\":\"https:\\\/\\\/schema.org\",\"@graph\":[{\"@type\":\"WebPage\",\"@id\":\"https:\\\/\\\/amec.es\\\/conoces-las-nuevas-directivas-en-ciberseguridad-para-la-empresa-internacional\\\/\",\"url\":\"https:\\\/\\\/amec.es\\\/conoces-las-nuevas-directivas-en-ciberseguridad-para-la-empresa-internacional\\\/\",\"name\":\"Masterclass: Coneixes les noves directives a ciberseguretat per a l'empresa internacional? | amec Positive Industry\",\"isPartOf\":{\"@id\":\"https:\\\/\\\/amec.es\\\/#website\"},\"primaryImageOfPage\":{\"@id\":\"https:\\\/\\\/amec.es\\\/conoces-las-nuevas-directivas-en-ciberseguridad-para-la-empresa-internacional\\\/#primaryimage\"},\"image\":{\"@id\":\"https:\\\/\\\/amec.es\\\/conoces-las-nuevas-directivas-en-ciberseguridad-para-la-empresa-internacional\\\/#primaryimage\"},\"thumbnailUrl\":\"https:\\\/\\\/amec.es\\\/wp-content\\\/uploads\\\/2023\\\/10\\\/cabeceritas-observatorio.jpg\",\"datePublished\":\"2025-02-20T09:52:42+00:00\",\"dateModified\":\"2025-02-24T08:39:28+00:00\",\"breadcrumb\":{\"@id\":\"https:\\\/\\\/amec.es\\\/conoces-las-nuevas-directivas-en-ciberseguridad-para-la-empresa-internacional\\\/#breadcrumb\"},\"inLanguage\":\"ca\",\"potentialAction\":[{\"@type\":\"ReadAction\",\"target\":[\"https:\\\/\\\/amec.es\\\/conoces-las-nuevas-directivas-en-ciberseguridad-para-la-empresa-internacional\\\/\"]}]},{\"@type\":\"ImageObject\",\"inLanguage\":\"ca\",\"@id\":\"https:\\\/\\\/amec.es\\\/conoces-las-nuevas-directivas-en-ciberseguridad-para-la-empresa-internacional\\\/#primaryimage\",\"url\":\"https:\\\/\\\/amec.es\\\/wp-content\\\/uploads\\\/2023\\\/10\\\/cabeceritas-observatorio.jpg\",\"contentUrl\":\"https:\\\/\\\/amec.es\\\/wp-content\\\/uploads\\\/2023\\\/10\\\/cabeceritas-observatorio.jpg\",\"width\":1920,\"height\":284},{\"@type\":\"BreadcrumbList\",\"@id\":\"https:\\\/\\\/amec.es\\\/conoces-las-nuevas-directivas-en-ciberseguridad-para-la-empresa-internacional\\\/#breadcrumb\",\"itemListElement\":[{\"@type\":\"ListItem\",\"position\":1,\"name\":\"Portada\",\"item\":\"https:\\\/\\\/amec.es\\\/ca\\\/home-new\\\/\"},{\"@type\":\"ListItem\",\"position\":2,\"name\":\"Masterclass: Coneixes les noves directives a ciberseguretat per a l&#8217;empresa internacional?\"}]},{\"@type\":\"WebSite\",\"@id\":\"https:\\\/\\\/amec.es\\\/#website\",\"url\":\"https:\\\/\\\/amec.es\\\/\",\"name\":\"amec Positive Industry\",\"description\":\"\",\"publisher\":{\"@id\":\"https:\\\/\\\/amec.es\\\/#organization\"},\"potentialAction\":[{\"@type\":\"SearchAction\",\"target\":{\"@type\":\"EntryPoint\",\"urlTemplate\":\"https:\\\/\\\/amec.es\\\/?s={search_term_string}\"},\"query-input\":{\"@type\":\"PropertyValueSpecification\",\"valueRequired\":true,\"valueName\":\"search_term_string\"}}],\"inLanguage\":\"ca\"},{\"@type\":\"Organization\",\"@id\":\"https:\\\/\\\/amec.es\\\/#organization\",\"name\":\"amec Positive Industry\",\"url\":\"https:\\\/\\\/amec.es\\\/\",\"logo\":{\"@type\":\"ImageObject\",\"inLanguage\":\"ca\",\"@id\":\"https:\\\/\\\/amec.es\\\/#\\\/schema\\\/logo\\\/image\\\/\",\"url\":\"https:\\\/\\\/amec.es\\\/wp-content\\\/uploads\\\/2023\\\/07\\\/logoamec.png\",\"contentUrl\":\"https:\\\/\\\/amec.es\\\/wp-content\\\/uploads\\\/2023\\\/07\\\/logoamec.png\",\"width\":200,\"height\":48,\"caption\":\"amec Positive Industry\"},\"image\":{\"@id\":\"https:\\\/\\\/amec.es\\\/#\\\/schema\\\/logo\\\/image\\\/\"}}]}<\/script>\n<!-- \/ Yoast SEO plugin. -->","yoast_head_json":{"title":"Masterclass: Coneixes les noves directives a ciberseguretat per a l'empresa internacional? | amec Positive Industry","robots":{"index":"index","follow":"follow","max-snippet":"max-snippet:-1","max-image-preview":"max-image-preview:large","max-video-preview":"max-video-preview:-1"},"canonical":"https:\/\/amec.es\/conoces-las-nuevas-directivas-en-ciberseguridad-para-la-empresa-internacional\/","og_locale":"ca_ES","og_type":"article","og_title":"Masterclass: Coneixes les noves directives a ciberseguretat per a l'empresa internacional? | amec Positive Industry","og_description":"Consulta altres activitats Masterclass: Coneixes les noves normatives en ciberseguretat per a l&#8217;empresa internacionalitzada? 3 d&#8217;abril 2025 &#8211; De 10:00 a 11:30 Sessi\u00f3 online 55\u20ac+IVA. 10% de Dte. per a inscripcions abans del 15 de mar\u00e7 Vols saber m\u00e9s sobre la ciberseguretat a l&#8217;empresa internacionalitzada? Si la teva organitzaci\u00f3 no compleix amb normatives com la [&hellip;]","og_url":"https:\/\/amec.es\/conoces-las-nuevas-directivas-en-ciberseguridad-para-la-empresa-internacional\/","og_site_name":"amec Positive Industry","article_modified_time":"2025-02-24T08:39:28+00:00","og_image":[{"width":1920,"height":284,"url":"https:\/\/amec.es\/wp-content\/uploads\/2023\/10\/cabeceritas-observatorio.jpg","type":"image\/jpeg"}],"twitter_card":"summary_large_image","twitter_misc":{"Temps estimat de lectura":"4 minuts"},"schema":{"@context":"https:\/\/schema.org","@graph":[{"@type":"WebPage","@id":"https:\/\/amec.es\/conoces-las-nuevas-directivas-en-ciberseguridad-para-la-empresa-internacional\/","url":"https:\/\/amec.es\/conoces-las-nuevas-directivas-en-ciberseguridad-para-la-empresa-internacional\/","name":"Masterclass: Coneixes les noves directives a ciberseguretat per a l'empresa internacional? | amec Positive Industry","isPartOf":{"@id":"https:\/\/amec.es\/#website"},"primaryImageOfPage":{"@id":"https:\/\/amec.es\/conoces-las-nuevas-directivas-en-ciberseguridad-para-la-empresa-internacional\/#primaryimage"},"image":{"@id":"https:\/\/amec.es\/conoces-las-nuevas-directivas-en-ciberseguridad-para-la-empresa-internacional\/#primaryimage"},"thumbnailUrl":"https:\/\/amec.es\/wp-content\/uploads\/2023\/10\/cabeceritas-observatorio.jpg","datePublished":"2025-02-20T09:52:42+00:00","dateModified":"2025-02-24T08:39:28+00:00","breadcrumb":{"@id":"https:\/\/amec.es\/conoces-las-nuevas-directivas-en-ciberseguridad-para-la-empresa-internacional\/#breadcrumb"},"inLanguage":"ca","potentialAction":[{"@type":"ReadAction","target":["https:\/\/amec.es\/conoces-las-nuevas-directivas-en-ciberseguridad-para-la-empresa-internacional\/"]}]},{"@type":"ImageObject","inLanguage":"ca","@id":"https:\/\/amec.es\/conoces-las-nuevas-directivas-en-ciberseguridad-para-la-empresa-internacional\/#primaryimage","url":"https:\/\/amec.es\/wp-content\/uploads\/2023\/10\/cabeceritas-observatorio.jpg","contentUrl":"https:\/\/amec.es\/wp-content\/uploads\/2023\/10\/cabeceritas-observatorio.jpg","width":1920,"height":284},{"@type":"BreadcrumbList","@id":"https:\/\/amec.es\/conoces-las-nuevas-directivas-en-ciberseguridad-para-la-empresa-internacional\/#breadcrumb","itemListElement":[{"@type":"ListItem","position":1,"name":"Portada","item":"https:\/\/amec.es\/ca\/home-new\/"},{"@type":"ListItem","position":2,"name":"Masterclass: Coneixes les noves directives a ciberseguretat per a l&#8217;empresa internacional?"}]},{"@type":"WebSite","@id":"https:\/\/amec.es\/#website","url":"https:\/\/amec.es\/","name":"amec Positive Industry","description":"","publisher":{"@id":"https:\/\/amec.es\/#organization"},"potentialAction":[{"@type":"SearchAction","target":{"@type":"EntryPoint","urlTemplate":"https:\/\/amec.es\/?s={search_term_string}"},"query-input":{"@type":"PropertyValueSpecification","valueRequired":true,"valueName":"search_term_string"}}],"inLanguage":"ca"},{"@type":"Organization","@id":"https:\/\/amec.es\/#organization","name":"amec Positive Industry","url":"https:\/\/amec.es\/","logo":{"@type":"ImageObject","inLanguage":"ca","@id":"https:\/\/amec.es\/#\/schema\/logo\/image\/","url":"https:\/\/amec.es\/wp-content\/uploads\/2023\/07\/logoamec.png","contentUrl":"https:\/\/amec.es\/wp-content\/uploads\/2023\/07\/logoamec.png","width":200,"height":48,"caption":"amec Positive Industry"},"image":{"@id":"https:\/\/amec.es\/#\/schema\/logo\/image\/"}}]}},"_links":{"self":[{"href":"https:\/\/amec.es\/ca\/wp-json\/wp\/v2\/pages\/29061","targetHints":{"allow":["GET"]}}],"collection":[{"href":"https:\/\/amec.es\/ca\/wp-json\/wp\/v2\/pages"}],"about":[{"href":"https:\/\/amec.es\/ca\/wp-json\/wp\/v2\/types\/page"}],"author":[{"embeddable":true,"href":"https:\/\/amec.es\/ca\/wp-json\/wp\/v2\/users\/4"}],"replies":[{"embeddable":true,"href":"https:\/\/amec.es\/ca\/wp-json\/wp\/v2\/comments?post=29061"}],"version-history":[{"count":7,"href":"https:\/\/amec.es\/ca\/wp-json\/wp\/v2\/pages\/29061\/revisions"}],"predecessor-version":[{"id":29293,"href":"https:\/\/amec.es\/ca\/wp-json\/wp\/v2\/pages\/29061\/revisions\/29293"}],"wp:featuredmedia":[{"embeddable":true,"href":"https:\/\/amec.es\/ca\/wp-json\/wp\/v2\/media\/7727"}],"wp:attachment":[{"href":"https:\/\/amec.es\/ca\/wp-json\/wp\/v2\/media?parent=29061"}],"wp:term":[{"taxonomy":"category","embeddable":true,"href":"https:\/\/amec.es\/ca\/wp-json\/wp\/v2\/categories?post=29061"},{"taxonomy":"post_tag","embeddable":true,"href":"https:\/\/amec.es\/ca\/wp-json\/wp\/v2\/tags?post=29061"}],"curies":[{"name":"wp","href":"https:\/\/api.w.org\/{rel}","templated":true}]}}