{"id":48132,"date":"2026-02-05T09:27:07","date_gmt":"2026-02-05T08:27:07","guid":{"rendered":"https:\/\/amec.es\/anticipat\/alertes-i-oportunitats\/infraestructura-i-aigua-lideraran-la-inversio-climatica-europea\/"},"modified":"2026-02-05T09:31:04","modified_gmt":"2026-02-05T08:31:04","slug":"infraestructura-i-aigua-lideraran-la-inversio-climatica-europea","status":"publish","type":"page","link":"https:\/\/amec.es\/ca\/anticipat\/alertes-i-oportunitats\/infraestructura-i-aigua-lideraran-la-inversio-climatica-europea\/","title":{"rendered":"Infraestructura i aigua lideraran la inversi\u00f3 clim\u00e0tica europea"},"content":{"rendered":"\t\t<div data-elementor-type=\"wp-page\" data-elementor-id=\"48132\" class=\"elementor elementor-48132 elementor-48127\" data-elementor-post-type=\"page\">\n\t\t\t\t\t\t<section class=\"elementor-section elementor-top-section elementor-element elementor-element-3e180d7c elementor-section-boxed elementor-section-height-default elementor-section-height-default\" data-id=\"3e180d7c\" data-element_type=\"section\" data-e-type=\"section\" data-settings=\"{&quot;background_background&quot;:&quot;gradient&quot;}\">\n\t\t\t\t\t\t<div class=\"elementor-container elementor-column-gap-default\">\n\t\t\t\t\t<div class=\"elementor-column elementor-col-100 elementor-top-column elementor-element elementor-element-811fb6b\" data-id=\"811fb6b\" data-element_type=\"column\" data-e-type=\"column\">\n\t\t\t<div class=\"elementor-widget-wrap elementor-element-populated\">\n\t\t\t\t\t\t<div class=\"elementor-element elementor-element-6030d14d elementor-widget elementor-widget-heading\" data-id=\"6030d14d\" data-element_type=\"widget\" data-e-type=\"widget\" data-widget_type=\"heading.default\">\n\t\t\t\t<div class=\"elementor-widget-container\">\n\t\t\t\t\t<h2 class=\"elementor-heading-title elementor-size-default\"><a href=\"https:\/\/amec.es\/ca\/category\/alertes-i-tendencies-exclusives\/\" rel=\"tag\">Alertes i tend\u00e8ncies exclusives<\/a><\/h2>\t\t\t\t<\/div>\n\t\t\t\t<\/div>\n\t\t\t\t<div class=\"elementor-element elementor-element-723e360e elementor-widget elementor-widget-spacer\" data-id=\"723e360e\" data-element_type=\"widget\" data-e-type=\"widget\" data-widget_type=\"spacer.default\">\n\t\t\t\t<div class=\"elementor-widget-container\">\n\t\t\t\t\t\t\t<div class=\"elementor-spacer\">\n\t\t\t<div class=\"elementor-spacer-inner\"><\/div>\n\t\t<\/div>\n\t\t\t\t\t\t<\/div>\n\t\t\t\t<\/div>\n\t\t\t\t<div class=\"elementor-element elementor-element-aea094c elementor-widget-divider--view-line elementor-widget elementor-widget-divider\" data-id=\"aea094c\" data-element_type=\"widget\" data-e-type=\"widget\" data-widget_type=\"divider.default\">\n\t\t\t\t<div class=\"elementor-widget-container\">\n\t\t\t\t\t\t\t<div class=\"elementor-divider\">\n\t\t\t<span class=\"elementor-divider-separator\">\n\t\t\t\t\t\t<\/span>\n\t\t<\/div>\n\t\t\t\t\t\t<\/div>\n\t\t\t\t<\/div>\n\t\t\t\t\t<\/div>\n\t\t<\/div>\n\t\t\t\t\t<\/div>\n\t\t<\/section>\n\t\t\t\t<section class=\"elementor-section elementor-top-section elementor-element elementor-element-4b256233 elementor-section-boxed elementor-section-height-default elementor-section-height-default\" data-id=\"4b256233\" data-element_type=\"section\" data-e-type=\"section\">\n\t\t\t\t\t\t<div class=\"elementor-container elementor-column-gap-default\">\n\t\t\t\t\t<div class=\"elementor-column elementor-col-100 elementor-top-column elementor-element elementor-element-26274e6b\" data-id=\"26274e6b\" data-element_type=\"column\" data-e-type=\"column\">\n\t\t\t<div class=\"elementor-widget-wrap elementor-element-populated\">\n\t\t\t\t\t\t<div class=\"elementor-element elementor-element-4c2541b elementor-widget elementor-widget-heading\" data-id=\"4c2541b\" data-element_type=\"widget\" data-e-type=\"widget\" data-widget_type=\"heading.default\">\n\t\t\t\t<div class=\"elementor-widget-container\">\n\t\t\t\t\t<h2 class=\"elementor-heading-title elementor-size-default\">Infraestructura i aigua lideraran la inversi\u00f3 clim\u00e0tica europea<\/h2>\t\t\t\t<\/div>\n\t\t\t\t<\/div>\n\t\t\t\t<div class=\"elementor-element elementor-element-22785d16 elementor-widget elementor-widget-spacer\" data-id=\"22785d16\" data-element_type=\"widget\" data-e-type=\"widget\" data-widget_type=\"spacer.default\">\n\t\t\t\t<div class=\"elementor-widget-container\">\n\t\t\t\t\t\t\t<div class=\"elementor-spacer\">\n\t\t\t<div class=\"elementor-spacer-inner\"><\/div>\n\t\t<\/div>\n\t\t\t\t\t\t<\/div>\n\t\t\t\t<\/div>\n\t\t\t\t<div class=\"elementor-element elementor-element-11e3f875 elementor-widget elementor-widget-text-editor\" data-id=\"11e3f875\" data-element_type=\"widget\" data-e-type=\"widget\" data-widget_type=\"text-editor.default\">\n\t\t\t\t<div class=\"elementor-widget-container\">\n\t\t\t\t\t\t\t\t\t5 de febrer de 2026\t\t\t\t\t\t\t\t<\/div>\n\t\t\t\t<\/div>\n\t\t\t\t<div class=\"elementor-element elementor-element-6a32b1a9 elementor-widget elementor-widget-text-editor\" data-id=\"6a32b1a9\" data-element_type=\"widget\" data-e-type=\"widget\" data-widget_type=\"text-editor.default\">\n\t\t\t\t<div class=\"elementor-widget-container\">\n\t\t\t\t\t\t\t\t\t<p><strong>Europa necessita multiplicar per 2-3 vegades la seva inversi\u00f3 actual en adaptaci\u00f3 clim\u00e0tica la propera d\u00e8cada, amb el sector d&#8217;infraestructura i gesti\u00f3 de l&#8217;aigua com a prioritats absolutes.<\/strong><\/p>\t\t\t\t\t\t\t\t<\/div>\n\t\t\t\t<\/div>\n\t\t\t\t<div class=\"elementor-element elementor-element-2c1f8108 elementor-widget-divider--view-line elementor-widget elementor-widget-divider\" data-id=\"2c1f8108\" data-element_type=\"widget\" data-e-type=\"widget\" data-widget_type=\"divider.default\">\n\t\t\t\t<div class=\"elementor-widget-container\">\n\t\t\t\t\t\t\t<div class=\"elementor-divider\">\n\t\t\t<span class=\"elementor-divider-separator\">\n\t\t\t\t\t\t<\/span>\n\t\t<\/div>\n\t\t\t\t\t\t<\/div>\n\t\t\t\t<\/div>\n\t\t\t\t<div class=\"elementor-element elementor-element-a72a1a7 elementor-widget elementor-widget-text-editor\" data-id=\"a72a1a7\" data-element_type=\"widget\" data-e-type=\"widget\" data-widget_type=\"text-editor.default\">\n\t\t\t\t<div class=\"elementor-widget-container\">\n\t\t\t\t\t\t\t\t\t<p>La Comissi\u00f3 Europea ha publicat un informe que avalua les necessitats d&#8217;inversi\u00f3 en adaptaci\u00f3 clim\u00e0tica dels Estats membres fins al 2050. L&#8217;an\u00e0lisi revela que la infraestructura concentra les necessitats m\u00e9s grans, amb una inversi\u00f3 estimada de 29.000 milions d&#8217;euros anuals, seguida de prop per la gesti\u00f3 de l&#8217;escassetat d&#8217;aigua. <\/p><h5><strong><span style=\"color: #ffffff;\">_<\/span><br> Sectors Clau d&#8217;Inversi\u00f3<\/strong><\/h5><p>A m\u00e9s dels sectors d&#8217; <strong>Ecosistemes, Alimentaci\u00f3, Salut, Economia i Finances, i Mesures Transversals<\/strong> , les fonts aprofundeixen en els seg\u00fcents:<\/p><ul><li><strong>Infraestructura:<\/strong> \u00c9s el sector amb m\u00e9s necessitat d&#8217;inversi\u00f3 estimada i requereix aproximadament <strong>29.000 milions d&#8217;euros anuals<\/strong> . Les inversions principals inclouen: <ul><li><strong>Rehabilitaci\u00f3 d&#8217;edificis:<\/strong> Adaptaci\u00f3 d&#8217;edificis existents per resistir la calor i els fen\u00f2mens extrems (s&#8217;estima que el 10% del cost total d&#8217;una renovaci\u00f3 es deu espec\u00edficament a l&#8217;adaptaci\u00f3).<\/li><li><strong>Protecci\u00f3 contra inundacions:<\/strong> Construcci\u00f3 de barreres, infraestructura grisa de defensa i restauraci\u00f3 de planes al\u00b7luvials naturals.<\/li><li><strong>Transport:<\/strong> Refor\u00e7 de xarxes de carreteres i ferrocarrils per garantir-ne la funcionalitat davant del clima.<\/li><li><strong>Protecci\u00f3 costanera:<\/strong> dics i defenses per protegir actius i poblacions davant l&#8217;augment del nivell del mar.<\/li><\/ul><\/li><li><strong>Gesti\u00f3 de l&#8217;Escassetat d&#8217;Aigua:<\/strong> Incl\u00f2s dins del sector d&#8217;Economia i Finances, representa gaireb\u00e9 dos ter\u00e7os de les necessitats d&#8217;inversi\u00f3 del sector esmentat. Les mesures clau s\u00f3n: <ul><li><strong>Xarxes de distribuci\u00f3:<\/strong> Detecci\u00f3 i reparaci\u00f3 de fuites per millorar l&#8217;efici\u00e8ncia.<\/li><li><strong>Gesti\u00f3 del subministrament:<\/strong> Projectes de reutilitzaci\u00f3 daigua i dessalinitzaci\u00f3.<\/li><li><strong>Gesti\u00f3 de la demanda:<\/strong> Tecnologies destalvi daigua i establiment dobjectius de conservaci\u00f3.<\/li><\/ul><\/li><\/ul><h5><strong><span style=\"color: #ffffff;\">_<\/span><br> Patrons Regionals: Urg\u00e8ncia en Infraestructura i Aigua<\/strong><\/h5><p>S&#8217;identifiquen patrons espec\u00edfics on aquestes inversions s\u00f3n m\u00e9s urgents:<\/p><ul><li><strong>Infraestructura:<\/strong> Els riscos s\u00f3n cr\u00edtics a tot Europa, per\u00f2 la <strong>protecci\u00f3 costanera<\/strong> \u00e9s especialment urgent en nacions amb costes densament poblades com els <strong>Pa\u00efsos Baixos, Fran\u00e7a, It\u00e0lia i Espanya<\/strong> . La vulnerabilitat a inundacions fluvials \u00e9s una preocupaci\u00f3 dominant als pa\u00efsos del <strong>nord i centre d&#8217;Europa<\/strong> . <\/li><li><strong>Gesti\u00f3 de l&#8217;Aigua:<\/strong> L&#8217;escassetat \u00e9s una preocupaci\u00f3 cr\u00edtica i hist\u00f2rica al <strong>sud d&#8217;Europa<\/strong> , on impacta directament a l&#8217;agricultura i la generaci\u00f3 d&#8217;energia. Tot i aix\u00f2, les fonts adverteixen que aquest risc s&#8217;est\u00e0 tornant urgent en pa\u00efsos tradicionalment abundants en aigua com <strong>Finl\u00e0ndia i Let\u00f2nia<\/strong> , a causa dels canvis en els cicles hidrol\u00f2gics. <\/li><\/ul><h5><strong><span style=\"color: #ffffff;\">_<\/span><br> Implicacions estrat\u00e8giques per a empreses<\/strong><\/h5><p><strong>Per a les empreses, aquests efectes en cascada representen tant oportunitats com a riscos.<\/strong>  L&#8217;oportunitat rau en el creixement exponencial del mercat europeu d&#8217;adaptaci\u00f3 clim\u00e0tica: l&#8217;informe estima que la UE necessita invertir entre 35-56.000 milions d&#8217;euros anuals actualment en mesures d&#8217;adaptaci\u00f3, xifra que es multiplicar\u00e0 per 3-4 els propers 15-20 anys.<\/p><p><strong>Les empreses que desenvolupin ara solucions clim\u00e0ticament resilients tindran avantatge competitiu significatiu:  <\/strong><\/p><ul><li>maquin\u00e0ria que garanteixi funcionament a temperatures extremes,<\/li><li>equips amb consum h\u00eddric redu\u00eft en 30-50%,<\/li><li>sistemes amb redund\u00e0ncia energ\u00e8tica integrada.<\/li><\/ul><p><span style=\"color: #ffffff;\">_<\/span><br> L&#8217;adaptaci\u00f3 dep\u00e8n predominantment de finan\u00e7ament p\u00fablic, cosa que implica licitacions massives entre 2025-2050 per als que es posicionin ara com a prove\u00efdors de refer\u00e8ncia.<\/p><p><strong>Els principals riscos empresarials s\u00f3n l&#8217;obsolesc\u00e8ncia de productes<\/strong> dissenyats per a condicions &#8220;normals&#8221; que fallaran en el nou clima, i la vulnerabilitat de cadenes de subministrament pr\u00f2pies davant de disrupcions globals.<\/p><p><strong>El missatge estrat\u00e8gic canvia d'&#8221;efici\u00e8ncia&#8221; a &#8220;seguretat de continu\u00eftat operativa&#8221;<\/strong> : no es tracta nom\u00e9s d&#8217;estalviar recursos, sin\u00f3 de garantir que la producci\u00f3 no s&#8217;aturi quan arribin les condicions extremes. Les empreses que anticipin els est\u00e0ndards clim\u00e0tics que la UE est\u00e0 desenvolupant (taxonomia de productes adaptats) accediran preferentment a finan\u00e7ament p\u00fablic i crearan barreres d&#8217;entrada a competidors que arribin tard. <\/p>\t\t\t\t\t\t\t\t<\/div>\n\t\t\t\t<\/div>\n\t\t\t\t\t<\/div>\n\t\t<\/div>\n\t\t\t\t\t<\/div>\n\t\t<\/section>\n\t\t\t\t<section class=\"elementor-section elementor-top-section elementor-element elementor-element-1122b0c4 elementor-section-boxed elementor-section-height-default elementor-section-height-default\" data-id=\"1122b0c4\" data-element_type=\"section\" data-e-type=\"section\">\n\t\t\t\t\t\t<div class=\"elementor-container elementor-column-gap-default\">\n\t\t\t\t\t<div class=\"elementor-column elementor-col-100 elementor-top-column elementor-element elementor-element-3d0ac48d\" data-id=\"3d0ac48d\" data-element_type=\"column\" data-e-type=\"column\">\n\t\t\t<div class=\"elementor-widget-wrap elementor-element-populated\">\n\t\t\t\t\t\t<div class=\"elementor-element elementor-element-57c87b86 elementor-widget-divider--view-line elementor-widget elementor-widget-divider\" data-id=\"57c87b86\" data-element_type=\"widget\" data-e-type=\"widget\" data-widget_type=\"divider.default\">\n\t\t\t\t<div class=\"elementor-widget-container\">\n\t\t\t\t\t\t\t<div class=\"elementor-divider\">\n\t\t\t<span class=\"elementor-divider-separator\">\n\t\t\t\t\t\t<\/span>\n\t\t<\/div>\n\t\t\t\t\t\t<\/div>\n\t\t\t\t<\/div>\n\t\t\t\t<div class=\"elementor-element elementor-element-62167359 elementor-widget elementor-widget-heading\" data-id=\"62167359\" data-element_type=\"widget\" data-e-type=\"widget\" data-widget_type=\"heading.default\">\n\t\t\t\t<div class=\"elementor-widget-container\">\n\t\t\t\t\t<h5 class=\"elementor-heading-title elementor-size-default\">Recursos<\/h5>\t\t\t\t<\/div>\n\t\t\t\t<\/div>\n\t\t\t\t<div class=\"elementor-element elementor-element-3ad8d68d elementor-widget elementor-widget-text-editor\" data-id=\"3ad8d68d\" data-element_type=\"widget\" data-e-type=\"widget\" data-widget_type=\"text-editor.default\">\n\t\t\t\t<div class=\"elementor-widget-container\">\n\t\t\t\t\t\t\t\t\t<p>European Commission: Directorate-General per <em>a<\/em> Climate Action, Monteleone, L., Roberti, G., Fossati, F., Davies, W. et al.<\/p><p><a href=\"https:\/\/data.europa.eu\/doi\/10.2834\/2895769\" target=\"_blank\" rel=\"noopener\"><strong>https:\/\/data.europa.eu\/doi\/10.2834\/2895769<\/strong><\/a><\/p>\t\t\t\t\t\t\t\t<\/div>\n\t\t\t\t<\/div>\n\t\t\t\t<div class=\"elementor-element elementor-element-45cbe8cf elementor-widget elementor-widget-spacer\" data-id=\"45cbe8cf\" data-element_type=\"widget\" data-e-type=\"widget\" data-widget_type=\"spacer.default\">\n\t\t\t\t<div class=\"elementor-widget-container\">\n\t\t\t\t\t\t\t<div class=\"elementor-spacer\">\n\t\t\t<div class=\"elementor-spacer-inner\"><\/div>\n\t\t<\/div>\n\t\t\t\t\t\t<\/div>\n\t\t\t\t<\/div>\n\t\t\t\t\t<\/div>\n\t\t<\/div>\n\t\t\t\t\t<\/div>\n\t\t<\/section>\n\t\t\t\t<section class=\"elementor-section elementor-top-section elementor-element elementor-element-23bc1155 elementor-section-boxed elementor-section-height-default elementor-section-height-default\" data-id=\"23bc1155\" data-element_type=\"section\" data-e-type=\"section\" data-settings=\"{&quot;background_background&quot;:&quot;classic&quot;}\">\n\t\t\t\t\t\t<div class=\"elementor-container elementor-column-gap-default\">\n\t\t\t\t\t<div class=\"elementor-column elementor-col-100 elementor-top-column elementor-element elementor-element-6c02de33\" data-id=\"6c02de33\" data-element_type=\"column\" data-e-type=\"column\">\n\t\t\t<div class=\"elementor-widget-wrap elementor-element-populated\">\n\t\t\t\t\t\t<div class=\"elementor-element elementor-element-5bea68db elementor-widget elementor-widget-heading\" data-id=\"5bea68db\" data-element_type=\"widget\" data-e-type=\"widget\" data-widget_type=\"heading.default\">\n\t\t\t\t<div class=\"elementor-widget-container\">\n\t\t\t\t\t<h3 class=\"elementor-heading-title elementor-size-default\">Aprofundeix amb els recursos amec data del CoLAB<\/h3>\t\t\t\t<\/div>\n\t\t\t\t<\/div>\n\t\t\t\t<div class=\"elementor-element elementor-element-7f5ec7c4 elementor-widget-divider--view-line elementor-widget elementor-widget-divider\" data-id=\"7f5ec7c4\" data-element_type=\"widget\" data-e-type=\"widget\" data-widget_type=\"divider.default\">\n\t\t\t\t<div class=\"elementor-widget-container\">\n\t\t\t\t\t\t\t<div class=\"elementor-divider\">\n\t\t\t<span class=\"elementor-divider-separator\">\n\t\t\t\t\t\t<\/span>\n\t\t<\/div>\n\t\t\t\t\t\t<\/div>\n\t\t\t\t<\/div>\n\t\t<div class=\"elementor-element elementor-element-3f449270 e-grid e-con-boxed e-con e-parent\" data-id=\"3f449270\" data-element_type=\"container\" data-e-type=\"container\" data-settings=\"{&quot;background_background&quot;:&quot;classic&quot;}\">\n\t\t\t\t\t<div class=\"e-con-inner\">\n\t\t\t\t<div class=\"elementor-element elementor-element-392eb265 elementor-widget elementor-widget-image\" data-id=\"392eb265\" data-element_type=\"widget\" data-e-type=\"widget\" data-widget_type=\"image.default\">\n\t\t\t\t<div class=\"elementor-widget-container\">\n\t\t\t\t\t\t\t\t\t\t\t\t\t\t\t\t<a href=\"https:\/\/amec.es\/ca\/comunitat\/colab\/\">\n\t\t\t\t\t\t\t<img fetchpriority=\"high\" decoding=\"async\" width=\"800\" height=\"295\" src=\"https:\/\/amec.es\/wp-content\/uploads\/2026\/01\/Banner-Indicadores-adelantados-amec-1024x377.png\" class=\"attachment-large size-large wp-image-45856\" alt=\"\" srcset=\"https:\/\/amec.es\/wp-content\/uploads\/2026\/01\/Banner-Indicadores-adelantados-amec-1024x377.png 1024w, https:\/\/amec.es\/wp-content\/uploads\/2026\/01\/Banner-Indicadores-adelantados-amec-300x110.png 300w, https:\/\/amec.es\/wp-content\/uploads\/2026\/01\/Banner-Indicadores-adelantados-amec-768x283.png 768w, https:\/\/amec.es\/wp-content\/uploads\/2026\/01\/Banner-Indicadores-adelantados-amec.png 1280w\" sizes=\"(max-width: 800px) 100vw, 800px\" \/>\t\t\t\t\t\t\t\t<\/a>\n\t\t\t\t\t\t\t\t\t\t\t\t\t\t\t<\/div>\n\t\t\t\t<\/div>\n\t\t\t\t<div class=\"elementor-element elementor-element-29200918 elementor-widget elementor-widget-image\" data-id=\"29200918\" data-element_type=\"widget\" data-e-type=\"widget\" data-widget_type=\"image.default\">\n\t\t\t\t<div class=\"elementor-widget-container\">\n\t\t\t\t\t\t\t\t\t\t\t\t\t\t\t\t<a href=\"https:\/\/amec.es\/ca\/comunitat\/colab\/\">\n\t\t\t\t\t\t\t<img decoding=\"async\" width=\"800\" height=\"295\" src=\"https:\/\/amec.es\/wp-content\/uploads\/2026\/01\/Banner-Panel-exportaciones-amec-1024x377.png\" class=\"attachment-large size-large wp-image-46159\" alt=\"\" srcset=\"https:\/\/amec.es\/wp-content\/uploads\/2026\/01\/Banner-Panel-exportaciones-amec-1024x377.png 1024w, https:\/\/amec.es\/wp-content\/uploads\/2026\/01\/Banner-Panel-exportaciones-amec-300x110.png 300w, https:\/\/amec.es\/wp-content\/uploads\/2026\/01\/Banner-Panel-exportaciones-amec-768x283.png 768w, https:\/\/amec.es\/wp-content\/uploads\/2026\/01\/Banner-Panel-exportaciones-amec.png 1280w\" sizes=\"(max-width: 800px) 100vw, 800px\" \/>\t\t\t\t\t\t\t\t<\/a>\n\t\t\t\t\t\t\t\t\t\t\t\t\t\t\t<\/div>\n\t\t\t\t<\/div>\n\t\t\t\t\t<\/div>\n\t\t\t\t<\/div>\n\t\t\t\t\t<\/div>\n\t\t<\/div>\n\t\t\t\t\t<\/div>\n\t\t<\/section>\n\t\t<div class=\"elementor-element elementor-element-497e7d5c e-flex e-con-boxed e-con e-parent\" data-id=\"497e7d5c\" data-element_type=\"container\" data-e-type=\"container\">\n\t\t\t\t\t<div class=\"e-con-inner\">\n\t\t\t\t<div class=\"elementor-element elementor-element-721ddb71 elementor-widget elementor-widget-spacer\" data-id=\"721ddb71\" data-element_type=\"widget\" data-e-type=\"widget\" data-widget_type=\"spacer.default\">\n\t\t\t\t<div class=\"elementor-widget-container\">\n\t\t\t\t\t\t\t<div class=\"elementor-spacer\">\n\t\t\t<div class=\"elementor-spacer-inner\"><\/div>\n\t\t<\/div>\n\t\t\t\t\t\t<\/div>\n\t\t\t\t<\/div>\n\t\t\t\t\t<\/div>\n\t\t\t\t<\/div>\n\t\t\t\t<section class=\"elementor-section elementor-top-section elementor-element elementor-element-5d621b0e elementor-section-boxed elementor-section-height-default elementor-section-height-default\" data-id=\"5d621b0e\" data-element_type=\"section\" data-e-type=\"section\" data-settings=\"{&quot;background_background&quot;:&quot;classic&quot;}\">\n\t\t\t\t\t\t<div class=\"elementor-container elementor-column-gap-default\">\n\t\t\t\t\t<div class=\"elementor-column elementor-col-100 elementor-top-column elementor-element elementor-element-557075ae\" data-id=\"557075ae\" data-element_type=\"column\" data-e-type=\"column\">\n\t\t\t<div class=\"elementor-widget-wrap elementor-element-populated\">\n\t\t\t\t\t\t<div class=\"elementor-element elementor-element-46a61f8e elementor-widget elementor-widget-heading\" data-id=\"46a61f8e\" data-element_type=\"widget\" data-e-type=\"widget\" data-widget_type=\"heading.default\">\n\t\t\t\t<div class=\"elementor-widget-container\">\n\t\t\t\t\t<h3 class=\"elementor-heading-title elementor-size-default\">Vols m\u00e9s informaci\u00f3? Contacta'ns! <\/h3>\t\t\t\t<\/div>\n\t\t\t\t<\/div>\n\t\t\t\t<div class=\"elementor-element elementor-element-7476819d elementor-widget-divider--view-line elementor-widget elementor-widget-divider\" data-id=\"7476819d\" data-element_type=\"widget\" data-e-type=\"widget\" data-widget_type=\"divider.default\">\n\t\t\t\t<div class=\"elementor-widget-container\">\n\t\t\t\t\t\t\t<div class=\"elementor-divider\">\n\t\t\t<span class=\"elementor-divider-separator\">\n\t\t\t\t\t\t<\/span>\n\t\t<\/div>\n\t\t\t\t\t\t<\/div>\n\t\t\t\t<\/div>\n\t\t\t\t<section class=\"elementor-section elementor-inner-section elementor-element elementor-element-51301d14 elementor-section-boxed elementor-section-height-default elementor-section-height-default\" data-id=\"51301d14\" data-element_type=\"section\" data-e-type=\"section\">\n\t\t\t\t\t\t<div class=\"elementor-container elementor-column-gap-default\">\n\t\t\t\t\t<div class=\"elementor-column elementor-col-50 elementor-inner-column elementor-element elementor-element-7b0f51cc\" data-id=\"7b0f51cc\" data-element_type=\"column\" data-e-type=\"column\">\n\t\t\t<div class=\"elementor-widget-wrap elementor-element-populated\">\n\t\t\t\t\t\t<div class=\"elementor-element elementor-element-2a02bf51 elementor-widget elementor-widget-image\" data-id=\"2a02bf51\" data-element_type=\"widget\" data-e-type=\"widget\" data-widget_type=\"image.default\">\n\t\t\t\t<div class=\"elementor-widget-container\">\n\t\t\t\t\t\t\t\t\t\t\t\t\t\t\t<img decoding=\"async\" width=\"380\" height=\"250\" src=\"https:\/\/amec.es\/wp-content\/uploads\/2023\/07\/susana-gonzalez-3-r-2-redim-prop66-w380-h250.jpg\" class=\"attachment-large size-large wp-image-1193\" alt=\"\" srcset=\"https:\/\/amec.es\/wp-content\/uploads\/2023\/07\/susana-gonzalez-3-r-2-redim-prop66-w380-h250.jpg 380w, https:\/\/amec.es\/wp-content\/uploads\/2023\/07\/susana-gonzalez-3-r-2-redim-prop66-w380-h250-300x197.jpg 300w\" sizes=\"(max-width: 380px) 100vw, 380px\" \/>\t\t\t\t\t\t\t\t\t\t\t\t\t\t\t<\/div>\n\t\t\t\t<\/div>\n\t\t\t\t\t<\/div>\n\t\t<\/div>\n\t\t\t\t<div class=\"elementor-column elementor-col-50 elementor-inner-column elementor-element elementor-element-389939e2\" data-id=\"389939e2\" data-element_type=\"column\" data-e-type=\"column\">\n\t\t\t<div class=\"elementor-widget-wrap elementor-element-populated\">\n\t\t\t\t\t\t<div class=\"elementor-element elementor-element-132d15fd elementor-icon-list--layout-traditional elementor-list-item-link-full_width elementor-widget elementor-widget-icon-list\" data-id=\"132d15fd\" data-element_type=\"widget\" data-e-type=\"widget\" data-widget_type=\"icon-list.default\">\n\t\t\t\t<div class=\"elementor-widget-container\">\n\t\t\t\t\t\t\t<ul class=\"elementor-icon-list-items\">\n\t\t\t\t\t\t\t<li class=\"elementor-icon-list-item\">\n\t\t\t\t\t\t\t\t\t\t\t<span class=\"elementor-icon-list-icon\">\n\t\t\t\t\t\t\t<i aria-hidden=\"true\" class=\"fas fa-user-circle\"><\/i>\t\t\t\t\t\t<\/span>\n\t\t\t\t\t\t\t\t\t\t<span class=\"elementor-icon-list-text\">Susana Gonzalez<\/span>\n\t\t\t\t\t\t\t\t\t<\/li>\n\t\t\t\t\t\t\t\t<li class=\"elementor-icon-list-item\">\n\t\t\t\t\t\t\t\t\t\t\t<span class=\"elementor-icon-list-icon\">\n\t\t\t\t\t\t\t<i aria-hidden=\"true\" class=\"fas fa-briefcase\"><\/i>\t\t\t\t\t\t<\/span>\n\t\t\t\t\t\t\t\t\t\t<span class=\"elementor-icon-list-text\">Intel\u00b7lig\u00e8ncia i Capacitaci\u00f3<\/span>\n\t\t\t\t\t\t\t\t\t<\/li>\n\t\t\t\t\t\t\t\t<li class=\"elementor-icon-list-item\">\n\t\t\t\t\t\t\t\t\t\t\t<span class=\"elementor-icon-list-icon\">\n\t\t\t\t\t\t\t<i aria-hidden=\"true\" class=\"fas fa-envelope\"><\/i>\t\t\t\t\t\t<\/span>\n\t\t\t\t\t\t\t\t\t\t<span class=\"elementor-icon-list-text\">sgonzalez@amec.es<\/span>\n\t\t\t\t\t\t\t\t\t<\/li>\n\t\t\t\t\t\t<\/ul>\n\t\t\t\t\t\t<\/div>\n\t\t\t\t<\/div>\n\t\t\t\t<div class=\"elementor-element elementor-element-4f450e7b elementor-widget elementor-widget-spacer\" data-id=\"4f450e7b\" data-element_type=\"widget\" data-e-type=\"widget\" data-widget_type=\"spacer.default\">\n\t\t\t\t<div class=\"elementor-widget-container\">\n\t\t\t\t\t\t\t<div class=\"elementor-spacer\">\n\t\t\t<div class=\"elementor-spacer-inner\"><\/div>\n\t\t<\/div>\n\t\t\t\t\t\t<\/div>\n\t\t\t\t<\/div>\n\t\t\t\t\t<\/div>\n\t\t<\/div>\n\t\t\t\t\t<\/div>\n\t\t<\/section>\n\t\t\t\t\t<\/div>\n\t\t<\/div>\n\t\t\t\t\t<\/div>\n\t\t<\/section>\n\t\t<div class=\"elementor-element elementor-element-235a50ec elementor-hidden-mobile e-flex e-con-boxed e-con e-parent\" data-id=\"235a50ec\" data-element_type=\"container\" data-e-type=\"container\">\n\t\t\t\t\t<div class=\"e-con-inner\">\n\t\t<div class=\"elementor-element elementor-element-632d1321 elementor-hidden-mobile e-con-full e-flex e-con e-child\" data-id=\"632d1321\" data-element_type=\"container\" data-e-type=\"container\">\n\t\t<div class=\"elementor-element elementor-element-1ecc44af e-con-full e-flex e-con e-child\" data-id=\"1ecc44af\" data-element_type=\"container\" data-e-type=\"container\">\n\t\t\t\t<\/div>\n\t\t<div class=\"elementor-element elementor-element-2240867f e-con-full e-flex e-con e-child\" data-id=\"2240867f\" data-element_type=\"container\" data-e-type=\"container\">\n\t\t\t\t<div class=\"elementor-element elementor-element-7874d6c6 elementor-widget elementor-widget-image\" data-id=\"7874d6c6\" data-element_type=\"widget\" data-e-type=\"widget\" data-widget_type=\"image.default\">\n\t\t\t\t<div class=\"elementor-widget-container\">\n\t\t\t\t\t\t\t\t\t\t\t\t\t\t\t\t<a href=\"https:\/\/positiveindustry.org\/\">\n\t\t\t\t\t\t\t<img loading=\"lazy\" decoding=\"async\" width=\"500\" height=\"529\" src=\"https:\/\/amec.es\/wp-content\/uploads\/2025\/05\/segellmemberof.png\" class=\"attachment-large size-large wp-image-34785\" alt=\"\" srcset=\"https:\/\/amec.es\/wp-content\/uploads\/2025\/05\/segellmemberof.png 500w, https:\/\/amec.es\/wp-content\/uploads\/2025\/05\/segellmemberof-284x300.png 284w\" sizes=\"(max-width: 500px) 100vw, 500px\" \/>\t\t\t\t\t\t\t\t<\/a>\n\t\t\t\t\t\t\t\t\t\t\t\t\t\t\t<\/div>\n\t\t\t\t<\/div>\n\t\t\t\t<\/div>\n\t\t<div class=\"elementor-element elementor-element-12564899 e-con-full e-flex e-con e-child\" data-id=\"12564899\" data-element_type=\"container\" data-e-type=\"container\">\n\t\t\t\t<div class=\"elementor-element elementor-element-399a1873 elementor-widget elementor-widget-image\" data-id=\"399a1873\" data-element_type=\"widget\" data-e-type=\"widget\" data-widget_type=\"image.default\">\n\t\t\t\t<div class=\"elementor-widget-container\">\n\t\t\t\t\t\t\t\t\t\t\t\t\t\t\t<img loading=\"lazy\" decoding=\"async\" width=\"168\" height=\"95\" src=\"https:\/\/amec.es\/wp-content\/uploads\/2023\/07\/theglobalcompact.jpg\" class=\"attachment-large size-large wp-image-69\" alt=\"\" \/>\t\t\t\t\t\t\t\t\t\t\t\t\t\t\t<\/div>\n\t\t\t\t<\/div>\n\t\t\t\t<\/div>\n\t\t<div class=\"elementor-element elementor-element-5ac7ed0d e-con-full e-flex e-con e-child\" data-id=\"5ac7ed0d\" data-element_type=\"container\" data-e-type=\"container\">\n\t\t\t\t<div class=\"elementor-element elementor-element-762c56a2 elementor-widget elementor-widget-image\" data-id=\"762c56a2\" data-element_type=\"widget\" data-e-type=\"widget\" data-widget_type=\"image.default\">\n\t\t\t\t<div class=\"elementor-widget-container\">\n\t\t\t\t\t\t\t\t\t\t\t\t\t\t\t\t<a href=\"https:\/\/www.cematex.com\/\">\n\t\t\t\t\t\t\t<img loading=\"lazy\" decoding=\"async\" width=\"187\" height=\"187\" src=\"https:\/\/amec.es\/wp-content\/uploads\/2023\/07\/CEMATEX-logo.jpg\" class=\"attachment-large size-large wp-image-41268\" alt=\"\" srcset=\"https:\/\/amec.es\/wp-content\/uploads\/2023\/07\/CEMATEX-logo.jpg 187w, https:\/\/amec.es\/wp-content\/uploads\/2023\/07\/CEMATEX-logo-150x150.jpg 150w, https:\/\/amec.es\/wp-content\/uploads\/2023\/07\/CEMATEX-logo-100x100.jpg 100w\" sizes=\"(max-width: 187px) 100vw, 187px\" \/>\t\t\t\t\t\t\t\t<\/a>\n\t\t\t\t\t\t\t\t\t\t\t\t\t\t\t<\/div>\n\t\t\t\t<\/div>\n\t\t\t\t<\/div>\n\t\t<div class=\"elementor-element elementor-element-711bc199 e-con-full e-flex e-con e-child\" data-id=\"711bc199\" data-element_type=\"container\" data-e-type=\"container\">\n\t\t\t\t<div class=\"elementor-element elementor-element-21c458ff elementor-widget elementor-widget-image\" data-id=\"21c458ff\" data-element_type=\"widget\" data-e-type=\"widget\" data-widget_type=\"image.default\">\n\t\t\t\t<div class=\"elementor-widget-container\">\n\t\t\t\t\t\t\t\t\t\t\t\t\t\t\t<img loading=\"lazy\" decoding=\"async\" width=\"168\" height=\"95\" src=\"https:\/\/amec.es\/wp-content\/uploads\/2023\/07\/exportarparacrecer.jpg\" class=\"attachment-large size-large wp-image-73\" alt=\"\" \/>\t\t\t\t\t\t\t\t\t\t\t\t\t\t\t<\/div>\n\t\t\t\t<\/div>\n\t\t\t\t<\/div>\n\t\t<div class=\"elementor-element elementor-element-49ac27da e-con-full e-flex e-con e-child\" data-id=\"49ac27da\" data-element_type=\"container\" data-e-type=\"container\">\n\t\t\t\t<div class=\"elementor-element elementor-element-1b6fee84 elementor-widget elementor-widget-image\" data-id=\"1b6fee84\" data-element_type=\"widget\" data-e-type=\"widget\" data-widget_type=\"image.default\">\n\t\t\t\t<div class=\"elementor-widget-container\">\n\t\t\t\t\t\t\t\t\t\t\t\t\t\t\t<img loading=\"lazy\" decoding=\"async\" width=\"300\" height=\"200\" src=\"https:\/\/amec.es\/wp-content\/uploads\/2025\/02\/Logos-representacio-institucional-05.jpg\" class=\"attachment-large size-large wp-image-31068\" alt=\"\" \/>\t\t\t\t\t\t\t\t\t\t\t\t\t\t\t<\/div>\n\t\t\t\t<\/div>\n\t\t\t\t<\/div>\n\t\t<div class=\"elementor-element elementor-element-7c148c25 e-con-full e-flex e-con e-child\" data-id=\"7c148c25\" data-element_type=\"container\" data-e-type=\"container\">\n\t\t\t\t<div class=\"elementor-element elementor-element-7679de54 elementor-widget elementor-widget-image\" data-id=\"7679de54\" data-element_type=\"widget\" data-e-type=\"widget\" data-widget_type=\"image.default\">\n\t\t\t\t<div class=\"elementor-widget-container\">\n\t\t\t\t\t\t\t\t\t\t\t\t\t\t\t\t<a href=\"https:\/\/www.accio.gencat.cat\/es\/inici\/index.html\">\n\t\t\t\t\t\t\t<img loading=\"lazy\" decoding=\"async\" width=\"778\" height=\"853\" src=\"https:\/\/amec.es\/wp-content\/uploads\/2025\/02\/Segell-Agents-de-Suport-a-la-Internacionalitzacio-Superior.png\" class=\"attachment-large size-large wp-image-34732\" alt=\"\" srcset=\"https:\/\/amec.es\/wp-content\/uploads\/2025\/02\/Segell-Agents-de-Suport-a-la-Internacionalitzacio-Superior.png 778w, https:\/\/amec.es\/wp-content\/uploads\/2025\/02\/Segell-Agents-de-Suport-a-la-Internacionalitzacio-Superior-274x300.png 274w, https:\/\/amec.es\/wp-content\/uploads\/2025\/02\/Segell-Agents-de-Suport-a-la-Internacionalitzacio-Superior-768x842.png 768w, https:\/\/amec.es\/wp-content\/uploads\/2025\/02\/Segell-Agents-de-Suport-a-la-Internacionalitzacio-Superior-600x658.png 600w\" sizes=\"(max-width: 778px) 100vw, 778px\" \/>\t\t\t\t\t\t\t\t<\/a>\n\t\t\t\t\t\t\t\t\t\t\t\t\t\t\t<\/div>\n\t\t\t\t<\/div>\n\t\t\t\t<\/div>\n\t\t<div class=\"elementor-element elementor-element-56e293e8 e-con-full e-flex e-con e-child\" data-id=\"56e293e8\" data-element_type=\"container\" data-e-type=\"container\">\n\t\t\t\t<div class=\"elementor-element elementor-element-76784c3d elementor-widget elementor-widget-text-editor\" data-id=\"76784c3d\" data-element_type=\"widget\" data-e-type=\"widget\" data-widget_type=\"text-editor.default\">\n\t\t\t\t<div class=\"elementor-widget-container\">\n\t\t\t\t\t\t\t\t\t<p><a href=\"https:\/\/www.accio.gencat.cat\/ca\/accio\/processos-acreditacio\/agents-suport-internacionalitzacio\/\"><span data-olk-copy-source=\"MessageBody\">Agent acreditat per ACCI\u00d3<\/span><\/a><\/p>\t\t\t\t\t\t\t\t<\/div>\n\t\t\t\t<\/div>\n\t\t\t\t<\/div>\n\t\t<div class=\"elementor-element elementor-element-2974ec47 e-con-full e-flex e-con e-child\" data-id=\"2974ec47\" data-element_type=\"container\" data-e-type=\"container\">\n\t\t\t\t<\/div>\n\t\t\t\t<\/div>\n\t\t\t\t\t<\/div>\n\t\t\t\t<\/div>\n\t\t\t\t<\/div>\n\t\t","protected":false},"excerpt":{"rendered":"<p>Europa necessita multiplicar per 2-3 vegades la seva inversi\u00f3 actual en adaptaci\u00f3 clim\u00e0tica la propera d\u00e8cada, amb el sector d&#8217;infraestructura i gesti\u00f3 de l&#8217;aigua com a prioritats absolutes. La Comissi\u00f3 Europea ha publicat un informe que avalua les necessitats d&#8217;inversi\u00f3 en adaptaci\u00f3 clim\u00e0tica dels Estats membres fins al 2050. L&#8217;an\u00e0lisi revela que la infraestructura concentra [&hellip;]<\/p>\n","protected":false},"author":10,"featured_media":0,"parent":5934,"menu_order":0,"comment_status":"closed","ping_status":"closed","template":"elementor_canvas","meta":{"inline_featured_image":false,"footnotes":""},"categories":[219],"tags":[],"class_list":["post-48132","page","type-page","status-publish","hentry","category-alertes-i-tendencies-exclusives"],"yoast_head":"<!-- This site is optimized with the Yoast SEO plugin v27.3 - https:\/\/yoast.com\/product\/yoast-seo-wordpress\/ -->\n<title>Infraestructura i aigua lideraran la inversi\u00f3 clim\u00e0tica europea | amec Positive Industry<\/title>\n<meta name=\"robots\" content=\"index, follow, max-snippet:-1, max-image-preview:large, max-video-preview:-1\" \/>\n<link rel=\"canonical\" href=\"https:\/\/amec.es\/ca\/anticipat\/alertes-i-oportunitats\/infraestructura-i-aigua-lideraran-la-inversio-climatica-europea\/\" \/>\n<meta property=\"og:locale\" content=\"ca_ES\" \/>\n<meta property=\"og:type\" content=\"article\" \/>\n<meta property=\"og:title\" content=\"Infraestructura i aigua lideraran la inversi\u00f3 clim\u00e0tica europea | amec Positive Industry\" \/>\n<meta property=\"og:description\" content=\"Europa necessita multiplicar per 2-3 vegades la seva inversi\u00f3 actual en adaptaci\u00f3 clim\u00e0tica la propera d\u00e8cada, amb el sector d&#8217;infraestructura i gesti\u00f3 de l&#8217;aigua com a prioritats absolutes. La Comissi\u00f3 Europea ha publicat un informe que avalua les necessitats d&#8217;inversi\u00f3 en adaptaci\u00f3 clim\u00e0tica dels Estats membres fins al 2050. L&#8217;an\u00e0lisi revela que la infraestructura concentra [&hellip;]\" \/>\n<meta property=\"og:url\" content=\"https:\/\/amec.es\/ca\/anticipat\/alertes-i-oportunitats\/infraestructura-i-aigua-lideraran-la-inversio-climatica-europea\/\" \/>\n<meta property=\"og:site_name\" content=\"amec Positive Industry\" \/>\n<meta property=\"article:modified_time\" content=\"2026-02-05T08:31:04+00:00\" \/>\n<meta property=\"og:image\" content=\"https:\/\/amec.es\/wp-content\/uploads\/2026\/01\/Banner-Indicadores-adelantados-amec.png\" \/>\n\t<meta property=\"og:image:width\" content=\"1280\" \/>\n\t<meta property=\"og:image:height\" content=\"471\" \/>\n\t<meta property=\"og:image:type\" content=\"image\/png\" \/>\n<meta name=\"twitter:card\" content=\"summary_large_image\" \/>\n<meta name=\"twitter:label1\" content=\"Temps estimat de lectura\" \/>\n\t<meta name=\"twitter:data1\" content=\"3 minuts\" \/>\n<script type=\"application\/ld+json\" class=\"yoast-schema-graph\">{\"@context\":\"https:\\\/\\\/schema.org\",\"@graph\":[{\"@type\":\"WebPage\",\"@id\":\"https:\\\/\\\/amec.es\\\/ca\\\/anticipat\\\/alertes-i-oportunitats\\\/infraestructura-i-aigua-lideraran-la-inversio-climatica-europea\\\/\",\"url\":\"https:\\\/\\\/amec.es\\\/ca\\\/anticipat\\\/alertes-i-oportunitats\\\/infraestructura-i-aigua-lideraran-la-inversio-climatica-europea\\\/\",\"name\":\"Infraestructura i aigua lideraran la inversi\u00f3 clim\u00e0tica europea | amec Positive Industry\",\"isPartOf\":{\"@id\":\"https:\\\/\\\/amec.es\\\/#website\"},\"primaryImageOfPage\":{\"@id\":\"https:\\\/\\\/amec.es\\\/ca\\\/anticipat\\\/alertes-i-oportunitats\\\/infraestructura-i-aigua-lideraran-la-inversio-climatica-europea\\\/#primaryimage\"},\"image\":{\"@id\":\"https:\\\/\\\/amec.es\\\/ca\\\/anticipat\\\/alertes-i-oportunitats\\\/infraestructura-i-aigua-lideraran-la-inversio-climatica-europea\\\/#primaryimage\"},\"thumbnailUrl\":\"https:\\\/\\\/amec.es\\\/wp-content\\\/uploads\\\/2026\\\/01\\\/Banner-Indicadores-adelantados-amec-1024x377.png\",\"datePublished\":\"2026-02-05T08:27:07+00:00\",\"dateModified\":\"2026-02-05T08:31:04+00:00\",\"breadcrumb\":{\"@id\":\"https:\\\/\\\/amec.es\\\/ca\\\/anticipat\\\/alertes-i-oportunitats\\\/infraestructura-i-aigua-lideraran-la-inversio-climatica-europea\\\/#breadcrumb\"},\"inLanguage\":\"ca\",\"potentialAction\":[{\"@type\":\"ReadAction\",\"target\":[\"https:\\\/\\\/amec.es\\\/ca\\\/anticipat\\\/alertes-i-oportunitats\\\/infraestructura-i-aigua-lideraran-la-inversio-climatica-europea\\\/\"]}]},{\"@type\":\"ImageObject\",\"inLanguage\":\"ca\",\"@id\":\"https:\\\/\\\/amec.es\\\/ca\\\/anticipat\\\/alertes-i-oportunitats\\\/infraestructura-i-aigua-lideraran-la-inversio-climatica-europea\\\/#primaryimage\",\"url\":\"https:\\\/\\\/amec.es\\\/wp-content\\\/uploads\\\/2026\\\/01\\\/Banner-Indicadores-adelantados-amec-1024x377.png\",\"contentUrl\":\"https:\\\/\\\/amec.es\\\/wp-content\\\/uploads\\\/2026\\\/01\\\/Banner-Indicadores-adelantados-amec-1024x377.png\"},{\"@type\":\"BreadcrumbList\",\"@id\":\"https:\\\/\\\/amec.es\\\/ca\\\/anticipat\\\/alertes-i-oportunitats\\\/infraestructura-i-aigua-lideraran-la-inversio-climatica-europea\\\/#breadcrumb\",\"itemListElement\":[{\"@type\":\"ListItem\",\"position\":1,\"name\":\"Portada\",\"item\":\"https:\\\/\\\/amec.es\\\/ca\\\/home-new\\\/\"},{\"@type\":\"ListItem\",\"position\":2,\"name\":\"Anticipa&#8217;t\",\"item\":\"https:\\\/\\\/amec.es\\\/ca\\\/anticipat\\\/\"},{\"@type\":\"ListItem\",\"position\":3,\"name\":\"Alertes i oportunitats\",\"item\":\"https:\\\/\\\/amec.es\\\/ca\\\/anticipat\\\/alertes-i-oportunitats\\\/\"},{\"@type\":\"ListItem\",\"position\":4,\"name\":\"Infraestructura i aigua lideraran la inversi\u00f3 clim\u00e0tica europea\"}]},{\"@type\":\"WebSite\",\"@id\":\"https:\\\/\\\/amec.es\\\/#website\",\"url\":\"https:\\\/\\\/amec.es\\\/\",\"name\":\"amec Positive Industry\",\"description\":\"\",\"publisher\":{\"@id\":\"https:\\\/\\\/amec.es\\\/#organization\"},\"potentialAction\":[{\"@type\":\"SearchAction\",\"target\":{\"@type\":\"EntryPoint\",\"urlTemplate\":\"https:\\\/\\\/amec.es\\\/?s={search_term_string}\"},\"query-input\":{\"@type\":\"PropertyValueSpecification\",\"valueRequired\":true,\"valueName\":\"search_term_string\"}}],\"inLanguage\":\"ca\"},{\"@type\":\"Organization\",\"@id\":\"https:\\\/\\\/amec.es\\\/#organization\",\"name\":\"amec Positive Industry\",\"url\":\"https:\\\/\\\/amec.es\\\/\",\"logo\":{\"@type\":\"ImageObject\",\"inLanguage\":\"ca\",\"@id\":\"https:\\\/\\\/amec.es\\\/#\\\/schema\\\/logo\\\/image\\\/\",\"url\":\"https:\\\/\\\/amec.es\\\/wp-content\\\/uploads\\\/2023\\\/07\\\/logoamec.png\",\"contentUrl\":\"https:\\\/\\\/amec.es\\\/wp-content\\\/uploads\\\/2023\\\/07\\\/logoamec.png\",\"width\":200,\"height\":48,\"caption\":\"amec Positive Industry\"},\"image\":{\"@id\":\"https:\\\/\\\/amec.es\\\/#\\\/schema\\\/logo\\\/image\\\/\"}}]}<\/script>\n<!-- \/ Yoast SEO plugin. -->","yoast_head_json":{"title":"Infraestructura i aigua lideraran la inversi\u00f3 clim\u00e0tica europea | amec Positive Industry","robots":{"index":"index","follow":"follow","max-snippet":"max-snippet:-1","max-image-preview":"max-image-preview:large","max-video-preview":"max-video-preview:-1"},"canonical":"https:\/\/amec.es\/ca\/anticipat\/alertes-i-oportunitats\/infraestructura-i-aigua-lideraran-la-inversio-climatica-europea\/","og_locale":"ca_ES","og_type":"article","og_title":"Infraestructura i aigua lideraran la inversi\u00f3 clim\u00e0tica europea | amec Positive Industry","og_description":"Europa necessita multiplicar per 2-3 vegades la seva inversi\u00f3 actual en adaptaci\u00f3 clim\u00e0tica la propera d\u00e8cada, amb el sector d&#8217;infraestructura i gesti\u00f3 de l&#8217;aigua com a prioritats absolutes. La Comissi\u00f3 Europea ha publicat un informe que avalua les necessitats d&#8217;inversi\u00f3 en adaptaci\u00f3 clim\u00e0tica dels Estats membres fins al 2050. L&#8217;an\u00e0lisi revela que la infraestructura concentra [&hellip;]","og_url":"https:\/\/amec.es\/ca\/anticipat\/alertes-i-oportunitats\/infraestructura-i-aigua-lideraran-la-inversio-climatica-europea\/","og_site_name":"amec Positive Industry","article_modified_time":"2026-02-05T08:31:04+00:00","og_image":[{"width":1280,"height":471,"url":"https:\/\/amec.es\/wp-content\/uploads\/2026\/01\/Banner-Indicadores-adelantados-amec.png","type":"image\/png"}],"twitter_card":"summary_large_image","twitter_misc":{"Temps estimat de lectura":"3 minuts"},"schema":{"@context":"https:\/\/schema.org","@graph":[{"@type":"WebPage","@id":"https:\/\/amec.es\/ca\/anticipat\/alertes-i-oportunitats\/infraestructura-i-aigua-lideraran-la-inversio-climatica-europea\/","url":"https:\/\/amec.es\/ca\/anticipat\/alertes-i-oportunitats\/infraestructura-i-aigua-lideraran-la-inversio-climatica-europea\/","name":"Infraestructura i aigua lideraran la inversi\u00f3 clim\u00e0tica europea | amec Positive Industry","isPartOf":{"@id":"https:\/\/amec.es\/#website"},"primaryImageOfPage":{"@id":"https:\/\/amec.es\/ca\/anticipat\/alertes-i-oportunitats\/infraestructura-i-aigua-lideraran-la-inversio-climatica-europea\/#primaryimage"},"image":{"@id":"https:\/\/amec.es\/ca\/anticipat\/alertes-i-oportunitats\/infraestructura-i-aigua-lideraran-la-inversio-climatica-europea\/#primaryimage"},"thumbnailUrl":"https:\/\/amec.es\/wp-content\/uploads\/2026\/01\/Banner-Indicadores-adelantados-amec-1024x377.png","datePublished":"2026-02-05T08:27:07+00:00","dateModified":"2026-02-05T08:31:04+00:00","breadcrumb":{"@id":"https:\/\/amec.es\/ca\/anticipat\/alertes-i-oportunitats\/infraestructura-i-aigua-lideraran-la-inversio-climatica-europea\/#breadcrumb"},"inLanguage":"ca","potentialAction":[{"@type":"ReadAction","target":["https:\/\/amec.es\/ca\/anticipat\/alertes-i-oportunitats\/infraestructura-i-aigua-lideraran-la-inversio-climatica-europea\/"]}]},{"@type":"ImageObject","inLanguage":"ca","@id":"https:\/\/amec.es\/ca\/anticipat\/alertes-i-oportunitats\/infraestructura-i-aigua-lideraran-la-inversio-climatica-europea\/#primaryimage","url":"https:\/\/amec.es\/wp-content\/uploads\/2026\/01\/Banner-Indicadores-adelantados-amec-1024x377.png","contentUrl":"https:\/\/amec.es\/wp-content\/uploads\/2026\/01\/Banner-Indicadores-adelantados-amec-1024x377.png"},{"@type":"BreadcrumbList","@id":"https:\/\/amec.es\/ca\/anticipat\/alertes-i-oportunitats\/infraestructura-i-aigua-lideraran-la-inversio-climatica-europea\/#breadcrumb","itemListElement":[{"@type":"ListItem","position":1,"name":"Portada","item":"https:\/\/amec.es\/ca\/home-new\/"},{"@type":"ListItem","position":2,"name":"Anticipa&#8217;t","item":"https:\/\/amec.es\/ca\/anticipat\/"},{"@type":"ListItem","position":3,"name":"Alertes i oportunitats","item":"https:\/\/amec.es\/ca\/anticipat\/alertes-i-oportunitats\/"},{"@type":"ListItem","position":4,"name":"Infraestructura i aigua lideraran la inversi\u00f3 clim\u00e0tica europea"}]},{"@type":"WebSite","@id":"https:\/\/amec.es\/#website","url":"https:\/\/amec.es\/","name":"amec Positive Industry","description":"","publisher":{"@id":"https:\/\/amec.es\/#organization"},"potentialAction":[{"@type":"SearchAction","target":{"@type":"EntryPoint","urlTemplate":"https:\/\/amec.es\/?s={search_term_string}"},"query-input":{"@type":"PropertyValueSpecification","valueRequired":true,"valueName":"search_term_string"}}],"inLanguage":"ca"},{"@type":"Organization","@id":"https:\/\/amec.es\/#organization","name":"amec Positive Industry","url":"https:\/\/amec.es\/","logo":{"@type":"ImageObject","inLanguage":"ca","@id":"https:\/\/amec.es\/#\/schema\/logo\/image\/","url":"https:\/\/amec.es\/wp-content\/uploads\/2023\/07\/logoamec.png","contentUrl":"https:\/\/amec.es\/wp-content\/uploads\/2023\/07\/logoamec.png","width":200,"height":48,"caption":"amec Positive Industry"},"image":{"@id":"https:\/\/amec.es\/#\/schema\/logo\/image\/"}}]}},"_links":{"self":[{"href":"https:\/\/amec.es\/ca\/wp-json\/wp\/v2\/pages\/48132","targetHints":{"allow":["GET"]}}],"collection":[{"href":"https:\/\/amec.es\/ca\/wp-json\/wp\/v2\/pages"}],"about":[{"href":"https:\/\/amec.es\/ca\/wp-json\/wp\/v2\/types\/page"}],"author":[{"embeddable":true,"href":"https:\/\/amec.es\/ca\/wp-json\/wp\/v2\/users\/10"}],"replies":[{"embeddable":true,"href":"https:\/\/amec.es\/ca\/wp-json\/wp\/v2\/comments?post=48132"}],"version-history":[{"count":3,"href":"https:\/\/amec.es\/ca\/wp-json\/wp\/v2\/pages\/48132\/revisions"}],"predecessor-version":[{"id":48137,"href":"https:\/\/amec.es\/ca\/wp-json\/wp\/v2\/pages\/48132\/revisions\/48137"}],"up":[{"embeddable":true,"href":"https:\/\/amec.es\/ca\/wp-json\/wp\/v2\/pages\/5934"}],"wp:attachment":[{"href":"https:\/\/amec.es\/ca\/wp-json\/wp\/v2\/media?parent=48132"}],"wp:term":[{"taxonomy":"category","embeddable":true,"href":"https:\/\/amec.es\/ca\/wp-json\/wp\/v2\/categories?post=48132"},{"taxonomy":"post_tag","embeddable":true,"href":"https:\/\/amec.es\/ca\/wp-json\/wp\/v2\/tags?post=48132"}],"curies":[{"name":"wp","href":"https:\/\/api.w.org\/{rel}","templated":true}]}}