{"id":48295,"date":"2026-02-09T09:10:25","date_gmt":"2026-02-09T08:10:25","guid":{"rendered":"https:\/\/amec.es\/anticipat\/alertes-i-oportunitats\/ajuts-per-a-projectes-de-digitalitzacio-de-pimes-c-valenciana\/"},"modified":"2026-02-09T09:14:50","modified_gmt":"2026-02-09T08:14:50","slug":"ajuts-per-a-projectes-de-digitalitzacio-de-pimes-c-valenciana","status":"publish","type":"page","link":"https:\/\/amec.es\/ca\/anticipat\/alertes-i-oportunitats\/ajuts-per-a-projectes-de-digitalitzacio-de-pimes-c-valenciana\/","title":{"rendered":"Ajuts per a projectes de digitalitzaci\u00f3 de pimes (C. Valenciana)"},"content":{"rendered":"\t\t<div data-elementor-type=\"wp-page\" data-elementor-id=\"48295\" class=\"elementor elementor-48295 elementor-48289\" data-elementor-post-type=\"page\">\n\t\t\t\t\t\t<section class=\"elementor-section elementor-top-section elementor-element elementor-element-771f1447 elementor-section-boxed elementor-section-height-default elementor-section-height-default\" data-id=\"771f1447\" data-element_type=\"section\" data-e-type=\"section\" data-settings=\"{&quot;background_background&quot;:&quot;gradient&quot;}\">\n\t\t\t\t\t\t<div class=\"elementor-container elementor-column-gap-default\">\n\t\t\t\t\t<div class=\"elementor-column elementor-col-100 elementor-top-column elementor-element elementor-element-52d9493b\" data-id=\"52d9493b\" data-element_type=\"column\" data-e-type=\"column\">\n\t\t\t<div class=\"elementor-widget-wrap elementor-element-populated\">\n\t\t\t\t\t\t<div class=\"elementor-element elementor-element-4ba59bc8 elementor-widget elementor-widget-heading\" data-id=\"4ba59bc8\" data-element_type=\"widget\" data-e-type=\"widget\" data-widget_type=\"heading.default\">\n\t\t\t\t<div class=\"elementor-widget-container\">\n\t\t\t\t\t<h2 class=\"elementor-heading-title elementor-size-default\"><a href=\"https:\/\/amec.es\/ca\/category\/ajuts\/\" rel=\"tag\">Ajuts<\/a>, <a href=\"https:\/\/amec.es\/ca\/category\/alertes-i-tendencies-exclusives\/\" rel=\"tag\">Alertes i tend\u00e8ncies exclusives<\/a><\/h2>\t\t\t\t<\/div>\n\t\t\t\t<\/div>\n\t\t\t\t<div class=\"elementor-element elementor-element-e6c9ec2 elementor-widget elementor-widget-spacer\" data-id=\"e6c9ec2\" data-element_type=\"widget\" data-e-type=\"widget\" data-widget_type=\"spacer.default\">\n\t\t\t\t<div class=\"elementor-widget-container\">\n\t\t\t\t\t\t\t<div class=\"elementor-spacer\">\n\t\t\t<div class=\"elementor-spacer-inner\"><\/div>\n\t\t<\/div>\n\t\t\t\t\t\t<\/div>\n\t\t\t\t<\/div>\n\t\t\t\t<div class=\"elementor-element elementor-element-a81e20e elementor-widget-divider--view-line elementor-widget elementor-widget-divider\" data-id=\"a81e20e\" data-element_type=\"widget\" data-e-type=\"widget\" data-widget_type=\"divider.default\">\n\t\t\t\t<div class=\"elementor-widget-container\">\n\t\t\t\t\t\t\t<div class=\"elementor-divider\">\n\t\t\t<span class=\"elementor-divider-separator\">\n\t\t\t\t\t\t<\/span>\n\t\t<\/div>\n\t\t\t\t\t\t<\/div>\n\t\t\t\t<\/div>\n\t\t\t\t\t<\/div>\n\t\t<\/div>\n\t\t\t\t\t<\/div>\n\t\t<\/section>\n\t\t\t\t<section class=\"elementor-section elementor-top-section elementor-element elementor-element-16d3a89e elementor-section-boxed elementor-section-height-default elementor-section-height-default\" data-id=\"16d3a89e\" data-element_type=\"section\" data-e-type=\"section\">\n\t\t\t\t\t\t<div class=\"elementor-container elementor-column-gap-default\">\n\t\t\t\t\t<div class=\"elementor-column elementor-col-100 elementor-top-column elementor-element elementor-element-6d2f84a4\" data-id=\"6d2f84a4\" data-element_type=\"column\" data-e-type=\"column\">\n\t\t\t<div class=\"elementor-widget-wrap elementor-element-populated\">\n\t\t\t\t\t\t<div class=\"elementor-element elementor-element-27d5dd53 elementor-widget elementor-widget-heading\" data-id=\"27d5dd53\" data-element_type=\"widget\" data-e-type=\"widget\" data-widget_type=\"heading.default\">\n\t\t\t\t<div class=\"elementor-widget-container\">\n\t\t\t\t\t<h2 class=\"elementor-heading-title elementor-size-default\">Ajuts per a projectes de digitalitzaci\u00f3 de pimes (C. Valenciana)<\/h2>\t\t\t\t<\/div>\n\t\t\t\t<\/div>\n\t\t\t\t<div class=\"elementor-element elementor-element-c07c74a elementor-widget elementor-widget-spacer\" data-id=\"c07c74a\" data-element_type=\"widget\" data-e-type=\"widget\" data-widget_type=\"spacer.default\">\n\t\t\t\t<div class=\"elementor-widget-container\">\n\t\t\t\t\t\t\t<div class=\"elementor-spacer\">\n\t\t\t<div class=\"elementor-spacer-inner\"><\/div>\n\t\t<\/div>\n\t\t\t\t\t\t<\/div>\n\t\t\t\t<\/div>\n\t\t\t\t<div class=\"elementor-element elementor-element-3aefdc93 elementor-widget elementor-widget-text-editor\" data-id=\"3aefdc93\" data-element_type=\"widget\" data-e-type=\"widget\" data-widget_type=\"text-editor.default\">\n\t\t\t\t<div class=\"elementor-widget-container\">\n\t\t\t\t\t\t\t\t\t9 de febrer de 2026\t\t\t\t\t\t\t\t<\/div>\n\t\t\t\t<\/div>\n\t\t\t\t<div class=\"elementor-element elementor-element-75addec4 elementor-widget elementor-widget-text-editor\" data-id=\"75addec4\" data-element_type=\"widget\" data-e-type=\"widget\" data-widget_type=\"text-editor.default\">\n\t\t\t\t<div class=\"elementor-widget-container\">\n\t\t\t\t\t\t\t\t\t<p><strong>Ajuts per millorar la competitivitat de les pimes industrials i de serveis a la ind\u00fastria mitjan\u00e7ant la implantaci\u00f3 de solucions avan\u00e7ades de digitalitzaci\u00f3.  <\/strong><\/p>\t\t\t\t\t\t\t\t<\/div>\n\t\t\t\t<\/div>\n\t\t\t\t<div class=\"elementor-element elementor-element-4f966cba elementor-widget-divider--view-line elementor-widget elementor-widget-divider\" data-id=\"4f966cba\" data-element_type=\"widget\" data-e-type=\"widget\" data-widget_type=\"divider.default\">\n\t\t\t\t<div class=\"elementor-widget-container\">\n\t\t\t\t\t\t\t<div class=\"elementor-divider\">\n\t\t\t<span class=\"elementor-divider-separator\">\n\t\t\t\t\t\t<\/span>\n\t\t<\/div>\n\t\t\t\t\t\t<\/div>\n\t\t\t\t<\/div>\n\t\t\t\t<div class=\"elementor-element elementor-element-49b6b6c3 elementor-widget elementor-widget-heading\" data-id=\"49b6b6c3\" data-element_type=\"widget\" data-e-type=\"widget\" data-widget_type=\"heading.default\">\n\t\t\t\t<div class=\"elementor-widget-container\">\n\t\t\t\t\t<h5 class=\"elementor-heading-title elementor-size-default\">Dates<\/h5>\t\t\t\t<\/div>\n\t\t\t\t<\/div>\n\t\t\t\t<div class=\"elementor-element elementor-element-56db580b elementor-widget__width-initial elementor-widget elementor-widget-text-editor\" data-id=\"56db580b\" data-element_type=\"widget\" data-e-type=\"widget\" data-widget_type=\"text-editor.default\">\n\t\t\t\t<div class=\"elementor-widget-container\">\n\t\t\t\t\t\t\t\t\t<p>El termini de presentaci\u00f3 de sol\u00b7licituds estar\u00e0 obert <strong>des del 15 de gener de 2026 fins al 3 de mar\u00e7 de 2026<\/strong> , ambd\u00f3s inclosos.<\/p>\t\t\t\t\t\t\t\t<\/div>\n\t\t\t\t<\/div>\n\t\t\t\t<div class=\"elementor-element elementor-element-229ff520 elementor-widget-divider--view-line elementor-widget elementor-widget-divider\" data-id=\"229ff520\" data-element_type=\"widget\" data-e-type=\"widget\" data-widget_type=\"divider.default\">\n\t\t\t\t<div class=\"elementor-widget-container\">\n\t\t\t\t\t\t\t<div class=\"elementor-divider\">\n\t\t\t<span class=\"elementor-divider-separator\">\n\t\t\t\t\t\t<\/span>\n\t\t<\/div>\n\t\t\t\t\t\t<\/div>\n\t\t\t\t<\/div>\n\t\t\t\t<div class=\"elementor-element elementor-element-42ddb9bf elementor-widget elementor-widget-heading\" data-id=\"42ddb9bf\" data-element_type=\"widget\" data-e-type=\"widget\" data-widget_type=\"heading.default\">\n\t\t\t\t<div class=\"elementor-widget-container\">\n\t\t\t\t\t<h5 class=\"elementor-heading-title elementor-size-default\">Beneficiaris<\/h5>\t\t\t\t<\/div>\n\t\t\t\t<\/div>\n\t\t\t\t<div class=\"elementor-element elementor-element-3b7d1c06 elementor-widget elementor-widget-text-editor\" data-id=\"3b7d1c06\" data-element_type=\"widget\" data-e-type=\"widget\" data-widget_type=\"text-editor.default\">\n\t\t\t\t<div class=\"elementor-widget-container\">\n\t\t\t\t\t\t\t\t\t<p>Podran sol\u00b7licitar estes ajudes les <strong>xicotetes i mitjanes empreses<\/strong> que tinguen la seu social o un establiment productiu a la Comunitat Valenciana en el moment de presentar la sol\u00b7licitud.<\/p><p>Les empreses hauran de desenvolupar activitats industrials o de serveis a la ind\u00fastria incloses als CNAE admesos a la convocat\u00f2ria, entre d&#8217;altres, els <strong>sectors industrials<\/strong> , transport i log\u00edstica, i activitats de R+D.<\/p><p>Queden excloses les empreses l&#8217;activitat principal de les quals sigui financera, immobili\u00e0ria, comercial, agr\u00edcola, pesquera o aq\u00fc\u00edcola.<\/p>\t\t\t\t\t\t\t\t<\/div>\n\t\t\t\t<\/div>\n\t\t\t\t<div class=\"elementor-element elementor-element-45ceb87b elementor-widget-divider--view-line elementor-widget elementor-widget-divider\" data-id=\"45ceb87b\" data-element_type=\"widget\" data-e-type=\"widget\" data-widget_type=\"divider.default\">\n\t\t\t\t<div class=\"elementor-widget-container\">\n\t\t\t\t\t\t\t<div class=\"elementor-divider\">\n\t\t\t<span class=\"elementor-divider-separator\">\n\t\t\t\t\t\t<\/span>\n\t\t<\/div>\n\t\t\t\t\t\t<\/div>\n\t\t\t\t<\/div>\n\t\t\t\t<div class=\"elementor-element elementor-element-133f7625 elementor-widget elementor-widget-heading\" data-id=\"133f7625\" data-element_type=\"widget\" data-e-type=\"widget\" data-widget_type=\"heading.default\">\n\t\t\t\t<div class=\"elementor-widget-container\">\n\t\t\t\t\t<h5 class=\"elementor-heading-title elementor-size-default\">\u00c0mbits<\/h5>\t\t\t\t<\/div>\n\t\t\t\t<\/div>\n\t\t\t\t<div class=\"elementor-element elementor-element-ffba6c elementor-widget elementor-widget-text-editor\" data-id=\"ffba6c\" data-element_type=\"widget\" data-e-type=\"widget\" data-widget_type=\"text-editor.default\">\n\t\t\t\t<div class=\"elementor-widget-container\">\n\t\t\t\t\t\t\t\t\t<p>Se subvencionen projectes de digitalitzaci\u00f3 que incloguin la implantaci\u00f3 i posada en marxa de solucions innovadores, entre les quals es troben, entre d&#8217;altres:<\/p><ul><li><strong>Automatitzaci\u00f3<\/strong> i control de processos productius, sistemes de captura de dades, manteniment preventiu i sensoritzaci\u00f3.<\/li><li>Implantaci\u00f3 de <strong>tecnologies d&#8217;ind\u00fastria 4.0<\/strong> , com ara bessons digitals, rob\u00f2tica industrial, visi\u00f3 artificial, fabricaci\u00f3 additiva i impressi\u00f3 3D.<\/li><li>Sistemes de <strong>planificaci\u00f3 i gesti\u00f3 empresarial<\/strong> , com ERP, CRM, SCM, solucions de business intelligence i anal\u00edtica de dades.<\/li><li>Plataformes de <strong>comer\u00e7 electr\u00f2nic<\/strong> B2B o B2C integrades amb facturaci\u00f3 i log\u00edstica.<\/li><li>Solucions vinculades a economia circular, ciberseguretat, cloud computing, big data, internet de les coses i intel\u00b7lig\u00e8ncia artificial.<\/li><\/ul><p><span style=\"color: #ffffff;\">_<\/span><br> Els projectes hauran de comptar amb un <strong>pressupost m\u00ednim subvencionable de 15.000 euros<\/strong> i desenvolupar-se dins dels terminis establerts a la convocat\u00f2ria.<\/p>\t\t\t\t\t\t\t\t<\/div>\n\t\t\t\t<\/div>\n\t\t\t\t<div class=\"elementor-element elementor-element-1ea3aa6a elementor-widget-divider--view-line elementor-widget elementor-widget-divider\" data-id=\"1ea3aa6a\" data-element_type=\"widget\" data-e-type=\"widget\" data-widget_type=\"divider.default\">\n\t\t\t\t<div class=\"elementor-widget-container\">\n\t\t\t\t\t\t\t<div class=\"elementor-divider\">\n\t\t\t<span class=\"elementor-divider-separator\">\n\t\t\t\t\t\t<\/span>\n\t\t<\/div>\n\t\t\t\t\t\t<\/div>\n\t\t\t\t<\/div>\n\t\t\t\t<div class=\"elementor-element elementor-element-4fe0b381 elementor-widget elementor-widget-heading\" data-id=\"4fe0b381\" data-element_type=\"widget\" data-e-type=\"widget\" data-widget_type=\"heading.default\">\n\t\t\t\t<div class=\"elementor-widget-container\">\n\t\t\t\t\t<h5 class=\"elementor-heading-title elementor-size-default\">Quantia<\/h5>\t\t\t\t<\/div>\n\t\t\t\t<\/div>\n\t\t\t\t<div class=\"elementor-element elementor-element-c24816b elementor-widget elementor-widget-text-editor\" data-id=\"c24816b\" data-element_type=\"widget\" data-e-type=\"widget\" data-widget_type=\"text-editor.default\">\n\t\t\t\t<div class=\"elementor-widget-container\">\n\t\t\t\t\t\t\t\t\t<p>Lajuda es concedeix en forma de <strong>subvenci\u00f3 a fons perdut<\/strong> , calculada com un percentatge dels costos subvencionables del projecte.<br> La intensitat m\u00e0xima de lajuda \u00e9s:<\/p><ul><li>Fins al <strong>45%<\/strong> per a petites empreses.<\/li><li>Fins al <strong>35%<\/strong> per a mitjanes empreses.<\/li><\/ul><p><span style=\"color: #ffffff;\">_<\/span><br> L&#8217; <strong>import m\u00e0xim de la subvenci\u00f3 per projecte \u00e9s de 175.000 euros<\/strong> .<br> Aquests ajuts estan subjectes al r\u00e8gim de minimis.<\/p>\t\t\t\t\t\t\t\t<\/div>\n\t\t\t\t<\/div>\n\t\t\t\t<div class=\"elementor-element elementor-element-114d251e elementor-widget-divider--view-line elementor-widget elementor-widget-divider\" data-id=\"114d251e\" data-element_type=\"widget\" data-e-type=\"widget\" data-widget_type=\"divider.default\">\n\t\t\t\t<div class=\"elementor-widget-container\">\n\t\t\t\t\t\t\t<div class=\"elementor-divider\">\n\t\t\t<span class=\"elementor-divider-separator\">\n\t\t\t\t\t\t<\/span>\n\t\t<\/div>\n\t\t\t\t\t\t<\/div>\n\t\t\t\t<\/div>\n\t\t\t\t<div class=\"elementor-element elementor-element-34985b5f elementor-widget elementor-widget-heading\" data-id=\"34985b5f\" data-element_type=\"widget\" data-e-type=\"widget\" data-widget_type=\"heading.default\">\n\t\t\t\t<div class=\"elementor-widget-container\">\n\t\t\t\t\t<h5 class=\"elementor-heading-title elementor-size-default\">Recursos<\/h5>\t\t\t\t<\/div>\n\t\t\t\t<\/div>\n\t\t\t\t<div class=\"elementor-element elementor-element-3c163196 elementor-widget elementor-widget-text-editor\" data-id=\"3c163196\" data-element_type=\"widget\" data-e-type=\"widget\" data-widget_type=\"text-editor.default\">\n\t\t\t\t<div class=\"elementor-widget-container\">\n\t\t\t\t\t\t\t\t\t<p><a href=\"https:\/\/digitalizacv.es\/\" target=\"_blank\" rel=\"noopener\">https:\/\/digitalizacv.es\/<\/a><\/p><p>Generalitat Valenciana: <a href=\"https:\/\/www.gva.es\/es\/inicio\/procedimientos?id_proc=G109090\" target=\"_blank\" rel=\"noopener\">https:\/\/www.gva.es\/es\/inicio\/procedimientos?id_proc=G109090<\/a><\/p>\t\t\t\t\t\t\t\t<\/div>\n\t\t\t\t<\/div>\n\t\t\t\t\t<\/div>\n\t\t<\/div>\n\t\t\t\t\t<\/div>\n\t\t<\/section>\n\t\t\t\t<section class=\"elementor-section elementor-top-section elementor-element elementor-element-34436706 elementor-section-boxed elementor-section-height-default elementor-section-height-default\" data-id=\"34436706\" data-element_type=\"section\" data-e-type=\"section\" data-settings=\"{&quot;background_background&quot;:&quot;classic&quot;}\">\n\t\t\t\t\t\t<div class=\"elementor-container elementor-column-gap-default\">\n\t\t\t\t\t<div class=\"elementor-column elementor-col-100 elementor-top-column elementor-element elementor-element-3b4fe946\" data-id=\"3b4fe946\" data-element_type=\"column\" data-e-type=\"column\">\n\t\t\t<div class=\"elementor-widget-wrap elementor-element-populated\">\n\t\t\t\t\t\t<div class=\"elementor-element elementor-element-41c9706c elementor-widget elementor-widget-heading\" data-id=\"41c9706c\" data-element_type=\"widget\" data-e-type=\"widget\" data-widget_type=\"heading.default\">\n\t\t\t\t<div class=\"elementor-widget-container\">\n\t\t\t\t\t<h3 class=\"elementor-heading-title elementor-size-default\">Vols m\u00e9s informaci\u00f3? Contacta'ns! <\/h3>\t\t\t\t<\/div>\n\t\t\t\t<\/div>\n\t\t\t\t<div class=\"elementor-element elementor-element-47be739c elementor-widget-divider--view-line elementor-widget elementor-widget-divider\" data-id=\"47be739c\" data-element_type=\"widget\" data-e-type=\"widget\" data-widget_type=\"divider.default\">\n\t\t\t\t<div class=\"elementor-widget-container\">\n\t\t\t\t\t\t\t<div class=\"elementor-divider\">\n\t\t\t<span class=\"elementor-divider-separator\">\n\t\t\t\t\t\t<\/span>\n\t\t<\/div>\n\t\t\t\t\t\t<\/div>\n\t\t\t\t<\/div>\n\t\t\t\t<section class=\"elementor-section elementor-inner-section elementor-element elementor-element-593271a1 elementor-section-boxed elementor-section-height-default elementor-section-height-default\" data-id=\"593271a1\" data-element_type=\"section\" data-e-type=\"section\">\n\t\t\t\t\t\t<div class=\"elementor-container elementor-column-gap-default\">\n\t\t\t\t\t<div class=\"elementor-column elementor-col-50 elementor-inner-column elementor-element elementor-element-128d2e79\" data-id=\"128d2e79\" data-element_type=\"column\" data-e-type=\"column\">\n\t\t\t<div class=\"elementor-widget-wrap elementor-element-populated\">\n\t\t\t\t\t\t<div class=\"elementor-element elementor-element-e62648f elementor-widget elementor-widget-image\" data-id=\"e62648f\" data-element_type=\"widget\" data-e-type=\"widget\" data-widget_type=\"image.default\">\n\t\t\t\t<div class=\"elementor-widget-container\">\n\t\t\t\t\t\t\t\t\t\t\t\t\t\t\t<img fetchpriority=\"high\" decoding=\"async\" width=\"280\" height=\"311\" src=\"https:\/\/amec.es\/wp-content\/uploads\/2023\/12\/isabel-lopez-redim-w480-h480.jpg\" class=\"attachment-large size-large wp-image-10584\" alt=\"\" srcset=\"https:\/\/amec.es\/wp-content\/uploads\/2023\/12\/isabel-lopez-redim-w480-h480.jpg 280w, https:\/\/amec.es\/wp-content\/uploads\/2023\/12\/isabel-lopez-redim-w480-h480-270x300.jpg 270w\" sizes=\"(max-width: 280px) 100vw, 280px\" \/>\t\t\t\t\t\t\t\t\t\t\t\t\t\t\t<\/div>\n\t\t\t\t<\/div>\n\t\t\t\t\t<\/div>\n\t\t<\/div>\n\t\t\t\t<div class=\"elementor-column elementor-col-50 elementor-inner-column elementor-element elementor-element-75caef8a\" data-id=\"75caef8a\" data-element_type=\"column\" data-e-type=\"column\">\n\t\t\t<div class=\"elementor-widget-wrap elementor-element-populated\">\n\t\t\t\t\t\t<div class=\"elementor-element elementor-element-5f097e elementor-widget elementor-widget-spacer\" data-id=\"5f097e\" data-element_type=\"widget\" data-e-type=\"widget\" data-widget_type=\"spacer.default\">\n\t\t\t\t<div class=\"elementor-widget-container\">\n\t\t\t\t\t\t\t<div class=\"elementor-spacer\">\n\t\t\t<div class=\"elementor-spacer-inner\"><\/div>\n\t\t<\/div>\n\t\t\t\t\t\t<\/div>\n\t\t\t\t<\/div>\n\t\t\t\t<div class=\"elementor-element elementor-element-5f67b7d6 elementor-icon-list--layout-traditional elementor-list-item-link-full_width elementor-widget elementor-widget-icon-list\" data-id=\"5f67b7d6\" data-element_type=\"widget\" data-e-type=\"widget\" data-widget_type=\"icon-list.default\">\n\t\t\t\t<div class=\"elementor-widget-container\">\n\t\t\t\t\t\t\t<ul class=\"elementor-icon-list-items\">\n\t\t\t\t\t\t\t<li class=\"elementor-icon-list-item\">\n\t\t\t\t\t\t\t\t\t\t\t<span class=\"elementor-icon-list-icon\">\n\t\t\t\t\t\t\t<i aria-hidden=\"true\" class=\"fas fa-user-circle\"><\/i>\t\t\t\t\t\t<\/span>\n\t\t\t\t\t\t\t\t\t\t<span class=\"elementor-icon-list-text\">Isabel L\u00f3pez<\/span>\n\t\t\t\t\t\t\t\t\t<\/li>\n\t\t\t\t\t\t\t\t<li class=\"elementor-icon-list-item\">\n\t\t\t\t\t\t\t\t\t\t\t<span class=\"elementor-icon-list-icon\">\n\t\t\t\t\t\t\t<i aria-hidden=\"true\" class=\"fas fa-briefcase\"><\/i>\t\t\t\t\t\t<\/span>\n\t\t\t\t\t\t\t\t\t\t<span class=\"elementor-icon-list-text\">T\u00e8cnica d'ajudes<\/span>\n\t\t\t\t\t\t\t\t\t<\/li>\n\t\t\t\t\t\t\t\t<li class=\"elementor-icon-list-item\">\n\t\t\t\t\t\t\t\t\t\t\t<span class=\"elementor-icon-list-icon\">\n\t\t\t\t\t\t\t<i aria-hidden=\"true\" class=\"fas fa-envelope\"><\/i>\t\t\t\t\t\t<\/span>\n\t\t\t\t\t\t\t\t\t\t<span class=\"elementor-icon-list-text\">ilopez@amec.es<\/span>\n\t\t\t\t\t\t\t\t\t<\/li>\n\t\t\t\t\t\t<\/ul>\n\t\t\t\t\t\t<\/div>\n\t\t\t\t<\/div>\n\t\t\t\t\t<\/div>\n\t\t<\/div>\n\t\t\t\t\t<\/div>\n\t\t<\/section>\n\t\t\t\t\t<\/div>\n\t\t<\/div>\n\t\t\t\t\t<\/div>\n\t\t<\/section>\n\t\t\t\t<\/div>\n\t\t","protected":false},"excerpt":{"rendered":"<p>Ajuts per millorar la competitivitat de les pimes industrials i de serveis a la ind\u00fastria mitjan\u00e7ant la implantaci\u00f3 de solucions avan\u00e7ades de digitalitzaci\u00f3. Dates El termini de presentaci\u00f3 de sol\u00b7licituds estar\u00e0 obert des del 15 de gener de 2026 fins al 3 de mar\u00e7 de 2026 , ambd\u00f3s inclosos. Beneficiaris Podran sol\u00b7licitar estes ajudes les [&hellip;]<\/p>\n","protected":false},"author":10,"featured_media":0,"parent":5934,"menu_order":0,"comment_status":"closed","ping_status":"closed","template":"elementor_canvas","meta":{"inline_featured_image":false,"footnotes":""},"categories":[220,219],"tags":[],"class_list":["post-48295","page","type-page","status-publish","hentry","category-ajuts","category-alertes-i-tendencies-exclusives"],"yoast_head":"<!-- This site is optimized with the Yoast SEO plugin v27.3 - https:\/\/yoast.com\/product\/yoast-seo-wordpress\/ -->\n<title>Ajuts per a projectes de digitalitzaci\u00f3 de pimes (C. Valenciana) | amec Positive Industry<\/title>\n<meta name=\"robots\" content=\"index, follow, max-snippet:-1, max-image-preview:large, max-video-preview:-1\" \/>\n<link rel=\"canonical\" href=\"https:\/\/amec.es\/ca\/anticipat\/alertes-i-oportunitats\/ajuts-per-a-projectes-de-digitalitzacio-de-pimes-c-valenciana\/\" \/>\n<meta property=\"og:locale\" content=\"ca_ES\" \/>\n<meta property=\"og:type\" content=\"article\" \/>\n<meta property=\"og:title\" content=\"Ajuts per a projectes de digitalitzaci\u00f3 de pimes (C. Valenciana) | amec Positive Industry\" \/>\n<meta property=\"og:description\" content=\"Ajuts per millorar la competitivitat de les pimes industrials i de serveis a la ind\u00fastria mitjan\u00e7ant la implantaci\u00f3 de solucions avan\u00e7ades de digitalitzaci\u00f3. Dates El termini de presentaci\u00f3 de sol\u00b7licituds estar\u00e0 obert des del 15 de gener de 2026 fins al 3 de mar\u00e7 de 2026 , ambd\u00f3s inclosos. Beneficiaris Podran sol\u00b7licitar estes ajudes les [&hellip;]\" \/>\n<meta property=\"og:url\" content=\"https:\/\/amec.es\/ca\/anticipat\/alertes-i-oportunitats\/ajuts-per-a-projectes-de-digitalitzacio-de-pimes-c-valenciana\/\" \/>\n<meta property=\"og:site_name\" content=\"amec Positive Industry\" \/>\n<meta property=\"article:modified_time\" content=\"2026-02-09T08:14:50+00:00\" \/>\n<meta property=\"og:image\" content=\"https:\/\/amec.es\/wp-content\/uploads\/2023\/12\/isabel-lopez-redim-w480-h480.jpg\" \/>\n\t<meta property=\"og:image:width\" content=\"280\" \/>\n\t<meta property=\"og:image:height\" content=\"311\" \/>\n\t<meta property=\"og:image:type\" content=\"image\/jpeg\" \/>\n<meta name=\"twitter:card\" content=\"summary_large_image\" \/>\n<meta name=\"twitter:label1\" content=\"Temps estimat de lectura\" \/>\n\t<meta name=\"twitter:data1\" content=\"2 minuts\" \/>\n<script type=\"application\/ld+json\" class=\"yoast-schema-graph\">{\"@context\":\"https:\\\/\\\/schema.org\",\"@graph\":[{\"@type\":\"WebPage\",\"@id\":\"https:\\\/\\\/amec.es\\\/ca\\\/anticipat\\\/alertes-i-oportunitats\\\/ajuts-per-a-projectes-de-digitalitzacio-de-pimes-c-valenciana\\\/\",\"url\":\"https:\\\/\\\/amec.es\\\/ca\\\/anticipat\\\/alertes-i-oportunitats\\\/ajuts-per-a-projectes-de-digitalitzacio-de-pimes-c-valenciana\\\/\",\"name\":\"Ajuts per a projectes de digitalitzaci\u00f3 de pimes (C. Valenciana) | amec Positive Industry\",\"isPartOf\":{\"@id\":\"https:\\\/\\\/amec.es\\\/#website\"},\"primaryImageOfPage\":{\"@id\":\"https:\\\/\\\/amec.es\\\/ca\\\/anticipat\\\/alertes-i-oportunitats\\\/ajuts-per-a-projectes-de-digitalitzacio-de-pimes-c-valenciana\\\/#primaryimage\"},\"image\":{\"@id\":\"https:\\\/\\\/amec.es\\\/ca\\\/anticipat\\\/alertes-i-oportunitats\\\/ajuts-per-a-projectes-de-digitalitzacio-de-pimes-c-valenciana\\\/#primaryimage\"},\"thumbnailUrl\":\"https:\\\/\\\/amec.es\\\/wp-content\\\/uploads\\\/2023\\\/12\\\/isabel-lopez-redim-w480-h480.jpg\",\"datePublished\":\"2026-02-09T08:10:25+00:00\",\"dateModified\":\"2026-02-09T08:14:50+00:00\",\"breadcrumb\":{\"@id\":\"https:\\\/\\\/amec.es\\\/ca\\\/anticipat\\\/alertes-i-oportunitats\\\/ajuts-per-a-projectes-de-digitalitzacio-de-pimes-c-valenciana\\\/#breadcrumb\"},\"inLanguage\":\"ca\",\"potentialAction\":[{\"@type\":\"ReadAction\",\"target\":[\"https:\\\/\\\/amec.es\\\/ca\\\/anticipat\\\/alertes-i-oportunitats\\\/ajuts-per-a-projectes-de-digitalitzacio-de-pimes-c-valenciana\\\/\"]}]},{\"@type\":\"ImageObject\",\"inLanguage\":\"ca\",\"@id\":\"https:\\\/\\\/amec.es\\\/ca\\\/anticipat\\\/alertes-i-oportunitats\\\/ajuts-per-a-projectes-de-digitalitzacio-de-pimes-c-valenciana\\\/#primaryimage\",\"url\":\"https:\\\/\\\/amec.es\\\/wp-content\\\/uploads\\\/2023\\\/12\\\/isabel-lopez-redim-w480-h480.jpg\",\"contentUrl\":\"https:\\\/\\\/amec.es\\\/wp-content\\\/uploads\\\/2023\\\/12\\\/isabel-lopez-redim-w480-h480.jpg\"},{\"@type\":\"BreadcrumbList\",\"@id\":\"https:\\\/\\\/amec.es\\\/ca\\\/anticipat\\\/alertes-i-oportunitats\\\/ajuts-per-a-projectes-de-digitalitzacio-de-pimes-c-valenciana\\\/#breadcrumb\",\"itemListElement\":[{\"@type\":\"ListItem\",\"position\":1,\"name\":\"Portada\",\"item\":\"https:\\\/\\\/amec.es\\\/ca\\\/home-new\\\/\"},{\"@type\":\"ListItem\",\"position\":2,\"name\":\"Anticipa&#8217;t\",\"item\":\"https:\\\/\\\/amec.es\\\/ca\\\/anticipat\\\/\"},{\"@type\":\"ListItem\",\"position\":3,\"name\":\"Alertes i oportunitats\",\"item\":\"https:\\\/\\\/amec.es\\\/ca\\\/anticipat\\\/alertes-i-oportunitats\\\/\"},{\"@type\":\"ListItem\",\"position\":4,\"name\":\"Ajuts per a projectes de digitalitzaci\u00f3 de pimes (C. Valenciana)\"}]},{\"@type\":\"WebSite\",\"@id\":\"https:\\\/\\\/amec.es\\\/#website\",\"url\":\"https:\\\/\\\/amec.es\\\/\",\"name\":\"amec Positive Industry\",\"description\":\"\",\"publisher\":{\"@id\":\"https:\\\/\\\/amec.es\\\/#organization\"},\"potentialAction\":[{\"@type\":\"SearchAction\",\"target\":{\"@type\":\"EntryPoint\",\"urlTemplate\":\"https:\\\/\\\/amec.es\\\/?s={search_term_string}\"},\"query-input\":{\"@type\":\"PropertyValueSpecification\",\"valueRequired\":true,\"valueName\":\"search_term_string\"}}],\"inLanguage\":\"ca\"},{\"@type\":\"Organization\",\"@id\":\"https:\\\/\\\/amec.es\\\/#organization\",\"name\":\"amec Positive Industry\",\"url\":\"https:\\\/\\\/amec.es\\\/\",\"logo\":{\"@type\":\"ImageObject\",\"inLanguage\":\"ca\",\"@id\":\"https:\\\/\\\/amec.es\\\/#\\\/schema\\\/logo\\\/image\\\/\",\"url\":\"https:\\\/\\\/amec.es\\\/wp-content\\\/uploads\\\/2023\\\/07\\\/logoamec.png\",\"contentUrl\":\"https:\\\/\\\/amec.es\\\/wp-content\\\/uploads\\\/2023\\\/07\\\/logoamec.png\",\"width\":200,\"height\":48,\"caption\":\"amec Positive Industry\"},\"image\":{\"@id\":\"https:\\\/\\\/amec.es\\\/#\\\/schema\\\/logo\\\/image\\\/\"}}]}<\/script>\n<!-- \/ Yoast SEO plugin. -->","yoast_head_json":{"title":"Ajuts per a projectes de digitalitzaci\u00f3 de pimes (C. Valenciana) | amec Positive Industry","robots":{"index":"index","follow":"follow","max-snippet":"max-snippet:-1","max-image-preview":"max-image-preview:large","max-video-preview":"max-video-preview:-1"},"canonical":"https:\/\/amec.es\/ca\/anticipat\/alertes-i-oportunitats\/ajuts-per-a-projectes-de-digitalitzacio-de-pimes-c-valenciana\/","og_locale":"ca_ES","og_type":"article","og_title":"Ajuts per a projectes de digitalitzaci\u00f3 de pimes (C. Valenciana) | amec Positive Industry","og_description":"Ajuts per millorar la competitivitat de les pimes industrials i de serveis a la ind\u00fastria mitjan\u00e7ant la implantaci\u00f3 de solucions avan\u00e7ades de digitalitzaci\u00f3. Dates El termini de presentaci\u00f3 de sol\u00b7licituds estar\u00e0 obert des del 15 de gener de 2026 fins al 3 de mar\u00e7 de 2026 , ambd\u00f3s inclosos. Beneficiaris Podran sol\u00b7licitar estes ajudes les [&hellip;]","og_url":"https:\/\/amec.es\/ca\/anticipat\/alertes-i-oportunitats\/ajuts-per-a-projectes-de-digitalitzacio-de-pimes-c-valenciana\/","og_site_name":"amec Positive Industry","article_modified_time":"2026-02-09T08:14:50+00:00","og_image":[{"width":280,"height":311,"url":"https:\/\/amec.es\/wp-content\/uploads\/2023\/12\/isabel-lopez-redim-w480-h480.jpg","type":"image\/jpeg"}],"twitter_card":"summary_large_image","twitter_misc":{"Temps estimat de lectura":"2 minuts"},"schema":{"@context":"https:\/\/schema.org","@graph":[{"@type":"WebPage","@id":"https:\/\/amec.es\/ca\/anticipat\/alertes-i-oportunitats\/ajuts-per-a-projectes-de-digitalitzacio-de-pimes-c-valenciana\/","url":"https:\/\/amec.es\/ca\/anticipat\/alertes-i-oportunitats\/ajuts-per-a-projectes-de-digitalitzacio-de-pimes-c-valenciana\/","name":"Ajuts per a projectes de digitalitzaci\u00f3 de pimes (C. Valenciana) | amec Positive Industry","isPartOf":{"@id":"https:\/\/amec.es\/#website"},"primaryImageOfPage":{"@id":"https:\/\/amec.es\/ca\/anticipat\/alertes-i-oportunitats\/ajuts-per-a-projectes-de-digitalitzacio-de-pimes-c-valenciana\/#primaryimage"},"image":{"@id":"https:\/\/amec.es\/ca\/anticipat\/alertes-i-oportunitats\/ajuts-per-a-projectes-de-digitalitzacio-de-pimes-c-valenciana\/#primaryimage"},"thumbnailUrl":"https:\/\/amec.es\/wp-content\/uploads\/2023\/12\/isabel-lopez-redim-w480-h480.jpg","datePublished":"2026-02-09T08:10:25+00:00","dateModified":"2026-02-09T08:14:50+00:00","breadcrumb":{"@id":"https:\/\/amec.es\/ca\/anticipat\/alertes-i-oportunitats\/ajuts-per-a-projectes-de-digitalitzacio-de-pimes-c-valenciana\/#breadcrumb"},"inLanguage":"ca","potentialAction":[{"@type":"ReadAction","target":["https:\/\/amec.es\/ca\/anticipat\/alertes-i-oportunitats\/ajuts-per-a-projectes-de-digitalitzacio-de-pimes-c-valenciana\/"]}]},{"@type":"ImageObject","inLanguage":"ca","@id":"https:\/\/amec.es\/ca\/anticipat\/alertes-i-oportunitats\/ajuts-per-a-projectes-de-digitalitzacio-de-pimes-c-valenciana\/#primaryimage","url":"https:\/\/amec.es\/wp-content\/uploads\/2023\/12\/isabel-lopez-redim-w480-h480.jpg","contentUrl":"https:\/\/amec.es\/wp-content\/uploads\/2023\/12\/isabel-lopez-redim-w480-h480.jpg"},{"@type":"BreadcrumbList","@id":"https:\/\/amec.es\/ca\/anticipat\/alertes-i-oportunitats\/ajuts-per-a-projectes-de-digitalitzacio-de-pimes-c-valenciana\/#breadcrumb","itemListElement":[{"@type":"ListItem","position":1,"name":"Portada","item":"https:\/\/amec.es\/ca\/home-new\/"},{"@type":"ListItem","position":2,"name":"Anticipa&#8217;t","item":"https:\/\/amec.es\/ca\/anticipat\/"},{"@type":"ListItem","position":3,"name":"Alertes i oportunitats","item":"https:\/\/amec.es\/ca\/anticipat\/alertes-i-oportunitats\/"},{"@type":"ListItem","position":4,"name":"Ajuts per a projectes de digitalitzaci\u00f3 de pimes (C. Valenciana)"}]},{"@type":"WebSite","@id":"https:\/\/amec.es\/#website","url":"https:\/\/amec.es\/","name":"amec Positive Industry","description":"","publisher":{"@id":"https:\/\/amec.es\/#organization"},"potentialAction":[{"@type":"SearchAction","target":{"@type":"EntryPoint","urlTemplate":"https:\/\/amec.es\/?s={search_term_string}"},"query-input":{"@type":"PropertyValueSpecification","valueRequired":true,"valueName":"search_term_string"}}],"inLanguage":"ca"},{"@type":"Organization","@id":"https:\/\/amec.es\/#organization","name":"amec Positive Industry","url":"https:\/\/amec.es\/","logo":{"@type":"ImageObject","inLanguage":"ca","@id":"https:\/\/amec.es\/#\/schema\/logo\/image\/","url":"https:\/\/amec.es\/wp-content\/uploads\/2023\/07\/logoamec.png","contentUrl":"https:\/\/amec.es\/wp-content\/uploads\/2023\/07\/logoamec.png","width":200,"height":48,"caption":"amec Positive Industry"},"image":{"@id":"https:\/\/amec.es\/#\/schema\/logo\/image\/"}}]}},"_links":{"self":[{"href":"https:\/\/amec.es\/ca\/wp-json\/wp\/v2\/pages\/48295","targetHints":{"allow":["GET"]}}],"collection":[{"href":"https:\/\/amec.es\/ca\/wp-json\/wp\/v2\/pages"}],"about":[{"href":"https:\/\/amec.es\/ca\/wp-json\/wp\/v2\/types\/page"}],"author":[{"embeddable":true,"href":"https:\/\/amec.es\/ca\/wp-json\/wp\/v2\/users\/10"}],"replies":[{"embeddable":true,"href":"https:\/\/amec.es\/ca\/wp-json\/wp\/v2\/comments?post=48295"}],"version-history":[{"count":3,"href":"https:\/\/amec.es\/ca\/wp-json\/wp\/v2\/pages\/48295\/revisions"}],"predecessor-version":[{"id":48300,"href":"https:\/\/amec.es\/ca\/wp-json\/wp\/v2\/pages\/48295\/revisions\/48300"}],"up":[{"embeddable":true,"href":"https:\/\/amec.es\/ca\/wp-json\/wp\/v2\/pages\/5934"}],"wp:attachment":[{"href":"https:\/\/amec.es\/ca\/wp-json\/wp\/v2\/media?parent=48295"}],"wp:term":[{"taxonomy":"category","embeddable":true,"href":"https:\/\/amec.es\/ca\/wp-json\/wp\/v2\/categories?post=48295"},{"taxonomy":"post_tag","embeddable":true,"href":"https:\/\/amec.es\/ca\/wp-json\/wp\/v2\/tags?post=48295"}],"curies":[{"name":"wp","href":"https:\/\/api.w.org\/{rel}","templated":true}]}}