{"id":49363,"date":"2026-02-19T18:25:54","date_gmt":"2026-02-19T17:25:54","guid":{"rendered":"https:\/\/amec.es\/anticipat\/alertes-i-oportunitats\/estats-units-proposa-noves-taxes-al-transport-maritim\/"},"modified":"2026-02-19T18:33:37","modified_gmt":"2026-02-19T17:33:37","slug":"estats-units-proposa-noves-taxes-al-transport-maritim","status":"publish","type":"page","link":"https:\/\/amec.es\/ca\/anticipat\/alertes-i-oportunitats\/estats-units-proposa-noves-taxes-al-transport-maritim\/","title":{"rendered":"Estats Units proposa noves taxes al transport mar\u00edtim"},"content":{"rendered":"\t\t<div data-elementor-type=\"wp-page\" data-elementor-id=\"49363\" class=\"elementor elementor-49363 elementor-49357\" data-elementor-post-type=\"page\">\n\t\t\t\t\t\t<section class=\"elementor-section elementor-top-section elementor-element elementor-element-55d8a170 elementor-section-boxed elementor-section-height-default elementor-section-height-default\" data-id=\"55d8a170\" data-element_type=\"section\" data-e-type=\"section\" data-settings=\"{&quot;background_background&quot;:&quot;gradient&quot;}\">\n\t\t\t\t\t\t<div class=\"elementor-container elementor-column-gap-default\">\n\t\t\t\t\t<div class=\"elementor-column elementor-col-100 elementor-top-column elementor-element elementor-element-30ce52b6\" data-id=\"30ce52b6\" data-element_type=\"column\" data-e-type=\"column\">\n\t\t\t<div class=\"elementor-widget-wrap elementor-element-populated\">\n\t\t\t\t\t\t<div class=\"elementor-element elementor-element-315ca81 elementor-widget elementor-widget-heading\" data-id=\"315ca81\" data-element_type=\"widget\" data-e-type=\"widget\" data-widget_type=\"heading.default\">\n\t\t\t\t<div class=\"elementor-widget-container\">\n\t\t\t\t\t<h2 class=\"elementor-heading-title elementor-size-default\"><a href=\"https:\/\/amec.es\/ca\/category\/alertes-i-tendencies-exclusives\/\" rel=\"tag\">Alertes i tend\u00e8ncies exclusives<\/a><\/h2>\t\t\t\t<\/div>\n\t\t\t\t<\/div>\n\t\t\t\t<div class=\"elementor-element elementor-element-532872e9 elementor-widget elementor-widget-spacer\" data-id=\"532872e9\" data-element_type=\"widget\" data-e-type=\"widget\" data-widget_type=\"spacer.default\">\n\t\t\t\t<div class=\"elementor-widget-container\">\n\t\t\t\t\t\t\t<div class=\"elementor-spacer\">\n\t\t\t<div class=\"elementor-spacer-inner\"><\/div>\n\t\t<\/div>\n\t\t\t\t\t\t<\/div>\n\t\t\t\t<\/div>\n\t\t\t\t<div class=\"elementor-element elementor-element-7f1762fd elementor-widget-divider--view-line elementor-widget elementor-widget-divider\" data-id=\"7f1762fd\" data-element_type=\"widget\" data-e-type=\"widget\" data-widget_type=\"divider.default\">\n\t\t\t\t<div class=\"elementor-widget-container\">\n\t\t\t\t\t\t\t<div class=\"elementor-divider\">\n\t\t\t<span class=\"elementor-divider-separator\">\n\t\t\t\t\t\t<\/span>\n\t\t<\/div>\n\t\t\t\t\t\t<\/div>\n\t\t\t\t<\/div>\n\t\t\t\t\t<\/div>\n\t\t<\/div>\n\t\t\t\t\t<\/div>\n\t\t<\/section>\n\t\t\t\t<section class=\"elementor-section elementor-top-section elementor-element elementor-element-5c2fe63 elementor-section-boxed elementor-section-height-default elementor-section-height-default\" data-id=\"5c2fe63\" data-element_type=\"section\" data-e-type=\"section\">\n\t\t\t\t\t\t<div class=\"elementor-container elementor-column-gap-default\">\n\t\t\t\t\t<div class=\"elementor-column elementor-col-100 elementor-top-column elementor-element elementor-element-35b2c0d8\" data-id=\"35b2c0d8\" data-element_type=\"column\" data-e-type=\"column\">\n\t\t\t<div class=\"elementor-widget-wrap elementor-element-populated\">\n\t\t\t\t\t\t<div class=\"elementor-element elementor-element-6ad2179d elementor-widget elementor-widget-heading\" data-id=\"6ad2179d\" data-element_type=\"widget\" data-e-type=\"widget\" data-widget_type=\"heading.default\">\n\t\t\t\t<div class=\"elementor-widget-container\">\n\t\t\t\t\t<h2 class=\"elementor-heading-title elementor-size-default\">Estats Units proposa noves taxes al transport mar\u00edtim<\/h2>\t\t\t\t<\/div>\n\t\t\t\t<\/div>\n\t\t\t\t<div class=\"elementor-element elementor-element-336073bf elementor-widget elementor-widget-spacer\" data-id=\"336073bf\" data-element_type=\"widget\" data-e-type=\"widget\" data-widget_type=\"spacer.default\">\n\t\t\t\t<div class=\"elementor-widget-container\">\n\t\t\t\t\t\t\t<div class=\"elementor-spacer\">\n\t\t\t<div class=\"elementor-spacer-inner\"><\/div>\n\t\t<\/div>\n\t\t\t\t\t\t<\/div>\n\t\t\t\t<\/div>\n\t\t\t\t<div class=\"elementor-element elementor-element-48f89d5b elementor-widget elementor-widget-text-editor\" data-id=\"48f89d5b\" data-element_type=\"widget\" data-e-type=\"widget\" data-widget_type=\"text-editor.default\">\n\t\t\t\t<div class=\"elementor-widget-container\">\n\t\t\t\t\t\t\t\t\t19 de febrer de 2026\t\t\t\t\t\t\t\t<\/div>\n\t\t\t\t<\/div>\n\t\t\t\t<div class=\"elementor-element elementor-element-3c1d3899 elementor-widget elementor-widget-text-editor\" data-id=\"3c1d3899\" data-element_type=\"widget\" data-e-type=\"widget\" data-widget_type=\"text-editor.default\">\n\t\t\t\t<div class=\"elementor-widget-container\">\n\t\t\t\t\t\t\t\t\t<p><strong>Els Estats Units redefineixen la seva pol\u00edtica mar\u00edtima amb implicacions directes sobre el comer\u00e7 global, els costos log\u00edstics i les exportacions industrials.<\/strong><\/p>\t\t\t\t\t\t\t\t<\/div>\n\t\t\t\t<\/div>\n\t\t\t\t<div class=\"elementor-element elementor-element-2aa690c2 elementor-widget-divider--view-line elementor-widget elementor-widget-divider\" data-id=\"2aa690c2\" data-element_type=\"widget\" data-e-type=\"widget\" data-widget_type=\"divider.default\">\n\t\t\t\t<div class=\"elementor-widget-container\">\n\t\t\t\t\t\t\t<div class=\"elementor-divider\">\n\t\t\t<span class=\"elementor-divider-separator\">\n\t\t\t\t\t\t<\/span>\n\t\t<\/div>\n\t\t\t\t\t\t<\/div>\n\t\t\t\t<\/div>\n\t\t\t\t<div class=\"elementor-element elementor-element-2171deca elementor-widget elementor-widget-text-editor\" data-id=\"2171deca\" data-element_type=\"widget\" data-e-type=\"widget\" data-widget_type=\"text-editor.default\">\n\t\t\t\t<div class=\"elementor-widget-container\">\n\t\t\t\t\t\t\t\t\t<p class=\"intro\">L&#8217; <strong>America&#8217;s Maritime Action Plan<\/strong> \u00e9s una estrat\u00e8gia integral presentada per l&#8217;administraci\u00f3 de Donald Trump amb l&#8217;objectiu de recuperar el domini mar\u00edtim de la naci\u00f3, revitalitzar les drassanes i enfortir la seguretat nacional i econ\u00f2mica.<\/p><p class=\"intro\"><strong>A continuaci\u00f3, repassem el pla posant el focus en els punts que considerem m\u00e9s estrat\u00e8gics per a la comunitat d&#8217;amec.<\/strong><\/p><p>L\u00b4estrat\u00e8gia s\u00b4articula al voltant de quatre pilars: la reconstrucci\u00f3 de la capacitat de construcci\u00f3 naval, l\u00b4impuls a la formaci\u00f3, la protecci\u00f3 del sector industrial mar\u00edtim i el refor\u00e7 de la seguretat nacional. Cadascun cont\u00e9 mesures concretes que afectaran de manera directa o indirecta el comer\u00e7 internacional i els costos log\u00edstics de les empreses exportadores. <\/p><p><\/p><div class=\"pillar\"><h5 class=\"pillar-number\"><strong><span style=\"color: #ffffff;\">_<\/span><br> Reconstrucci\u00f3 de la capacitat de construcci\u00f3 naval<\/strong><\/h5><div class=\"pillar-body\"><p>Aquest pilar busca augmentar la producci\u00f3 de vaixells en drassanes nacionals. Per aconseguir-ho, el pla proposa grans inversions en infraestructura portu\u00e0ria i drassanes, incloent-hi la modernitzaci\u00f3 de dics secs i grues, aix\u00ed com la creaci\u00f3 de Zones de Prosperitat Mar\u00edtima per atraure capital privat cap a les comunitats costaneres i ind\u00fastries mar\u00edtimes. <\/p><p>La mesura m\u00e9s rellevant des del punt de vista del comer\u00e7 internacional \u00e9s l&#8217;establiment d&#8217;una <strong>taxa universal a vaixells comercials constru\u00efts a l&#8217;estranger<\/strong> que atraquin a ports dels EUA Aquesta mesura busca que els vaixells que es beneficien de l&#8217;acc\u00e9s al mercat nord-americ\u00e0 contribueixin directament a la revitalitzaci\u00f3 de la capacitat mar\u00edtima del pa\u00eds. <\/p><div class=\"measure-box\"><div class=\"measure-box-label\" style=\"padding-left: 40px;\"> <strong>&gt;Funcionament i c\u00e0lcul de la taxa:<\/strong> La taxa s&#8217;aplicaria a tots els vaixells comercials constru\u00efts fora dels EUA que facin escala als ports. Es calcularia en funci\u00f3 del pes de la c\u00e0rrega importada, amb un rang proposat entre 0,01 i 0,25 d\u00f2lars per quilogram. <\/div><p style=\"padding-left: 40px;\"> <strong>&gt;Riscos identificats:<\/strong> Les fonts adverteixen que aquesta mesura podria elevar els costos d&#8217;importaci\u00f3 per a consumidors i empreses, alterar les rutes comercials globals i provocar repres\u00e0lies comercials d&#8217;altres pa\u00efsos, com ja va passar anteriorment amb la Xina.<\/p><\/div><\/div><\/div><div class=\"pillar\"><h5 class=\"pillar-title\"><strong><span style=\"color: #ffffff;\">&#8211;<\/span><br> Protecci\u00f3 de la Base Industrial Mar\u00edtima<\/strong><\/h5><div class=\"pillar-body\"><p>Aquest eix s&#8217;enfoca a assegurar que el comer\u00e7 i les compres governamentals donin suport a la ind\u00fastria local. L&#8217;objectiu \u00e9s garantir una demanda estable per als vaixells amb bandera, tripulaci\u00f3 i construcci\u00f3 dels Estats Units, reduint la depend\u00e8ncia de flotes estrangeres. <\/p><p>Per aix\u00f2, el pla contempla enfortir els requisits de prefer\u00e8ncia de c\u00e0rrega, exigint que un percentatge m\u00e9s alt de les mercaderies governamentals i comercials es transporti en vaixells amb bandera nord-americana.<\/p><p style=\"padding-left: 40px;\"> <strong>&gt;Requisit de Prefer\u00e8ncia Mar\u00edtima dels EUA:<\/strong> es proposa exigir a les economies amb alt volum d&#8217;exportaci\u00f3 que transportin un percentatge gradualment m\u00e9s gran de la seva c\u00e0rrega en contenidors cap als EUA en vaixells nord-americans qualificats.<\/p><p style=\"padding-left: 40px;\"> <strong>&gt;C\u00e0rrega governamental:<\/strong> el pla busca augmentar el percentatge actual -que \u00e9s del 50%- de les mercaderies d&#8217;ag\u00e8ncies governamentals civils que s&#8217;han de transportar obligat\u00f2riament en vaixells amb bandera dels Estats Units.<\/p><p style=\"padding-left: 40px;\"> <strong>&gt;Impost de Manteniment de Ports Terrestres<\/strong> per equilibrar els costos entre les importacions mar\u00edtimes i les que arriben per terra. Aquesta iniciativa sorgeix per corregir una disparitat competitiva entre les diferents vies d\u201fentrada de mercaderies al pa\u00eds. <\/p><div class=\"measure-box\"><div class=\"measure-box-label\"><strong>El problema de la &#8220;desviaci\u00f3 de c\u00e0rrega&#8221;<\/strong><\/div><p>Actualment, la manca d&#8217;una taxa als ports terrestres equivalent a l&#8217;Impost de Manteniment de Ports (HMT) que paguen els ports mar\u00edtims incentiva els transportistes a desviar la c\u00e0rrega cap a les fronteres terrestres, cosa que perjudica la competitivitat dels ports mar\u00edtims nord-americans.<\/p><p>Com a soluci\u00f3, s&#8217;establiria un impost del <strong>0,125% sobre el valor de la mercaderia<\/strong> que entri per ports terrestres.<\/p><\/div><\/div><\/div><div class=\"pillar\"><h5 class=\"pillar-title\"><strong><span style=\"color: #ffffff;\">_<\/span><br> Implicacions per a la comunitat amec<\/strong><\/h5><p><strong>El risc no \u00e9s immediat, per\u00f2 cal monitoritzar-lo ja<\/strong><\/p><p>El MAP est\u00e0 en fase de proposta i alguns dels seus mecanismes (especialment la taxa per quilogram) encara han de travessar processos reguladors. Tot i aix\u00f2, la direcci\u00f3 pol\u00edtica \u00e9s clara i la velocitat d&#8217;implementaci\u00f3 de l&#8217;administraci\u00f3 Trump ha demostrat ser superior al que s&#8217;esperava. L&#8217;error seria esperar que sigui definitiu per reaccionar.  <\/p><p><strong>Riscos concrets a vigilar<\/strong><\/p><p>El m\u00e9s tangible a curt termini \u00e9s l&#8217; <strong>encariment del noli mar\u00edtim cap als EUA<\/strong> Si la taxa entre 0,01 i 0,25 $\/kg s&#8217;aplica sobre els vaixells de c\u00e0rrega estrangers, l&#8217;impacte en el cost final d&#8217;exportar maquin\u00e0ria industrial ser\u00e0 significatiu.<\/p><p>El segon risc rellevant \u00e9s la <strong>pressi\u00f3 sobre els distribu\u00efdors i importadors locals<\/strong> . Si el cost d&#8217;importar des d&#8217;Europa puja, els socis comercials als Estats Units poden cercar alternatives dom\u00e8stiques.  <\/p><p>El tercer, menys immediat per\u00f2 estructural, \u00e9s la <strong>possible reconfiguraci\u00f3 de rutes i hubs log\u00edstics<\/strong> . Si s&#8217;implementa l&#8217;impost a ports terrestres, empreses que feien servir M\u00e8xic o Canad\u00e0 com a punt d&#8217;entrada intermedi veuran aquest arbitratge encarit o eliminat. <\/p><p><strong>Recomanacions log\u00edstiques pr\u00e0ctiques<\/strong><\/p><p>El primer \u00e9s que cada empresa <strong>quantifiqui la seva exposici\u00f3 real<\/strong> : quin volum en quilos exporta als EUA, per quin port entra, i quin percentatge representa el noli sobre el preu de venda.<\/p><p>El segon \u00e9s <strong>revisar els contractes vigents amb clients als EUA<\/strong> per veure si inclouen cl\u00e0usules de revisi\u00f3 de preu per variacions reguladores o aranzel\u00e0ries.<\/p><p>El tercer \u00e9s explorar si t\u00e9 sentit <strong>consolidar enviaments<\/strong> amb altres empreses del mateix sector o de l&#8217;entorn d&#8217;amec, per diluir el sobrecost per quilogram. La taxa penalitza el pes, no el valor, aix\u00ed que la densitat de valor de la tramesa importa molt. <\/p><\/div>\t\t\t\t\t\t\t\t<\/div>\n\t\t\t\t<\/div>\n\t\t\t\t\t<\/div>\n\t\t<\/div>\n\t\t\t\t\t<\/div>\n\t\t<\/section>\n\t\t\t\t<section class=\"elementor-section elementor-top-section elementor-element elementor-element-35bbf770 elementor-section-boxed elementor-section-height-default elementor-section-height-default\" data-id=\"35bbf770\" data-element_type=\"section\" data-e-type=\"section\">\n\t\t\t\t\t\t<div class=\"elementor-container elementor-column-gap-default\">\n\t\t\t\t\t<div class=\"elementor-column elementor-col-100 elementor-top-column elementor-element elementor-element-25c5cf5d\" data-id=\"25c5cf5d\" data-element_type=\"column\" data-e-type=\"column\">\n\t\t\t<div class=\"elementor-widget-wrap elementor-element-populated\">\n\t\t\t\t\t\t<div class=\"elementor-element elementor-element-30639e1e elementor-widget-divider--view-line elementor-widget elementor-widget-divider\" data-id=\"30639e1e\" data-element_type=\"widget\" data-e-type=\"widget\" data-widget_type=\"divider.default\">\n\t\t\t\t<div class=\"elementor-widget-container\">\n\t\t\t\t\t\t\t<div class=\"elementor-divider\">\n\t\t\t<span class=\"elementor-divider-separator\">\n\t\t\t\t\t\t<\/span>\n\t\t<\/div>\n\t\t\t\t\t\t<\/div>\n\t\t\t\t<\/div>\n\t\t\t\t<div class=\"elementor-element elementor-element-143a940b elementor-widget elementor-widget-heading\" data-id=\"143a940b\" data-element_type=\"widget\" data-e-type=\"widget\" data-widget_type=\"heading.default\">\n\t\t\t\t<div class=\"elementor-widget-container\">\n\t\t\t\t\t<h5 class=\"elementor-heading-title elementor-size-default\">Recursos<\/h5>\t\t\t\t<\/div>\n\t\t\t\t<\/div>\n\t\t\t\t<div class=\"elementor-element elementor-element-ea485a1 elementor-widget elementor-widget-text-editor\" data-id=\"ea485a1\" data-element_type=\"widget\" data-e-type=\"widget\" data-widget_type=\"text-editor.default\">\n\t\t\t\t<div class=\"elementor-widget-container\">\n\t\t\t\t\t\t\t\t\t<p>THE WHITE HOUSE. RESTORING AMERICA&#8217;S MARITIME DOMINANCE <\/p><p><a href=\"https:\/\/www.whitehouse.gov\/maritimemight\/\" target=\"_blank\" rel=\"noopener\">https:\/\/www.whitehouse.gov\/maritimemight\/<\/a><\/p>\t\t\t\t\t\t\t\t<\/div>\n\t\t\t\t<\/div>\n\t\t\t\t<div class=\"elementor-element elementor-element-63900659 elementor-widget elementor-widget-spacer\" data-id=\"63900659\" data-element_type=\"widget\" data-e-type=\"widget\" data-widget_type=\"spacer.default\">\n\t\t\t\t<div class=\"elementor-widget-container\">\n\t\t\t\t\t\t\t<div class=\"elementor-spacer\">\n\t\t\t<div class=\"elementor-spacer-inner\"><\/div>\n\t\t<\/div>\n\t\t\t\t\t\t<\/div>\n\t\t\t\t<\/div>\n\t\t\t\t\t<\/div>\n\t\t<\/div>\n\t\t\t\t\t<\/div>\n\t\t<\/section>\n\t\t\t\t<section class=\"elementor-section elementor-top-section elementor-element elementor-element-d3d6769 elementor-section-boxed elementor-section-height-default elementor-section-height-default\" data-id=\"d3d6769\" data-element_type=\"section\" data-e-type=\"section\" data-settings=\"{&quot;background_background&quot;:&quot;classic&quot;}\">\n\t\t\t\t\t\t<div class=\"elementor-container elementor-column-gap-default\">\n\t\t\t\t\t<div class=\"elementor-column elementor-col-100 elementor-top-column elementor-element elementor-element-a45204a\" data-id=\"a45204a\" data-element_type=\"column\" data-e-type=\"column\">\n\t\t\t<div class=\"elementor-widget-wrap elementor-element-populated\">\n\t\t\t\t\t\t<div class=\"elementor-element elementor-element-e76ba9d elementor-widget elementor-widget-heading\" data-id=\"e76ba9d\" data-element_type=\"widget\" data-e-type=\"widget\" data-widget_type=\"heading.default\">\n\t\t\t\t<div class=\"elementor-widget-container\">\n\t\t\t\t\t<h3 class=\"elementor-heading-title elementor-size-default\">Voleu estar al dia de l'actualitat dels Estats Units?<\/h3>\t\t\t\t<\/div>\n\t\t\t\t<\/div>\n\t\t\t\t<div class=\"elementor-element elementor-element-1ae9dfa elementor-widget-divider--view-line elementor-widget elementor-widget-divider\" data-id=\"1ae9dfa\" data-element_type=\"widget\" data-e-type=\"widget\" data-widget_type=\"divider.default\">\n\t\t\t\t<div class=\"elementor-widget-container\">\n\t\t\t\t\t\t\t<div class=\"elementor-divider\">\n\t\t\t<span class=\"elementor-divider-separator\">\n\t\t\t\t\t\t<\/span>\n\t\t<\/div>\n\t\t\t\t\t\t<\/div>\n\t\t\t\t<\/div>\n\t\t<div class=\"elementor-element elementor-element-df96ab3 e-grid e-con-boxed e-con e-parent\" data-id=\"df96ab3\" data-element_type=\"container\" data-e-type=\"container\" data-settings=\"{&quot;background_background&quot;:&quot;classic&quot;}\">\n\t\t\t\t\t<div class=\"e-con-inner\">\n\t\t\t\t<div class=\"elementor-element elementor-element-c7a923f elementor-widget elementor-widget-image\" data-id=\"c7a923f\" data-element_type=\"widget\" data-e-type=\"widget\" data-widget_type=\"image.default\">\n\t\t\t\t<div class=\"elementor-widget-container\">\n\t\t\t\t\t\t\t\t\t\t\t\t\t\t\t\t<a href=\"https:\/\/amec.es\/ca\/comunitat\/colab\/\">\n\t\t\t\t\t\t\t<img fetchpriority=\"high\" decoding=\"async\" width=\"800\" height=\"295\" src=\"https:\/\/amec.es\/wp-content\/uploads\/2026\/01\/Banner_Seguimiento_USA-1024x377.png\" class=\"attachment-large size-large wp-image-46715\" alt=\"\" srcset=\"https:\/\/amec.es\/wp-content\/uploads\/2026\/01\/Banner_Seguimiento_USA-1024x377.png 1024w, https:\/\/amec.es\/wp-content\/uploads\/2026\/01\/Banner_Seguimiento_USA-300x110.png 300w, https:\/\/amec.es\/wp-content\/uploads\/2026\/01\/Banner_Seguimiento_USA-768x283.png 768w, https:\/\/amec.es\/wp-content\/uploads\/2026\/01\/Banner_Seguimiento_USA.png 1280w\" sizes=\"(max-width: 800px) 100vw, 800px\" \/>\t\t\t\t\t\t\t\t<\/a>\n\t\t\t\t\t\t\t\t\t\t\t\t\t\t\t<\/div>\n\t\t\t\t<\/div>\n\t\t\t\t\t<\/div>\n\t\t\t\t<\/div>\n\t\t\t\t\t<\/div>\n\t\t<\/div>\n\t\t\t\t\t<\/div>\n\t\t<\/section>\n\t\t<div class=\"elementor-element elementor-element-173acbc4 e-flex e-con-boxed e-con e-parent\" data-id=\"173acbc4\" data-element_type=\"container\" data-e-type=\"container\">\n\t\t\t\t\t<div class=\"e-con-inner\">\n\t\t\t\t<div class=\"elementor-element elementor-element-40b5a901 elementor-widget elementor-widget-spacer\" data-id=\"40b5a901\" data-element_type=\"widget\" data-e-type=\"widget\" data-widget_type=\"spacer.default\">\n\t\t\t\t<div class=\"elementor-widget-container\">\n\t\t\t\t\t\t\t<div class=\"elementor-spacer\">\n\t\t\t<div class=\"elementor-spacer-inner\"><\/div>\n\t\t<\/div>\n\t\t\t\t\t\t<\/div>\n\t\t\t\t<\/div>\n\t\t\t\t\t<\/div>\n\t\t\t\t<\/div>\n\t\t\t\t<section class=\"elementor-section elementor-top-section elementor-element elementor-element-1787a0c2 elementor-section-boxed elementor-section-height-default elementor-section-height-default\" data-id=\"1787a0c2\" data-element_type=\"section\" data-e-type=\"section\" data-settings=\"{&quot;background_background&quot;:&quot;classic&quot;}\">\n\t\t\t\t\t\t<div class=\"elementor-container elementor-column-gap-default\">\n\t\t\t\t\t<div class=\"elementor-column elementor-col-100 elementor-top-column elementor-element elementor-element-4e1521cd\" data-id=\"4e1521cd\" data-element_type=\"column\" data-e-type=\"column\">\n\t\t\t<div class=\"elementor-widget-wrap elementor-element-populated\">\n\t\t\t\t\t\t<div class=\"elementor-element elementor-element-3b6d302c elementor-widget elementor-widget-heading\" data-id=\"3b6d302c\" data-element_type=\"widget\" data-e-type=\"widget\" data-widget_type=\"heading.default\">\n\t\t\t\t<div class=\"elementor-widget-container\">\n\t\t\t\t\t<h3 class=\"elementor-heading-title elementor-size-default\">Vols m\u00e9s informaci\u00f3? Contacta'ns! <\/h3>\t\t\t\t<\/div>\n\t\t\t\t<\/div>\n\t\t\t\t<div class=\"elementor-element elementor-element-4b1ffad7 elementor-widget-divider--view-line elementor-widget elementor-widget-divider\" data-id=\"4b1ffad7\" data-element_type=\"widget\" data-e-type=\"widget\" data-widget_type=\"divider.default\">\n\t\t\t\t<div class=\"elementor-widget-container\">\n\t\t\t\t\t\t\t<div class=\"elementor-divider\">\n\t\t\t<span class=\"elementor-divider-separator\">\n\t\t\t\t\t\t<\/span>\n\t\t<\/div>\n\t\t\t\t\t\t<\/div>\n\t\t\t\t<\/div>\n\t\t\t\t<section class=\"elementor-section elementor-inner-section elementor-element elementor-element-45931661 elementor-section-boxed elementor-section-height-default elementor-section-height-default\" data-id=\"45931661\" data-element_type=\"section\" data-e-type=\"section\">\n\t\t\t\t\t\t<div class=\"elementor-container elementor-column-gap-default\">\n\t\t\t\t\t<div class=\"elementor-column elementor-col-50 elementor-inner-column elementor-element elementor-element-4e671e1f\" data-id=\"4e671e1f\" data-element_type=\"column\" data-e-type=\"column\">\n\t\t\t<div class=\"elementor-widget-wrap elementor-element-populated\">\n\t\t\t\t\t\t<div class=\"elementor-element elementor-element-77d86f4c elementor-widget elementor-widget-image\" data-id=\"77d86f4c\" data-element_type=\"widget\" data-e-type=\"widget\" data-widget_type=\"image.default\">\n\t\t\t\t<div class=\"elementor-widget-container\">\n\t\t\t\t\t\t\t\t\t\t\t\t\t\t\t<img decoding=\"async\" width=\"380\" height=\"250\" src=\"https:\/\/amec.es\/wp-content\/uploads\/2023\/07\/susana-gonzalez-3-r-2-redim-prop66-w380-h250.jpg\" class=\"attachment-large size-large wp-image-1193\" alt=\"\" srcset=\"https:\/\/amec.es\/wp-content\/uploads\/2023\/07\/susana-gonzalez-3-r-2-redim-prop66-w380-h250.jpg 380w, https:\/\/amec.es\/wp-content\/uploads\/2023\/07\/susana-gonzalez-3-r-2-redim-prop66-w380-h250-300x197.jpg 300w\" sizes=\"(max-width: 380px) 100vw, 380px\" \/>\t\t\t\t\t\t\t\t\t\t\t\t\t\t\t<\/div>\n\t\t\t\t<\/div>\n\t\t\t\t\t<\/div>\n\t\t<\/div>\n\t\t\t\t<div class=\"elementor-column elementor-col-50 elementor-inner-column elementor-element elementor-element-612851c0\" data-id=\"612851c0\" data-element_type=\"column\" data-e-type=\"column\">\n\t\t\t<div class=\"elementor-widget-wrap elementor-element-populated\">\n\t\t\t\t\t\t<div class=\"elementor-element elementor-element-67cca586 elementor-icon-list--layout-traditional elementor-list-item-link-full_width elementor-widget elementor-widget-icon-list\" data-id=\"67cca586\" data-element_type=\"widget\" data-e-type=\"widget\" data-widget_type=\"icon-list.default\">\n\t\t\t\t<div class=\"elementor-widget-container\">\n\t\t\t\t\t\t\t<ul class=\"elementor-icon-list-items\">\n\t\t\t\t\t\t\t<li class=\"elementor-icon-list-item\">\n\t\t\t\t\t\t\t\t\t\t\t<span class=\"elementor-icon-list-icon\">\n\t\t\t\t\t\t\t<i aria-hidden=\"true\" class=\"fas fa-user-circle\"><\/i>\t\t\t\t\t\t<\/span>\n\t\t\t\t\t\t\t\t\t\t<span class=\"elementor-icon-list-text\">Susana Gonzalez<\/span>\n\t\t\t\t\t\t\t\t\t<\/li>\n\t\t\t\t\t\t\t\t<li class=\"elementor-icon-list-item\">\n\t\t\t\t\t\t\t\t\t\t\t<span class=\"elementor-icon-list-icon\">\n\t\t\t\t\t\t\t<i aria-hidden=\"true\" class=\"fas fa-briefcase\"><\/i>\t\t\t\t\t\t<\/span>\n\t\t\t\t\t\t\t\t\t\t<span class=\"elementor-icon-list-text\">Intel\u00b7lig\u00e8ncia i Capacitaci\u00f3<\/span>\n\t\t\t\t\t\t\t\t\t<\/li>\n\t\t\t\t\t\t\t\t<li class=\"elementor-icon-list-item\">\n\t\t\t\t\t\t\t\t\t\t\t<span class=\"elementor-icon-list-icon\">\n\t\t\t\t\t\t\t<i aria-hidden=\"true\" class=\"fas fa-envelope\"><\/i>\t\t\t\t\t\t<\/span>\n\t\t\t\t\t\t\t\t\t\t<span class=\"elementor-icon-list-text\">sgonzalez@amec.es<\/span>\n\t\t\t\t\t\t\t\t\t<\/li>\n\t\t\t\t\t\t<\/ul>\n\t\t\t\t\t\t<\/div>\n\t\t\t\t<\/div>\n\t\t\t\t<div class=\"elementor-element elementor-element-32381689 elementor-widget elementor-widget-spacer\" data-id=\"32381689\" data-element_type=\"widget\" data-e-type=\"widget\" data-widget_type=\"spacer.default\">\n\t\t\t\t<div class=\"elementor-widget-container\">\n\t\t\t\t\t\t\t<div class=\"elementor-spacer\">\n\t\t\t<div class=\"elementor-spacer-inner\"><\/div>\n\t\t<\/div>\n\t\t\t\t\t\t<\/div>\n\t\t\t\t<\/div>\n\t\t\t\t\t<\/div>\n\t\t<\/div>\n\t\t\t\t\t<\/div>\n\t\t<\/section>\n\t\t\t\t\t<\/div>\n\t\t<\/div>\n\t\t\t\t\t<\/div>\n\t\t<\/section>\n\t\t<div class=\"elementor-element elementor-element-6b31a670 elementor-hidden-mobile e-flex e-con-boxed e-con e-parent\" data-id=\"6b31a670\" data-element_type=\"container\" data-e-type=\"container\">\n\t\t\t\t\t<div class=\"e-con-inner\">\n\t\t<div class=\"elementor-element elementor-element-1b1e8c3c elementor-hidden-mobile e-con-full e-flex e-con e-child\" data-id=\"1b1e8c3c\" data-element_type=\"container\" data-e-type=\"container\">\n\t\t<div class=\"elementor-element elementor-element-7a81364c e-con-full e-flex e-con e-child\" data-id=\"7a81364c\" data-element_type=\"container\" data-e-type=\"container\">\n\t\t\t\t<\/div>\n\t\t<div class=\"elementor-element elementor-element-ef2c353 e-con-full e-flex e-con e-child\" data-id=\"ef2c353\" data-element_type=\"container\" data-e-type=\"container\">\n\t\t\t\t<div class=\"elementor-element elementor-element-3ab762c2 elementor-widget elementor-widget-image\" data-id=\"3ab762c2\" data-element_type=\"widget\" data-e-type=\"widget\" data-widget_type=\"image.default\">\n\t\t\t\t<div class=\"elementor-widget-container\">\n\t\t\t\t\t\t\t\t\t\t\t\t\t\t\t\t<a href=\"https:\/\/positiveindustry.org\/\">\n\t\t\t\t\t\t\t<img decoding=\"async\" width=\"500\" height=\"529\" src=\"https:\/\/amec.es\/wp-content\/uploads\/2025\/05\/segellmemberof.png\" class=\"attachment-large size-large wp-image-34785\" alt=\"\" srcset=\"https:\/\/amec.es\/wp-content\/uploads\/2025\/05\/segellmemberof.png 500w, https:\/\/amec.es\/wp-content\/uploads\/2025\/05\/segellmemberof-284x300.png 284w\" sizes=\"(max-width: 500px) 100vw, 500px\" \/>\t\t\t\t\t\t\t\t<\/a>\n\t\t\t\t\t\t\t\t\t\t\t\t\t\t\t<\/div>\n\t\t\t\t<\/div>\n\t\t\t\t<\/div>\n\t\t<div class=\"elementor-element elementor-element-5c37ae14 e-con-full e-flex e-con e-child\" data-id=\"5c37ae14\" data-element_type=\"container\" data-e-type=\"container\">\n\t\t\t\t<div class=\"elementor-element elementor-element-55a69c0e elementor-widget elementor-widget-image\" data-id=\"55a69c0e\" data-element_type=\"widget\" data-e-type=\"widget\" data-widget_type=\"image.default\">\n\t\t\t\t<div class=\"elementor-widget-container\">\n\t\t\t\t\t\t\t\t\t\t\t\t\t\t\t<img loading=\"lazy\" decoding=\"async\" width=\"168\" height=\"95\" src=\"https:\/\/amec.es\/wp-content\/uploads\/2023\/07\/theglobalcompact.jpg\" class=\"attachment-large size-large wp-image-69\" alt=\"\" \/>\t\t\t\t\t\t\t\t\t\t\t\t\t\t\t<\/div>\n\t\t\t\t<\/div>\n\t\t\t\t<\/div>\n\t\t<div class=\"elementor-element elementor-element-1d01966e e-con-full e-flex e-con e-child\" data-id=\"1d01966e\" data-element_type=\"container\" data-e-type=\"container\">\n\t\t\t\t<div class=\"elementor-element elementor-element-4decafcc elementor-widget elementor-widget-image\" data-id=\"4decafcc\" data-element_type=\"widget\" data-e-type=\"widget\" data-widget_type=\"image.default\">\n\t\t\t\t<div class=\"elementor-widget-container\">\n\t\t\t\t\t\t\t\t\t\t\t\t\t\t\t\t<a href=\"https:\/\/www.cematex.com\/\">\n\t\t\t\t\t\t\t<img loading=\"lazy\" decoding=\"async\" width=\"187\" height=\"187\" src=\"https:\/\/amec.es\/wp-content\/uploads\/2023\/07\/CEMATEX-logo.jpg\" class=\"attachment-large size-large wp-image-41268\" alt=\"\" srcset=\"https:\/\/amec.es\/wp-content\/uploads\/2023\/07\/CEMATEX-logo.jpg 187w, https:\/\/amec.es\/wp-content\/uploads\/2023\/07\/CEMATEX-logo-150x150.jpg 150w, https:\/\/amec.es\/wp-content\/uploads\/2023\/07\/CEMATEX-logo-100x100.jpg 100w\" sizes=\"(max-width: 187px) 100vw, 187px\" \/>\t\t\t\t\t\t\t\t<\/a>\n\t\t\t\t\t\t\t\t\t\t\t\t\t\t\t<\/div>\n\t\t\t\t<\/div>\n\t\t\t\t<\/div>\n\t\t<div class=\"elementor-element elementor-element-67e5501f e-con-full e-flex e-con e-child\" data-id=\"67e5501f\" data-element_type=\"container\" data-e-type=\"container\">\n\t\t\t\t<div class=\"elementor-element elementor-element-34255ce7 elementor-widget elementor-widget-image\" data-id=\"34255ce7\" data-element_type=\"widget\" data-e-type=\"widget\" data-widget_type=\"image.default\">\n\t\t\t\t<div class=\"elementor-widget-container\">\n\t\t\t\t\t\t\t\t\t\t\t\t\t\t\t<img loading=\"lazy\" decoding=\"async\" width=\"168\" height=\"95\" src=\"https:\/\/amec.es\/wp-content\/uploads\/2023\/07\/exportarparacrecer.jpg\" class=\"attachment-large size-large wp-image-73\" alt=\"\" \/>\t\t\t\t\t\t\t\t\t\t\t\t\t\t\t<\/div>\n\t\t\t\t<\/div>\n\t\t\t\t<\/div>\n\t\t<div class=\"elementor-element elementor-element-559dbbb e-con-full e-flex e-con e-child\" data-id=\"559dbbb\" data-element_type=\"container\" data-e-type=\"container\">\n\t\t\t\t<div class=\"elementor-element elementor-element-21c92c4f elementor-widget elementor-widget-image\" data-id=\"21c92c4f\" data-element_type=\"widget\" data-e-type=\"widget\" data-widget_type=\"image.default\">\n\t\t\t\t<div class=\"elementor-widget-container\">\n\t\t\t\t\t\t\t\t\t\t\t\t\t\t\t<img loading=\"lazy\" decoding=\"async\" width=\"300\" height=\"200\" src=\"https:\/\/amec.es\/wp-content\/uploads\/2025\/02\/Logos-representacio-institucional-05.jpg\" class=\"attachment-large size-large wp-image-31068\" alt=\"\" \/>\t\t\t\t\t\t\t\t\t\t\t\t\t\t\t<\/div>\n\t\t\t\t<\/div>\n\t\t\t\t<\/div>\n\t\t<div class=\"elementor-element elementor-element-6e480c75 e-con-full e-flex e-con e-child\" data-id=\"6e480c75\" data-element_type=\"container\" data-e-type=\"container\">\n\t\t\t\t<div class=\"elementor-element elementor-element-78cb2414 elementor-widget elementor-widget-image\" data-id=\"78cb2414\" data-element_type=\"widget\" data-e-type=\"widget\" data-widget_type=\"image.default\">\n\t\t\t\t<div class=\"elementor-widget-container\">\n\t\t\t\t\t\t\t\t\t\t\t\t\t\t\t\t<a href=\"https:\/\/www.accio.gencat.cat\/es\/inici\/index.html\">\n\t\t\t\t\t\t\t<img loading=\"lazy\" decoding=\"async\" width=\"778\" height=\"853\" src=\"https:\/\/amec.es\/wp-content\/uploads\/2025\/02\/Segell-Agents-de-Suport-a-la-Internacionalitzacio-Superior.png\" class=\"attachment-large size-large wp-image-34732\" alt=\"\" srcset=\"https:\/\/amec.es\/wp-content\/uploads\/2025\/02\/Segell-Agents-de-Suport-a-la-Internacionalitzacio-Superior.png 778w, https:\/\/amec.es\/wp-content\/uploads\/2025\/02\/Segell-Agents-de-Suport-a-la-Internacionalitzacio-Superior-274x300.png 274w, https:\/\/amec.es\/wp-content\/uploads\/2025\/02\/Segell-Agents-de-Suport-a-la-Internacionalitzacio-Superior-768x842.png 768w, https:\/\/amec.es\/wp-content\/uploads\/2025\/02\/Segell-Agents-de-Suport-a-la-Internacionalitzacio-Superior-600x658.png 600w\" sizes=\"(max-width: 778px) 100vw, 778px\" \/>\t\t\t\t\t\t\t\t<\/a>\n\t\t\t\t\t\t\t\t\t\t\t\t\t\t\t<\/div>\n\t\t\t\t<\/div>\n\t\t\t\t<\/div>\n\t\t<div class=\"elementor-element elementor-element-5e37bd03 e-con-full e-flex e-con e-child\" data-id=\"5e37bd03\" data-element_type=\"container\" data-e-type=\"container\">\n\t\t\t\t<div class=\"elementor-element elementor-element-4b1b8454 elementor-widget elementor-widget-text-editor\" data-id=\"4b1b8454\" data-element_type=\"widget\" data-e-type=\"widget\" data-widget_type=\"text-editor.default\">\n\t\t\t\t<div class=\"elementor-widget-container\">\n\t\t\t\t\t\t\t\t\t<p><a href=\"https:\/\/www.accio.gencat.cat\/ca\/accio\/processos-acreditacio\/agents-suport-internacionalitzacio\/\"><span data-olk-copy-source=\"MessageBody\">Agent acreditat per ACCI\u00d3<\/span><\/a><\/p>\t\t\t\t\t\t\t\t<\/div>\n\t\t\t\t<\/div>\n\t\t\t\t<\/div>\n\t\t<div class=\"elementor-element elementor-element-332dad89 e-con-full e-flex e-con e-child\" data-id=\"332dad89\" data-element_type=\"container\" data-e-type=\"container\">\n\t\t\t\t<\/div>\n\t\t\t\t<\/div>\n\t\t\t\t\t<\/div>\n\t\t\t\t<\/div>\n\t\t\t\t<\/div>\n\t\t","protected":false},"excerpt":{"rendered":"<p>Els Estats Units redefineixen la seva pol\u00edtica mar\u00edtima amb implicacions directes sobre el comer\u00e7 global, els costos log\u00edstics i les exportacions industrials. L&#8217; America&#8217;s Maritime Action Plan \u00e9s una estrat\u00e8gia integral presentada per l&#8217;administraci\u00f3 de Donald Trump amb l&#8217;objectiu de recuperar el domini mar\u00edtim de la naci\u00f3, revitalitzar les drassanes i enfortir la seguretat nacional [&hellip;]<\/p>\n","protected":false},"author":10,"featured_media":0,"parent":5934,"menu_order":0,"comment_status":"closed","ping_status":"closed","template":"elementor_canvas","meta":{"inline_featured_image":false,"footnotes":""},"categories":[219],"tags":[],"class_list":["post-49363","page","type-page","status-publish","hentry","category-alertes-i-tendencies-exclusives"],"yoast_head":"<!-- This site is optimized with the Yoast SEO plugin v27.3 - https:\/\/yoast.com\/product\/yoast-seo-wordpress\/ -->\n<title>Estats Units proposa noves taxes al transport mar\u00edtim | amec Positive Industry<\/title>\n<meta name=\"robots\" content=\"index, follow, max-snippet:-1, max-image-preview:large, max-video-preview:-1\" \/>\n<link rel=\"canonical\" href=\"https:\/\/amec.es\/ca\/anticipat\/alertes-i-oportunitats\/estats-units-proposa-noves-taxes-al-transport-maritim\/\" \/>\n<meta property=\"og:locale\" content=\"ca_ES\" \/>\n<meta property=\"og:type\" content=\"article\" \/>\n<meta property=\"og:title\" content=\"Estats Units proposa noves taxes al transport mar\u00edtim | amec Positive Industry\" \/>\n<meta property=\"og:description\" content=\"Els Estats Units redefineixen la seva pol\u00edtica mar\u00edtima amb implicacions directes sobre el comer\u00e7 global, els costos log\u00edstics i les exportacions industrials. L&#8217; America&#8217;s Maritime Action Plan \u00e9s una estrat\u00e8gia integral presentada per l&#8217;administraci\u00f3 de Donald Trump amb l&#8217;objectiu de recuperar el domini mar\u00edtim de la naci\u00f3, revitalitzar les drassanes i enfortir la seguretat nacional [&hellip;]\" \/>\n<meta property=\"og:url\" content=\"https:\/\/amec.es\/ca\/anticipat\/alertes-i-oportunitats\/estats-units-proposa-noves-taxes-al-transport-maritim\/\" \/>\n<meta property=\"og:site_name\" content=\"amec Positive Industry\" \/>\n<meta property=\"article:modified_time\" content=\"2026-02-19T17:33:37+00:00\" \/>\n<meta property=\"og:image\" content=\"https:\/\/amec.es\/wp-content\/uploads\/2026\/01\/Banner_Seguimiento_USA.png\" \/>\n\t<meta property=\"og:image:width\" content=\"1280\" \/>\n\t<meta property=\"og:image:height\" content=\"471\" \/>\n\t<meta property=\"og:image:type\" content=\"image\/png\" \/>\n<meta name=\"twitter:card\" content=\"summary_large_image\" \/>\n<meta name=\"twitter:label1\" content=\"Temps estimat de lectura\" \/>\n\t<meta name=\"twitter:data1\" content=\"5 minuts\" \/>\n<script type=\"application\/ld+json\" class=\"yoast-schema-graph\">{\"@context\":\"https:\\\/\\\/schema.org\",\"@graph\":[{\"@type\":\"WebPage\",\"@id\":\"https:\\\/\\\/amec.es\\\/ca\\\/anticipat\\\/alertes-i-oportunitats\\\/estats-units-proposa-noves-taxes-al-transport-maritim\\\/\",\"url\":\"https:\\\/\\\/amec.es\\\/ca\\\/anticipat\\\/alertes-i-oportunitats\\\/estats-units-proposa-noves-taxes-al-transport-maritim\\\/\",\"name\":\"Estats Units proposa noves taxes al transport mar\u00edtim | amec Positive Industry\",\"isPartOf\":{\"@id\":\"https:\\\/\\\/amec.es\\\/#website\"},\"primaryImageOfPage\":{\"@id\":\"https:\\\/\\\/amec.es\\\/ca\\\/anticipat\\\/alertes-i-oportunitats\\\/estats-units-proposa-noves-taxes-al-transport-maritim\\\/#primaryimage\"},\"image\":{\"@id\":\"https:\\\/\\\/amec.es\\\/ca\\\/anticipat\\\/alertes-i-oportunitats\\\/estats-units-proposa-noves-taxes-al-transport-maritim\\\/#primaryimage\"},\"thumbnailUrl\":\"https:\\\/\\\/amec.es\\\/wp-content\\\/uploads\\\/2026\\\/01\\\/Banner_Seguimiento_USA-1024x377.png\",\"datePublished\":\"2026-02-19T17:25:54+00:00\",\"dateModified\":\"2026-02-19T17:33:37+00:00\",\"breadcrumb\":{\"@id\":\"https:\\\/\\\/amec.es\\\/ca\\\/anticipat\\\/alertes-i-oportunitats\\\/estats-units-proposa-noves-taxes-al-transport-maritim\\\/#breadcrumb\"},\"inLanguage\":\"ca\",\"potentialAction\":[{\"@type\":\"ReadAction\",\"target\":[\"https:\\\/\\\/amec.es\\\/ca\\\/anticipat\\\/alertes-i-oportunitats\\\/estats-units-proposa-noves-taxes-al-transport-maritim\\\/\"]}]},{\"@type\":\"ImageObject\",\"inLanguage\":\"ca\",\"@id\":\"https:\\\/\\\/amec.es\\\/ca\\\/anticipat\\\/alertes-i-oportunitats\\\/estats-units-proposa-noves-taxes-al-transport-maritim\\\/#primaryimage\",\"url\":\"https:\\\/\\\/amec.es\\\/wp-content\\\/uploads\\\/2026\\\/01\\\/Banner_Seguimiento_USA-1024x377.png\",\"contentUrl\":\"https:\\\/\\\/amec.es\\\/wp-content\\\/uploads\\\/2026\\\/01\\\/Banner_Seguimiento_USA-1024x377.png\"},{\"@type\":\"BreadcrumbList\",\"@id\":\"https:\\\/\\\/amec.es\\\/ca\\\/anticipat\\\/alertes-i-oportunitats\\\/estats-units-proposa-noves-taxes-al-transport-maritim\\\/#breadcrumb\",\"itemListElement\":[{\"@type\":\"ListItem\",\"position\":1,\"name\":\"Portada\",\"item\":\"https:\\\/\\\/amec.es\\\/ca\\\/home-new\\\/\"},{\"@type\":\"ListItem\",\"position\":2,\"name\":\"Anticipa&#8217;t\",\"item\":\"https:\\\/\\\/amec.es\\\/ca\\\/anticipat\\\/\"},{\"@type\":\"ListItem\",\"position\":3,\"name\":\"Alertes i oportunitats\",\"item\":\"https:\\\/\\\/amec.es\\\/ca\\\/anticipat\\\/alertes-i-oportunitats\\\/\"},{\"@type\":\"ListItem\",\"position\":4,\"name\":\"Estats Units proposa noves taxes al transport mar\u00edtim\"}]},{\"@type\":\"WebSite\",\"@id\":\"https:\\\/\\\/amec.es\\\/#website\",\"url\":\"https:\\\/\\\/amec.es\\\/\",\"name\":\"amec Positive Industry\",\"description\":\"\",\"publisher\":{\"@id\":\"https:\\\/\\\/amec.es\\\/#organization\"},\"potentialAction\":[{\"@type\":\"SearchAction\",\"target\":{\"@type\":\"EntryPoint\",\"urlTemplate\":\"https:\\\/\\\/amec.es\\\/?s={search_term_string}\"},\"query-input\":{\"@type\":\"PropertyValueSpecification\",\"valueRequired\":true,\"valueName\":\"search_term_string\"}}],\"inLanguage\":\"ca\"},{\"@type\":\"Organization\",\"@id\":\"https:\\\/\\\/amec.es\\\/#organization\",\"name\":\"amec Positive Industry\",\"url\":\"https:\\\/\\\/amec.es\\\/\",\"logo\":{\"@type\":\"ImageObject\",\"inLanguage\":\"ca\",\"@id\":\"https:\\\/\\\/amec.es\\\/#\\\/schema\\\/logo\\\/image\\\/\",\"url\":\"https:\\\/\\\/amec.es\\\/wp-content\\\/uploads\\\/2023\\\/07\\\/logoamec.png\",\"contentUrl\":\"https:\\\/\\\/amec.es\\\/wp-content\\\/uploads\\\/2023\\\/07\\\/logoamec.png\",\"width\":200,\"height\":48,\"caption\":\"amec Positive Industry\"},\"image\":{\"@id\":\"https:\\\/\\\/amec.es\\\/#\\\/schema\\\/logo\\\/image\\\/\"}}]}<\/script>\n<!-- \/ Yoast SEO plugin. -->","yoast_head_json":{"title":"Estats Units proposa noves taxes al transport mar\u00edtim | amec Positive Industry","robots":{"index":"index","follow":"follow","max-snippet":"max-snippet:-1","max-image-preview":"max-image-preview:large","max-video-preview":"max-video-preview:-1"},"canonical":"https:\/\/amec.es\/ca\/anticipat\/alertes-i-oportunitats\/estats-units-proposa-noves-taxes-al-transport-maritim\/","og_locale":"ca_ES","og_type":"article","og_title":"Estats Units proposa noves taxes al transport mar\u00edtim | amec Positive Industry","og_description":"Els Estats Units redefineixen la seva pol\u00edtica mar\u00edtima amb implicacions directes sobre el comer\u00e7 global, els costos log\u00edstics i les exportacions industrials. L&#8217; America&#8217;s Maritime Action Plan \u00e9s una estrat\u00e8gia integral presentada per l&#8217;administraci\u00f3 de Donald Trump amb l&#8217;objectiu de recuperar el domini mar\u00edtim de la naci\u00f3, revitalitzar les drassanes i enfortir la seguretat nacional [&hellip;]","og_url":"https:\/\/amec.es\/ca\/anticipat\/alertes-i-oportunitats\/estats-units-proposa-noves-taxes-al-transport-maritim\/","og_site_name":"amec Positive Industry","article_modified_time":"2026-02-19T17:33:37+00:00","og_image":[{"width":1280,"height":471,"url":"https:\/\/amec.es\/wp-content\/uploads\/2026\/01\/Banner_Seguimiento_USA.png","type":"image\/png"}],"twitter_card":"summary_large_image","twitter_misc":{"Temps estimat de lectura":"5 minuts"},"schema":{"@context":"https:\/\/schema.org","@graph":[{"@type":"WebPage","@id":"https:\/\/amec.es\/ca\/anticipat\/alertes-i-oportunitats\/estats-units-proposa-noves-taxes-al-transport-maritim\/","url":"https:\/\/amec.es\/ca\/anticipat\/alertes-i-oportunitats\/estats-units-proposa-noves-taxes-al-transport-maritim\/","name":"Estats Units proposa noves taxes al transport mar\u00edtim | amec Positive Industry","isPartOf":{"@id":"https:\/\/amec.es\/#website"},"primaryImageOfPage":{"@id":"https:\/\/amec.es\/ca\/anticipat\/alertes-i-oportunitats\/estats-units-proposa-noves-taxes-al-transport-maritim\/#primaryimage"},"image":{"@id":"https:\/\/amec.es\/ca\/anticipat\/alertes-i-oportunitats\/estats-units-proposa-noves-taxes-al-transport-maritim\/#primaryimage"},"thumbnailUrl":"https:\/\/amec.es\/wp-content\/uploads\/2026\/01\/Banner_Seguimiento_USA-1024x377.png","datePublished":"2026-02-19T17:25:54+00:00","dateModified":"2026-02-19T17:33:37+00:00","breadcrumb":{"@id":"https:\/\/amec.es\/ca\/anticipat\/alertes-i-oportunitats\/estats-units-proposa-noves-taxes-al-transport-maritim\/#breadcrumb"},"inLanguage":"ca","potentialAction":[{"@type":"ReadAction","target":["https:\/\/amec.es\/ca\/anticipat\/alertes-i-oportunitats\/estats-units-proposa-noves-taxes-al-transport-maritim\/"]}]},{"@type":"ImageObject","inLanguage":"ca","@id":"https:\/\/amec.es\/ca\/anticipat\/alertes-i-oportunitats\/estats-units-proposa-noves-taxes-al-transport-maritim\/#primaryimage","url":"https:\/\/amec.es\/wp-content\/uploads\/2026\/01\/Banner_Seguimiento_USA-1024x377.png","contentUrl":"https:\/\/amec.es\/wp-content\/uploads\/2026\/01\/Banner_Seguimiento_USA-1024x377.png"},{"@type":"BreadcrumbList","@id":"https:\/\/amec.es\/ca\/anticipat\/alertes-i-oportunitats\/estats-units-proposa-noves-taxes-al-transport-maritim\/#breadcrumb","itemListElement":[{"@type":"ListItem","position":1,"name":"Portada","item":"https:\/\/amec.es\/ca\/home-new\/"},{"@type":"ListItem","position":2,"name":"Anticipa&#8217;t","item":"https:\/\/amec.es\/ca\/anticipat\/"},{"@type":"ListItem","position":3,"name":"Alertes i oportunitats","item":"https:\/\/amec.es\/ca\/anticipat\/alertes-i-oportunitats\/"},{"@type":"ListItem","position":4,"name":"Estats Units proposa noves taxes al transport mar\u00edtim"}]},{"@type":"WebSite","@id":"https:\/\/amec.es\/#website","url":"https:\/\/amec.es\/","name":"amec Positive Industry","description":"","publisher":{"@id":"https:\/\/amec.es\/#organization"},"potentialAction":[{"@type":"SearchAction","target":{"@type":"EntryPoint","urlTemplate":"https:\/\/amec.es\/?s={search_term_string}"},"query-input":{"@type":"PropertyValueSpecification","valueRequired":true,"valueName":"search_term_string"}}],"inLanguage":"ca"},{"@type":"Organization","@id":"https:\/\/amec.es\/#organization","name":"amec Positive Industry","url":"https:\/\/amec.es\/","logo":{"@type":"ImageObject","inLanguage":"ca","@id":"https:\/\/amec.es\/#\/schema\/logo\/image\/","url":"https:\/\/amec.es\/wp-content\/uploads\/2023\/07\/logoamec.png","contentUrl":"https:\/\/amec.es\/wp-content\/uploads\/2023\/07\/logoamec.png","width":200,"height":48,"caption":"amec Positive Industry"},"image":{"@id":"https:\/\/amec.es\/#\/schema\/logo\/image\/"}}]}},"_links":{"self":[{"href":"https:\/\/amec.es\/ca\/wp-json\/wp\/v2\/pages\/49363","targetHints":{"allow":["GET"]}}],"collection":[{"href":"https:\/\/amec.es\/ca\/wp-json\/wp\/v2\/pages"}],"about":[{"href":"https:\/\/amec.es\/ca\/wp-json\/wp\/v2\/types\/page"}],"author":[{"embeddable":true,"href":"https:\/\/amec.es\/ca\/wp-json\/wp\/v2\/users\/10"}],"replies":[{"embeddable":true,"href":"https:\/\/amec.es\/ca\/wp-json\/wp\/v2\/comments?post=49363"}],"version-history":[{"count":3,"href":"https:\/\/amec.es\/ca\/wp-json\/wp\/v2\/pages\/49363\/revisions"}],"predecessor-version":[{"id":49376,"href":"https:\/\/amec.es\/ca\/wp-json\/wp\/v2\/pages\/49363\/revisions\/49376"}],"up":[{"embeddable":true,"href":"https:\/\/amec.es\/ca\/wp-json\/wp\/v2\/pages\/5934"}],"wp:attachment":[{"href":"https:\/\/amec.es\/ca\/wp-json\/wp\/v2\/media?parent=49363"}],"wp:term":[{"taxonomy":"category","embeddable":true,"href":"https:\/\/amec.es\/ca\/wp-json\/wp\/v2\/categories?post=49363"},{"taxonomy":"post_tag","embeddable":true,"href":"https:\/\/amec.es\/ca\/wp-json\/wp\/v2\/tags?post=49363"}],"curies":[{"name":"wp","href":"https:\/\/api.w.org\/{rel}","templated":true}]}}