{"id":51046,"date":"2026-03-06T09:35:12","date_gmt":"2026-03-06T08:35:12","guid":{"rendered":"https:\/\/amec.es\/anticipat\/alertes-i-oportunitats\/adopcio-de-la-proposta-de-llei-de-laccelerador-industrial\/"},"modified":"2026-03-06T09:38:24","modified_gmt":"2026-03-06T08:38:24","slug":"adopcio-de-la-proposta-de-llei-de-laccelerador-industrial","status":"publish","type":"page","link":"https:\/\/amec.es\/ca\/anticipat\/alertes-i-oportunitats\/adopcio-de-la-proposta-de-llei-de-laccelerador-industrial\/","title":{"rendered":"Adopci\u00f3 de la proposta de llei de l&#8217;accelerador industrial"},"content":{"rendered":"\t\t<div data-elementor-type=\"wp-page\" data-elementor-id=\"51046\" class=\"elementor elementor-51046 elementor-51040\" data-elementor-post-type=\"page\">\n\t\t\t\t\t\t<section class=\"elementor-section elementor-top-section elementor-element elementor-element-72526ed1 elementor-section-boxed elementor-section-height-default elementor-section-height-default\" data-id=\"72526ed1\" data-element_type=\"section\" data-e-type=\"section\" data-settings=\"{&quot;background_background&quot;:&quot;gradient&quot;}\">\n\t\t\t\t\t\t<div class=\"elementor-container elementor-column-gap-default\">\n\t\t\t\t\t<div class=\"elementor-column elementor-col-100 elementor-top-column elementor-element elementor-element-1acee33e\" data-id=\"1acee33e\" data-element_type=\"column\" data-e-type=\"column\">\n\t\t\t<div class=\"elementor-widget-wrap elementor-element-populated\">\n\t\t\t\t\t\t<div class=\"elementor-element elementor-element-6bca7716 elementor-widget elementor-widget-heading\" data-id=\"6bca7716\" data-element_type=\"widget\" data-e-type=\"widget\" data-widget_type=\"heading.default\">\n\t\t\t\t<div class=\"elementor-widget-container\">\n\t\t\t\t\t<h2 class=\"elementor-heading-title elementor-size-default\"><a href=\"https:\/\/amec.es\/ca\/category\/alertes-i-tendencies-exclusives\/\" rel=\"tag\">Alertes i tend\u00e8ncies exclusives<\/a><\/h2>\t\t\t\t<\/div>\n\t\t\t\t<\/div>\n\t\t\t\t<div class=\"elementor-element elementor-element-456e6357 elementor-widget elementor-widget-spacer\" data-id=\"456e6357\" data-element_type=\"widget\" data-e-type=\"widget\" data-widget_type=\"spacer.default\">\n\t\t\t\t<div class=\"elementor-widget-container\">\n\t\t\t\t\t\t\t<div class=\"elementor-spacer\">\n\t\t\t<div class=\"elementor-spacer-inner\"><\/div>\n\t\t<\/div>\n\t\t\t\t\t\t<\/div>\n\t\t\t\t<\/div>\n\t\t\t\t<div class=\"elementor-element elementor-element-2350ddd2 elementor-widget-divider--view-line elementor-widget elementor-widget-divider\" data-id=\"2350ddd2\" data-element_type=\"widget\" data-e-type=\"widget\" data-widget_type=\"divider.default\">\n\t\t\t\t<div class=\"elementor-widget-container\">\n\t\t\t\t\t\t\t<div class=\"elementor-divider\">\n\t\t\t<span class=\"elementor-divider-separator\">\n\t\t\t\t\t\t<\/span>\n\t\t<\/div>\n\t\t\t\t\t\t<\/div>\n\t\t\t\t<\/div>\n\t\t\t\t\t<\/div>\n\t\t<\/div>\n\t\t\t\t\t<\/div>\n\t\t<\/section>\n\t\t\t\t<section class=\"elementor-section elementor-top-section elementor-element elementor-element-25f8e753 elementor-section-boxed elementor-section-height-default elementor-section-height-default\" data-id=\"25f8e753\" data-element_type=\"section\" data-e-type=\"section\">\n\t\t\t\t\t\t<div class=\"elementor-container elementor-column-gap-default\">\n\t\t\t\t\t<div class=\"elementor-column elementor-col-100 elementor-top-column elementor-element elementor-element-bc0d4e1\" data-id=\"bc0d4e1\" data-element_type=\"column\" data-e-type=\"column\">\n\t\t\t<div class=\"elementor-widget-wrap elementor-element-populated\">\n\t\t\t\t\t\t<div class=\"elementor-element elementor-element-69f43581 elementor-widget elementor-widget-heading\" data-id=\"69f43581\" data-element_type=\"widget\" data-e-type=\"widget\" data-widget_type=\"heading.default\">\n\t\t\t\t<div class=\"elementor-widget-container\">\n\t\t\t\t\t<h2 class=\"elementor-heading-title elementor-size-default\">Adopci\u00f3 de la proposta de llei de l&#8217;accelerador industrial<\/h2>\t\t\t\t<\/div>\n\t\t\t\t<\/div>\n\t\t\t\t<div class=\"elementor-element elementor-element-64da89fa elementor-widget elementor-widget-spacer\" data-id=\"64da89fa\" data-element_type=\"widget\" data-e-type=\"widget\" data-widget_type=\"spacer.default\">\n\t\t\t\t<div class=\"elementor-widget-container\">\n\t\t\t\t\t\t\t<div class=\"elementor-spacer\">\n\t\t\t<div class=\"elementor-spacer-inner\"><\/div>\n\t\t<\/div>\n\t\t\t\t\t\t<\/div>\n\t\t\t\t<\/div>\n\t\t\t\t<div class=\"elementor-element elementor-element-630e3721 elementor-widget elementor-widget-text-editor\" data-id=\"630e3721\" data-element_type=\"widget\" data-e-type=\"widget\" data-widget_type=\"text-editor.default\">\n\t\t\t\t<div class=\"elementor-widget-container\">\n\t\t\t\t\t\t\t\t\t6 de mar\u00e7 de 2026\t\t\t\t\t\t\t\t<\/div>\n\t\t\t\t<\/div>\n\t\t\t\t<div class=\"elementor-element elementor-element-5335d58c elementor-widget elementor-widget-text-editor\" data-id=\"5335d58c\" data-element_type=\"widget\" data-e-type=\"widget\" data-widget_type=\"text-editor.default\">\n\t\t\t\t<div class=\"elementor-widget-container\">\n\t\t\t\t\t\t\t\t\t<p><strong>La CE ha adoptat la proposta de la llei de l&#8217;accelerador industrial. El seu objectiu \u00e9s augmentar la producci\u00f3 industrial resilient i descarbonitzada a la Uni\u00f3, amb la meta que la ind\u00fastria representi el 20% del PIB de la UE per al 2035. Us expliquem els punts m\u00e9s rellevants.  <\/strong><\/p>\t\t\t\t\t\t\t\t<\/div>\n\t\t\t\t<\/div>\n\t\t\t\t<div class=\"elementor-element elementor-element-2ce87b28 elementor-widget-divider--view-line elementor-widget elementor-widget-divider\" data-id=\"2ce87b28\" data-element_type=\"widget\" data-e-type=\"widget\" data-widget_type=\"divider.default\">\n\t\t\t\t<div class=\"elementor-widget-container\">\n\t\t\t\t\t\t\t<div class=\"elementor-divider\">\n\t\t\t<span class=\"elementor-divider-separator\">\n\t\t\t\t\t\t<\/span>\n\t\t<\/div>\n\t\t\t\t\t\t<\/div>\n\t\t\t\t<\/div>\n\t\t\t\t<div class=\"elementor-element elementor-element-580999f3 elementor-widget elementor-widget-text-editor\" data-id=\"580999f3\" data-element_type=\"widget\" data-e-type=\"widget\" data-widget_type=\"text-editor.default\">\n\t\t\t\t<div class=\"elementor-widget-container\">\n\t\t\t\t\t\t\t\t\t<h5><strong>Creaci\u00f3 de &#8220;Mercats L\u00edders&#8221; mitjan\u00e7ant Requisits de Compra Verda<\/strong><\/h5><p>La llei cerca estimular la demanda de productes sostenibles mitjan\u00e7ant l&#8217;\u00fas estrat\u00e8gic de la contractaci\u00f3 p\u00fablica i els r\u00e8gims de suport estatal.<\/p><ul><li><strong>Sectors Afectats:<\/strong> Les mesures se centren inicialment en ind\u00fastries d&#8217;\u00fas intensiu d&#8217;energia ( <strong>acer, ciment, alumini<\/strong> ) i tecnologies de zero emissions netes ( <strong>bateries, energia solar, bombes de calor, e\u00f2lica i nuclear<\/strong> ).<\/li><li><strong>Requisits de Baix Carboni:<\/strong> Per a licitacions p\u00fabliques llan\u00e7ades a partir de <strong>gener de 2029<\/strong> , s&#8217;estableixen quotes m\u00ednimes de materials de baix carboni: <strong>25% per a l&#8217;acer, 25% per a l&#8217;alumini i 5% per al ciment\/formig\u00f3<\/strong> .<\/li><li><strong>Requisits d&#8217;origen (Made in EU):<\/strong> S&#8217;introdueixen criteris d&#8217;origen per assegurar que la inversi\u00f3 p\u00fablica benefici\u00ef la cadena de valor europea. Al sector automotriu, per accedir a incentius, els vehicles el\u00e8ctrics hauran de complir amb un valor de contingut de la Uni\u00f3 d&#8217;almenys el <strong>70% el 2027 i el 75% el 2030<\/strong> . <\/li><li><strong>Mecanismes d&#8217;Exempci\u00f3:<\/strong> Les autoritats poden ometre aquests requisits si el cost \u00e9s desproporcionat (augment superior al 25%) o si no hi ha prove\u00efdors disponibles que compleixin les condicions.<\/li><\/ul><h5><strong><span style=\"color: #ffffff;\">_<\/span><br> Sistema d&#8217;etiquetatge d&#8217;intensitat de carboni<\/strong><\/h5><p>S&#8217;estableix un marc per diferenciar els productes industrials en funci\u00f3 de les emissions de gasos d&#8217;efecte hivernacle (GEI).<\/p><ul><li><strong>Prioritat a l&#8217;acer:<\/strong> es desenvolupa un sistema de classificaci\u00f3 espec\u00edfic per a l&#8217;acer, basat en classes de rendiment (AC) que consideren tant la ruta de producci\u00f3 prim\u00e0ria com la secund\u00e0ria.<\/li><li><strong>Simplificaci\u00f3 Administrativa:<\/strong> La metodologia reutilitzar\u00e0 dades ja validades sota el <strong>R\u00e8gim de Comer\u00e7 de Drets d&#8217;Emissi\u00f3 (ETS)<\/strong> i el <strong>Mecanisme d&#8217;Ajust a Frontera per Carboni (CBAM)<\/strong> per evitar duplicitats d&#8217;informes.<\/li><li><strong>Transpar\u00e8ncia:<\/strong> L&#8217;etiquetatge facilitar\u00e0 que els compradors identifiquin productes de baix carboni, permetent a les empreses europees monetitzar la seva \u201cprima verda\u201d.<\/li><\/ul><h5><strong><span style=\"color: #ffffff;\">_<\/span><br> Agilitzaci\u00f3 de permisos i zones d&#8217;acceleraci\u00f3 industrial<\/strong><\/h5><p>La IAA introdueix mesures per eliminar els colls burocr\u00e0tics que retarden els projectes industrials.<\/p><ul><li><strong>Finestreta \u00danica Digital:<\/strong> Els Estats membres han d&#8217;establir un <strong>punt d&#8217;acc\u00e9s \u00fanic digital<\/strong> perqu\u00e8 totes les sol\u00b7licituds de permisos es gestionin de manera electr\u00f2nica i interoperable.<\/li><li><strong>L\u00edmits de temps:<\/strong> s&#8217;imposa un termini m\u00e0xim de <strong>18 mesos<\/strong> per als procediments de concessi\u00f3 de permisos en projectes de descarbonitzaci\u00f3 d&#8217;ind\u00fastries estrat\u00e8giques.<\/li><li><strong>Zones industrials d&#8217;acceleraci\u00f3:<\/strong> els pa\u00efsos designaran \u00e0rees espec\u00edfiques per agrupar activitats industrials. Aquests cl\u00fasters es beneficiaran de: <ul><li><strong>Permisos base agregats:<\/strong> Avaluacions ambientals pr\u00e8vies a nivell de zona perqu\u00e8 els projectes individuals requereixin menys tr\u00e0mits.<\/li><li><strong>Prioritat en infraestructura:<\/strong> Avaluaci\u00f3 priorit\u00e0ria per part dels gestors de xarxes (DSO) per a la connexi\u00f3 a electricitat i hidrogen.<\/li><li><strong>Aprovaci\u00f3 t\u00e0cita:<\/strong> En certs passos intermedis, si ladministraci\u00f3 no respon en termini, el tr\u00e0mit es considerar\u00e0 aprovat.<\/li><\/ul><\/li><\/ul><h5><strong><span style=\"color: #ffffff;\">_<\/span><br> Condicions per a la Inversi\u00f3 Estrangera Directa<\/strong><\/h5><p>La UE estableix condicions obligat\u00f2ries per a grans inversions estrangeres que puguin afectar el mercat \u00fanic en sectors estrat\u00e8gics.<\/p><ul><li><strong>Llindars d&#8217;aplicaci\u00f3:<\/strong> S&#8217;aplica a inversions superiors a <strong>100 milions d&#8217;euros<\/strong> d&#8217;inversors procedents de pa\u00efsos que controlen m\u00e9s del <strong>40% de la capacitat de fabricaci\u00f3 mundial<\/strong> en sectors com ara bateries, solar o primeres mat\u00e8ries cr\u00edtiques.<\/li><li><strong>Condicions Obligat\u00f2ries (han de complir almenys 4 de 6):<\/strong><\/li><\/ul><ul><li style=\"list-style-type: none;\"><ul><li><strong>L\u00edmit de control:<\/strong> L&#8217;inversor no pot tenir m\u00e9s del 49% del capital o dels drets de vot.<\/li><li><strong>Joint Ventures:<\/strong> Obligaci\u00f3 d&#8217;associar-se amb entitats de la Uni\u00f3 amb participaci\u00f3 equitativa a la gesti\u00f3.<\/li><li><strong>Transfer\u00e8ncia tecnol\u00f2gica:<\/strong> Acords de llic\u00e8ncia de propietat intel\u00b7lectual a favor de lentitat europea.<\/li><li><strong>Inversi\u00f3 en R+D:<\/strong> Destinar anualment almenys l&#8217; <strong>1% dels ingressos bruts<\/strong> a recerca i desenvolupament dins de la Uni\u00f3.<\/li><li><strong>Ocupaci\u00f3 local:<\/strong> Garantir que almenys el <strong>50% de la plantilla<\/strong> siguin treballadors de la Uni\u00f3 en totes les categories, incloent-hi llocs directius.<\/li><li><strong>Cadena de subministrament:<\/strong> Abastir-se d&#8217;almenys un <strong>30% d&#8217;insums europeus<\/strong> per a l&#8217;activitat de fabricaci\u00f3.<\/li><\/ul><\/li><\/ul><h5><strong><span style=\"color: #ffffff;\">_<\/span><br> Suport a les PIMES i Mesures Horitzontals<\/strong><\/h5><p>La normativa inclou salvaguardes per mitigar la c\u00e0rrega administrativa sobre les petites i mitjanes empreses.<\/p><ul><li><strong>Simplificaci\u00f3 en Construcci\u00f3:<\/strong> Al sector de la construcci\u00f3, les micro i petites empreses podran demostrar el compliment dels requisits de baix carboni mitjan\u00e7ant <strong>autodeclaracions<\/strong> , reduint costos de certificaci\u00f3.<\/li><li><strong>Estalvis Digitals:<\/strong> S&#8217;estima que la digitalitzaci\u00f3 dels processos de permisos generar\u00e0 estalvis nets per a les PIMES d&#8217;aproximadament <strong>26,86 milions d&#8217;euros anuals<\/strong> .<\/li><li><strong>Cl\u00e0usula de revisi\u00f3:<\/strong> La Comissi\u00f3 avaluar\u00e0 l&#8217;efic\u00e0cia d&#8217;aquestes mesures <strong>tres anys<\/strong> despr\u00e9s de la seva entrada en vigor, amb una revisi\u00f3 profunda despr\u00e9s de <strong>cinc anys<\/strong> .<\/li><\/ul><p><span style=\"color: #ffffff;\">_<\/span><br> La <strong>Llei de l&#8217;accelerador industrial (IAA)<\/strong> es troba actualment en la <strong>fase inicial de tramitaci\u00f3 legislativa<\/strong> i, per tant, <strong>encara no s&#8217;aplica<\/strong> .<\/p><ul><li><strong>Estat actual: Proposta adoptada.<\/strong> La Comissi\u00f3 Europea <strong>va adoptar formalment la proposta el 4 de mar\u00e7 de 2026<\/strong> . Aix\u00f2 vol dir que el text legal ja ha estat redactat i presentat oficialment pel bra\u00e7 executiu de la Uni\u00f3 Europea. <\/li><li><strong>Propers passos: Negociaci\u00f3.<\/strong> Ara la proposta ha de ser <strong>negociada i aprovada<\/strong> tant pel <strong>Parlament Europeu<\/strong> com pel <strong>Consell de la Uni\u00f3 Europea<\/strong> (on estan representats els governs dels Estats membres) abans que es pugui convertir en llei i entrar en vigor.<\/li><\/ul><h5><strong><span style=\"color: #ffffff;\">_<\/span><br> Calendari d&#8217;aplicaci\u00f3 prevista<\/strong><\/h5><p>Tot i que la llei s&#8217;aprovi aviat, la seva aplicaci\u00f3 ser\u00e0 escalonada per permetre que la ind\u00fastria s&#8217;adapti:<\/p><ul><li><strong>Entrada en vigor general:<\/strong> S&#8217;estima que el Reglament entri en vigor el <strong>2027<\/strong> .<\/li><li><strong>Requisits per a vehicles:<\/strong> Les certificacions d&#8217;origen de la Uni\u00f3 es comen\u00e7aran a aplicar <strong>sis mesos despr\u00e9s<\/strong> de l&#8217;entrada en vigor.<\/li><li><strong>Digitalitzaci\u00f3 i permisos:<\/strong> Les mesures sobre finestretes \u00faniques digitals i procediments de permisos s&#8217;aplicaran <strong>un any despr\u00e9s<\/strong> que la llei entri en vigor.<\/li><li><strong>Inversi\u00f3 Estrangera:<\/strong> Les autoritats d&#8217;inversi\u00f3 s&#8217;han de designar el <strong>primer mes<\/strong> despr\u00e9s de l&#8217;entrada en vigor, per\u00f2 les condicions obligat\u00f2ries per als inversors es comen\u00e7aran a aplicar <strong>12 mesos despr\u00e9s<\/strong> .<\/li><li><strong>Contractaci\u00f3 p\u00fablica d&#8217;acer, ciment i alumini:<\/strong> Els requisits de baix carboni i origen europeu per a aquests sectors espec\u00edfics estan previstos per a licitacions llan\u00e7ades a partir de l&#8217; <strong>1 de gener del 2029<\/strong> .<\/li><\/ul>\t\t\t\t\t\t\t\t<\/div>\n\t\t\t\t<\/div>\n\t\t\t\t\t<\/div>\n\t\t<\/div>\n\t\t\t\t\t<\/div>\n\t\t<\/section>\n\t\t\t\t<section class=\"elementor-section elementor-top-section elementor-element elementor-element-24a6e860 elementor-section-boxed elementor-section-height-default elementor-section-height-default\" data-id=\"24a6e860\" data-element_type=\"section\" data-e-type=\"section\">\n\t\t\t\t\t\t<div class=\"elementor-container elementor-column-gap-default\">\n\t\t\t\t\t<div class=\"elementor-column elementor-col-100 elementor-top-column elementor-element elementor-element-1e218205\" data-id=\"1e218205\" data-element_type=\"column\" data-e-type=\"column\">\n\t\t\t<div class=\"elementor-widget-wrap elementor-element-populated\">\n\t\t\t\t\t\t<div class=\"elementor-element elementor-element-154abb9c elementor-widget-divider--view-line elementor-widget elementor-widget-divider\" data-id=\"154abb9c\" data-element_type=\"widget\" data-e-type=\"widget\" data-widget_type=\"divider.default\">\n\t\t\t\t<div class=\"elementor-widget-container\">\n\t\t\t\t\t\t\t<div class=\"elementor-divider\">\n\t\t\t<span class=\"elementor-divider-separator\">\n\t\t\t\t\t\t<\/span>\n\t\t<\/div>\n\t\t\t\t\t\t<\/div>\n\t\t\t\t<\/div>\n\t\t\t\t<div class=\"elementor-element elementor-element-5e77a1fe elementor-widget elementor-widget-heading\" data-id=\"5e77a1fe\" data-element_type=\"widget\" data-e-type=\"widget\" data-widget_type=\"heading.default\">\n\t\t\t\t<div class=\"elementor-widget-container\">\n\t\t\t\t\t<h5 class=\"elementor-heading-title elementor-size-default\">Recursos<\/h5>\t\t\t\t<\/div>\n\t\t\t\t<\/div>\n\t\t\t\t<div class=\"elementor-element elementor-element-14a0c33 elementor-widget elementor-widget-text-editor\" data-id=\"14a0c33\" data-element_type=\"widget\" data-e-type=\"widget\" data-widget_type=\"text-editor.default\">\n\t\t\t\t<div class=\"elementor-widget-container\">\n\t\t\t\t\t\t\t\t\t<p>EUROPEAN COMMISSI\u00d3. Press release (Mar 4, 2026) <\/p><p><a href=\"https:\/\/ec.europa.eu\/commission\/presscorner\/detail\/en\/ip_26_515\" target=\"_blank\" rel=\"noopener\">https:\/\/ec.europa.eu\/commission\/presscorner\/detail\/en\/ip_26_515<\/a><\/p>\t\t\t\t\t\t\t\t<\/div>\n\t\t\t\t<\/div>\n\t\t\t\t<div class=\"elementor-element elementor-element-1e6fed62 elementor-widget elementor-widget-spacer\" data-id=\"1e6fed62\" data-element_type=\"widget\" data-e-type=\"widget\" data-widget_type=\"spacer.default\">\n\t\t\t\t<div class=\"elementor-widget-container\">\n\t\t\t\t\t\t\t<div class=\"elementor-spacer\">\n\t\t\t<div class=\"elementor-spacer-inner\"><\/div>\n\t\t<\/div>\n\t\t\t\t\t\t<\/div>\n\t\t\t\t<\/div>\n\t\t\t\t\t<\/div>\n\t\t<\/div>\n\t\t\t\t\t<\/div>\n\t\t<\/section>\n\t\t\t\t<section class=\"elementor-section elementor-top-section elementor-element elementor-element-70f24f0c elementor-section-boxed elementor-section-height-default elementor-section-height-default\" data-id=\"70f24f0c\" data-element_type=\"section\" data-e-type=\"section\" data-settings=\"{&quot;background_background&quot;:&quot;classic&quot;}\">\n\t\t\t\t\t\t<div class=\"elementor-container elementor-column-gap-default\">\n\t\t\t\t\t<div class=\"elementor-column elementor-col-100 elementor-top-column elementor-element elementor-element-498d384d\" data-id=\"498d384d\" data-element_type=\"column\" data-e-type=\"column\">\n\t\t\t<div class=\"elementor-widget-wrap elementor-element-populated\">\n\t\t\t\t\t\t<div class=\"elementor-element elementor-element-2d7987b elementor-widget elementor-widget-heading\" data-id=\"2d7987b\" data-element_type=\"widget\" data-e-type=\"widget\" data-widget_type=\"heading.default\">\n\t\t\t\t<div class=\"elementor-widget-container\">\n\t\t\t\t\t<h3 class=\"elementor-heading-title elementor-size-default\">Aprofundeix amb els recursos amec data del CoLAB<\/h3>\t\t\t\t<\/div>\n\t\t\t\t<\/div>\n\t\t\t\t<div class=\"elementor-element elementor-element-eca7589 elementor-widget-divider--view-line elementor-widget elementor-widget-divider\" data-id=\"eca7589\" data-element_type=\"widget\" data-e-type=\"widget\" data-widget_type=\"divider.default\">\n\t\t\t\t<div class=\"elementor-widget-container\">\n\t\t\t\t\t\t\t<div class=\"elementor-divider\">\n\t\t\t<span class=\"elementor-divider-separator\">\n\t\t\t\t\t\t<\/span>\n\t\t<\/div>\n\t\t\t\t\t\t<\/div>\n\t\t\t\t<\/div>\n\t\t<div class=\"elementor-element elementor-element-1beaf0d2 e-grid e-con-boxed e-con e-parent\" data-id=\"1beaf0d2\" data-element_type=\"container\" data-e-type=\"container\" data-settings=\"{&quot;background_background&quot;:&quot;classic&quot;}\">\n\t\t\t\t\t<div class=\"e-con-inner\">\n\t\t\t\t<div class=\"elementor-element elementor-element-42e9dd8e elementor-widget elementor-widget-image\" data-id=\"42e9dd8e\" data-element_type=\"widget\" data-e-type=\"widget\" data-widget_type=\"image.default\">\n\t\t\t\t<div class=\"elementor-widget-container\">\n\t\t\t\t\t\t\t\t\t\t\t\t\t\t\t\t<a href=\"https:\/\/amec.es\/ca\/comunitat\/colab\/\">\n\t\t\t\t\t\t\t<img fetchpriority=\"high\" decoding=\"async\" width=\"800\" height=\"295\" src=\"https:\/\/amec.es\/wp-content\/uploads\/2026\/01\/Banner-Indicadores-adelantados-amec-1024x377.png\" class=\"attachment-large size-large wp-image-45856\" alt=\"\" srcset=\"https:\/\/amec.es\/wp-content\/uploads\/2026\/01\/Banner-Indicadores-adelantados-amec-1024x377.png 1024w, https:\/\/amec.es\/wp-content\/uploads\/2026\/01\/Banner-Indicadores-adelantados-amec-300x110.png 300w, https:\/\/amec.es\/wp-content\/uploads\/2026\/01\/Banner-Indicadores-adelantados-amec-768x283.png 768w, https:\/\/amec.es\/wp-content\/uploads\/2026\/01\/Banner-Indicadores-adelantados-amec.png 1280w\" sizes=\"(max-width: 800px) 100vw, 800px\" \/>\t\t\t\t\t\t\t\t<\/a>\n\t\t\t\t\t\t\t\t\t\t\t\t\t\t\t<\/div>\n\t\t\t\t<\/div>\n\t\t\t\t<div class=\"elementor-element elementor-element-39a11e90 elementor-widget elementor-widget-image\" data-id=\"39a11e90\" data-element_type=\"widget\" data-e-type=\"widget\" data-widget_type=\"image.default\">\n\t\t\t\t<div class=\"elementor-widget-container\">\n\t\t\t\t\t\t\t\t\t\t\t\t\t\t\t\t<a href=\"https:\/\/amec.es\/ca\/comunitat\/colab\/\">\n\t\t\t\t\t\t\t<img decoding=\"async\" width=\"800\" height=\"295\" src=\"https:\/\/amec.es\/wp-content\/uploads\/2026\/01\/Banner-Panel-exportaciones-amec-1024x377.png\" class=\"attachment-large size-large wp-image-46159\" alt=\"\" srcset=\"https:\/\/amec.es\/wp-content\/uploads\/2026\/01\/Banner-Panel-exportaciones-amec-1024x377.png 1024w, https:\/\/amec.es\/wp-content\/uploads\/2026\/01\/Banner-Panel-exportaciones-amec-300x110.png 300w, https:\/\/amec.es\/wp-content\/uploads\/2026\/01\/Banner-Panel-exportaciones-amec-768x283.png 768w, https:\/\/amec.es\/wp-content\/uploads\/2026\/01\/Banner-Panel-exportaciones-amec.png 1280w\" sizes=\"(max-width: 800px) 100vw, 800px\" \/>\t\t\t\t\t\t\t\t<\/a>\n\t\t\t\t\t\t\t\t\t\t\t\t\t\t\t<\/div>\n\t\t\t\t<\/div>\n\t\t\t\t\t<\/div>\n\t\t\t\t<\/div>\n\t\t\t\t\t<\/div>\n\t\t<\/div>\n\t\t\t\t\t<\/div>\n\t\t<\/section>\n\t\t<div class=\"elementor-element elementor-element-5927197f e-flex e-con-boxed e-con e-parent\" data-id=\"5927197f\" data-element_type=\"container\" data-e-type=\"container\">\n\t\t\t\t\t<div class=\"e-con-inner\">\n\t\t\t\t<div class=\"elementor-element elementor-element-36878356 elementor-widget elementor-widget-spacer\" data-id=\"36878356\" data-element_type=\"widget\" data-e-type=\"widget\" data-widget_type=\"spacer.default\">\n\t\t\t\t<div class=\"elementor-widget-container\">\n\t\t\t\t\t\t\t<div class=\"elementor-spacer\">\n\t\t\t<div class=\"elementor-spacer-inner\"><\/div>\n\t\t<\/div>\n\t\t\t\t\t\t<\/div>\n\t\t\t\t<\/div>\n\t\t\t\t\t<\/div>\n\t\t\t\t<\/div>\n\t\t\t\t<section class=\"elementor-section elementor-top-section elementor-element elementor-element-48f1716f elementor-section-boxed elementor-section-height-default elementor-section-height-default\" data-id=\"48f1716f\" data-element_type=\"section\" data-e-type=\"section\" data-settings=\"{&quot;background_background&quot;:&quot;classic&quot;}\">\n\t\t\t\t\t\t<div class=\"elementor-container elementor-column-gap-default\">\n\t\t\t\t\t<div class=\"elementor-column elementor-col-100 elementor-top-column elementor-element elementor-element-7ad652a\" data-id=\"7ad652a\" data-element_type=\"column\" data-e-type=\"column\">\n\t\t\t<div class=\"elementor-widget-wrap elementor-element-populated\">\n\t\t\t\t\t\t<div class=\"elementor-element elementor-element-7a15bc77 elementor-widget elementor-widget-heading\" data-id=\"7a15bc77\" data-element_type=\"widget\" data-e-type=\"widget\" data-widget_type=\"heading.default\">\n\t\t\t\t<div class=\"elementor-widget-container\">\n\t\t\t\t\t<h3 class=\"elementor-heading-title elementor-size-default\">Vols m\u00e9s informaci\u00f3? Contacta'ns! <\/h3>\t\t\t\t<\/div>\n\t\t\t\t<\/div>\n\t\t\t\t<div class=\"elementor-element elementor-element-4e87be8e elementor-widget-divider--view-line elementor-widget elementor-widget-divider\" data-id=\"4e87be8e\" data-element_type=\"widget\" data-e-type=\"widget\" data-widget_type=\"divider.default\">\n\t\t\t\t<div class=\"elementor-widget-container\">\n\t\t\t\t\t\t\t<div class=\"elementor-divider\">\n\t\t\t<span class=\"elementor-divider-separator\">\n\t\t\t\t\t\t<\/span>\n\t\t<\/div>\n\t\t\t\t\t\t<\/div>\n\t\t\t\t<\/div>\n\t\t\t\t<section class=\"elementor-section elementor-inner-section elementor-element elementor-element-57177f39 elementor-section-boxed elementor-section-height-default elementor-section-height-default\" data-id=\"57177f39\" data-element_type=\"section\" data-e-type=\"section\">\n\t\t\t\t\t\t<div class=\"elementor-container elementor-column-gap-default\">\n\t\t\t\t\t<div class=\"elementor-column elementor-col-50 elementor-inner-column elementor-element elementor-element-e9ba998\" data-id=\"e9ba998\" data-element_type=\"column\" data-e-type=\"column\">\n\t\t\t<div class=\"elementor-widget-wrap elementor-element-populated\">\n\t\t\t\t\t\t<div class=\"elementor-element elementor-element-eced617 elementor-widget elementor-widget-image\" data-id=\"eced617\" data-element_type=\"widget\" data-e-type=\"widget\" data-widget_type=\"image.default\">\n\t\t\t\t<div class=\"elementor-widget-container\">\n\t\t\t\t\t\t\t\t\t\t\t\t\t\t\t<img decoding=\"async\" width=\"380\" height=\"250\" src=\"https:\/\/amec.es\/wp-content\/uploads\/2023\/07\/susana-gonzalez-3-r-2-redim-prop66-w380-h250.jpg\" class=\"attachment-large size-large wp-image-1193\" alt=\"\" srcset=\"https:\/\/amec.es\/wp-content\/uploads\/2023\/07\/susana-gonzalez-3-r-2-redim-prop66-w380-h250.jpg 380w, https:\/\/amec.es\/wp-content\/uploads\/2023\/07\/susana-gonzalez-3-r-2-redim-prop66-w380-h250-300x197.jpg 300w\" sizes=\"(max-width: 380px) 100vw, 380px\" \/>\t\t\t\t\t\t\t\t\t\t\t\t\t\t\t<\/div>\n\t\t\t\t<\/div>\n\t\t\t\t\t<\/div>\n\t\t<\/div>\n\t\t\t\t<div class=\"elementor-column elementor-col-50 elementor-inner-column elementor-element elementor-element-5aa589d9\" data-id=\"5aa589d9\" data-element_type=\"column\" data-e-type=\"column\">\n\t\t\t<div class=\"elementor-widget-wrap elementor-element-populated\">\n\t\t\t\t\t\t<div class=\"elementor-element elementor-element-db5637c elementor-icon-list--layout-traditional elementor-list-item-link-full_width elementor-widget elementor-widget-icon-list\" data-id=\"db5637c\" data-element_type=\"widget\" data-e-type=\"widget\" data-widget_type=\"icon-list.default\">\n\t\t\t\t<div class=\"elementor-widget-container\">\n\t\t\t\t\t\t\t<ul class=\"elementor-icon-list-items\">\n\t\t\t\t\t\t\t<li class=\"elementor-icon-list-item\">\n\t\t\t\t\t\t\t\t\t\t\t<span class=\"elementor-icon-list-icon\">\n\t\t\t\t\t\t\t<i aria-hidden=\"true\" class=\"fas fa-user-circle\"><\/i>\t\t\t\t\t\t<\/span>\n\t\t\t\t\t\t\t\t\t\t<span class=\"elementor-icon-list-text\">Susana Gonzalez<\/span>\n\t\t\t\t\t\t\t\t\t<\/li>\n\t\t\t\t\t\t\t\t<li class=\"elementor-icon-list-item\">\n\t\t\t\t\t\t\t\t\t\t\t<span class=\"elementor-icon-list-icon\">\n\t\t\t\t\t\t\t<i aria-hidden=\"true\" class=\"fas fa-briefcase\"><\/i>\t\t\t\t\t\t<\/span>\n\t\t\t\t\t\t\t\t\t\t<span class=\"elementor-icon-list-text\">Intel\u00b7lig\u00e8ncia i Capacitaci\u00f3<\/span>\n\t\t\t\t\t\t\t\t\t<\/li>\n\t\t\t\t\t\t\t\t<li class=\"elementor-icon-list-item\">\n\t\t\t\t\t\t\t\t\t\t\t<span class=\"elementor-icon-list-icon\">\n\t\t\t\t\t\t\t<i aria-hidden=\"true\" class=\"fas fa-envelope\"><\/i>\t\t\t\t\t\t<\/span>\n\t\t\t\t\t\t\t\t\t\t<span class=\"elementor-icon-list-text\">sgonzalez@amec.es<\/span>\n\t\t\t\t\t\t\t\t\t<\/li>\n\t\t\t\t\t\t<\/ul>\n\t\t\t\t\t\t<\/div>\n\t\t\t\t<\/div>\n\t\t\t\t<div class=\"elementor-element elementor-element-2374c32b elementor-widget elementor-widget-spacer\" data-id=\"2374c32b\" data-element_type=\"widget\" data-e-type=\"widget\" data-widget_type=\"spacer.default\">\n\t\t\t\t<div class=\"elementor-widget-container\">\n\t\t\t\t\t\t\t<div class=\"elementor-spacer\">\n\t\t\t<div class=\"elementor-spacer-inner\"><\/div>\n\t\t<\/div>\n\t\t\t\t\t\t<\/div>\n\t\t\t\t<\/div>\n\t\t\t\t\t<\/div>\n\t\t<\/div>\n\t\t\t\t\t<\/div>\n\t\t<\/section>\n\t\t\t\t\t<\/div>\n\t\t<\/div>\n\t\t\t\t\t<\/div>\n\t\t<\/section>\n\t\t<div class=\"elementor-element elementor-element-435ac92e elementor-hidden-mobile e-flex e-con-boxed e-con e-parent\" data-id=\"435ac92e\" data-element_type=\"container\" data-e-type=\"container\">\n\t\t\t\t\t<div class=\"e-con-inner\">\n\t\t<div class=\"elementor-element elementor-element-f796b8b elementor-hidden-mobile e-con-full e-flex e-con e-child\" data-id=\"f796b8b\" data-element_type=\"container\" data-e-type=\"container\">\n\t\t<div class=\"elementor-element elementor-element-76cdf50d e-con-full e-flex e-con e-child\" data-id=\"76cdf50d\" data-element_type=\"container\" data-e-type=\"container\">\n\t\t\t\t<\/div>\n\t\t<div class=\"elementor-element elementor-element-7522e102 e-con-full e-flex e-con e-child\" data-id=\"7522e102\" data-element_type=\"container\" data-e-type=\"container\">\n\t\t\t\t<div class=\"elementor-element elementor-element-2abff197 elementor-widget elementor-widget-image\" data-id=\"2abff197\" data-element_type=\"widget\" data-e-type=\"widget\" data-widget_type=\"image.default\">\n\t\t\t\t<div class=\"elementor-widget-container\">\n\t\t\t\t\t\t\t\t\t\t\t\t\t\t\t\t<a href=\"https:\/\/positiveindustry.org\/\">\n\t\t\t\t\t\t\t<img loading=\"lazy\" decoding=\"async\" width=\"500\" height=\"529\" src=\"https:\/\/amec.es\/wp-content\/uploads\/2025\/05\/segellmemberof.png\" class=\"attachment-large size-large wp-image-34785\" alt=\"\" srcset=\"https:\/\/amec.es\/wp-content\/uploads\/2025\/05\/segellmemberof.png 500w, https:\/\/amec.es\/wp-content\/uploads\/2025\/05\/segellmemberof-284x300.png 284w\" sizes=\"(max-width: 500px) 100vw, 500px\" \/>\t\t\t\t\t\t\t\t<\/a>\n\t\t\t\t\t\t\t\t\t\t\t\t\t\t\t<\/div>\n\t\t\t\t<\/div>\n\t\t\t\t<\/div>\n\t\t<div class=\"elementor-element elementor-element-d05292b e-con-full e-flex e-con e-child\" data-id=\"d05292b\" data-element_type=\"container\" data-e-type=\"container\">\n\t\t\t\t<div class=\"elementor-element elementor-element-345da6b4 elementor-widget elementor-widget-image\" data-id=\"345da6b4\" data-element_type=\"widget\" data-e-type=\"widget\" data-widget_type=\"image.default\">\n\t\t\t\t<div class=\"elementor-widget-container\">\n\t\t\t\t\t\t\t\t\t\t\t\t\t\t\t<img loading=\"lazy\" decoding=\"async\" width=\"168\" height=\"95\" src=\"https:\/\/amec.es\/wp-content\/uploads\/2023\/07\/theglobalcompact.jpg\" class=\"attachment-large size-large wp-image-69\" alt=\"\" \/>\t\t\t\t\t\t\t\t\t\t\t\t\t\t\t<\/div>\n\t\t\t\t<\/div>\n\t\t\t\t<\/div>\n\t\t<div class=\"elementor-element elementor-element-705d9d9d e-con-full e-flex e-con e-child\" data-id=\"705d9d9d\" data-element_type=\"container\" data-e-type=\"container\">\n\t\t\t\t<div class=\"elementor-element elementor-element-5283efe8 elementor-widget elementor-widget-image\" data-id=\"5283efe8\" data-element_type=\"widget\" data-e-type=\"widget\" data-widget_type=\"image.default\">\n\t\t\t\t<div class=\"elementor-widget-container\">\n\t\t\t\t\t\t\t\t\t\t\t\t\t\t\t\t<a href=\"https:\/\/www.cematex.com\/\">\n\t\t\t\t\t\t\t<img loading=\"lazy\" decoding=\"async\" width=\"187\" height=\"187\" src=\"https:\/\/amec.es\/wp-content\/uploads\/2023\/07\/CEMATEX-logo.jpg\" class=\"attachment-large size-large wp-image-41268\" alt=\"\" srcset=\"https:\/\/amec.es\/wp-content\/uploads\/2023\/07\/CEMATEX-logo.jpg 187w, https:\/\/amec.es\/wp-content\/uploads\/2023\/07\/CEMATEX-logo-150x150.jpg 150w, https:\/\/amec.es\/wp-content\/uploads\/2023\/07\/CEMATEX-logo-100x100.jpg 100w\" sizes=\"(max-width: 187px) 100vw, 187px\" \/>\t\t\t\t\t\t\t\t<\/a>\n\t\t\t\t\t\t\t\t\t\t\t\t\t\t\t<\/div>\n\t\t\t\t<\/div>\n\t\t\t\t<\/div>\n\t\t<div class=\"elementor-element elementor-element-263ca754 e-con-full e-flex e-con e-child\" data-id=\"263ca754\" data-element_type=\"container\" data-e-type=\"container\">\n\t\t\t\t<div class=\"elementor-element elementor-element-337288b1 elementor-widget elementor-widget-image\" data-id=\"337288b1\" data-element_type=\"widget\" data-e-type=\"widget\" data-widget_type=\"image.default\">\n\t\t\t\t<div class=\"elementor-widget-container\">\n\t\t\t\t\t\t\t\t\t\t\t\t\t\t\t<img loading=\"lazy\" decoding=\"async\" width=\"168\" height=\"95\" src=\"https:\/\/amec.es\/wp-content\/uploads\/2023\/07\/exportarparacrecer.jpg\" class=\"attachment-large size-large wp-image-73\" alt=\"\" \/>\t\t\t\t\t\t\t\t\t\t\t\t\t\t\t<\/div>\n\t\t\t\t<\/div>\n\t\t\t\t<\/div>\n\t\t<div class=\"elementor-element elementor-element-805776a e-con-full e-flex e-con e-child\" data-id=\"805776a\" data-element_type=\"container\" data-e-type=\"container\">\n\t\t\t\t<div class=\"elementor-element elementor-element-582adb5b elementor-widget elementor-widget-image\" data-id=\"582adb5b\" data-element_type=\"widget\" data-e-type=\"widget\" data-widget_type=\"image.default\">\n\t\t\t\t<div class=\"elementor-widget-container\">\n\t\t\t\t\t\t\t\t\t\t\t\t\t\t\t<img loading=\"lazy\" decoding=\"async\" width=\"300\" height=\"200\" src=\"https:\/\/amec.es\/wp-content\/uploads\/2025\/02\/Logos-representacio-institucional-05.jpg\" class=\"attachment-large size-large wp-image-31068\" alt=\"\" \/>\t\t\t\t\t\t\t\t\t\t\t\t\t\t\t<\/div>\n\t\t\t\t<\/div>\n\t\t\t\t<\/div>\n\t\t<div class=\"elementor-element elementor-element-426cf321 e-con-full e-flex e-con e-child\" data-id=\"426cf321\" data-element_type=\"container\" data-e-type=\"container\">\n\t\t\t\t<div class=\"elementor-element elementor-element-51c0c9ec elementor-widget elementor-widget-image\" data-id=\"51c0c9ec\" data-element_type=\"widget\" data-e-type=\"widget\" data-widget_type=\"image.default\">\n\t\t\t\t<div class=\"elementor-widget-container\">\n\t\t\t\t\t\t\t\t\t\t\t\t\t\t\t\t<a href=\"https:\/\/www.accio.gencat.cat\/es\/inici\/index.html\">\n\t\t\t\t\t\t\t<img loading=\"lazy\" decoding=\"async\" width=\"778\" height=\"853\" src=\"https:\/\/amec.es\/wp-content\/uploads\/2025\/02\/Segell-Agents-de-Suport-a-la-Internacionalitzacio-Superior.png\" class=\"attachment-large size-large wp-image-34732\" alt=\"\" srcset=\"https:\/\/amec.es\/wp-content\/uploads\/2025\/02\/Segell-Agents-de-Suport-a-la-Internacionalitzacio-Superior.png 778w, https:\/\/amec.es\/wp-content\/uploads\/2025\/02\/Segell-Agents-de-Suport-a-la-Internacionalitzacio-Superior-274x300.png 274w, https:\/\/amec.es\/wp-content\/uploads\/2025\/02\/Segell-Agents-de-Suport-a-la-Internacionalitzacio-Superior-768x842.png 768w, https:\/\/amec.es\/wp-content\/uploads\/2025\/02\/Segell-Agents-de-Suport-a-la-Internacionalitzacio-Superior-600x658.png 600w\" sizes=\"(max-width: 778px) 100vw, 778px\" \/>\t\t\t\t\t\t\t\t<\/a>\n\t\t\t\t\t\t\t\t\t\t\t\t\t\t\t<\/div>\n\t\t\t\t<\/div>\n\t\t\t\t<\/div>\n\t\t<div class=\"elementor-element elementor-element-cd109e5 e-con-full e-flex e-con e-child\" data-id=\"cd109e5\" data-element_type=\"container\" data-e-type=\"container\">\n\t\t\t\t<div class=\"elementor-element elementor-element-78e1c5de elementor-widget elementor-widget-text-editor\" data-id=\"78e1c5de\" data-element_type=\"widget\" data-e-type=\"widget\" data-widget_type=\"text-editor.default\">\n\t\t\t\t<div class=\"elementor-widget-container\">\n\t\t\t\t\t\t\t\t\t<p><a href=\"https:\/\/www.accio.gencat.cat\/ca\/accio\/processos-acreditacio\/agents-suport-internacionalitzacio\/\"><span data-olk-copy-source=\"MessageBody\">Agent acreditat per ACCI\u00d3<\/span><\/a><\/p>\t\t\t\t\t\t\t\t<\/div>\n\t\t\t\t<\/div>\n\t\t\t\t<\/div>\n\t\t<div class=\"elementor-element elementor-element-556df65d e-con-full e-flex e-con e-child\" data-id=\"556df65d\" data-element_type=\"container\" data-e-type=\"container\">\n\t\t\t\t<\/div>\n\t\t\t\t<\/div>\n\t\t\t\t\t<\/div>\n\t\t\t\t<\/div>\n\t\t\t\t<\/div>\n\t\t","protected":false},"excerpt":{"rendered":"<p>La CE ha adoptat la proposta de la llei de l&#8217;accelerador industrial. El seu objectiu \u00e9s augmentar la producci\u00f3 industrial resilient i descarbonitzada a la Uni\u00f3, amb la meta que la ind\u00fastria representi el 20% del PIB de la UE per al 2035. Us expliquem els punts m\u00e9s rellevants. Creaci\u00f3 de &#8220;Mercats L\u00edders&#8221; mitjan\u00e7ant Requisits [&hellip;]<\/p>\n","protected":false},"author":10,"featured_media":0,"parent":5934,"menu_order":0,"comment_status":"closed","ping_status":"closed","template":"elementor_canvas","meta":{"inline_featured_image":false,"footnotes":""},"categories":[219],"tags":[],"class_list":["post-51046","page","type-page","status-publish","hentry","category-alertes-i-tendencies-exclusives"],"yoast_head":"<!-- This site is optimized with the Yoast SEO plugin v27.3 - https:\/\/yoast.com\/product\/yoast-seo-wordpress\/ -->\n<title>Adopci\u00f3 de la proposta de llei de l&#039;accelerador industrial | amec Positive Industry<\/title>\n<meta name=\"robots\" content=\"index, follow, max-snippet:-1, max-image-preview:large, max-video-preview:-1\" \/>\n<link rel=\"canonical\" href=\"https:\/\/amec.es\/ca\/anticipat\/alertes-i-oportunitats\/adopcio-de-la-proposta-de-llei-de-laccelerador-industrial\/\" \/>\n<meta property=\"og:locale\" content=\"ca_ES\" \/>\n<meta property=\"og:type\" content=\"article\" \/>\n<meta property=\"og:title\" content=\"Adopci\u00f3 de la proposta de llei de l&#039;accelerador industrial | amec Positive Industry\" \/>\n<meta property=\"og:description\" content=\"La CE ha adoptat la proposta de la llei de l&#8217;accelerador industrial. El seu objectiu \u00e9s augmentar la producci\u00f3 industrial resilient i descarbonitzada a la Uni\u00f3, amb la meta que la ind\u00fastria representi el 20% del PIB de la UE per al 2035. Us expliquem els punts m\u00e9s rellevants. Creaci\u00f3 de &#8220;Mercats L\u00edders&#8221; mitjan\u00e7ant Requisits [&hellip;]\" \/>\n<meta property=\"og:url\" content=\"https:\/\/amec.es\/ca\/anticipat\/alertes-i-oportunitats\/adopcio-de-la-proposta-de-llei-de-laccelerador-industrial\/\" \/>\n<meta property=\"og:site_name\" content=\"amec Positive Industry\" \/>\n<meta property=\"article:modified_time\" content=\"2026-03-06T08:38:24+00:00\" \/>\n<meta property=\"og:image\" content=\"https:\/\/amec.es\/wp-content\/uploads\/2026\/01\/Banner-Indicadores-adelantados-amec.png\" \/>\n\t<meta property=\"og:image:width\" content=\"1280\" \/>\n\t<meta property=\"og:image:height\" content=\"471\" \/>\n\t<meta property=\"og:image:type\" content=\"image\/png\" \/>\n<meta name=\"twitter:card\" content=\"summary_large_image\" \/>\n<meta name=\"twitter:label1\" content=\"Temps estimat de lectura\" \/>\n\t<meta name=\"twitter:data1\" content=\"5 minuts\" \/>\n<script type=\"application\/ld+json\" class=\"yoast-schema-graph\">{\"@context\":\"https:\\\/\\\/schema.org\",\"@graph\":[{\"@type\":\"WebPage\",\"@id\":\"https:\\\/\\\/amec.es\\\/ca\\\/anticipat\\\/alertes-i-oportunitats\\\/adopcio-de-la-proposta-de-llei-de-laccelerador-industrial\\\/\",\"url\":\"https:\\\/\\\/amec.es\\\/ca\\\/anticipat\\\/alertes-i-oportunitats\\\/adopcio-de-la-proposta-de-llei-de-laccelerador-industrial\\\/\",\"name\":\"Adopci\u00f3 de la proposta de llei de l'accelerador industrial | amec Positive Industry\",\"isPartOf\":{\"@id\":\"https:\\\/\\\/amec.es\\\/#website\"},\"primaryImageOfPage\":{\"@id\":\"https:\\\/\\\/amec.es\\\/ca\\\/anticipat\\\/alertes-i-oportunitats\\\/adopcio-de-la-proposta-de-llei-de-laccelerador-industrial\\\/#primaryimage\"},\"image\":{\"@id\":\"https:\\\/\\\/amec.es\\\/ca\\\/anticipat\\\/alertes-i-oportunitats\\\/adopcio-de-la-proposta-de-llei-de-laccelerador-industrial\\\/#primaryimage\"},\"thumbnailUrl\":\"https:\\\/\\\/amec.es\\\/wp-content\\\/uploads\\\/2026\\\/01\\\/Banner-Indicadores-adelantados-amec-1024x377.png\",\"datePublished\":\"2026-03-06T08:35:12+00:00\",\"dateModified\":\"2026-03-06T08:38:24+00:00\",\"breadcrumb\":{\"@id\":\"https:\\\/\\\/amec.es\\\/ca\\\/anticipat\\\/alertes-i-oportunitats\\\/adopcio-de-la-proposta-de-llei-de-laccelerador-industrial\\\/#breadcrumb\"},\"inLanguage\":\"ca\",\"potentialAction\":[{\"@type\":\"ReadAction\",\"target\":[\"https:\\\/\\\/amec.es\\\/ca\\\/anticipat\\\/alertes-i-oportunitats\\\/adopcio-de-la-proposta-de-llei-de-laccelerador-industrial\\\/\"]}]},{\"@type\":\"ImageObject\",\"inLanguage\":\"ca\",\"@id\":\"https:\\\/\\\/amec.es\\\/ca\\\/anticipat\\\/alertes-i-oportunitats\\\/adopcio-de-la-proposta-de-llei-de-laccelerador-industrial\\\/#primaryimage\",\"url\":\"https:\\\/\\\/amec.es\\\/wp-content\\\/uploads\\\/2026\\\/01\\\/Banner-Indicadores-adelantados-amec-1024x377.png\",\"contentUrl\":\"https:\\\/\\\/amec.es\\\/wp-content\\\/uploads\\\/2026\\\/01\\\/Banner-Indicadores-adelantados-amec-1024x377.png\"},{\"@type\":\"BreadcrumbList\",\"@id\":\"https:\\\/\\\/amec.es\\\/ca\\\/anticipat\\\/alertes-i-oportunitats\\\/adopcio-de-la-proposta-de-llei-de-laccelerador-industrial\\\/#breadcrumb\",\"itemListElement\":[{\"@type\":\"ListItem\",\"position\":1,\"name\":\"Portada\",\"item\":\"https:\\\/\\\/amec.es\\\/ca\\\/home-new\\\/\"},{\"@type\":\"ListItem\",\"position\":2,\"name\":\"Anticipa&#8217;t\",\"item\":\"https:\\\/\\\/amec.es\\\/ca\\\/anticipat\\\/\"},{\"@type\":\"ListItem\",\"position\":3,\"name\":\"Alertes i oportunitats\",\"item\":\"https:\\\/\\\/amec.es\\\/ca\\\/anticipat\\\/alertes-i-oportunitats\\\/\"},{\"@type\":\"ListItem\",\"position\":4,\"name\":\"Adopci\u00f3 de la proposta de llei de l&#8217;accelerador industrial\"}]},{\"@type\":\"WebSite\",\"@id\":\"https:\\\/\\\/amec.es\\\/#website\",\"url\":\"https:\\\/\\\/amec.es\\\/\",\"name\":\"amec Positive Industry\",\"description\":\"\",\"publisher\":{\"@id\":\"https:\\\/\\\/amec.es\\\/#organization\"},\"potentialAction\":[{\"@type\":\"SearchAction\",\"target\":{\"@type\":\"EntryPoint\",\"urlTemplate\":\"https:\\\/\\\/amec.es\\\/?s={search_term_string}\"},\"query-input\":{\"@type\":\"PropertyValueSpecification\",\"valueRequired\":true,\"valueName\":\"search_term_string\"}}],\"inLanguage\":\"ca\"},{\"@type\":\"Organization\",\"@id\":\"https:\\\/\\\/amec.es\\\/#organization\",\"name\":\"amec Positive Industry\",\"url\":\"https:\\\/\\\/amec.es\\\/\",\"logo\":{\"@type\":\"ImageObject\",\"inLanguage\":\"ca\",\"@id\":\"https:\\\/\\\/amec.es\\\/#\\\/schema\\\/logo\\\/image\\\/\",\"url\":\"https:\\\/\\\/amec.es\\\/wp-content\\\/uploads\\\/2023\\\/07\\\/logoamec.png\",\"contentUrl\":\"https:\\\/\\\/amec.es\\\/wp-content\\\/uploads\\\/2023\\\/07\\\/logoamec.png\",\"width\":200,\"height\":48,\"caption\":\"amec Positive Industry\"},\"image\":{\"@id\":\"https:\\\/\\\/amec.es\\\/#\\\/schema\\\/logo\\\/image\\\/\"}}]}<\/script>\n<!-- \/ Yoast SEO plugin. -->","yoast_head_json":{"title":"Adopci\u00f3 de la proposta de llei de l'accelerador industrial | amec Positive Industry","robots":{"index":"index","follow":"follow","max-snippet":"max-snippet:-1","max-image-preview":"max-image-preview:large","max-video-preview":"max-video-preview:-1"},"canonical":"https:\/\/amec.es\/ca\/anticipat\/alertes-i-oportunitats\/adopcio-de-la-proposta-de-llei-de-laccelerador-industrial\/","og_locale":"ca_ES","og_type":"article","og_title":"Adopci\u00f3 de la proposta de llei de l'accelerador industrial | amec Positive Industry","og_description":"La CE ha adoptat la proposta de la llei de l&#8217;accelerador industrial. El seu objectiu \u00e9s augmentar la producci\u00f3 industrial resilient i descarbonitzada a la Uni\u00f3, amb la meta que la ind\u00fastria representi el 20% del PIB de la UE per al 2035. Us expliquem els punts m\u00e9s rellevants. Creaci\u00f3 de &#8220;Mercats L\u00edders&#8221; mitjan\u00e7ant Requisits [&hellip;]","og_url":"https:\/\/amec.es\/ca\/anticipat\/alertes-i-oportunitats\/adopcio-de-la-proposta-de-llei-de-laccelerador-industrial\/","og_site_name":"amec Positive Industry","article_modified_time":"2026-03-06T08:38:24+00:00","og_image":[{"width":1280,"height":471,"url":"https:\/\/amec.es\/wp-content\/uploads\/2026\/01\/Banner-Indicadores-adelantados-amec.png","type":"image\/png"}],"twitter_card":"summary_large_image","twitter_misc":{"Temps estimat de lectura":"5 minuts"},"schema":{"@context":"https:\/\/schema.org","@graph":[{"@type":"WebPage","@id":"https:\/\/amec.es\/ca\/anticipat\/alertes-i-oportunitats\/adopcio-de-la-proposta-de-llei-de-laccelerador-industrial\/","url":"https:\/\/amec.es\/ca\/anticipat\/alertes-i-oportunitats\/adopcio-de-la-proposta-de-llei-de-laccelerador-industrial\/","name":"Adopci\u00f3 de la proposta de llei de l'accelerador industrial | amec Positive Industry","isPartOf":{"@id":"https:\/\/amec.es\/#website"},"primaryImageOfPage":{"@id":"https:\/\/amec.es\/ca\/anticipat\/alertes-i-oportunitats\/adopcio-de-la-proposta-de-llei-de-laccelerador-industrial\/#primaryimage"},"image":{"@id":"https:\/\/amec.es\/ca\/anticipat\/alertes-i-oportunitats\/adopcio-de-la-proposta-de-llei-de-laccelerador-industrial\/#primaryimage"},"thumbnailUrl":"https:\/\/amec.es\/wp-content\/uploads\/2026\/01\/Banner-Indicadores-adelantados-amec-1024x377.png","datePublished":"2026-03-06T08:35:12+00:00","dateModified":"2026-03-06T08:38:24+00:00","breadcrumb":{"@id":"https:\/\/amec.es\/ca\/anticipat\/alertes-i-oportunitats\/adopcio-de-la-proposta-de-llei-de-laccelerador-industrial\/#breadcrumb"},"inLanguage":"ca","potentialAction":[{"@type":"ReadAction","target":["https:\/\/amec.es\/ca\/anticipat\/alertes-i-oportunitats\/adopcio-de-la-proposta-de-llei-de-laccelerador-industrial\/"]}]},{"@type":"ImageObject","inLanguage":"ca","@id":"https:\/\/amec.es\/ca\/anticipat\/alertes-i-oportunitats\/adopcio-de-la-proposta-de-llei-de-laccelerador-industrial\/#primaryimage","url":"https:\/\/amec.es\/wp-content\/uploads\/2026\/01\/Banner-Indicadores-adelantados-amec-1024x377.png","contentUrl":"https:\/\/amec.es\/wp-content\/uploads\/2026\/01\/Banner-Indicadores-adelantados-amec-1024x377.png"},{"@type":"BreadcrumbList","@id":"https:\/\/amec.es\/ca\/anticipat\/alertes-i-oportunitats\/adopcio-de-la-proposta-de-llei-de-laccelerador-industrial\/#breadcrumb","itemListElement":[{"@type":"ListItem","position":1,"name":"Portada","item":"https:\/\/amec.es\/ca\/home-new\/"},{"@type":"ListItem","position":2,"name":"Anticipa&#8217;t","item":"https:\/\/amec.es\/ca\/anticipat\/"},{"@type":"ListItem","position":3,"name":"Alertes i oportunitats","item":"https:\/\/amec.es\/ca\/anticipat\/alertes-i-oportunitats\/"},{"@type":"ListItem","position":4,"name":"Adopci\u00f3 de la proposta de llei de l&#8217;accelerador industrial"}]},{"@type":"WebSite","@id":"https:\/\/amec.es\/#website","url":"https:\/\/amec.es\/","name":"amec Positive Industry","description":"","publisher":{"@id":"https:\/\/amec.es\/#organization"},"potentialAction":[{"@type":"SearchAction","target":{"@type":"EntryPoint","urlTemplate":"https:\/\/amec.es\/?s={search_term_string}"},"query-input":{"@type":"PropertyValueSpecification","valueRequired":true,"valueName":"search_term_string"}}],"inLanguage":"ca"},{"@type":"Organization","@id":"https:\/\/amec.es\/#organization","name":"amec Positive Industry","url":"https:\/\/amec.es\/","logo":{"@type":"ImageObject","inLanguage":"ca","@id":"https:\/\/amec.es\/#\/schema\/logo\/image\/","url":"https:\/\/amec.es\/wp-content\/uploads\/2023\/07\/logoamec.png","contentUrl":"https:\/\/amec.es\/wp-content\/uploads\/2023\/07\/logoamec.png","width":200,"height":48,"caption":"amec Positive Industry"},"image":{"@id":"https:\/\/amec.es\/#\/schema\/logo\/image\/"}}]}},"_links":{"self":[{"href":"https:\/\/amec.es\/ca\/wp-json\/wp\/v2\/pages\/51046","targetHints":{"allow":["GET"]}}],"collection":[{"href":"https:\/\/amec.es\/ca\/wp-json\/wp\/v2\/pages"}],"about":[{"href":"https:\/\/amec.es\/ca\/wp-json\/wp\/v2\/types\/page"}],"author":[{"embeddable":true,"href":"https:\/\/amec.es\/ca\/wp-json\/wp\/v2\/users\/10"}],"replies":[{"embeddable":true,"href":"https:\/\/amec.es\/ca\/wp-json\/wp\/v2\/comments?post=51046"}],"version-history":[{"count":1,"href":"https:\/\/amec.es\/ca\/wp-json\/wp\/v2\/pages\/51046\/revisions"}],"predecessor-version":[{"id":51048,"href":"https:\/\/amec.es\/ca\/wp-json\/wp\/v2\/pages\/51046\/revisions\/51048"}],"up":[{"embeddable":true,"href":"https:\/\/amec.es\/ca\/wp-json\/wp\/v2\/pages\/5934"}],"wp:attachment":[{"href":"https:\/\/amec.es\/ca\/wp-json\/wp\/v2\/media?parent=51046"}],"wp:term":[{"taxonomy":"category","embeddable":true,"href":"https:\/\/amec.es\/ca\/wp-json\/wp\/v2\/categories?post=51046"},{"taxonomy":"post_tag","embeddable":true,"href":"https:\/\/amec.es\/ca\/wp-json\/wp\/v2\/tags?post=51046"}],"curies":[{"name":"wp","href":"https:\/\/api.w.org\/{rel}","templated":true}]}}