{"id":51762,"date":"2026-03-13T11:43:23","date_gmt":"2026-03-13T10:43:23","guid":{"rendered":"https:\/\/amec.es\/anticipat\/alertes-i-oportunitats\/llum-verda-a-letiquetatge-digital-denvasos\/"},"modified":"2026-03-13T11:49:36","modified_gmt":"2026-03-13T10:49:36","slug":"llum-verda-a-letiquetatge-digital-denvasos","status":"publish","type":"page","link":"https:\/\/amec.es\/ca\/anticipat\/alertes-i-oportunitats\/llum-verda-a-letiquetatge-digital-denvasos\/","title":{"rendered":"Llum verda a l&#8217;etiquetatge digital d&#8217;envasos"},"content":{"rendered":"\t\t<div data-elementor-type=\"wp-page\" data-elementor-id=\"51762\" class=\"elementor elementor-51762 elementor-51756\" data-elementor-post-type=\"page\">\n\t\t\t\t\t\t<section class=\"elementor-section elementor-top-section elementor-element elementor-element-51b8f238 elementor-section-boxed elementor-section-height-default elementor-section-height-default\" data-id=\"51b8f238\" data-element_type=\"section\" data-e-type=\"section\" data-settings=\"{&quot;background_background&quot;:&quot;gradient&quot;}\">\n\t\t\t\t\t\t<div class=\"elementor-container elementor-column-gap-default\">\n\t\t\t\t\t<div class=\"elementor-column elementor-col-100 elementor-top-column elementor-element elementor-element-3192150\" data-id=\"3192150\" data-element_type=\"column\" data-e-type=\"column\">\n\t\t\t<div class=\"elementor-widget-wrap elementor-element-populated\">\n\t\t\t\t\t\t<div class=\"elementor-element elementor-element-71c1b42d elementor-widget elementor-widget-heading\" data-id=\"71c1b42d\" data-element_type=\"widget\" data-e-type=\"widget\" data-widget_type=\"heading.default\">\n\t\t\t\t<div class=\"elementor-widget-container\">\n\t\t\t\t\t<h2 class=\"elementor-heading-title elementor-size-default\"><a href=\"https:\/\/amec.es\/ca\/category\/alertes-i-tendencies-exclusives\/\" rel=\"tag\">Alertes i tend\u00e8ncies exclusives<\/a><\/h2>\t\t\t\t<\/div>\n\t\t\t\t<\/div>\n\t\t\t\t<div class=\"elementor-element elementor-element-7d273fe5 elementor-widget elementor-widget-spacer\" data-id=\"7d273fe5\" data-element_type=\"widget\" data-e-type=\"widget\" data-widget_type=\"spacer.default\">\n\t\t\t\t<div class=\"elementor-widget-container\">\n\t\t\t\t\t\t\t<div class=\"elementor-spacer\">\n\t\t\t<div class=\"elementor-spacer-inner\"><\/div>\n\t\t<\/div>\n\t\t\t\t\t\t<\/div>\n\t\t\t\t<\/div>\n\t\t\t\t<div class=\"elementor-element elementor-element-6f495591 elementor-widget-divider--view-line elementor-widget elementor-widget-divider\" data-id=\"6f495591\" data-element_type=\"widget\" data-e-type=\"widget\" data-widget_type=\"divider.default\">\n\t\t\t\t<div class=\"elementor-widget-container\">\n\t\t\t\t\t\t\t<div class=\"elementor-divider\">\n\t\t\t<span class=\"elementor-divider-separator\">\n\t\t\t\t\t\t<\/span>\n\t\t<\/div>\n\t\t\t\t\t\t<\/div>\n\t\t\t\t<\/div>\n\t\t\t\t\t<\/div>\n\t\t<\/div>\n\t\t\t\t\t<\/div>\n\t\t<\/section>\n\t\t\t\t<section class=\"elementor-section elementor-top-section elementor-element elementor-element-6ffe79c1 elementor-section-boxed elementor-section-height-default elementor-section-height-default\" data-id=\"6ffe79c1\" data-element_type=\"section\" data-e-type=\"section\">\n\t\t\t\t\t\t<div class=\"elementor-container elementor-column-gap-default\">\n\t\t\t\t\t<div class=\"elementor-column elementor-col-100 elementor-top-column elementor-element elementor-element-721c06a\" data-id=\"721c06a\" data-element_type=\"column\" data-e-type=\"column\">\n\t\t\t<div class=\"elementor-widget-wrap elementor-element-populated\">\n\t\t\t\t\t\t<div class=\"elementor-element elementor-element-320c2091 elementor-widget elementor-widget-heading\" data-id=\"320c2091\" data-element_type=\"widget\" data-e-type=\"widget\" data-widget_type=\"heading.default\">\n\t\t\t\t<div class=\"elementor-widget-container\">\n\t\t\t\t\t<h2 class=\"elementor-heading-title elementor-size-default\">Llum verda a l&#8217;etiquetatge digital d&#8217;envasos<\/h2>\t\t\t\t<\/div>\n\t\t\t\t<\/div>\n\t\t\t\t<div class=\"elementor-element elementor-element-128c1431 elementor-widget elementor-widget-spacer\" data-id=\"128c1431\" data-element_type=\"widget\" data-e-type=\"widget\" data-widget_type=\"spacer.default\">\n\t\t\t\t<div class=\"elementor-widget-container\">\n\t\t\t\t\t\t\t<div class=\"elementor-spacer\">\n\t\t\t<div class=\"elementor-spacer-inner\"><\/div>\n\t\t<\/div>\n\t\t\t\t\t\t<\/div>\n\t\t\t\t<\/div>\n\t\t\t\t<div class=\"elementor-element elementor-element-326b8db0 elementor-widget elementor-widget-text-editor\" data-id=\"326b8db0\" data-element_type=\"widget\" data-e-type=\"widget\" data-widget_type=\"text-editor.default\">\n\t\t\t\t<div class=\"elementor-widget-container\">\n\t\t\t\t\t\t\t\t\t13 de mar\u00e7 de 2026\t\t\t\t\t\t\t\t<\/div>\n\t\t\t\t<\/div>\n\t\t\t\t<div class=\"elementor-element elementor-element-5e85aa13 elementor-widget elementor-widget-text-editor\" data-id=\"5e85aa13\" data-element_type=\"widget\" data-e-type=\"widget\" data-widget_type=\"text-editor.default\">\n\t\t\t\t<div class=\"elementor-widget-container\">\n\t\t\t\t\t\t\t\t\t<p><strong>El Ministeri per a la Transici\u00f3 Ecol\u00f2gica ha publicat una nota informativa que t\u00e9 com a objectiu principal interpretar i compassar els requisits de marcatge d&#8217;envasos entre la normativa espanyola (Reial decret 1055\/2022) i el Reglament (UE) 2025\/40 de la Uni\u00f3 Europea.<\/strong><\/p>\t\t\t\t\t\t\t\t<\/div>\n\t\t\t\t<\/div>\n\t\t\t\t<div class=\"elementor-element elementor-element-1ccf06a0 elementor-widget-divider--view-line elementor-widget elementor-widget-divider\" data-id=\"1ccf06a0\" data-element_type=\"widget\" data-e-type=\"widget\" data-widget_type=\"divider.default\">\n\t\t\t\t<div class=\"elementor-widget-container\">\n\t\t\t\t\t\t\t<div class=\"elementor-divider\">\n\t\t\t<span class=\"elementor-divider-separator\">\n\t\t\t\t\t\t<\/span>\n\t\t<\/div>\n\t\t\t\t\t\t<\/div>\n\t\t\t\t<\/div>\n\t\t\t\t<div class=\"elementor-element elementor-element-1e40e11e elementor-widget elementor-widget-text-editor\" data-id=\"1e40e11e\" data-element_type=\"widget\" data-e-type=\"widget\" data-widget_type=\"text-editor.default\">\n\t\t\t\t<div class=\"elementor-widget-container\">\n\t\t\t\t\t\t\t\t\t<p>Tot i que les obligacions de marcatge del RD 1055\/2022 van entrar en vigor l&#8217;1 de gener del 2025, el sector presentava dubtes sobre la seva aplicaci\u00f3 t\u00e8cnica i la seva conviv\u00e8ncia amb el nou Reglament Europeu (PPWR).<\/p><p>Els aclariments i canvis espec\u00edfics que aquesta nota afegeix per resoldre aquesta incertesa s\u00f3n:<\/p><h5><strong><span style=\"color: #ffffff;\">_<\/span><br> Definici\u00f3 t\u00e8cnica d'&#8221;Env\u00e0s de Petita Grand\u00e0ria&#8221;<\/strong><\/h5><p>Abans d&#8217;aquesta nota, hi havia ambig\u00fcitat sobre qu\u00e8 es considerava un env\u00e0s massa petit per ser marcat. La nota estableix criteris m\u00e8trics precisos basant-se en guies t\u00e8cniques de la UE: <\/p><ul><li><strong>Llindar f\u00edsic:<\/strong> Envasos amb una amplada igual o <strong>inferior a 10 cm<\/strong> o una superf\u00edcie frontal insuficient per a etiquetes m\u00ednimes.<\/li><li><strong>Dimensions m\u00ednimes d&#8217;etiqueta:<\/strong> Es defineix que una etiqueta amb text ha de tenir almenys <strong>15 mm d&#8217;amplada<\/strong> , i si nom\u00e9s porta s\u00edmbols, <strong>6 mm<\/strong> . Si l&#8217;env\u00e0s no permet aquestes mides, es justifica l&#8217;\u00fas d&#8217;alternatives digitals. <\/li><\/ul><h5><strong><span style=\"color: #ffffff;\">_<\/span><br> Flexibilitat en l\u00fas de codis QR<\/strong><\/h5><p>La nota introdueix una interpretaci\u00f3 &#8220;pro-comer\u00e7&#8221; per evitar que el marcatge f\u00edsic sigui una barrera al mercat \u00fanic:<\/p><ul><li><strong>Evitar traves al comer\u00e7:<\/strong> Es permet el QR espec\u00edficament per a envasos destinats a <strong>diversos Estats membres<\/strong> (etiquetatge multiidioma), evitant que cada pa\u00eds exigeixi un marcat f\u00edsic diferent que saturi l&#8217;env\u00e0s.<\/li><li><strong>Data de tall per a QR previs:<\/strong> Aclareix que l&#8217;excepci\u00f3 per a envasos que ja feien servir QR s&#8217;ha d&#8217;entendre referida a l&#8217; <strong>1 de gener de 2025<\/strong> , per donar seguretat jur\u00eddica als que ja havien digitalitzat la seva informaci\u00f3 abans d&#8217;aquesta data l\u00edmit.<\/li><\/ul><h5><strong><span style=\"color: #ffffff;\">_<\/span><br> Criteris de &#8220;Impossibilitat&#8221; de marcatge f\u00edsic<\/strong><\/h5><p>La nota afegeix una llista de suposats t\u00e8cnics que abans no estaven detallats, permetent legalment l&#8217;\u00fas de mitjans digitals quan n&#8217;hi ha:<\/p><ul><li><strong>Limitacions del material:<\/strong> Com el vidre serigrafiat o metall encunyat on la impressi\u00f3 d&#8217;instruccions de reciclatge \u00e9s t\u00e8cnicament inviable.<\/li><li><strong>Risc de deteriorament funcional:<\/strong> Casos on imprimir o marcar l&#8217;env\u00e0s (com en certs termosegellats) en pugui comprometre la integritat.<\/li><\/ul><h5><strong><span style=\"color: #ffffff;\">_<\/span><br> Gesti\u00f3 de Stocks i Terminis Extraordinaris<\/strong><\/h5><p>Per evitar la destrucci\u00f3 de productes (prohibida pel Reglament d&#8217;Ecodisseny), la nota estableix una regla d&#8217;esgotament d&#8217;exist\u00e8ncies amb un mat\u00eds temporal important:<\/p><ul><li><strong>Termini de 6 mesos:<\/strong> Es permet comercialitzar estocs fabricats o importats abans de l&#8217;1 de gener de 2025 <strong>fins a esgotar exist\u00e8ncies<\/strong> , per\u00f2 fixa un horitz\u00f3 de <strong>6 mesos<\/strong> per a aquesta transici\u00f3.<\/li><li><strong>Protecci\u00f3 contra retirades:<\/strong> Especifica que la coexist\u00e8ncia en el lineal de productes amb i sense marcatge no ha de ser motiu de retirada del mercat, protegint especialment els <strong>productes de baixa rotaci\u00f3<\/strong> .<\/li><\/ul><h5><strong><span style=\"color: #ffffff;\">_<\/span><br> Unitats de Venda M\u00faltiples<\/strong><\/h5><p>Aclareix un punt log\u00edstic cr\u00edtic: si una unitat de venda cont\u00e9 diversos envasos individuals i no \u00e9s possible marcar-los tots, la informaci\u00f3 sobre el contenidor de destinaci\u00f3 <strong>nom\u00e9s pot figurar a la unitat de venda exterior<\/strong> .<\/p><h5><strong><span style=\"color: #ffffff;\">_<\/span><br> Precisions sobre Compostables i Reutilitzables<\/strong><\/h5><ul><li><strong>Compostables:<\/strong> Confirma que el marcatge de compliment de la norma <strong>UNE EN 13432:2001<\/strong> i la llegenda &#8220;no abandonar a l&#8217;entorn&#8221; \u00e9s de compliment estricte des del gener del 2025.<\/li><li><strong>Reutilitzables i SDDR:<\/strong> aclareix que el s\u00edmbol de dip\u00f2sit i la condici\u00f3 de reutilitzable nom\u00e9s afecten els envasos <strong>adquirits a partir de l&#8217;1 de gener de 2025<\/strong> , no els que ja estaven circulant al mercat abans d&#8217;aquesta data.<\/li><\/ul>\t\t\t\t\t\t\t\t<\/div>\n\t\t\t\t<\/div>\n\t\t\t\t\t<\/div>\n\t\t<\/div>\n\t\t\t\t\t<\/div>\n\t\t<\/section>\n\t\t\t\t<section class=\"elementor-section elementor-top-section elementor-element elementor-element-6c0c085d elementor-section-boxed elementor-section-height-default elementor-section-height-default\" data-id=\"6c0c085d\" data-element_type=\"section\" data-e-type=\"section\">\n\t\t\t\t\t\t<div class=\"elementor-container elementor-column-gap-default\">\n\t\t\t\t\t<div class=\"elementor-column elementor-col-100 elementor-top-column elementor-element elementor-element-19eb4f14\" data-id=\"19eb4f14\" data-element_type=\"column\" data-e-type=\"column\">\n\t\t\t<div class=\"elementor-widget-wrap elementor-element-populated\">\n\t\t\t\t\t\t<div class=\"elementor-element elementor-element-4fd8e5ea elementor-widget-divider--view-line elementor-widget elementor-widget-divider\" data-id=\"4fd8e5ea\" data-element_type=\"widget\" data-e-type=\"widget\" data-widget_type=\"divider.default\">\n\t\t\t\t<div class=\"elementor-widget-container\">\n\t\t\t\t\t\t\t<div class=\"elementor-divider\">\n\t\t\t<span class=\"elementor-divider-separator\">\n\t\t\t\t\t\t<\/span>\n\t\t<\/div>\n\t\t\t\t\t\t<\/div>\n\t\t\t\t<\/div>\n\t\t\t\t<div class=\"elementor-element elementor-element-6f5ffb3 elementor-widget elementor-widget-heading\" data-id=\"6f5ffb3\" data-element_type=\"widget\" data-e-type=\"widget\" data-widget_type=\"heading.default\">\n\t\t\t\t<div class=\"elementor-widget-container\">\n\t\t\t\t\t<h5 class=\"elementor-heading-title elementor-size-default\">Recursos<\/h5>\t\t\t\t<\/div>\n\t\t\t\t<\/div>\n\t\t\t\t<div class=\"elementor-element elementor-element-4a3edb78 elementor-widget elementor-widget-text-editor\" data-id=\"4a3edb78\" data-element_type=\"widget\" data-e-type=\"widget\" data-widget_type=\"text-editor.default\">\n\t\t\t\t<div class=\"elementor-widget-container\">\n\t\t\t\t\t\t\t\t\t<p><a href=\"https:\/\/amec.es\/wp-content\/uploads\/2026\/03\/miterd.pdf\" target=\"_blank\" rel=\"noopener\">NOTA INTERPRETATIVA SOBRE LA IMPLEMENTACI\u00d3 I ACOMPASSAMENT DELS REQUISITS DE MARCAT ENTRE LA NORMATIVA ESPANYOLA I LA NORMATIVA DE LA UNI\u00d3 EUROPEA (10\/03\/2026)<\/a><\/p><p> <\/p>\t\t\t\t\t\t\t\t<\/div>\n\t\t\t\t<\/div>\n\t\t\t\t<div class=\"elementor-element elementor-element-a01f93e elementor-widget elementor-widget-spacer\" data-id=\"a01f93e\" data-element_type=\"widget\" data-e-type=\"widget\" data-widget_type=\"spacer.default\">\n\t\t\t\t<div class=\"elementor-widget-container\">\n\t\t\t\t\t\t\t<div class=\"elementor-spacer\">\n\t\t\t<div class=\"elementor-spacer-inner\"><\/div>\n\t\t<\/div>\n\t\t\t\t\t\t<\/div>\n\t\t\t\t<\/div>\n\t\t\t\t\t<\/div>\n\t\t<\/div>\n\t\t\t\t\t<\/div>\n\t\t<\/section>\n\t\t<div class=\"elementor-element elementor-element-752fe6d6 e-flex e-con-boxed e-con e-parent\" data-id=\"752fe6d6\" data-element_type=\"container\" data-e-type=\"container\">\n\t\t\t\t\t<div class=\"e-con-inner\">\n\t\t\t\t<div class=\"elementor-element elementor-element-74881d18 elementor-widget elementor-widget-spacer\" data-id=\"74881d18\" data-element_type=\"widget\" data-e-type=\"widget\" data-widget_type=\"spacer.default\">\n\t\t\t\t<div class=\"elementor-widget-container\">\n\t\t\t\t\t\t\t<div class=\"elementor-spacer\">\n\t\t\t<div class=\"elementor-spacer-inner\"><\/div>\n\t\t<\/div>\n\t\t\t\t\t\t<\/div>\n\t\t\t\t<\/div>\n\t\t\t\t\t<\/div>\n\t\t\t\t<\/div>\n\t\t\t\t<section class=\"elementor-section elementor-top-section elementor-element elementor-element-3f925c5b elementor-section-boxed elementor-section-height-default elementor-section-height-default\" data-id=\"3f925c5b\" data-element_type=\"section\" data-e-type=\"section\" data-settings=\"{&quot;background_background&quot;:&quot;classic&quot;}\">\n\t\t\t\t\t\t<div class=\"elementor-container elementor-column-gap-default\">\n\t\t\t\t\t<div class=\"elementor-column elementor-col-100 elementor-top-column elementor-element elementor-element-754dbeb9\" data-id=\"754dbeb9\" data-element_type=\"column\" data-e-type=\"column\">\n\t\t\t<div class=\"elementor-widget-wrap elementor-element-populated\">\n\t\t\t\t\t\t<div class=\"elementor-element elementor-element-107e70d2 elementor-widget elementor-widget-heading\" data-id=\"107e70d2\" data-element_type=\"widget\" data-e-type=\"widget\" data-widget_type=\"heading.default\">\n\t\t\t\t<div class=\"elementor-widget-container\">\n\t\t\t\t\t<h3 class=\"elementor-heading-title elementor-size-default\">Vols m\u00e9s informaci\u00f3? Contacta'ns! <\/h3>\t\t\t\t<\/div>\n\t\t\t\t<\/div>\n\t\t\t\t<div class=\"elementor-element elementor-element-45016e44 elementor-widget-divider--view-line elementor-widget elementor-widget-divider\" data-id=\"45016e44\" data-element_type=\"widget\" data-e-type=\"widget\" data-widget_type=\"divider.default\">\n\t\t\t\t<div class=\"elementor-widget-container\">\n\t\t\t\t\t\t\t<div class=\"elementor-divider\">\n\t\t\t<span class=\"elementor-divider-separator\">\n\t\t\t\t\t\t<\/span>\n\t\t<\/div>\n\t\t\t\t\t\t<\/div>\n\t\t\t\t<\/div>\n\t\t\t\t<section class=\"elementor-section elementor-inner-section elementor-element elementor-element-53544563 elementor-section-boxed elementor-section-height-default elementor-section-height-default\" data-id=\"53544563\" data-element_type=\"section\" data-e-type=\"section\">\n\t\t\t\t\t\t<div class=\"elementor-container elementor-column-gap-default\">\n\t\t\t\t\t<div class=\"elementor-column elementor-col-50 elementor-inner-column elementor-element elementor-element-6d9a0cb9\" data-id=\"6d9a0cb9\" data-element_type=\"column\" data-e-type=\"column\">\n\t\t\t<div class=\"elementor-widget-wrap elementor-element-populated\">\n\t\t\t\t\t\t<div class=\"elementor-element elementor-element-18ba88ca elementor-widget elementor-widget-image\" data-id=\"18ba88ca\" data-element_type=\"widget\" data-e-type=\"widget\" data-widget_type=\"image.default\">\n\t\t\t\t<div class=\"elementor-widget-container\">\n\t\t\t\t\t\t\t\t\t\t\t\t\t\t\t<img fetchpriority=\"high\" decoding=\"async\" width=\"800\" height=\"600\" src=\"https:\/\/amec.es\/wp-content\/uploads\/2024\/10\/Nuria-Gusi.jpg\" class=\"attachment-large size-large wp-image-24092\" alt=\"\" srcset=\"https:\/\/amec.es\/wp-content\/uploads\/2024\/10\/Nuria-Gusi.jpg 1024w, https:\/\/amec.es\/wp-content\/uploads\/2024\/10\/Nuria-Gusi-300x225.jpg 300w, https:\/\/amec.es\/wp-content\/uploads\/2024\/10\/Nuria-Gusi-600x450.jpg 600w, https:\/\/amec.es\/wp-content\/uploads\/2024\/10\/Nuria-Gusi-768x576.jpg 768w\" sizes=\"(max-width: 800px) 100vw, 800px\" \/>\t\t\t\t\t\t\t\t\t\t\t\t\t\t\t<\/div>\n\t\t\t\t<\/div>\n\t\t\t\t\t<\/div>\n\t\t<\/div>\n\t\t\t\t<div class=\"elementor-column elementor-col-50 elementor-inner-column elementor-element elementor-element-5ac9e469\" data-id=\"5ac9e469\" data-element_type=\"column\" data-e-type=\"column\">\n\t\t\t<div class=\"elementor-widget-wrap elementor-element-populated\">\n\t\t\t\t\t\t<div class=\"elementor-element elementor-element-231d2853 elementor-icon-list--layout-traditional elementor-list-item-link-full_width elementor-widget elementor-widget-icon-list\" data-id=\"231d2853\" data-element_type=\"widget\" data-e-type=\"widget\" data-widget_type=\"icon-list.default\">\n\t\t\t\t<div class=\"elementor-widget-container\">\n\t\t\t\t\t\t\t<ul class=\"elementor-icon-list-items\">\n\t\t\t\t\t\t\t<li class=\"elementor-icon-list-item\">\n\t\t\t\t\t\t\t\t\t\t\t<span class=\"elementor-icon-list-icon\">\n\t\t\t\t\t\t\t<i aria-hidden=\"true\" class=\"fas fa-user-circle\"><\/i>\t\t\t\t\t\t<\/span>\n\t\t\t\t\t\t\t\t\t\t<span class=\"elementor-icon-list-text\">Nuria Gusi<\/span>\n\t\t\t\t\t\t\t\t\t<\/li>\n\t\t\t\t\t\t\t\t<li class=\"elementor-icon-list-item\">\n\t\t\t\t\t\t\t\t\t\t\t<span class=\"elementor-icon-list-icon\">\n\t\t\t\t\t\t\t<i aria-hidden=\"true\" class=\"fas fa-briefcase\"><\/i>\t\t\t\t\t\t<\/span>\n\t\t\t\t\t\t\t\t\t\t<span class=\"elementor-icon-list-text\">Intel\u00b7lig\u00e8ncia i Capacitaci\u00f3<\/span>\n\t\t\t\t\t\t\t\t\t<\/li>\n\t\t\t\t\t\t\t\t<li class=\"elementor-icon-list-item\">\n\t\t\t\t\t\t\t\t\t\t\t<span class=\"elementor-icon-list-icon\">\n\t\t\t\t\t\t\t<i aria-hidden=\"true\" class=\"fas fa-envelope\"><\/i>\t\t\t\t\t\t<\/span>\n\t\t\t\t\t\t\t\t\t\t<span class=\"elementor-icon-list-text\">ngusi@amec.es<\/span>\n\t\t\t\t\t\t\t\t\t<\/li>\n\t\t\t\t\t\t<\/ul>\n\t\t\t\t\t\t<\/div>\n\t\t\t\t<\/div>\n\t\t\t\t<div class=\"elementor-element elementor-element-5051de5 elementor-widget elementor-widget-spacer\" data-id=\"5051de5\" data-element_type=\"widget\" data-e-type=\"widget\" data-widget_type=\"spacer.default\">\n\t\t\t\t<div class=\"elementor-widget-container\">\n\t\t\t\t\t\t\t<div class=\"elementor-spacer\">\n\t\t\t<div class=\"elementor-spacer-inner\"><\/div>\n\t\t<\/div>\n\t\t\t\t\t\t<\/div>\n\t\t\t\t<\/div>\n\t\t\t\t\t<\/div>\n\t\t<\/div>\n\t\t\t\t\t<\/div>\n\t\t<\/section>\n\t\t\t\t\t<\/div>\n\t\t<\/div>\n\t\t\t\t\t<\/div>\n\t\t<\/section>\n\t\t<div class=\"elementor-element elementor-element-47396954 elementor-hidden-mobile e-flex e-con-boxed e-con e-parent\" data-id=\"47396954\" data-element_type=\"container\" data-e-type=\"container\">\n\t\t\t\t\t<div class=\"e-con-inner\">\n\t\t<div class=\"elementor-element elementor-element-434dbcc elementor-hidden-mobile e-con-full e-flex e-con e-child\" data-id=\"434dbcc\" data-element_type=\"container\" data-e-type=\"container\">\n\t\t<div class=\"elementor-element elementor-element-2736fd8e e-con-full e-flex e-con e-child\" data-id=\"2736fd8e\" data-element_type=\"container\" data-e-type=\"container\">\n\t\t\t\t<\/div>\n\t\t<div class=\"elementor-element elementor-element-34679e51 e-con-full e-flex e-con e-child\" data-id=\"34679e51\" data-element_type=\"container\" data-e-type=\"container\">\n\t\t\t\t<div class=\"elementor-element elementor-element-1d93880 elementor-widget elementor-widget-image\" data-id=\"1d93880\" data-element_type=\"widget\" data-e-type=\"widget\" data-widget_type=\"image.default\">\n\t\t\t\t<div class=\"elementor-widget-container\">\n\t\t\t\t\t\t\t\t\t\t\t\t\t\t\t\t<a href=\"https:\/\/positiveindustry.org\/\">\n\t\t\t\t\t\t\t<img decoding=\"async\" width=\"500\" height=\"529\" src=\"https:\/\/amec.es\/wp-content\/uploads\/2025\/05\/segellmemberof.png\" class=\"attachment-large size-large wp-image-34785\" alt=\"\" srcset=\"https:\/\/amec.es\/wp-content\/uploads\/2025\/05\/segellmemberof.png 500w, https:\/\/amec.es\/wp-content\/uploads\/2025\/05\/segellmemberof-284x300.png 284w\" sizes=\"(max-width: 500px) 100vw, 500px\" \/>\t\t\t\t\t\t\t\t<\/a>\n\t\t\t\t\t\t\t\t\t\t\t\t\t\t\t<\/div>\n\t\t\t\t<\/div>\n\t\t\t\t<\/div>\n\t\t<div class=\"elementor-element elementor-element-adddc13 e-con-full e-flex e-con e-child\" data-id=\"adddc13\" data-element_type=\"container\" data-e-type=\"container\">\n\t\t\t\t<div class=\"elementor-element elementor-element-1deb88c9 elementor-widget elementor-widget-image\" data-id=\"1deb88c9\" data-element_type=\"widget\" data-e-type=\"widget\" data-widget_type=\"image.default\">\n\t\t\t\t<div class=\"elementor-widget-container\">\n\t\t\t\t\t\t\t\t\t\t\t\t\t\t\t<img decoding=\"async\" width=\"168\" height=\"95\" src=\"https:\/\/amec.es\/wp-content\/uploads\/2023\/07\/theglobalcompact.jpg\" class=\"attachment-large size-large wp-image-69\" alt=\"\" \/>\t\t\t\t\t\t\t\t\t\t\t\t\t\t\t<\/div>\n\t\t\t\t<\/div>\n\t\t\t\t<\/div>\n\t\t<div class=\"elementor-element elementor-element-66c9a9a7 e-con-full e-flex e-con e-child\" data-id=\"66c9a9a7\" data-element_type=\"container\" data-e-type=\"container\">\n\t\t\t\t<div class=\"elementor-element elementor-element-9654729 elementor-widget elementor-widget-image\" data-id=\"9654729\" data-element_type=\"widget\" data-e-type=\"widget\" data-widget_type=\"image.default\">\n\t\t\t\t<div class=\"elementor-widget-container\">\n\t\t\t\t\t\t\t\t\t\t\t\t\t\t\t\t<a href=\"https:\/\/www.cematex.com\/\">\n\t\t\t\t\t\t\t<img loading=\"lazy\" decoding=\"async\" width=\"187\" height=\"187\" src=\"https:\/\/amec.es\/wp-content\/uploads\/2023\/07\/CEMATEX-logo.jpg\" class=\"attachment-large size-large wp-image-41268\" alt=\"\" srcset=\"https:\/\/amec.es\/wp-content\/uploads\/2023\/07\/CEMATEX-logo.jpg 187w, https:\/\/amec.es\/wp-content\/uploads\/2023\/07\/CEMATEX-logo-150x150.jpg 150w, https:\/\/amec.es\/wp-content\/uploads\/2023\/07\/CEMATEX-logo-100x100.jpg 100w\" sizes=\"(max-width: 187px) 100vw, 187px\" \/>\t\t\t\t\t\t\t\t<\/a>\n\t\t\t\t\t\t\t\t\t\t\t\t\t\t\t<\/div>\n\t\t\t\t<\/div>\n\t\t\t\t<\/div>\n\t\t<div class=\"elementor-element elementor-element-7c6ccd3e e-con-full e-flex e-con e-child\" data-id=\"7c6ccd3e\" data-element_type=\"container\" data-e-type=\"container\">\n\t\t\t\t<div class=\"elementor-element elementor-element-1de42f5 elementor-widget elementor-widget-image\" data-id=\"1de42f5\" data-element_type=\"widget\" data-e-type=\"widget\" data-widget_type=\"image.default\">\n\t\t\t\t<div class=\"elementor-widget-container\">\n\t\t\t\t\t\t\t\t\t\t\t\t\t\t\t<img loading=\"lazy\" decoding=\"async\" width=\"168\" height=\"95\" src=\"https:\/\/amec.es\/wp-content\/uploads\/2023\/07\/exportarparacrecer.jpg\" class=\"attachment-large size-large wp-image-73\" alt=\"\" \/>\t\t\t\t\t\t\t\t\t\t\t\t\t\t\t<\/div>\n\t\t\t\t<\/div>\n\t\t\t\t<\/div>\n\t\t<div class=\"elementor-element elementor-element-41dba0c e-con-full e-flex e-con e-child\" data-id=\"41dba0c\" data-element_type=\"container\" data-e-type=\"container\">\n\t\t\t\t<div class=\"elementor-element elementor-element-205d35aa elementor-widget elementor-widget-image\" data-id=\"205d35aa\" data-element_type=\"widget\" data-e-type=\"widget\" data-widget_type=\"image.default\">\n\t\t\t\t<div class=\"elementor-widget-container\">\n\t\t\t\t\t\t\t\t\t\t\t\t\t\t\t<img loading=\"lazy\" decoding=\"async\" width=\"300\" height=\"200\" src=\"https:\/\/amec.es\/wp-content\/uploads\/2025\/02\/Logos-representacio-institucional-05.jpg\" class=\"attachment-large size-large wp-image-31068\" alt=\"\" \/>\t\t\t\t\t\t\t\t\t\t\t\t\t\t\t<\/div>\n\t\t\t\t<\/div>\n\t\t\t\t<\/div>\n\t\t<div class=\"elementor-element elementor-element-437bda3 e-con-full e-flex e-con e-child\" data-id=\"437bda3\" data-element_type=\"container\" data-e-type=\"container\">\n\t\t\t\t<div class=\"elementor-element elementor-element-7823fb2b elementor-widget elementor-widget-image\" data-id=\"7823fb2b\" data-element_type=\"widget\" data-e-type=\"widget\" data-widget_type=\"image.default\">\n\t\t\t\t<div class=\"elementor-widget-container\">\n\t\t\t\t\t\t\t\t\t\t\t\t\t\t\t\t<a href=\"https:\/\/www.accio.gencat.cat\/es\/inici\/index.html\">\n\t\t\t\t\t\t\t<img loading=\"lazy\" decoding=\"async\" width=\"778\" height=\"853\" src=\"https:\/\/amec.es\/wp-content\/uploads\/2025\/02\/Segell-Agents-de-Suport-a-la-Internacionalitzacio-Superior.png\" class=\"attachment-large size-large wp-image-34732\" alt=\"\" srcset=\"https:\/\/amec.es\/wp-content\/uploads\/2025\/02\/Segell-Agents-de-Suport-a-la-Internacionalitzacio-Superior.png 778w, https:\/\/amec.es\/wp-content\/uploads\/2025\/02\/Segell-Agents-de-Suport-a-la-Internacionalitzacio-Superior-274x300.png 274w, https:\/\/amec.es\/wp-content\/uploads\/2025\/02\/Segell-Agents-de-Suport-a-la-Internacionalitzacio-Superior-768x842.png 768w, https:\/\/amec.es\/wp-content\/uploads\/2025\/02\/Segell-Agents-de-Suport-a-la-Internacionalitzacio-Superior-600x658.png 600w\" sizes=\"(max-width: 778px) 100vw, 778px\" \/>\t\t\t\t\t\t\t\t<\/a>\n\t\t\t\t\t\t\t\t\t\t\t\t\t\t\t<\/div>\n\t\t\t\t<\/div>\n\t\t\t\t<\/div>\n\t\t<div class=\"elementor-element elementor-element-77cdb6a5 e-con-full e-flex e-con e-child\" data-id=\"77cdb6a5\" data-element_type=\"container\" data-e-type=\"container\">\n\t\t\t\t<div class=\"elementor-element elementor-element-bcc45ac elementor-widget elementor-widget-text-editor\" data-id=\"bcc45ac\" data-element_type=\"widget\" data-e-type=\"widget\" data-widget_type=\"text-editor.default\">\n\t\t\t\t<div class=\"elementor-widget-container\">\n\t\t\t\t\t\t\t\t\t<p><a href=\"https:\/\/www.accio.gencat.cat\/ca\/accio\/processos-acreditacio\/agents-suport-internacionalitzacio\/\"><span data-olk-copy-source=\"MessageBody\">Agent acreditat per ACCI\u00d3<\/span><\/a><\/p>\t\t\t\t\t\t\t\t<\/div>\n\t\t\t\t<\/div>\n\t\t\t\t<\/div>\n\t\t<div class=\"elementor-element elementor-element-dcb03e3 e-con-full e-flex e-con e-child\" data-id=\"dcb03e3\" data-element_type=\"container\" data-e-type=\"container\">\n\t\t\t\t<\/div>\n\t\t\t\t<\/div>\n\t\t\t\t\t<\/div>\n\t\t\t\t<\/div>\n\t\t\t\t<\/div>\n\t\t","protected":false},"excerpt":{"rendered":"<p>El Ministeri per a la Transici\u00f3 Ecol\u00f2gica ha publicat una nota informativa que t\u00e9 com a objectiu principal interpretar i compassar els requisits de marcatge d&#8217;envasos entre la normativa espanyola (Reial decret 1055\/2022) i el Reglament (UE) 2025\/40 de la Uni\u00f3 Europea. Tot i que les obligacions de marcatge del RD 1055\/2022 van entrar en [&hellip;]<\/p>\n","protected":false},"author":10,"featured_media":0,"parent":5934,"menu_order":0,"comment_status":"closed","ping_status":"closed","template":"elementor_canvas","meta":{"inline_featured_image":false,"footnotes":""},"categories":[219],"tags":[],"class_list":["post-51762","page","type-page","status-publish","hentry","category-alertes-i-tendencies-exclusives"],"yoast_head":"<!-- This site is optimized with the Yoast SEO plugin v27.3 - https:\/\/yoast.com\/product\/yoast-seo-wordpress\/ -->\n<title>Llum verda a l&#039;etiquetatge digital d&#039;envasos | amec Positive Industry<\/title>\n<meta name=\"robots\" content=\"index, follow, max-snippet:-1, max-image-preview:large, max-video-preview:-1\" \/>\n<link rel=\"canonical\" href=\"https:\/\/amec.es\/ca\/anticipat\/alertes-i-oportunitats\/llum-verda-a-letiquetatge-digital-denvasos\/\" \/>\n<meta property=\"og:locale\" content=\"ca_ES\" \/>\n<meta property=\"og:type\" content=\"article\" \/>\n<meta property=\"og:title\" content=\"Llum verda a l&#039;etiquetatge digital d&#039;envasos | amec Positive Industry\" \/>\n<meta property=\"og:description\" content=\"El Ministeri per a la Transici\u00f3 Ecol\u00f2gica ha publicat una nota informativa que t\u00e9 com a objectiu principal interpretar i compassar els requisits de marcatge d&#8217;envasos entre la normativa espanyola (Reial decret 1055\/2022) i el Reglament (UE) 2025\/40 de la Uni\u00f3 Europea. Tot i que les obligacions de marcatge del RD 1055\/2022 van entrar en [&hellip;]\" \/>\n<meta property=\"og:url\" content=\"https:\/\/amec.es\/ca\/anticipat\/alertes-i-oportunitats\/llum-verda-a-letiquetatge-digital-denvasos\/\" \/>\n<meta property=\"og:site_name\" content=\"amec Positive Industry\" \/>\n<meta property=\"article:modified_time\" content=\"2026-03-13T10:49:36+00:00\" \/>\n<meta property=\"og:image\" content=\"https:\/\/amec.es\/wp-content\/uploads\/2024\/10\/Nuria-Gusi.jpg\" \/>\n\t<meta property=\"og:image:width\" content=\"1024\" \/>\n\t<meta property=\"og:image:height\" content=\"768\" \/>\n\t<meta property=\"og:image:type\" content=\"image\/jpeg\" \/>\n<meta name=\"twitter:card\" content=\"summary_large_image\" \/>\n<meta name=\"twitter:label1\" content=\"Temps estimat de lectura\" \/>\n\t<meta name=\"twitter:data1\" content=\"3 minuts\" \/>\n<script type=\"application\/ld+json\" class=\"yoast-schema-graph\">{\"@context\":\"https:\\\/\\\/schema.org\",\"@graph\":[{\"@type\":\"WebPage\",\"@id\":\"https:\\\/\\\/amec.es\\\/ca\\\/anticipat\\\/alertes-i-oportunitats\\\/llum-verda-a-letiquetatge-digital-denvasos\\\/\",\"url\":\"https:\\\/\\\/amec.es\\\/ca\\\/anticipat\\\/alertes-i-oportunitats\\\/llum-verda-a-letiquetatge-digital-denvasos\\\/\",\"name\":\"Llum verda a l'etiquetatge digital d'envasos | amec Positive Industry\",\"isPartOf\":{\"@id\":\"https:\\\/\\\/amec.es\\\/#website\"},\"primaryImageOfPage\":{\"@id\":\"https:\\\/\\\/amec.es\\\/ca\\\/anticipat\\\/alertes-i-oportunitats\\\/llum-verda-a-letiquetatge-digital-denvasos\\\/#primaryimage\"},\"image\":{\"@id\":\"https:\\\/\\\/amec.es\\\/ca\\\/anticipat\\\/alertes-i-oportunitats\\\/llum-verda-a-letiquetatge-digital-denvasos\\\/#primaryimage\"},\"thumbnailUrl\":\"https:\\\/\\\/amec.es\\\/wp-content\\\/uploads\\\/2024\\\/10\\\/Nuria-Gusi.jpg\",\"datePublished\":\"2026-03-13T10:43:23+00:00\",\"dateModified\":\"2026-03-13T10:49:36+00:00\",\"breadcrumb\":{\"@id\":\"https:\\\/\\\/amec.es\\\/ca\\\/anticipat\\\/alertes-i-oportunitats\\\/llum-verda-a-letiquetatge-digital-denvasos\\\/#breadcrumb\"},\"inLanguage\":\"ca\",\"potentialAction\":[{\"@type\":\"ReadAction\",\"target\":[\"https:\\\/\\\/amec.es\\\/ca\\\/anticipat\\\/alertes-i-oportunitats\\\/llum-verda-a-letiquetatge-digital-denvasos\\\/\"]}]},{\"@type\":\"ImageObject\",\"inLanguage\":\"ca\",\"@id\":\"https:\\\/\\\/amec.es\\\/ca\\\/anticipat\\\/alertes-i-oportunitats\\\/llum-verda-a-letiquetatge-digital-denvasos\\\/#primaryimage\",\"url\":\"https:\\\/\\\/amec.es\\\/wp-content\\\/uploads\\\/2024\\\/10\\\/Nuria-Gusi.jpg\",\"contentUrl\":\"https:\\\/\\\/amec.es\\\/wp-content\\\/uploads\\\/2024\\\/10\\\/Nuria-Gusi.jpg\"},{\"@type\":\"BreadcrumbList\",\"@id\":\"https:\\\/\\\/amec.es\\\/ca\\\/anticipat\\\/alertes-i-oportunitats\\\/llum-verda-a-letiquetatge-digital-denvasos\\\/#breadcrumb\",\"itemListElement\":[{\"@type\":\"ListItem\",\"position\":1,\"name\":\"Portada\",\"item\":\"https:\\\/\\\/amec.es\\\/ca\\\/home-new\\\/\"},{\"@type\":\"ListItem\",\"position\":2,\"name\":\"Anticipa&#8217;t\",\"item\":\"https:\\\/\\\/amec.es\\\/ca\\\/anticipat\\\/\"},{\"@type\":\"ListItem\",\"position\":3,\"name\":\"Alertes i oportunitats\",\"item\":\"https:\\\/\\\/amec.es\\\/ca\\\/anticipat\\\/alertes-i-oportunitats\\\/\"},{\"@type\":\"ListItem\",\"position\":4,\"name\":\"Llum verda a l&#8217;etiquetatge digital d&#8217;envasos\"}]},{\"@type\":\"WebSite\",\"@id\":\"https:\\\/\\\/amec.es\\\/#website\",\"url\":\"https:\\\/\\\/amec.es\\\/\",\"name\":\"amec Positive Industry\",\"description\":\"\",\"publisher\":{\"@id\":\"https:\\\/\\\/amec.es\\\/#organization\"},\"potentialAction\":[{\"@type\":\"SearchAction\",\"target\":{\"@type\":\"EntryPoint\",\"urlTemplate\":\"https:\\\/\\\/amec.es\\\/?s={search_term_string}\"},\"query-input\":{\"@type\":\"PropertyValueSpecification\",\"valueRequired\":true,\"valueName\":\"search_term_string\"}}],\"inLanguage\":\"ca\"},{\"@type\":\"Organization\",\"@id\":\"https:\\\/\\\/amec.es\\\/#organization\",\"name\":\"amec Positive Industry\",\"url\":\"https:\\\/\\\/amec.es\\\/\",\"logo\":{\"@type\":\"ImageObject\",\"inLanguage\":\"ca\",\"@id\":\"https:\\\/\\\/amec.es\\\/#\\\/schema\\\/logo\\\/image\\\/\",\"url\":\"https:\\\/\\\/amec.es\\\/wp-content\\\/uploads\\\/2023\\\/07\\\/logoamec.png\",\"contentUrl\":\"https:\\\/\\\/amec.es\\\/wp-content\\\/uploads\\\/2023\\\/07\\\/logoamec.png\",\"width\":200,\"height\":48,\"caption\":\"amec Positive Industry\"},\"image\":{\"@id\":\"https:\\\/\\\/amec.es\\\/#\\\/schema\\\/logo\\\/image\\\/\"}}]}<\/script>\n<!-- \/ Yoast SEO plugin. -->","yoast_head_json":{"title":"Llum verda a l'etiquetatge digital d'envasos | amec Positive Industry","robots":{"index":"index","follow":"follow","max-snippet":"max-snippet:-1","max-image-preview":"max-image-preview:large","max-video-preview":"max-video-preview:-1"},"canonical":"https:\/\/amec.es\/ca\/anticipat\/alertes-i-oportunitats\/llum-verda-a-letiquetatge-digital-denvasos\/","og_locale":"ca_ES","og_type":"article","og_title":"Llum verda a l'etiquetatge digital d'envasos | amec Positive Industry","og_description":"El Ministeri per a la Transici\u00f3 Ecol\u00f2gica ha publicat una nota informativa que t\u00e9 com a objectiu principal interpretar i compassar els requisits de marcatge d&#8217;envasos entre la normativa espanyola (Reial decret 1055\/2022) i el Reglament (UE) 2025\/40 de la Uni\u00f3 Europea. Tot i que les obligacions de marcatge del RD 1055\/2022 van entrar en [&hellip;]","og_url":"https:\/\/amec.es\/ca\/anticipat\/alertes-i-oportunitats\/llum-verda-a-letiquetatge-digital-denvasos\/","og_site_name":"amec Positive Industry","article_modified_time":"2026-03-13T10:49:36+00:00","og_image":[{"width":1024,"height":768,"url":"https:\/\/amec.es\/wp-content\/uploads\/2024\/10\/Nuria-Gusi.jpg","type":"image\/jpeg"}],"twitter_card":"summary_large_image","twitter_misc":{"Temps estimat de lectura":"3 minuts"},"schema":{"@context":"https:\/\/schema.org","@graph":[{"@type":"WebPage","@id":"https:\/\/amec.es\/ca\/anticipat\/alertes-i-oportunitats\/llum-verda-a-letiquetatge-digital-denvasos\/","url":"https:\/\/amec.es\/ca\/anticipat\/alertes-i-oportunitats\/llum-verda-a-letiquetatge-digital-denvasos\/","name":"Llum verda a l'etiquetatge digital d'envasos | amec Positive Industry","isPartOf":{"@id":"https:\/\/amec.es\/#website"},"primaryImageOfPage":{"@id":"https:\/\/amec.es\/ca\/anticipat\/alertes-i-oportunitats\/llum-verda-a-letiquetatge-digital-denvasos\/#primaryimage"},"image":{"@id":"https:\/\/amec.es\/ca\/anticipat\/alertes-i-oportunitats\/llum-verda-a-letiquetatge-digital-denvasos\/#primaryimage"},"thumbnailUrl":"https:\/\/amec.es\/wp-content\/uploads\/2024\/10\/Nuria-Gusi.jpg","datePublished":"2026-03-13T10:43:23+00:00","dateModified":"2026-03-13T10:49:36+00:00","breadcrumb":{"@id":"https:\/\/amec.es\/ca\/anticipat\/alertes-i-oportunitats\/llum-verda-a-letiquetatge-digital-denvasos\/#breadcrumb"},"inLanguage":"ca","potentialAction":[{"@type":"ReadAction","target":["https:\/\/amec.es\/ca\/anticipat\/alertes-i-oportunitats\/llum-verda-a-letiquetatge-digital-denvasos\/"]}]},{"@type":"ImageObject","inLanguage":"ca","@id":"https:\/\/amec.es\/ca\/anticipat\/alertes-i-oportunitats\/llum-verda-a-letiquetatge-digital-denvasos\/#primaryimage","url":"https:\/\/amec.es\/wp-content\/uploads\/2024\/10\/Nuria-Gusi.jpg","contentUrl":"https:\/\/amec.es\/wp-content\/uploads\/2024\/10\/Nuria-Gusi.jpg"},{"@type":"BreadcrumbList","@id":"https:\/\/amec.es\/ca\/anticipat\/alertes-i-oportunitats\/llum-verda-a-letiquetatge-digital-denvasos\/#breadcrumb","itemListElement":[{"@type":"ListItem","position":1,"name":"Portada","item":"https:\/\/amec.es\/ca\/home-new\/"},{"@type":"ListItem","position":2,"name":"Anticipa&#8217;t","item":"https:\/\/amec.es\/ca\/anticipat\/"},{"@type":"ListItem","position":3,"name":"Alertes i oportunitats","item":"https:\/\/amec.es\/ca\/anticipat\/alertes-i-oportunitats\/"},{"@type":"ListItem","position":4,"name":"Llum verda a l&#8217;etiquetatge digital d&#8217;envasos"}]},{"@type":"WebSite","@id":"https:\/\/amec.es\/#website","url":"https:\/\/amec.es\/","name":"amec Positive Industry","description":"","publisher":{"@id":"https:\/\/amec.es\/#organization"},"potentialAction":[{"@type":"SearchAction","target":{"@type":"EntryPoint","urlTemplate":"https:\/\/amec.es\/?s={search_term_string}"},"query-input":{"@type":"PropertyValueSpecification","valueRequired":true,"valueName":"search_term_string"}}],"inLanguage":"ca"},{"@type":"Organization","@id":"https:\/\/amec.es\/#organization","name":"amec Positive Industry","url":"https:\/\/amec.es\/","logo":{"@type":"ImageObject","inLanguage":"ca","@id":"https:\/\/amec.es\/#\/schema\/logo\/image\/","url":"https:\/\/amec.es\/wp-content\/uploads\/2023\/07\/logoamec.png","contentUrl":"https:\/\/amec.es\/wp-content\/uploads\/2023\/07\/logoamec.png","width":200,"height":48,"caption":"amec Positive Industry"},"image":{"@id":"https:\/\/amec.es\/#\/schema\/logo\/image\/"}}]}},"_links":{"self":[{"href":"https:\/\/amec.es\/ca\/wp-json\/wp\/v2\/pages\/51762","targetHints":{"allow":["GET"]}}],"collection":[{"href":"https:\/\/amec.es\/ca\/wp-json\/wp\/v2\/pages"}],"about":[{"href":"https:\/\/amec.es\/ca\/wp-json\/wp\/v2\/types\/page"}],"author":[{"embeddable":true,"href":"https:\/\/amec.es\/ca\/wp-json\/wp\/v2\/users\/10"}],"replies":[{"embeddable":true,"href":"https:\/\/amec.es\/ca\/wp-json\/wp\/v2\/comments?post=51762"}],"version-history":[{"count":1,"href":"https:\/\/amec.es\/ca\/wp-json\/wp\/v2\/pages\/51762\/revisions"}],"predecessor-version":[{"id":51763,"href":"https:\/\/amec.es\/ca\/wp-json\/wp\/v2\/pages\/51762\/revisions\/51763"}],"up":[{"embeddable":true,"href":"https:\/\/amec.es\/ca\/wp-json\/wp\/v2\/pages\/5934"}],"wp:attachment":[{"href":"https:\/\/amec.es\/ca\/wp-json\/wp\/v2\/media?parent=51762"}],"wp:term":[{"taxonomy":"category","embeddable":true,"href":"https:\/\/amec.es\/ca\/wp-json\/wp\/v2\/categories?post=51762"},{"taxonomy":"post_tag","embeddable":true,"href":"https:\/\/amec.es\/ca\/wp-json\/wp\/v2\/tags?post=51762"}],"curies":[{"name":"wp","href":"https:\/\/api.w.org\/{rel}","templated":true}]}}