{"id":52223,"date":"2026-03-18T09:30:50","date_gmt":"2026-03-18T08:30:50","guid":{"rendered":"https:\/\/amec.es\/anticipat\/alertes-i-oportunitats\/el-nou-rumb-industrial-de-la-xina-per-al-2030\/"},"modified":"2026-03-18T09:52:56","modified_gmt":"2026-03-18T08:52:56","slug":"el-nou-rumb-industrial-de-la-xina-per-al-2030","status":"publish","type":"page","link":"https:\/\/amec.es\/ca\/anticipat\/alertes-i-oportunitats\/el-nou-rumb-industrial-de-la-xina-per-al-2030\/","title":{"rendered":"El nou rumb industrial de la Xina per al 2030"},"content":{"rendered":"\t\t<div data-elementor-type=\"wp-page\" data-elementor-id=\"52223\" class=\"elementor elementor-52223 elementor-52217\" data-elementor-post-type=\"page\">\n\t\t\t\t\t\t<section class=\"elementor-section elementor-top-section elementor-element elementor-element-16259c0b elementor-section-boxed elementor-section-height-default elementor-section-height-default\" data-id=\"16259c0b\" data-element_type=\"section\" data-e-type=\"section\" data-settings=\"{&quot;background_background&quot;:&quot;gradient&quot;}\">\n\t\t\t\t\t\t<div class=\"elementor-container elementor-column-gap-default\">\n\t\t\t\t\t<div class=\"elementor-column elementor-col-100 elementor-top-column elementor-element elementor-element-79942eb\" data-id=\"79942eb\" data-element_type=\"column\" data-e-type=\"column\">\n\t\t\t<div class=\"elementor-widget-wrap elementor-element-populated\">\n\t\t\t\t\t\t<div class=\"elementor-element elementor-element-2fc8589f elementor-widget elementor-widget-heading\" data-id=\"2fc8589f\" data-element_type=\"widget\" data-e-type=\"widget\" data-widget_type=\"heading.default\">\n\t\t\t\t<div class=\"elementor-widget-container\">\n\t\t\t\t\t<h2 class=\"elementor-heading-title elementor-size-default\"><a href=\"https:\/\/amec.es\/ca\/category\/alertes-i-tendencies-exclusives\/\" rel=\"tag\">Alertes i tend\u00e8ncies exclusives<\/a><\/h2>\t\t\t\t<\/div>\n\t\t\t\t<\/div>\n\t\t\t\t<div class=\"elementor-element elementor-element-247ed918 elementor-widget elementor-widget-spacer\" data-id=\"247ed918\" data-element_type=\"widget\" data-e-type=\"widget\" data-widget_type=\"spacer.default\">\n\t\t\t\t<div class=\"elementor-widget-container\">\n\t\t\t\t\t\t\t<div class=\"elementor-spacer\">\n\t\t\t<div class=\"elementor-spacer-inner\"><\/div>\n\t\t<\/div>\n\t\t\t\t\t\t<\/div>\n\t\t\t\t<\/div>\n\t\t\t\t<div class=\"elementor-element elementor-element-7eec0914 elementor-widget-divider--view-line elementor-widget elementor-widget-divider\" data-id=\"7eec0914\" data-element_type=\"widget\" data-e-type=\"widget\" data-widget_type=\"divider.default\">\n\t\t\t\t<div class=\"elementor-widget-container\">\n\t\t\t\t\t\t\t<div class=\"elementor-divider\">\n\t\t\t<span class=\"elementor-divider-separator\">\n\t\t\t\t\t\t<\/span>\n\t\t<\/div>\n\t\t\t\t\t\t<\/div>\n\t\t\t\t<\/div>\n\t\t\t\t\t<\/div>\n\t\t<\/div>\n\t\t\t\t\t<\/div>\n\t\t<\/section>\n\t\t\t\t<section class=\"elementor-section elementor-top-section elementor-element elementor-element-1095d9ce elementor-section-boxed elementor-section-height-default elementor-section-height-default\" data-id=\"1095d9ce\" data-element_type=\"section\" data-e-type=\"section\">\n\t\t\t\t\t\t<div class=\"elementor-container elementor-column-gap-default\">\n\t\t\t\t\t<div class=\"elementor-column elementor-col-100 elementor-top-column elementor-element elementor-element-552d99c2\" data-id=\"552d99c2\" data-element_type=\"column\" data-e-type=\"column\">\n\t\t\t<div class=\"elementor-widget-wrap elementor-element-populated\">\n\t\t\t\t\t\t<div class=\"elementor-element elementor-element-13c5176f elementor-widget elementor-widget-heading\" data-id=\"13c5176f\" data-element_type=\"widget\" data-e-type=\"widget\" data-widget_type=\"heading.default\">\n\t\t\t\t<div class=\"elementor-widget-container\">\n\t\t\t\t\t<h2 class=\"elementor-heading-title elementor-size-default\">El nou rumb industrial de la Xina per al 2030<\/h2>\t\t\t\t<\/div>\n\t\t\t\t<\/div>\n\t\t\t\t<div class=\"elementor-element elementor-element-1554c436 elementor-widget elementor-widget-spacer\" data-id=\"1554c436\" data-element_type=\"widget\" data-e-type=\"widget\" data-widget_type=\"spacer.default\">\n\t\t\t\t<div class=\"elementor-widget-container\">\n\t\t\t\t\t\t\t<div class=\"elementor-spacer\">\n\t\t\t<div class=\"elementor-spacer-inner\"><\/div>\n\t\t<\/div>\n\t\t\t\t\t\t<\/div>\n\t\t\t\t<\/div>\n\t\t\t\t<div class=\"elementor-element elementor-element-403fe9b elementor-widget elementor-widget-text-editor\" data-id=\"403fe9b\" data-element_type=\"widget\" data-e-type=\"widget\" data-widget_type=\"text-editor.default\">\n\t\t\t\t<div class=\"elementor-widget-container\">\n\t\t\t\t\t\t\t\t\t18 de mar\u00e7 de 2026\t\t\t\t\t\t\t\t<\/div>\n\t\t\t\t<\/div>\n\t\t\t\t<div class=\"elementor-element elementor-element-341b174d elementor-widget elementor-widget-text-editor\" data-id=\"341b174d\" data-element_type=\"widget\" data-e-type=\"widget\" data-widget_type=\"text-editor.default\">\n\t\t\t\t<div class=\"elementor-widget-container\">\n\t\t\t\t\t\t\t\t\t<p><strong><span class=\"TextRun SCXW44064926 BCX0\" lang=\"ES-ES\" xml:lang=\"ES-ES\" data-contrast=\"auto\"><span class=\"NormalTextRun SCXW44064926 BCX0\">amec ha elaborat un informe<\/span><span class=\"NormalTextRun SCXW44064926 BCX0\"> <\/span><span class=\"NormalTextRun SCXW44064926 BCX0\">que analitza el XV Pla Quinquennal (2026-2030) i les seves implicacions per a la ind\u00fastria<\/span> <span class=\"NormalTextRun SCXW44064926 BCX0\">internacionalitzada<\/span><span class=\"NormalTextRun SCXW44064926 BCX0\">. L&#8217;an\u00e0lisi identifica tant oportunitats en n\u00ednxols d&#8217;alt valor com a riscos creixents en compet\u00e8ncia global.<\/span><\/span><\/strong><\/p>\t\t\t\t\t\t\t\t<\/div>\n\t\t\t\t<\/div>\n\t\t\t\t<div class=\"elementor-element elementor-element-3e160e4 elementor-widget-divider--view-line elementor-widget elementor-widget-divider\" data-id=\"3e160e4\" data-element_type=\"widget\" data-e-type=\"widget\" data-widget_type=\"divider.default\">\n\t\t\t\t<div class=\"elementor-widget-container\">\n\t\t\t\t\t\t\t<div class=\"elementor-divider\">\n\t\t\t<span class=\"elementor-divider-separator\">\n\t\t\t\t\t\t<\/span>\n\t\t<\/div>\n\t\t\t\t\t\t<\/div>\n\t\t\t\t<\/div>\n\t\t\t\t<div class=\"elementor-element elementor-element-e9cd117 elementor-widget elementor-widget-text-editor\" data-id=\"e9cd117\" data-element_type=\"widget\" data-e-type=\"widget\" data-widget_type=\"text-editor.default\">\n\t\t\t\t<div class=\"elementor-widget-container\">\n\t\t\t\t\t\t\t\t\t<p><span data-contrast=\"auto\">amec ha desenvolupat un informe executiu amb l&#8217;objectiu d&#8217;interpretar les claus del nou cicle econ\u00f2mic xin\u00e8s i el seu impacte directe a les empreses de la comunitat d&#8217;amec.<\/span><span data-ccp-props=\"{}\"> <\/span><\/p><p><strong>L&#8217;informe es pot descarregar a la plataforma <a href=\"https:\/\/event.meetmaps.com\/colab\/es\/virtual\/join\" target=\"_blank\" rel=\"noopener\">CoLAB<\/a>&gt; Estudis i publicacions&gt; M\u00e9s estudis<\/strong><\/p><h5><span style=\"color: #ffffff;\">_<\/span><br> <strong>&gt;Qu\u00e8 trobar\u00e0s a l&#8217;informe<\/strong><\/h5><p data-start=\"2978\" data-end=\"3078\">L&#8217;informe ofereix una an\u00e0lisi detallada del XV Pla Quinquennal i el seu impacte sectorial, incloent-hi:<\/p><ul data-start=\"3080\" data-end=\"3500\"><li data-section-id=\"fesdot\" data-start=\"3080\" data-end=\"3180\"><p data-start=\"3082\" data-end=\"3180\"><strong data-start=\"3082\" data-end=\"3131\">Objectius macroecon\u00f2mics i eixos estrat\u00e8gics<\/strong> que guiaran el desenvolupament de la Xina fins al 2030.<\/p><\/li><li data-section-id=\"1db7bm9\" data-start=\"3181\" data-end=\"3269\"><p data-start=\"3183\" data-end=\"3269\"><strong>Sectors prioritaris<\/strong> i programes d&#8217;inversi\u00f3 p\u00fablica amb m\u00e9s impacte industrial.<\/p><\/li><li data-section-id=\"5a7161\" data-start=\"3270\" data-end=\"3351\"><p data-start=\"3272\" data-end=\"3351\"><strong>Avaluaci\u00f3 d&#8217;oportunitats<\/strong> i riscos per a diferents \u00e0mbits de la ind\u00fastria.<\/p><\/li><li data-section-id=\"1titz44\" data-start=\"3352\" data-end=\"3430\"><p data-start=\"3354\" data-end=\"3430\"><strong>Factors geopol\u00edtics<\/strong> i regulatoris que condicionen lacc\u00e9s al mercat.<\/p><\/li><li data-section-id=\"105bkhj\" data-start=\"3431\" data-end=\"3500\"><p data-start=\"3433\" data-end=\"3500\"><strong>Recomanacions pr\u00e0ctiques<\/strong> per adaptar lestrat\u00e8gia empresarial.<\/p><\/li><\/ul><p><span data-contrast=\"auto\"><span style=\"color: #ffffff;\">_<\/span><br> <strong>Avancem algunes conclusions:<\/strong><\/span><strong> <\/strong><\/p><h5><b><span data-contrast=\"auto\"><span style=\"color: #ffffff;\">_<\/span><br> Un nou cicle industrial a la Xina<\/span><\/b><span data-ccp-props=\"{}\"> <\/span><\/h5><p style=\"padding-left: 40px;\"><span data-contrast=\"auto\">El XV Pla Quinquennal marca l&#8217;inici d&#8217;una etapa orientada a equiparar el PIB per c\u00e0pita de la Xina al dels pa\u00efsos mitjanament desenvolupats el 2035 i es recolza en un canvi de model cap al desenvolupament d&#8217;alta qualitat.<\/span><span data-ccp-props=\"{}\"> <\/span><\/p><p style=\"padding-left: 40px;\"><span data-contrast=\"auto\">Aquest canvi implica abandonar el creixement extensiu i avan\u00e7ar cap a un sistema basat en productivitat tecnol\u00f2gica, autosufici\u00e8ncia i millora del teixit industrial.<\/span><span data-ccp-props=\"{}\"> <\/span><\/p><h5><b><span data-contrast=\"auto\"><span style=\"color: #ffffff;\">_<\/span><br> Tres eixos que redefineixen el mercat<\/span><\/b><span data-ccp-props=\"{}\"> <\/span><\/h5><p style=\"padding-left: 40px;\"><span data-contrast=\"auto\">S&#8217;hi identifiquen tres vectors estrat\u00e8gics: impuls de la demanda interna, autonomia tecnol\u00f2gica i control del mercat a trav\u00e9s de la pol\u00edtica industrial.<\/span><span data-ccp-props=\"{}\"> <\/span><\/p><p style=\"padding-left: 40px;\"><span data-contrast=\"auto\">Aquest enfocament es tradueix en una aposta decidida per sectors com<\/span> <b><span data-contrast=\"auto\">intel\u00b7lig\u00e8ncia artificial, biotecnologia, computaci\u00f3 qu\u00e0ntica i manufactura avan\u00e7ada<\/span><\/b> <span data-contrast=\"auto\">, juntament amb un creixement sostingut de la inversi\u00f3 en R+D per sobre del 7% anual.<\/span><span data-ccp-props=\"{}\"> <\/span><\/p><h5><b><span data-contrast=\"auto\"><span style=\"color: #ffffff;\">_<\/span><br> Un mercat m\u00e9s atractiu i selectiu<\/span><\/b><span data-ccp-props=\"{}\"> <\/span><\/h5><p style=\"padding-left: 40px;\"><span data-contrast=\"auto\">La Xina refor\u00e7a el mercat intern com a motor de creixement mitjan\u00e7ant est\u00edmuls al consum, inversi\u00f3 p\u00fablica i la creaci\u00f3 d&#8217;un mercat unificat.<\/span><span data-ccp-props=\"{}\"> <\/span><\/p><p style=\"padding-left: 40px;\"><span data-contrast=\"auto\">No obstant aix\u00f2, aquest proc\u00e9s conviu amb una intervenci\u00f3 m\u00e9s gran.<\/span> <b><span data-contrast=\"auto\">L&#8217;estandarditzaci\u00f3, la consolidaci\u00f3 industrial i la substituci\u00f3 d&#8217;importacions configuren un acc\u00e9s m\u00e9s selectiu per a empreses estrangeres<\/span><\/b> <span data-contrast=\"auto\">.<\/span><span data-ccp-props=\"{}\"> <\/span><\/p><h5><b><span data-contrast=\"auto\"><span style=\"color: #ffffff;\">_<\/span><br> Oportunitats en tecnologia i sostenibilitat<\/span><\/b><span data-ccp-props=\"{}\"> <\/span><\/h5><p style=\"padding-left: 40px;\"><span data-contrast=\"auto\">El desplegament del Pla impulsa \u00e0mbits com la transici\u00f3 ecol\u00f2gica, les infraestructures energ\u00e8tiques, la digitalitzaci\u00f3 industrial i els serveis vinculats al benestar.<\/span><span data-ccp-props=\"{}\"> <\/span><\/p><p style=\"padding-left: 40px;\"><span data-contrast=\"auto\">En aquest context, destaquen oportunitats en solucions d&#8217;alt valor afegit, especialment les basades en tecnologia avan\u00e7ada, efici\u00e8ncia energ\u00e8tica i sostenibilitat.<\/span><span data-ccp-props=\"{}\"> <\/span><\/p><h5><b><span data-contrast=\"auto\"><span style=\"color: #ffffff;\">_<\/span><br> Pressi\u00f3 competitiva dins i fora de la Xina<\/span><\/b><span data-ccp-props=\"{}\"> <\/span><\/h5><p style=\"padding-left: 40px;\"><span data-contrast=\"auto\">L?entorn tamb\u00e9 presenta riscos rellevants. L&#8217;exc\u00e9s de capacitat productiva, l&#8217;expansi\u00f3 internacional d&#8217;empreses xineses i l&#8217;\u00fas de normes t\u00e8cniques com a barrera d&#8217;entrada incrementen la compet\u00e8ncia global. <\/span><span data-ccp-props=\"{}\"> <\/span><\/p><p style=\"padding-left: 40px;\"><span data-contrast=\"auto\">Aquest impacte no es limita al mercat xin\u00e8s, sin\u00f3 que s&#8217;est\u00e9n a tercers mercats clau per a la ind\u00fastria internacionalitzada.<\/span><span data-ccp-props=\"{}\"> <\/span><\/p><h5><b><span data-contrast=\"auto\"><span style=\"color: #ffffff;\">_<\/span><br> Claus per posicionar-se<\/span><\/b><span data-ccp-props=\"{}\"> <\/span><\/h5><p style=\"padding-left: 40px;\"><span data-contrast=\"auto\">L&#8217;acc\u00e9s al mercat dependr\u00e0 de la capacitat de les empreses per<\/span> <b><span data-contrast=\"auto\">oferir diferenciaci\u00f3 tecnol\u00f2gica, adaptar-se a les normatives locals i establir aliances estrat\u00e8giques<\/span><\/b> <span data-contrast=\"auto\">.<\/span><span data-ccp-props=\"{}\"> <\/span><\/p><p style=\"padding-left: 40px;\"><span data-contrast=\"auto\">L&#8217;especialitzaci\u00f3, la qualitat i la sostenibilitat es consoliden com a factors determinants en aquest nou escenari.<\/span><span data-ccp-props=\"{}\"> <\/span><\/p>\t\t\t\t\t\t\t\t<\/div>\n\t\t\t\t<\/div>\n\t\t\t\t\t<\/div>\n\t\t<\/div>\n\t\t\t\t\t<\/div>\n\t\t<\/section>\n\t\t\t\t<section class=\"elementor-section elementor-top-section elementor-element elementor-element-361f70a3 elementor-section-boxed elementor-section-height-default elementor-section-height-default\" data-id=\"361f70a3\" data-element_type=\"section\" data-e-type=\"section\" data-settings=\"{&quot;background_background&quot;:&quot;classic&quot;}\">\n\t\t\t\t\t\t<div class=\"elementor-container elementor-column-gap-default\">\n\t\t\t\t\t<div class=\"elementor-column elementor-col-33 elementor-top-column elementor-element elementor-element-55fdcba1\" data-id=\"55fdcba1\" data-element_type=\"column\" data-e-type=\"column\">\n\t\t\t<div class=\"elementor-widget-wrap elementor-element-populated\">\n\t\t\t\t\t\t<div class=\"elementor-element elementor-element-56aeb491 elementor-widget elementor-widget-image\" data-id=\"56aeb491\" data-element_type=\"widget\" data-e-type=\"widget\" data-widget_type=\"image.default\">\n\t\t\t\t<div class=\"elementor-widget-container\">\n\t\t\t\t\t\t\t\t\t\t\t\t\t\t\t<img fetchpriority=\"high\" decoding=\"async\" width=\"800\" height=\"548\" src=\"https:\/\/amec.es\/wp-content\/uploads\/2026\/03\/Banners_Plan_XVI_China-1024x702.png\" class=\"attachment-large size-large wp-image-52224\" alt=\"\" srcset=\"https:\/\/amec.es\/wp-content\/uploads\/2026\/03\/Banners_Plan_XVI_China-1024x702.png 1024w, https:\/\/amec.es\/wp-content\/uploads\/2026\/03\/Banners_Plan_XVI_China-300x206.png 300w, https:\/\/amec.es\/wp-content\/uploads\/2026\/03\/Banners_Plan_XVI_China-768x526.png 768w, https:\/\/amec.es\/wp-content\/uploads\/2026\/03\/Banners_Plan_XVI_China-474x324.png 474w, https:\/\/amec.es\/wp-content\/uploads\/2026\/03\/Banners_Plan_XVI_China.png 1051w\" sizes=\"(max-width: 800px) 100vw, 800px\" \/>\t\t\t\t\t\t\t\t\t\t\t\t\t\t\t<\/div>\n\t\t\t\t<\/div>\n\t\t\t\t\t<\/div>\n\t\t<\/div>\n\t\t\t\t<div class=\"elementor-column elementor-col-66 elementor-top-column elementor-element elementor-element-51c308c4\" data-id=\"51c308c4\" data-element_type=\"column\" data-e-type=\"column\">\n\t\t\t<div class=\"elementor-widget-wrap elementor-element-populated\">\n\t\t\t\t\t\t<div class=\"elementor-element elementor-element-33f3155f elementor-widget elementor-widget-text-editor\" data-id=\"33f3155f\" data-element_type=\"widget\" data-e-type=\"widget\" data-widget_type=\"text-editor.default\">\n\t\t\t\t<div class=\"elementor-widget-container\">\n\t\t\t\t\t\t\t\t\t<p><b>Informe executiu amec<br> XVI PLA QUINQUENAL XINESA 2026-230<\/b><\/p><p>Informe elaborat a partir del document oficial &#8220;Informe sobre la tasca del Govern&#8221;, presentat davant la IV sessi\u00f3 de la XIV Assemblea Popular Nacional i adoptat el 12 de mar\u00e7. Aquest document incorpora l&#8217;esborrany del document guia del XV Pla Quinquennal (2026-2030). <\/p>\t\t\t\t\t\t\t\t<\/div>\n\t\t\t\t<\/div>\n\t\t\t\t<div class=\"elementor-element elementor-element-e96f53e elementor-widget__width-initial elementor-widget-divider--view-line elementor-widget elementor-widget-global elementor-global-48210 elementor-global-159 elementor-widget-divider\" data-id=\"e96f53e\" data-element_type=\"widget\" data-e-type=\"widget\" data-widget_type=\"divider.default\">\n\t\t\t\t<div class=\"elementor-widget-container\">\n\t\t\t\t\t\t\t<div class=\"elementor-divider\">\n\t\t\t<span class=\"elementor-divider-separator\">\n\t\t\t\t\t\t<\/span>\n\t\t<\/div>\n\t\t\t\t\t\t<\/div>\n\t\t\t\t<\/div>\n\t\t\t\t<div class=\"elementor-element elementor-element-3059394 elementor-widget elementor-widget-text-editor\" data-id=\"3059394\" data-element_type=\"widget\" data-e-type=\"widget\" data-widget_type=\"text-editor.default\">\n\t\t\t\t<div class=\"elementor-widget-container\">\n\t\t\t\t\t\t\t\t\t<p>Disponible al <span style=\"color: #ffffff;\"><strong><span style=\"text-decoration: underline;\"><a style=\"color: #ffffff; text-decoration: underline;\" href=\"https:\/\/event.meetmaps.com\/colab\/es\/virtual\/join\" target=\"_blank\" rel=\"noopener\" data-wplink-edit=\"true\">CoLAB<\/a><\/span>&gt; Estudis i publicacions&gt; M\u00e9s estudis<\/strong><\/span><\/p>\t\t\t\t\t\t\t\t<\/div>\n\t\t\t\t<\/div>\n\t\t\t\t\t<\/div>\n\t\t<\/div>\n\t\t\t\t\t<\/div>\n\t\t<\/section>\n\t\t\t\t<section class=\"elementor-section elementor-top-section elementor-element elementor-element-215a4ca6 elementor-section-boxed elementor-section-height-default elementor-section-height-default\" data-id=\"215a4ca6\" data-element_type=\"section\" data-e-type=\"section\">\n\t\t\t\t\t\t<div class=\"elementor-container elementor-column-gap-default\">\n\t\t\t\t\t<div class=\"elementor-column elementor-col-100 elementor-top-column elementor-element elementor-element-1c4301c4\" data-id=\"1c4301c4\" data-element_type=\"column\" data-e-type=\"column\">\n\t\t\t<div class=\"elementor-widget-wrap\">\n\t\t\t\t\t\t\t<\/div>\n\t\t<\/div>\n\t\t\t\t\t<\/div>\n\t\t<\/section>\n\t\t<div class=\"elementor-element elementor-element-3a0e4fb7 e-flex e-con-boxed e-con e-parent\" data-id=\"3a0e4fb7\" data-element_type=\"container\" data-e-type=\"container\">\n\t\t\t\t\t<div class=\"e-con-inner\">\n\t\t\t\t<div class=\"elementor-element elementor-element-4b093769 elementor-widget elementor-widget-spacer\" data-id=\"4b093769\" data-element_type=\"widget\" data-e-type=\"widget\" data-widget_type=\"spacer.default\">\n\t\t\t\t<div class=\"elementor-widget-container\">\n\t\t\t\t\t\t\t<div class=\"elementor-spacer\">\n\t\t\t<div class=\"elementor-spacer-inner\"><\/div>\n\t\t<\/div>\n\t\t\t\t\t\t<\/div>\n\t\t\t\t<\/div>\n\t\t\t\t\t<\/div>\n\t\t\t\t<\/div>\n\t\t\t\t<section class=\"elementor-section elementor-top-section elementor-element elementor-element-20d29aa2 elementor-section-boxed elementor-section-height-default elementor-section-height-default\" data-id=\"20d29aa2\" data-element_type=\"section\" data-e-type=\"section\" data-settings=\"{&quot;background_background&quot;:&quot;classic&quot;}\">\n\t\t\t\t\t\t<div class=\"elementor-container elementor-column-gap-default\">\n\t\t\t\t\t<div class=\"elementor-column elementor-col-100 elementor-top-column elementor-element elementor-element-465875cc\" data-id=\"465875cc\" data-element_type=\"column\" data-e-type=\"column\">\n\t\t\t<div class=\"elementor-widget-wrap elementor-element-populated\">\n\t\t\t\t\t\t<div class=\"elementor-element elementor-element-9842c01 elementor-widget elementor-widget-heading\" data-id=\"9842c01\" data-element_type=\"widget\" data-e-type=\"widget\" data-widget_type=\"heading.default\">\n\t\t\t\t<div class=\"elementor-widget-container\">\n\t\t\t\t\t<h3 class=\"elementor-heading-title elementor-size-default\">Vols m\u00e9s informaci\u00f3? Contacta'ns! <\/h3>\t\t\t\t<\/div>\n\t\t\t\t<\/div>\n\t\t\t\t<div class=\"elementor-element elementor-element-2f0fa7a5 elementor-widget-divider--view-line elementor-widget elementor-widget-divider\" data-id=\"2f0fa7a5\" data-element_type=\"widget\" data-e-type=\"widget\" data-widget_type=\"divider.default\">\n\t\t\t\t<div class=\"elementor-widget-container\">\n\t\t\t\t\t\t\t<div class=\"elementor-divider\">\n\t\t\t<span class=\"elementor-divider-separator\">\n\t\t\t\t\t\t<\/span>\n\t\t<\/div>\n\t\t\t\t\t\t<\/div>\n\t\t\t\t<\/div>\n\t\t\t\t<section class=\"elementor-section elementor-inner-section elementor-element elementor-element-439b370a elementor-section-boxed elementor-section-height-default elementor-section-height-default\" data-id=\"439b370a\" data-element_type=\"section\" data-e-type=\"section\">\n\t\t\t\t\t\t<div class=\"elementor-container elementor-column-gap-default\">\n\t\t\t\t\t<div class=\"elementor-column elementor-col-50 elementor-inner-column elementor-element elementor-element-4902acbe\" data-id=\"4902acbe\" data-element_type=\"column\" data-e-type=\"column\">\n\t\t\t<div class=\"elementor-widget-wrap elementor-element-populated\">\n\t\t\t\t\t\t<div class=\"elementor-element elementor-element-103153bc elementor-widget elementor-widget-image\" data-id=\"103153bc\" data-element_type=\"widget\" data-e-type=\"widget\" data-widget_type=\"image.default\">\n\t\t\t\t<div class=\"elementor-widget-container\">\n\t\t\t\t\t\t\t\t\t\t\t\t\t\t\t<img decoding=\"async\" width=\"380\" height=\"250\" src=\"https:\/\/amec.es\/wp-content\/uploads\/2023\/07\/susana-gonzalez-3-r-2-redim-prop66-w380-h250.jpg\" class=\"attachment-large size-large wp-image-1193\" alt=\"\" srcset=\"https:\/\/amec.es\/wp-content\/uploads\/2023\/07\/susana-gonzalez-3-r-2-redim-prop66-w380-h250.jpg 380w, https:\/\/amec.es\/wp-content\/uploads\/2023\/07\/susana-gonzalez-3-r-2-redim-prop66-w380-h250-300x197.jpg 300w\" sizes=\"(max-width: 380px) 100vw, 380px\" \/>\t\t\t\t\t\t\t\t\t\t\t\t\t\t\t<\/div>\n\t\t\t\t<\/div>\n\t\t\t\t\t<\/div>\n\t\t<\/div>\n\t\t\t\t<div class=\"elementor-column elementor-col-50 elementor-inner-column elementor-element elementor-element-74230ebb\" data-id=\"74230ebb\" data-element_type=\"column\" data-e-type=\"column\">\n\t\t\t<div class=\"elementor-widget-wrap elementor-element-populated\">\n\t\t\t\t\t\t<div class=\"elementor-element elementor-element-5804bf3f elementor-icon-list--layout-traditional elementor-list-item-link-full_width elementor-widget elementor-widget-icon-list\" data-id=\"5804bf3f\" data-element_type=\"widget\" data-e-type=\"widget\" data-widget_type=\"icon-list.default\">\n\t\t\t\t<div class=\"elementor-widget-container\">\n\t\t\t\t\t\t\t<ul class=\"elementor-icon-list-items\">\n\t\t\t\t\t\t\t<li class=\"elementor-icon-list-item\">\n\t\t\t\t\t\t\t\t\t\t\t<span class=\"elementor-icon-list-icon\">\n\t\t\t\t\t\t\t<i aria-hidden=\"true\" class=\"fas fa-user-circle\"><\/i>\t\t\t\t\t\t<\/span>\n\t\t\t\t\t\t\t\t\t\t<span class=\"elementor-icon-list-text\">Susana Gonzalez<\/span>\n\t\t\t\t\t\t\t\t\t<\/li>\n\t\t\t\t\t\t\t\t<li class=\"elementor-icon-list-item\">\n\t\t\t\t\t\t\t\t\t\t\t<span class=\"elementor-icon-list-icon\">\n\t\t\t\t\t\t\t<i aria-hidden=\"true\" class=\"fas fa-briefcase\"><\/i>\t\t\t\t\t\t<\/span>\n\t\t\t\t\t\t\t\t\t\t<span class=\"elementor-icon-list-text\">Intel\u00b7lig\u00e8ncia i Capacitaci\u00f3<\/span>\n\t\t\t\t\t\t\t\t\t<\/li>\n\t\t\t\t\t\t\t\t<li class=\"elementor-icon-list-item\">\n\t\t\t\t\t\t\t\t\t\t\t<span class=\"elementor-icon-list-icon\">\n\t\t\t\t\t\t\t<i aria-hidden=\"true\" class=\"fas fa-envelope\"><\/i>\t\t\t\t\t\t<\/span>\n\t\t\t\t\t\t\t\t\t\t<span class=\"elementor-icon-list-text\">sgonzalez@amec.es<\/span>\n\t\t\t\t\t\t\t\t\t<\/li>\n\t\t\t\t\t\t<\/ul>\n\t\t\t\t\t\t<\/div>\n\t\t\t\t<\/div>\n\t\t\t\t<div class=\"elementor-element elementor-element-77f878ce elementor-widget elementor-widget-spacer\" data-id=\"77f878ce\" data-element_type=\"widget\" data-e-type=\"widget\" data-widget_type=\"spacer.default\">\n\t\t\t\t<div class=\"elementor-widget-container\">\n\t\t\t\t\t\t\t<div class=\"elementor-spacer\">\n\t\t\t<div class=\"elementor-spacer-inner\"><\/div>\n\t\t<\/div>\n\t\t\t\t\t\t<\/div>\n\t\t\t\t<\/div>\n\t\t\t\t\t<\/div>\n\t\t<\/div>\n\t\t\t\t\t<\/div>\n\t\t<\/section>\n\t\t\t\t\t<\/div>\n\t\t<\/div>\n\t\t\t\t\t<\/div>\n\t\t<\/section>\n\t\t<div class=\"elementor-element elementor-element-5462c95b elementor-hidden-mobile e-flex e-con-boxed e-con e-parent\" data-id=\"5462c95b\" data-element_type=\"container\" data-e-type=\"container\">\n\t\t\t\t\t<div class=\"e-con-inner\">\n\t\t<div class=\"elementor-element elementor-element-6f78e109 elementor-hidden-mobile e-con-full e-flex e-con e-child\" data-id=\"6f78e109\" data-element_type=\"container\" data-e-type=\"container\">\n\t\t<div class=\"elementor-element elementor-element-7eb2620f e-con-full e-flex e-con e-child\" data-id=\"7eb2620f\" data-element_type=\"container\" data-e-type=\"container\">\n\t\t\t\t<\/div>\n\t\t<div class=\"elementor-element elementor-element-3228ea7e e-con-full e-flex e-con e-child\" data-id=\"3228ea7e\" data-element_type=\"container\" data-e-type=\"container\">\n\t\t\t\t<div class=\"elementor-element elementor-element-53f1faba elementor-widget elementor-widget-image\" data-id=\"53f1faba\" data-element_type=\"widget\" data-e-type=\"widget\" data-widget_type=\"image.default\">\n\t\t\t\t<div class=\"elementor-widget-container\">\n\t\t\t\t\t\t\t\t\t\t\t\t\t\t\t\t<a href=\"https:\/\/positiveindustry.org\/\">\n\t\t\t\t\t\t\t<img decoding=\"async\" width=\"500\" height=\"529\" src=\"https:\/\/amec.es\/wp-content\/uploads\/2025\/05\/segellmemberof.png\" class=\"attachment-large size-large wp-image-34785\" alt=\"\" srcset=\"https:\/\/amec.es\/wp-content\/uploads\/2025\/05\/segellmemberof.png 500w, https:\/\/amec.es\/wp-content\/uploads\/2025\/05\/segellmemberof-284x300.png 284w\" sizes=\"(max-width: 500px) 100vw, 500px\" \/>\t\t\t\t\t\t\t\t<\/a>\n\t\t\t\t\t\t\t\t\t\t\t\t\t\t\t<\/div>\n\t\t\t\t<\/div>\n\t\t\t\t<\/div>\n\t\t<div class=\"elementor-element elementor-element-44aded2f e-con-full e-flex e-con e-child\" data-id=\"44aded2f\" data-element_type=\"container\" data-e-type=\"container\">\n\t\t\t\t<div class=\"elementor-element elementor-element-790f95b6 elementor-widget elementor-widget-image\" data-id=\"790f95b6\" data-element_type=\"widget\" data-e-type=\"widget\" data-widget_type=\"image.default\">\n\t\t\t\t<div class=\"elementor-widget-container\">\n\t\t\t\t\t\t\t\t\t\t\t\t\t\t\t<img loading=\"lazy\" decoding=\"async\" width=\"168\" height=\"95\" src=\"https:\/\/amec.es\/wp-content\/uploads\/2023\/07\/theglobalcompact.jpg\" class=\"attachment-large size-large wp-image-69\" alt=\"\" \/>\t\t\t\t\t\t\t\t\t\t\t\t\t\t\t<\/div>\n\t\t\t\t<\/div>\n\t\t\t\t<\/div>\n\t\t<div class=\"elementor-element elementor-element-4c78c7d9 e-con-full e-flex e-con e-child\" data-id=\"4c78c7d9\" data-element_type=\"container\" data-e-type=\"container\">\n\t\t\t\t<div class=\"elementor-element elementor-element-acccf13 elementor-widget elementor-widget-image\" data-id=\"acccf13\" data-element_type=\"widget\" data-e-type=\"widget\" data-widget_type=\"image.default\">\n\t\t\t\t<div class=\"elementor-widget-container\">\n\t\t\t\t\t\t\t\t\t\t\t\t\t\t\t\t<a href=\"https:\/\/www.cematex.com\/\">\n\t\t\t\t\t\t\t<img loading=\"lazy\" decoding=\"async\" width=\"187\" height=\"187\" src=\"https:\/\/amec.es\/wp-content\/uploads\/2023\/07\/CEMATEX-logo.jpg\" class=\"attachment-large size-large wp-image-41268\" alt=\"\" srcset=\"https:\/\/amec.es\/wp-content\/uploads\/2023\/07\/CEMATEX-logo.jpg 187w, https:\/\/amec.es\/wp-content\/uploads\/2023\/07\/CEMATEX-logo-150x150.jpg 150w, https:\/\/amec.es\/wp-content\/uploads\/2023\/07\/CEMATEX-logo-100x100.jpg 100w\" sizes=\"(max-width: 187px) 100vw, 187px\" \/>\t\t\t\t\t\t\t\t<\/a>\n\t\t\t\t\t\t\t\t\t\t\t\t\t\t\t<\/div>\n\t\t\t\t<\/div>\n\t\t\t\t<\/div>\n\t\t<div class=\"elementor-element elementor-element-7d368cc3 e-con-full e-flex e-con e-child\" data-id=\"7d368cc3\" data-element_type=\"container\" data-e-type=\"container\">\n\t\t\t\t<div class=\"elementor-element elementor-element-5625c855 elementor-widget elementor-widget-image\" data-id=\"5625c855\" data-element_type=\"widget\" data-e-type=\"widget\" data-widget_type=\"image.default\">\n\t\t\t\t<div class=\"elementor-widget-container\">\n\t\t\t\t\t\t\t\t\t\t\t\t\t\t\t<img loading=\"lazy\" decoding=\"async\" width=\"168\" height=\"95\" src=\"https:\/\/amec.es\/wp-content\/uploads\/2023\/07\/exportarparacrecer.jpg\" class=\"attachment-large size-large wp-image-73\" alt=\"\" \/>\t\t\t\t\t\t\t\t\t\t\t\t\t\t\t<\/div>\n\t\t\t\t<\/div>\n\t\t\t\t<\/div>\n\t\t<div class=\"elementor-element elementor-element-3e261d12 e-con-full e-flex e-con e-child\" data-id=\"3e261d12\" data-element_type=\"container\" data-e-type=\"container\">\n\t\t\t\t<div class=\"elementor-element elementor-element-a7560bc elementor-widget elementor-widget-image\" data-id=\"a7560bc\" data-element_type=\"widget\" data-e-type=\"widget\" data-widget_type=\"image.default\">\n\t\t\t\t<div class=\"elementor-widget-container\">\n\t\t\t\t\t\t\t\t\t\t\t\t\t\t\t<img loading=\"lazy\" decoding=\"async\" width=\"300\" height=\"200\" src=\"https:\/\/amec.es\/wp-content\/uploads\/2025\/02\/Logos-representacio-institucional-05.jpg\" class=\"attachment-large size-large wp-image-31068\" alt=\"\" \/>\t\t\t\t\t\t\t\t\t\t\t\t\t\t\t<\/div>\n\t\t\t\t<\/div>\n\t\t\t\t<\/div>\n\t\t<div class=\"elementor-element elementor-element-71de4849 e-con-full e-flex e-con e-child\" data-id=\"71de4849\" data-element_type=\"container\" data-e-type=\"container\">\n\t\t\t\t<div class=\"elementor-element elementor-element-1486f9b6 elementor-widget elementor-widget-image\" data-id=\"1486f9b6\" data-element_type=\"widget\" data-e-type=\"widget\" data-widget_type=\"image.default\">\n\t\t\t\t<div class=\"elementor-widget-container\">\n\t\t\t\t\t\t\t\t\t\t\t\t\t\t\t\t<a href=\"https:\/\/www.accio.gencat.cat\/es\/inici\/index.html\">\n\t\t\t\t\t\t\t<img loading=\"lazy\" decoding=\"async\" width=\"778\" height=\"853\" src=\"https:\/\/amec.es\/wp-content\/uploads\/2025\/02\/Segell-Agents-de-Suport-a-la-Internacionalitzacio-Superior.png\" class=\"attachment-large size-large wp-image-34732\" alt=\"\" srcset=\"https:\/\/amec.es\/wp-content\/uploads\/2025\/02\/Segell-Agents-de-Suport-a-la-Internacionalitzacio-Superior.png 778w, https:\/\/amec.es\/wp-content\/uploads\/2025\/02\/Segell-Agents-de-Suport-a-la-Internacionalitzacio-Superior-274x300.png 274w, https:\/\/amec.es\/wp-content\/uploads\/2025\/02\/Segell-Agents-de-Suport-a-la-Internacionalitzacio-Superior-768x842.png 768w, https:\/\/amec.es\/wp-content\/uploads\/2025\/02\/Segell-Agents-de-Suport-a-la-Internacionalitzacio-Superior-600x658.png 600w\" sizes=\"(max-width: 778px) 100vw, 778px\" \/>\t\t\t\t\t\t\t\t<\/a>\n\t\t\t\t\t\t\t\t\t\t\t\t\t\t\t<\/div>\n\t\t\t\t<\/div>\n\t\t\t\t<\/div>\n\t\t<div class=\"elementor-element elementor-element-5d6d8583 e-con-full e-flex e-con e-child\" data-id=\"5d6d8583\" data-element_type=\"container\" data-e-type=\"container\">\n\t\t\t\t<div class=\"elementor-element elementor-element-330248a3 elementor-widget elementor-widget-text-editor\" data-id=\"330248a3\" data-element_type=\"widget\" data-e-type=\"widget\" data-widget_type=\"text-editor.default\">\n\t\t\t\t<div class=\"elementor-widget-container\">\n\t\t\t\t\t\t\t\t\t<p><a href=\"https:\/\/www.accio.gencat.cat\/ca\/accio\/processos-acreditacio\/agents-suport-internacionalitzacio\/\"><span data-olk-copy-source=\"MessageBody\">Agent acreditat per ACCI\u00d3<\/span><\/a><\/p>\t\t\t\t\t\t\t\t<\/div>\n\t\t\t\t<\/div>\n\t\t\t\t<\/div>\n\t\t<div class=\"elementor-element elementor-element-2363c3c0 e-con-full e-flex e-con e-child\" data-id=\"2363c3c0\" data-element_type=\"container\" data-e-type=\"container\">\n\t\t\t\t<\/div>\n\t\t\t\t<\/div>\n\t\t\t\t\t<\/div>\n\t\t\t\t<\/div>\n\t\t\t\t<\/div>\n\t\t","protected":false},"excerpt":{"rendered":"<p>amec ha elaborat un informe que analitza el XV Pla Quinquennal (2026-2030) i les seves implicacions per a la ind\u00fastria internacionalitzada. L&#8217;an\u00e0lisi identifica tant oportunitats en n\u00ednxols d&#8217;alt valor com a riscos creixents en compet\u00e8ncia global. amec ha desenvolupat un informe executiu amb l&#8217;objectiu d&#8217;interpretar les claus del nou cicle econ\u00f2mic xin\u00e8s i el seu [&hellip;]<\/p>\n","protected":false},"author":10,"featured_media":0,"parent":5934,"menu_order":0,"comment_status":"closed","ping_status":"closed","template":"elementor_canvas","meta":{"inline_featured_image":false,"footnotes":""},"categories":[219],"tags":[],"class_list":["post-52223","page","type-page","status-publish","hentry","category-alertes-i-tendencies-exclusives"],"yoast_head":"<!-- This site is optimized with the Yoast SEO plugin v27.3 - https:\/\/yoast.com\/product\/yoast-seo-wordpress\/ -->\n<title>El nou rumb industrial de la Xina per al 2030 | amec Positive Industry<\/title>\n<meta name=\"robots\" content=\"index, follow, max-snippet:-1, max-image-preview:large, max-video-preview:-1\" \/>\n<link rel=\"canonical\" href=\"https:\/\/amec.es\/ca\/anticipat\/alertes-i-oportunitats\/el-nou-rumb-industrial-de-la-xina-per-al-2030\/\" \/>\n<meta property=\"og:locale\" content=\"ca_ES\" \/>\n<meta property=\"og:type\" content=\"article\" \/>\n<meta property=\"og:title\" content=\"El nou rumb industrial de la Xina per al 2030 | amec Positive Industry\" \/>\n<meta property=\"og:description\" content=\"amec ha elaborat un informe que analitza el XV Pla Quinquennal (2026-2030) i les seves implicacions per a la ind\u00fastria internacionalitzada. L&#8217;an\u00e0lisi identifica tant oportunitats en n\u00ednxols d&#8217;alt valor com a riscos creixents en compet\u00e8ncia global. amec ha desenvolupat un informe executiu amb l&#8217;objectiu d&#8217;interpretar les claus del nou cicle econ\u00f2mic xin\u00e8s i el seu [&hellip;]\" \/>\n<meta property=\"og:url\" content=\"https:\/\/amec.es\/ca\/anticipat\/alertes-i-oportunitats\/el-nou-rumb-industrial-de-la-xina-per-al-2030\/\" \/>\n<meta property=\"og:site_name\" content=\"amec Positive Industry\" \/>\n<meta property=\"article:modified_time\" content=\"2026-03-18T08:52:56+00:00\" \/>\n<meta property=\"og:image\" content=\"https:\/\/amec.es\/wp-content\/uploads\/2026\/03\/Banners_Plan_XVI_China.png\" \/>\n\t<meta property=\"og:image:width\" content=\"1051\" \/>\n\t<meta property=\"og:image:height\" content=\"720\" \/>\n\t<meta property=\"og:image:type\" content=\"image\/png\" \/>\n<meta name=\"twitter:card\" content=\"summary_large_image\" \/>\n<meta name=\"twitter:label1\" content=\"Temps estimat de lectura\" \/>\n\t<meta name=\"twitter:data1\" content=\"3 minuts\" \/>\n<script type=\"application\/ld+json\" class=\"yoast-schema-graph\">{\"@context\":\"https:\\\/\\\/schema.org\",\"@graph\":[{\"@type\":\"WebPage\",\"@id\":\"https:\\\/\\\/amec.es\\\/ca\\\/anticipat\\\/alertes-i-oportunitats\\\/el-nou-rumb-industrial-de-la-xina-per-al-2030\\\/\",\"url\":\"https:\\\/\\\/amec.es\\\/ca\\\/anticipat\\\/alertes-i-oportunitats\\\/el-nou-rumb-industrial-de-la-xina-per-al-2030\\\/\",\"name\":\"El nou rumb industrial de la Xina per al 2030 | amec Positive Industry\",\"isPartOf\":{\"@id\":\"https:\\\/\\\/amec.es\\\/#website\"},\"primaryImageOfPage\":{\"@id\":\"https:\\\/\\\/amec.es\\\/ca\\\/anticipat\\\/alertes-i-oportunitats\\\/el-nou-rumb-industrial-de-la-xina-per-al-2030\\\/#primaryimage\"},\"image\":{\"@id\":\"https:\\\/\\\/amec.es\\\/ca\\\/anticipat\\\/alertes-i-oportunitats\\\/el-nou-rumb-industrial-de-la-xina-per-al-2030\\\/#primaryimage\"},\"thumbnailUrl\":\"https:\\\/\\\/amec.es\\\/wp-content\\\/uploads\\\/2026\\\/03\\\/Banners_Plan_XVI_China-1024x702.png\",\"datePublished\":\"2026-03-18T08:30:50+00:00\",\"dateModified\":\"2026-03-18T08:52:56+00:00\",\"breadcrumb\":{\"@id\":\"https:\\\/\\\/amec.es\\\/ca\\\/anticipat\\\/alertes-i-oportunitats\\\/el-nou-rumb-industrial-de-la-xina-per-al-2030\\\/#breadcrumb\"},\"inLanguage\":\"ca\",\"potentialAction\":[{\"@type\":\"ReadAction\",\"target\":[\"https:\\\/\\\/amec.es\\\/ca\\\/anticipat\\\/alertes-i-oportunitats\\\/el-nou-rumb-industrial-de-la-xina-per-al-2030\\\/\"]}]},{\"@type\":\"ImageObject\",\"inLanguage\":\"ca\",\"@id\":\"https:\\\/\\\/amec.es\\\/ca\\\/anticipat\\\/alertes-i-oportunitats\\\/el-nou-rumb-industrial-de-la-xina-per-al-2030\\\/#primaryimage\",\"url\":\"https:\\\/\\\/amec.es\\\/wp-content\\\/uploads\\\/2026\\\/03\\\/Banners_Plan_XVI_China-1024x702.png\",\"contentUrl\":\"https:\\\/\\\/amec.es\\\/wp-content\\\/uploads\\\/2026\\\/03\\\/Banners_Plan_XVI_China-1024x702.png\"},{\"@type\":\"BreadcrumbList\",\"@id\":\"https:\\\/\\\/amec.es\\\/ca\\\/anticipat\\\/alertes-i-oportunitats\\\/el-nou-rumb-industrial-de-la-xina-per-al-2030\\\/#breadcrumb\",\"itemListElement\":[{\"@type\":\"ListItem\",\"position\":1,\"name\":\"Portada\",\"item\":\"https:\\\/\\\/amec.es\\\/ca\\\/home-new\\\/\"},{\"@type\":\"ListItem\",\"position\":2,\"name\":\"Anticipa&#8217;t\",\"item\":\"https:\\\/\\\/amec.es\\\/ca\\\/anticipat\\\/\"},{\"@type\":\"ListItem\",\"position\":3,\"name\":\"Alertes i oportunitats\",\"item\":\"https:\\\/\\\/amec.es\\\/ca\\\/anticipat\\\/alertes-i-oportunitats\\\/\"},{\"@type\":\"ListItem\",\"position\":4,\"name\":\"El nou rumb industrial de la Xina per al 2030\"}]},{\"@type\":\"WebSite\",\"@id\":\"https:\\\/\\\/amec.es\\\/#website\",\"url\":\"https:\\\/\\\/amec.es\\\/\",\"name\":\"amec Positive Industry\",\"description\":\"\",\"publisher\":{\"@id\":\"https:\\\/\\\/amec.es\\\/#organization\"},\"potentialAction\":[{\"@type\":\"SearchAction\",\"target\":{\"@type\":\"EntryPoint\",\"urlTemplate\":\"https:\\\/\\\/amec.es\\\/?s={search_term_string}\"},\"query-input\":{\"@type\":\"PropertyValueSpecification\",\"valueRequired\":true,\"valueName\":\"search_term_string\"}}],\"inLanguage\":\"ca\"},{\"@type\":\"Organization\",\"@id\":\"https:\\\/\\\/amec.es\\\/#organization\",\"name\":\"amec Positive Industry\",\"url\":\"https:\\\/\\\/amec.es\\\/\",\"logo\":{\"@type\":\"ImageObject\",\"inLanguage\":\"ca\",\"@id\":\"https:\\\/\\\/amec.es\\\/#\\\/schema\\\/logo\\\/image\\\/\",\"url\":\"https:\\\/\\\/amec.es\\\/wp-content\\\/uploads\\\/2023\\\/07\\\/logoamec.png\",\"contentUrl\":\"https:\\\/\\\/amec.es\\\/wp-content\\\/uploads\\\/2023\\\/07\\\/logoamec.png\",\"width\":200,\"height\":48,\"caption\":\"amec Positive Industry\"},\"image\":{\"@id\":\"https:\\\/\\\/amec.es\\\/#\\\/schema\\\/logo\\\/image\\\/\"}}]}<\/script>\n<!-- \/ Yoast SEO plugin. -->","yoast_head_json":{"title":"El nou rumb industrial de la Xina per al 2030 | amec Positive Industry","robots":{"index":"index","follow":"follow","max-snippet":"max-snippet:-1","max-image-preview":"max-image-preview:large","max-video-preview":"max-video-preview:-1"},"canonical":"https:\/\/amec.es\/ca\/anticipat\/alertes-i-oportunitats\/el-nou-rumb-industrial-de-la-xina-per-al-2030\/","og_locale":"ca_ES","og_type":"article","og_title":"El nou rumb industrial de la Xina per al 2030 | amec Positive Industry","og_description":"amec ha elaborat un informe que analitza el XV Pla Quinquennal (2026-2030) i les seves implicacions per a la ind\u00fastria internacionalitzada. L&#8217;an\u00e0lisi identifica tant oportunitats en n\u00ednxols d&#8217;alt valor com a riscos creixents en compet\u00e8ncia global. amec ha desenvolupat un informe executiu amb l&#8217;objectiu d&#8217;interpretar les claus del nou cicle econ\u00f2mic xin\u00e8s i el seu [&hellip;]","og_url":"https:\/\/amec.es\/ca\/anticipat\/alertes-i-oportunitats\/el-nou-rumb-industrial-de-la-xina-per-al-2030\/","og_site_name":"amec Positive Industry","article_modified_time":"2026-03-18T08:52:56+00:00","og_image":[{"width":1051,"height":720,"url":"https:\/\/amec.es\/wp-content\/uploads\/2026\/03\/Banners_Plan_XVI_China.png","type":"image\/png"}],"twitter_card":"summary_large_image","twitter_misc":{"Temps estimat de lectura":"3 minuts"},"schema":{"@context":"https:\/\/schema.org","@graph":[{"@type":"WebPage","@id":"https:\/\/amec.es\/ca\/anticipat\/alertes-i-oportunitats\/el-nou-rumb-industrial-de-la-xina-per-al-2030\/","url":"https:\/\/amec.es\/ca\/anticipat\/alertes-i-oportunitats\/el-nou-rumb-industrial-de-la-xina-per-al-2030\/","name":"El nou rumb industrial de la Xina per al 2030 | amec Positive Industry","isPartOf":{"@id":"https:\/\/amec.es\/#website"},"primaryImageOfPage":{"@id":"https:\/\/amec.es\/ca\/anticipat\/alertes-i-oportunitats\/el-nou-rumb-industrial-de-la-xina-per-al-2030\/#primaryimage"},"image":{"@id":"https:\/\/amec.es\/ca\/anticipat\/alertes-i-oportunitats\/el-nou-rumb-industrial-de-la-xina-per-al-2030\/#primaryimage"},"thumbnailUrl":"https:\/\/amec.es\/wp-content\/uploads\/2026\/03\/Banners_Plan_XVI_China-1024x702.png","datePublished":"2026-03-18T08:30:50+00:00","dateModified":"2026-03-18T08:52:56+00:00","breadcrumb":{"@id":"https:\/\/amec.es\/ca\/anticipat\/alertes-i-oportunitats\/el-nou-rumb-industrial-de-la-xina-per-al-2030\/#breadcrumb"},"inLanguage":"ca","potentialAction":[{"@type":"ReadAction","target":["https:\/\/amec.es\/ca\/anticipat\/alertes-i-oportunitats\/el-nou-rumb-industrial-de-la-xina-per-al-2030\/"]}]},{"@type":"ImageObject","inLanguage":"ca","@id":"https:\/\/amec.es\/ca\/anticipat\/alertes-i-oportunitats\/el-nou-rumb-industrial-de-la-xina-per-al-2030\/#primaryimage","url":"https:\/\/amec.es\/wp-content\/uploads\/2026\/03\/Banners_Plan_XVI_China-1024x702.png","contentUrl":"https:\/\/amec.es\/wp-content\/uploads\/2026\/03\/Banners_Plan_XVI_China-1024x702.png"},{"@type":"BreadcrumbList","@id":"https:\/\/amec.es\/ca\/anticipat\/alertes-i-oportunitats\/el-nou-rumb-industrial-de-la-xina-per-al-2030\/#breadcrumb","itemListElement":[{"@type":"ListItem","position":1,"name":"Portada","item":"https:\/\/amec.es\/ca\/home-new\/"},{"@type":"ListItem","position":2,"name":"Anticipa&#8217;t","item":"https:\/\/amec.es\/ca\/anticipat\/"},{"@type":"ListItem","position":3,"name":"Alertes i oportunitats","item":"https:\/\/amec.es\/ca\/anticipat\/alertes-i-oportunitats\/"},{"@type":"ListItem","position":4,"name":"El nou rumb industrial de la Xina per al 2030"}]},{"@type":"WebSite","@id":"https:\/\/amec.es\/#website","url":"https:\/\/amec.es\/","name":"amec Positive Industry","description":"","publisher":{"@id":"https:\/\/amec.es\/#organization"},"potentialAction":[{"@type":"SearchAction","target":{"@type":"EntryPoint","urlTemplate":"https:\/\/amec.es\/?s={search_term_string}"},"query-input":{"@type":"PropertyValueSpecification","valueRequired":true,"valueName":"search_term_string"}}],"inLanguage":"ca"},{"@type":"Organization","@id":"https:\/\/amec.es\/#organization","name":"amec Positive Industry","url":"https:\/\/amec.es\/","logo":{"@type":"ImageObject","inLanguage":"ca","@id":"https:\/\/amec.es\/#\/schema\/logo\/image\/","url":"https:\/\/amec.es\/wp-content\/uploads\/2023\/07\/logoamec.png","contentUrl":"https:\/\/amec.es\/wp-content\/uploads\/2023\/07\/logoamec.png","width":200,"height":48,"caption":"amec Positive Industry"},"image":{"@id":"https:\/\/amec.es\/#\/schema\/logo\/image\/"}}]}},"_links":{"self":[{"href":"https:\/\/amec.es\/ca\/wp-json\/wp\/v2\/pages\/52223","targetHints":{"allow":["GET"]}}],"collection":[{"href":"https:\/\/amec.es\/ca\/wp-json\/wp\/v2\/pages"}],"about":[{"href":"https:\/\/amec.es\/ca\/wp-json\/wp\/v2\/types\/page"}],"author":[{"embeddable":true,"href":"https:\/\/amec.es\/ca\/wp-json\/wp\/v2\/users\/10"}],"replies":[{"embeddable":true,"href":"https:\/\/amec.es\/ca\/wp-json\/wp\/v2\/comments?post=52223"}],"version-history":[{"count":5,"href":"https:\/\/amec.es\/ca\/wp-json\/wp\/v2\/pages\/52223\/revisions"}],"predecessor-version":[{"id":52251,"href":"https:\/\/amec.es\/ca\/wp-json\/wp\/v2\/pages\/52223\/revisions\/52251"}],"up":[{"embeddable":true,"href":"https:\/\/amec.es\/ca\/wp-json\/wp\/v2\/pages\/5934"}],"wp:attachment":[{"href":"https:\/\/amec.es\/ca\/wp-json\/wp\/v2\/media?parent=52223"}],"wp:term":[{"taxonomy":"category","embeddable":true,"href":"https:\/\/amec.es\/ca\/wp-json\/wp\/v2\/categories?post=52223"},{"taxonomy":"post_tag","embeddable":true,"href":"https:\/\/amec.es\/ca\/wp-json\/wp\/v2\/tags?post=52223"}],"curies":[{"name":"wp","href":"https:\/\/api.w.org\/{rel}","templated":true}]}}