{"id":52551,"date":"2026-03-22T11:56:24","date_gmt":"2026-03-22T10:56:24","guid":{"rendered":"https:\/\/amec.es\/anticipat\/alertes-i-oportunitats\/decret-anticrisi-mesures-denergia-inversio-i-internacionalitzacio\/"},"modified":"2026-03-22T12:00:52","modified_gmt":"2026-03-22T11:00:52","slug":"decret-anticrisi-mesures-denergia-inversio-i-internacionalitzacio","status":"publish","type":"page","link":"https:\/\/amec.es\/ca\/anticipat\/alertes-i-oportunitats\/decret-anticrisi-mesures-denergia-inversio-i-internacionalitzacio\/","title":{"rendered":"Decret anticrisi: mesures d&#8217;energia, inversi\u00f3 i internacionalitzaci\u00f3"},"content":{"rendered":"\t\t<div data-elementor-type=\"wp-page\" data-elementor-id=\"52551\" class=\"elementor elementor-52551 elementor-52544\" data-elementor-post-type=\"page\">\n\t\t\t\t\t\t<section class=\"elementor-section elementor-top-section elementor-element elementor-element-6a9de26b elementor-section-boxed elementor-section-height-default elementor-section-height-default\" data-id=\"6a9de26b\" data-element_type=\"section\" data-e-type=\"section\" data-settings=\"{&quot;background_background&quot;:&quot;gradient&quot;}\">\n\t\t\t\t\t\t<div class=\"elementor-container elementor-column-gap-default\">\n\t\t\t\t\t<div class=\"elementor-column elementor-col-100 elementor-top-column elementor-element elementor-element-1a2bfb55\" data-id=\"1a2bfb55\" data-element_type=\"column\" data-e-type=\"column\">\n\t\t\t<div class=\"elementor-widget-wrap elementor-element-populated\">\n\t\t\t\t\t\t<div class=\"elementor-element elementor-element-59221323 elementor-widget elementor-widget-heading\" data-id=\"59221323\" data-element_type=\"widget\" data-e-type=\"widget\" data-widget_type=\"heading.default\">\n\t\t\t\t<div class=\"elementor-widget-container\">\n\t\t\t\t\t<h2 class=\"elementor-heading-title elementor-size-default\"><a href=\"https:\/\/amec.es\/ca\/category\/alertes-i-tendencies-exclusives\/\" rel=\"tag\">Alertes i tend\u00e8ncies exclusives<\/a><\/h2>\t\t\t\t<\/div>\n\t\t\t\t<\/div>\n\t\t\t\t<div class=\"elementor-element elementor-element-217b8636 elementor-widget elementor-widget-spacer\" data-id=\"217b8636\" data-element_type=\"widget\" data-e-type=\"widget\" data-widget_type=\"spacer.default\">\n\t\t\t\t<div class=\"elementor-widget-container\">\n\t\t\t\t\t\t\t<div class=\"elementor-spacer\">\n\t\t\t<div class=\"elementor-spacer-inner\"><\/div>\n\t\t<\/div>\n\t\t\t\t\t\t<\/div>\n\t\t\t\t<\/div>\n\t\t\t\t<div class=\"elementor-element elementor-element-66511006 elementor-widget-divider--view-line elementor-widget elementor-widget-divider\" data-id=\"66511006\" data-element_type=\"widget\" data-e-type=\"widget\" data-widget_type=\"divider.default\">\n\t\t\t\t<div class=\"elementor-widget-container\">\n\t\t\t\t\t\t\t<div class=\"elementor-divider\">\n\t\t\t<span class=\"elementor-divider-separator\">\n\t\t\t\t\t\t<\/span>\n\t\t<\/div>\n\t\t\t\t\t\t<\/div>\n\t\t\t\t<\/div>\n\t\t\t\t\t<\/div>\n\t\t<\/div>\n\t\t\t\t\t<\/div>\n\t\t<\/section>\n\t\t\t\t<section class=\"elementor-section elementor-top-section elementor-element elementor-element-11eb034a elementor-section-boxed elementor-section-height-default elementor-section-height-default\" data-id=\"11eb034a\" data-element_type=\"section\" data-e-type=\"section\">\n\t\t\t\t\t\t<div class=\"elementor-container elementor-column-gap-default\">\n\t\t\t\t\t<div class=\"elementor-column elementor-col-100 elementor-top-column elementor-element elementor-element-546860f2\" data-id=\"546860f2\" data-element_type=\"column\" data-e-type=\"column\">\n\t\t\t<div class=\"elementor-widget-wrap elementor-element-populated\">\n\t\t\t\t\t\t<div class=\"elementor-element elementor-element-3054198f elementor-widget elementor-widget-heading\" data-id=\"3054198f\" data-element_type=\"widget\" data-e-type=\"widget\" data-widget_type=\"heading.default\">\n\t\t\t\t<div class=\"elementor-widget-container\">\n\t\t\t\t\t<h2 class=\"elementor-heading-title elementor-size-default\">Decret anticrisi: mesures d&#8217;energia, inversi\u00f3 i internacionalitzaci\u00f3<\/h2>\t\t\t\t<\/div>\n\t\t\t\t<\/div>\n\t\t\t\t<div class=\"elementor-element elementor-element-7269e80d elementor-widget elementor-widget-spacer\" data-id=\"7269e80d\" data-element_type=\"widget\" data-e-type=\"widget\" data-widget_type=\"spacer.default\">\n\t\t\t\t<div class=\"elementor-widget-container\">\n\t\t\t\t\t\t\t<div class=\"elementor-spacer\">\n\t\t\t<div class=\"elementor-spacer-inner\"><\/div>\n\t\t<\/div>\n\t\t\t\t\t\t<\/div>\n\t\t\t\t<\/div>\n\t\t\t\t<div class=\"elementor-element elementor-element-b00e3a1 elementor-widget elementor-widget-text-editor\" data-id=\"b00e3a1\" data-element_type=\"widget\" data-e-type=\"widget\" data-widget_type=\"text-editor.default\">\n\t\t\t\t<div class=\"elementor-widget-container\">\n\t\t\t\t\t\t\t\t\t22 de mar\u00e7 de 2026\t\t\t\t\t\t\t\t<\/div>\n\t\t\t\t<\/div>\n\t\t\t\t<div class=\"elementor-element elementor-element-15066233 elementor-widget elementor-widget-text-editor\" data-id=\"15066233\" data-element_type=\"widget\" data-e-type=\"widget\" data-widget_type=\"text-editor.default\">\n\t\t\t\t<div class=\"elementor-widget-container\">\n\t\t\t\t\t\t\t\t\t<p><strong>El Reial decret llei 7\/2026 aprova el Pla Integral de Resposta a la Crisi a l&#8217;Orient Mitj\u00e0, el qual inclou diverses mesures dissenyades espec\u00edficament per protegir la competitivitat de la ind\u00fastria espanyola, fomentar-ne la descarbonitzaci\u00f3 i mitigar l&#8217;impacte de l&#8217;anul\u00b7laci\u00f3 de fires.<\/strong><\/p>\t\t\t\t\t\t\t\t<\/div>\n\t\t\t\t<\/div>\n\t\t\t\t<div class=\"elementor-element elementor-element-da99300 elementor-widget-divider--view-line elementor-widget elementor-widget-divider\" data-id=\"da99300\" data-element_type=\"widget\" data-e-type=\"widget\" data-widget_type=\"divider.default\">\n\t\t\t\t<div class=\"elementor-widget-container\">\n\t\t\t\t\t\t\t<div class=\"elementor-divider\">\n\t\t\t<span class=\"elementor-divider-separator\">\n\t\t\t\t\t\t<\/span>\n\t\t<\/div>\n\t\t\t\t\t\t<\/div>\n\t\t\t\t<\/div>\n\t\t\t\t<div class=\"elementor-element elementor-element-52d3ba15 elementor-widget elementor-widget-text-editor\" data-id=\"52d3ba15\" data-element_type=\"widget\" data-e-type=\"widget\" data-widget_type=\"text-editor.default\">\n\t\t\t\t<div class=\"elementor-widget-container\">\n\t\t\t\t\t\t\t\t\t<p>A continuaci\u00f3, es detallen les principals mesures que poden beneficiar les empreses industrials:<\/p><p><img fetchpriority=\"high\" decoding=\"async\" class=\"alignnone size-large wp-image-52546\" src=\"https:\/\/amec.es\/wp-content\/uploads\/2026\/03\/infografia-RDL-7_2026-874x1024.jpg\" alt=\"\" width=\"800\" height=\"937\" srcset=\"https:\/\/amec.es\/wp-content\/uploads\/2026\/03\/infografia-RDL-7_2026-874x1024.jpg 874w, https:\/\/amec.es\/wp-content\/uploads\/2026\/03\/infografia-RDL-7_2026-256x300.jpg 256w, https:\/\/amec.es\/wp-content\/uploads\/2026\/03\/infografia-RDL-7_2026-768x900.jpg 768w, https:\/\/amec.es\/wp-content\/uploads\/2026\/03\/infografia-RDL-7_2026.jpg 1061w\" sizes=\"(max-width: 800px) 100vw, 800px\" \/><\/p><h5><strong>  Mesures de Flexibilitat i Reducci\u00f3 de Costos Energ\u00e8tics<\/strong><\/h5><ul><li><strong>Flexibilitzaci\u00f3 de contractes de gas i electricitat:<\/strong> Fins al 31 de desembre de 2026, les empreses poden modificar les pot\u00e8ncies contractades o els cabals diaris de gas (i en el cas del gas, fins i tot suspendre temporalment el contracte) sense inc\u00f3rrer en els costos addicionals que normalment es deriven d&#8217;aquestes modificacions. Aix\u00f2 permet adaptar els costos a les variacions a la producci\u00f3. <\/li><li><strong>Reducci\u00f3 de peatges per a la ind\u00fastria electrointensiva:<\/strong> S&#8217;estableix una <strong>reducci\u00f3 del 80%<\/strong> a la factura el\u00e8ctrica corresponent als peatges d&#8217;acc\u00e9s a les xarxes de transport i distribuci\u00f3 per als consumidors amb certificat d&#8217;electrointensiu durant tot l&#8217;any 2026<\/li><li><strong>C\u00e0non d&#8217;emmagatzematge de gas zero:<\/strong> S&#8217;estableix un c\u00e0non d&#8217;emmagatzematge subterrani de gas de <strong>zero euros<\/strong> per a la capacitat contractada que superi els 20 dies de consum o vendes fermes, alleujant el cost de complir les obligacions d&#8217;ompliment estrat\u00e8gic.<\/li><li><strong>Reducci\u00f3 de l&#8217;impost especial sobre l&#8217;electricitat:<\/strong> El tipus impositiu es redueix del 5,11% al <strong>0,5%<\/strong> fins al 30 de juny del 2026. Per a usos industrials, el nivell m\u00ednim d&#8217;imposici\u00f3 es fixa en 0,5 euros per megawatt-hora. <\/li><\/ul><h5><strong><span style=\"color: #ffffff;\">_<\/span><br> Impuls a la Inversi\u00f3 i Projectes Estrat\u00e8gics<\/strong><\/h5><ul><li><strong>Projectes Estrat\u00e8gics d&#8217;Inversi\u00f3:<\/strong> Es crea aquesta figura per identificar i accelerar iniciatives empresarials de gran impacte en la reindustrialitzaci\u00f3 i la transici\u00f3 ecol\u00f2gica. Aquests projectes tindran <strong>tramitaci\u00f3 administrativa preferent<\/strong> , reducci\u00f3 de terminis a la meitat i prioritat en l&#8217;acc\u00e9s i connexi\u00f3 a les xarxes el\u00e8ctriques. <\/li><li><strong>Comit\u00e8 d&#8217;Inversions Estrat\u00e8giques:<\/strong> Aquest \u00f2rgan s&#8217;estableix per prioritzar i donar suport a projectes que reforcin l&#8217;autonomia estrat\u00e8gica i la seguretat econ\u00f2mica d&#8217;Espanya.<\/li><\/ul><h5><strong><span style=\"color: #ffffff;\">_<\/span><br> Suport a la Descarbonitzaci\u00f3 i Compensacions<\/strong><\/h5><ul><li><strong>Fons per a l&#8217;Impuls de la Descarbonitzaci\u00f3 Industrial (FIDI):<\/strong> L&#8217;antic fons per a electrointensius es transforma en el FIDI per donar suport a la inversi\u00f3 en tecnologies industrials de baixes emissions, principalment mitjan\u00e7ant <strong>contractes per difer\u00e8ncia de carboni<\/strong> . Aquests contractes garanteixen un preu de refer\u00e8ncia del carboni, fent viables inversions que actualment tenen m\u00e9s costos operatius que els processos convencionals. <\/li><li><strong>Compensaci\u00f3 de costos indirectes de CO<\/strong> <strong>\u2082:<\/strong> S&#8217;aprova un suplement de cr\u00e8dit de <strong>300 milions d&#8217;euros<\/strong> per finan\u00e7ar ajudes destinades a sectors industrials amb risc de fuga de carboni (com el sider\u00fargic, refinament, alumini, zinc, paperer i qu\u00edmica inorg\u00e0nica) que es veuen afectats pel preu de l&#8217;electric.<\/li><li><strong>Programa Auto+:<\/strong> Inclou ajuts perqu\u00e8 les empreses adquireixin vehicles el\u00e8ctrics i electrificats, facilitant la descarbonitzaci\u00f3 de les seves flotes de transport.<\/li><\/ul><h5><strong><span style=\"color: #ffffff;\">_<\/span><br> Incentius fiscals i financers<\/strong><\/h5><ul><li><strong>Llibertat d&#8217;amortitzaci\u00f3 a Societats:<\/strong> Es permet l&#8217;amortitzaci\u00f3 lliure (fins a un m\u00e0xim de 500.000 euros) per a inversions en instal\u00b7lacions d&#8217; <strong>autoconsum d&#8217;energia el\u00e8ctrica<\/strong> i t\u00e8rmica de fonts renovables que substitueixin sistemes de combustibles f\u00f2ssils. Tamb\u00e9 s&#8217;aplica a vehicles nous zero emissions i infraestructures noves de rec\u00e0rrega d&#8217;\u00fas professional. <\/li><li><strong>Suspensi\u00f3 de causa de dissoluci\u00f3 per p\u00e8rdues:<\/strong> Per a l&#8217;exercici 2026, no es computaran les p\u00e8rdues dels anys 2020 i 2021 als efectes de la causa de dissoluci\u00f3 de societats de capital, permetent que empreses industrials viables amb dificultats temporals segueixin operant.<\/li><\/ul><h5><strong><span style=\"color: #ffffff;\">_<\/span><br> Mesures espec\u00edfiques per a exportadors<\/strong><\/h5><p><strong>Devoluci\u00f3 de quotes ICEX:<\/strong> Si una empresa industrial tenia prevista la seva participaci\u00f3 a fires comercials internacionals convocades per ICEX que hagin estat cancel\u00b7lades pel conflicte, podr\u00e0 sol\u00b7licitar la devoluci\u00f3 de les quotes pagades i ajuts per despeses no recuperables.<\/p><p><strong>Qui pot demanar la devoluci\u00f3?<\/strong><\/p><p>Hi ha tres sup\u00f2sits:<\/p><ul><li>Empreses que hagin pagat quotes per participar a <strong>fires o altres activitats de promoci\u00f3 internacional convocades per ICEX que hagin estat cancel\u00b7lades<\/strong> com a conseq\u00fc\u00e8ncia de la guerra de l&#8217;Iran (des del 28 de febrer de 2026). En aquest cas, la devoluci\u00f3 \u00e9s directa, sense necessitat de justificaci\u00f3 addicional. <\/li><li>Empreses que hagin pagat la seva quota per a una activitat que <strong>no ha estat cancel\u00b7lada<\/strong> , <strong>per\u00f2 que no hi poden assistir perqu\u00e8 el transport<\/strong> en qu\u00e8 s&#8217;havien de despla\u00e7ar ha estat cancel\u00b7lat. En aquest cas s\u00ed que es requereix sol\u00b7licitud justificada per part de l&#8217;empresa. <\/li><li>Empreses que participaven a trav\u00e9s d&#8217; <strong>entitats col\u00b7laboradores de l&#8217;ICEX<\/strong> (associacions sectorials, cambres de comer\u00e7, etc.) i que han incorregut en despeses no recuperables per la cancel\u00b7laci\u00f3. En aquest cas, l&#8217;ajuda es pot canalitzar tant a l&#8217;empresa participant com a la pr\u00f2pia entitat col\u00b7laboradora. <\/li><\/ul><p><strong><span style=\"color: #ffffff;\">_<\/span><br> La devoluci\u00f3 cobreix<\/strong> <strong>les<\/strong> <strong>quotes de participaci\u00f3 abonades.<\/strong> El decret no esmenta expl\u00edcitament altres despeses associades (vols, hotels, estands), per la qual cosa en principi la devoluci\u00f3 es limita a les quotes pagades a ICEX oa les entitats col\u00b7laboradores.<\/p><p> <\/p><p>\u00c9s important destacar que les empreses que es benefici\u00efn de les ajudes directes d&#8217;aquest Reial decret llei estan subjectes a la <strong>prohibici\u00f3 d&#8217;acomiadar<\/strong> per causes derivades de la crisi actual fins al 30 de juny del 2026; en cas contrari, han de reintegrar els ajuts rebuts.<\/p>\t\t\t\t\t\t\t\t<\/div>\n\t\t\t\t<\/div>\n\t\t\t\t\t<\/div>\n\t\t<\/div>\n\t\t\t\t\t<\/div>\n\t\t<\/section>\n\t\t\t\t<section class=\"elementor-section elementor-top-section elementor-element elementor-element-13bd2314 elementor-section-boxed elementor-section-height-default elementor-section-height-default\" data-id=\"13bd2314\" data-element_type=\"section\" data-e-type=\"section\">\n\t\t\t\t\t\t<div class=\"elementor-container elementor-column-gap-default\">\n\t\t\t\t\t<div class=\"elementor-column elementor-col-100 elementor-top-column elementor-element elementor-element-260493c8\" data-id=\"260493c8\" data-element_type=\"column\" data-e-type=\"column\">\n\t\t\t<div class=\"elementor-widget-wrap elementor-element-populated\">\n\t\t\t\t\t\t<div class=\"elementor-element elementor-element-40bb3065 elementor-widget-divider--view-line elementor-widget elementor-widget-divider\" data-id=\"40bb3065\" data-element_type=\"widget\" data-e-type=\"widget\" data-widget_type=\"divider.default\">\n\t\t\t\t<div class=\"elementor-widget-container\">\n\t\t\t\t\t\t\t<div class=\"elementor-divider\">\n\t\t\t<span class=\"elementor-divider-separator\">\n\t\t\t\t\t\t<\/span>\n\t\t<\/div>\n\t\t\t\t\t\t<\/div>\n\t\t\t\t<\/div>\n\t\t\t\t<div class=\"elementor-element elementor-element-595abe9e elementor-widget elementor-widget-heading\" data-id=\"595abe9e\" data-element_type=\"widget\" data-e-type=\"widget\" data-widget_type=\"heading.default\">\n\t\t\t\t<div class=\"elementor-widget-container\">\n\t\t\t\t\t<h5 class=\"elementor-heading-title elementor-size-default\">Recursos<\/h5>\t\t\t\t<\/div>\n\t\t\t\t<\/div>\n\t\t\t\t<div class=\"elementor-element elementor-element-9466e6b elementor-widget elementor-widget-text-editor\" data-id=\"9466e6b\" data-element_type=\"widget\" data-e-type=\"widget\" data-widget_type=\"text-editor.default\">\n\t\t\t\t<div class=\"elementor-widget-container\">\n\t\t\t\t\t\t\t\t\t<p class=\"documento-tit\"><strong>Reial decret llei 7\/2026, de 20 de mar\u00e7, pel qual s&#8217;aprova el Pla Integral de Resposta a la Crisi a l&#8217;Orient Mitj\u00e0.<\/strong><\/p><p><a href=\"https:\/\/www.boe.es\/diario_boe\/txt.php?id=BOE-A-2026-6544\" target=\"_blank\" rel=\"noopener\">https:\/\/www.boe.es\/diario_boe\/txt.php?id=BOE-A-2026-6544<\/a><\/p>\t\t\t\t\t\t\t\t<\/div>\n\t\t\t\t<\/div>\n\t\t\t\t<div class=\"elementor-element elementor-element-659a0358 elementor-widget elementor-widget-spacer\" data-id=\"659a0358\" data-element_type=\"widget\" data-e-type=\"widget\" data-widget_type=\"spacer.default\">\n\t\t\t\t<div class=\"elementor-widget-container\">\n\t\t\t\t\t\t\t<div class=\"elementor-spacer\">\n\t\t\t<div class=\"elementor-spacer-inner\"><\/div>\n\t\t<\/div>\n\t\t\t\t\t\t<\/div>\n\t\t\t\t<\/div>\n\t\t\t\t\t<\/div>\n\t\t<\/div>\n\t\t\t\t\t<\/div>\n\t\t<\/section>\n\t\t\t\t<section class=\"elementor-section elementor-top-section elementor-element elementor-element-79bdaec1 elementor-section-boxed elementor-section-height-default elementor-section-height-default\" data-id=\"79bdaec1\" data-element_type=\"section\" data-e-type=\"section\" data-settings=\"{&quot;background_background&quot;:&quot;classic&quot;}\">\n\t\t\t\t\t\t<div class=\"elementor-container elementor-column-gap-default\">\n\t\t\t\t\t<div class=\"elementor-column elementor-col-100 elementor-top-column elementor-element elementor-element-2f12f338\" data-id=\"2f12f338\" data-element_type=\"column\" data-e-type=\"column\">\n\t\t\t<div class=\"elementor-widget-wrap elementor-element-populated\">\n\t\t\t\t\t\t<div class=\"elementor-element elementor-element-4f1860ad elementor-widget elementor-widget-heading\" data-id=\"4f1860ad\" data-element_type=\"widget\" data-e-type=\"widget\" data-widget_type=\"heading.default\">\n\t\t\t\t<div class=\"elementor-widget-container\">\n\t\t\t\t\t<h3 class=\"elementor-heading-title elementor-size-default\">Aprofundeix amb els recursos amec data del CoLAB<\/h3>\t\t\t\t<\/div>\n\t\t\t\t<\/div>\n\t\t\t\t<div class=\"elementor-element elementor-element-705947f0 elementor-widget-divider--view-line elementor-widget elementor-widget-divider\" data-id=\"705947f0\" data-element_type=\"widget\" data-e-type=\"widget\" data-widget_type=\"divider.default\">\n\t\t\t\t<div class=\"elementor-widget-container\">\n\t\t\t\t\t\t\t<div class=\"elementor-divider\">\n\t\t\t<span class=\"elementor-divider-separator\">\n\t\t\t\t\t\t<\/span>\n\t\t<\/div>\n\t\t\t\t\t\t<\/div>\n\t\t\t\t<\/div>\n\t\t<div class=\"elementor-element elementor-element-523e0384 e-grid e-con-boxed e-con e-parent\" data-id=\"523e0384\" data-element_type=\"container\" data-e-type=\"container\" data-settings=\"{&quot;background_background&quot;:&quot;classic&quot;}\">\n\t\t\t\t\t<div class=\"e-con-inner\">\n\t\t\t\t<div class=\"elementor-element elementor-element-43545a02 elementor-widget elementor-widget-image\" data-id=\"43545a02\" data-element_type=\"widget\" data-e-type=\"widget\" data-widget_type=\"image.default\">\n\t\t\t\t<div class=\"elementor-widget-container\">\n\t\t\t\t\t\t\t\t\t\t\t\t\t\t\t\t<a href=\"https:\/\/amec.es\/ca\/comunitat\/colab\/\">\n\t\t\t\t\t\t\t<img decoding=\"async\" width=\"800\" height=\"295\" src=\"https:\/\/amec.es\/wp-content\/uploads\/2026\/01\/Banner-Indicadores-adelantados-amec-1024x377.png\" class=\"attachment-large size-large wp-image-45856\" alt=\"\" srcset=\"https:\/\/amec.es\/wp-content\/uploads\/2026\/01\/Banner-Indicadores-adelantados-amec-1024x377.png 1024w, https:\/\/amec.es\/wp-content\/uploads\/2026\/01\/Banner-Indicadores-adelantados-amec-300x110.png 300w, https:\/\/amec.es\/wp-content\/uploads\/2026\/01\/Banner-Indicadores-adelantados-amec-768x283.png 768w, https:\/\/amec.es\/wp-content\/uploads\/2026\/01\/Banner-Indicadores-adelantados-amec.png 1280w\" sizes=\"(max-width: 800px) 100vw, 800px\" \/>\t\t\t\t\t\t\t\t<\/a>\n\t\t\t\t\t\t\t\t\t\t\t\t\t\t\t<\/div>\n\t\t\t\t<\/div>\n\t\t\t\t<div class=\"elementor-element elementor-element-70dcd91d elementor-widget elementor-widget-image\" data-id=\"70dcd91d\" data-element_type=\"widget\" data-e-type=\"widget\" data-widget_type=\"image.default\">\n\t\t\t\t<div class=\"elementor-widget-container\">\n\t\t\t\t\t\t\t\t\t\t\t\t\t\t\t\t<a href=\"https:\/\/amec.es\/ca\/comunitat\/colab\/\">\n\t\t\t\t\t\t\t<img decoding=\"async\" width=\"800\" height=\"295\" src=\"https:\/\/amec.es\/wp-content\/uploads\/2026\/01\/Banner-Panel-exportaciones-amec-1024x377.png\" class=\"attachment-large size-large wp-image-46159\" alt=\"\" srcset=\"https:\/\/amec.es\/wp-content\/uploads\/2026\/01\/Banner-Panel-exportaciones-amec-1024x377.png 1024w, https:\/\/amec.es\/wp-content\/uploads\/2026\/01\/Banner-Panel-exportaciones-amec-300x110.png 300w, https:\/\/amec.es\/wp-content\/uploads\/2026\/01\/Banner-Panel-exportaciones-amec-768x283.png 768w, https:\/\/amec.es\/wp-content\/uploads\/2026\/01\/Banner-Panel-exportaciones-amec.png 1280w\" sizes=\"(max-width: 800px) 100vw, 800px\" \/>\t\t\t\t\t\t\t\t<\/a>\n\t\t\t\t\t\t\t\t\t\t\t\t\t\t\t<\/div>\n\t\t\t\t<\/div>\n\t\t\t\t\t<\/div>\n\t\t\t\t<\/div>\n\t\t\t\t\t<\/div>\n\t\t<\/div>\n\t\t\t\t\t<\/div>\n\t\t<\/section>\n\t\t<div class=\"elementor-element elementor-element-3de29062 e-flex e-con-boxed e-con e-parent\" data-id=\"3de29062\" data-element_type=\"container\" data-e-type=\"container\">\n\t\t\t\t\t<div class=\"e-con-inner\">\n\t\t\t\t<div class=\"elementor-element elementor-element-6e57b02e elementor-widget elementor-widget-spacer\" data-id=\"6e57b02e\" data-element_type=\"widget\" data-e-type=\"widget\" data-widget_type=\"spacer.default\">\n\t\t\t\t<div class=\"elementor-widget-container\">\n\t\t\t\t\t\t\t<div class=\"elementor-spacer\">\n\t\t\t<div class=\"elementor-spacer-inner\"><\/div>\n\t\t<\/div>\n\t\t\t\t\t\t<\/div>\n\t\t\t\t<\/div>\n\t\t\t\t\t<\/div>\n\t\t\t\t<\/div>\n\t\t\t\t<section class=\"elementor-section elementor-top-section elementor-element elementor-element-73f02df5 elementor-section-boxed elementor-section-height-default elementor-section-height-default\" data-id=\"73f02df5\" data-element_type=\"section\" data-e-type=\"section\" data-settings=\"{&quot;background_background&quot;:&quot;classic&quot;}\">\n\t\t\t\t\t\t<div class=\"elementor-container elementor-column-gap-default\">\n\t\t\t\t\t<div class=\"elementor-column elementor-col-100 elementor-top-column elementor-element elementor-element-2f0fd913\" data-id=\"2f0fd913\" data-element_type=\"column\" data-e-type=\"column\">\n\t\t\t<div class=\"elementor-widget-wrap elementor-element-populated\">\n\t\t\t\t\t\t<div class=\"elementor-element elementor-element-3f530a1a elementor-widget elementor-widget-heading\" data-id=\"3f530a1a\" data-element_type=\"widget\" data-e-type=\"widget\" data-widget_type=\"heading.default\">\n\t\t\t\t<div class=\"elementor-widget-container\">\n\t\t\t\t\t<h3 class=\"elementor-heading-title elementor-size-default\">Vols m\u00e9s informaci\u00f3? Contacta'ns! <\/h3>\t\t\t\t<\/div>\n\t\t\t\t<\/div>\n\t\t\t\t<div class=\"elementor-element elementor-element-34dcdaad elementor-widget-divider--view-line elementor-widget elementor-widget-divider\" data-id=\"34dcdaad\" data-element_type=\"widget\" data-e-type=\"widget\" data-widget_type=\"divider.default\">\n\t\t\t\t<div class=\"elementor-widget-container\">\n\t\t\t\t\t\t\t<div class=\"elementor-divider\">\n\t\t\t<span class=\"elementor-divider-separator\">\n\t\t\t\t\t\t<\/span>\n\t\t<\/div>\n\t\t\t\t\t\t<\/div>\n\t\t\t\t<\/div>\n\t\t\t\t<section class=\"elementor-section elementor-inner-section elementor-element elementor-element-7d82e9b2 elementor-section-boxed elementor-section-height-default elementor-section-height-default\" data-id=\"7d82e9b2\" data-element_type=\"section\" data-e-type=\"section\">\n\t\t\t\t\t\t<div class=\"elementor-container elementor-column-gap-default\">\n\t\t\t\t\t<div class=\"elementor-column elementor-col-50 elementor-inner-column elementor-element elementor-element-1159f0e2\" data-id=\"1159f0e2\" data-element_type=\"column\" data-e-type=\"column\">\n\t\t\t<div class=\"elementor-widget-wrap elementor-element-populated\">\n\t\t\t\t\t\t<div class=\"elementor-element elementor-element-1dfe53f2 elementor-widget elementor-widget-image\" data-id=\"1dfe53f2\" data-element_type=\"widget\" data-e-type=\"widget\" data-widget_type=\"image.default\">\n\t\t\t\t<div class=\"elementor-widget-container\">\n\t\t\t\t\t\t\t\t\t\t\t\t\t\t\t<img loading=\"lazy\" decoding=\"async\" width=\"380\" height=\"250\" src=\"https:\/\/amec.es\/wp-content\/uploads\/2023\/07\/susana-gonzalez-3-r-2-redim-prop66-w380-h250.jpg\" class=\"attachment-large size-large wp-image-1193\" alt=\"\" srcset=\"https:\/\/amec.es\/wp-content\/uploads\/2023\/07\/susana-gonzalez-3-r-2-redim-prop66-w380-h250.jpg 380w, https:\/\/amec.es\/wp-content\/uploads\/2023\/07\/susana-gonzalez-3-r-2-redim-prop66-w380-h250-300x197.jpg 300w\" sizes=\"(max-width: 380px) 100vw, 380px\" \/>\t\t\t\t\t\t\t\t\t\t\t\t\t\t\t<\/div>\n\t\t\t\t<\/div>\n\t\t\t\t\t<\/div>\n\t\t<\/div>\n\t\t\t\t<div class=\"elementor-column elementor-col-50 elementor-inner-column elementor-element elementor-element-7aa711ba\" data-id=\"7aa711ba\" data-element_type=\"column\" data-e-type=\"column\">\n\t\t\t<div class=\"elementor-widget-wrap elementor-element-populated\">\n\t\t\t\t\t\t<div class=\"elementor-element elementor-element-338b70c6 elementor-icon-list--layout-traditional elementor-list-item-link-full_width elementor-widget elementor-widget-icon-list\" data-id=\"338b70c6\" data-element_type=\"widget\" data-e-type=\"widget\" data-widget_type=\"icon-list.default\">\n\t\t\t\t<div class=\"elementor-widget-container\">\n\t\t\t\t\t\t\t<ul class=\"elementor-icon-list-items\">\n\t\t\t\t\t\t\t<li class=\"elementor-icon-list-item\">\n\t\t\t\t\t\t\t\t\t\t\t<span class=\"elementor-icon-list-icon\">\n\t\t\t\t\t\t\t<i aria-hidden=\"true\" class=\"fas fa-user-circle\"><\/i>\t\t\t\t\t\t<\/span>\n\t\t\t\t\t\t\t\t\t\t<span class=\"elementor-icon-list-text\">Susana Gonzalez<\/span>\n\t\t\t\t\t\t\t\t\t<\/li>\n\t\t\t\t\t\t\t\t<li class=\"elementor-icon-list-item\">\n\t\t\t\t\t\t\t\t\t\t\t<span class=\"elementor-icon-list-icon\">\n\t\t\t\t\t\t\t<i aria-hidden=\"true\" class=\"fas fa-briefcase\"><\/i>\t\t\t\t\t\t<\/span>\n\t\t\t\t\t\t\t\t\t\t<span class=\"elementor-icon-list-text\">Intel\u00b7lig\u00e8ncia i Capacitaci\u00f3<\/span>\n\t\t\t\t\t\t\t\t\t<\/li>\n\t\t\t\t\t\t\t\t<li class=\"elementor-icon-list-item\">\n\t\t\t\t\t\t\t\t\t\t\t<span class=\"elementor-icon-list-icon\">\n\t\t\t\t\t\t\t<i aria-hidden=\"true\" class=\"fas fa-envelope\"><\/i>\t\t\t\t\t\t<\/span>\n\t\t\t\t\t\t\t\t\t\t<span class=\"elementor-icon-list-text\">sgonzalez@amec.es<\/span>\n\t\t\t\t\t\t\t\t\t<\/li>\n\t\t\t\t\t\t<\/ul>\n\t\t\t\t\t\t<\/div>\n\t\t\t\t<\/div>\n\t\t\t\t<div class=\"elementor-element elementor-element-71a9216e elementor-widget elementor-widget-spacer\" data-id=\"71a9216e\" data-element_type=\"widget\" data-e-type=\"widget\" data-widget_type=\"spacer.default\">\n\t\t\t\t<div class=\"elementor-widget-container\">\n\t\t\t\t\t\t\t<div class=\"elementor-spacer\">\n\t\t\t<div class=\"elementor-spacer-inner\"><\/div>\n\t\t<\/div>\n\t\t\t\t\t\t<\/div>\n\t\t\t\t<\/div>\n\t\t\t\t\t<\/div>\n\t\t<\/div>\n\t\t\t\t\t<\/div>\n\t\t<\/section>\n\t\t\t\t\t<\/div>\n\t\t<\/div>\n\t\t\t\t\t<\/div>\n\t\t<\/section>\n\t\t<div class=\"elementor-element elementor-element-7179ce71 elementor-hidden-mobile e-flex e-con-boxed e-con e-parent\" data-id=\"7179ce71\" data-element_type=\"container\" data-e-type=\"container\">\n\t\t\t\t\t<div class=\"e-con-inner\">\n\t\t<div class=\"elementor-element elementor-element-9ac729b elementor-hidden-mobile e-con-full e-flex e-con e-child\" data-id=\"9ac729b\" data-element_type=\"container\" data-e-type=\"container\">\n\t\t<div class=\"elementor-element elementor-element-173002cf e-con-full e-flex e-con e-child\" data-id=\"173002cf\" data-element_type=\"container\" data-e-type=\"container\">\n\t\t\t\t<\/div>\n\t\t<div class=\"elementor-element elementor-element-17e46a22 e-con-full e-flex e-con e-child\" data-id=\"17e46a22\" data-element_type=\"container\" data-e-type=\"container\">\n\t\t\t\t<div class=\"elementor-element elementor-element-215d9e6b elementor-widget elementor-widget-image\" data-id=\"215d9e6b\" data-element_type=\"widget\" data-e-type=\"widget\" data-widget_type=\"image.default\">\n\t\t\t\t<div class=\"elementor-widget-container\">\n\t\t\t\t\t\t\t\t\t\t\t\t\t\t\t\t<a href=\"https:\/\/positiveindustry.org\/\">\n\t\t\t\t\t\t\t<img loading=\"lazy\" decoding=\"async\" width=\"500\" height=\"529\" src=\"https:\/\/amec.es\/wp-content\/uploads\/2025\/05\/segellmemberof.png\" class=\"attachment-large size-large wp-image-34785\" alt=\"\" srcset=\"https:\/\/amec.es\/wp-content\/uploads\/2025\/05\/segellmemberof.png 500w, https:\/\/amec.es\/wp-content\/uploads\/2025\/05\/segellmemberof-284x300.png 284w\" sizes=\"(max-width: 500px) 100vw, 500px\" \/>\t\t\t\t\t\t\t\t<\/a>\n\t\t\t\t\t\t\t\t\t\t\t\t\t\t\t<\/div>\n\t\t\t\t<\/div>\n\t\t\t\t<\/div>\n\t\t<div class=\"elementor-element elementor-element-37edfb15 e-con-full e-flex e-con e-child\" data-id=\"37edfb15\" data-element_type=\"container\" data-e-type=\"container\">\n\t\t\t\t<div class=\"elementor-element elementor-element-72f283a6 elementor-widget elementor-widget-image\" data-id=\"72f283a6\" data-element_type=\"widget\" data-e-type=\"widget\" data-widget_type=\"image.default\">\n\t\t\t\t<div class=\"elementor-widget-container\">\n\t\t\t\t\t\t\t\t\t\t\t\t\t\t\t<img loading=\"lazy\" decoding=\"async\" width=\"168\" height=\"95\" src=\"https:\/\/amec.es\/wp-content\/uploads\/2023\/07\/theglobalcompact.jpg\" class=\"attachment-large size-large wp-image-69\" alt=\"\" \/>\t\t\t\t\t\t\t\t\t\t\t\t\t\t\t<\/div>\n\t\t\t\t<\/div>\n\t\t\t\t<\/div>\n\t\t<div class=\"elementor-element elementor-element-483fa55a e-con-full e-flex e-con e-child\" data-id=\"483fa55a\" data-element_type=\"container\" data-e-type=\"container\">\n\t\t\t\t<div class=\"elementor-element elementor-element-6003733e elementor-widget elementor-widget-image\" data-id=\"6003733e\" data-element_type=\"widget\" data-e-type=\"widget\" data-widget_type=\"image.default\">\n\t\t\t\t<div class=\"elementor-widget-container\">\n\t\t\t\t\t\t\t\t\t\t\t\t\t\t\t\t<a href=\"https:\/\/www.cematex.com\/\">\n\t\t\t\t\t\t\t<img loading=\"lazy\" decoding=\"async\" width=\"187\" height=\"187\" src=\"https:\/\/amec.es\/wp-content\/uploads\/2023\/07\/CEMATEX-logo.jpg\" class=\"attachment-large size-large wp-image-41268\" alt=\"\" srcset=\"https:\/\/amec.es\/wp-content\/uploads\/2023\/07\/CEMATEX-logo.jpg 187w, https:\/\/amec.es\/wp-content\/uploads\/2023\/07\/CEMATEX-logo-150x150.jpg 150w, https:\/\/amec.es\/wp-content\/uploads\/2023\/07\/CEMATEX-logo-100x100.jpg 100w\" sizes=\"(max-width: 187px) 100vw, 187px\" \/>\t\t\t\t\t\t\t\t<\/a>\n\t\t\t\t\t\t\t\t\t\t\t\t\t\t\t<\/div>\n\t\t\t\t<\/div>\n\t\t\t\t<\/div>\n\t\t<div class=\"elementor-element elementor-element-61982ebd e-con-full e-flex e-con e-child\" data-id=\"61982ebd\" data-element_type=\"container\" data-e-type=\"container\">\n\t\t\t\t<div class=\"elementor-element elementor-element-1a084476 elementor-widget elementor-widget-image\" data-id=\"1a084476\" data-element_type=\"widget\" data-e-type=\"widget\" data-widget_type=\"image.default\">\n\t\t\t\t<div class=\"elementor-widget-container\">\n\t\t\t\t\t\t\t\t\t\t\t\t\t\t\t<img loading=\"lazy\" decoding=\"async\" width=\"168\" height=\"95\" src=\"https:\/\/amec.es\/wp-content\/uploads\/2023\/07\/exportarparacrecer.jpg\" class=\"attachment-large size-large wp-image-73\" alt=\"\" \/>\t\t\t\t\t\t\t\t\t\t\t\t\t\t\t<\/div>\n\t\t\t\t<\/div>\n\t\t\t\t<\/div>\n\t\t<div class=\"elementor-element elementor-element-68816fc8 e-con-full e-flex e-con e-child\" data-id=\"68816fc8\" data-element_type=\"container\" data-e-type=\"container\">\n\t\t\t\t<div class=\"elementor-element elementor-element-67d8ec33 elementor-widget elementor-widget-image\" data-id=\"67d8ec33\" data-element_type=\"widget\" data-e-type=\"widget\" data-widget_type=\"image.default\">\n\t\t\t\t<div class=\"elementor-widget-container\">\n\t\t\t\t\t\t\t\t\t\t\t\t\t\t\t<img loading=\"lazy\" decoding=\"async\" width=\"300\" height=\"200\" src=\"https:\/\/amec.es\/wp-content\/uploads\/2025\/02\/Logos-representacio-institucional-05.jpg\" class=\"attachment-large size-large wp-image-31068\" alt=\"\" \/>\t\t\t\t\t\t\t\t\t\t\t\t\t\t\t<\/div>\n\t\t\t\t<\/div>\n\t\t\t\t<\/div>\n\t\t<div class=\"elementor-element elementor-element-6ec80692 e-con-full e-flex e-con e-child\" data-id=\"6ec80692\" data-element_type=\"container\" data-e-type=\"container\">\n\t\t\t\t<div class=\"elementor-element elementor-element-75c7496d elementor-widget elementor-widget-image\" data-id=\"75c7496d\" data-element_type=\"widget\" data-e-type=\"widget\" data-widget_type=\"image.default\">\n\t\t\t\t<div class=\"elementor-widget-container\">\n\t\t\t\t\t\t\t\t\t\t\t\t\t\t\t\t<a href=\"https:\/\/www.accio.gencat.cat\/es\/inici\/index.html\">\n\t\t\t\t\t\t\t<img loading=\"lazy\" decoding=\"async\" width=\"778\" height=\"853\" src=\"https:\/\/amec.es\/wp-content\/uploads\/2025\/02\/Segell-Agents-de-Suport-a-la-Internacionalitzacio-Superior.png\" class=\"attachment-large size-large wp-image-34732\" alt=\"\" srcset=\"https:\/\/amec.es\/wp-content\/uploads\/2025\/02\/Segell-Agents-de-Suport-a-la-Internacionalitzacio-Superior.png 778w, https:\/\/amec.es\/wp-content\/uploads\/2025\/02\/Segell-Agents-de-Suport-a-la-Internacionalitzacio-Superior-274x300.png 274w, https:\/\/amec.es\/wp-content\/uploads\/2025\/02\/Segell-Agents-de-Suport-a-la-Internacionalitzacio-Superior-768x842.png 768w, https:\/\/amec.es\/wp-content\/uploads\/2025\/02\/Segell-Agents-de-Suport-a-la-Internacionalitzacio-Superior-600x658.png 600w\" sizes=\"(max-width: 778px) 100vw, 778px\" \/>\t\t\t\t\t\t\t\t<\/a>\n\t\t\t\t\t\t\t\t\t\t\t\t\t\t\t<\/div>\n\t\t\t\t<\/div>\n\t\t\t\t<\/div>\n\t\t<div class=\"elementor-element elementor-element-75f25f84 e-con-full e-flex e-con e-child\" data-id=\"75f25f84\" data-element_type=\"container\" data-e-type=\"container\">\n\t\t\t\t<div class=\"elementor-element elementor-element-131bc28d elementor-widget elementor-widget-text-editor\" data-id=\"131bc28d\" data-element_type=\"widget\" data-e-type=\"widget\" data-widget_type=\"text-editor.default\">\n\t\t\t\t<div class=\"elementor-widget-container\">\n\t\t\t\t\t\t\t\t\t<p><a href=\"https:\/\/www.accio.gencat.cat\/ca\/accio\/processos-acreditacio\/agents-suport-internacionalitzacio\/\"><span data-olk-copy-source=\"MessageBody\">Agent acreditat per ACCI\u00d3<\/span><\/a><\/p>\t\t\t\t\t\t\t\t<\/div>\n\t\t\t\t<\/div>\n\t\t\t\t<\/div>\n\t\t<div class=\"elementor-element elementor-element-194a3184 e-con-full e-flex e-con e-child\" data-id=\"194a3184\" data-element_type=\"container\" data-e-type=\"container\">\n\t\t\t\t<\/div>\n\t\t\t\t<\/div>\n\t\t\t\t\t<\/div>\n\t\t\t\t<\/div>\n\t\t\t\t<\/div>\n\t\t","protected":false},"excerpt":{"rendered":"<p>El Reial decret llei 7\/2026 aprova el Pla Integral de Resposta a la Crisi a l&#8217;Orient Mitj\u00e0, el qual inclou diverses mesures dissenyades espec\u00edficament per protegir la competitivitat de la ind\u00fastria espanyola, fomentar-ne la descarbonitzaci\u00f3 i mitigar l&#8217;impacte de l&#8217;anul\u00b7laci\u00f3 de fires. A continuaci\u00f3, es detallen les principals mesures que poden beneficiar les empreses industrials: [&hellip;]<\/p>\n","protected":false},"author":10,"featured_media":0,"parent":5934,"menu_order":0,"comment_status":"closed","ping_status":"closed","template":"elementor_canvas","meta":{"inline_featured_image":false,"footnotes":""},"categories":[219],"tags":[],"class_list":["post-52551","page","type-page","status-publish","hentry","category-alertes-i-tendencies-exclusives"],"yoast_head":"<!-- This site is optimized with the Yoast SEO plugin v27.3 - https:\/\/yoast.com\/product\/yoast-seo-wordpress\/ -->\n<title>Decret anticrisi: mesures d&#039;energia, inversi\u00f3 i internacionalitzaci\u00f3 | amec Positive Industry<\/title>\n<meta name=\"robots\" content=\"index, follow, max-snippet:-1, max-image-preview:large, max-video-preview:-1\" \/>\n<link rel=\"canonical\" href=\"https:\/\/amec.es\/ca\/anticipat\/alertes-i-oportunitats\/decret-anticrisi-mesures-denergia-inversio-i-internacionalitzacio\/\" \/>\n<meta property=\"og:locale\" content=\"ca_ES\" \/>\n<meta property=\"og:type\" content=\"article\" \/>\n<meta property=\"og:title\" content=\"Decret anticrisi: mesures d&#039;energia, inversi\u00f3 i internacionalitzaci\u00f3 | amec Positive Industry\" \/>\n<meta property=\"og:description\" content=\"El Reial decret llei 7\/2026 aprova el Pla Integral de Resposta a la Crisi a l&#8217;Orient Mitj\u00e0, el qual inclou diverses mesures dissenyades espec\u00edficament per protegir la competitivitat de la ind\u00fastria espanyola, fomentar-ne la descarbonitzaci\u00f3 i mitigar l&#8217;impacte de l&#8217;anul\u00b7laci\u00f3 de fires. A continuaci\u00f3, es detallen les principals mesures que poden beneficiar les empreses industrials: [&hellip;]\" \/>\n<meta property=\"og:url\" content=\"https:\/\/amec.es\/ca\/anticipat\/alertes-i-oportunitats\/decret-anticrisi-mesures-denergia-inversio-i-internacionalitzacio\/\" \/>\n<meta property=\"og:site_name\" content=\"amec Positive Industry\" \/>\n<meta property=\"article:modified_time\" content=\"2026-03-22T11:00:52+00:00\" \/>\n<meta property=\"og:image\" content=\"https:\/\/amec.es\/wp-content\/uploads\/2026\/03\/infografia-RDL-7_2026.jpg\" \/>\n\t<meta property=\"og:image:width\" content=\"1061\" \/>\n\t<meta property=\"og:image:height\" content=\"1243\" \/>\n\t<meta property=\"og:image:type\" content=\"image\/jpeg\" \/>\n<meta name=\"twitter:card\" content=\"summary_large_image\" \/>\n<meta name=\"twitter:label1\" content=\"Temps estimat de lectura\" \/>\n\t<meta name=\"twitter:data1\" content=\"5 minuts\" \/>\n<script type=\"application\/ld+json\" class=\"yoast-schema-graph\">{\"@context\":\"https:\\\/\\\/schema.org\",\"@graph\":[{\"@type\":\"WebPage\",\"@id\":\"https:\\\/\\\/amec.es\\\/ca\\\/anticipat\\\/alertes-i-oportunitats\\\/decret-anticrisi-mesures-denergia-inversio-i-internacionalitzacio\\\/\",\"url\":\"https:\\\/\\\/amec.es\\\/ca\\\/anticipat\\\/alertes-i-oportunitats\\\/decret-anticrisi-mesures-denergia-inversio-i-internacionalitzacio\\\/\",\"name\":\"Decret anticrisi: mesures d'energia, inversi\u00f3 i internacionalitzaci\u00f3 | amec Positive Industry\",\"isPartOf\":{\"@id\":\"https:\\\/\\\/amec.es\\\/#website\"},\"primaryImageOfPage\":{\"@id\":\"https:\\\/\\\/amec.es\\\/ca\\\/anticipat\\\/alertes-i-oportunitats\\\/decret-anticrisi-mesures-denergia-inversio-i-internacionalitzacio\\\/#primaryimage\"},\"image\":{\"@id\":\"https:\\\/\\\/amec.es\\\/ca\\\/anticipat\\\/alertes-i-oportunitats\\\/decret-anticrisi-mesures-denergia-inversio-i-internacionalitzacio\\\/#primaryimage\"},\"thumbnailUrl\":\"https:\\\/\\\/amec.es\\\/wp-content\\\/uploads\\\/2026\\\/03\\\/infografia-RDL-7_2026-874x1024.jpg\",\"datePublished\":\"2026-03-22T10:56:24+00:00\",\"dateModified\":\"2026-03-22T11:00:52+00:00\",\"breadcrumb\":{\"@id\":\"https:\\\/\\\/amec.es\\\/ca\\\/anticipat\\\/alertes-i-oportunitats\\\/decret-anticrisi-mesures-denergia-inversio-i-internacionalitzacio\\\/#breadcrumb\"},\"inLanguage\":\"ca\",\"potentialAction\":[{\"@type\":\"ReadAction\",\"target\":[\"https:\\\/\\\/amec.es\\\/ca\\\/anticipat\\\/alertes-i-oportunitats\\\/decret-anticrisi-mesures-denergia-inversio-i-internacionalitzacio\\\/\"]}]},{\"@type\":\"ImageObject\",\"inLanguage\":\"ca\",\"@id\":\"https:\\\/\\\/amec.es\\\/ca\\\/anticipat\\\/alertes-i-oportunitats\\\/decret-anticrisi-mesures-denergia-inversio-i-internacionalitzacio\\\/#primaryimage\",\"url\":\"https:\\\/\\\/amec.es\\\/wp-content\\\/uploads\\\/2026\\\/03\\\/infografia-RDL-7_2026-874x1024.jpg\",\"contentUrl\":\"https:\\\/\\\/amec.es\\\/wp-content\\\/uploads\\\/2026\\\/03\\\/infografia-RDL-7_2026-874x1024.jpg\"},{\"@type\":\"BreadcrumbList\",\"@id\":\"https:\\\/\\\/amec.es\\\/ca\\\/anticipat\\\/alertes-i-oportunitats\\\/decret-anticrisi-mesures-denergia-inversio-i-internacionalitzacio\\\/#breadcrumb\",\"itemListElement\":[{\"@type\":\"ListItem\",\"position\":1,\"name\":\"Portada\",\"item\":\"https:\\\/\\\/amec.es\\\/ca\\\/home-new\\\/\"},{\"@type\":\"ListItem\",\"position\":2,\"name\":\"Anticipa&#8217;t\",\"item\":\"https:\\\/\\\/amec.es\\\/ca\\\/anticipat\\\/\"},{\"@type\":\"ListItem\",\"position\":3,\"name\":\"Alertes i oportunitats\",\"item\":\"https:\\\/\\\/amec.es\\\/ca\\\/anticipat\\\/alertes-i-oportunitats\\\/\"},{\"@type\":\"ListItem\",\"position\":4,\"name\":\"Decret anticrisi: mesures d&#8217;energia, inversi\u00f3 i internacionalitzaci\u00f3\"}]},{\"@type\":\"WebSite\",\"@id\":\"https:\\\/\\\/amec.es\\\/#website\",\"url\":\"https:\\\/\\\/amec.es\\\/\",\"name\":\"amec Positive Industry\",\"description\":\"\",\"publisher\":{\"@id\":\"https:\\\/\\\/amec.es\\\/#organization\"},\"potentialAction\":[{\"@type\":\"SearchAction\",\"target\":{\"@type\":\"EntryPoint\",\"urlTemplate\":\"https:\\\/\\\/amec.es\\\/?s={search_term_string}\"},\"query-input\":{\"@type\":\"PropertyValueSpecification\",\"valueRequired\":true,\"valueName\":\"search_term_string\"}}],\"inLanguage\":\"ca\"},{\"@type\":\"Organization\",\"@id\":\"https:\\\/\\\/amec.es\\\/#organization\",\"name\":\"amec Positive Industry\",\"url\":\"https:\\\/\\\/amec.es\\\/\",\"logo\":{\"@type\":\"ImageObject\",\"inLanguage\":\"ca\",\"@id\":\"https:\\\/\\\/amec.es\\\/#\\\/schema\\\/logo\\\/image\\\/\",\"url\":\"https:\\\/\\\/amec.es\\\/wp-content\\\/uploads\\\/2023\\\/07\\\/logoamec.png\",\"contentUrl\":\"https:\\\/\\\/amec.es\\\/wp-content\\\/uploads\\\/2023\\\/07\\\/logoamec.png\",\"width\":200,\"height\":48,\"caption\":\"amec Positive Industry\"},\"image\":{\"@id\":\"https:\\\/\\\/amec.es\\\/#\\\/schema\\\/logo\\\/image\\\/\"}}]}<\/script>\n<!-- \/ Yoast SEO plugin. -->","yoast_head_json":{"title":"Decret anticrisi: mesures d'energia, inversi\u00f3 i internacionalitzaci\u00f3 | amec Positive Industry","robots":{"index":"index","follow":"follow","max-snippet":"max-snippet:-1","max-image-preview":"max-image-preview:large","max-video-preview":"max-video-preview:-1"},"canonical":"https:\/\/amec.es\/ca\/anticipat\/alertes-i-oportunitats\/decret-anticrisi-mesures-denergia-inversio-i-internacionalitzacio\/","og_locale":"ca_ES","og_type":"article","og_title":"Decret anticrisi: mesures d'energia, inversi\u00f3 i internacionalitzaci\u00f3 | amec Positive Industry","og_description":"El Reial decret llei 7\/2026 aprova el Pla Integral de Resposta a la Crisi a l&#8217;Orient Mitj\u00e0, el qual inclou diverses mesures dissenyades espec\u00edficament per protegir la competitivitat de la ind\u00fastria espanyola, fomentar-ne la descarbonitzaci\u00f3 i mitigar l&#8217;impacte de l&#8217;anul\u00b7laci\u00f3 de fires. A continuaci\u00f3, es detallen les principals mesures que poden beneficiar les empreses industrials: [&hellip;]","og_url":"https:\/\/amec.es\/ca\/anticipat\/alertes-i-oportunitats\/decret-anticrisi-mesures-denergia-inversio-i-internacionalitzacio\/","og_site_name":"amec Positive Industry","article_modified_time":"2026-03-22T11:00:52+00:00","og_image":[{"width":1061,"height":1243,"url":"https:\/\/amec.es\/wp-content\/uploads\/2026\/03\/infografia-RDL-7_2026.jpg","type":"image\/jpeg"}],"twitter_card":"summary_large_image","twitter_misc":{"Temps estimat de lectura":"5 minuts"},"schema":{"@context":"https:\/\/schema.org","@graph":[{"@type":"WebPage","@id":"https:\/\/amec.es\/ca\/anticipat\/alertes-i-oportunitats\/decret-anticrisi-mesures-denergia-inversio-i-internacionalitzacio\/","url":"https:\/\/amec.es\/ca\/anticipat\/alertes-i-oportunitats\/decret-anticrisi-mesures-denergia-inversio-i-internacionalitzacio\/","name":"Decret anticrisi: mesures d'energia, inversi\u00f3 i internacionalitzaci\u00f3 | amec Positive Industry","isPartOf":{"@id":"https:\/\/amec.es\/#website"},"primaryImageOfPage":{"@id":"https:\/\/amec.es\/ca\/anticipat\/alertes-i-oportunitats\/decret-anticrisi-mesures-denergia-inversio-i-internacionalitzacio\/#primaryimage"},"image":{"@id":"https:\/\/amec.es\/ca\/anticipat\/alertes-i-oportunitats\/decret-anticrisi-mesures-denergia-inversio-i-internacionalitzacio\/#primaryimage"},"thumbnailUrl":"https:\/\/amec.es\/wp-content\/uploads\/2026\/03\/infografia-RDL-7_2026-874x1024.jpg","datePublished":"2026-03-22T10:56:24+00:00","dateModified":"2026-03-22T11:00:52+00:00","breadcrumb":{"@id":"https:\/\/amec.es\/ca\/anticipat\/alertes-i-oportunitats\/decret-anticrisi-mesures-denergia-inversio-i-internacionalitzacio\/#breadcrumb"},"inLanguage":"ca","potentialAction":[{"@type":"ReadAction","target":["https:\/\/amec.es\/ca\/anticipat\/alertes-i-oportunitats\/decret-anticrisi-mesures-denergia-inversio-i-internacionalitzacio\/"]}]},{"@type":"ImageObject","inLanguage":"ca","@id":"https:\/\/amec.es\/ca\/anticipat\/alertes-i-oportunitats\/decret-anticrisi-mesures-denergia-inversio-i-internacionalitzacio\/#primaryimage","url":"https:\/\/amec.es\/wp-content\/uploads\/2026\/03\/infografia-RDL-7_2026-874x1024.jpg","contentUrl":"https:\/\/amec.es\/wp-content\/uploads\/2026\/03\/infografia-RDL-7_2026-874x1024.jpg"},{"@type":"BreadcrumbList","@id":"https:\/\/amec.es\/ca\/anticipat\/alertes-i-oportunitats\/decret-anticrisi-mesures-denergia-inversio-i-internacionalitzacio\/#breadcrumb","itemListElement":[{"@type":"ListItem","position":1,"name":"Portada","item":"https:\/\/amec.es\/ca\/home-new\/"},{"@type":"ListItem","position":2,"name":"Anticipa&#8217;t","item":"https:\/\/amec.es\/ca\/anticipat\/"},{"@type":"ListItem","position":3,"name":"Alertes i oportunitats","item":"https:\/\/amec.es\/ca\/anticipat\/alertes-i-oportunitats\/"},{"@type":"ListItem","position":4,"name":"Decret anticrisi: mesures d&#8217;energia, inversi\u00f3 i internacionalitzaci\u00f3"}]},{"@type":"WebSite","@id":"https:\/\/amec.es\/#website","url":"https:\/\/amec.es\/","name":"amec Positive Industry","description":"","publisher":{"@id":"https:\/\/amec.es\/#organization"},"potentialAction":[{"@type":"SearchAction","target":{"@type":"EntryPoint","urlTemplate":"https:\/\/amec.es\/?s={search_term_string}"},"query-input":{"@type":"PropertyValueSpecification","valueRequired":true,"valueName":"search_term_string"}}],"inLanguage":"ca"},{"@type":"Organization","@id":"https:\/\/amec.es\/#organization","name":"amec Positive Industry","url":"https:\/\/amec.es\/","logo":{"@type":"ImageObject","inLanguage":"ca","@id":"https:\/\/amec.es\/#\/schema\/logo\/image\/","url":"https:\/\/amec.es\/wp-content\/uploads\/2023\/07\/logoamec.png","contentUrl":"https:\/\/amec.es\/wp-content\/uploads\/2023\/07\/logoamec.png","width":200,"height":48,"caption":"amec Positive Industry"},"image":{"@id":"https:\/\/amec.es\/#\/schema\/logo\/image\/"}}]}},"_links":{"self":[{"href":"https:\/\/amec.es\/ca\/wp-json\/wp\/v2\/pages\/52551","targetHints":{"allow":["GET"]}}],"collection":[{"href":"https:\/\/amec.es\/ca\/wp-json\/wp\/v2\/pages"}],"about":[{"href":"https:\/\/amec.es\/ca\/wp-json\/wp\/v2\/types\/page"}],"author":[{"embeddable":true,"href":"https:\/\/amec.es\/ca\/wp-json\/wp\/v2\/users\/10"}],"replies":[{"embeddable":true,"href":"https:\/\/amec.es\/ca\/wp-json\/wp\/v2\/comments?post=52551"}],"version-history":[{"count":3,"href":"https:\/\/amec.es\/ca\/wp-json\/wp\/v2\/pages\/52551\/revisions"}],"predecessor-version":[{"id":52556,"href":"https:\/\/amec.es\/ca\/wp-json\/wp\/v2\/pages\/52551\/revisions\/52556"}],"up":[{"embeddable":true,"href":"https:\/\/amec.es\/ca\/wp-json\/wp\/v2\/pages\/5934"}],"wp:attachment":[{"href":"https:\/\/amec.es\/ca\/wp-json\/wp\/v2\/media?parent=52551"}],"wp:term":[{"taxonomy":"category","embeddable":true,"href":"https:\/\/amec.es\/ca\/wp-json\/wp\/v2\/categories?post=52551"},{"taxonomy":"post_tag","embeddable":true,"href":"https:\/\/amec.es\/ca\/wp-json\/wp\/v2\/tags?post=52551"}],"curies":[{"name":"wp","href":"https:\/\/api.w.org\/{rel}","templated":true}]}}