{"id":53040,"date":"2026-03-29T12:00:37","date_gmt":"2026-03-29T10:00:37","guid":{"rendered":"https:\/\/amec.es\/anticipat\/alertes-i-oportunitats\/fi-de-la-franquicia-duanera-de-150e-per-a-enviaments-des-de-tercers-paisos\/"},"modified":"2026-03-29T12:05:00","modified_gmt":"2026-03-29T10:05:00","slug":"fi-de-la-franquicia-duanera-de-150e-per-a-enviaments-des-de-tercers-paisos","status":"publish","type":"page","link":"https:\/\/amec.es\/ca\/anticipat\/alertes-i-oportunitats\/fi-de-la-franquicia-duanera-de-150e-per-a-enviaments-des-de-tercers-paisos\/","title":{"rendered":"Fi de la franqu\u00edcia duanera de 150\u20ac per a enviaments des de tercers pa\u00efsos"},"content":{"rendered":"\t\t<div data-elementor-type=\"wp-page\" data-elementor-id=\"53040\" class=\"elementor elementor-53040 elementor-53034\" data-elementor-post-type=\"page\">\n\t\t\t\t\t\t<section class=\"elementor-section elementor-top-section elementor-element elementor-element-1e54c855 elementor-section-boxed elementor-section-height-default elementor-section-height-default\" data-id=\"1e54c855\" data-element_type=\"section\" data-e-type=\"section\" data-settings=\"{&quot;background_background&quot;:&quot;gradient&quot;}\">\n\t\t\t\t\t\t<div class=\"elementor-container elementor-column-gap-default\">\n\t\t\t\t\t<div class=\"elementor-column elementor-col-100 elementor-top-column elementor-element elementor-element-311e2117\" data-id=\"311e2117\" data-element_type=\"column\" data-e-type=\"column\">\n\t\t\t<div class=\"elementor-widget-wrap elementor-element-populated\">\n\t\t\t\t\t\t<div class=\"elementor-element elementor-element-45703b67 elementor-widget elementor-widget-heading\" data-id=\"45703b67\" data-element_type=\"widget\" data-e-type=\"widget\" data-widget_type=\"heading.default\">\n\t\t\t\t<div class=\"elementor-widget-container\">\n\t\t\t\t\t<h2 class=\"elementor-heading-title elementor-size-default\"><a href=\"https:\/\/amec.es\/ca\/category\/alertes-i-tendencies-exclusives\/\" rel=\"tag\">Alertes i tend\u00e8ncies exclusives<\/a><\/h2>\t\t\t\t<\/div>\n\t\t\t\t<\/div>\n\t\t\t\t<div class=\"elementor-element elementor-element-49d750ef elementor-widget elementor-widget-spacer\" data-id=\"49d750ef\" data-element_type=\"widget\" data-e-type=\"widget\" data-widget_type=\"spacer.default\">\n\t\t\t\t<div class=\"elementor-widget-container\">\n\t\t\t\t\t\t\t<div class=\"elementor-spacer\">\n\t\t\t<div class=\"elementor-spacer-inner\"><\/div>\n\t\t<\/div>\n\t\t\t\t\t\t<\/div>\n\t\t\t\t<\/div>\n\t\t\t\t<div class=\"elementor-element elementor-element-5a2326d5 elementor-widget-divider--view-line elementor-widget elementor-widget-divider\" data-id=\"5a2326d5\" data-element_type=\"widget\" data-e-type=\"widget\" data-widget_type=\"divider.default\">\n\t\t\t\t<div class=\"elementor-widget-container\">\n\t\t\t\t\t\t\t<div class=\"elementor-divider\">\n\t\t\t<span class=\"elementor-divider-separator\">\n\t\t\t\t\t\t<\/span>\n\t\t<\/div>\n\t\t\t\t\t\t<\/div>\n\t\t\t\t<\/div>\n\t\t\t\t\t<\/div>\n\t\t<\/div>\n\t\t\t\t\t<\/div>\n\t\t<\/section>\n\t\t\t\t<section class=\"elementor-section elementor-top-section elementor-element elementor-element-776cf6e1 elementor-section-boxed elementor-section-height-default elementor-section-height-default\" data-id=\"776cf6e1\" data-element_type=\"section\" data-e-type=\"section\">\n\t\t\t\t\t\t<div class=\"elementor-container elementor-column-gap-default\">\n\t\t\t\t\t<div class=\"elementor-column elementor-col-100 elementor-top-column elementor-element elementor-element-6c5b736c\" data-id=\"6c5b736c\" data-element_type=\"column\" data-e-type=\"column\">\n\t\t\t<div class=\"elementor-widget-wrap elementor-element-populated\">\n\t\t\t\t\t\t<div class=\"elementor-element elementor-element-71a8abfc elementor-widget elementor-widget-heading\" data-id=\"71a8abfc\" data-element_type=\"widget\" data-e-type=\"widget\" data-widget_type=\"heading.default\">\n\t\t\t\t<div class=\"elementor-widget-container\">\n\t\t\t\t\t<h2 class=\"elementor-heading-title elementor-size-default\">Fi de la franqu\u00edcia duanera de 150\u20ac per a enviaments des de tercers pa\u00efsos<\/h2>\t\t\t\t<\/div>\n\t\t\t\t<\/div>\n\t\t\t\t<div class=\"elementor-element elementor-element-4c26509f elementor-widget elementor-widget-spacer\" data-id=\"4c26509f\" data-element_type=\"widget\" data-e-type=\"widget\" data-widget_type=\"spacer.default\">\n\t\t\t\t<div class=\"elementor-widget-container\">\n\t\t\t\t\t\t\t<div class=\"elementor-spacer\">\n\t\t\t<div class=\"elementor-spacer-inner\"><\/div>\n\t\t<\/div>\n\t\t\t\t\t\t<\/div>\n\t\t\t\t<\/div>\n\t\t\t\t<div class=\"elementor-element elementor-element-6144a25d elementor-widget elementor-widget-text-editor\" data-id=\"6144a25d\" data-element_type=\"widget\" data-e-type=\"widget\" data-widget_type=\"text-editor.default\">\n\t\t\t\t<div class=\"elementor-widget-container\">\n\t\t\t\t\t\t\t\t\t29 de mar\u00e7 de 2026\t\t\t\t\t\t\t\t<\/div>\n\t\t\t\t<\/div>\n\t\t\t\t<div class=\"elementor-element elementor-element-6ef3677e elementor-widget elementor-widget-text-editor\" data-id=\"6ef3677e\" data-element_type=\"widget\" data-e-type=\"widget\" data-widget_type=\"text-editor.default\">\n\t\t\t\t<div class=\"elementor-widget-container\">\n\t\t\t\t\t\t\t\t\t<p><strong>Les mercaderies enviades des de pa\u00efsos extracomunitaris amb un valor intr\u00ednsec igual o inferior a 150\u20ac per enviament estaven exemptes de drets de duana a la UE. Aquesta franqu\u00edcia desapareix a partir de l&#8217;1 de juliol del 2026, data en qu\u00e8 el Reglament (UE) 2026\/382 ser\u00e0 plenament aplicable. <\/strong><\/p>\t\t\t\t\t\t\t\t<\/div>\n\t\t\t\t<\/div>\n\t\t\t\t<div class=\"elementor-element elementor-element-179cd203 elementor-widget-divider--view-line elementor-widget elementor-widget-divider\" data-id=\"179cd203\" data-element_type=\"widget\" data-e-type=\"widget\" data-widget_type=\"divider.default\">\n\t\t\t\t<div class=\"elementor-widget-container\">\n\t\t\t\t\t\t\t<div class=\"elementor-divider\">\n\t\t\t<span class=\"elementor-divider-separator\">\n\t\t\t\t\t\t<\/span>\n\t\t<\/div>\n\t\t\t\t\t\t<\/div>\n\t\t\t\t<\/div>\n\t\t\t\t<div class=\"elementor-element elementor-element-16970dfb elementor-widget elementor-widget-text-editor\" data-id=\"16970dfb\" data-element_type=\"widget\" data-e-type=\"widget\" data-widget_type=\"text-editor.default\">\n\t\t\t\t<div class=\"elementor-widget-container\">\n\t\t\t\t\t\t\t\t\t<p>A partir d&#8217;aquesta data, tots els enviaments procedents de pa\u00efsos tercers estaran subjectes a drets de duana amb independ\u00e8ncia del seu valor, llevat de les excepcions que es detallen m\u00e9s endavant.<\/p><h5><strong><span style=\"color: #ffffff;\">_<\/span><br> R\u00e8gim transitori i excepcions<\/strong><\/h5><p>L&#8217;eliminaci\u00f3 no \u00e9s pas abrupta. El reglament estableix un <strong>per\u00edode transitori per a dues categories d&#8217;enviaments<\/strong> entre l&#8217;1 de juliol de 2026 i l&#8217;1 de juliol de 2028 durant el qual s&#8217;aplicar\u00e0 un dret de duana fix i simplificat de 3\u20ac per article: <\/p><ul><li>Enviaments postals el valor intr\u00ednsec dels quals no superi els 150\u20ac.<\/li><li>Enviaments d&#8217;operadors acollits al r\u00e8gim IOSS (Import One-Stop Shop) el valor intr\u00ednsec del qual no superi els 150\u20ac i que estiguin exempts d&#8217;IVA.<\/li><\/ul><p><span style=\"color: #ffffff;\">_<\/span><br> Per a la resta dels operadors no inclosos en aquestes categories, l&#8217;aranzel duaner com\u00fa \u00e9s aplicable immediatament des de l&#8217;1 de juliol de 2026, sense per\u00edode transitori.<\/p><h5><strong><span style=\"color: #ffffff;\">_<\/span><br> Qui es veu afectat i com<\/strong><\/h5><p>Tot i que la motivaci\u00f3 declarada de la norma \u00e9s frenar l&#8217;ab\u00fas del comer\u00e7 electr\u00f2nic, el seu abast \u00e9s molt m\u00e9s ampli i <strong>afecta qualsevol empresa que gestioni fluxos d&#8217;importaci\u00f3 de baix valor des de pa\u00efsos tercers<\/strong> .<\/p><p>Els escenaris dimpacte m\u00e9s habituals s\u00f3n els seg\u00fcents:<\/p><ul><li><strong>Importaci\u00f3 de components, materials o subcomponents des de l&#8217;\u00c0sia o altres or\u00edgens extracomunitaris.<\/strong>  Moltes pimes industrials aprovisionen peces, sensors, elements electr\u00f2nics o materials auxiliars des de prove\u00efdors a la Xina, \u00cdndia, Taiwan o altres pa\u00efsos. Si aquests enviaments es feien en lots de baix valor per aprofitar la franqu\u00edcia, a partir del juliol del 2026 hauran de tributar. L&#8217;impacte en cost dependr\u00e0 de l&#8217;aranzel com\u00fa aplicable a cada codi NC (nomenclatura combinada).  <\/li><li><strong>Enviament de mostres i prototips a clients o filials a la UE des de plantes o magatzems extracomunitaris.<\/strong>  Les empreses amb producci\u00f3 o emmagatzematge fora de la UE que envien mostres, peces de demostraci\u00f3 o unitats pilot cap a la UE incrementaran el cost log\u00edstic d&#8217;aquestes operacions.<\/li><li><strong>Enviament de recanvis i peces de manteniment.<\/strong>  \u00c9s habitual que els fabricants envi\u00efn recanvis de baix valor a clients o t\u00e8cnics de servei dins de la UE des de magatzems situats fora. Aquests enviaments, que sovint es mantenien sota els 150\u20ac, passaran a generar cost aranzelari i possiblement m\u00e9s complexitat en la gesti\u00f3 duanera. <\/li><li><strong>Empreses amb filials fora de la UE<\/strong> que subministren components o materials a la matriu espanyola o altres filials europees tamb\u00e9 hauran de revisar si els seus fluxos intragrup de baix valor queden afectats.<\/li><\/ul><p><span style=\"color: #ffffff;\">_<\/span><br> En tots aquests casos, limpacte no \u00e9s nom\u00e9s de cost directe. La desaparici\u00f3 de la franqu\u00edcia pot implicar tamb\u00e9 m\u00e9s c\u00e0rrega administrativa en la gesti\u00f3 duanera: noves declaracions, classificaci\u00f3 aranzel\u00e0ria de productes que abans no la requerien i possible necessitat de refor\u00e7ar els recursos interns o externs dedicats al despatx de duanes. <\/p>\t\t\t\t\t\t\t\t<\/div>\n\t\t\t\t<\/div>\n\t\t\t\t\t<\/div>\n\t\t<\/div>\n\t\t\t\t\t<\/div>\n\t\t<\/section>\n\t\t\t\t<section class=\"elementor-section elementor-top-section elementor-element elementor-element-5e23b235 elementor-section-boxed elementor-section-height-default elementor-section-height-default\" data-id=\"5e23b235\" data-element_type=\"section\" data-e-type=\"section\">\n\t\t\t\t\t\t<div class=\"elementor-container elementor-column-gap-default\">\n\t\t\t\t\t<div class=\"elementor-column elementor-col-100 elementor-top-column elementor-element elementor-element-3267ec82\" data-id=\"3267ec82\" data-element_type=\"column\" data-e-type=\"column\">\n\t\t\t<div class=\"elementor-widget-wrap elementor-element-populated\">\n\t\t\t\t\t\t<div class=\"elementor-element elementor-element-56193b3c elementor-widget-divider--view-line elementor-widget elementor-widget-divider\" data-id=\"56193b3c\" data-element_type=\"widget\" data-e-type=\"widget\" data-widget_type=\"divider.default\">\n\t\t\t\t<div class=\"elementor-widget-container\">\n\t\t\t\t\t\t\t<div class=\"elementor-divider\">\n\t\t\t<span class=\"elementor-divider-separator\">\n\t\t\t\t\t\t<\/span>\n\t\t<\/div>\n\t\t\t\t\t\t<\/div>\n\t\t\t\t<\/div>\n\t\t\t\t<div class=\"elementor-element elementor-element-27c2da19 elementor-widget elementor-widget-heading\" data-id=\"27c2da19\" data-element_type=\"widget\" data-e-type=\"widget\" data-widget_type=\"heading.default\">\n\t\t\t\t<div class=\"elementor-widget-container\">\n\t\t\t\t\t<h5 class=\"elementor-heading-title elementor-size-default\">Recursos<\/h5>\t\t\t\t<\/div>\n\t\t\t\t<\/div>\n\t\t\t\t<div class=\"elementor-element elementor-element-37132aa9 elementor-widget elementor-widget-text-editor\" data-id=\"37132aa9\" data-element_type=\"widget\" data-e-type=\"widget\" data-widget_type=\"text-editor.default\">\n\t\t\t\t<div class=\"elementor-widget-container\">\n\t\t\t\t\t\t\t\t\t<p>Reglament (UE) 2026\/382 del Consell, d&#8217;11 de febrer de 2026<\/p><p><a href=\"https:\/\/www.boe.es\/buscar\/doc.php?id=DOUE-L-2026-80212\" target=\"_blank\" rel=\"noopener\">https:\/\/www.boe.es\/buscar\/doc.php?id=DOUE-L-2026-80212<\/a><\/p>\t\t\t\t\t\t\t\t<\/div>\n\t\t\t\t<\/div>\n\t\t\t\t<div class=\"elementor-element elementor-element-65317c58 elementor-widget elementor-widget-spacer\" data-id=\"65317c58\" data-element_type=\"widget\" data-e-type=\"widget\" data-widget_type=\"spacer.default\">\n\t\t\t\t<div class=\"elementor-widget-container\">\n\t\t\t\t\t\t\t<div class=\"elementor-spacer\">\n\t\t\t<div class=\"elementor-spacer-inner\"><\/div>\n\t\t<\/div>\n\t\t\t\t\t\t<\/div>\n\t\t\t\t<\/div>\n\t\t\t\t\t<\/div>\n\t\t<\/div>\n\t\t\t\t\t<\/div>\n\t\t<\/section>\n\t\t\t\t<section class=\"elementor-section elementor-top-section elementor-element elementor-element-1038cd5f elementor-section-boxed elementor-section-height-default elementor-section-height-default\" data-id=\"1038cd5f\" data-element_type=\"section\" data-e-type=\"section\" data-settings=\"{&quot;background_background&quot;:&quot;classic&quot;}\">\n\t\t\t\t\t\t<div class=\"elementor-container elementor-column-gap-default\">\n\t\t\t\t\t<div class=\"elementor-column elementor-col-100 elementor-top-column elementor-element elementor-element-5cdeb689\" data-id=\"5cdeb689\" data-element_type=\"column\" data-e-type=\"column\">\n\t\t\t<div class=\"elementor-widget-wrap elementor-element-populated\">\n\t\t\t\t\t\t<div class=\"elementor-element elementor-element-2b04a005 elementor-widget elementor-widget-heading\" data-id=\"2b04a005\" data-element_type=\"widget\" data-e-type=\"widget\" data-widget_type=\"heading.default\">\n\t\t\t\t<div class=\"elementor-widget-container\">\n\t\t\t\t\t<h3 class=\"elementor-heading-title elementor-size-default\">Aprofundeix amb els recursos amec data del CoLAB<\/h3>\t\t\t\t<\/div>\n\t\t\t\t<\/div>\n\t\t\t\t<div class=\"elementor-element elementor-element-486d4027 elementor-widget-divider--view-line elementor-widget elementor-widget-divider\" data-id=\"486d4027\" data-element_type=\"widget\" data-e-type=\"widget\" data-widget_type=\"divider.default\">\n\t\t\t\t<div class=\"elementor-widget-container\">\n\t\t\t\t\t\t\t<div class=\"elementor-divider\">\n\t\t\t<span class=\"elementor-divider-separator\">\n\t\t\t\t\t\t<\/span>\n\t\t<\/div>\n\t\t\t\t\t\t<\/div>\n\t\t\t\t<\/div>\n\t\t<div class=\"elementor-element elementor-element-4d2b9fe e-grid e-con-boxed e-con e-parent\" data-id=\"4d2b9fe\" data-element_type=\"container\" data-e-type=\"container\" data-settings=\"{&quot;background_background&quot;:&quot;classic&quot;}\">\n\t\t\t\t\t<div class=\"e-con-inner\">\n\t\t\t\t<div class=\"elementor-element elementor-element-487f6b6c elementor-widget elementor-widget-image\" data-id=\"487f6b6c\" data-element_type=\"widget\" data-e-type=\"widget\" data-widget_type=\"image.default\">\n\t\t\t\t<div class=\"elementor-widget-container\">\n\t\t\t\t\t\t\t\t\t\t\t\t\t\t\t\t<a href=\"https:\/\/amec.es\/ca\/comunitat\/colab\/\">\n\t\t\t\t\t\t\t<img fetchpriority=\"high\" decoding=\"async\" width=\"800\" height=\"295\" src=\"https:\/\/amec.es\/wp-content\/uploads\/2026\/01\/Banner-Indicadores-adelantados-amec-1024x377.png\" class=\"attachment-large size-large wp-image-45856\" alt=\"\" srcset=\"https:\/\/amec.es\/wp-content\/uploads\/2026\/01\/Banner-Indicadores-adelantados-amec-1024x377.png 1024w, https:\/\/amec.es\/wp-content\/uploads\/2026\/01\/Banner-Indicadores-adelantados-amec-300x110.png 300w, https:\/\/amec.es\/wp-content\/uploads\/2026\/01\/Banner-Indicadores-adelantados-amec-768x283.png 768w, https:\/\/amec.es\/wp-content\/uploads\/2026\/01\/Banner-Indicadores-adelantados-amec.png 1280w\" sizes=\"(max-width: 800px) 100vw, 800px\" \/>\t\t\t\t\t\t\t\t<\/a>\n\t\t\t\t\t\t\t\t\t\t\t\t\t\t\t<\/div>\n\t\t\t\t<\/div>\n\t\t\t\t<div class=\"elementor-element elementor-element-424152b5 elementor-widget elementor-widget-image\" data-id=\"424152b5\" data-element_type=\"widget\" data-e-type=\"widget\" data-widget_type=\"image.default\">\n\t\t\t\t<div class=\"elementor-widget-container\">\n\t\t\t\t\t\t\t\t\t\t\t\t\t\t\t\t<a href=\"https:\/\/amec.es\/ca\/comunitat\/colab\/\">\n\t\t\t\t\t\t\t<img decoding=\"async\" width=\"800\" height=\"295\" src=\"https:\/\/amec.es\/wp-content\/uploads\/2026\/01\/Banner-Panel-exportaciones-amec-1024x377.png\" class=\"attachment-large size-large wp-image-46159\" alt=\"\" srcset=\"https:\/\/amec.es\/wp-content\/uploads\/2026\/01\/Banner-Panel-exportaciones-amec-1024x377.png 1024w, https:\/\/amec.es\/wp-content\/uploads\/2026\/01\/Banner-Panel-exportaciones-amec-300x110.png 300w, https:\/\/amec.es\/wp-content\/uploads\/2026\/01\/Banner-Panel-exportaciones-amec-768x283.png 768w, https:\/\/amec.es\/wp-content\/uploads\/2026\/01\/Banner-Panel-exportaciones-amec.png 1280w\" sizes=\"(max-width: 800px) 100vw, 800px\" \/>\t\t\t\t\t\t\t\t<\/a>\n\t\t\t\t\t\t\t\t\t\t\t\t\t\t\t<\/div>\n\t\t\t\t<\/div>\n\t\t\t\t\t<\/div>\n\t\t\t\t<\/div>\n\t\t\t\t\t<\/div>\n\t\t<\/div>\n\t\t\t\t\t<\/div>\n\t\t<\/section>\n\t\t<div class=\"elementor-element elementor-element-46e44ecf e-flex e-con-boxed e-con e-parent\" data-id=\"46e44ecf\" data-element_type=\"container\" data-e-type=\"container\">\n\t\t\t\t\t<div class=\"e-con-inner\">\n\t\t\t\t<div class=\"elementor-element elementor-element-4b5b393c elementor-widget elementor-widget-spacer\" data-id=\"4b5b393c\" data-element_type=\"widget\" data-e-type=\"widget\" data-widget_type=\"spacer.default\">\n\t\t\t\t<div class=\"elementor-widget-container\">\n\t\t\t\t\t\t\t<div class=\"elementor-spacer\">\n\t\t\t<div class=\"elementor-spacer-inner\"><\/div>\n\t\t<\/div>\n\t\t\t\t\t\t<\/div>\n\t\t\t\t<\/div>\n\t\t\t\t\t<\/div>\n\t\t\t\t<\/div>\n\t\t\t\t<section class=\"elementor-section elementor-top-section elementor-element elementor-element-5306824e elementor-section-boxed elementor-section-height-default elementor-section-height-default\" data-id=\"5306824e\" data-element_type=\"section\" data-e-type=\"section\" data-settings=\"{&quot;background_background&quot;:&quot;classic&quot;}\">\n\t\t\t\t\t\t<div class=\"elementor-container elementor-column-gap-default\">\n\t\t\t\t\t<div class=\"elementor-column elementor-col-100 elementor-top-column elementor-element elementor-element-78804ab2\" data-id=\"78804ab2\" data-element_type=\"column\" data-e-type=\"column\">\n\t\t\t<div class=\"elementor-widget-wrap elementor-element-populated\">\n\t\t\t\t\t\t<div class=\"elementor-element elementor-element-1b97529 elementor-widget elementor-widget-heading\" data-id=\"1b97529\" data-element_type=\"widget\" data-e-type=\"widget\" data-widget_type=\"heading.default\">\n\t\t\t\t<div class=\"elementor-widget-container\">\n\t\t\t\t\t<h3 class=\"elementor-heading-title elementor-size-default\">Vols m\u00e9s informaci\u00f3? Contacta'ns! <\/h3>\t\t\t\t<\/div>\n\t\t\t\t<\/div>\n\t\t\t\t<div class=\"elementor-element elementor-element-4fe80b80 elementor-widget-divider--view-line elementor-widget elementor-widget-divider\" data-id=\"4fe80b80\" data-element_type=\"widget\" data-e-type=\"widget\" data-widget_type=\"divider.default\">\n\t\t\t\t<div class=\"elementor-widget-container\">\n\t\t\t\t\t\t\t<div class=\"elementor-divider\">\n\t\t\t<span class=\"elementor-divider-separator\">\n\t\t\t\t\t\t<\/span>\n\t\t<\/div>\n\t\t\t\t\t\t<\/div>\n\t\t\t\t<\/div>\n\t\t\t\t<section class=\"elementor-section elementor-inner-section elementor-element elementor-element-7a8ee532 elementor-section-boxed elementor-section-height-default elementor-section-height-default\" data-id=\"7a8ee532\" data-element_type=\"section\" data-e-type=\"section\">\n\t\t\t\t\t\t<div class=\"elementor-container elementor-column-gap-default\">\n\t\t\t\t\t<div class=\"elementor-column elementor-col-50 elementor-inner-column elementor-element elementor-element-49c1e02e\" data-id=\"49c1e02e\" data-element_type=\"column\" data-e-type=\"column\">\n\t\t\t<div class=\"elementor-widget-wrap elementor-element-populated\">\n\t\t\t\t\t\t<div class=\"elementor-element elementor-element-395ca0af elementor-widget elementor-widget-image\" data-id=\"395ca0af\" data-element_type=\"widget\" data-e-type=\"widget\" data-widget_type=\"image.default\">\n\t\t\t\t<div class=\"elementor-widget-container\">\n\t\t\t\t\t\t\t\t\t\t\t\t\t\t\t<img decoding=\"async\" width=\"380\" height=\"250\" src=\"https:\/\/amec.es\/wp-content\/uploads\/2023\/07\/susana-gonzalez-3-r-2-redim-prop66-w380-h250.jpg\" class=\"attachment-large size-large wp-image-1193\" alt=\"\" srcset=\"https:\/\/amec.es\/wp-content\/uploads\/2023\/07\/susana-gonzalez-3-r-2-redim-prop66-w380-h250.jpg 380w, https:\/\/amec.es\/wp-content\/uploads\/2023\/07\/susana-gonzalez-3-r-2-redim-prop66-w380-h250-300x197.jpg 300w\" sizes=\"(max-width: 380px) 100vw, 380px\" \/>\t\t\t\t\t\t\t\t\t\t\t\t\t\t\t<\/div>\n\t\t\t\t<\/div>\n\t\t\t\t\t<\/div>\n\t\t<\/div>\n\t\t\t\t<div class=\"elementor-column elementor-col-50 elementor-inner-column elementor-element elementor-element-14b8438\" data-id=\"14b8438\" data-element_type=\"column\" data-e-type=\"column\">\n\t\t\t<div class=\"elementor-widget-wrap elementor-element-populated\">\n\t\t\t\t\t\t<div class=\"elementor-element elementor-element-1c4e15d1 elementor-icon-list--layout-traditional elementor-list-item-link-full_width elementor-widget elementor-widget-icon-list\" data-id=\"1c4e15d1\" data-element_type=\"widget\" data-e-type=\"widget\" data-widget_type=\"icon-list.default\">\n\t\t\t\t<div class=\"elementor-widget-container\">\n\t\t\t\t\t\t\t<ul class=\"elementor-icon-list-items\">\n\t\t\t\t\t\t\t<li class=\"elementor-icon-list-item\">\n\t\t\t\t\t\t\t\t\t\t\t<span class=\"elementor-icon-list-icon\">\n\t\t\t\t\t\t\t<i aria-hidden=\"true\" class=\"fas fa-user-circle\"><\/i>\t\t\t\t\t\t<\/span>\n\t\t\t\t\t\t\t\t\t\t<span class=\"elementor-icon-list-text\">Susana Gonzalez<\/span>\n\t\t\t\t\t\t\t\t\t<\/li>\n\t\t\t\t\t\t\t\t<li class=\"elementor-icon-list-item\">\n\t\t\t\t\t\t\t\t\t\t\t<span class=\"elementor-icon-list-icon\">\n\t\t\t\t\t\t\t<i aria-hidden=\"true\" class=\"fas fa-briefcase\"><\/i>\t\t\t\t\t\t<\/span>\n\t\t\t\t\t\t\t\t\t\t<span class=\"elementor-icon-list-text\">Intel\u00b7lig\u00e8ncia i Capacitaci\u00f3<\/span>\n\t\t\t\t\t\t\t\t\t<\/li>\n\t\t\t\t\t\t\t\t<li class=\"elementor-icon-list-item\">\n\t\t\t\t\t\t\t\t\t\t\t<span class=\"elementor-icon-list-icon\">\n\t\t\t\t\t\t\t<i aria-hidden=\"true\" class=\"fas fa-envelope\"><\/i>\t\t\t\t\t\t<\/span>\n\t\t\t\t\t\t\t\t\t\t<span class=\"elementor-icon-list-text\">sgonzalez@amec.es<\/span>\n\t\t\t\t\t\t\t\t\t<\/li>\n\t\t\t\t\t\t<\/ul>\n\t\t\t\t\t\t<\/div>\n\t\t\t\t<\/div>\n\t\t\t\t<div class=\"elementor-element elementor-element-6fdc04e0 elementor-widget elementor-widget-spacer\" data-id=\"6fdc04e0\" data-element_type=\"widget\" data-e-type=\"widget\" data-widget_type=\"spacer.default\">\n\t\t\t\t<div class=\"elementor-widget-container\">\n\t\t\t\t\t\t\t<div class=\"elementor-spacer\">\n\t\t\t<div class=\"elementor-spacer-inner\"><\/div>\n\t\t<\/div>\n\t\t\t\t\t\t<\/div>\n\t\t\t\t<\/div>\n\t\t\t\t\t<\/div>\n\t\t<\/div>\n\t\t\t\t\t<\/div>\n\t\t<\/section>\n\t\t\t\t\t<\/div>\n\t\t<\/div>\n\t\t\t\t\t<\/div>\n\t\t<\/section>\n\t\t<div class=\"elementor-element elementor-element-42fa840d elementor-hidden-mobile e-flex e-con-boxed e-con e-parent\" data-id=\"42fa840d\" data-element_type=\"container\" data-e-type=\"container\">\n\t\t\t\t\t<div class=\"e-con-inner\">\n\t\t<div class=\"elementor-element elementor-element-b84ecdb elementor-hidden-mobile e-con-full e-flex e-con e-child\" data-id=\"b84ecdb\" data-element_type=\"container\" data-e-type=\"container\">\n\t\t<div class=\"elementor-element elementor-element-28dc5219 e-con-full e-flex e-con e-child\" data-id=\"28dc5219\" data-element_type=\"container\" data-e-type=\"container\">\n\t\t\t\t<\/div>\n\t\t<div class=\"elementor-element elementor-element-23470a21 e-con-full e-flex e-con e-child\" data-id=\"23470a21\" data-element_type=\"container\" data-e-type=\"container\">\n\t\t\t\t<div class=\"elementor-element elementor-element-504c631d elementor-widget elementor-widget-image\" data-id=\"504c631d\" data-element_type=\"widget\" data-e-type=\"widget\" data-widget_type=\"image.default\">\n\t\t\t\t<div class=\"elementor-widget-container\">\n\t\t\t\t\t\t\t\t\t\t\t\t\t\t\t\t<a href=\"https:\/\/positiveindustry.org\/\">\n\t\t\t\t\t\t\t<img loading=\"lazy\" decoding=\"async\" width=\"500\" height=\"529\" src=\"https:\/\/amec.es\/wp-content\/uploads\/2025\/05\/segellmemberof.png\" class=\"attachment-large size-large wp-image-34785\" alt=\"\" srcset=\"https:\/\/amec.es\/wp-content\/uploads\/2025\/05\/segellmemberof.png 500w, https:\/\/amec.es\/wp-content\/uploads\/2025\/05\/segellmemberof-284x300.png 284w\" sizes=\"(max-width: 500px) 100vw, 500px\" \/>\t\t\t\t\t\t\t\t<\/a>\n\t\t\t\t\t\t\t\t\t\t\t\t\t\t\t<\/div>\n\t\t\t\t<\/div>\n\t\t\t\t<\/div>\n\t\t<div class=\"elementor-element elementor-element-7493fe0b e-con-full e-flex e-con e-child\" data-id=\"7493fe0b\" data-element_type=\"container\" data-e-type=\"container\">\n\t\t\t\t<div class=\"elementor-element elementor-element-1170f68b elementor-widget elementor-widget-image\" data-id=\"1170f68b\" data-element_type=\"widget\" data-e-type=\"widget\" data-widget_type=\"image.default\">\n\t\t\t\t<div class=\"elementor-widget-container\">\n\t\t\t\t\t\t\t\t\t\t\t\t\t\t\t<img loading=\"lazy\" decoding=\"async\" width=\"168\" height=\"95\" src=\"https:\/\/amec.es\/wp-content\/uploads\/2023\/07\/theglobalcompact.jpg\" class=\"attachment-large size-large wp-image-69\" alt=\"\" \/>\t\t\t\t\t\t\t\t\t\t\t\t\t\t\t<\/div>\n\t\t\t\t<\/div>\n\t\t\t\t<\/div>\n\t\t<div class=\"elementor-element elementor-element-27a72c6d e-con-full e-flex e-con e-child\" data-id=\"27a72c6d\" data-element_type=\"container\" data-e-type=\"container\">\n\t\t\t\t<div class=\"elementor-element elementor-element-4040aa60 elementor-widget elementor-widget-image\" data-id=\"4040aa60\" data-element_type=\"widget\" data-e-type=\"widget\" data-widget_type=\"image.default\">\n\t\t\t\t<div class=\"elementor-widget-container\">\n\t\t\t\t\t\t\t\t\t\t\t\t\t\t\t\t<a href=\"https:\/\/www.cematex.com\/\">\n\t\t\t\t\t\t\t<img loading=\"lazy\" decoding=\"async\" width=\"187\" height=\"187\" src=\"https:\/\/amec.es\/wp-content\/uploads\/2023\/07\/CEMATEX-logo.jpg\" class=\"attachment-large size-large wp-image-41268\" alt=\"\" srcset=\"https:\/\/amec.es\/wp-content\/uploads\/2023\/07\/CEMATEX-logo.jpg 187w, https:\/\/amec.es\/wp-content\/uploads\/2023\/07\/CEMATEX-logo-150x150.jpg 150w, https:\/\/amec.es\/wp-content\/uploads\/2023\/07\/CEMATEX-logo-100x100.jpg 100w\" sizes=\"(max-width: 187px) 100vw, 187px\" \/>\t\t\t\t\t\t\t\t<\/a>\n\t\t\t\t\t\t\t\t\t\t\t\t\t\t\t<\/div>\n\t\t\t\t<\/div>\n\t\t\t\t<\/div>\n\t\t<div class=\"elementor-element elementor-element-2e9eccfc e-con-full e-flex e-con e-child\" data-id=\"2e9eccfc\" data-element_type=\"container\" data-e-type=\"container\">\n\t\t\t\t<div class=\"elementor-element elementor-element-7d766dcc elementor-widget elementor-widget-image\" data-id=\"7d766dcc\" data-element_type=\"widget\" data-e-type=\"widget\" data-widget_type=\"image.default\">\n\t\t\t\t<div class=\"elementor-widget-container\">\n\t\t\t\t\t\t\t\t\t\t\t\t\t\t\t<img loading=\"lazy\" decoding=\"async\" width=\"168\" height=\"95\" src=\"https:\/\/amec.es\/wp-content\/uploads\/2023\/07\/exportarparacrecer.jpg\" class=\"attachment-large size-large wp-image-73\" alt=\"\" \/>\t\t\t\t\t\t\t\t\t\t\t\t\t\t\t<\/div>\n\t\t\t\t<\/div>\n\t\t\t\t<\/div>\n\t\t<div class=\"elementor-element elementor-element-61ca666b e-con-full e-flex e-con e-child\" data-id=\"61ca666b\" data-element_type=\"container\" data-e-type=\"container\">\n\t\t\t\t<div class=\"elementor-element elementor-element-681fcb15 elementor-widget elementor-widget-image\" data-id=\"681fcb15\" data-element_type=\"widget\" data-e-type=\"widget\" data-widget_type=\"image.default\">\n\t\t\t\t<div class=\"elementor-widget-container\">\n\t\t\t\t\t\t\t\t\t\t\t\t\t\t\t<img loading=\"lazy\" decoding=\"async\" width=\"300\" height=\"200\" src=\"https:\/\/amec.es\/wp-content\/uploads\/2025\/02\/Logos-representacio-institucional-05.jpg\" class=\"attachment-large size-large wp-image-31068\" alt=\"\" \/>\t\t\t\t\t\t\t\t\t\t\t\t\t\t\t<\/div>\n\t\t\t\t<\/div>\n\t\t\t\t<\/div>\n\t\t<div class=\"elementor-element elementor-element-4119d9c4 e-con-full e-flex e-con e-child\" data-id=\"4119d9c4\" data-element_type=\"container\" data-e-type=\"container\">\n\t\t\t\t<div class=\"elementor-element elementor-element-a887a37 elementor-widget elementor-widget-image\" data-id=\"a887a37\" data-element_type=\"widget\" data-e-type=\"widget\" data-widget_type=\"image.default\">\n\t\t\t\t<div class=\"elementor-widget-container\">\n\t\t\t\t\t\t\t\t\t\t\t\t\t\t\t\t<a href=\"https:\/\/www.accio.gencat.cat\/es\/inici\/index.html\">\n\t\t\t\t\t\t\t<img loading=\"lazy\" decoding=\"async\" width=\"778\" height=\"853\" src=\"https:\/\/amec.es\/wp-content\/uploads\/2025\/02\/Segell-Agents-de-Suport-a-la-Internacionalitzacio-Superior.png\" class=\"attachment-large size-large wp-image-34732\" alt=\"\" srcset=\"https:\/\/amec.es\/wp-content\/uploads\/2025\/02\/Segell-Agents-de-Suport-a-la-Internacionalitzacio-Superior.png 778w, https:\/\/amec.es\/wp-content\/uploads\/2025\/02\/Segell-Agents-de-Suport-a-la-Internacionalitzacio-Superior-274x300.png 274w, https:\/\/amec.es\/wp-content\/uploads\/2025\/02\/Segell-Agents-de-Suport-a-la-Internacionalitzacio-Superior-768x842.png 768w, https:\/\/amec.es\/wp-content\/uploads\/2025\/02\/Segell-Agents-de-Suport-a-la-Internacionalitzacio-Superior-600x658.png 600w\" sizes=\"(max-width: 778px) 100vw, 778px\" \/>\t\t\t\t\t\t\t\t<\/a>\n\t\t\t\t\t\t\t\t\t\t\t\t\t\t\t<\/div>\n\t\t\t\t<\/div>\n\t\t\t\t<\/div>\n\t\t<div class=\"elementor-element elementor-element-360d3033 e-con-full e-flex e-con e-child\" data-id=\"360d3033\" data-element_type=\"container\" data-e-type=\"container\">\n\t\t\t\t<div class=\"elementor-element elementor-element-4748716e elementor-widget elementor-widget-text-editor\" data-id=\"4748716e\" data-element_type=\"widget\" data-e-type=\"widget\" data-widget_type=\"text-editor.default\">\n\t\t\t\t<div class=\"elementor-widget-container\">\n\t\t\t\t\t\t\t\t\t<p><a href=\"https:\/\/www.accio.gencat.cat\/ca\/accio\/processos-acreditacio\/agents-suport-internacionalitzacio\/\"><span data-olk-copy-source=\"MessageBody\">Agent acreditat per ACCI\u00d3<\/span><\/a><\/p>\t\t\t\t\t\t\t\t<\/div>\n\t\t\t\t<\/div>\n\t\t\t\t<\/div>\n\t\t<div class=\"elementor-element elementor-element-133136db e-con-full e-flex e-con e-child\" data-id=\"133136db\" data-element_type=\"container\" data-e-type=\"container\">\n\t\t\t\t<\/div>\n\t\t\t\t<\/div>\n\t\t\t\t\t<\/div>\n\t\t\t\t<\/div>\n\t\t\t\t<\/div>\n\t\t","protected":false},"excerpt":{"rendered":"<p>Les mercaderies enviades des de pa\u00efsos extracomunitaris amb un valor intr\u00ednsec igual o inferior a 150\u20ac per enviament estaven exemptes de drets de duana a la UE. Aquesta franqu\u00edcia desapareix a partir de l&#8217;1 de juliol del 2026, data en qu\u00e8 el Reglament (UE) 2026\/382 ser\u00e0 plenament aplicable. A partir d&#8217;aquesta data, tots els enviaments [&hellip;]<\/p>\n","protected":false},"author":10,"featured_media":0,"parent":5934,"menu_order":0,"comment_status":"closed","ping_status":"closed","template":"elementor_canvas","meta":{"inline_featured_image":false,"footnotes":""},"categories":[219],"tags":[],"class_list":["post-53040","page","type-page","status-publish","hentry","category-alertes-i-tendencies-exclusives"],"yoast_head":"<!-- This site is optimized with the Yoast SEO plugin v27.3 - https:\/\/yoast.com\/product\/yoast-seo-wordpress\/ -->\n<title>Fi de la franqu\u00edcia duanera de 150\u20ac per a enviaments des de tercers pa\u00efsos | amec Positive Industry<\/title>\n<meta name=\"robots\" content=\"index, follow, max-snippet:-1, max-image-preview:large, max-video-preview:-1\" \/>\n<link rel=\"canonical\" href=\"https:\/\/amec.es\/ca\/anticipat\/alertes-i-oportunitats\/fi-de-la-franquicia-duanera-de-150e-per-a-enviaments-des-de-tercers-paisos\/\" \/>\n<meta property=\"og:locale\" content=\"ca_ES\" \/>\n<meta property=\"og:type\" content=\"article\" \/>\n<meta property=\"og:title\" content=\"Fi de la franqu\u00edcia duanera de 150\u20ac per a enviaments des de tercers pa\u00efsos | amec Positive Industry\" \/>\n<meta property=\"og:description\" content=\"Les mercaderies enviades des de pa\u00efsos extracomunitaris amb un valor intr\u00ednsec igual o inferior a 150\u20ac per enviament estaven exemptes de drets de duana a la UE. Aquesta franqu\u00edcia desapareix a partir de l&#8217;1 de juliol del 2026, data en qu\u00e8 el Reglament (UE) 2026\/382 ser\u00e0 plenament aplicable. A partir d&#8217;aquesta data, tots els enviaments [&hellip;]\" \/>\n<meta property=\"og:url\" content=\"https:\/\/amec.es\/ca\/anticipat\/alertes-i-oportunitats\/fi-de-la-franquicia-duanera-de-150e-per-a-enviaments-des-de-tercers-paisos\/\" \/>\n<meta property=\"og:site_name\" content=\"amec Positive Industry\" \/>\n<meta property=\"article:modified_time\" content=\"2026-03-29T10:05:00+00:00\" \/>\n<meta property=\"og:image\" content=\"https:\/\/amec.es\/wp-content\/uploads\/2026\/01\/Banner-Indicadores-adelantados-amec.png\" \/>\n\t<meta property=\"og:image:width\" content=\"1280\" \/>\n\t<meta property=\"og:image:height\" content=\"471\" \/>\n\t<meta property=\"og:image:type\" content=\"image\/png\" \/>\n<meta name=\"twitter:card\" content=\"summary_large_image\" \/>\n<meta name=\"twitter:label1\" content=\"Temps estimat de lectura\" \/>\n\t<meta name=\"twitter:data1\" content=\"3 minuts\" \/>\n<script type=\"application\/ld+json\" class=\"yoast-schema-graph\">{\"@context\":\"https:\\\/\\\/schema.org\",\"@graph\":[{\"@type\":\"WebPage\",\"@id\":\"https:\\\/\\\/amec.es\\\/ca\\\/anticipat\\\/alertes-i-oportunitats\\\/fi-de-la-franquicia-duanera-de-150e-per-a-enviaments-des-de-tercers-paisos\\\/\",\"url\":\"https:\\\/\\\/amec.es\\\/ca\\\/anticipat\\\/alertes-i-oportunitats\\\/fi-de-la-franquicia-duanera-de-150e-per-a-enviaments-des-de-tercers-paisos\\\/\",\"name\":\"Fi de la franqu\u00edcia duanera de 150\u20ac per a enviaments des de tercers pa\u00efsos | amec Positive Industry\",\"isPartOf\":{\"@id\":\"https:\\\/\\\/amec.es\\\/#website\"},\"primaryImageOfPage\":{\"@id\":\"https:\\\/\\\/amec.es\\\/ca\\\/anticipat\\\/alertes-i-oportunitats\\\/fi-de-la-franquicia-duanera-de-150e-per-a-enviaments-des-de-tercers-paisos\\\/#primaryimage\"},\"image\":{\"@id\":\"https:\\\/\\\/amec.es\\\/ca\\\/anticipat\\\/alertes-i-oportunitats\\\/fi-de-la-franquicia-duanera-de-150e-per-a-enviaments-des-de-tercers-paisos\\\/#primaryimage\"},\"thumbnailUrl\":\"https:\\\/\\\/amec.es\\\/wp-content\\\/uploads\\\/2026\\\/01\\\/Banner-Indicadores-adelantados-amec-1024x377.png\",\"datePublished\":\"2026-03-29T10:00:37+00:00\",\"dateModified\":\"2026-03-29T10:05:00+00:00\",\"breadcrumb\":{\"@id\":\"https:\\\/\\\/amec.es\\\/ca\\\/anticipat\\\/alertes-i-oportunitats\\\/fi-de-la-franquicia-duanera-de-150e-per-a-enviaments-des-de-tercers-paisos\\\/#breadcrumb\"},\"inLanguage\":\"ca\",\"potentialAction\":[{\"@type\":\"ReadAction\",\"target\":[\"https:\\\/\\\/amec.es\\\/ca\\\/anticipat\\\/alertes-i-oportunitats\\\/fi-de-la-franquicia-duanera-de-150e-per-a-enviaments-des-de-tercers-paisos\\\/\"]}]},{\"@type\":\"ImageObject\",\"inLanguage\":\"ca\",\"@id\":\"https:\\\/\\\/amec.es\\\/ca\\\/anticipat\\\/alertes-i-oportunitats\\\/fi-de-la-franquicia-duanera-de-150e-per-a-enviaments-des-de-tercers-paisos\\\/#primaryimage\",\"url\":\"https:\\\/\\\/amec.es\\\/wp-content\\\/uploads\\\/2026\\\/01\\\/Banner-Indicadores-adelantados-amec-1024x377.png\",\"contentUrl\":\"https:\\\/\\\/amec.es\\\/wp-content\\\/uploads\\\/2026\\\/01\\\/Banner-Indicadores-adelantados-amec-1024x377.png\"},{\"@type\":\"BreadcrumbList\",\"@id\":\"https:\\\/\\\/amec.es\\\/ca\\\/anticipat\\\/alertes-i-oportunitats\\\/fi-de-la-franquicia-duanera-de-150e-per-a-enviaments-des-de-tercers-paisos\\\/#breadcrumb\",\"itemListElement\":[{\"@type\":\"ListItem\",\"position\":1,\"name\":\"Portada\",\"item\":\"https:\\\/\\\/amec.es\\\/ca\\\/home-new\\\/\"},{\"@type\":\"ListItem\",\"position\":2,\"name\":\"Anticipa&#8217;t\",\"item\":\"https:\\\/\\\/amec.es\\\/ca\\\/anticipat\\\/\"},{\"@type\":\"ListItem\",\"position\":3,\"name\":\"Alertes i oportunitats\",\"item\":\"https:\\\/\\\/amec.es\\\/ca\\\/anticipat\\\/alertes-i-oportunitats\\\/\"},{\"@type\":\"ListItem\",\"position\":4,\"name\":\"Fi de la franqu\u00edcia duanera de 150\u20ac per a enviaments des de tercers pa\u00efsos\"}]},{\"@type\":\"WebSite\",\"@id\":\"https:\\\/\\\/amec.es\\\/#website\",\"url\":\"https:\\\/\\\/amec.es\\\/\",\"name\":\"amec Positive Industry\",\"description\":\"\",\"publisher\":{\"@id\":\"https:\\\/\\\/amec.es\\\/#organization\"},\"potentialAction\":[{\"@type\":\"SearchAction\",\"target\":{\"@type\":\"EntryPoint\",\"urlTemplate\":\"https:\\\/\\\/amec.es\\\/?s={search_term_string}\"},\"query-input\":{\"@type\":\"PropertyValueSpecification\",\"valueRequired\":true,\"valueName\":\"search_term_string\"}}],\"inLanguage\":\"ca\"},{\"@type\":\"Organization\",\"@id\":\"https:\\\/\\\/amec.es\\\/#organization\",\"name\":\"amec Positive Industry\",\"url\":\"https:\\\/\\\/amec.es\\\/\",\"logo\":{\"@type\":\"ImageObject\",\"inLanguage\":\"ca\",\"@id\":\"https:\\\/\\\/amec.es\\\/#\\\/schema\\\/logo\\\/image\\\/\",\"url\":\"https:\\\/\\\/amec.es\\\/wp-content\\\/uploads\\\/2023\\\/07\\\/logoamec.png\",\"contentUrl\":\"https:\\\/\\\/amec.es\\\/wp-content\\\/uploads\\\/2023\\\/07\\\/logoamec.png\",\"width\":200,\"height\":48,\"caption\":\"amec Positive Industry\"},\"image\":{\"@id\":\"https:\\\/\\\/amec.es\\\/#\\\/schema\\\/logo\\\/image\\\/\"}}]}<\/script>\n<!-- \/ Yoast SEO plugin. -->","yoast_head_json":{"title":"Fi de la franqu\u00edcia duanera de 150\u20ac per a enviaments des de tercers pa\u00efsos | amec Positive Industry","robots":{"index":"index","follow":"follow","max-snippet":"max-snippet:-1","max-image-preview":"max-image-preview:large","max-video-preview":"max-video-preview:-1"},"canonical":"https:\/\/amec.es\/ca\/anticipat\/alertes-i-oportunitats\/fi-de-la-franquicia-duanera-de-150e-per-a-enviaments-des-de-tercers-paisos\/","og_locale":"ca_ES","og_type":"article","og_title":"Fi de la franqu\u00edcia duanera de 150\u20ac per a enviaments des de tercers pa\u00efsos | amec Positive Industry","og_description":"Les mercaderies enviades des de pa\u00efsos extracomunitaris amb un valor intr\u00ednsec igual o inferior a 150\u20ac per enviament estaven exemptes de drets de duana a la UE. Aquesta franqu\u00edcia desapareix a partir de l&#8217;1 de juliol del 2026, data en qu\u00e8 el Reglament (UE) 2026\/382 ser\u00e0 plenament aplicable. A partir d&#8217;aquesta data, tots els enviaments [&hellip;]","og_url":"https:\/\/amec.es\/ca\/anticipat\/alertes-i-oportunitats\/fi-de-la-franquicia-duanera-de-150e-per-a-enviaments-des-de-tercers-paisos\/","og_site_name":"amec Positive Industry","article_modified_time":"2026-03-29T10:05:00+00:00","og_image":[{"width":1280,"height":471,"url":"https:\/\/amec.es\/wp-content\/uploads\/2026\/01\/Banner-Indicadores-adelantados-amec.png","type":"image\/png"}],"twitter_card":"summary_large_image","twitter_misc":{"Temps estimat de lectura":"3 minuts"},"schema":{"@context":"https:\/\/schema.org","@graph":[{"@type":"WebPage","@id":"https:\/\/amec.es\/ca\/anticipat\/alertes-i-oportunitats\/fi-de-la-franquicia-duanera-de-150e-per-a-enviaments-des-de-tercers-paisos\/","url":"https:\/\/amec.es\/ca\/anticipat\/alertes-i-oportunitats\/fi-de-la-franquicia-duanera-de-150e-per-a-enviaments-des-de-tercers-paisos\/","name":"Fi de la franqu\u00edcia duanera de 150\u20ac per a enviaments des de tercers pa\u00efsos | amec Positive Industry","isPartOf":{"@id":"https:\/\/amec.es\/#website"},"primaryImageOfPage":{"@id":"https:\/\/amec.es\/ca\/anticipat\/alertes-i-oportunitats\/fi-de-la-franquicia-duanera-de-150e-per-a-enviaments-des-de-tercers-paisos\/#primaryimage"},"image":{"@id":"https:\/\/amec.es\/ca\/anticipat\/alertes-i-oportunitats\/fi-de-la-franquicia-duanera-de-150e-per-a-enviaments-des-de-tercers-paisos\/#primaryimage"},"thumbnailUrl":"https:\/\/amec.es\/wp-content\/uploads\/2026\/01\/Banner-Indicadores-adelantados-amec-1024x377.png","datePublished":"2026-03-29T10:00:37+00:00","dateModified":"2026-03-29T10:05:00+00:00","breadcrumb":{"@id":"https:\/\/amec.es\/ca\/anticipat\/alertes-i-oportunitats\/fi-de-la-franquicia-duanera-de-150e-per-a-enviaments-des-de-tercers-paisos\/#breadcrumb"},"inLanguage":"ca","potentialAction":[{"@type":"ReadAction","target":["https:\/\/amec.es\/ca\/anticipat\/alertes-i-oportunitats\/fi-de-la-franquicia-duanera-de-150e-per-a-enviaments-des-de-tercers-paisos\/"]}]},{"@type":"ImageObject","inLanguage":"ca","@id":"https:\/\/amec.es\/ca\/anticipat\/alertes-i-oportunitats\/fi-de-la-franquicia-duanera-de-150e-per-a-enviaments-des-de-tercers-paisos\/#primaryimage","url":"https:\/\/amec.es\/wp-content\/uploads\/2026\/01\/Banner-Indicadores-adelantados-amec-1024x377.png","contentUrl":"https:\/\/amec.es\/wp-content\/uploads\/2026\/01\/Banner-Indicadores-adelantados-amec-1024x377.png"},{"@type":"BreadcrumbList","@id":"https:\/\/amec.es\/ca\/anticipat\/alertes-i-oportunitats\/fi-de-la-franquicia-duanera-de-150e-per-a-enviaments-des-de-tercers-paisos\/#breadcrumb","itemListElement":[{"@type":"ListItem","position":1,"name":"Portada","item":"https:\/\/amec.es\/ca\/home-new\/"},{"@type":"ListItem","position":2,"name":"Anticipa&#8217;t","item":"https:\/\/amec.es\/ca\/anticipat\/"},{"@type":"ListItem","position":3,"name":"Alertes i oportunitats","item":"https:\/\/amec.es\/ca\/anticipat\/alertes-i-oportunitats\/"},{"@type":"ListItem","position":4,"name":"Fi de la franqu\u00edcia duanera de 150\u20ac per a enviaments des de tercers pa\u00efsos"}]},{"@type":"WebSite","@id":"https:\/\/amec.es\/#website","url":"https:\/\/amec.es\/","name":"amec Positive Industry","description":"","publisher":{"@id":"https:\/\/amec.es\/#organization"},"potentialAction":[{"@type":"SearchAction","target":{"@type":"EntryPoint","urlTemplate":"https:\/\/amec.es\/?s={search_term_string}"},"query-input":{"@type":"PropertyValueSpecification","valueRequired":true,"valueName":"search_term_string"}}],"inLanguage":"ca"},{"@type":"Organization","@id":"https:\/\/amec.es\/#organization","name":"amec Positive Industry","url":"https:\/\/amec.es\/","logo":{"@type":"ImageObject","inLanguage":"ca","@id":"https:\/\/amec.es\/#\/schema\/logo\/image\/","url":"https:\/\/amec.es\/wp-content\/uploads\/2023\/07\/logoamec.png","contentUrl":"https:\/\/amec.es\/wp-content\/uploads\/2023\/07\/logoamec.png","width":200,"height":48,"caption":"amec Positive Industry"},"image":{"@id":"https:\/\/amec.es\/#\/schema\/logo\/image\/"}}]}},"_links":{"self":[{"href":"https:\/\/amec.es\/ca\/wp-json\/wp\/v2\/pages\/53040","targetHints":{"allow":["GET"]}}],"collection":[{"href":"https:\/\/amec.es\/ca\/wp-json\/wp\/v2\/pages"}],"about":[{"href":"https:\/\/amec.es\/ca\/wp-json\/wp\/v2\/types\/page"}],"author":[{"embeddable":true,"href":"https:\/\/amec.es\/ca\/wp-json\/wp\/v2\/users\/10"}],"replies":[{"embeddable":true,"href":"https:\/\/amec.es\/ca\/wp-json\/wp\/v2\/comments?post=53040"}],"version-history":[{"count":3,"href":"https:\/\/amec.es\/ca\/wp-json\/wp\/v2\/pages\/53040\/revisions"}],"predecessor-version":[{"id":53045,"href":"https:\/\/amec.es\/ca\/wp-json\/wp\/v2\/pages\/53040\/revisions\/53045"}],"up":[{"embeddable":true,"href":"https:\/\/amec.es\/ca\/wp-json\/wp\/v2\/pages\/5934"}],"wp:attachment":[{"href":"https:\/\/amec.es\/ca\/wp-json\/wp\/v2\/media?parent=53040"}],"wp:term":[{"taxonomy":"category","embeddable":true,"href":"https:\/\/amec.es\/ca\/wp-json\/wp\/v2\/categories?post=53040"},{"taxonomy":"post_tag","embeddable":true,"href":"https:\/\/amec.es\/ca\/wp-json\/wp\/v2\/tags?post=53040"}],"curies":[{"name":"wp","href":"https:\/\/api.w.org\/{rel}","templated":true}]}}