{"id":53496,"date":"2026-04-06T10:07:18","date_gmt":"2026-04-06T08:07:18","guid":{"rendered":"https:\/\/amec.es\/anticipat\/alertes-i-oportunitats\/perspectives-economiques-i-comercials-globals-abril-2026\/"},"modified":"2026-04-06T10:13:34","modified_gmt":"2026-04-06T08:13:34","slug":"perspectives-economiques-i-comercials-globals-abril-2026","status":"publish","type":"page","link":"https:\/\/amec.es\/ca\/anticipat\/alertes-i-oportunitats\/perspectives-economiques-i-comercials-globals-abril-2026\/","title":{"rendered":"Perspectives econ\u00f2miques i comercials globals (abril 2026)"},"content":{"rendered":"\t\t<div data-elementor-type=\"wp-page\" data-elementor-id=\"53496\" class=\"elementor elementor-53496 elementor-53491\" data-elementor-post-type=\"page\">\n\t\t\t\t\t\t<section class=\"elementor-section elementor-top-section elementor-element elementor-element-6f3d9678 elementor-section-boxed elementor-section-height-default elementor-section-height-default\" data-id=\"6f3d9678\" data-element_type=\"section\" data-e-type=\"section\" data-settings=\"{&quot;background_background&quot;:&quot;gradient&quot;}\">\n\t\t\t\t\t\t<div class=\"elementor-container elementor-column-gap-default\">\n\t\t\t\t\t<div class=\"elementor-column elementor-col-100 elementor-top-column elementor-element elementor-element-14da7281\" data-id=\"14da7281\" data-element_type=\"column\" data-e-type=\"column\">\n\t\t\t<div class=\"elementor-widget-wrap elementor-element-populated\">\n\t\t\t\t\t\t<div class=\"elementor-element elementor-element-3068326b elementor-widget elementor-widget-heading\" data-id=\"3068326b\" data-element_type=\"widget\" data-e-type=\"widget\" data-widget_type=\"heading.default\">\n\t\t\t\t<div class=\"elementor-widget-container\">\n\t\t\t\t\t<h2 class=\"elementor-heading-title elementor-size-default\"><a href=\"https:\/\/amec.es\/ca\/category\/alertes-i-tendencies-exclusives\/\" rel=\"tag\">Alertes i tend\u00e8ncies exclusives<\/a><\/h2>\t\t\t\t<\/div>\n\t\t\t\t<\/div>\n\t\t\t\t<div class=\"elementor-element elementor-element-73cfc31d elementor-widget elementor-widget-spacer\" data-id=\"73cfc31d\" data-element_type=\"widget\" data-e-type=\"widget\" data-widget_type=\"spacer.default\">\n\t\t\t\t<div class=\"elementor-widget-container\">\n\t\t\t\t\t\t\t<div class=\"elementor-spacer\">\n\t\t\t<div class=\"elementor-spacer-inner\"><\/div>\n\t\t<\/div>\n\t\t\t\t\t\t<\/div>\n\t\t\t\t<\/div>\n\t\t\t\t<div class=\"elementor-element elementor-element-26a7533e elementor-widget-divider--view-line elementor-widget elementor-widget-divider\" data-id=\"26a7533e\" data-element_type=\"widget\" data-e-type=\"widget\" data-widget_type=\"divider.default\">\n\t\t\t\t<div class=\"elementor-widget-container\">\n\t\t\t\t\t\t\t<div class=\"elementor-divider\">\n\t\t\t<span class=\"elementor-divider-separator\">\n\t\t\t\t\t\t<\/span>\n\t\t<\/div>\n\t\t\t\t\t\t<\/div>\n\t\t\t\t<\/div>\n\t\t\t\t\t<\/div>\n\t\t<\/div>\n\t\t\t\t\t<\/div>\n\t\t<\/section>\n\t\t\t\t<section class=\"elementor-section elementor-top-section elementor-element elementor-element-24cf0fa0 elementor-section-boxed elementor-section-height-default elementor-section-height-default\" data-id=\"24cf0fa0\" data-element_type=\"section\" data-e-type=\"section\">\n\t\t\t\t\t\t<div class=\"elementor-container elementor-column-gap-default\">\n\t\t\t\t\t<div class=\"elementor-column elementor-col-100 elementor-top-column elementor-element elementor-element-12ae379d\" data-id=\"12ae379d\" data-element_type=\"column\" data-e-type=\"column\">\n\t\t\t<div class=\"elementor-widget-wrap elementor-element-populated\">\n\t\t\t\t\t\t<div class=\"elementor-element elementor-element-1ade45ad elementor-widget elementor-widget-heading\" data-id=\"1ade45ad\" data-element_type=\"widget\" data-e-type=\"widget\" data-widget_type=\"heading.default\">\n\t\t\t\t<div class=\"elementor-widget-container\">\n\t\t\t\t\t<h2 class=\"elementor-heading-title elementor-size-default\">Perspectives econ\u00f2miques i comercials globals (abril 2026)<\/h2>\t\t\t\t<\/div>\n\t\t\t\t<\/div>\n\t\t\t\t<div class=\"elementor-element elementor-element-21f8e062 elementor-widget elementor-widget-spacer\" data-id=\"21f8e062\" data-element_type=\"widget\" data-e-type=\"widget\" data-widget_type=\"spacer.default\">\n\t\t\t\t<div class=\"elementor-widget-container\">\n\t\t\t\t\t\t\t<div class=\"elementor-spacer\">\n\t\t\t<div class=\"elementor-spacer-inner\"><\/div>\n\t\t<\/div>\n\t\t\t\t\t\t<\/div>\n\t\t\t\t<\/div>\n\t\t\t\t<div class=\"elementor-element elementor-element-7bb28b10 elementor-widget elementor-widget-text-editor\" data-id=\"7bb28b10\" data-element_type=\"widget\" data-e-type=\"widget\" data-widget_type=\"text-editor.default\">\n\t\t\t\t<div class=\"elementor-widget-container\">\n\t\t\t\t\t\t\t\t\t6 d&#8217;abril de 2026\t\t\t\t\t\t\t\t<\/div>\n\t\t\t\t<\/div>\n\t\t\t\t<div class=\"elementor-element elementor-element-767cb15 elementor-widget elementor-widget-text-editor\" data-id=\"767cb15\" data-element_type=\"widget\" data-e-type=\"widget\" data-widget_type=\"text-editor.default\">\n\t\t\t\t<div class=\"elementor-widget-container\">\n\t\t\t\t\t\t\t\t\t<p><strong>El conflicte armat al Pr\u00f2xim Orient domina el panorama econ\u00f2mic global d&#8217;aquest mes i concentra els riscos m\u00e9s immediats per a les empreses: encariment de les mat\u00e8ries primeres, disrupci\u00f3 de les cadenes de subministrament, i incertesa aranzel\u00e0ria creixent al mercat nord-americ\u00e0.<\/strong><\/p>\t\t\t\t\t\t\t\t<\/div>\n\t\t\t\t<\/div>\n\t\t\t\t<div class=\"elementor-element elementor-element-abd6caa elementor-widget-divider--view-line elementor-widget elementor-widget-divider\" data-id=\"abd6caa\" data-element_type=\"widget\" data-e-type=\"widget\" data-widget_type=\"divider.default\">\n\t\t\t\t<div class=\"elementor-widget-container\">\n\t\t\t\t\t\t\t<div class=\"elementor-divider\">\n\t\t\t<span class=\"elementor-divider-separator\">\n\t\t\t\t\t\t<\/span>\n\t\t<\/div>\n\t\t\t\t\t\t<\/div>\n\t\t\t\t<\/div>\n\t\t\t\t<div class=\"elementor-element elementor-element-f8cf1f0 elementor-widget elementor-widget-text-editor\" data-id=\"f8cf1f0\" data-element_type=\"widget\" data-e-type=\"widget\" data-widget_type=\"text-editor.default\">\n\t\t\t\t<div class=\"elementor-widget-container\">\n\t\t\t\t\t\t\t\t\t<h4><strong>Entorn macroecon\u00f2mic global<\/strong><\/h4><h5><span style=\"color: #ffffff;\">_<\/span><br> Impacte energ\u00e8tic: l&#8217;Estret d&#8217;Ormuz com a detonador<\/h5><p>El tancament de facto de l&#8217;Estret d&#8217;Ormuz ha provocat pujades de fins a un <strong>30% al preu del petroli i un 60% al del gas natural<\/strong> des de finals de febrer. L&#8217;electricitat en mercats majoristes va repuntar fins a 70,5 \u20ac\/MWh de mitjana per a l&#8217;any. La regi\u00f3 del Golf, que concentra prop de la meitat del comer\u00e7 mundial de sofre, insumeixo clau per a la fabricaci\u00f3 de fertilitzants fosfatats, amplia l&#8217;abast del xoc m\u00e9s enll\u00e0 de l&#8217;energia.  <\/p><p><strong>Les assegurances de risc de guerra en rutes mar\u00edtimes van augmentar des del 0,25% a l&#8217;1% del valor del vaixell<\/strong> , amb renovacions setmanals. Fins i tot en escenaris de desescalada relativament r\u00e0pida, la normalitzaci\u00f3 dels fluxos de transport podria trigar mesos, segons adverteix la FAO. <\/p><h5><span style=\"color: #ffffff;\">_<\/span><br> Perspectives de creixement i inflaci\u00f3<\/h5><p><strong>El BCE va revisar a la baixa les seves previsions de PIB per a la zona euro fins al 0,9% el 2026 i l&#8217;1,3% el 2027<\/strong> . A l&#8217;escenari sever del mateix BCE, el creixement podria quedar-se al 0,4% el 2026. La inflaci\u00f3 de la zona euro es revisa a l&#8217;al\u00e7a fins al 2,6% de mitjana el 2026 (escenari central), amb risc d&#8217;escalar fins al 4,4% si el xoc energ\u00e8tic es prolonga. El BCE va decidir al mar\u00e7 <strong>mantenir els tipus d&#8217;inter\u00e8s sense canvis en el 2%<\/strong> , encara que els mercats ja descompten dues pujades a l&#8217;horitz\u00f3 pr\u00f2xim.   <\/p><h4><strong><span style=\"color: #ffffff;\">_<\/span><br> Activitat industrial global i europea<\/strong><\/h4><h5><span style=\"color: #ffffff;\">_<\/span><br> PMI manufacturer mundial: expansi\u00f3 fr\u00e0gil sota pressi\u00f3 de costos<\/h5><p>L&#8217;\u00edndex PMI Manufacturero Global va retrocedir de <strong>51,8 al febrer a 51,3 al mar\u00e7<\/strong> , encara que es va mantenir en territori expansiu. Les dades de sub\u00edndexs revelen, per\u00f2, una imatge m\u00e9s preocupant: <strong>les noves comandes es van refredar, el comer\u00e7 exterior mundial gaireb\u00e9 es va paralitzar<\/strong> i la confian\u00e7a empresarial va caure al nivell m\u00e9s baix en cinc mesos. <\/p><p>L&#8217;acumulaci\u00f3 d&#8217;estocs de seguretat (la m\u00e9s intensa des del desembre del 2022) reflecteix que <strong>els fabricants anticipen dificultats de subministrament<\/strong> persistents, traslladant aprenentatges de la pand\u00e8mia a un entorn de nou disruptiu.<\/p><h5><span style=\"color: #ffffff;\">_<\/span><br> Europa: el major impacte en cadenes de subministrament i preus<\/h5><p><strong>Europa concentra el deteriorament m\u00e9s acusat.<\/strong> Els terminis de lliurament a la zona euro van escalar a m\u00e0xims des de l&#8217;agost del 2022. <strong>La inflaci\u00f3 d&#8217;inputs a l&#8217;Eurogrup va pujar al ritme m\u00e9s r\u00e0pid des del juny del 2022<\/strong> (la acceleraci\u00f3 m\u00e9s gran registrada des que hi ha dades comparables el 1997). Alhora, el PMI Manufacturer de la Zona Euro en conjunt va pujar de 50,8 a <strong>51,6<\/strong> (m\u00e0xim de 45 mesos), impulsat pels terminis de lliurament. <\/p><h5><span style=\"color: #ffffff;\">_<\/span><br> Espanya: el sector manufacturer torna a contraure&#8217;s<\/h5><p>El PMI Manufacturer d&#8217;Espanya va baixar de 50,0 al febrer a <strong>48,7 al mar\u00e7<\/strong> (la lectura m\u00e9s baixa des de l&#8217;abril del 2025 i la tercera contracci\u00f3 en quatre mesos). <strong>La producci\u00f3 i les noves comandes van caure de forma accelerada<\/strong> , amb la demanda internacional registrant la seva pitjor dada des de l&#8217;abril del 2025. Les empreses van assenyalar la incertesa geopol\u00edtica com a principal causa del deteriorament i la confian\u00e7a es va desplomar al nivell m\u00e9s baix des de l&#8217;octubre del 2023. <\/p><p><strong>La inflaci\u00f3 d&#8217;inputs va repuntar al nivell m\u00e9s alt des de finals de 2022<\/strong> , traslladant-se parcialment als preus de venda (m\u00e0xim des de febrer de 2023). La feina i les compres es van retallar com a ajustament a la caiguda de cartera. En contrast, el Banc d&#8217;Espanya projecta un creixement del PIB espanyol del 2,3% el 2026, amb risc de caure fins a l&#8217;1,9% a l&#8217;escenari m\u00e9s advers.  <\/p><h4><strong><span style=\"color: #ffffff;\">_<\/span><br> Pressions de costos i mat\u00e8ries primeres<\/strong><\/h4><p>L&#8217;\u00edndex global de pressions de preus de S&amp;P va assolir 2,5 al mar\u00e7 (el nivell m\u00e9s elevat en gaireb\u00e9 quatre anys), amb <strong>22 dels 26 productes monitoritzats<\/strong> <strong>registrant pujades<\/strong> per sobre de la mitjana hist\u00f2rica. El petroli lidera les disrupcions de subministrament, amb escassetat 4,5 vegades superior a la mitjana, seguit de polietil\u00e8, cautx\u00fa i alumini. Tamb\u00e9 destaca el fort repunt a semiconductors, components el\u00e8ctrics i materials de transport.  <\/p><h5><span style=\"color: #ffffff;\">_<\/span><br> Fertilitzants i aliments: una segona cadena de transmissi\u00f3<\/h5><p>La FAO adverteix que el xoc no \u00e9s nom\u00e9s energ\u00e8tic: <strong>el Golf concentra gaireb\u00e9 la meitat del comer\u00e7 global de sofre<\/strong> , insumeixo cr\u00edtic per als fertilitzants fosfatats. La FAO projecta que els preus globals de fertilitzants podrien ser entre un <strong>15 i un 20% superiors<\/strong> el primer semestre del 2026 si el conflicte persisteix. <\/p><p>L&#8217;\u00edndex de preus dels aliments de la FAO va registrar al mar\u00e7 un increment del 2,4% (segon mes consecutiu a l&#8217;al\u00e7a). <strong>Els olis vegetals (+5,1%) i el sucre (+7,2%) lideren les pujades<\/strong> , impulsats per les expectatives de m\u00e9s demanda de biocombustibles davant l&#8217;escalada del cru. <strong>El blat va pujar un 4,3%<\/strong> pel deteriorament de perspectives de collita als EUA i Austr\u00e0lia. <\/p><h4><strong><span style=\"color: #ffffff;\">_<\/span><br> Economia espanyola: resili\u00e8ncia amb riscos a l&#8217;al\u00e7a<\/strong><\/h4><p><strong>Per al primer trimestre del 2026 els indicadors apunten a una desacceleraci\u00f3 cap al<\/strong> <strong>0,5-0,6%<\/strong> intertrimestral. La projecci\u00f3 central del Banc d&#8217;Espanya per al conjunt del 2026 se situa al 2,3%, amb inflaci\u00f3 que repuntar\u00e0 al 3% de mitjana anual (des del 2,7% del 2025) pel xoc energ\u00e8tic, moderada en part pel paquet fiscal del mar\u00e7. <\/p><p>La ind\u00fastria manufacturera espanyola presenta un quadre de m\u00e9s fragilitat que l&#8217;agregat macro. L&#8217;Enquesta d&#8217;Activitat Empresarial del Banc d&#8217;Espanya confirma una lleugera reculada de la inversi\u00f3 empresarial, encara que <strong>les expectatives per al Q2 anticipen recuperaci\u00f3<\/strong> . El 50% de les empreses enquestades cita la incertesa sobre pol\u00edtica econ\u00f2mica com a principal factor limitant, seguit del cost dels inputs energ\u00e8tics (42%).   <\/p><p> <\/p>\t\t\t\t\t\t\t\t<\/div>\n\t\t\t\t<\/div>\n\t\t\t\t\t<\/div>\n\t\t<\/div>\n\t\t\t\t\t<\/div>\n\t\t<\/section>\n\t\t\t\t<section class=\"elementor-section elementor-top-section elementor-element elementor-element-72432bb elementor-section-boxed elementor-section-height-default elementor-section-height-default\" data-id=\"72432bb\" data-element_type=\"section\" data-e-type=\"section\">\n\t\t\t\t\t\t<div class=\"elementor-container elementor-column-gap-default\">\n\t\t\t\t\t<div class=\"elementor-column elementor-col-100 elementor-top-column elementor-element elementor-element-41250e46\" data-id=\"41250e46\" data-element_type=\"column\" data-e-type=\"column\">\n\t\t\t<div class=\"elementor-widget-wrap elementor-element-populated\">\n\t\t\t\t\t\t<div class=\"elementor-element elementor-element-7883a488 elementor-widget-divider--view-line elementor-widget elementor-widget-divider\" data-id=\"7883a488\" data-element_type=\"widget\" data-e-type=\"widget\" data-widget_type=\"divider.default\">\n\t\t\t\t<div class=\"elementor-widget-container\">\n\t\t\t\t\t\t\t<div class=\"elementor-divider\">\n\t\t\t<span class=\"elementor-divider-separator\">\n\t\t\t\t\t\t<\/span>\n\t\t<\/div>\n\t\t\t\t\t\t<\/div>\n\t\t\t\t<\/div>\n\t\t\t\t<div class=\"elementor-element elementor-element-7b88e5df elementor-widget elementor-widget-heading\" data-id=\"7b88e5df\" data-element_type=\"widget\" data-e-type=\"widget\" data-widget_type=\"heading.default\">\n\t\t\t\t<div class=\"elementor-widget-container\">\n\t\t\t\t\t<h5 class=\"elementor-heading-title elementor-size-default\">Amplia aquesta informaci\u00f3 al CoLAB<\/h5>\t\t\t\t<\/div>\n\t\t\t\t<\/div>\n\t\t<div class=\"elementor-element elementor-element-28946112 e-grid e-con-boxed e-con e-parent\" data-id=\"28946112\" data-element_type=\"container\" data-e-type=\"container\">\n\t\t\t\t\t<div class=\"e-con-inner\">\n\t\t\t\t<div class=\"elementor-element elementor-element-445c3ff4 elementor-widget elementor-widget-image\" data-id=\"445c3ff4\" data-element_type=\"widget\" data-e-type=\"widget\" data-widget_type=\"image.default\">\n\t\t\t\t<div class=\"elementor-widget-container\">\n\t\t\t\t\t\t\t\t\t\t\t\t\t\t\t\t<a href=\"https:\/\/amec.es\/ca\/comunitat\/colab\/\">\n\t\t\t\t\t\t\t<img fetchpriority=\"high\" decoding=\"async\" width=\"800\" height=\"295\" src=\"https:\/\/amec.es\/wp-content\/uploads\/2025\/11\/Banner-Nota-commodities-1-1024x377.png\" class=\"attachment-large size-large wp-image-43473\" alt=\"\" srcset=\"https:\/\/amec.es\/wp-content\/uploads\/2025\/11\/Banner-Nota-commodities-1-1024x377.png 1024w, https:\/\/amec.es\/wp-content\/uploads\/2025\/11\/Banner-Nota-commodities-1-300x110.png 300w, https:\/\/amec.es\/wp-content\/uploads\/2025\/11\/Banner-Nota-commodities-1-768x283.png 768w, https:\/\/amec.es\/wp-content\/uploads\/2025\/11\/Banner-Nota-commodities-1-600x221.png 600w, https:\/\/amec.es\/wp-content\/uploads\/2025\/11\/Banner-Nota-commodities-1.png 1280w\" sizes=\"(max-width: 800px) 100vw, 800px\" \/>\t\t\t\t\t\t\t\t<\/a>\n\t\t\t\t\t\t\t\t\t\t\t\t\t\t\t<\/div>\n\t\t\t\t<\/div>\n\t\t\t\t<div class=\"elementor-element elementor-element-f4a41fe elementor-widget elementor-widget-image\" data-id=\"f4a41fe\" data-element_type=\"widget\" data-e-type=\"widget\" data-widget_type=\"image.default\">\n\t\t\t\t<div class=\"elementor-widget-container\">\n\t\t\t\t\t\t\t\t\t\t\t\t\t\t\t\t<a href=\"https:\/\/amec.es\/ca\/comunitat\/colab\/\">\n\t\t\t\t\t\t\t<img decoding=\"async\" width=\"800\" height=\"295\" src=\"https:\/\/amec.es\/wp-content\/uploads\/2026\/01\/Banner-Indicadores-adelantados-amec-1024x377.png\" class=\"attachment-large size-large wp-image-45856\" alt=\"\" srcset=\"https:\/\/amec.es\/wp-content\/uploads\/2026\/01\/Banner-Indicadores-adelantados-amec-1024x377.png 1024w, https:\/\/amec.es\/wp-content\/uploads\/2026\/01\/Banner-Indicadores-adelantados-amec-300x110.png 300w, https:\/\/amec.es\/wp-content\/uploads\/2026\/01\/Banner-Indicadores-adelantados-amec-768x283.png 768w, https:\/\/amec.es\/wp-content\/uploads\/2026\/01\/Banner-Indicadores-adelantados-amec.png 1280w\" sizes=\"(max-width: 800px) 100vw, 800px\" \/>\t\t\t\t\t\t\t\t<\/a>\n\t\t\t\t\t\t\t\t\t\t\t\t\t\t\t<\/div>\n\t\t\t\t<\/div>\n\t\t\t\t\t<\/div>\n\t\t\t\t<\/div>\n\t\t\t\t\t<\/div>\n\t\t<\/div>\n\t\t\t\t\t<\/div>\n\t\t<\/section>\n\t\t\t\t<section class=\"elementor-section elementor-top-section elementor-element elementor-element-7b91a204 elementor-section-boxed elementor-section-height-default elementor-section-height-default\" data-id=\"7b91a204\" data-element_type=\"section\" data-e-type=\"section\">\n\t\t\t\t\t\t<div class=\"elementor-container elementor-column-gap-default\">\n\t\t\t\t\t<div class=\"elementor-column elementor-col-100 elementor-top-column elementor-element elementor-element-17e63cd0\" data-id=\"17e63cd0\" data-element_type=\"column\" data-e-type=\"column\">\n\t\t\t<div class=\"elementor-widget-wrap elementor-element-populated\">\n\t\t\t\t\t\t<div class=\"elementor-element elementor-element-5524ab45 elementor-widget elementor-widget-spacer\" data-id=\"5524ab45\" data-element_type=\"widget\" data-e-type=\"widget\" data-widget_type=\"spacer.default\">\n\t\t\t\t<div class=\"elementor-widget-container\">\n\t\t\t\t\t\t\t<div class=\"elementor-spacer\">\n\t\t\t<div class=\"elementor-spacer-inner\"><\/div>\n\t\t<\/div>\n\t\t\t\t\t\t<\/div>\n\t\t\t\t<\/div>\n\t\t\t\t\t<\/div>\n\t\t<\/div>\n\t\t\t\t\t<\/div>\n\t\t<\/section>\n\t\t\t\t<section class=\"elementor-section elementor-top-section elementor-element elementor-element-7de20cf elementor-section-boxed elementor-section-height-default elementor-section-height-default\" data-id=\"7de20cf\" data-element_type=\"section\" data-e-type=\"section\" data-settings=\"{&quot;background_background&quot;:&quot;classic&quot;}\">\n\t\t\t\t\t\t<div class=\"elementor-container elementor-column-gap-default\">\n\t\t\t\t\t<div class=\"elementor-column elementor-col-100 elementor-top-column elementor-element elementor-element-4f1a1e7b\" data-id=\"4f1a1e7b\" data-element_type=\"column\" data-e-type=\"column\">\n\t\t\t<div class=\"elementor-widget-wrap elementor-element-populated\">\n\t\t\t\t\t\t<div class=\"elementor-element elementor-element-27f01c77 elementor-widget elementor-widget-heading\" data-id=\"27f01c77\" data-element_type=\"widget\" data-e-type=\"widget\" data-widget_type=\"heading.default\">\n\t\t\t\t<div class=\"elementor-widget-container\">\n\t\t\t\t\t<h3 class=\"elementor-heading-title elementor-size-default\">Vols m\u00e9s informaci\u00f3? Contacta'ns! <\/h3>\t\t\t\t<\/div>\n\t\t\t\t<\/div>\n\t\t\t\t<div class=\"elementor-element elementor-element-69b322aa elementor-widget-divider--view-line elementor-widget elementor-widget-divider\" data-id=\"69b322aa\" data-element_type=\"widget\" data-e-type=\"widget\" data-widget_type=\"divider.default\">\n\t\t\t\t<div class=\"elementor-widget-container\">\n\t\t\t\t\t\t\t<div class=\"elementor-divider\">\n\t\t\t<span class=\"elementor-divider-separator\">\n\t\t\t\t\t\t<\/span>\n\t\t<\/div>\n\t\t\t\t\t\t<\/div>\n\t\t\t\t<\/div>\n\t\t\t\t<section class=\"elementor-section elementor-inner-section elementor-element elementor-element-7e344c2f elementor-section-boxed elementor-section-height-default elementor-section-height-default\" data-id=\"7e344c2f\" data-element_type=\"section\" data-e-type=\"section\">\n\t\t\t\t\t\t<div class=\"elementor-container elementor-column-gap-default\">\n\t\t\t\t\t<div class=\"elementor-column elementor-col-50 elementor-inner-column elementor-element elementor-element-3605a50a\" data-id=\"3605a50a\" data-element_type=\"column\" data-e-type=\"column\">\n\t\t\t<div class=\"elementor-widget-wrap elementor-element-populated\">\n\t\t\t\t\t\t<div class=\"elementor-element elementor-element-1595ed76 elementor-widget elementor-widget-image\" data-id=\"1595ed76\" data-element_type=\"widget\" data-e-type=\"widget\" data-widget_type=\"image.default\">\n\t\t\t\t<div class=\"elementor-widget-container\">\n\t\t\t\t\t\t\t\t\t\t\t\t\t\t\t<img decoding=\"async\" width=\"380\" height=\"250\" src=\"https:\/\/amec.es\/wp-content\/uploads\/2023\/07\/susana-gonzalez-3-r-2-redim-prop66-w380-h250.jpg\" class=\"attachment-large size-large wp-image-1193\" alt=\"\" srcset=\"https:\/\/amec.es\/wp-content\/uploads\/2023\/07\/susana-gonzalez-3-r-2-redim-prop66-w380-h250.jpg 380w, https:\/\/amec.es\/wp-content\/uploads\/2023\/07\/susana-gonzalez-3-r-2-redim-prop66-w380-h250-300x197.jpg 300w\" sizes=\"(max-width: 380px) 100vw, 380px\" \/>\t\t\t\t\t\t\t\t\t\t\t\t\t\t\t<\/div>\n\t\t\t\t<\/div>\n\t\t\t\t\t<\/div>\n\t\t<\/div>\n\t\t\t\t<div class=\"elementor-column elementor-col-50 elementor-inner-column elementor-element elementor-element-2d5359e0\" data-id=\"2d5359e0\" data-element_type=\"column\" data-e-type=\"column\">\n\t\t\t<div class=\"elementor-widget-wrap elementor-element-populated\">\n\t\t\t\t\t\t<div class=\"elementor-element elementor-element-25d8e80f elementor-icon-list--layout-traditional elementor-list-item-link-full_width elementor-widget elementor-widget-icon-list\" data-id=\"25d8e80f\" data-element_type=\"widget\" data-e-type=\"widget\" data-widget_type=\"icon-list.default\">\n\t\t\t\t<div class=\"elementor-widget-container\">\n\t\t\t\t\t\t\t<ul class=\"elementor-icon-list-items\">\n\t\t\t\t\t\t\t<li class=\"elementor-icon-list-item\">\n\t\t\t\t\t\t\t\t\t\t\t<span class=\"elementor-icon-list-icon\">\n\t\t\t\t\t\t\t<i aria-hidden=\"true\" class=\"fas fa-user-circle\"><\/i>\t\t\t\t\t\t<\/span>\n\t\t\t\t\t\t\t\t\t\t<span class=\"elementor-icon-list-text\">Susana Gonzalez<\/span>\n\t\t\t\t\t\t\t\t\t<\/li>\n\t\t\t\t\t\t\t\t<li class=\"elementor-icon-list-item\">\n\t\t\t\t\t\t\t\t\t\t\t<span class=\"elementor-icon-list-icon\">\n\t\t\t\t\t\t\t<i aria-hidden=\"true\" class=\"fas fa-briefcase\"><\/i>\t\t\t\t\t\t<\/span>\n\t\t\t\t\t\t\t\t\t\t<span class=\"elementor-icon-list-text\">Intel\u00b7lig\u00e8ncia i Capacitaci\u00f3<\/span>\n\t\t\t\t\t\t\t\t\t<\/li>\n\t\t\t\t\t\t\t\t<li class=\"elementor-icon-list-item\">\n\t\t\t\t\t\t\t\t\t\t\t<span class=\"elementor-icon-list-icon\">\n\t\t\t\t\t\t\t<i aria-hidden=\"true\" class=\"fas fa-envelope\"><\/i>\t\t\t\t\t\t<\/span>\n\t\t\t\t\t\t\t\t\t\t<span class=\"elementor-icon-list-text\">sgonzalez@amec.es<\/span>\n\t\t\t\t\t\t\t\t\t<\/li>\n\t\t\t\t\t\t<\/ul>\n\t\t\t\t\t\t<\/div>\n\t\t\t\t<\/div>\n\t\t\t\t<div class=\"elementor-element elementor-element-68bc9a33 elementor-widget elementor-widget-spacer\" data-id=\"68bc9a33\" data-element_type=\"widget\" data-e-type=\"widget\" data-widget_type=\"spacer.default\">\n\t\t\t\t<div class=\"elementor-widget-container\">\n\t\t\t\t\t\t\t<div class=\"elementor-spacer\">\n\t\t\t<div class=\"elementor-spacer-inner\"><\/div>\n\t\t<\/div>\n\t\t\t\t\t\t<\/div>\n\t\t\t\t<\/div>\n\t\t\t\t\t<\/div>\n\t\t<\/div>\n\t\t\t\t\t<\/div>\n\t\t<\/section>\n\t\t\t\t\t<\/div>\n\t\t<\/div>\n\t\t\t\t\t<\/div>\n\t\t<\/section>\n\t\t<div class=\"elementor-element elementor-element-30b86fc3 e-flex e-con-boxed e-con e-parent\" data-id=\"30b86fc3\" data-element_type=\"container\" data-e-type=\"container\">\n\t\t\t\t\t<div class=\"e-con-inner\">\n\t\t\t\t<div class=\"elementor-element elementor-element-34730b13 elementor-widget elementor-widget-spacer\" data-id=\"34730b13\" data-element_type=\"widget\" data-e-type=\"widget\" data-widget_type=\"spacer.default\">\n\t\t\t\t<div class=\"elementor-widget-container\">\n\t\t\t\t\t\t\t<div class=\"elementor-spacer\">\n\t\t\t<div class=\"elementor-spacer-inner\"><\/div>\n\t\t<\/div>\n\t\t\t\t\t\t<\/div>\n\t\t\t\t<\/div>\n\t\t\t\t\t<\/div>\n\t\t\t\t<\/div>\n\t\t<div class=\"elementor-element elementor-element-2c7b52fe elementor-hidden-mobile e-flex e-con-boxed e-con e-parent\" data-id=\"2c7b52fe\" data-element_type=\"container\" data-e-type=\"container\">\n\t\t\t\t\t<div class=\"e-con-inner\">\n\t\t<div class=\"elementor-element elementor-element-3c3daa46 elementor-hidden-mobile e-con-full e-flex e-con e-child\" data-id=\"3c3daa46\" data-element_type=\"container\" data-e-type=\"container\">\n\t\t<div class=\"elementor-element elementor-element-450e4cd e-con-full e-flex e-con e-child\" data-id=\"450e4cd\" data-element_type=\"container\" data-e-type=\"container\">\n\t\t\t\t<\/div>\n\t\t<div class=\"elementor-element elementor-element-26ee6093 e-con-full e-flex e-con e-child\" data-id=\"26ee6093\" data-element_type=\"container\" data-e-type=\"container\">\n\t\t\t\t<div class=\"elementor-element elementor-element-123baed elementor-widget elementor-widget-image\" data-id=\"123baed\" data-element_type=\"widget\" data-e-type=\"widget\" data-widget_type=\"image.default\">\n\t\t\t\t<div class=\"elementor-widget-container\">\n\t\t\t\t\t\t\t\t\t\t\t\t\t\t\t\t<a href=\"https:\/\/positiveindustry.org\/\">\n\t\t\t\t\t\t\t<img loading=\"lazy\" decoding=\"async\" width=\"500\" height=\"529\" src=\"https:\/\/amec.es\/wp-content\/uploads\/2025\/05\/segellmemberof.png\" class=\"attachment-large size-large wp-image-34785\" alt=\"\" srcset=\"https:\/\/amec.es\/wp-content\/uploads\/2025\/05\/segellmemberof.png 500w, https:\/\/amec.es\/wp-content\/uploads\/2025\/05\/segellmemberof-284x300.png 284w\" sizes=\"(max-width: 500px) 100vw, 500px\" \/>\t\t\t\t\t\t\t\t<\/a>\n\t\t\t\t\t\t\t\t\t\t\t\t\t\t\t<\/div>\n\t\t\t\t<\/div>\n\t\t\t\t<\/div>\n\t\t<div class=\"elementor-element elementor-element-24e4d8eb e-con-full e-flex e-con e-child\" data-id=\"24e4d8eb\" data-element_type=\"container\" data-e-type=\"container\">\n\t\t\t\t<div class=\"elementor-element elementor-element-17997909 elementor-widget elementor-widget-image\" data-id=\"17997909\" data-element_type=\"widget\" data-e-type=\"widget\" data-widget_type=\"image.default\">\n\t\t\t\t<div class=\"elementor-widget-container\">\n\t\t\t\t\t\t\t\t\t\t\t\t\t\t\t<img loading=\"lazy\" decoding=\"async\" width=\"168\" height=\"95\" src=\"https:\/\/amec.es\/wp-content\/uploads\/2023\/07\/theglobalcompact.jpg\" class=\"attachment-large size-large wp-image-69\" alt=\"\" \/>\t\t\t\t\t\t\t\t\t\t\t\t\t\t\t<\/div>\n\t\t\t\t<\/div>\n\t\t\t\t<\/div>\n\t\t<div class=\"elementor-element elementor-element-6f971a63 e-con-full e-flex e-con e-child\" data-id=\"6f971a63\" data-element_type=\"container\" data-e-type=\"container\">\n\t\t\t\t<div class=\"elementor-element elementor-element-7bf55d05 elementor-widget elementor-widget-image\" data-id=\"7bf55d05\" data-element_type=\"widget\" data-e-type=\"widget\" data-widget_type=\"image.default\">\n\t\t\t\t<div class=\"elementor-widget-container\">\n\t\t\t\t\t\t\t\t\t\t\t\t\t\t\t\t<a href=\"https:\/\/www.cematex.com\/\">\n\t\t\t\t\t\t\t<img loading=\"lazy\" decoding=\"async\" width=\"187\" height=\"187\" src=\"https:\/\/amec.es\/wp-content\/uploads\/2023\/07\/CEMATEX-logo.jpg\" class=\"attachment-large size-large wp-image-41268\" alt=\"\" srcset=\"https:\/\/amec.es\/wp-content\/uploads\/2023\/07\/CEMATEX-logo.jpg 187w, https:\/\/amec.es\/wp-content\/uploads\/2023\/07\/CEMATEX-logo-150x150.jpg 150w, https:\/\/amec.es\/wp-content\/uploads\/2023\/07\/CEMATEX-logo-100x100.jpg 100w\" sizes=\"(max-width: 187px) 100vw, 187px\" \/>\t\t\t\t\t\t\t\t<\/a>\n\t\t\t\t\t\t\t\t\t\t\t\t\t\t\t<\/div>\n\t\t\t\t<\/div>\n\t\t\t\t<\/div>\n\t\t<div class=\"elementor-element elementor-element-5c8ac1eb e-con-full e-flex e-con e-child\" data-id=\"5c8ac1eb\" data-element_type=\"container\" data-e-type=\"container\">\n\t\t\t\t<div class=\"elementor-element elementor-element-3527ac33 elementor-widget elementor-widget-image\" data-id=\"3527ac33\" data-element_type=\"widget\" data-e-type=\"widget\" data-widget_type=\"image.default\">\n\t\t\t\t<div class=\"elementor-widget-container\">\n\t\t\t\t\t\t\t\t\t\t\t\t\t\t\t<img loading=\"lazy\" decoding=\"async\" width=\"168\" height=\"95\" src=\"https:\/\/amec.es\/wp-content\/uploads\/2023\/07\/exportarparacrecer.jpg\" class=\"attachment-large size-large wp-image-73\" alt=\"\" \/>\t\t\t\t\t\t\t\t\t\t\t\t\t\t\t<\/div>\n\t\t\t\t<\/div>\n\t\t\t\t<\/div>\n\t\t<div class=\"elementor-element elementor-element-244ab907 e-con-full e-flex e-con e-child\" data-id=\"244ab907\" data-element_type=\"container\" data-e-type=\"container\">\n\t\t\t\t<div class=\"elementor-element elementor-element-12142fe8 elementor-widget elementor-widget-image\" data-id=\"12142fe8\" data-element_type=\"widget\" data-e-type=\"widget\" data-widget_type=\"image.default\">\n\t\t\t\t<div class=\"elementor-widget-container\">\n\t\t\t\t\t\t\t\t\t\t\t\t\t\t\t<img loading=\"lazy\" decoding=\"async\" width=\"300\" height=\"200\" src=\"https:\/\/amec.es\/wp-content\/uploads\/2025\/02\/Logos-representacio-institucional-05.jpg\" class=\"attachment-large size-large wp-image-31068\" alt=\"\" \/>\t\t\t\t\t\t\t\t\t\t\t\t\t\t\t<\/div>\n\t\t\t\t<\/div>\n\t\t\t\t<\/div>\n\t\t<div class=\"elementor-element elementor-element-2c8e3ef5 e-con-full e-flex e-con e-child\" data-id=\"2c8e3ef5\" data-element_type=\"container\" data-e-type=\"container\">\n\t\t\t\t<div class=\"elementor-element elementor-element-97338db elementor-widget elementor-widget-image\" data-id=\"97338db\" data-element_type=\"widget\" data-e-type=\"widget\" data-widget_type=\"image.default\">\n\t\t\t\t<div class=\"elementor-widget-container\">\n\t\t\t\t\t\t\t\t\t\t\t\t\t\t\t\t<a href=\"https:\/\/www.accio.gencat.cat\/es\/inici\/index.html\">\n\t\t\t\t\t\t\t<img loading=\"lazy\" decoding=\"async\" width=\"778\" height=\"853\" src=\"https:\/\/amec.es\/wp-content\/uploads\/2025\/02\/Segell-Agents-de-Suport-a-la-Internacionalitzacio-Superior.png\" class=\"attachment-large size-large wp-image-34732\" alt=\"\" srcset=\"https:\/\/amec.es\/wp-content\/uploads\/2025\/02\/Segell-Agents-de-Suport-a-la-Internacionalitzacio-Superior.png 778w, https:\/\/amec.es\/wp-content\/uploads\/2025\/02\/Segell-Agents-de-Suport-a-la-Internacionalitzacio-Superior-274x300.png 274w, https:\/\/amec.es\/wp-content\/uploads\/2025\/02\/Segell-Agents-de-Suport-a-la-Internacionalitzacio-Superior-768x842.png 768w, https:\/\/amec.es\/wp-content\/uploads\/2025\/02\/Segell-Agents-de-Suport-a-la-Internacionalitzacio-Superior-600x658.png 600w\" sizes=\"(max-width: 778px) 100vw, 778px\" \/>\t\t\t\t\t\t\t\t<\/a>\n\t\t\t\t\t\t\t\t\t\t\t\t\t\t\t<\/div>\n\t\t\t\t<\/div>\n\t\t\t\t<\/div>\n\t\t<div class=\"elementor-element elementor-element-4bc590c6 e-con-full e-flex e-con e-child\" data-id=\"4bc590c6\" data-element_type=\"container\" data-e-type=\"container\">\n\t\t\t\t<div class=\"elementor-element elementor-element-72b242b3 elementor-widget elementor-widget-text-editor\" data-id=\"72b242b3\" data-element_type=\"widget\" data-e-type=\"widget\" data-widget_type=\"text-editor.default\">\n\t\t\t\t<div class=\"elementor-widget-container\">\n\t\t\t\t\t\t\t\t\t<p><a href=\"https:\/\/www.accio.gencat.cat\/ca\/accio\/processos-acreditacio\/agents-suport-internacionalitzacio\/\"><span data-olk-copy-source=\"MessageBody\">Agent acreditat per ACCI\u00d3<\/span><\/a><\/p>\t\t\t\t\t\t\t\t<\/div>\n\t\t\t\t<\/div>\n\t\t\t\t<\/div>\n\t\t<div class=\"elementor-element elementor-element-5455143d e-con-full e-flex e-con e-child\" data-id=\"5455143d\" data-element_type=\"container\" data-e-type=\"container\">\n\t\t\t\t<\/div>\n\t\t\t\t<\/div>\n\t\t\t\t\t<\/div>\n\t\t\t\t<\/div>\n\t\t\t\t<\/div>\n\t\t","protected":false},"excerpt":{"rendered":"<p>El conflicte armat al Pr\u00f2xim Orient domina el panorama econ\u00f2mic global d&#8217;aquest mes i concentra els riscos m\u00e9s immediats per a les empreses: encariment de les mat\u00e8ries primeres, disrupci\u00f3 de les cadenes de subministrament, i incertesa aranzel\u00e0ria creixent al mercat nord-americ\u00e0. Entorn macroecon\u00f2mic global _ Impacte energ\u00e8tic: l&#8217;Estret d&#8217;Ormuz com a detonador El tancament de [&hellip;]<\/p>\n","protected":false},"author":10,"featured_media":0,"parent":5934,"menu_order":0,"comment_status":"closed","ping_status":"closed","template":"elementor_canvas","meta":{"inline_featured_image":false,"footnotes":""},"categories":[219],"tags":[],"class_list":["post-53496","page","type-page","status-publish","hentry","category-alertes-i-tendencies-exclusives"],"yoast_head":"<!-- This site is optimized with the Yoast SEO plugin v27.3 - https:\/\/yoast.com\/product\/yoast-seo-wordpress\/ -->\n<title>Perspectives econ\u00f2miques i comercials globals (abril 2026) | amec Positive Industry<\/title>\n<meta name=\"robots\" content=\"index, follow, max-snippet:-1, max-image-preview:large, max-video-preview:-1\" \/>\n<link rel=\"canonical\" href=\"https:\/\/amec.es\/anticipate\/alertas-y-oportunidades\/perspectivas-economicas-y-comerciales-globales-abril-2026\/\" \/>\n<meta property=\"og:locale\" content=\"ca_ES\" \/>\n<meta property=\"og:type\" content=\"article\" \/>\n<meta property=\"og:title\" content=\"Perspectives econ\u00f2miques i comercials globals (abril 2026) | amec Positive Industry\" \/>\n<meta property=\"og:description\" content=\"El conflicte armat al Pr\u00f2xim Orient domina el panorama econ\u00f2mic global d&#8217;aquest mes i concentra els riscos m\u00e9s immediats per a les empreses: encariment de les mat\u00e8ries primeres, disrupci\u00f3 de les cadenes de subministrament, i incertesa aranzel\u00e0ria creixent al mercat nord-americ\u00e0. Entorn macroecon\u00f2mic global _ Impacte energ\u00e8tic: l&#8217;Estret d&#8217;Ormuz com a detonador El tancament de [&hellip;]\" \/>\n<meta property=\"og:url\" content=\"https:\/\/amec.es\/anticipate\/alertas-y-oportunidades\/perspectivas-economicas-y-comerciales-globales-abril-2026\/\" \/>\n<meta property=\"og:site_name\" content=\"amec Positive Industry\" \/>\n<meta property=\"article:modified_time\" content=\"2026-04-06T08:13:34+00:00\" \/>\n<meta property=\"og:image\" content=\"https:\/\/amec.es\/wp-content\/uploads\/2025\/11\/Banner-Nota-commodities-1.png\" \/>\n\t<meta property=\"og:image:width\" content=\"1280\" \/>\n\t<meta property=\"og:image:height\" content=\"471\" \/>\n\t<meta property=\"og:image:type\" content=\"image\/png\" \/>\n<meta name=\"twitter:card\" content=\"summary_large_image\" \/>\n<meta name=\"twitter:label1\" content=\"Temps estimat de lectura\" \/>\n\t<meta name=\"twitter:data1\" content=\"5 minuts\" \/>\n<script type=\"application\/ld+json\" class=\"yoast-schema-graph\">{\"@context\":\"https:\\\/\\\/schema.org\",\"@graph\":[{\"@type\":\"WebPage\",\"@id\":\"https:\\\/\\\/amec.es\\\/anticipate\\\/alertas-y-oportunidades\\\/perspectivas-economicas-y-comerciales-globales-abril-2026\\\/\",\"url\":\"https:\\\/\\\/amec.es\\\/anticipate\\\/alertas-y-oportunidades\\\/perspectivas-economicas-y-comerciales-globales-abril-2026\\\/\",\"name\":\"Perspectives econ\u00f2miques i comercials globals (abril 2026) | amec Positive Industry\",\"isPartOf\":{\"@id\":\"https:\\\/\\\/amec.es\\\/#website\"},\"primaryImageOfPage\":{\"@id\":\"https:\\\/\\\/amec.es\\\/anticipate\\\/alertas-y-oportunidades\\\/perspectivas-economicas-y-comerciales-globales-abril-2026\\\/#primaryimage\"},\"image\":{\"@id\":\"https:\\\/\\\/amec.es\\\/anticipate\\\/alertas-y-oportunidades\\\/perspectivas-economicas-y-comerciales-globales-abril-2026\\\/#primaryimage\"},\"thumbnailUrl\":\"https:\\\/\\\/amec.es\\\/wp-content\\\/uploads\\\/2025\\\/11\\\/Banner-Nota-commodities-1-1024x377.png\",\"datePublished\":\"2026-04-06T08:07:18+00:00\",\"dateModified\":\"2026-04-06T08:13:34+00:00\",\"breadcrumb\":{\"@id\":\"https:\\\/\\\/amec.es\\\/anticipate\\\/alertas-y-oportunidades\\\/perspectivas-economicas-y-comerciales-globales-abril-2026\\\/#breadcrumb\"},\"inLanguage\":\"ca\",\"potentialAction\":[{\"@type\":\"ReadAction\",\"target\":[\"https:\\\/\\\/amec.es\\\/anticipate\\\/alertas-y-oportunidades\\\/perspectivas-economicas-y-comerciales-globales-abril-2026\\\/\"]}]},{\"@type\":\"ImageObject\",\"inLanguage\":\"ca\",\"@id\":\"https:\\\/\\\/amec.es\\\/anticipate\\\/alertas-y-oportunidades\\\/perspectivas-economicas-y-comerciales-globales-abril-2026\\\/#primaryimage\",\"url\":\"https:\\\/\\\/amec.es\\\/wp-content\\\/uploads\\\/2025\\\/11\\\/Banner-Nota-commodities-1-1024x377.png\",\"contentUrl\":\"https:\\\/\\\/amec.es\\\/wp-content\\\/uploads\\\/2025\\\/11\\\/Banner-Nota-commodities-1-1024x377.png\"},{\"@type\":\"BreadcrumbList\",\"@id\":\"https:\\\/\\\/amec.es\\\/anticipate\\\/alertas-y-oportunidades\\\/perspectivas-economicas-y-comerciales-globales-abril-2026\\\/#breadcrumb\",\"itemListElement\":[{\"@type\":\"ListItem\",\"position\":1,\"name\":\"Portada\",\"item\":\"https:\\\/\\\/amec.es\\\/ca\\\/home-new\\\/\"},{\"@type\":\"ListItem\",\"position\":2,\"name\":\"Anticipa&#8217;t\",\"item\":\"https:\\\/\\\/amec.es\\\/ca\\\/anticipat\\\/\"},{\"@type\":\"ListItem\",\"position\":3,\"name\":\"Alertes i oportunitats\",\"item\":\"https:\\\/\\\/amec.es\\\/ca\\\/anticipat\\\/alertes-i-oportunitats\\\/\"},{\"@type\":\"ListItem\",\"position\":4,\"name\":\"Perspectives econ\u00f2miques i comercials globals (abril 2026)\"}]},{\"@type\":\"WebSite\",\"@id\":\"https:\\\/\\\/amec.es\\\/#website\",\"url\":\"https:\\\/\\\/amec.es\\\/\",\"name\":\"amec Positive Industry\",\"description\":\"\",\"publisher\":{\"@id\":\"https:\\\/\\\/amec.es\\\/#organization\"},\"potentialAction\":[{\"@type\":\"SearchAction\",\"target\":{\"@type\":\"EntryPoint\",\"urlTemplate\":\"https:\\\/\\\/amec.es\\\/?s={search_term_string}\"},\"query-input\":{\"@type\":\"PropertyValueSpecification\",\"valueRequired\":true,\"valueName\":\"search_term_string\"}}],\"inLanguage\":\"ca\"},{\"@type\":\"Organization\",\"@id\":\"https:\\\/\\\/amec.es\\\/#organization\",\"name\":\"amec Positive Industry\",\"url\":\"https:\\\/\\\/amec.es\\\/\",\"logo\":{\"@type\":\"ImageObject\",\"inLanguage\":\"ca\",\"@id\":\"https:\\\/\\\/amec.es\\\/#\\\/schema\\\/logo\\\/image\\\/\",\"url\":\"https:\\\/\\\/amec.es\\\/wp-content\\\/uploads\\\/2023\\\/07\\\/logoamec.png\",\"contentUrl\":\"https:\\\/\\\/amec.es\\\/wp-content\\\/uploads\\\/2023\\\/07\\\/logoamec.png\",\"width\":200,\"height\":48,\"caption\":\"amec Positive Industry\"},\"image\":{\"@id\":\"https:\\\/\\\/amec.es\\\/#\\\/schema\\\/logo\\\/image\\\/\"}}]}<\/script>\n<!-- \/ Yoast SEO plugin. -->","yoast_head_json":{"title":"Perspectives econ\u00f2miques i comercials globals (abril 2026) | amec Positive Industry","robots":{"index":"index","follow":"follow","max-snippet":"max-snippet:-1","max-image-preview":"max-image-preview:large","max-video-preview":"max-video-preview:-1"},"canonical":"https:\/\/amec.es\/anticipate\/alertas-y-oportunidades\/perspectivas-economicas-y-comerciales-globales-abril-2026\/","og_locale":"ca_ES","og_type":"article","og_title":"Perspectives econ\u00f2miques i comercials globals (abril 2026) | amec Positive Industry","og_description":"El conflicte armat al Pr\u00f2xim Orient domina el panorama econ\u00f2mic global d&#8217;aquest mes i concentra els riscos m\u00e9s immediats per a les empreses: encariment de les mat\u00e8ries primeres, disrupci\u00f3 de les cadenes de subministrament, i incertesa aranzel\u00e0ria creixent al mercat nord-americ\u00e0. Entorn macroecon\u00f2mic global _ Impacte energ\u00e8tic: l&#8217;Estret d&#8217;Ormuz com a detonador El tancament de [&hellip;]","og_url":"https:\/\/amec.es\/anticipate\/alertas-y-oportunidades\/perspectivas-economicas-y-comerciales-globales-abril-2026\/","og_site_name":"amec Positive Industry","article_modified_time":"2026-04-06T08:13:34+00:00","og_image":[{"width":1280,"height":471,"url":"https:\/\/amec.es\/wp-content\/uploads\/2025\/11\/Banner-Nota-commodities-1.png","type":"image\/png"}],"twitter_card":"summary_large_image","twitter_misc":{"Temps estimat de lectura":"5 minuts"},"schema":{"@context":"https:\/\/schema.org","@graph":[{"@type":"WebPage","@id":"https:\/\/amec.es\/anticipate\/alertas-y-oportunidades\/perspectivas-economicas-y-comerciales-globales-abril-2026\/","url":"https:\/\/amec.es\/anticipate\/alertas-y-oportunidades\/perspectivas-economicas-y-comerciales-globales-abril-2026\/","name":"Perspectives econ\u00f2miques i comercials globals (abril 2026) | amec Positive Industry","isPartOf":{"@id":"https:\/\/amec.es\/#website"},"primaryImageOfPage":{"@id":"https:\/\/amec.es\/anticipate\/alertas-y-oportunidades\/perspectivas-economicas-y-comerciales-globales-abril-2026\/#primaryimage"},"image":{"@id":"https:\/\/amec.es\/anticipate\/alertas-y-oportunidades\/perspectivas-economicas-y-comerciales-globales-abril-2026\/#primaryimage"},"thumbnailUrl":"https:\/\/amec.es\/wp-content\/uploads\/2025\/11\/Banner-Nota-commodities-1-1024x377.png","datePublished":"2026-04-06T08:07:18+00:00","dateModified":"2026-04-06T08:13:34+00:00","breadcrumb":{"@id":"https:\/\/amec.es\/anticipate\/alertas-y-oportunidades\/perspectivas-economicas-y-comerciales-globales-abril-2026\/#breadcrumb"},"inLanguage":"ca","potentialAction":[{"@type":"ReadAction","target":["https:\/\/amec.es\/anticipate\/alertas-y-oportunidades\/perspectivas-economicas-y-comerciales-globales-abril-2026\/"]}]},{"@type":"ImageObject","inLanguage":"ca","@id":"https:\/\/amec.es\/anticipate\/alertas-y-oportunidades\/perspectivas-economicas-y-comerciales-globales-abril-2026\/#primaryimage","url":"https:\/\/amec.es\/wp-content\/uploads\/2025\/11\/Banner-Nota-commodities-1-1024x377.png","contentUrl":"https:\/\/amec.es\/wp-content\/uploads\/2025\/11\/Banner-Nota-commodities-1-1024x377.png"},{"@type":"BreadcrumbList","@id":"https:\/\/amec.es\/anticipate\/alertas-y-oportunidades\/perspectivas-economicas-y-comerciales-globales-abril-2026\/#breadcrumb","itemListElement":[{"@type":"ListItem","position":1,"name":"Portada","item":"https:\/\/amec.es\/ca\/home-new\/"},{"@type":"ListItem","position":2,"name":"Anticipa&#8217;t","item":"https:\/\/amec.es\/ca\/anticipat\/"},{"@type":"ListItem","position":3,"name":"Alertes i oportunitats","item":"https:\/\/amec.es\/ca\/anticipat\/alertes-i-oportunitats\/"},{"@type":"ListItem","position":4,"name":"Perspectives econ\u00f2miques i comercials globals (abril 2026)"}]},{"@type":"WebSite","@id":"https:\/\/amec.es\/#website","url":"https:\/\/amec.es\/","name":"amec Positive Industry","description":"","publisher":{"@id":"https:\/\/amec.es\/#organization"},"potentialAction":[{"@type":"SearchAction","target":{"@type":"EntryPoint","urlTemplate":"https:\/\/amec.es\/?s={search_term_string}"},"query-input":{"@type":"PropertyValueSpecification","valueRequired":true,"valueName":"search_term_string"}}],"inLanguage":"ca"},{"@type":"Organization","@id":"https:\/\/amec.es\/#organization","name":"amec Positive Industry","url":"https:\/\/amec.es\/","logo":{"@type":"ImageObject","inLanguage":"ca","@id":"https:\/\/amec.es\/#\/schema\/logo\/image\/","url":"https:\/\/amec.es\/wp-content\/uploads\/2023\/07\/logoamec.png","contentUrl":"https:\/\/amec.es\/wp-content\/uploads\/2023\/07\/logoamec.png","width":200,"height":48,"caption":"amec Positive Industry"},"image":{"@id":"https:\/\/amec.es\/#\/schema\/logo\/image\/"}}]}},"_links":{"self":[{"href":"https:\/\/amec.es\/ca\/wp-json\/wp\/v2\/pages\/53496","targetHints":{"allow":["GET"]}}],"collection":[{"href":"https:\/\/amec.es\/ca\/wp-json\/wp\/v2\/pages"}],"about":[{"href":"https:\/\/amec.es\/ca\/wp-json\/wp\/v2\/types\/page"}],"author":[{"embeddable":true,"href":"https:\/\/amec.es\/ca\/wp-json\/wp\/v2\/users\/10"}],"replies":[{"embeddable":true,"href":"https:\/\/amec.es\/ca\/wp-json\/wp\/v2\/comments?post=53496"}],"version-history":[{"count":2,"href":"https:\/\/amec.es\/ca\/wp-json\/wp\/v2\/pages\/53496\/revisions"}],"predecessor-version":[{"id":53505,"href":"https:\/\/amec.es\/ca\/wp-json\/wp\/v2\/pages\/53496\/revisions\/53505"}],"up":[{"embeddable":true,"href":"https:\/\/amec.es\/ca\/wp-json\/wp\/v2\/pages\/5934"}],"wp:attachment":[{"href":"https:\/\/amec.es\/ca\/wp-json\/wp\/v2\/media?parent=53496"}],"wp:term":[{"taxonomy":"category","embeddable":true,"href":"https:\/\/amec.es\/ca\/wp-json\/wp\/v2\/categories?post=53496"},{"taxonomy":"post_tag","embeddable":true,"href":"https:\/\/amec.es\/ca\/wp-json\/wp\/v2\/tags?post=53496"}],"curies":[{"name":"wp","href":"https:\/\/api.w.org\/{rel}","templated":true}]}}