{"id":53807,"date":"2026-04-15T12:48:48","date_gmt":"2026-04-15T10:48:48","guid":{"rendered":"https:\/\/amec.es\/anticipat\/alertes-i-oportunitats\/analisi-dindexs-de-commodities-i-transport-abril-2026\/"},"modified":"2026-04-15T12:50:31","modified_gmt":"2026-04-15T10:50:31","slug":"analisi-dindexs-de-commodities-i-transport-abril-2026","status":"publish","type":"page","link":"https:\/\/amec.es\/ca\/anticipat\/alertes-i-oportunitats\/analisi-dindexs-de-commodities-i-transport-abril-2026\/","title":{"rendered":"An\u00e0lisi d&#8217;\u00cdndexs de Commodities i Transport (abril 2026)"},"content":{"rendered":"\t\t<div data-elementor-type=\"wp-page\" data-elementor-id=\"53807\" class=\"elementor elementor-53807 elementor-53795\" data-elementor-post-type=\"page\">\n\t\t\t\t\t\t<section class=\"elementor-section elementor-top-section elementor-element elementor-element-676dc973 elementor-section-boxed elementor-section-height-default elementor-section-height-default\" data-id=\"676dc973\" data-element_type=\"section\" data-e-type=\"section\" data-settings=\"{&quot;background_background&quot;:&quot;gradient&quot;}\">\n\t\t\t\t\t\t<div class=\"elementor-container elementor-column-gap-default\">\n\t\t\t\t\t<div class=\"elementor-column elementor-col-100 elementor-top-column elementor-element elementor-element-361da910\" data-id=\"361da910\" data-element_type=\"column\" data-e-type=\"column\">\n\t\t\t<div class=\"elementor-widget-wrap elementor-element-populated\">\n\t\t\t\t\t\t<div class=\"elementor-element elementor-element-59cc8b27 elementor-widget elementor-widget-heading\" data-id=\"59cc8b27\" data-element_type=\"widget\" data-e-type=\"widget\" data-widget_type=\"heading.default\">\n\t\t\t\t<div class=\"elementor-widget-container\">\n\t\t\t\t\t<h2 class=\"elementor-heading-title elementor-size-default\"><a href=\"https:\/\/amec.es\/ca\/category\/alertes-i-tendencies-exclusives\/\" rel=\"tag\">Alertes i tend\u00e8ncies exclusives<\/a><\/h2>\t\t\t\t<\/div>\n\t\t\t\t<\/div>\n\t\t\t\t<div class=\"elementor-element elementor-element-62e88fd4 elementor-widget elementor-widget-spacer\" data-id=\"62e88fd4\" data-element_type=\"widget\" data-e-type=\"widget\" data-widget_type=\"spacer.default\">\n\t\t\t\t<div class=\"elementor-widget-container\">\n\t\t\t\t\t\t\t<div class=\"elementor-spacer\">\n\t\t\t<div class=\"elementor-spacer-inner\"><\/div>\n\t\t<\/div>\n\t\t\t\t\t\t<\/div>\n\t\t\t\t<\/div>\n\t\t\t\t<div class=\"elementor-element elementor-element-22062657 elementor-widget-divider--view-line elementor-widget elementor-widget-divider\" data-id=\"22062657\" data-element_type=\"widget\" data-e-type=\"widget\" data-widget_type=\"divider.default\">\n\t\t\t\t<div class=\"elementor-widget-container\">\n\t\t\t\t\t\t\t<div class=\"elementor-divider\">\n\t\t\t<span class=\"elementor-divider-separator\">\n\t\t\t\t\t\t<\/span>\n\t\t<\/div>\n\t\t\t\t\t\t<\/div>\n\t\t\t\t<\/div>\n\t\t\t\t\t<\/div>\n\t\t<\/div>\n\t\t\t\t\t<\/div>\n\t\t<\/section>\n\t\t\t\t<section class=\"elementor-section elementor-top-section elementor-element elementor-element-390a671 elementor-section-boxed elementor-section-height-default elementor-section-height-default\" data-id=\"390a671\" data-element_type=\"section\" data-e-type=\"section\">\n\t\t\t\t\t\t<div class=\"elementor-container elementor-column-gap-default\">\n\t\t\t\t\t<div class=\"elementor-column elementor-col-100 elementor-top-column elementor-element elementor-element-79726aba\" data-id=\"79726aba\" data-element_type=\"column\" data-e-type=\"column\">\n\t\t\t<div class=\"elementor-widget-wrap elementor-element-populated\">\n\t\t\t\t\t\t<div class=\"elementor-element elementor-element-2915a234 elementor-widget elementor-widget-heading\" data-id=\"2915a234\" data-element_type=\"widget\" data-e-type=\"widget\" data-widget_type=\"heading.default\">\n\t\t\t\t<div class=\"elementor-widget-container\">\n\t\t\t\t\t<h2 class=\"elementor-heading-title elementor-size-default\">An\u00e0lisi d&#8217;\u00cdndexs de Commodities i Transport (abril 2026)<\/h2>\t\t\t\t<\/div>\n\t\t\t\t<\/div>\n\t\t\t\t<div class=\"elementor-element elementor-element-18af540 elementor-widget elementor-widget-spacer\" data-id=\"18af540\" data-element_type=\"widget\" data-e-type=\"widget\" data-widget_type=\"spacer.default\">\n\t\t\t\t<div class=\"elementor-widget-container\">\n\t\t\t\t\t\t\t<div class=\"elementor-spacer\">\n\t\t\t<div class=\"elementor-spacer-inner\"><\/div>\n\t\t<\/div>\n\t\t\t\t\t\t<\/div>\n\t\t\t\t<\/div>\n\t\t\t\t<div class=\"elementor-element elementor-element-b234158 elementor-widget elementor-widget-text-editor\" data-id=\"b234158\" data-element_type=\"widget\" data-e-type=\"widget\" data-widget_type=\"text-editor.default\">\n\t\t\t\t<div class=\"elementor-widget-container\">\n\t\t\t\t\t\t\t\t\t15 d&#8217;abril de 2026\t\t\t\t\t\t\t\t<\/div>\n\t\t\t\t<\/div>\n\t\t\t\t<div class=\"elementor-element elementor-element-60ff6d13 elementor-widget elementor-widget-text-editor\" data-id=\"60ff6d13\" data-element_type=\"widget\" data-e-type=\"widget\" data-widget_type=\"text-editor.default\">\n\t\t\t\t<div class=\"elementor-widget-container\">\n\t\t\t\t\t\t\t\t\t<p><strong>La nota de commodities i log\u00edstica de l&#8217;abril del 2026 reflecteix un canvi d&#8217;escenari abrupte. Si al mar\u00e7 es parlava de reactivaci\u00f3 industrial amb riscos de costos continguts, l&#8217;abril confirma que el conflicte a l&#8217;Orient Mitj\u00e0 ha revertit aquesta tend\u00e8ncia: els costos de materials i transport escalen amb for\u00e7a i les cadenes de subministrament acumulen tensions que no es veien des del 2022. <\/strong><\/p>\t\t\t\t\t\t\t\t<\/div>\n\t\t\t\t<\/div>\n\t\t\t\t<div class=\"elementor-element elementor-element-7c27e788 elementor-widget-divider--view-line elementor-widget elementor-widget-divider\" data-id=\"7c27e788\" data-element_type=\"widget\" data-e-type=\"widget\" data-widget_type=\"divider.default\">\n\t\t\t\t<div class=\"elementor-widget-container\">\n\t\t\t\t\t\t\t<div class=\"elementor-divider\">\n\t\t\t<span class=\"elementor-divider-separator\">\n\t\t\t\t\t\t<\/span>\n\t\t<\/div>\n\t\t\t\t\t\t<\/div>\n\t\t\t\t<\/div>\n\t\t\t\t<div class=\"elementor-element elementor-element-7c222edc elementor-widget elementor-widget-text-editor\" data-id=\"7c222edc\" data-element_type=\"widget\" data-e-type=\"widget\" data-widget_type=\"text-editor.default\">\n\t\t\t\t<div class=\"elementor-widget-container\">\n\t\t\t\t\t\t\t\t\t<p>Aquesta nota sintetitza la situaci\u00f3 actual dels mercats de primeres mat\u00e8ries i log\u00edstica al tancament del primer trimestre del 2026, integrant les dades de la <strong>Nota mensual d&#8217;\u00edndexs amec<\/strong> amb els darrers informes d&#8217;organismes internacionals.<\/p><p><strong>Pots descarregar la nota d&#8217;abril al <a href=\"https:\/\/amec.es\/ca\/comunitat\/colab\/\" target=\"_blank\" rel=\"noopener\">CoLAB<\/a>&gt; Estudis i publicacions.<\/strong><\/p>\t\t\t\t\t\t\t\t<\/div>\n\t\t\t\t<\/div>\n\t\t\t\t<div class=\"elementor-element elementor-element-9bee753 elementor-widget-divider--view-line elementor-widget elementor-widget-divider\" data-id=\"9bee753\" data-element_type=\"widget\" data-e-type=\"widget\" data-widget_type=\"divider.default\">\n\t\t\t\t<div class=\"elementor-widget-container\">\n\t\t\t\t\t\t\t<div class=\"elementor-divider\">\n\t\t\t<span class=\"elementor-divider-separator\">\n\t\t\t\t\t\t<\/span>\n\t\t<\/div>\n\t\t\t\t\t\t<\/div>\n\t\t\t\t<\/div>\n\t\t\t\t<div class=\"elementor-element elementor-element-f372362 elementor-widget elementor-widget-text-editor\" data-id=\"f372362\" data-element_type=\"widget\" data-e-type=\"widget\" data-widget_type=\"text-editor.default\">\n\t\t\t\t<div class=\"elementor-widget-container\">\n\t\t\t\t\t\t\t\t\t<p>Segons les previsions d&#8217;abril de l&#8217;FMI, <strong>l&#8217;economia mundial enfronta un<\/strong> <strong>xoc d&#8217;oferta de gran magnitud<\/strong> provocat pel conflicte b\u00e8l\u00b7lic a l&#8217;Orient Mitj\u00e0 iniciat a finals de febrer del 2026. Aquest esdeveniment ha revertit les tend\u00e8ncies pr\u00e8vies i ha elevat l&#8217;expectativa d&#8217; <strong>inflaci\u00f3 mundial al 4,4% per al 2026<\/strong> . <\/p><h5><strong><span style=\"color: #ffffff;\">_<\/span><br> Energia: Preus en Nivells Cr\u00edtics<\/strong><\/h5><p>El sector energ\u00e8tic \u00e9s el m\u00e9s afectat a causa de les disrupcions a l&#8217;Estret d&#8217;Hormuz i atacs a infraestructures.<\/p><ul><li><strong>Petroli:<\/strong> El cru Brent mostra una escalada vertical l&#8217;abril del 2026. L&#8217;Ag\u00e8ncia Internacional de l&#8217;Energia (AIE) reporta que els preus van assolir pics de <strong>130 USD per barril<\/strong> , cosa que representa 60 USD per sobre dels nivells preconflicte. <\/li><li><strong>Gas Natural:<\/strong> Els preus a Europa (TTF) van pujar un 61% entre l&#8217;agost del 2025 i el mar\u00e7 del 2026. El complex de Ras Laffan a Qatar, que produeix el 93% del GNL del Golf, ha estat pr\u00e0cticament tancat des del 2 de mar\u00e7, i la seva recuperaci\u00f3 total podria trigar entre 3 i 5 anys. <\/li><\/ul><h5><strong><span style=\"color: #ffffff;\">_<\/span><br> Metalls i Insums Industrials<\/strong><\/h5><p>Els \u00edndexs de metalls mostren una pressi\u00f3 alcista sostinguda per la crisi energ\u00e8tica i els accidents miners.<\/p><ul><li><strong>Alumini:<\/strong> Ha experimentat pujades de preu molt pronunciades a causa del <strong>tancament de foses<\/strong> a l&#8217;Orient Mitj\u00e0 i Isl\u00e0ndia per la crisi energ\u00e8tica. GEP reporta que la seva disponibilitat s&#8217;est\u00e0 deteriorant r\u00e0pidament, generant colls d&#8217;ampolla a la ind\u00fastria. <\/li><li><strong>Coure:<\/strong> Els preus es mantenen en nivells hist\u00f2ricament elevats. A m\u00e9s de la crisi energ\u00e8tica, l&#8217;oferta s&#8217;ha vist restringida per <strong>accidents miners a Xile i Indon\u00e8sia<\/strong> . <\/li><li><strong>Acer:<\/strong> El preu ha escalat el mar\u00e7\/abril del 2026, seguint una tend\u00e8ncia ascendent des de finals del 2025.<\/li><\/ul><ul><li><strong>Semiconductors:<\/strong> L&#8217;\u00edndex <strong>SOX<\/strong> de Filad\u00e8lfia reflecteix una forta tend\u00e8ncia ascendent. S&amp;P Global identifica els semiconductors com el component que lidera els augments de preu i les pressions de subministrament a nivell global. <\/li><\/ul><h5><strong><span style=\"color: #ffffff;\">_<\/span><br> Aliments i Agricultura<\/strong><\/h5><p>Els preus han rebotat des de m\u00ednims hist\u00f2rics i s&#8217;espera que els aliments en general pugin un <strong>6% el 2026.<\/strong> Hi ha una diverg\u00e8ncia notable entre els diferents subsectors agr\u00edcoles:<\/p><ul><li><strong>Fertilitzants:<\/strong> S&#8217;espera que els preus dels aliments pugin un 6% el 2026 a causa de l&#8217;al\u00e7a al gas i els fertilitzants, com la <strong>urea<\/strong> , el preu de la qual s&#8217;ha disparat. L&#8217;FMI \u200b\u200badverteix que aix\u00f2 posa en risc la seguretat aliment\u00e0ria de 45 milions de persones. <\/li><li><strong>Cacau:<\/strong> Ha experimentat un descens notable. Aquesta caiguda s&#8217;atribueix a les condicions clim\u00e0tiques favorables a l&#8217;\u00c0frica Occidental. <\/li><li><strong>Caf\u00e8:<\/strong> La baixada en preus respon a collites r\u00e8cord al Brasil.<\/li><\/ul><h5><strong><span style=\"color: #ffffff;\">_<\/span><br> Transport i Cadena de Subministrament<\/strong><\/h5><p>Les pressions a la cadena de subministrament han assolit el seu nivell m\u00e9s alt en tres anys. El detonant de tot \u00e9s la guerra a l&#8217;Orient Mitj\u00e0, que est\u00e0 afectant les rutes mar\u00edtimes globals de manera molt significativa. <\/p><ul><li><strong>Els terminis de lliurament de prove\u00efdors<\/strong> s&#8217;han allargat al nivell m\u00e9s alt en m\u00e9s de tres anys i mig, tant a la zona de l&#8217;euro com a nivell global. A Espanya, aquest allargament \u00e9s el m\u00e9s pronunciat des del setembre del 2022. <\/li><li><strong>El cost del transport:<\/strong> El xoc del preu del petroli derivat de la guerra va emp\u00e8nyer els costos de transport global al mar\u00e7 al nivell m\u00e9s alt en gaireb\u00e9 quatre anys, amb \u00c0sia com la regi\u00f3 m\u00e9s afectada per la seva depend\u00e8ncia del petroli de l&#8217;Orient Mitj\u00e0.<\/li><li><strong>Comportament de les empreses:<\/strong> Els fabricants responen amb acumulaci\u00f3 preventiva d&#8217;estocs. Els reports d&#8217;stockpiling van assolir el nivell m\u00e9s alt en tres anys, sent Europa on aquest fenomen va ser m\u00e9s intens. Alhora, els fabricants van reduir els seus volums de compra per la incertesa, cosa que genera una combinaci\u00f3 estranya: menys demanda real per\u00f2 m\u00e9s escassetat percebuda, cosa que ja est\u00e0 creant colls d&#8217;ampolla en materials com pol\u00edmers, PVC, cautx\u00fa, alumini i coure.  <\/li><\/ul><h5><strong><span style=\"color: #ffffff;\">_<\/span><br> Riscos i Perspectives<\/strong><\/h5><p>L&#8217;FMI \u200b\u200badverteix que, <strong>si els danys a la infraestructura energ\u00e8tica s\u00f3n permanents, els preus del petroli podrien duplicar-se<\/strong> respecte a la base del gener del 2026, cosa que portaria la inflaci\u00f3 mundial per sobre del 6% i reduiria el creixement global a nivells de recessi\u00f3. Actualment, el tr\u00e0nsit pel Mar Roig segueix estancat a la meitat dels seus nivells del 2023. <\/p>\t\t\t\t\t\t\t\t<\/div>\n\t\t\t\t<\/div>\n\t\t\t\t\t<\/div>\n\t\t<\/div>\n\t\t\t\t\t<\/div>\n\t\t<\/section>\n\t\t\t\t<section class=\"elementor-section elementor-top-section elementor-element elementor-element-5135c21 elementor-section-boxed elementor-section-height-default elementor-section-height-default\" data-id=\"5135c21\" data-element_type=\"section\" data-e-type=\"section\">\n\t\t\t\t\t\t\t<div class=\"elementor-background-overlay\"><\/div>\n\t\t\t\t\t\t\t<div class=\"elementor-container elementor-column-gap-default\">\n\t\t\t\t\t<div class=\"elementor-column elementor-col-100 elementor-top-column elementor-element elementor-element-ac2397d\" data-id=\"ac2397d\" data-element_type=\"column\" data-e-type=\"column\">\n\t\t\t<div class=\"elementor-widget-wrap elementor-element-populated\">\n\t\t\t\t\t\t<div class=\"elementor-element elementor-element-c9b68ce elementor-widget-divider--view-line elementor-widget elementor-widget-divider\" data-id=\"c9b68ce\" data-element_type=\"widget\" data-e-type=\"widget\" data-widget_type=\"divider.default\">\n\t\t\t\t<div class=\"elementor-widget-container\">\n\t\t\t\t\t\t\t<div class=\"elementor-divider\">\n\t\t\t<span class=\"elementor-divider-separator\">\n\t\t\t\t\t\t<\/span>\n\t\t<\/div>\n\t\t\t\t\t\t<\/div>\n\t\t\t\t<\/div>\n\t\t\t\t<div class=\"elementor-element elementor-element-e0b451a elementor-widget elementor-widget-heading\" data-id=\"e0b451a\" data-element_type=\"widget\" data-e-type=\"widget\" data-widget_type=\"heading.default\">\n\t\t\t\t<div class=\"elementor-widget-container\">\n\t\t\t\t\t<h4 class=\"elementor-heading-title elementor-size-default\">Descarrega la Nota mensual de preus al CoLAB<\/h4>\t\t\t\t<\/div>\n\t\t\t\t<\/div>\n\t\t<div class=\"elementor-element elementor-element-815a88d e-grid e-con-boxed e-con e-parent\" data-id=\"815a88d\" data-element_type=\"container\" data-e-type=\"container\">\n\t\t\t\t\t<div class=\"e-con-inner\">\n\t\t\t\t<div class=\"elementor-element elementor-element-9de879f elementor-widget elementor-widget-image\" data-id=\"9de879f\" data-element_type=\"widget\" data-e-type=\"widget\" data-widget_type=\"image.default\">\n\t\t\t\t<div class=\"elementor-widget-container\">\n\t\t\t\t\t\t\t\t\t\t\t\t\t\t\t\t<a href=\"https:\/\/amec.es\/ca\/comunitat\/colab\/\">\n\t\t\t\t\t\t\t<img fetchpriority=\"high\" decoding=\"async\" width=\"800\" height=\"295\" src=\"https:\/\/amec.es\/wp-content\/uploads\/2025\/11\/Banner-Nota-commodities-1-1024x377.png\" class=\"attachment-large size-large wp-image-43473\" alt=\"\" srcset=\"https:\/\/amec.es\/wp-content\/uploads\/2025\/11\/Banner-Nota-commodities-1-1024x377.png 1024w, https:\/\/amec.es\/wp-content\/uploads\/2025\/11\/Banner-Nota-commodities-1-300x110.png 300w, https:\/\/amec.es\/wp-content\/uploads\/2025\/11\/Banner-Nota-commodities-1-768x283.png 768w, https:\/\/amec.es\/wp-content\/uploads\/2025\/11\/Banner-Nota-commodities-1-600x221.png 600w, https:\/\/amec.es\/wp-content\/uploads\/2025\/11\/Banner-Nota-commodities-1.png 1280w\" sizes=\"(max-width: 800px) 100vw, 800px\" \/>\t\t\t\t\t\t\t\t<\/a>\n\t\t\t\t\t\t\t\t\t\t\t\t\t\t\t<\/div>\n\t\t\t\t<\/div>\n\t\t\t\t\t<\/div>\n\t\t\t\t<\/div>\n\t\t\t\t\t<\/div>\n\t\t<\/div>\n\t\t\t\t\t<\/div>\n\t\t<\/section>\n\t\t\t\t<section class=\"elementor-section elementor-top-section elementor-element elementor-element-8303537 elementor-section-boxed elementor-section-height-default elementor-section-height-default\" data-id=\"8303537\" data-element_type=\"section\" data-e-type=\"section\">\n\t\t\t\t\t\t<div class=\"elementor-container elementor-column-gap-default\">\n\t\t\t\t\t<div class=\"elementor-column elementor-col-100 elementor-top-column elementor-element elementor-element-397cb2e3\" data-id=\"397cb2e3\" data-element_type=\"column\" data-e-type=\"column\">\n\t\t\t<div class=\"elementor-widget-wrap elementor-element-populated\">\n\t\t\t\t\t\t<div class=\"elementor-element elementor-element-5c7b0e08 elementor-widget elementor-widget-spacer\" data-id=\"5c7b0e08\" data-element_type=\"widget\" data-e-type=\"widget\" data-widget_type=\"spacer.default\">\n\t\t\t\t<div class=\"elementor-widget-container\">\n\t\t\t\t\t\t\t<div class=\"elementor-spacer\">\n\t\t\t<div class=\"elementor-spacer-inner\"><\/div>\n\t\t<\/div>\n\t\t\t\t\t\t<\/div>\n\t\t\t\t<\/div>\n\t\t\t\t\t<\/div>\n\t\t<\/div>\n\t\t\t\t\t<\/div>\n\t\t<\/section>\n\t\t<div class=\"elementor-element elementor-element-2af458f6 e-flex e-con-boxed e-con e-parent\" data-id=\"2af458f6\" data-element_type=\"container\" data-e-type=\"container\">\n\t\t\t\t\t<div class=\"e-con-inner\">\n\t\t\t\t<div class=\"elementor-element elementor-element-3f57c3f9 elementor-widget elementor-widget-spacer\" data-id=\"3f57c3f9\" data-element_type=\"widget\" data-e-type=\"widget\" data-widget_type=\"spacer.default\">\n\t\t\t\t<div class=\"elementor-widget-container\">\n\t\t\t\t\t\t\t<div class=\"elementor-spacer\">\n\t\t\t<div class=\"elementor-spacer-inner\"><\/div>\n\t\t<\/div>\n\t\t\t\t\t\t<\/div>\n\t\t\t\t<\/div>\n\t\t\t\t\t<\/div>\n\t\t\t\t<\/div>\n\t\t\t\t<section class=\"elementor-section elementor-top-section elementor-element elementor-element-357429f2 elementor-section-boxed elementor-section-height-default elementor-section-height-default\" data-id=\"357429f2\" data-element_type=\"section\" data-e-type=\"section\" data-settings=\"{&quot;background_background&quot;:&quot;classic&quot;}\">\n\t\t\t\t\t\t<div class=\"elementor-container elementor-column-gap-default\">\n\t\t\t\t\t<div class=\"elementor-column elementor-col-100 elementor-top-column elementor-element elementor-element-4dc40f17\" data-id=\"4dc40f17\" data-element_type=\"column\" data-e-type=\"column\">\n\t\t\t<div class=\"elementor-widget-wrap elementor-element-populated\">\n\t\t\t\t\t\t<div class=\"elementor-element elementor-element-293ade66 elementor-widget elementor-widget-heading\" data-id=\"293ade66\" data-element_type=\"widget\" data-e-type=\"widget\" data-widget_type=\"heading.default\">\n\t\t\t\t<div class=\"elementor-widget-container\">\n\t\t\t\t\t<h3 class=\"elementor-heading-title elementor-size-default\">Vols m\u00e9s informaci\u00f3? Contacta'ns! <\/h3>\t\t\t\t<\/div>\n\t\t\t\t<\/div>\n\t\t\t\t<div class=\"elementor-element elementor-element-47bf5f4d elementor-widget-divider--view-line elementor-widget elementor-widget-divider\" data-id=\"47bf5f4d\" data-element_type=\"widget\" data-e-type=\"widget\" data-widget_type=\"divider.default\">\n\t\t\t\t<div class=\"elementor-widget-container\">\n\t\t\t\t\t\t\t<div class=\"elementor-divider\">\n\t\t\t<span class=\"elementor-divider-separator\">\n\t\t\t\t\t\t<\/span>\n\t\t<\/div>\n\t\t\t\t\t\t<\/div>\n\t\t\t\t<\/div>\n\t\t\t\t<section class=\"elementor-section elementor-inner-section elementor-element elementor-element-22f3833b elementor-section-boxed elementor-section-height-default elementor-section-height-default\" data-id=\"22f3833b\" data-element_type=\"section\" data-e-type=\"section\">\n\t\t\t\t\t\t<div class=\"elementor-container elementor-column-gap-default\">\n\t\t\t\t\t<div class=\"elementor-column elementor-col-50 elementor-inner-column elementor-element elementor-element-5055e2bc\" data-id=\"5055e2bc\" data-element_type=\"column\" data-e-type=\"column\">\n\t\t\t<div class=\"elementor-widget-wrap elementor-element-populated\">\n\t\t\t\t\t\t<div class=\"elementor-element elementor-element-5d8215dc elementor-widget elementor-widget-image\" data-id=\"5d8215dc\" data-element_type=\"widget\" data-e-type=\"widget\" data-widget_type=\"image.default\">\n\t\t\t\t<div class=\"elementor-widget-container\">\n\t\t\t\t\t\t\t\t\t\t\t\t\t\t\t<img decoding=\"async\" width=\"380\" height=\"250\" src=\"https:\/\/amec.es\/wp-content\/uploads\/2023\/07\/susana-gonzalez-3-r-2-redim-prop66-w380-h250.jpg\" class=\"attachment-large size-large wp-image-1193\" alt=\"\" srcset=\"https:\/\/amec.es\/wp-content\/uploads\/2023\/07\/susana-gonzalez-3-r-2-redim-prop66-w380-h250.jpg 380w, https:\/\/amec.es\/wp-content\/uploads\/2023\/07\/susana-gonzalez-3-r-2-redim-prop66-w380-h250-300x197.jpg 300w\" sizes=\"(max-width: 380px) 100vw, 380px\" \/>\t\t\t\t\t\t\t\t\t\t\t\t\t\t\t<\/div>\n\t\t\t\t<\/div>\n\t\t\t\t\t<\/div>\n\t\t<\/div>\n\t\t\t\t<div class=\"elementor-column elementor-col-50 elementor-inner-column elementor-element elementor-element-79f33814\" data-id=\"79f33814\" data-element_type=\"column\" data-e-type=\"column\">\n\t\t\t<div class=\"elementor-widget-wrap elementor-element-populated\">\n\t\t\t\t\t\t<div class=\"elementor-element elementor-element-6483e5da elementor-icon-list--layout-traditional elementor-list-item-link-full_width elementor-widget elementor-widget-icon-list\" data-id=\"6483e5da\" data-element_type=\"widget\" data-e-type=\"widget\" data-widget_type=\"icon-list.default\">\n\t\t\t\t<div class=\"elementor-widget-container\">\n\t\t\t\t\t\t\t<ul class=\"elementor-icon-list-items\">\n\t\t\t\t\t\t\t<li class=\"elementor-icon-list-item\">\n\t\t\t\t\t\t\t\t\t\t\t<span class=\"elementor-icon-list-icon\">\n\t\t\t\t\t\t\t<i aria-hidden=\"true\" class=\"fas fa-user-circle\"><\/i>\t\t\t\t\t\t<\/span>\n\t\t\t\t\t\t\t\t\t\t<span class=\"elementor-icon-list-text\">Susana Gonzalez<\/span>\n\t\t\t\t\t\t\t\t\t<\/li>\n\t\t\t\t\t\t\t\t<li class=\"elementor-icon-list-item\">\n\t\t\t\t\t\t\t\t\t\t\t<span class=\"elementor-icon-list-icon\">\n\t\t\t\t\t\t\t<i aria-hidden=\"true\" class=\"fas fa-briefcase\"><\/i>\t\t\t\t\t\t<\/span>\n\t\t\t\t\t\t\t\t\t\t<span class=\"elementor-icon-list-text\">Intel\u00b7lig\u00e8ncia i Capacitaci\u00f3<\/span>\n\t\t\t\t\t\t\t\t\t<\/li>\n\t\t\t\t\t\t\t\t<li class=\"elementor-icon-list-item\">\n\t\t\t\t\t\t\t\t\t\t\t<span class=\"elementor-icon-list-icon\">\n\t\t\t\t\t\t\t<i aria-hidden=\"true\" class=\"fas fa-envelope\"><\/i>\t\t\t\t\t\t<\/span>\n\t\t\t\t\t\t\t\t\t\t<span class=\"elementor-icon-list-text\">sgonzalez@amec.es<\/span>\n\t\t\t\t\t\t\t\t\t<\/li>\n\t\t\t\t\t\t<\/ul>\n\t\t\t\t\t\t<\/div>\n\t\t\t\t<\/div>\n\t\t\t\t<div class=\"elementor-element elementor-element-7259f7ad elementor-widget elementor-widget-spacer\" data-id=\"7259f7ad\" data-element_type=\"widget\" data-e-type=\"widget\" data-widget_type=\"spacer.default\">\n\t\t\t\t<div class=\"elementor-widget-container\">\n\t\t\t\t\t\t\t<div class=\"elementor-spacer\">\n\t\t\t<div class=\"elementor-spacer-inner\"><\/div>\n\t\t<\/div>\n\t\t\t\t\t\t<\/div>\n\t\t\t\t<\/div>\n\t\t\t\t\t<\/div>\n\t\t<\/div>\n\t\t\t\t\t<\/div>\n\t\t<\/section>\n\t\t\t\t\t<\/div>\n\t\t<\/div>\n\t\t\t\t\t<\/div>\n\t\t<\/section>\n\t\t<div class=\"elementor-element elementor-element-28f9666d elementor-hidden-mobile e-flex e-con-boxed e-con e-parent\" data-id=\"28f9666d\" data-element_type=\"container\" data-e-type=\"container\">\n\t\t\t\t\t<div class=\"e-con-inner\">\n\t\t<div class=\"elementor-element elementor-element-254bf88c elementor-hidden-mobile e-con-full e-flex e-con e-child\" data-id=\"254bf88c\" data-element_type=\"container\" data-e-type=\"container\">\n\t\t<div class=\"elementor-element elementor-element-390a362a e-con-full e-flex e-con e-child\" data-id=\"390a362a\" data-element_type=\"container\" data-e-type=\"container\">\n\t\t\t\t<\/div>\n\t\t<div class=\"elementor-element elementor-element-12bd4e46 e-con-full e-flex e-con e-child\" data-id=\"12bd4e46\" data-element_type=\"container\" data-e-type=\"container\">\n\t\t\t\t<div class=\"elementor-element elementor-element-c015cfd elementor-widget elementor-widget-image\" data-id=\"c015cfd\" data-element_type=\"widget\" data-e-type=\"widget\" data-widget_type=\"image.default\">\n\t\t\t\t<div class=\"elementor-widget-container\">\n\t\t\t\t\t\t\t\t\t\t\t\t\t\t\t\t<a href=\"https:\/\/positiveindustry.org\/\">\n\t\t\t\t\t\t\t<img decoding=\"async\" width=\"500\" height=\"529\" src=\"https:\/\/amec.es\/wp-content\/uploads\/2025\/05\/segellmemberof.png\" class=\"attachment-large size-large wp-image-34785\" alt=\"\" srcset=\"https:\/\/amec.es\/wp-content\/uploads\/2025\/05\/segellmemberof.png 500w, https:\/\/amec.es\/wp-content\/uploads\/2025\/05\/segellmemberof-284x300.png 284w\" sizes=\"(max-width: 500px) 100vw, 500px\" \/>\t\t\t\t\t\t\t\t<\/a>\n\t\t\t\t\t\t\t\t\t\t\t\t\t\t\t<\/div>\n\t\t\t\t<\/div>\n\t\t\t\t<\/div>\n\t\t<div class=\"elementor-element elementor-element-215f64da e-con-full e-flex e-con e-child\" data-id=\"215f64da\" data-element_type=\"container\" data-e-type=\"container\">\n\t\t\t\t<div class=\"elementor-element elementor-element-7fc08301 elementor-widget elementor-widget-image\" data-id=\"7fc08301\" data-element_type=\"widget\" data-e-type=\"widget\" data-widget_type=\"image.default\">\n\t\t\t\t<div class=\"elementor-widget-container\">\n\t\t\t\t\t\t\t\t\t\t\t\t\t\t\t<img loading=\"lazy\" decoding=\"async\" width=\"168\" height=\"95\" src=\"https:\/\/amec.es\/wp-content\/uploads\/2023\/07\/theglobalcompact.jpg\" class=\"attachment-large size-large wp-image-69\" alt=\"\" \/>\t\t\t\t\t\t\t\t\t\t\t\t\t\t\t<\/div>\n\t\t\t\t<\/div>\n\t\t\t\t<\/div>\n\t\t<div class=\"elementor-element elementor-element-2ae2908f e-con-full e-flex e-con e-child\" data-id=\"2ae2908f\" data-element_type=\"container\" data-e-type=\"container\">\n\t\t\t\t<div class=\"elementor-element elementor-element-349535fd elementor-widget elementor-widget-image\" data-id=\"349535fd\" data-element_type=\"widget\" data-e-type=\"widget\" data-widget_type=\"image.default\">\n\t\t\t\t<div class=\"elementor-widget-container\">\n\t\t\t\t\t\t\t\t\t\t\t\t\t\t\t\t<a href=\"https:\/\/www.cematex.com\/\">\n\t\t\t\t\t\t\t<img loading=\"lazy\" decoding=\"async\" width=\"187\" height=\"187\" src=\"https:\/\/amec.es\/wp-content\/uploads\/2023\/07\/CEMATEX-logo.jpg\" class=\"attachment-large size-large wp-image-41268\" alt=\"\" srcset=\"https:\/\/amec.es\/wp-content\/uploads\/2023\/07\/CEMATEX-logo.jpg 187w, https:\/\/amec.es\/wp-content\/uploads\/2023\/07\/CEMATEX-logo-150x150.jpg 150w, https:\/\/amec.es\/wp-content\/uploads\/2023\/07\/CEMATEX-logo-100x100.jpg 100w\" sizes=\"(max-width: 187px) 100vw, 187px\" \/>\t\t\t\t\t\t\t\t<\/a>\n\t\t\t\t\t\t\t\t\t\t\t\t\t\t\t<\/div>\n\t\t\t\t<\/div>\n\t\t\t\t<\/div>\n\t\t<div class=\"elementor-element elementor-element-1e02e9e4 e-con-full e-flex e-con e-child\" data-id=\"1e02e9e4\" data-element_type=\"container\" data-e-type=\"container\">\n\t\t\t\t<div class=\"elementor-element elementor-element-3e3df2de elementor-widget elementor-widget-image\" data-id=\"3e3df2de\" data-element_type=\"widget\" data-e-type=\"widget\" data-widget_type=\"image.default\">\n\t\t\t\t<div class=\"elementor-widget-container\">\n\t\t\t\t\t\t\t\t\t\t\t\t\t\t\t<img loading=\"lazy\" decoding=\"async\" width=\"168\" height=\"95\" src=\"https:\/\/amec.es\/wp-content\/uploads\/2023\/07\/exportarparacrecer.jpg\" class=\"attachment-large size-large wp-image-73\" alt=\"\" \/>\t\t\t\t\t\t\t\t\t\t\t\t\t\t\t<\/div>\n\t\t\t\t<\/div>\n\t\t\t\t<\/div>\n\t\t<div class=\"elementor-element elementor-element-5845d669 e-con-full e-flex e-con e-child\" data-id=\"5845d669\" data-element_type=\"container\" data-e-type=\"container\">\n\t\t\t\t<div class=\"elementor-element elementor-element-2c9e3aef elementor-widget elementor-widget-image\" data-id=\"2c9e3aef\" data-element_type=\"widget\" data-e-type=\"widget\" data-widget_type=\"image.default\">\n\t\t\t\t<div class=\"elementor-widget-container\">\n\t\t\t\t\t\t\t\t\t\t\t\t\t\t\t<img loading=\"lazy\" decoding=\"async\" width=\"300\" height=\"200\" src=\"https:\/\/amec.es\/wp-content\/uploads\/2025\/02\/Logos-representacio-institucional-05.jpg\" class=\"attachment-large size-large wp-image-31068\" alt=\"\" \/>\t\t\t\t\t\t\t\t\t\t\t\t\t\t\t<\/div>\n\t\t\t\t<\/div>\n\t\t\t\t<\/div>\n\t\t<div class=\"elementor-element elementor-element-9c7b139 e-con-full e-flex e-con e-child\" data-id=\"9c7b139\" data-element_type=\"container\" data-e-type=\"container\">\n\t\t\t\t<div class=\"elementor-element elementor-element-1689c8c elementor-widget elementor-widget-image\" data-id=\"1689c8c\" data-element_type=\"widget\" data-e-type=\"widget\" data-widget_type=\"image.default\">\n\t\t\t\t<div class=\"elementor-widget-container\">\n\t\t\t\t\t\t\t\t\t\t\t\t\t\t\t\t<a href=\"https:\/\/www.accio.gencat.cat\/es\/inici\/index.html\">\n\t\t\t\t\t\t\t<img loading=\"lazy\" decoding=\"async\" width=\"778\" height=\"853\" src=\"https:\/\/amec.es\/wp-content\/uploads\/2025\/02\/Segell-Agents-de-Suport-a-la-Internacionalitzacio-Superior.png\" class=\"attachment-large size-large wp-image-34732\" alt=\"\" srcset=\"https:\/\/amec.es\/wp-content\/uploads\/2025\/02\/Segell-Agents-de-Suport-a-la-Internacionalitzacio-Superior.png 778w, https:\/\/amec.es\/wp-content\/uploads\/2025\/02\/Segell-Agents-de-Suport-a-la-Internacionalitzacio-Superior-274x300.png 274w, https:\/\/amec.es\/wp-content\/uploads\/2025\/02\/Segell-Agents-de-Suport-a-la-Internacionalitzacio-Superior-768x842.png 768w, https:\/\/amec.es\/wp-content\/uploads\/2025\/02\/Segell-Agents-de-Suport-a-la-Internacionalitzacio-Superior-600x658.png 600w\" sizes=\"(max-width: 778px) 100vw, 778px\" \/>\t\t\t\t\t\t\t\t<\/a>\n\t\t\t\t\t\t\t\t\t\t\t\t\t\t\t<\/div>\n\t\t\t\t<\/div>\n\t\t\t\t<\/div>\n\t\t<div class=\"elementor-element elementor-element-701aa8f8 e-con-full e-flex e-con e-child\" data-id=\"701aa8f8\" data-element_type=\"container\" data-e-type=\"container\">\n\t\t\t\t<div class=\"elementor-element elementor-element-1d65ce41 elementor-widget elementor-widget-text-editor\" data-id=\"1d65ce41\" data-element_type=\"widget\" data-e-type=\"widget\" data-widget_type=\"text-editor.default\">\n\t\t\t\t<div class=\"elementor-widget-container\">\n\t\t\t\t\t\t\t\t\t<p><a href=\"https:\/\/www.accio.gencat.cat\/ca\/accio\/processos-acreditacio\/agents-suport-internacionalitzacio\/\"><span data-olk-copy-source=\"MessageBody\">Agent acreditat per ACCI\u00d3<\/span><\/a><\/p>\t\t\t\t\t\t\t\t<\/div>\n\t\t\t\t<\/div>\n\t\t\t\t<\/div>\n\t\t<div class=\"elementor-element elementor-element-6a241b9f e-con-full e-flex e-con e-child\" data-id=\"6a241b9f\" data-element_type=\"container\" data-e-type=\"container\">\n\t\t\t\t<\/div>\n\t\t\t\t<\/div>\n\t\t\t\t\t<\/div>\n\t\t\t\t<\/div>\n\t\t\t\t<\/div>\n\t\t","protected":false},"excerpt":{"rendered":"<p>La nota de commodities i log\u00edstica de l&#8217;abril del 2026 reflecteix un canvi d&#8217;escenari abrupte. Si al mar\u00e7 es parlava de reactivaci\u00f3 industrial amb riscos de costos continguts, l&#8217;abril confirma que el conflicte a l&#8217;Orient Mitj\u00e0 ha revertit aquesta tend\u00e8ncia: els costos de materials i transport escalen amb for\u00e7a i les cadenes de subministrament acumulen [&hellip;]<\/p>\n","protected":false},"author":10,"featured_media":0,"parent":5934,"menu_order":0,"comment_status":"closed","ping_status":"closed","template":"elementor_canvas","meta":{"inline_featured_image":false,"footnotes":""},"categories":[219],"tags":[],"class_list":["post-53807","page","type-page","status-publish","hentry","category-alertes-i-tendencies-exclusives"],"yoast_head":"<!-- This site is optimized with the Yoast SEO plugin v27.3 - https:\/\/yoast.com\/product\/yoast-seo-wordpress\/ -->\n<title>An\u00e0lisi d&#039;\u00cdndexs de Commodities i Transport (abril 2026) | amec Positive Industry<\/title>\n<meta name=\"robots\" content=\"index, follow, max-snippet:-1, max-image-preview:large, max-video-preview:-1\" \/>\n<link rel=\"canonical\" href=\"https:\/\/amec.es\/ca\/anticipat\/alertes-i-oportunitats\/analisi-dindexs-de-commodities-i-transport-abril-2026\/\" \/>\n<meta property=\"og:locale\" content=\"ca_ES\" \/>\n<meta property=\"og:type\" content=\"article\" \/>\n<meta property=\"og:title\" content=\"An\u00e0lisi d&#039;\u00cdndexs de Commodities i Transport (abril 2026) | amec Positive Industry\" \/>\n<meta property=\"og:description\" content=\"La nota de commodities i log\u00edstica de l&#8217;abril del 2026 reflecteix un canvi d&#8217;escenari abrupte. Si al mar\u00e7 es parlava de reactivaci\u00f3 industrial amb riscos de costos continguts, l&#8217;abril confirma que el conflicte a l&#8217;Orient Mitj\u00e0 ha revertit aquesta tend\u00e8ncia: els costos de materials i transport escalen amb for\u00e7a i les cadenes de subministrament acumulen [&hellip;]\" \/>\n<meta property=\"og:url\" content=\"https:\/\/amec.es\/ca\/anticipat\/alertes-i-oportunitats\/analisi-dindexs-de-commodities-i-transport-abril-2026\/\" \/>\n<meta property=\"og:site_name\" content=\"amec Positive Industry\" \/>\n<meta property=\"article:modified_time\" content=\"2026-04-15T10:50:31+00:00\" \/>\n<meta property=\"og:image\" content=\"https:\/\/amec.es\/wp-content\/uploads\/2025\/11\/Banner-Nota-commodities-1.png\" \/>\n\t<meta property=\"og:image:width\" content=\"1280\" \/>\n\t<meta property=\"og:image:height\" content=\"471\" \/>\n\t<meta property=\"og:image:type\" content=\"image\/png\" \/>\n<meta name=\"twitter:card\" content=\"summary_large_image\" \/>\n<meta name=\"twitter:label1\" content=\"Temps estimat de lectura\" \/>\n\t<meta name=\"twitter:data1\" content=\"4 minuts\" \/>\n<script type=\"application\/ld+json\" class=\"yoast-schema-graph\">{\"@context\":\"https:\\\/\\\/schema.org\",\"@graph\":[{\"@type\":\"WebPage\",\"@id\":\"https:\\\/\\\/amec.es\\\/ca\\\/anticipat\\\/alertes-i-oportunitats\\\/analisi-dindexs-de-commodities-i-transport-abril-2026\\\/\",\"url\":\"https:\\\/\\\/amec.es\\\/ca\\\/anticipat\\\/alertes-i-oportunitats\\\/analisi-dindexs-de-commodities-i-transport-abril-2026\\\/\",\"name\":\"An\u00e0lisi d'\u00cdndexs de Commodities i Transport (abril 2026) | amec Positive Industry\",\"isPartOf\":{\"@id\":\"https:\\\/\\\/amec.es\\\/#website\"},\"primaryImageOfPage\":{\"@id\":\"https:\\\/\\\/amec.es\\\/ca\\\/anticipat\\\/alertes-i-oportunitats\\\/analisi-dindexs-de-commodities-i-transport-abril-2026\\\/#primaryimage\"},\"image\":{\"@id\":\"https:\\\/\\\/amec.es\\\/ca\\\/anticipat\\\/alertes-i-oportunitats\\\/analisi-dindexs-de-commodities-i-transport-abril-2026\\\/#primaryimage\"},\"thumbnailUrl\":\"https:\\\/\\\/amec.es\\\/wp-content\\\/uploads\\\/2025\\\/11\\\/Banner-Nota-commodities-1-1024x377.png\",\"datePublished\":\"2026-04-15T10:48:48+00:00\",\"dateModified\":\"2026-04-15T10:50:31+00:00\",\"breadcrumb\":{\"@id\":\"https:\\\/\\\/amec.es\\\/ca\\\/anticipat\\\/alertes-i-oportunitats\\\/analisi-dindexs-de-commodities-i-transport-abril-2026\\\/#breadcrumb\"},\"inLanguage\":\"ca\",\"potentialAction\":[{\"@type\":\"ReadAction\",\"target\":[\"https:\\\/\\\/amec.es\\\/ca\\\/anticipat\\\/alertes-i-oportunitats\\\/analisi-dindexs-de-commodities-i-transport-abril-2026\\\/\"]}]},{\"@type\":\"ImageObject\",\"inLanguage\":\"ca\",\"@id\":\"https:\\\/\\\/amec.es\\\/ca\\\/anticipat\\\/alertes-i-oportunitats\\\/analisi-dindexs-de-commodities-i-transport-abril-2026\\\/#primaryimage\",\"url\":\"https:\\\/\\\/amec.es\\\/wp-content\\\/uploads\\\/2025\\\/11\\\/Banner-Nota-commodities-1-1024x377.png\",\"contentUrl\":\"https:\\\/\\\/amec.es\\\/wp-content\\\/uploads\\\/2025\\\/11\\\/Banner-Nota-commodities-1-1024x377.png\"},{\"@type\":\"BreadcrumbList\",\"@id\":\"https:\\\/\\\/amec.es\\\/ca\\\/anticipat\\\/alertes-i-oportunitats\\\/analisi-dindexs-de-commodities-i-transport-abril-2026\\\/#breadcrumb\",\"itemListElement\":[{\"@type\":\"ListItem\",\"position\":1,\"name\":\"Portada\",\"item\":\"https:\\\/\\\/amec.es\\\/ca\\\/home-new\\\/\"},{\"@type\":\"ListItem\",\"position\":2,\"name\":\"Anticipa&#8217;t\",\"item\":\"https:\\\/\\\/amec.es\\\/ca\\\/anticipat\\\/\"},{\"@type\":\"ListItem\",\"position\":3,\"name\":\"Alertes i oportunitats\",\"item\":\"https:\\\/\\\/amec.es\\\/ca\\\/anticipat\\\/alertes-i-oportunitats\\\/\"},{\"@type\":\"ListItem\",\"position\":4,\"name\":\"An\u00e0lisi d&#8217;\u00cdndexs de Commodities i Transport (abril 2026)\"}]},{\"@type\":\"WebSite\",\"@id\":\"https:\\\/\\\/amec.es\\\/#website\",\"url\":\"https:\\\/\\\/amec.es\\\/\",\"name\":\"amec Positive Industry\",\"description\":\"\",\"publisher\":{\"@id\":\"https:\\\/\\\/amec.es\\\/#organization\"},\"potentialAction\":[{\"@type\":\"SearchAction\",\"target\":{\"@type\":\"EntryPoint\",\"urlTemplate\":\"https:\\\/\\\/amec.es\\\/?s={search_term_string}\"},\"query-input\":{\"@type\":\"PropertyValueSpecification\",\"valueRequired\":true,\"valueName\":\"search_term_string\"}}],\"inLanguage\":\"ca\"},{\"@type\":\"Organization\",\"@id\":\"https:\\\/\\\/amec.es\\\/#organization\",\"name\":\"amec Positive Industry\",\"url\":\"https:\\\/\\\/amec.es\\\/\",\"logo\":{\"@type\":\"ImageObject\",\"inLanguage\":\"ca\",\"@id\":\"https:\\\/\\\/amec.es\\\/#\\\/schema\\\/logo\\\/image\\\/\",\"url\":\"https:\\\/\\\/amec.es\\\/wp-content\\\/uploads\\\/2023\\\/07\\\/logoamec.png\",\"contentUrl\":\"https:\\\/\\\/amec.es\\\/wp-content\\\/uploads\\\/2023\\\/07\\\/logoamec.png\",\"width\":200,\"height\":48,\"caption\":\"amec Positive Industry\"},\"image\":{\"@id\":\"https:\\\/\\\/amec.es\\\/#\\\/schema\\\/logo\\\/image\\\/\"}}]}<\/script>\n<!-- \/ Yoast SEO plugin. -->","yoast_head_json":{"title":"An\u00e0lisi d'\u00cdndexs de Commodities i Transport (abril 2026) | amec Positive Industry","robots":{"index":"index","follow":"follow","max-snippet":"max-snippet:-1","max-image-preview":"max-image-preview:large","max-video-preview":"max-video-preview:-1"},"canonical":"https:\/\/amec.es\/ca\/anticipat\/alertes-i-oportunitats\/analisi-dindexs-de-commodities-i-transport-abril-2026\/","og_locale":"ca_ES","og_type":"article","og_title":"An\u00e0lisi d'\u00cdndexs de Commodities i Transport (abril 2026) | amec Positive Industry","og_description":"La nota de commodities i log\u00edstica de l&#8217;abril del 2026 reflecteix un canvi d&#8217;escenari abrupte. Si al mar\u00e7 es parlava de reactivaci\u00f3 industrial amb riscos de costos continguts, l&#8217;abril confirma que el conflicte a l&#8217;Orient Mitj\u00e0 ha revertit aquesta tend\u00e8ncia: els costos de materials i transport escalen amb for\u00e7a i les cadenes de subministrament acumulen [&hellip;]","og_url":"https:\/\/amec.es\/ca\/anticipat\/alertes-i-oportunitats\/analisi-dindexs-de-commodities-i-transport-abril-2026\/","og_site_name":"amec Positive Industry","article_modified_time":"2026-04-15T10:50:31+00:00","og_image":[{"width":1280,"height":471,"url":"https:\/\/amec.es\/wp-content\/uploads\/2025\/11\/Banner-Nota-commodities-1.png","type":"image\/png"}],"twitter_card":"summary_large_image","twitter_misc":{"Temps estimat de lectura":"4 minuts"},"schema":{"@context":"https:\/\/schema.org","@graph":[{"@type":"WebPage","@id":"https:\/\/amec.es\/ca\/anticipat\/alertes-i-oportunitats\/analisi-dindexs-de-commodities-i-transport-abril-2026\/","url":"https:\/\/amec.es\/ca\/anticipat\/alertes-i-oportunitats\/analisi-dindexs-de-commodities-i-transport-abril-2026\/","name":"An\u00e0lisi d'\u00cdndexs de Commodities i Transport (abril 2026) | amec Positive Industry","isPartOf":{"@id":"https:\/\/amec.es\/#website"},"primaryImageOfPage":{"@id":"https:\/\/amec.es\/ca\/anticipat\/alertes-i-oportunitats\/analisi-dindexs-de-commodities-i-transport-abril-2026\/#primaryimage"},"image":{"@id":"https:\/\/amec.es\/ca\/anticipat\/alertes-i-oportunitats\/analisi-dindexs-de-commodities-i-transport-abril-2026\/#primaryimage"},"thumbnailUrl":"https:\/\/amec.es\/wp-content\/uploads\/2025\/11\/Banner-Nota-commodities-1-1024x377.png","datePublished":"2026-04-15T10:48:48+00:00","dateModified":"2026-04-15T10:50:31+00:00","breadcrumb":{"@id":"https:\/\/amec.es\/ca\/anticipat\/alertes-i-oportunitats\/analisi-dindexs-de-commodities-i-transport-abril-2026\/#breadcrumb"},"inLanguage":"ca","potentialAction":[{"@type":"ReadAction","target":["https:\/\/amec.es\/ca\/anticipat\/alertes-i-oportunitats\/analisi-dindexs-de-commodities-i-transport-abril-2026\/"]}]},{"@type":"ImageObject","inLanguage":"ca","@id":"https:\/\/amec.es\/ca\/anticipat\/alertes-i-oportunitats\/analisi-dindexs-de-commodities-i-transport-abril-2026\/#primaryimage","url":"https:\/\/amec.es\/wp-content\/uploads\/2025\/11\/Banner-Nota-commodities-1-1024x377.png","contentUrl":"https:\/\/amec.es\/wp-content\/uploads\/2025\/11\/Banner-Nota-commodities-1-1024x377.png"},{"@type":"BreadcrumbList","@id":"https:\/\/amec.es\/ca\/anticipat\/alertes-i-oportunitats\/analisi-dindexs-de-commodities-i-transport-abril-2026\/#breadcrumb","itemListElement":[{"@type":"ListItem","position":1,"name":"Portada","item":"https:\/\/amec.es\/ca\/home-new\/"},{"@type":"ListItem","position":2,"name":"Anticipa&#8217;t","item":"https:\/\/amec.es\/ca\/anticipat\/"},{"@type":"ListItem","position":3,"name":"Alertes i oportunitats","item":"https:\/\/amec.es\/ca\/anticipat\/alertes-i-oportunitats\/"},{"@type":"ListItem","position":4,"name":"An\u00e0lisi d&#8217;\u00cdndexs de Commodities i Transport (abril 2026)"}]},{"@type":"WebSite","@id":"https:\/\/amec.es\/#website","url":"https:\/\/amec.es\/","name":"amec Positive Industry","description":"","publisher":{"@id":"https:\/\/amec.es\/#organization"},"potentialAction":[{"@type":"SearchAction","target":{"@type":"EntryPoint","urlTemplate":"https:\/\/amec.es\/?s={search_term_string}"},"query-input":{"@type":"PropertyValueSpecification","valueRequired":true,"valueName":"search_term_string"}}],"inLanguage":"ca"},{"@type":"Organization","@id":"https:\/\/amec.es\/#organization","name":"amec Positive Industry","url":"https:\/\/amec.es\/","logo":{"@type":"ImageObject","inLanguage":"ca","@id":"https:\/\/amec.es\/#\/schema\/logo\/image\/","url":"https:\/\/amec.es\/wp-content\/uploads\/2023\/07\/logoamec.png","contentUrl":"https:\/\/amec.es\/wp-content\/uploads\/2023\/07\/logoamec.png","width":200,"height":48,"caption":"amec Positive Industry"},"image":{"@id":"https:\/\/amec.es\/#\/schema\/logo\/image\/"}}]}},"_links":{"self":[{"href":"https:\/\/amec.es\/ca\/wp-json\/wp\/v2\/pages\/53807","targetHints":{"allow":["GET"]}}],"collection":[{"href":"https:\/\/amec.es\/ca\/wp-json\/wp\/v2\/pages"}],"about":[{"href":"https:\/\/amec.es\/ca\/wp-json\/wp\/v2\/types\/page"}],"author":[{"embeddable":true,"href":"https:\/\/amec.es\/ca\/wp-json\/wp\/v2\/users\/10"}],"replies":[{"embeddable":true,"href":"https:\/\/amec.es\/ca\/wp-json\/wp\/v2\/comments?post=53807"}],"version-history":[{"count":1,"href":"https:\/\/amec.es\/ca\/wp-json\/wp\/v2\/pages\/53807\/revisions"}],"predecessor-version":[{"id":53808,"href":"https:\/\/amec.es\/ca\/wp-json\/wp\/v2\/pages\/53807\/revisions\/53808"}],"up":[{"embeddable":true,"href":"https:\/\/amec.es\/ca\/wp-json\/wp\/v2\/pages\/5934"}],"wp:attachment":[{"href":"https:\/\/amec.es\/ca\/wp-json\/wp\/v2\/media?parent=53807"}],"wp:term":[{"taxonomy":"category","embeddable":true,"href":"https:\/\/amec.es\/ca\/wp-json\/wp\/v2\/categories?post=53807"},{"taxonomy":"post_tag","embeddable":true,"href":"https:\/\/amec.es\/ca\/wp-json\/wp\/v2\/tags?post=53807"}],"curies":[{"name":"wp","href":"https:\/\/api.w.org\/{rel}","templated":true}]}}