{"id":54601,"date":"2025-07-11T13:28:33","date_gmt":"2025-07-11T11:28:33","guid":{"rendered":"https:\/\/amec.es\/anticipat\/alertes-i-oportunitats\/tadjikistan\/"},"modified":"2026-04-29T12:33:51","modified_gmt":"2026-04-29T10:33:51","slug":"tadjikistan","status":"publish","type":"page","link":"https:\/\/amec.es\/ca\/anticipat\/alertes-i-oportunitats\/tadjikistan\/","title":{"rendered":"Tadjikistan"},"content":{"rendered":"\t\t<div data-elementor-type=\"wp-page\" data-elementor-id=\"54601\" class=\"elementor elementor-54601 elementor-54595\" data-elementor-post-type=\"page\">\n\t\t\t\t\t\t<section class=\"elementor-section elementor-top-section elementor-element elementor-element-11d03e37 elementor-section-boxed elementor-section-height-default elementor-section-height-default\" data-id=\"11d03e37\" data-element_type=\"section\" data-e-type=\"section\" data-settings=\"{&quot;background_background&quot;:&quot;gradient&quot;}\">\n\t\t\t\t\t\t<div class=\"elementor-container elementor-column-gap-default\">\n\t\t\t\t\t<div class=\"elementor-column elementor-col-100 elementor-top-column elementor-element elementor-element-485f6e95\" data-id=\"485f6e95\" data-element_type=\"column\" data-e-type=\"column\">\n\t\t\t<div class=\"elementor-widget-wrap elementor-element-populated\">\n\t\t\t\t\t\t<div class=\"elementor-element elementor-element-1758299b elementor-widget elementor-widget-spacer\" data-id=\"1758299b\" data-element_type=\"widget\" data-e-type=\"widget\" data-widget_type=\"spacer.default\">\n\t\t\t\t<div class=\"elementor-widget-container\">\n\t\t\t\t\t\t\t<div class=\"elementor-spacer\">\n\t\t\t<div class=\"elementor-spacer-inner\"><\/div>\n\t\t<\/div>\n\t\t\t\t\t\t<\/div>\n\t\t\t\t<\/div>\n\t\t\t\t<div class=\"elementor-element elementor-element-a4d0d36 elementor-widget elementor-widget-text-editor\" data-id=\"a4d0d36\" data-element_type=\"widget\" data-e-type=\"widget\" data-widget_type=\"text-editor.default\">\n\t\t\t\t<div class=\"elementor-widget-container\">\n\t\t\t\t\t\t\t\t\t<h1><span style=\"color: #ffcc00;\">Tadjikistan<\/span><\/h1>\t\t\t\t\t\t\t\t<\/div>\n\t\t\t\t<\/div>\n\t\t\t\t<div class=\"elementor-element elementor-element-219b5f0f elementor-widget-divider--view-line elementor-widget elementor-widget-divider\" data-id=\"219b5f0f\" data-element_type=\"widget\" data-e-type=\"widget\" data-widget_type=\"divider.default\">\n\t\t\t\t<div class=\"elementor-widget-container\">\n\t\t\t\t\t\t\t<div class=\"elementor-divider\">\n\t\t\t<span class=\"elementor-divider-separator\">\n\t\t\t\t\t\t<\/span>\n\t\t<\/div>\n\t\t\t\t\t\t<\/div>\n\t\t\t\t<\/div>\n\t\t\t\t\t<\/div>\n\t\t<\/div>\n\t\t\t\t\t<\/div>\n\t\t<\/section>\n\t\t\t\t<section class=\"elementor-section elementor-top-section elementor-element elementor-element-65ab35ec elementor-section-boxed elementor-section-height-default elementor-section-height-default\" data-id=\"65ab35ec\" data-element_type=\"section\" data-e-type=\"section\">\n\t\t\t\t\t\t<div class=\"elementor-container elementor-column-gap-default\">\n\t\t\t\t\t<div class=\"elementor-column elementor-col-100 elementor-top-column elementor-element elementor-element-1ff21045\" data-id=\"1ff21045\" data-element_type=\"column\" data-e-type=\"column\">\n\t\t\t<div class=\"elementor-widget-wrap elementor-element-populated\">\n\t\t\t\t\t\t<div class=\"elementor-element elementor-element-7a985cd elementor-widget elementor-widget-spacer\" data-id=\"7a985cd\" data-element_type=\"widget\" data-e-type=\"widget\" data-widget_type=\"spacer.default\">\n\t\t\t\t<div class=\"elementor-widget-container\">\n\t\t\t\t\t\t\t<div class=\"elementor-spacer\">\n\t\t\t<div class=\"elementor-spacer-inner\"><\/div>\n\t\t<\/div>\n\t\t\t\t\t\t<\/div>\n\t\t\t\t<\/div>\n\t\t\t\t<div class=\"elementor-element elementor-element-4c009964 elementor-widget elementor-widget-text-editor\" data-id=\"4c009964\" data-element_type=\"widget\" data-e-type=\"widget\" data-widget_type=\"text-editor.default\">\n\t\t\t\t<div class=\"elementor-widget-container\">\n\t\t\t\t\t\t\t\t\t<p data-pm-slice=\"1 1 []\"><strong>Creixement, recursos i necessitat industrialitzaci\u00f3: un context on hi ha espai real per aportar valor<\/strong><\/p>\t\t\t\t\t\t\t\t<\/div>\n\t\t\t\t<\/div>\n\t\t\t\t<div class=\"elementor-element elementor-element-36c1e850 elementor-widget-divider--view-line elementor-widget elementor-widget-divider\" data-id=\"36c1e850\" data-element_type=\"widget\" data-e-type=\"widget\" data-widget_type=\"divider.default\">\n\t\t\t\t<div class=\"elementor-widget-container\">\n\t\t\t\t\t\t\t<div class=\"elementor-divider\">\n\t\t\t<span class=\"elementor-divider-separator\">\n\t\t\t\t\t\t<\/span>\n\t\t<\/div>\n\t\t\t\t\t\t<\/div>\n\t\t\t\t<\/div>\n\t\t\t\t<div class=\"elementor-element elementor-element-254611d8 elementor-widget elementor-widget-text-editor\" data-id=\"254611d8\" data-element_type=\"widget\" data-e-type=\"widget\" data-widget_type=\"text-editor.default\">\n\t\t\t\t<div class=\"elementor-widget-container\">\n\t\t\t\t\t\t\t\t\t<p class=\"my-2 [&amp;+p]:mt-4 [&amp;_strong:has(+br)]:inline-block [&amp;_strong:has(+br)]:pb-2\">A la reuni\u00f3 del 28 d&#8217;abril entre el nostre subdirector general Diego Guri i l&#8217;ambaixador de Tadjikistan a Espanya, Sharaf Sheralizoda \u2014resident a Ginebra\u2014, va quedar clar que aquest pa\u00eds centreasi\u00e0tic \u00e9s una porta oberta per a empreses espanyoles que vulguin ampliar les fronteres.  <\/p><h2 id=\"un-territorio-pequeo-pero-con-una-poblacin-joven\" class=\"font-editorial font-bold mb-2 mt-4 [.has-inline-images_&amp;]:clear-end text-lg first:mt-0 md:text-lg [hr+&amp;]:mt-4\">Un territori petit, per\u00f2 amb una poblaci\u00f3 jove<\/h2><p class=\"my-2 [&amp;+p]:mt-4 [&amp;_strong:has(+br)]:inline-block [&amp;_strong:has(+br)]:pb-2\">\u00c9s un territori modest d&#8217;uns 143.000 km\u00b2 amb 10,6 milions d&#8217;habitants i una <strong>for\u00e7a laboral jove<\/strong> i din\u00e0mica: m\u00e9s del 70% tenen menys de 35 anys. El salari mitj\u00e0 \u00e9s de 250-300 euros mensuals, i <strong>el PIB creix a bon ritme,<\/strong> amb un 8,4% l&#8217;any passat i expectatives de 7% aquest any, segons dades del Banc Mundial. <\/p><h2 id=\"puente-clave-en-asia-central\" class=\"font-editorial font-bold mb-2 mt-4 [.has-inline-images_&amp;]:clear-end text-lg first:mt-0 md:text-lg [hr+&amp;]:mt-4\">Pont clau a \u00c0sia Central<\/h2><p class=\"my-2 [&amp;+p]:mt-4 [&amp;_strong:has(+br)]:inline-block [&amp;_strong:has(+br)]:pb-2\">Confronta amb l&#8217;Uzbekistan, el Kirguizistan, la Xina i l&#8217;Afganistan, cosa que el situa al <strong>cor hist\u00f2ric de la Ruta de la Seda<\/strong> i en rutes modernes com el Corredor Mitj\u00e0 de la Franja i Ruta, un eix log\u00edstic ferroviari que uneix la Xina amb Europa a trav\u00e9s del Kazakhstan, el Caspi, Azerbai.<\/p><p><img fetchpriority=\"high\" decoding=\"async\" class=\"size-medium wp-image-54596 aligncenter\" src=\"https:\/\/amec.es\/wp-content\/uploads\/2026\/04\/129115426_bbcm_tajikistan_country_profile_map_240323-300x169.png\" alt=\"\" width=\"300\" height=\"169\" srcset=\"https:\/\/amec.es\/wp-content\/uploads\/2026\/04\/129115426_bbcm_tajikistan_country_profile_map_240323-300x169.png 300w, https:\/\/amec.es\/wp-content\/uploads\/2026\/04\/129115426_bbcm_tajikistan_country_profile_map_240323-768x432.png 768w, https:\/\/amec.es\/wp-content\/uploads\/2026\/04\/129115426_bbcm_tajikistan_country_profile_map_240323.png 976w\" sizes=\"(max-width: 300px) 100vw, 300px\" \/><\/p><p class=\"my-2 [&amp;+p]:mt-4 [&amp;_strong:has(+br)]:inline-block [&amp;_strong:has(+br)]:pb-2\">Aix\u00ed mateix, malgrat els efectes del conflicte actual mundial \u2014que ha redu\u00eft les remeses en un 25% i tensionat el comer\u00e7 regional\u2014, <strong>mantenen una estabilitat macroecon\u00f2mica s\u00f2lida amb inflaci\u00f3 controlada<\/strong> al 3,8% el 2025 i reserves internacionals en m\u00e0xims hist\u00f2rics de 4.500 milions USD (Banc Mundial, 2025). <strong>La inversi\u00f3 estrangera directa creix:<\/strong> de 350 milions USD el 2023 a 459 milions el 2024, un 31% m\u00e9s, segons UNCTAD.<\/p><h2 id=\"sectores-donde-espaa-puede-brillar\" class=\"font-editorial font-bold mb-2 mt-4 [.has-inline-images_&amp;]:clear-end text-lg first:mt-0 md:text-lg [hr+&amp;]:mt-4\">Sectors on Espanya pot brillar<\/h2><p class=\"my-2 [&amp;+p]:mt-4 [&amp;_strong:has(+br)]:inline-block [&amp;_strong:has(+br)]:pb-2\">Tadjikistan es troba en un moment clau d&#8217;obertura internacional, amb expectatives de creixement s\u00f2lid a la majoria de sectors productius, encara que a la nostra reuni\u00f3 alguns van cobrar especial relleu per la seva urg\u00e8ncia estrat\u00e8gica:<\/p><p class=\"my-2 [&amp;+p]:mt-4 [&amp;_strong:has(+br)]:inline-block [&amp;_strong:has(+br)]:pb-2\">D&#8217;una banda, el pa\u00eds aspira a assolir l&#8217;autosufici\u00e8ncia energ\u00e8tica mitjan\u00e7ant una decidida aposta per les energies renovables, particularment la fotovoltaica i l&#8217;e\u00f2lica. Durant la trobada, van destacar el <strong><em>know-how<\/em> espanyol<\/strong> consolidat en aquests camps i van mostrar especial inter\u00e8s per col\u00b7laborar amb empreses espanyoles pioneres del sector. <\/p><p class=\"my-2 [&amp;+p]:mt-4 [&amp;_strong:has(+br)]:inline-block [&amp;_strong:has(+br)]:pb-2\">No \u00e9s menys important la seva <strong>riquesa mineral:<\/strong> en un territori compacte concentren reserves significatives d&#8217;alumini, antimoni, or, plata, ferro, plom i terres rares (tan demandades actualment). No obstant aix\u00f2, <strong>els manca capacitat industrial per processar-los,<\/strong> cosa que genera oportunitats per a empreses especialitzades en enginyeria, equips industrials, processos productius i desenvolupament de cadenes de valor completes. En aquest \u00e0mbit, s&#8217;ha subratllat especialment la rellev\u00e0ncia <strong>dels processos qu\u00edmics en el tractament de minerals<\/strong> , un element clau per a l&#8217;aprofitament eficient de recursos com ara les terres rares.  <\/p><p class=\"my-2 [&amp;+p]:mt-4 [&amp;_strong:has(+br)]:inline-block [&amp;_strong:has(+br)]:pb-2\">Finalment, per\u00f2 de vital import\u00e0ncia, <strong>el cot\u00f3<\/strong> com a pilar hist\u00f2ric de la seva economia agr\u00e0ria. Actualment exporten al voltant de 250 milions de d\u00f2lars, per\u00f2 la seva ambici\u00f3 \u00e9s recuperar i superar els nivells de l&#8217;era sovi\u00e8tica, que rondaven els 500 milions o m\u00e9s, mitjan\u00e7ant una <strong>modernitzaci\u00f3 integral de la producci\u00f3.<\/strong> Aquest impuls va necess\u00e0riament lligat al <strong>desenvolupament de la ind\u00fastria t\u00e8xtil<\/strong> , on l&#8217;ambaixador ha subratllat la forta necessitat d&#8217;incorporar tecnologia europea. En aquest sentit, ja s&#8217;han dut a terme projectes d&#8217;adquisici\u00f3 de maquin\u00e0ria italiana i su\u00efssa, recolzats pel finan\u00e7ament bilateral, com a exemple del cam\u00ed que el pa\u00eds busca consolidar.  <\/p><h2 id=\"ventajas-fiscales-y-vas-de-entrada\" class=\"font-editorial font-bold mb-2 mt-4 [.has-inline-images_&amp;]:clear-end text-lg first:mt-0 md:text-lg [hr+&amp;]:mt-4\">Avantatges fiscals i vies d&#8217;entrada<\/h2><p class=\"my-2 [&amp;+p]:mt-4 [&amp;_strong:has(+br)]:inline-block [&amp;_strong:has(+br)]:pb-2\">Ofereixen un <strong>marc d&#8217;incentius competitius<\/strong> que facilita l&#8217;entrada d&#8217;inversors estrangers: un impost de societats moderat del 18%, exempcions espec\u00edfiques d&#8217;IVA i duanes per a projectes renovables, plena llibertat per repatriar beneficis i dividends sense restriccions canvi\u00e0ries, a m\u00e9s d&#8217; <strong>acords de lliure comer\u00e7 amb els pa\u00efsos de la CEI<\/strong> (Comunitat dels Estats Independents) agroalimentaris.<\/p><p class=\"my-2 [&amp;+p]:mt-4 [&amp;_strong:has(+br)]:inline-block [&amp;_strong:has(+br)]:pb-2\"><strong>La nova Llei d&#8217;inversi\u00f3 de 2025, aprovada recentment, refor\u00e7a aquestes garanties amb contractes d&#8217;estabilitzaci\u00f3 fiscal per fins a 10 anys,<\/strong> protecci\u00f3 contra expropiacions.<\/p><p class=\"my-2 [&amp;+p]:mt-4 [&amp;_strong:has(+br)]:inline-block [&amp;_strong:has(+br)]:pb-2\">Com a mecanismes multilaterals clau destaquen el Banc Asi\u00e0tic de Desenvolupament (ADB), que finan\u00e7a l\u00ednies de cr\u00e8dit en alguns sectors, i el Banc Europeu d&#8217;Inversions, que ja ha comprom\u00e8s 100 milions d&#8217;euros per modernitzar infraestructures de transport el 2025-2026.<\/p><p class=\"my-2 [&amp;+p]:mt-4 [&amp;_strong:has(+br)]:inline-block [&amp;_strong:has(+br)]:pb-2\">De la mateixa manera, per a projectes d&#8217;inversi\u00f3, en la majoria dels casos, requereixen un m\u00ednim FDI de 5 milions de d\u00f2lars, encara que s&#8217;apliquen excepcions.  <\/p><h2 id=\"apuesta-por-el-turismo\" class=\"font-editorial font-bold mb-2 mt-4 [.has-inline-images_&amp;]:clear-end text-lg first:mt-0 md:text-lg [hr+&amp;]:mt-4\">Aposta pel turisme<\/h2><p class=\"my-2 [&amp;+p]:mt-4 [&amp;_strong:has(+br)]:inline-block [&amp;_strong:has(+br)]:pb-2\">Per acabar, ens van consultar espec\u00edficament sobre els models tur\u00edstics espanyols, amb la intenci\u00f3 clara d&#8217;adaptar-los per desenvolupar la seva oferta hotelera, serveis complementaris i una ind\u00fastria naixent que aprofiti el seu patrimoni natural i cultural. \u00c9s una oportunitat clara no nom\u00e9s per a les nostres empreses denginyeria i agroind\u00fastria, sin\u00f3 per a tot lecosistema.<\/p><h2 id=\"ventajas-fiscales-y-vas-de-entrada\" class=\"font-editorial font-bold mb-2 mt-4 [.has-inline-images_&amp;]:clear-end text-lg first:mt-0 md:text-lg [hr+&amp;]:mt-4\">Conclusi\u00f3<\/h2><p>Tot plegat, la reuni\u00f3 va confirmar que Tadjikistan es troba en una fase d&#8217;obertura amb oportunitats per a empreses espanyoles. A m\u00e9s dels sectors ja esmentats, cal destacar tamb\u00e9 \u00e0mbits com l&#8217; <strong>automatitzaci\u00f3, les xarxes el\u00e8ctriques intel\u00b7ligents, la tecnologia aliment\u00e0ria, el sanejament d&#8217;aig\u00fces i la irrigaci\u00f3.<\/strong> En aquest context, amec ha establert una <strong>l\u00ednia directa amb el pa\u00eds,<\/strong> i l&#8217;ambaixador s&#8217;ha ofert a facilitar el contacte amb organitzacions empresarials hom\u00f2logues, i ha quedat a disposici\u00f3 de qualsevol empresa associada interessada <\/p><p class=\"my-2 [&amp;+p]:mt-4 [&amp;_strong:has(+br)]:inline-block [&amp;_strong:has(+br)]:pb-2\"> <\/p><p class=\"my-2 [&amp;+p]:mt-4 [&amp;_strong:has(+br)]:inline-block [&amp;_strong:has(+br)]:pb-2\"> <\/p><p class=\"my-2 [&amp;+p]:mt-4 [&amp;_strong:has(+br)]:inline-block [&amp;_strong:has(+br)]:pb-2\"> <\/p>\t\t\t\t\t\t\t\t<\/div>\n\t\t\t\t<\/div>\n\t\t\t\t\t<\/div>\n\t\t<\/div>\n\t\t\t\t\t<\/div>\n\t\t<\/section>\n\t\t<div class=\"elementor-element elementor-element-ffa2028 e-grid e-con-boxed e-con e-parent\" data-id=\"ffa2028\" data-element_type=\"container\" data-e-type=\"container\">\n\t\t\t\t\t<div class=\"e-con-inner\">\n\t\t\t\t<div class=\"elementor-element elementor-element-13cbc14 elementor-widget elementor-widget-image\" data-id=\"13cbc14\" data-element_type=\"widget\" data-e-type=\"widget\" data-widget_type=\"image.default\">\n\t\t\t\t<div class=\"elementor-widget-container\">\n\t\t\t\t\t\t\t\t\t\t\t\t\t\t\t<img decoding=\"async\" src=\"https:\/\/amec.es\/wp-content\/uploads\/elementor\/thumbs\/foto-tayikos-rmo1knt02waiy81j13wyq5ln4cwsw7xzv8k995dify.jpeg\" title=\"foto tadjiks\" alt=\"foto tadjiks\" loading=\"lazy\" \/>\t\t\t\t\t\t\t\t\t\t\t\t\t\t\t<\/div>\n\t\t\t\t<\/div>\n\t\t\t\t\t<\/div>\n\t\t\t\t<\/div>\n\t\t\t\t<\/div>\n\t\t","protected":false},"excerpt":{"rendered":"<p>Tadjikistan Creixement, recursos i necessitat industrialitzaci\u00f3: un context on hi ha espai real per aportar valor A la reuni\u00f3 del 28 d&#8217;abril entre el nostre subdirector general Diego Guri i l&#8217;ambaixador de Tadjikistan a Espanya, Sharaf Sheralizoda \u2014resident a Ginebra\u2014, va quedar clar que aquest pa\u00eds centreasi\u00e0tic \u00e9s una porta oberta per a empreses espanyoles [&hellip;]<\/p>\n","protected":false},"author":32,"featured_media":54602,"parent":5934,"menu_order":0,"comment_status":"closed","ping_status":"closed","template":"elementor_header_footer","meta":{"inline_featured_image":false,"footnotes":""},"categories":[525,697,453],"tags":[],"class_list":["post-54601","page","type-page","status-publish","has-post-thumbnail","hentry","category-actualitat-ca","category-alertes-i-oportunitats-2","category-xarxa-internacional"],"yoast_head":"<!-- This site is optimized with the Yoast SEO plugin v27.3 - https:\/\/yoast.com\/product\/yoast-seo-wordpress\/ -->\n<title>Tadjikistan | amec Positive Industry<\/title>\n<meta name=\"robots\" content=\"index, follow, max-snippet:-1, max-image-preview:large, max-video-preview:-1\" \/>\n<link rel=\"canonical\" href=\"https:\/\/amec.es\/ca\/anticipat\/alertes-i-oportunitats\/tadjikistan\/\" \/>\n<meta property=\"og:locale\" content=\"ca_ES\" \/>\n<meta property=\"og:type\" content=\"article\" \/>\n<meta property=\"og:title\" content=\"Tadjikistan | amec Positive Industry\" \/>\n<meta property=\"og:description\" content=\"Tadjikistan Creixement, recursos i necessitat industrialitzaci\u00f3: un context on hi ha espai real per aportar valor A la reuni\u00f3 del 28 d&#8217;abril entre el nostre subdirector general Diego Guri i l&#8217;ambaixador de Tadjikistan a Espanya, Sharaf Sheralizoda \u2014resident a Ginebra\u2014, va quedar clar que aquest pa\u00eds centreasi\u00e0tic \u00e9s una porta oberta per a empreses espanyoles [&hellip;]\" \/>\n<meta property=\"og:url\" content=\"https:\/\/amec.es\/ca\/anticipat\/alertes-i-oportunitats\/tadjikistan\/\" \/>\n<meta property=\"og:site_name\" content=\"amec Positive Industry\" \/>\n<meta property=\"article:modified_time\" content=\"2026-04-29T10:33:51+00:00\" \/>\n<meta property=\"og:image\" content=\"https:\/\/amec.es\/wp-content\/uploads\/2026\/04\/129115426_bbcm_tajikistan_country_profile_map_240323.png\" \/>\n\t<meta property=\"og:image:width\" content=\"976\" \/>\n\t<meta property=\"og:image:height\" content=\"549\" \/>\n\t<meta property=\"og:image:type\" content=\"image\/png\" \/>\n<meta name=\"twitter:card\" content=\"summary_large_image\" \/>\n<meta name=\"twitter:label1\" content=\"Temps estimat de lectura\" \/>\n\t<meta name=\"twitter:data1\" content=\"4 minuts\" \/>\n<script type=\"application\/ld+json\" class=\"yoast-schema-graph\">{\"@context\":\"https:\\\/\\\/schema.org\",\"@graph\":[{\"@type\":\"WebPage\",\"@id\":\"https:\\\/\\\/amec.es\\\/ca\\\/anticipat\\\/alertes-i-oportunitats\\\/tadjikistan\\\/\",\"url\":\"https:\\\/\\\/amec.es\\\/ca\\\/anticipat\\\/alertes-i-oportunitats\\\/tadjikistan\\\/\",\"name\":\"Tadjikistan | amec Positive Industry\",\"isPartOf\":{\"@id\":\"https:\\\/\\\/amec.es\\\/#website\"},\"primaryImageOfPage\":{\"@id\":\"https:\\\/\\\/amec.es\\\/ca\\\/anticipat\\\/alertes-i-oportunitats\\\/tadjikistan\\\/#primaryimage\"},\"image\":{\"@id\":\"https:\\\/\\\/amec.es\\\/ca\\\/anticipat\\\/alertes-i-oportunitats\\\/tadjikistan\\\/#primaryimage\"},\"thumbnailUrl\":\"https:\\\/\\\/amec.es\\\/wp-content\\\/uploads\\\/2026\\\/04\\\/129115426_bbcm_tajikistan_country_profile_map_240323.png\",\"datePublished\":\"2025-07-11T11:28:33+00:00\",\"dateModified\":\"2026-04-29T10:33:51+00:00\",\"breadcrumb\":{\"@id\":\"https:\\\/\\\/amec.es\\\/ca\\\/anticipat\\\/alertes-i-oportunitats\\\/tadjikistan\\\/#breadcrumb\"},\"inLanguage\":\"ca\",\"potentialAction\":[{\"@type\":\"ReadAction\",\"target\":[\"https:\\\/\\\/amec.es\\\/ca\\\/anticipat\\\/alertes-i-oportunitats\\\/tadjikistan\\\/\"]}]},{\"@type\":\"ImageObject\",\"inLanguage\":\"ca\",\"@id\":\"https:\\\/\\\/amec.es\\\/ca\\\/anticipat\\\/alertes-i-oportunitats\\\/tadjikistan\\\/#primaryimage\",\"url\":\"https:\\\/\\\/amec.es\\\/wp-content\\\/uploads\\\/2026\\\/04\\\/129115426_bbcm_tajikistan_country_profile_map_240323.png\",\"contentUrl\":\"https:\\\/\\\/amec.es\\\/wp-content\\\/uploads\\\/2026\\\/04\\\/129115426_bbcm_tajikistan_country_profile_map_240323.png\",\"width\":976,\"height\":549},{\"@type\":\"BreadcrumbList\",\"@id\":\"https:\\\/\\\/amec.es\\\/ca\\\/anticipat\\\/alertes-i-oportunitats\\\/tadjikistan\\\/#breadcrumb\",\"itemListElement\":[{\"@type\":\"ListItem\",\"position\":1,\"name\":\"Portada\",\"item\":\"https:\\\/\\\/amec.es\\\/ca\\\/home-new\\\/\"},{\"@type\":\"ListItem\",\"position\":2,\"name\":\"Anticipa&#8217;t\",\"item\":\"https:\\\/\\\/amec.es\\\/ca\\\/anticipat\\\/\"},{\"@type\":\"ListItem\",\"position\":3,\"name\":\"Alertes i oportunitats\",\"item\":\"https:\\\/\\\/amec.es\\\/ca\\\/anticipat\\\/alertes-i-oportunitats\\\/\"},{\"@type\":\"ListItem\",\"position\":4,\"name\":\"Tadjikistan\"}]},{\"@type\":\"WebSite\",\"@id\":\"https:\\\/\\\/amec.es\\\/#website\",\"url\":\"https:\\\/\\\/amec.es\\\/\",\"name\":\"amec Positive Industry\",\"description\":\"\",\"publisher\":{\"@id\":\"https:\\\/\\\/amec.es\\\/#organization\"},\"potentialAction\":[{\"@type\":\"SearchAction\",\"target\":{\"@type\":\"EntryPoint\",\"urlTemplate\":\"https:\\\/\\\/amec.es\\\/?s={search_term_string}\"},\"query-input\":{\"@type\":\"PropertyValueSpecification\",\"valueRequired\":true,\"valueName\":\"search_term_string\"}}],\"inLanguage\":\"ca\"},{\"@type\":\"Organization\",\"@id\":\"https:\\\/\\\/amec.es\\\/#organization\",\"name\":\"amec Positive Industry\",\"url\":\"https:\\\/\\\/amec.es\\\/\",\"logo\":{\"@type\":\"ImageObject\",\"inLanguage\":\"ca\",\"@id\":\"https:\\\/\\\/amec.es\\\/#\\\/schema\\\/logo\\\/image\\\/\",\"url\":\"https:\\\/\\\/amec.es\\\/wp-content\\\/uploads\\\/2023\\\/07\\\/logoamec.png\",\"contentUrl\":\"https:\\\/\\\/amec.es\\\/wp-content\\\/uploads\\\/2023\\\/07\\\/logoamec.png\",\"width\":200,\"height\":48,\"caption\":\"amec Positive Industry\"},\"image\":{\"@id\":\"https:\\\/\\\/amec.es\\\/#\\\/schema\\\/logo\\\/image\\\/\"}}]}<\/script>\n<!-- \/ Yoast SEO plugin. -->","yoast_head_json":{"title":"Tadjikistan | amec Positive Industry","robots":{"index":"index","follow":"follow","max-snippet":"max-snippet:-1","max-image-preview":"max-image-preview:large","max-video-preview":"max-video-preview:-1"},"canonical":"https:\/\/amec.es\/ca\/anticipat\/alertes-i-oportunitats\/tadjikistan\/","og_locale":"ca_ES","og_type":"article","og_title":"Tadjikistan | amec Positive Industry","og_description":"Tadjikistan Creixement, recursos i necessitat industrialitzaci\u00f3: un context on hi ha espai real per aportar valor A la reuni\u00f3 del 28 d&#8217;abril entre el nostre subdirector general Diego Guri i l&#8217;ambaixador de Tadjikistan a Espanya, Sharaf Sheralizoda \u2014resident a Ginebra\u2014, va quedar clar que aquest pa\u00eds centreasi\u00e0tic \u00e9s una porta oberta per a empreses espanyoles [&hellip;]","og_url":"https:\/\/amec.es\/ca\/anticipat\/alertes-i-oportunitats\/tadjikistan\/","og_site_name":"amec Positive Industry","article_modified_time":"2026-04-29T10:33:51+00:00","og_image":[{"width":976,"height":549,"url":"https:\/\/amec.es\/wp-content\/uploads\/2026\/04\/129115426_bbcm_tajikistan_country_profile_map_240323.png","type":"image\/png"}],"twitter_card":"summary_large_image","twitter_misc":{"Temps estimat de lectura":"4 minuts"},"schema":{"@context":"https:\/\/schema.org","@graph":[{"@type":"WebPage","@id":"https:\/\/amec.es\/ca\/anticipat\/alertes-i-oportunitats\/tadjikistan\/","url":"https:\/\/amec.es\/ca\/anticipat\/alertes-i-oportunitats\/tadjikistan\/","name":"Tadjikistan | amec Positive Industry","isPartOf":{"@id":"https:\/\/amec.es\/#website"},"primaryImageOfPage":{"@id":"https:\/\/amec.es\/ca\/anticipat\/alertes-i-oportunitats\/tadjikistan\/#primaryimage"},"image":{"@id":"https:\/\/amec.es\/ca\/anticipat\/alertes-i-oportunitats\/tadjikistan\/#primaryimage"},"thumbnailUrl":"https:\/\/amec.es\/wp-content\/uploads\/2026\/04\/129115426_bbcm_tajikistan_country_profile_map_240323.png","datePublished":"2025-07-11T11:28:33+00:00","dateModified":"2026-04-29T10:33:51+00:00","breadcrumb":{"@id":"https:\/\/amec.es\/ca\/anticipat\/alertes-i-oportunitats\/tadjikistan\/#breadcrumb"},"inLanguage":"ca","potentialAction":[{"@type":"ReadAction","target":["https:\/\/amec.es\/ca\/anticipat\/alertes-i-oportunitats\/tadjikistan\/"]}]},{"@type":"ImageObject","inLanguage":"ca","@id":"https:\/\/amec.es\/ca\/anticipat\/alertes-i-oportunitats\/tadjikistan\/#primaryimage","url":"https:\/\/amec.es\/wp-content\/uploads\/2026\/04\/129115426_bbcm_tajikistan_country_profile_map_240323.png","contentUrl":"https:\/\/amec.es\/wp-content\/uploads\/2026\/04\/129115426_bbcm_tajikistan_country_profile_map_240323.png","width":976,"height":549},{"@type":"BreadcrumbList","@id":"https:\/\/amec.es\/ca\/anticipat\/alertes-i-oportunitats\/tadjikistan\/#breadcrumb","itemListElement":[{"@type":"ListItem","position":1,"name":"Portada","item":"https:\/\/amec.es\/ca\/home-new\/"},{"@type":"ListItem","position":2,"name":"Anticipa&#8217;t","item":"https:\/\/amec.es\/ca\/anticipat\/"},{"@type":"ListItem","position":3,"name":"Alertes i oportunitats","item":"https:\/\/amec.es\/ca\/anticipat\/alertes-i-oportunitats\/"},{"@type":"ListItem","position":4,"name":"Tadjikistan"}]},{"@type":"WebSite","@id":"https:\/\/amec.es\/#website","url":"https:\/\/amec.es\/","name":"amec Positive Industry","description":"","publisher":{"@id":"https:\/\/amec.es\/#organization"},"potentialAction":[{"@type":"SearchAction","target":{"@type":"EntryPoint","urlTemplate":"https:\/\/amec.es\/?s={search_term_string}"},"query-input":{"@type":"PropertyValueSpecification","valueRequired":true,"valueName":"search_term_string"}}],"inLanguage":"ca"},{"@type":"Organization","@id":"https:\/\/amec.es\/#organization","name":"amec Positive Industry","url":"https:\/\/amec.es\/","logo":{"@type":"ImageObject","inLanguage":"ca","@id":"https:\/\/amec.es\/#\/schema\/logo\/image\/","url":"https:\/\/amec.es\/wp-content\/uploads\/2023\/07\/logoamec.png","contentUrl":"https:\/\/amec.es\/wp-content\/uploads\/2023\/07\/logoamec.png","width":200,"height":48,"caption":"amec Positive Industry"},"image":{"@id":"https:\/\/amec.es\/#\/schema\/logo\/image\/"}}]}},"_links":{"self":[{"href":"https:\/\/amec.es\/ca\/wp-json\/wp\/v2\/pages\/54601","targetHints":{"allow":["GET"]}}],"collection":[{"href":"https:\/\/amec.es\/ca\/wp-json\/wp\/v2\/pages"}],"about":[{"href":"https:\/\/amec.es\/ca\/wp-json\/wp\/v2\/types\/page"}],"author":[{"embeddable":true,"href":"https:\/\/amec.es\/ca\/wp-json\/wp\/v2\/users\/32"}],"replies":[{"embeddable":true,"href":"https:\/\/amec.es\/ca\/wp-json\/wp\/v2\/comments?post=54601"}],"version-history":[{"count":11,"href":"https:\/\/amec.es\/ca\/wp-json\/wp\/v2\/pages\/54601\/revisions"}],"predecessor-version":[{"id":54867,"href":"https:\/\/amec.es\/ca\/wp-json\/wp\/v2\/pages\/54601\/revisions\/54867"}],"up":[{"embeddable":true,"href":"https:\/\/amec.es\/ca\/wp-json\/wp\/v2\/pages\/5934"}],"wp:featuredmedia":[{"embeddable":true,"href":"https:\/\/amec.es\/ca\/wp-json\/wp\/v2\/media\/54602"}],"wp:attachment":[{"href":"https:\/\/amec.es\/ca\/wp-json\/wp\/v2\/media?parent=54601"}],"wp:term":[{"taxonomy":"category","embeddable":true,"href":"https:\/\/amec.es\/ca\/wp-json\/wp\/v2\/categories?post=54601"},{"taxonomy":"post_tag","embeddable":true,"href":"https:\/\/amec.es\/ca\/wp-json\/wp\/v2\/tags?post=54601"}],"curies":[{"name":"wp","href":"https:\/\/api.w.org\/{rel}","templated":true}]}}