{"id":5949,"date":"2023-07-25T11:02:02","date_gmt":"2023-07-25T09:02:02","guid":{"rendered":"https:\/\/elementor2.ameclexdir.com\/index.php\/guanya-competitivitat\/cursos-sostenibilitat\/"},"modified":"2023-08-24T11:59:23","modified_gmt":"2023-08-24T11:59:23","slug":"cursos-sostenibilitat","status":"publish","type":"page","link":"https:\/\/amec.es\/ca\/guanya-competitivitat\/cursos-sostenibilitat\/","title":{"rendered":"Cursos &#8211; SOSTENIBILITAT"},"content":{"rendered":"\t\t<div data-elementor-type=\"wp-page\" data-elementor-id=\"5949\" class=\"elementor elementor-5949 elementor-584\" data-elementor-post-type=\"page\">\n\t\t\t\t\t\t<section class=\"elementor-section elementor-top-section elementor-element elementor-element-e33e196 elementor-section-boxed elementor-section-height-default elementor-section-height-default\" data-id=\"e33e196\" data-element_type=\"section\" data-e-type=\"section\" data-settings=\"{&quot;background_background&quot;:&quot;classic&quot;}\">\n\t\t\t\t\t\t<div class=\"elementor-container elementor-column-gap-default\">\n\t\t\t\t\t<div class=\"elementor-column elementor-col-100 elementor-top-column elementor-element elementor-element-07e0744\" data-id=\"07e0744\" data-element_type=\"column\" data-e-type=\"column\">\n\t\t\t<div class=\"elementor-widget-wrap elementor-element-populated\">\n\t\t\t\t\t\t<div class=\"elementor-element elementor-element-d929207 elementor-widget elementor-widget-heading\" data-id=\"d929207\" data-element_type=\"widget\" data-e-type=\"widget\" data-widget_type=\"heading.default\">\n\t\t\t\t<div class=\"elementor-widget-container\">\n\t\t\t\t\t<p class=\"elementor-heading-title elementor-size-default\"><a href=\"https:\/\/www.amec.es\/ca\/index.php\/contracta-amec\/\">Guanya competitivitat<\/a><\/p>\t\t\t\t<\/div>\n\t\t\t\t<\/div>\n\t\t\t\t<div class=\"elementor-element elementor-element-cac7452 elementor-widget__width-initial elementor-widget-divider--view-line elementor-widget elementor-widget-global elementor-global-48210 elementor-global-159 elementor-widget-divider\" data-id=\"cac7452\" data-element_type=\"widget\" data-e-type=\"widget\" data-widget_type=\"divider.default\">\n\t\t\t\t<div class=\"elementor-widget-container\">\n\t\t\t\t\t\t\t<div class=\"elementor-divider\">\n\t\t\t<span class=\"elementor-divider-separator\">\n\t\t\t\t\t\t<\/span>\n\t\t<\/div>\n\t\t\t\t\t\t<\/div>\n\t\t\t\t<\/div>\n\t\t\t\t\t<\/div>\n\t\t<\/div>\n\t\t\t\t\t<\/div>\n\t\t<\/section>\n\t\t\t\t<section class=\"elementor-section elementor-top-section elementor-element elementor-element-2ceef94 custom-tab elementor-section-boxed elementor-section-height-default elementor-section-height-default\" data-id=\"2ceef94\" data-element_type=\"section\" data-e-type=\"section\">\n\t\t\t\t\t\t<div class=\"elementor-container elementor-column-gap-default\">\n\t\t\t\t\t<div class=\"elementor-column elementor-col-100 elementor-top-column elementor-element elementor-element-cde6a07\" data-id=\"cde6a07\" data-element_type=\"column\" data-e-type=\"column\">\n\t\t\t<div class=\"elementor-widget-wrap elementor-element-populated\">\n\t\t\t\t\t\t<div class=\"elementor-element elementor-element-0f2c4dd elementor-widget elementor-widget-heading\" data-id=\"0f2c4dd\" data-element_type=\"widget\" data-e-type=\"widget\" data-widget_type=\"heading.default\">\n\t\t\t\t<div class=\"elementor-widget-container\">\n\t\t\t\t\t<h2 class=\"elementor-heading-title elementor-size-default\">Cursos<\/h2>\t\t\t\t<\/div>\n\t\t\t\t<\/div>\n\t\t\t\t<div class=\"elementor-element elementor-element-efe1d45 elementor-widget__width-initial elementor-widget-divider--view-line elementor-widget elementor-widget-global elementor-global-48210 elementor-global-159 elementor-widget-divider\" data-id=\"efe1d45\" data-element_type=\"widget\" data-e-type=\"widget\" data-widget_type=\"divider.default\">\n\t\t\t\t<div class=\"elementor-widget-container\">\n\t\t\t\t\t\t\t<div class=\"elementor-divider\">\n\t\t\t<span class=\"elementor-divider-separator\">\n\t\t\t\t\t\t<\/span>\n\t\t<\/div>\n\t\t\t\t\t\t<\/div>\n\t\t\t\t<\/div>\n\t\t\t\t<div class=\"elementor-element elementor-element-4fa5595 elementor-tabs-view-vertical elementor-widget elementor-widget-tabs\" data-id=\"4fa5595\" data-element_type=\"widget\" data-e-type=\"widget\" data-widget_type=\"tabs.default\">\n\t\t\t\t<div class=\"elementor-widget-container\">\n\t\t\t\t\t\t\t<div class=\"elementor-tabs\">\n\t\t\t<div class=\"elementor-tabs-wrapper\" role=\"tablist\" >\n\t\t\t\t\t\t\t\t\t<div id=\"elementor-tab-title-8351\" class=\"elementor-tab-title elementor-tab-desktop-title\" aria-selected=\"true\" data-tab=\"1\" role=\"tab\" tabindex=\"0\" aria-controls=\"elementor-tab-content-8351\" aria-expanded=\"false\">La Sostenibilitat un dels factors essencials de competitivitat empresarial<\/div>\n\t\t\t\t\t\t\t\t\t<div id=\"elementor-tab-title-8352\" class=\"elementor-tab-title elementor-tab-desktop-title\" aria-selected=\"false\" data-tab=\"2\" role=\"tab\" tabindex=\"-1\" aria-controls=\"elementor-tab-content-8352\" aria-expanded=\"false\">L'economia circular. Qu\u00e8 \u00e9s i com s'incorpora a la estrategia de l'empresa.<\/div>\n\t\t\t\t\t\t\t<\/div>\n\t\t\t<div class=\"elementor-tabs-content-wrapper\" role=\"tablist\" aria-orientation=\"vertical\">\n\t\t\t\t\t\t\t\t\t<div class=\"elementor-tab-title elementor-tab-mobile-title\" aria-selected=\"true\" data-tab=\"1\" role=\"tab\" tabindex=\"0\" aria-controls=\"elementor-tab-content-8351\" aria-expanded=\"false\">La Sostenibilitat un dels factors essencials de competitivitat empresarial<\/div>\n\t\t\t\t\t<div id=\"elementor-tab-content-8351\" class=\"elementor-tab-content elementor-clearfix\" data-tab=\"1\" role=\"tabpanel\" aria-labelledby=\"elementor-tab-title-8351\" tabindex=\"0\" hidden=\"false\"><p><img decoding=\"async\" class=\"alignnone size-medium wp-image-3360\" src=\"https:\/\/www.amec.es\/wp-content\/uploads\/2023\/08\/sostenibilidad-redim-enc-w1000-h1000.jpg\" alt=\"\" width=\"300\" height=\"133\"><\/p>\n<p>Desenvolupa els cinc factors claus de competitivitat per a la gesti\u00f3 empresarial en contextos incerts. Escull m\u00f2dul o desenvolupa el programa sencer.<\/p>\n<p><a href=\"https:\/\/www.amec.es\/index.php\/gana-competitividad\/cursos-nuevos-liderazgos\/liderar-en-2022\/\"><strong>llegir m\u00e9s<\/strong><\/a><\/p>\n<\/div>\n\t\t\t\t\t\t\t\t\t<div class=\"elementor-tab-title elementor-tab-mobile-title\" aria-selected=\"false\" data-tab=\"2\" role=\"tab\" tabindex=\"-1\" aria-controls=\"elementor-tab-content-8352\" aria-expanded=\"false\">L'economia circular. Qu\u00e8 \u00e9s i com s'incorpora a la estrategia de l'empresa.<\/div>\n\t\t\t\t\t<div id=\"elementor-tab-content-8352\" class=\"elementor-tab-content elementor-clearfix\" data-tab=\"2\" role=\"tabpanel\" aria-labelledby=\"elementor-tab-title-8352\" tabindex=\"0\" hidden=\"hidden\"><p><img fetchpriority=\"high\" decoding=\"async\" class=\"alignnone size-medium wp-image-2380\" src=\"https:\/\/www.amec.es\/wp-content\/uploads\/2023\/08\/diseno-sin-titulo-33-2-redim-enc-w1000-h1000.png\" alt=\"\" width=\"300\" height=\"272\"><\/p>\n<p><strong>Com podem incorporar l&#8217;economia circular a l&#8217;estrat\u00e8gica de l&#8217;empresa?<\/strong> Treballarem els aspectes clau de l&#8217;economia circular. Definirem els diferents models de negoci circulars. Aplicarem les t\u00e8cniques del Design Thinking. Definirem una proposta de valor circular mitjan\u00e7ant models de negoci on posarem el focus en l&#8217;acc\u00e9s al servei o soluci\u00f3.<\/p>\n<p><a href=\"https:\/\/www.amec.es\/index.php\/gana-competitividad\/cursos-sostenibilidad\/la-economia-circular-como-vector-de-estrategia-empresarial\/\"><strong>llegir m\u00e9s<\/strong><\/a><\/p>\n<\/div>\n\t\t\t\t\t\t\t<\/div>\n\t\t<\/div>\n\t\t\t\t\t\t<\/div>\n\t\t\t\t<\/div>\n\t\t\t\t\t<\/div>\n\t\t<\/div>\n\t\t\t\t\t<\/div>\n\t\t<\/section>\n\t\t\t\t<section class=\"elementor-section elementor-top-section elementor-element elementor-element-e18b776 elementor-section-boxed elementor-section-height-default elementor-section-height-default\" data-id=\"e18b776\" data-element_type=\"section\" data-e-type=\"section\" data-settings=\"{&quot;background_background&quot;:&quot;classic&quot;}\">\n\t\t\t\t\t\t<div class=\"elementor-container elementor-column-gap-default\">\n\t\t\t\t\t<div class=\"elementor-column elementor-col-33 elementor-top-column elementor-element elementor-element-0dcfb48\" data-id=\"0dcfb48\" data-element_type=\"column\" data-e-type=\"column\">\n\t\t\t<div class=\"elementor-widget-wrap elementor-element-populated\">\n\t\t\t\t\t\t<div class=\"elementor-element elementor-element-a3d3ce9 elementor-widget elementor-widget-heading\" data-id=\"a3d3ce9\" data-element_type=\"widget\" data-e-type=\"widget\" data-widget_type=\"heading.default\">\n\t\t\t\t<div class=\"elementor-widget-container\">\n\t\t\t\t\t<h2 class=\"elementor-heading-title elementor-size-default\">La sostenibilitat \u00e9s<br> un factor clau de<br> competitivitat\n<\/h2>\t\t\t\t<\/div>\n\t\t\t\t<\/div>\n\t\t\t\t\t<\/div>\n\t\t<\/div>\n\t\t\t\t<div class=\"elementor-column elementor-col-66 elementor-top-column elementor-element elementor-element-69f40b8\" data-id=\"69f40b8\" data-element_type=\"column\" data-e-type=\"column\">\n\t\t\t<div class=\"elementor-widget-wrap elementor-element-populated\">\n\t\t\t\t\t\t<div class=\"elementor-element elementor-element-a064fad elementor-widget elementor-widget-text-editor\" data-id=\"a064fad\" data-element_type=\"widget\" data-e-type=\"widget\" data-widget_type=\"text-editor.default\">\n\t\t\t\t<div class=\"elementor-widget-container\">\n\t\t\t\t\t\t\t\t\t<div id=\"area-132-1\" class=\"warea_100 fons-gris area-vertical\">\n<div class=\"area-interna area-interna-primera\">\n<section id=\"marcadorTDL_64c89a482d06c\" class=\"marcadorTextoDescripcionLateral amplada-pagina\">\n<article data-acentcolor=\"#ffda2f\">\n<div class=\"descripcion warea_75\">\n<p>Alineada al seu prop\u00f2sit, l&#8217;actuaci\u00f3 <i><strong>d&#8217;amec<\/strong><\/i> permet a les empreses trobar un suport per fer front de forma segura i positiva als canvis necessaris: impulsem la innovaci\u00f3, fomentem les ciutats sostenibles, l&#8217;economia circular i l&#8217;efici\u00e8ncia energ\u00e8tica, treballem per a un bon \u00fas del pl\u00e0stic i ens basem en aliances per aconseguir objectius de benestar com\u00fa.<\/p>\n<\/div>\n<\/article>\n<\/section>\n<\/div>\n<\/div>\n\t\t\t\t\t\t\t\t<\/div>\n\t\t\t\t<\/div>\n\t\t\t\t\t<\/div>\n\t\t<\/div>\n\t\t\t\t\t<\/div>\n\t\t<\/section>\n\t\t\t\t<section class=\"elementor-section elementor-top-section elementor-element elementor-element-9a64e92 elementor-section-full_width elementor-section-height-default elementor-section-height-default\" data-id=\"9a64e92\" data-element_type=\"section\" data-e-type=\"section\">\n\t\t\t\t\t\t<div class=\"elementor-container elementor-column-gap-no\">\n\t\t\t\t\t<div class=\"elementor-column elementor-col-100 elementor-top-column elementor-element elementor-element-ebe4b12\" data-id=\"ebe4b12\" data-element_type=\"column\" data-e-type=\"column\" data-settings=\"{&quot;background_background&quot;:&quot;classic&quot;}\">\n\t\t\t<div class=\"elementor-widget-wrap elementor-element-populated\">\n\t\t\t\t\t\t<div class=\"elementor-element elementor-element-3a006c9 elementor-widget elementor-widget-video\" data-id=\"3a006c9\" data-element_type=\"widget\" data-e-type=\"widget\" data-settings=\"{&quot;youtube_url&quot;:&quot;https:\\\/\\\/www.youtube.com\\\/watch?v=g9PAhUHPE4w&quot;,&quot;show_image_overlay&quot;:&quot;yes&quot;,&quot;image_overlay&quot;:{&quot;url&quot;:&quot;https:\\\/\\\/www.amec.es\\\/wp-content\\\/uploads\\\/2023\\\/08\\\/amec-elviracarles-redim-prop-w800-h200.jpg&quot;,&quot;id&quot;:2010,&quot;size&quot;:&quot;&quot;,&quot;alt&quot;:&quot;&quot;,&quot;source&quot;:&quot;library&quot;},&quot;video_type&quot;:&quot;youtube&quot;,&quot;controls&quot;:&quot;yes&quot;}\" data-widget_type=\"video.default\">\n\t\t\t\t<div class=\"elementor-widget-container\">\n\t\t\t\t\t\t\t<div class=\"elementor-wrapper elementor-open-inline\">\n\t\t\t<div class=\"elementor-video\"><\/div>\t\t\t\t<div class=\"elementor-custom-embed-image-overlay\" style=\"background-image: url(https:\/\/amec.es\/wp-content\/uploads\/2023\/08\/amec-elviracarles-redim-prop-w800-h200.jpg);\">\n\t\t\t\t\t\t\t\t\t\t\t\t\t\t\t\t<div class=\"elementor-custom-embed-play\" role=\"button\" aria-label=\"Reprodueix v\u00eddeo\" tabindex=\"0\">\n\t\t\t\t\t\t\t<i aria-hidden=\"true\" class=\"fas fa-play-circle\"><\/i>\t\t\t\t\t\t<\/div>\n\t\t\t\t\t\t\t\t\t<\/div>\n\t\t\t\t\t<\/div>\n\t\t\t\t\t\t<\/div>\n\t\t\t\t<\/div>\n\t\t\t\t\t<\/div>\n\t\t<\/div>\n\t\t\t\t\t<\/div>\n\t\t<\/section>\n\t\t\t\t<section class=\"elementor-section elementor-top-section elementor-element elementor-element-7909e67 elementor-section-boxed elementor-section-height-default elementor-section-height-default\" data-id=\"7909e67\" data-element_type=\"section\" data-e-type=\"section\" data-settings=\"{&quot;background_background&quot;:&quot;classic&quot;}\">\n\t\t\t\t\t\t<div class=\"elementor-container elementor-column-gap-default\">\n\t\t\t\t\t<div class=\"elementor-column elementor-col-100 elementor-top-column elementor-element elementor-element-c673c79\" data-id=\"c673c79\" data-element_type=\"column\" data-e-type=\"column\">\n\t\t\t<div class=\"elementor-widget-wrap elementor-element-populated\">\n\t\t\t\t\t\t<div class=\"elementor-element elementor-element-f5c8ec9 elementor-widget elementor-widget-heading\" data-id=\"f5c8ec9\" data-element_type=\"widget\" data-e-type=\"widget\" data-widget_type=\"heading.default\">\n\t\t\t\t<div class=\"elementor-widget-container\">\n\t\t\t\t\t<h3 class=\"elementor-heading-title elementor-size-default\">Sostenibilitat com a element estrat\u00e8gic\n<\/h3>\t\t\t\t<\/div>\n\t\t\t\t<\/div>\n\t\t\t\t<div class=\"elementor-element elementor-element-fcd7e2e elementor-widget__width-initial elementor-widget-divider--view-line elementor-widget elementor-widget-global elementor-global-48210 elementor-global-159 elementor-widget-divider\" data-id=\"fcd7e2e\" data-element_type=\"widget\" data-e-type=\"widget\" data-widget_type=\"divider.default\">\n\t\t\t\t<div class=\"elementor-widget-container\">\n\t\t\t\t\t\t\t<div class=\"elementor-divider\">\n\t\t\t<span class=\"elementor-divider-separator\">\n\t\t\t\t\t\t<\/span>\n\t\t<\/div>\n\t\t\t\t\t\t<\/div>\n\t\t\t\t<\/div>\n\t\t\t\t<div class=\"elementor-element elementor-element-da6a2e7 elementor-widget elementor-widget-text-editor\" data-id=\"da6a2e7\" data-element_type=\"widget\" data-e-type=\"widget\" data-widget_type=\"text-editor.default\">\n\t\t\t\t<div class=\"elementor-widget-container\">\n\t\t\t\t\t\t\t\t\t<p>En el canvi d&#8217;era en qu\u00e8 ens trobem, <strong>la sostenibilitat constitueix un dels cinc factors clau de competitivitat de les empreses industrials internacionalitzades,<\/strong> juntament amb l&#8217;anticipaci\u00f3, l&#8217;adaptabilitat, la col\u00b7laboraci\u00f3 i la glocalitzaci\u00f3.<\/p>\n\n<p>El factor de la sostenibilitat \u00e9s important fins al punt d&#8217;incidir m\u00e9s sobre la resta, tenint en compte la pot\u00e8ncia amb qu\u00e8 han irromput els Objectius de Desenvolupament Sostenible en l&#8217;entorn pol\u00edtic, social i empresarial mundial.<\/p>\n\n<p><strong>El nou prop\u00f2sit <i>d&#8217;amec<\/i> \u00e9s contribuir, des de la ind\u00fastria, al fet que el canvi d&#8217;era sigui segur, transversal i positiu per a les persones i per al planeta.<\/strong><\/p>\n\n<p>\u00c9s per aix\u00f2 que ens alineem amb els ODS, participant activament en aquells en qu\u00e8 podem tenir una major incid\u00e8ncia, treballant de la seg\u00fcent manera:<\/p>\n\n<img decoding=\"async\" src=\"https:\/\/www.amec.es\/wp-content\/uploads\/2023\/08\/sdg-wheel-transparent-web.png\" width=\"100\" height=\"100\">\t\t\t\t\t\t\t\t<\/div>\n\t\t\t\t<\/div>\n\t\t\t\t\t<\/div>\n\t\t<\/div>\n\t\t\t\t\t<\/div>\n\t\t<\/section>\n\t\t\t\t<section class=\"elementor-section elementor-top-section elementor-element elementor-element-28b471c elementor-section-boxed elementor-section-height-default elementor-section-height-default\" data-id=\"28b471c\" data-element_type=\"section\" data-e-type=\"section\" data-settings=\"{&quot;background_background&quot;:&quot;classic&quot;}\">\n\t\t\t\t\t\t<div class=\"elementor-container elementor-column-gap-default\">\n\t\t\t\t\t<div class=\"elementor-column elementor-col-100 elementor-top-column elementor-element elementor-element-3a00086\" data-id=\"3a00086\" data-element_type=\"column\" data-e-type=\"column\">\n\t\t\t<div class=\"elementor-widget-wrap elementor-element-populated\">\n\t\t\t\t\t\t<div class=\"elementor-element elementor-element-a1909f5 accordion-box elementor-widget elementor-widget-accordion\" data-id=\"a1909f5\" data-element_type=\"widget\" data-e-type=\"widget\" data-widget_type=\"accordion.default\">\n\t\t\t\t<div class=\"elementor-widget-container\">\n\t\t\t\t\t\t\t<div class=\"elementor-accordion\">\n\t\t\t\t\t\t\t<div class=\"elementor-accordion-item\">\n\t\t\t\t\t<div id=\"elementor-tab-title-1691\" class=\"elementor-tab-title\" data-tab=\"1\" role=\"button\" aria-controls=\"elementor-tab-content-1691\" aria-expanded=\"false\">\n\t\t\t\t\t\t\t\t\t\t\t\t\t<span class=\"elementor-accordion-icon elementor-accordion-icon-right\" aria-hidden=\"true\">\n\t\t\t\t\t\t\t\t\t\t\t\t\t\t\t<span class=\"elementor-accordion-icon-closed\"><i class=\"fas fa-chevron-down\"><\/i><\/span>\n\t\t\t\t\t\t\t\t<span class=\"elementor-accordion-icon-opened\"><i class=\"fas fa-chevron-up\"><\/i><\/span>\n\t\t\t\t\t\t\t\t\t\t\t\t\t\t<\/span>\n\t\t\t\t\t\t\t\t\t\t\t\t<a class=\"elementor-accordion-title\" tabindex=\"0\">ODS 8: treball decent i creixement econ\u00f2mic<\/a>\n\t\t\t\t\t<\/div>\n\t\t\t\t\t<div id=\"elementor-tab-content-1691\" class=\"elementor-tab-content elementor-clearfix\" data-tab=\"1\" role=\"region\" aria-labelledby=\"elementor-tab-title-1691\"><p><img loading=\"lazy\" decoding=\"async\" class=\"alignnone size-medium wp-image-4824\" src=\"https:\/\/www.amec.es\/wp-content\/uploads\/2023\/08\/s-web-goal-08-300x300.png\" alt=\"\" width=\"300\" height=\"300\" srcset=\"https:\/\/amec.es\/wp-content\/uploads\/2023\/08\/s-web-goal-08-300x300.png 300w, https:\/\/amec.es\/wp-content\/uploads\/2023\/08\/s-web-goal-08-100x100.png 100w, https:\/\/amec.es\/wp-content\/uploads\/2023\/08\/s-web-goal-08-600x600.png 600w, https:\/\/amec.es\/wp-content\/uploads\/2023\/08\/s-web-goal-08-1024x1024.png 1024w, https:\/\/amec.es\/wp-content\/uploads\/2023\/08\/s-web-goal-08-150x150.png 150w, https:\/\/amec.es\/wp-content\/uploads\/2023\/08\/s-web-goal-08-768x768.png 768w, https:\/\/amec.es\/wp-content\/uploads\/2023\/08\/s-web-goal-08.png 1500w\" sizes=\"(max-width: 300px) 100vw, 300px\" \/><\/p>\n<p>Participem activament potenciant la competitivitat de les nostres empreses, el seu creixement i la generaci\u00f3 de llocs de treball de qualitat en tots els pa\u00efsos on operen.<\/p>\n<\/div>\n\t\t\t\t<\/div>\n\t\t\t\t\t\t\t<div class=\"elementor-accordion-item\">\n\t\t\t\t\t<div id=\"elementor-tab-title-1692\" class=\"elementor-tab-title\" data-tab=\"2\" role=\"button\" aria-controls=\"elementor-tab-content-1692\" aria-expanded=\"false\">\n\t\t\t\t\t\t\t\t\t\t\t\t\t<span class=\"elementor-accordion-icon elementor-accordion-icon-right\" aria-hidden=\"true\">\n\t\t\t\t\t\t\t\t\t\t\t\t\t\t\t<span class=\"elementor-accordion-icon-closed\"><i class=\"fas fa-chevron-down\"><\/i><\/span>\n\t\t\t\t\t\t\t\t<span class=\"elementor-accordion-icon-opened\"><i class=\"fas fa-chevron-up\"><\/i><\/span>\n\t\t\t\t\t\t\t\t\t\t\t\t\t\t<\/span>\n\t\t\t\t\t\t\t\t\t\t\t\t<a class=\"elementor-accordion-title\" tabindex=\"0\">ODS 9: ind\u00fastria, innovaci\u00f3 i infraestructura<\/a>\n\t\t\t\t\t<\/div>\n\t\t\t\t\t<div id=\"elementor-tab-content-1692\" class=\"elementor-tab-content elementor-clearfix\" data-tab=\"2\" role=\"region\" aria-labelledby=\"elementor-tab-title-1692\"><p><img loading=\"lazy\" decoding=\"async\" class=\"alignnone size-medium wp-image-4826\" src=\"https:\/\/www.amec.es\/wp-content\/uploads\/2023\/08\/s-web-goal-09-300x300.png\" alt=\"\" width=\"300\" height=\"300\" srcset=\"https:\/\/amec.es\/wp-content\/uploads\/2023\/08\/s-web-goal-09-300x300.png 300w, https:\/\/amec.es\/wp-content\/uploads\/2023\/08\/s-web-goal-09-100x100.png 100w, https:\/\/amec.es\/wp-content\/uploads\/2023\/08\/s-web-goal-09-600x600.png 600w, https:\/\/amec.es\/wp-content\/uploads\/2023\/08\/s-web-goal-09-1024x1024.png 1024w, https:\/\/amec.es\/wp-content\/uploads\/2023\/08\/s-web-goal-09-150x150.png 150w, https:\/\/amec.es\/wp-content\/uploads\/2023\/08\/s-web-goal-09-768x768.png 768w, https:\/\/amec.es\/wp-content\/uploads\/2023\/08\/s-web-goal-09.png 1500w\" sizes=\"(max-width: 300px) 100vw, 300px\" \/><\/p>\n<p>Som ind\u00fastria i apostem per un creixement econ\u00f2mic basat en la innovaci\u00f3.<\/p>\n<\/div>\n\t\t\t\t<\/div>\n\t\t\t\t\t\t\t<div class=\"elementor-accordion-item\">\n\t\t\t\t\t<div id=\"elementor-tab-title-1693\" class=\"elementor-tab-title\" data-tab=\"3\" role=\"button\" aria-controls=\"elementor-tab-content-1693\" aria-expanded=\"false\">\n\t\t\t\t\t\t\t\t\t\t\t\t\t<span class=\"elementor-accordion-icon elementor-accordion-icon-right\" aria-hidden=\"true\">\n\t\t\t\t\t\t\t\t\t\t\t\t\t\t\t<span class=\"elementor-accordion-icon-closed\"><i class=\"fas fa-chevron-down\"><\/i><\/span>\n\t\t\t\t\t\t\t\t<span class=\"elementor-accordion-icon-opened\"><i class=\"fas fa-chevron-up\"><\/i><\/span>\n\t\t\t\t\t\t\t\t\t\t\t\t\t\t<\/span>\n\t\t\t\t\t\t\t\t\t\t\t\t<a class=\"elementor-accordion-title\" tabindex=\"0\">ODS 11: ciutats i comunitats sostenibles<\/a>\n\t\t\t\t\t<\/div>\n\t\t\t\t\t<div id=\"elementor-tab-content-1693\" class=\"elementor-tab-content elementor-clearfix\" data-tab=\"3\" role=\"region\" aria-labelledby=\"elementor-tab-title-1693\"><p><img loading=\"lazy\" decoding=\"async\" class=\"alignnone size-medium wp-image-4828\" src=\"https:\/\/www.amec.es\/wp-content\/uploads\/2023\/08\/s-web-goal-11-300x300.png\" alt=\"\" width=\"300\" height=\"300\" srcset=\"https:\/\/amec.es\/wp-content\/uploads\/2023\/08\/s-web-goal-11-300x300.png 300w, https:\/\/amec.es\/wp-content\/uploads\/2023\/08\/s-web-goal-11-100x100.png 100w, https:\/\/amec.es\/wp-content\/uploads\/2023\/08\/s-web-goal-11-600x600.png 600w, https:\/\/amec.es\/wp-content\/uploads\/2023\/08\/s-web-goal-11-1024x1024.png 1024w, https:\/\/amec.es\/wp-content\/uploads\/2023\/08\/s-web-goal-11-150x150.png 150w, https:\/\/amec.es\/wp-content\/uploads\/2023\/08\/s-web-goal-11-768x768.png 768w, https:\/\/amec.es\/wp-content\/uploads\/2023\/08\/s-web-goal-11.png 1500w\" sizes=\"(max-width: 300px) 100vw, 300px\" \/><\/p>\n<p>Participem activament perqu\u00e8 representem i donem suport a les empreses espanyoles amb les millors solucions per a les ciutats en els \u00e0mbits de la mobilitat, el medi ambient i el paisatge urb\u00e0.<\/p>\n<\/div>\n\t\t\t\t<\/div>\n\t\t\t\t\t\t\t<div class=\"elementor-accordion-item\">\n\t\t\t\t\t<div id=\"elementor-tab-title-1694\" class=\"elementor-tab-title\" data-tab=\"4\" role=\"button\" aria-controls=\"elementor-tab-content-1694\" aria-expanded=\"false\">\n\t\t\t\t\t\t\t\t\t\t\t\t\t<span class=\"elementor-accordion-icon elementor-accordion-icon-right\" aria-hidden=\"true\">\n\t\t\t\t\t\t\t\t\t\t\t\t\t\t\t<span class=\"elementor-accordion-icon-closed\"><i class=\"fas fa-chevron-down\"><\/i><\/span>\n\t\t\t\t\t\t\t\t<span class=\"elementor-accordion-icon-opened\"><i class=\"fas fa-chevron-up\"><\/i><\/span>\n\t\t\t\t\t\t\t\t\t\t\t\t\t\t<\/span>\n\t\t\t\t\t\t\t\t\t\t\t\t<a class=\"elementor-accordion-title\" tabindex=\"0\">ODS 12: producci\u00f3 i consum responsable<\/a>\n\t\t\t\t\t<\/div>\n\t\t\t\t\t<div id=\"elementor-tab-content-1694\" class=\"elementor-tab-content elementor-clearfix\" data-tab=\"4\" role=\"region\" aria-labelledby=\"elementor-tab-title-1694\"><p><img loading=\"lazy\" decoding=\"async\" class=\"alignnone size-medium wp-image-4830\" src=\"https:\/\/www.amec.es\/wp-content\/uploads\/2023\/08\/s-web-goal-12-300x300.png\" alt=\"\" width=\"300\" height=\"300\" srcset=\"https:\/\/amec.es\/wp-content\/uploads\/2023\/08\/s-web-goal-12-300x300.png 300w, https:\/\/amec.es\/wp-content\/uploads\/2023\/08\/s-web-goal-12-100x100.png 100w, https:\/\/amec.es\/wp-content\/uploads\/2023\/08\/s-web-goal-12-600x600.png 600w, https:\/\/amec.es\/wp-content\/uploads\/2023\/08\/s-web-goal-12-1024x1024.png 1024w, https:\/\/amec.es\/wp-content\/uploads\/2023\/08\/s-web-goal-12-150x150.png 150w, https:\/\/amec.es\/wp-content\/uploads\/2023\/08\/s-web-goal-12-768x768.png 768w, https:\/\/amec.es\/wp-content\/uploads\/2023\/08\/s-web-goal-12.png 1500w\" sizes=\"(max-width: 300px) 100vw, 300px\" \/><\/p>\n<p>Contribu\u00efm activament perqu\u00e8 volem tenir cura del nostre planeta i, per aix\u00f2, ajudem les nostres empreses a estar al dia de les \u00faltimes tend\u00e8ncies per fer una producci\u00f3 i consum m\u00e9s responsable de materials com els pl\u00e0stics.<\/p>\n<\/div>\n\t\t\t\t<\/div>\n\t\t\t\t\t\t\t<div class=\"elementor-accordion-item\">\n\t\t\t\t\t<div id=\"elementor-tab-title-1695\" class=\"elementor-tab-title\" data-tab=\"5\" role=\"button\" aria-controls=\"elementor-tab-content-1695\" aria-expanded=\"false\">\n\t\t\t\t\t\t\t\t\t\t\t\t\t<span class=\"elementor-accordion-icon elementor-accordion-icon-right\" aria-hidden=\"true\">\n\t\t\t\t\t\t\t\t\t\t\t\t\t\t\t<span class=\"elementor-accordion-icon-closed\"><i class=\"fas fa-chevron-down\"><\/i><\/span>\n\t\t\t\t\t\t\t\t<span class=\"elementor-accordion-icon-opened\"><i class=\"fas fa-chevron-up\"><\/i><\/span>\n\t\t\t\t\t\t\t\t\t\t\t\t\t\t<\/span>\n\t\t\t\t\t\t\t\t\t\t\t\t<a class=\"elementor-accordion-title\" tabindex=\"0\">ODS 17: aliances per assolir els objectius<\/a>\n\t\t\t\t\t<\/div>\n\t\t\t\t\t<div id=\"elementor-tab-content-1695\" class=\"elementor-tab-content elementor-clearfix\" data-tab=\"5\" role=\"region\" aria-labelledby=\"elementor-tab-title-1695\"><p><img loading=\"lazy\" decoding=\"async\" class=\"alignnone size-medium wp-image-4832\" src=\"https:\/\/www.amec.es\/wp-content\/uploads\/2023\/08\/s-web-goal-17-300x300.png\" alt=\"\" width=\"300\" height=\"300\" srcset=\"https:\/\/amec.es\/wp-content\/uploads\/2023\/08\/s-web-goal-17-300x300.png 300w, https:\/\/amec.es\/wp-content\/uploads\/2023\/08\/s-web-goal-17-100x100.png 100w, https:\/\/amec.es\/wp-content\/uploads\/2023\/08\/s-web-goal-17-600x600.png 600w, https:\/\/amec.es\/wp-content\/uploads\/2023\/08\/s-web-goal-17-1024x1024.png 1024w, https:\/\/amec.es\/wp-content\/uploads\/2023\/08\/s-web-goal-17-150x150.png 150w, https:\/\/amec.es\/wp-content\/uploads\/2023\/08\/s-web-goal-17-768x768.png 768w, https:\/\/amec.es\/wp-content\/uploads\/2023\/08\/s-web-goal-17.png 1500w\" sizes=\"(max-width: 300px) 100vw, 300px\" \/><\/p>\n<p>Perqu\u00e8 ens els creiem i el nostre esperit col\u00b7laboratiu integra des de sempre les aliances com la nostra forma natural de treballar. Una nova mostra d&#8217;aix\u00f2 \u00e9s que som una de les organitzacions impulsores de BforPlanet.<\/p>\n<\/div>\n\t\t\t\t<\/div>\n\t\t\t\t\t\t\t\t<\/div>\n\t\t\t\t\t\t<\/div>\n\t\t\t\t<\/div>\n\t\t\t\t\t<\/div>\n\t\t<\/div>\n\t\t\t\t\t<\/div>\n\t\t<\/section>\n\t\t\t\t<section class=\"elementor-section elementor-top-section elementor-element elementor-element-f77bc21 elementor-section-full_width elementor-section-height-default elementor-section-height-default\" data-id=\"f77bc21\" data-element_type=\"section\" data-e-type=\"section\">\n\t\t\t\t\t\t<div class=\"elementor-container elementor-column-gap-no\">\n\t\t\t\t\t<div class=\"elementor-column elementor-col-100 elementor-top-column elementor-element elementor-element-984d565\" data-id=\"984d565\" data-element_type=\"column\" data-e-type=\"column\" data-settings=\"{&quot;background_background&quot;:&quot;classic&quot;}\">\n\t\t\t<div class=\"elementor-widget-wrap elementor-element-populated\">\n\t\t\t\t\t\t<div class=\"elementor-element elementor-element-1b45b6e elementor-widget elementor-widget-video\" data-id=\"1b45b6e\" data-element_type=\"widget\" data-e-type=\"widget\" data-settings=\"{&quot;youtube_url&quot;:&quot;https:\\\/\\\/www.youtube.com\\\/watch?v=g9PAhUHPE4w&quot;,&quot;show_image_overlay&quot;:&quot;yes&quot;,&quot;image_overlay&quot;:{&quot;url&quot;:&quot;https:\\\/\\\/www.amec.es\\\/wp-content\\\/uploads\\\/2023\\\/08\\\/subir-sostenibilitat-2-redim-prop-w800-h200.jpg&quot;,&quot;id&quot;:4819,&quot;size&quot;:&quot;&quot;,&quot;alt&quot;:&quot;&quot;,&quot;source&quot;:&quot;library&quot;},&quot;video_type&quot;:&quot;youtube&quot;,&quot;controls&quot;:&quot;yes&quot;}\" data-widget_type=\"video.default\">\n\t\t\t\t<div class=\"elementor-widget-container\">\n\t\t\t\t\t\t\t<div class=\"elementor-wrapper elementor-open-inline\">\n\t\t\t<div class=\"elementor-video\"><\/div>\t\t\t\t<div class=\"elementor-custom-embed-image-overlay\" style=\"background-image: url(https:\/\/amec.es\/wp-content\/uploads\/2023\/08\/subir-sostenibilitat-2-redim-prop-w800-h200.jpg);\">\n\t\t\t\t\t\t\t\t\t\t\t\t\t\t\t\t<div class=\"elementor-custom-embed-play\" role=\"button\" aria-label=\"Reprodueix v\u00eddeo\" tabindex=\"0\">\n\t\t\t\t\t\t\t<i aria-hidden=\"true\" class=\"fas fa-play-circle\"><\/i>\t\t\t\t\t\t<\/div>\n\t\t\t\t\t\t\t\t\t<\/div>\n\t\t\t\t\t<\/div>\n\t\t\t\t\t\t<\/div>\n\t\t\t\t<\/div>\n\t\t\t\t\t<\/div>\n\t\t<\/div>\n\t\t\t\t\t<\/div>\n\t\t<\/section>\n\t\t\t\t<section class=\"elementor-section elementor-top-section elementor-element elementor-element-7eda091 elementor-section-boxed elementor-section-height-default elementor-section-height-default\" data-id=\"7eda091\" data-element_type=\"section\" data-e-type=\"section\" data-settings=\"{&quot;background_background&quot;:&quot;classic&quot;}\">\n\t\t\t\t\t\t<div class=\"elementor-container elementor-column-gap-default\">\n\t\t\t\t\t<div class=\"elementor-column elementor-col-33 elementor-top-column elementor-element elementor-element-0886617\" data-id=\"0886617\" data-element_type=\"column\" data-e-type=\"column\">\n\t\t\t<div class=\"elementor-widget-wrap elementor-element-populated\">\n\t\t\t\t\t\t<div class=\"elementor-element elementor-element-9a874bd elementor-widget elementor-widget-heading\" data-id=\"9a874bd\" data-element_type=\"widget\" data-e-type=\"widget\" data-widget_type=\"heading.default\">\n\t\t\t\t<div class=\"elementor-widget-container\">\n\t\t\t\t\t<h2 class=\"elementor-heading-title elementor-size-default\">1. Fomentem el <br>pas a<br> l'economia circular\n<\/h2>\t\t\t\t<\/div>\n\t\t\t\t<\/div>\n\t\t\t\t<div class=\"elementor-element elementor-element-2cf8fde elementor-widget__width-initial elementor-widget-divider--view-line elementor-widget elementor-widget-global elementor-global-48210 elementor-global-159 elementor-widget-divider\" data-id=\"2cf8fde\" data-element_type=\"widget\" data-e-type=\"widget\" data-widget_type=\"divider.default\">\n\t\t\t\t<div class=\"elementor-widget-container\">\n\t\t\t\t\t\t\t<div class=\"elementor-divider\">\n\t\t\t<span class=\"elementor-divider-separator\">\n\t\t\t\t\t\t<\/span>\n\t\t<\/div>\n\t\t\t\t\t\t<\/div>\n\t\t\t\t<\/div>\n\t\t\t\t\t<\/div>\n\t\t<\/div>\n\t\t\t\t<div class=\"elementor-column elementor-col-66 elementor-top-column elementor-element elementor-element-05edad2\" data-id=\"05edad2\" data-element_type=\"column\" data-e-type=\"column\">\n\t\t\t<div class=\"elementor-widget-wrap elementor-element-populated\">\n\t\t\t\t\t\t<div class=\"elementor-element elementor-element-bc461a4 elementor-widget elementor-widget-text-editor\" data-id=\"bc461a4\" data-element_type=\"widget\" data-e-type=\"widget\" data-widget_type=\"text-editor.default\">\n\t\t\t\t<div class=\"elementor-widget-container\">\n\t\t\t\t\t\t\t\t\t<div id=\"area-132-1\" class=\"warea_100 fons-gris area-vertical\">\n<div class=\"area-interna area-interna-primera\">\n<section id=\"marcadorTDL_64c89a482d06c\" class=\"marcadorTextoDescripcionLateral amplada-pagina\">\n<article data-acentcolor=\"#ffda2f\">\n<div class=\"descripcion warea_75\">\n<p>Des <em><strong>d&#8217;amec<\/strong><\/em> assessorem i acompanyem les nostres empreses perqu\u00e8 realitzin projectes d&#8217;innovaci\u00f3 per <strong>passar de models de producci\u00f3 lineals a circulars<\/strong>, a m\u00e9s els informem i ajudem en el tr\u00e0mit de les ajudes de les administracions per a aquests \u00e0mbits. <\/p>\n<p>L<strong>&#8216;economia circular<\/strong> \u00e9s present en les tem\u00e0tiques de les nostres sessions de capacitaci\u00f3, treball en xarxa i intercanvi d&#8217;experi\u00e8ncies entre la nostra comunitat. <\/p>\n<p>A m\u00e9s, <i><strong>amec<\/strong><\/i> \u00e9s membre del <strong>Comit\u00e8 T\u00e8cnic de Normalitzaci\u00f3 323 d&#8217;Economia circular d&#8217;UNE<\/strong>, que t\u00e9 com a camp d&#8217;activitat la normalitzaci\u00f3 en l&#8217;economia circular per al desenvolupament de directrius, marc, guies, eines de suport i requisits que tinguin car\u00e0cter horitzontal per a tots els sectors.<\/p>\n<\/div>\n<\/article>\n<\/section>\n<\/div>\n<\/div>\n\t\t\t\t\t\t\t\t<\/div>\n\t\t\t\t<\/div>\n\t\t\t\t\t<\/div>\n\t\t<\/div>\n\t\t\t\t\t<\/div>\n\t\t<\/section>\n\t\t\t\t<section class=\"elementor-section elementor-top-section elementor-element elementor-element-1d6d93a elementor-section-boxed elementor-section-height-default elementor-section-height-default\" data-id=\"1d6d93a\" data-element_type=\"section\" data-e-type=\"section\" data-settings=\"{&quot;background_background&quot;:&quot;classic&quot;}\">\n\t\t\t\t\t\t<div class=\"elementor-container elementor-column-gap-default\">\n\t\t\t\t\t<div class=\"elementor-column elementor-col-33 elementor-top-column elementor-element elementor-element-4f865f6\" data-id=\"4f865f6\" data-element_type=\"column\" data-e-type=\"column\">\n\t\t\t<div class=\"elementor-widget-wrap elementor-element-populated\">\n\t\t\t\t\t\t<div class=\"elementor-element elementor-element-56e17c0 elementor-widget elementor-widget-heading\" data-id=\"56e17c0\" data-element_type=\"widget\" data-e-type=\"widget\" data-widget_type=\"heading.default\">\n\t\t\t\t<div class=\"elementor-widget-container\">\n\t\t\t\t\t<h2 class=\"elementor-heading-title elementor-size-default\">2. Impulsem<br> BforPlanet\n<\/h2>\t\t\t\t<\/div>\n\t\t\t\t<\/div>\n\t\t\t\t<div class=\"elementor-element elementor-element-ddaf6b8 elementor-widget__width-initial elementor-widget-divider--view-line elementor-widget elementor-widget-global elementor-global-48210 elementor-global-159 elementor-widget-divider\" data-id=\"ddaf6b8\" data-element_type=\"widget\" data-e-type=\"widget\" data-widget_type=\"divider.default\">\n\t\t\t\t<div class=\"elementor-widget-container\">\n\t\t\t\t\t\t\t<div class=\"elementor-divider\">\n\t\t\t<span class=\"elementor-divider-separator\">\n\t\t\t\t\t\t<\/span>\n\t\t<\/div>\n\t\t\t\t\t\t<\/div>\n\t\t\t\t<\/div>\n\t\t\t\t\t<\/div>\n\t\t<\/div>\n\t\t\t\t<div class=\"elementor-column elementor-col-66 elementor-top-column elementor-element elementor-element-f03066f\" data-id=\"f03066f\" data-element_type=\"column\" data-e-type=\"column\">\n\t\t\t<div class=\"elementor-widget-wrap elementor-element-populated\">\n\t\t\t\t\t\t<div class=\"elementor-element elementor-element-4d2804c elementor-widget elementor-widget-text-editor\" data-id=\"4d2804c\" data-element_type=\"widget\" data-e-type=\"widget\" data-widget_type=\"text-editor.default\">\n\t\t\t\t<div class=\"elementor-widget-container\">\n\t\t\t\t\t\t\t\t\t<div id=\"area-132-1\" class=\"warea_100 fons-gris area-vertical\">\n<div class=\"area-interna area-interna-primera\"><section id=\"marcadorTDL_64c89a482d06c\" class=\"marcadorTextoDescripcionLateral amplada-pagina\"><article data-acentcolor=\"#ffda2f\">\n<div class=\"descripcion warea_75\">\n\n<i><strong>amec <\/strong><\/i>ha tingut, t\u00e9 i tindr\u00e0 un important paper en la difusi\u00f3 i l&#8217;impuls del BforPlanet, el gran esdeveniment internacional sobre sostenibilitat que Fira de Barcelona posa en marxa i que uneix els principals l\u00edders empresarials, de governs, de l&#8217;acad\u00e8mia i de la societat civil per a debatre i proposar solucions als grans reptes als quals la humanitat s&#8217;enfronta avui dia.<br><br>\n<a href=\"http:\/\/bforplanet.com\/\" target=\"_blank\" rel=\"noopener\">Con\u00e8ixer el projecte <\/a>\n\n<\/div>\n<\/article><\/section><\/div>\n<\/div>\t\t\t\t\t\t\t\t<\/div>\n\t\t\t\t<\/div>\n\t\t\t\t\t<\/div>\n\t\t<\/div>\n\t\t\t\t\t<\/div>\n\t\t<\/section>\n\t\t\t\t<section class=\"elementor-section elementor-top-section elementor-element elementor-element-44d9920 elementor-section-boxed elementor-section-height-default elementor-section-height-default\" data-id=\"44d9920\" data-element_type=\"section\" data-e-type=\"section\" data-settings=\"{&quot;background_background&quot;:&quot;classic&quot;}\">\n\t\t\t\t\t\t<div class=\"elementor-container elementor-column-gap-default\">\n\t\t\t\t\t<div class=\"elementor-column elementor-col-33 elementor-top-column elementor-element elementor-element-f72518f\" data-id=\"f72518f\" data-element_type=\"column\" data-e-type=\"column\">\n\t\t\t<div class=\"elementor-widget-wrap elementor-element-populated\">\n\t\t\t\t\t\t<div class=\"elementor-element elementor-element-a3c6762 elementor-widget elementor-widget-heading\" data-id=\"a3c6762\" data-element_type=\"widget\" data-e-type=\"widget\" data-widget_type=\"heading.default\">\n\t\t\t\t<div class=\"elementor-widget-container\">\n\t\t\t\t\t<h2 class=\"elementor-heading-title elementor-size-default\">3. Pl\u00e0stic i<br> sostenibilitat\n<\/h2>\t\t\t\t<\/div>\n\t\t\t\t<\/div>\n\t\t\t\t<div class=\"elementor-element elementor-element-920cd38 elementor-widget__width-initial elementor-widget-divider--view-line elementor-widget elementor-widget-global elementor-global-48210 elementor-global-159 elementor-widget-divider\" data-id=\"920cd38\" data-element_type=\"widget\" data-e-type=\"widget\" data-widget_type=\"divider.default\">\n\t\t\t\t<div class=\"elementor-widget-container\">\n\t\t\t\t\t\t\t<div class=\"elementor-divider\">\n\t\t\t<span class=\"elementor-divider-separator\">\n\t\t\t\t\t\t<\/span>\n\t\t<\/div>\n\t\t\t\t\t\t<\/div>\n\t\t\t\t<\/div>\n\t\t\t\t\t<\/div>\n\t\t<\/div>\n\t\t\t\t<div class=\"elementor-column elementor-col-66 elementor-top-column elementor-element elementor-element-3eaace1\" data-id=\"3eaace1\" data-element_type=\"column\" data-e-type=\"column\">\n\t\t\t<div class=\"elementor-widget-wrap elementor-element-populated\">\n\t\t\t\t\t\t<div class=\"elementor-element elementor-element-66dec59 elementor-widget elementor-widget-text-editor\" data-id=\"66dec59\" data-element_type=\"widget\" data-e-type=\"widget\" data-widget_type=\"text-editor.default\">\n\t\t\t\t<div class=\"elementor-widget-container\">\n\t\t\t\t\t\t\t\t\t<div id=\"area-132-1\" class=\"warea_100 fons-gris area-vertical\">\n<div class=\"area-interna area-interna-primera\">\n<section id=\"marcadorTDL_64c89a482d06c\" class=\"marcadorTextoDescripcionLateral amplada-pagina\">\n<article data-acentcolor=\"#ffda2f\">\n<div class=\"descripcion warea_75\">\n<p><strong>Les opinions no informades sobre l&#8217;\u00fas del pl\u00e0stic<\/strong> han proliferat a mesura que la sostenibilitat ha anat ocupant un espai cada vegada m\u00e9s gran en les agendes dels principals pa\u00efsos avan\u00e7ats.<\/p>\n<p><strong>Com a entitat que representa a fabricants de maquin\u00e0ria per a la producci\u00f3 de productes que fan servir el pl\u00e0stic com a mat\u00e8ria primera<\/strong>, hem creat l&#8217;espai web privat <strong><em>Sostenibilitat, pl\u00e0stic i maquin\u00e0ria<\/em><\/strong> per tal de donar eines \u00fatils per a tota la nostra comunitat. Aquest espai cont\u00e9:<\/p>\n<p>&#8211; Materials per a la divulgaci\u00f3 de les virtuts del bon \u00fas del pl\u00e0stic.<\/p>\n<p>&#8211; Innovacions a tenir en compte en fabricaci\u00f3, processos i materials.<\/p>\n<p>&#8211; Legislacions que poden afectar\/impulsar els projectes dels nostres socis.<\/p>\n<p>Juntament amb altres organitzacions, <strong><em>amec<\/em><\/strong> treballa a m\u00e9s perqu\u00e8 el <strong>debat sobre el pl\u00e0stic<\/strong> es realitzi d&#8217;una manera objectiva, <strong>posant el focus en les problem\u00e0tiques reals, com poden ser certs usos i el reciclatge, i no tant en el<\/strong> material en si.<\/p>\n<\/div>\n<\/article>\n<\/section>\n<\/div>\n<\/div>\n\t\t\t\t\t\t\t\t<\/div>\n\t\t\t\t<\/div>\n\t\t\t\t\t<\/div>\n\t\t<\/div>\n\t\t\t\t\t<\/div>\n\t\t<\/section>\n\t\t\t\t<section class=\"elementor-section elementor-top-section elementor-element elementor-element-4850981 elementor-section-boxed elementor-section-height-default elementor-section-height-default\" data-id=\"4850981\" data-element_type=\"section\" data-e-type=\"section\" data-settings=\"{&quot;background_background&quot;:&quot;classic&quot;}\">\n\t\t\t\t\t\t<div class=\"elementor-container elementor-column-gap-default\">\n\t\t\t\t\t<div class=\"elementor-column elementor-col-33 elementor-top-column elementor-element elementor-element-844b0c6\" data-id=\"844b0c6\" data-element_type=\"column\" data-e-type=\"column\">\n\t\t\t<div class=\"elementor-widget-wrap elementor-element-populated\">\n\t\t\t\t\t\t<div class=\"elementor-element elementor-element-5abbb72 elementor-widget elementor-widget-heading\" data-id=\"5abbb72\" data-element_type=\"widget\" data-e-type=\"widget\" data-widget_type=\"heading.default\">\n\t\t\t\t<div class=\"elementor-widget-container\">\n\t\t\t\t\t<h2 class=\"elementor-heading-title elementor-size-default\">4. Efici\u00e8ncia <br>energ\u00e8tica<\/h2>\t\t\t\t<\/div>\n\t\t\t\t<\/div>\n\t\t\t\t<div class=\"elementor-element elementor-element-3b503fc elementor-widget__width-initial elementor-widget-divider--view-line elementor-widget elementor-widget-global elementor-global-48210 elementor-global-159 elementor-widget-divider\" data-id=\"3b503fc\" data-element_type=\"widget\" data-e-type=\"widget\" data-widget_type=\"divider.default\">\n\t\t\t\t<div class=\"elementor-widget-container\">\n\t\t\t\t\t\t\t<div class=\"elementor-divider\">\n\t\t\t<span class=\"elementor-divider-separator\">\n\t\t\t\t\t\t<\/span>\n\t\t<\/div>\n\t\t\t\t\t\t<\/div>\n\t\t\t\t<\/div>\n\t\t\t\t\t<\/div>\n\t\t<\/div>\n\t\t\t\t<div class=\"elementor-column elementor-col-66 elementor-top-column elementor-element elementor-element-7b75163\" data-id=\"7b75163\" data-element_type=\"column\" data-e-type=\"column\">\n\t\t\t<div class=\"elementor-widget-wrap elementor-element-populated\">\n\t\t\t\t\t\t<div class=\"elementor-element elementor-element-7de3927 elementor-widget elementor-widget-text-editor\" data-id=\"7de3927\" data-element_type=\"widget\" data-e-type=\"widget\" data-widget_type=\"text-editor.default\">\n\t\t\t\t<div class=\"elementor-widget-container\">\n\t\t\t\t\t\t\t\t\t<div id=\"area-132-1\" class=\"warea_100 fons-gris area-vertical\">\n<div class=\"area-interna area-interna-primera\">\n<section id=\"marcadorTDL_64c89a482d06c\" class=\"marcadorTextoDescripcionLateral amplada-pagina\">\n<article data-acentcolor=\"#ffda2f\">\n<div class=\"descripcion warea_75\">\n<p><strong>L&#8217;\u00fas eficient de l&#8217;energia, amb la progressiva incorporaci\u00f3 de fonts renovables, \u00e9s un dels principals factors de competitivitat en les empreses industrials.<\/strong><\/p>\n<p>A <i><strong>amec<\/strong><\/i> acompanyem la nostra comunitat en aquest repte i ho fem a trav\u00e9s de la difusi\u00f3 i el coneixement de casos d&#8217;\u00e8xit i tecnologies espec\u00edfiques. <strong>Un dels nostres objectius de lobby \u00e9s incrementar els ajuts disponibles per a la transici\u00f3 energ\u00e8tica<\/strong>, ajuts que ja gestionem amb els nostres membres. <\/p>\n<\/div>\n<\/article>\n<\/section>\n<\/div>\n<\/div>\n\t\t\t\t\t\t\t\t<\/div>\n\t\t\t\t<\/div>\n\t\t\t\t\t<\/div>\n\t\t<\/div>\n\t\t\t\t\t<\/div>\n\t\t<\/section>\n\t\t\t\t<section class=\"elementor-section elementor-top-section elementor-element elementor-element-f137910 elementor-section-boxed elementor-section-height-default elementor-section-height-default\" data-id=\"f137910\" data-element_type=\"section\" data-e-type=\"section\" data-settings=\"{&quot;background_background&quot;:&quot;classic&quot;}\">\n\t\t\t\t\t\t<div class=\"elementor-container elementor-column-gap-default\">\n\t\t\t\t\t<div class=\"elementor-column elementor-col-33 elementor-top-column elementor-element elementor-element-97cff05\" data-id=\"97cff05\" data-element_type=\"column\" data-e-type=\"column\">\n\t\t\t<div class=\"elementor-widget-wrap elementor-element-populated\">\n\t\t\t\t\t\t<div class=\"elementor-element elementor-element-04536cc elementor-widget elementor-widget-heading\" data-id=\"04536cc\" data-element_type=\"widget\" data-e-type=\"widget\" data-widget_type=\"heading.default\">\n\t\t\t\t<div class=\"elementor-widget-container\">\n\t\t\t\t\t<h2 class=\"elementor-heading-title elementor-size-default\">Encara no ets membre d'amec?\n<\/h2>\t\t\t\t<\/div>\n\t\t\t\t<\/div>\n\t\t\t\t<div class=\"elementor-element elementor-element-a2e0786 elementor-widget__width-initial elementor-widget-divider--view-line elementor-widget elementor-widget-global elementor-global-48210 elementor-global-159 elementor-widget-divider\" data-id=\"a2e0786\" data-element_type=\"widget\" data-e-type=\"widget\" data-widget_type=\"divider.default\">\n\t\t\t\t<div class=\"elementor-widget-container\">\n\t\t\t\t\t\t\t<div class=\"elementor-divider\">\n\t\t\t<span class=\"elementor-divider-separator\">\n\t\t\t\t\t\t<\/span>\n\t\t<\/div>\n\t\t\t\t\t\t<\/div>\n\t\t\t\t<\/div>\n\t\t\t\t\t<\/div>\n\t\t<\/div>\n\t\t\t\t<div class=\"elementor-column elementor-col-66 elementor-top-column elementor-element elementor-element-e4d4ee8\" data-id=\"e4d4ee8\" data-element_type=\"column\" data-e-type=\"column\">\n\t\t\t<div class=\"elementor-widget-wrap elementor-element-populated\">\n\t\t\t\t\t\t<div class=\"elementor-element elementor-element-d5acdd2 elementor-widget elementor-widget-text-editor\" data-id=\"d5acdd2\" data-element_type=\"widget\" data-e-type=\"widget\" data-widget_type=\"text-editor.default\">\n\t\t\t\t<div class=\"elementor-widget-container\">\n\t\t\t\t\t\t\t\t\t<p lang=\"es-ES-u-co-trad\" align=\"justify\">Si ets una empresa industrial disposada a liderar el mercat internacional, t&#8217;esperem. <em><strong>amec<\/strong><\/em> contribuir\u00e0 al vostre <strong>desenvolupament empresarial, industrial i internacional.<\/strong> <\/p>\n\t\t\t\t\t\t\t\t<\/div>\n\t\t\t\t<\/div>\n\t\t\t\t<div class=\"elementor-element elementor-element-fe66fb9 elementor-position-inline-end elementor-widget__width-auto elementor-view-default elementor-mobile-position-block-start elementor-widget elementor-widget-icon-box\" data-id=\"fe66fb9\" data-element_type=\"widget\" data-e-type=\"widget\" data-widget_type=\"icon-box.default\">\n\t\t\t\t<div class=\"elementor-widget-container\">\n\t\t\t\t\t\t\t<div class=\"elementor-icon-box-wrapper\">\n\n\t\t\t\t\t\t<div class=\"elementor-icon-box-icon\">\n\t\t\t\t<a href=\"https:\/\/www.amec.es\/index.php\/unete\/\" class=\"elementor-icon\" tabindex=\"-1\" aria-label=\"Uneix-te \">\n\t\t\t\t<svg xmlns=\"http:\/\/www.w3.org\/2000\/svg\" width=\"53.45\" height=\"9.228\" viewBox=\"0 0 53.45 9.228\"><g id=\"Componente_3_144\" data-name=\"Componente 3 &#x2013; 144\" transform=\"translate(0 0.354)\"><line id=\"L&#xED;nea_68\" data-name=\"L&#xED;nea 68\" x2=\"53\" transform=\"translate(0 4.259)\" fill=\"none\" stroke=\"#ffffff\" stroke-miterlimit=\"10\" stroke-width=\"1\"><\/line><path id=\"Trazado_107\" data-name=\"Trazado 107\" d=\"M253.076,4313.4l4.26,4.26-4.26,4.261\" transform=\"translate(-204.594 -4313.398)\" fill=\"none\" stroke=\"#ffffff\" stroke-miterlimit=\"10\" stroke-width=\"1\"><\/path><\/g><\/svg>\t\t\t\t<\/a>\n\t\t\t<\/div>\n\t\t\t\n\t\t\t\t\t\t<div class=\"elementor-icon-box-content\">\n\n\t\t\t\t\t\t\t\t\t<p class=\"elementor-icon-box-title\">\n\t\t\t\t\t\t<a href=\"https:\/\/www.amec.es\/index.php\/unete\/\" >\n\t\t\t\t\t\t\tUneix-te \t\t\t\t\t\t<\/a>\n\t\t\t\t\t<\/p>\n\t\t\t\t\n\t\t\t\t\n\t\t\t<\/div>\n\t\t\t\n\t\t<\/div>\n\t\t\t\t\t\t<\/div>\n\t\t\t\t<\/div>\n\t\t\t\t\t<\/div>\n\t\t<\/div>\n\t\t\t\t\t<\/div>\n\t\t<\/section>\n\t\t\t\t<section class=\"elementor-section elementor-top-section elementor-element elementor-element-8adef68 elementor-section-boxed elementor-section-height-default elementor-section-height-default\" data-id=\"8adef68\" data-element_type=\"section\" data-e-type=\"section\">\n\t\t\t\t\t\t<div class=\"elementor-container elementor-column-gap-default\">\n\t\t\t\t\t<div class=\"elementor-column elementor-col-100 elementor-top-column elementor-element elementor-element-e48bae5\" data-id=\"e48bae5\" data-element_type=\"column\" data-e-type=\"column\">\n\t\t\t<div class=\"elementor-widget-wrap elementor-element-populated\">\n\t\t\t\t\t\t<div class=\"elementor-element elementor-element-0abfec4 elementor-widget elementor-widget-template\" data-id=\"0abfec4\" data-element_type=\"widget\" data-e-type=\"widget\" data-widget_type=\"template.default\">\n\t\t\t\t<div class=\"elementor-widget-container\">\n\t\t\t\t\t\t\t<div class=\"elementor-template\">\n\t\t\t\t\t<div data-elementor-type=\"section\" data-elementor-id=\"4803\" class=\"elementor elementor-4803\" data-elementor-post-type=\"elementor_library\">\n\t\t\t\t\t<section class=\"elementor-section elementor-top-section elementor-element elementor-element-a3139c9 elementor-section-boxed elementor-section-height-default elementor-section-height-default\" data-id=\"a3139c9\" data-element_type=\"section\" data-e-type=\"section\">\n\t\t\t\t\t\t<div class=\"elementor-container elementor-column-gap-default\">\n\t\t\t\t\t<div class=\"elementor-column elementor-col-50 elementor-top-column elementor-element elementor-element-555f040\" data-id=\"555f040\" data-element_type=\"column\" data-e-type=\"column\">\n\t\t\t<div class=\"elementor-widget-wrap elementor-element-populated\">\n\t\t\t\t\t\t<div class=\"elementor-element elementor-element-4641576 elementor-widget elementor-widget-heading\" data-id=\"4641576\" data-element_type=\"widget\" data-e-type=\"widget\" data-widget_type=\"heading.default\">\n\t\t\t\t<div class=\"elementor-widget-container\">\n\t\t\t\t\t<h2 class=\"elementor-heading-title elementor-size-default\">\u00daltimas noticias<\/h2>\t\t\t\t<\/div>\n\t\t\t\t<\/div>\n\t\t\t\t<div class=\"elementor-element elementor-element-544f6a8 elementor-widget__width-initial elementor-widget-divider--view-line elementor-widget elementor-widget-global elementor-global-48210 elementor-global-159 elementor-widget-divider\" data-id=\"544f6a8\" data-element_type=\"widget\" data-e-type=\"widget\" data-widget_type=\"divider.default\">\n\t\t\t\t<div class=\"elementor-widget-container\">\n\t\t\t\t\t\t\t<div class=\"elementor-divider\">\n\t\t\t<span class=\"elementor-divider-separator\">\n\t\t\t\t\t\t<\/span>\n\t\t<\/div>\n\t\t\t\t\t\t<\/div>\n\t\t\t\t<\/div>\n\t\t\t\t\t<\/div>\n\t\t<\/div>\n\t\t\t\t<div class=\"elementor-column elementor-col-50 elementor-top-column elementor-element elementor-element-0e76a23\" data-id=\"0e76a23\" data-element_type=\"column\" data-e-type=\"column\">\n\t\t\t<div class=\"elementor-widget-wrap elementor-element-populated\">\n\t\t\t\t\t\t<div class=\"elementor-element elementor-element-d3a9fd1 elementor-position-inline-end elementor-widget__width-auto elementor-view-default elementor-mobile-position-block-start elementor-widget elementor-widget-icon-box\" data-id=\"d3a9fd1\" data-element_type=\"widget\" data-e-type=\"widget\" data-widget_type=\"icon-box.default\">\n\t\t\t\t<div class=\"elementor-widget-container\">\n\t\t\t\t\t\t\t<div class=\"elementor-icon-box-wrapper\">\n\n\t\t\t\t\t\t<div class=\"elementor-icon-box-icon\">\n\t\t\t\t<a href=\"https:\/\/www.amec.es\/amecnews\/noticias\" class=\"elementor-icon\" tabindex=\"-1\" aria-label=\"M\u00e1s noticias\">\n\t\t\t\t<svg xmlns=\"http:\/\/www.w3.org\/2000\/svg\" width=\"53.45\" height=\"9.228\" viewBox=\"0 0 53.45 9.228\"><g id=\"Componente_3_144\" data-name=\"Componente 3 &#x2013; 144\" transform=\"translate(0 0.354)\"><line id=\"L&#xED;nea_68\" data-name=\"L&#xED;nea 68\" x2=\"53\" transform=\"translate(0 4.259)\" fill=\"none\" stroke=\"#002e84\" stroke-miterlimit=\"10\" stroke-width=\"1\"><\/line><path id=\"Trazado_107\" data-name=\"Trazado 107\" d=\"M253.076,4313.4l4.26,4.26-4.26,4.261\" transform=\"translate(-204.594 -4313.398)\" fill=\"none\" stroke=\"#002e84\" stroke-miterlimit=\"10\" stroke-width=\"1\"><\/path><\/g><\/svg>\t\t\t\t<\/a>\n\t\t\t<\/div>\n\t\t\t\n\t\t\t\t\t\t<div class=\"elementor-icon-box-content\">\n\n\t\t\t\t\t\t\t\t\t<p class=\"elementor-icon-box-title\">\n\t\t\t\t\t\t<a href=\"https:\/\/www.amec.es\/amecnews\/noticias\" >\n\t\t\t\t\t\t\tM\u00e1s noticias\t\t\t\t\t\t<\/a>\n\t\t\t\t\t<\/p>\n\t\t\t\t\n\t\t\t\t\n\t\t\t<\/div>\n\t\t\t\n\t\t<\/div>\n\t\t\t\t\t\t<\/div>\n\t\t\t\t<\/div>\n\t\t\t\t\t<\/div>\n\t\t<\/div>\n\t\t\t\t\t<\/div>\n\t\t<\/section>\n\t\t\t\t<section class=\"elementor-section elementor-top-section elementor-element elementor-element-75f3bcf elementor-section-boxed elementor-section-height-default elementor-section-height-default\" data-id=\"75f3bcf\" data-element_type=\"section\" data-e-type=\"section\">\n\t\t\t\t\t\t<div class=\"elementor-container elementor-column-gap-default\">\n\t\t\t\t\t<div class=\"elementor-column elementor-col-100 elementor-top-column elementor-element elementor-element-f282ecb\" data-id=\"f282ecb\" data-element_type=\"column\" data-e-type=\"column\">\n\t\t\t<div class=\"elementor-widget-wrap elementor-element-populated\">\n\t\t\t\t\t\t<div class=\"elementor-element elementor-element-3261fd6 elementor-grid-3 elementor-grid-tablet-2 elementor-grid-mobile-1 elementor-posts--thumbnail-top elementor-posts--show-avatar elementor-card-shadow-yes elementor-posts__hover-gradient elementor-widget elementor-widget-posts\" data-id=\"3261fd6\" data-element_type=\"widget\" data-e-type=\"widget\" data-settings=\"{&quot;cards_masonry&quot;:&quot;yes&quot;,&quot;cards_columns&quot;:&quot;3&quot;,&quot;cards_columns_tablet&quot;:&quot;2&quot;,&quot;cards_columns_mobile&quot;:&quot;1&quot;,&quot;cards_row_gap&quot;:{&quot;unit&quot;:&quot;px&quot;,&quot;size&quot;:35,&quot;sizes&quot;:[]},&quot;cards_row_gap_tablet&quot;:{&quot;unit&quot;:&quot;px&quot;,&quot;size&quot;:&quot;&quot;,&quot;sizes&quot;:[]},&quot;cards_row_gap_mobile&quot;:{&quot;unit&quot;:&quot;px&quot;,&quot;size&quot;:&quot;&quot;,&quot;sizes&quot;:[]}}\" data-widget_type=\"posts.cards\">\n\t\t\t\t<div class=\"elementor-widget-container\">\n\t\t\t\t\t\t\t<div class=\"elementor-posts-container elementor-posts elementor-posts--skin-cards elementor-grid\" role=\"list\">\n\t\t\t\t<article class=\"elementor-post elementor-grid-item post-1698 post type-post status-publish format-standard hentry category-informacio-internacional\" role=\"listitem\">\n\t\t\t<div class=\"elementor-post__card\">\n\t\t\t\t<div class=\"elementor-post__text\">\n\t\t\t\t<h3 class=\"elementor-post__title\">\n\t\t\t<a href=\"https:\/\/amec.es\/ca\/informacio-internacional\/la-solidesa-de-la-internacionalitzacio-de-leconomia-espanyola-millora-un-491-el-2021\/\" >\n\t\t\t\tLa solidesa de la internacionalitzaci\u00f3 de l\u2019economia espanyola millora un 4,91% el 2021\t\t\t<\/a>\n\t\t<\/h3>\n\t\t\t\t<div class=\"elementor-post__excerpt\">\n\t\t\t<p>L&#8217;indicador de les exportacions, que es recuperen despr\u00e9s de la pand\u00e8mia, aix\u00ed com el seu pes al PIB, impulsa l&#8217;ISI 2021. \u201cLa recuperaci\u00f3 el 2021<\/p>\n\t\t<\/div>\n\t\t\n\t\t<a class=\"elementor-post__read-more\" href=\"https:\/\/amec.es\/ca\/informacio-internacional\/la-solidesa-de-la-internacionalitzacio-de-leconomia-espanyola-millora-un-491-el-2021\/\" aria-label=\"Read more about La solidesa de la internacionalitzaci\u00f3 de l\u2019economia espanyola millora un 4,91% el 2021\" tabindex=\"-1\" >\n\t\t\tLeer m\u00e1s \u00bb\t\t<\/a>\n\n\t\t\t\t<\/div>\n\t\t\t\t<div class=\"elementor-post__meta-data\">\n\t\t\t\t\t<span class=\"elementor-post-date\">\n\t\t\t13 de juliol de 2022\t\t<\/span>\n\t\t\t\t<span class=\"elementor-post-avatar\">\n\t\t\tNo hi ha comentaris\t\t<\/span>\n\t\t\t\t<\/div>\n\t\t\t\t\t<\/div>\n\t\t<\/article>\n\t\t\t\t<article class=\"elementor-post elementor-grid-item post-6620 post type-post status-publish format-standard hentry category-informacio-internacional\" role=\"listitem\">\n\t\t\t<div class=\"elementor-post__card\">\n\t\t\t\t<div class=\"elementor-post__text\">\n\t\t\t\t<h3 class=\"elementor-post__title\">\n\t\t\t<a href=\"https:\/\/amec.es\/ca\/informacio-internacional\/amec-es-bolca-a-informar-i-donar-suport-a-les-empreses-amb-interessos-a-russia-i-ucraina\/\" >\n\t\t\t\tamec es bolca a informar i donar suport a les empreses amb interessos a R\u00fassia i Ucra\u00efna\t\t\t<\/a>\n\t\t<\/h3>\n\t\t\t\t<div class=\"elementor-post__excerpt\">\n\t\t\t<p>amec ha desenvolupat un servei especial de suport a les empreses amb interessos comercials a R\u00fassia i Ucra\u00efna. L&#8217;entitat compta amb un observatori permanent, que<\/p>\n\t\t<\/div>\n\t\t\n\t\t<a class=\"elementor-post__read-more\" href=\"https:\/\/amec.es\/ca\/informacio-internacional\/amec-es-bolca-a-informar-i-donar-suport-a-les-empreses-amb-interessos-a-russia-i-ucraina\/\" aria-label=\"Read more about amec es bolca a informar i donar suport a les empreses amb interessos a R\u00fassia i Ucra\u00efna\" tabindex=\"-1\" >\n\t\t\tLeer m\u00e1s \u00bb\t\t<\/a>\n\n\t\t\t\t<\/div>\n\t\t\t\t<div class=\"elementor-post__meta-data\">\n\t\t\t\t\t<span class=\"elementor-post-date\">\n\t\t\t25 de febrer de 2022\t\t<\/span>\n\t\t\t\t<span class=\"elementor-post-avatar\">\n\t\t\tNo hi ha comentaris\t\t<\/span>\n\t\t\t\t<\/div>\n\t\t\t\t\t<\/div>\n\t\t<\/article>\n\t\t\t\t<\/div>\n\t\t\n\t\t\t\t\t\t<\/div>\n\t\t\t\t<\/div>\n\t\t\t\t\t<\/div>\n\t\t<\/div>\n\t\t\t\t\t<\/div>\n\t\t<\/section>\n\t\t\t\t<\/div>\n\t\t\t\t<\/div>\n\t\t\t\t\t\t<\/div>\n\t\t\t\t<\/div>\n\t\t\t\t\t<\/div>\n\t\t<\/div>\n\t\t\t\t\t<\/div>\n\t\t<\/section>\n\t\t\t\t<\/div>\n\t\t","protected":false},"excerpt":{"rendered":"<p>Guanya competitivitat Cursos La Sostenibilitat un dels factors essencials de competitivitat empresarial L&#8217;economia circular. Qu\u00e8 \u00e9s i com s&#8217;incorpora a la estrategia de l&#8217;empresa. La Sostenibilitat un dels factors essencials de competitivitat empresarial Desenvolupa els cinc factors claus de competitivitat per a la gesti\u00f3 empresarial en contextos incerts. Escull m\u00f2dul o desenvolupa el programa sencer. [&hellip;]<\/p>\n","protected":false},"author":1,"featured_media":1316,"parent":5903,"menu_order":0,"comment_status":"closed","ping_status":"closed","template":"","meta":{"inline_featured_image":false,"footnotes":""},"categories":[],"tags":[],"class_list":["post-5949","page","type-page","status-publish","has-post-thumbnail","hentry"],"yoast_head":"<!-- This site is optimized with the Yoast SEO plugin v27.3 - https:\/\/yoast.com\/product\/yoast-seo-wordpress\/ -->\n<title>Cursos - SOSTENIBILITAT | amec Positive Industry<\/title>\n<meta name=\"robots\" content=\"index, follow, max-snippet:-1, max-image-preview:large, max-video-preview:-1\" \/>\n<link rel=\"canonical\" href=\"https:\/\/amec.es\/gana-competitividad\/cursos-sostenibilidad\/\" \/>\n<meta property=\"og:locale\" content=\"ca_ES\" \/>\n<meta property=\"og:type\" content=\"article\" \/>\n<meta property=\"og:title\" content=\"Cursos - SOSTENIBILITAT | amec Positive Industry\" \/>\n<meta property=\"og:description\" content=\"Guanya competitivitat Cursos La Sostenibilitat un dels factors essencials de competitivitat empresarial L&#8217;economia circular. Qu\u00e8 \u00e9s i com s&#8217;incorpora a la estrategia de l&#8217;empresa. La Sostenibilitat un dels factors essencials de competitivitat empresarial Desenvolupa els cinc factors claus de competitivitat per a la gesti\u00f3 empresarial en contextos incerts. Escull m\u00f2dul o desenvolupa el programa sencer. [&hellip;]\" \/>\n<meta property=\"og:url\" content=\"https:\/\/amec.es\/gana-competitividad\/cursos-sostenibilidad\/\" \/>\n<meta property=\"og:site_name\" content=\"amec Positive Industry\" \/>\n<meta property=\"article:modified_time\" content=\"2023-08-24T11:59:23+00:00\" \/>\n<meta property=\"og:image\" content=\"https:\/\/amec.es\/wp-content\/uploads\/2023\/07\/cabeceritasformacio.jpg\" \/>\n\t<meta property=\"og:image:width\" content=\"1920\" \/>\n\t<meta property=\"og:image:height\" content=\"284\" \/>\n\t<meta property=\"og:image:type\" content=\"image\/jpeg\" \/>\n<meta name=\"twitter:card\" content=\"summary_large_image\" \/>\n<meta name=\"twitter:label1\" content=\"Temps estimat de lectura\" \/>\n\t<meta name=\"twitter:data1\" content=\"5 minuts\" \/>\n<script type=\"application\/ld+json\" class=\"yoast-schema-graph\">{\"@context\":\"https:\\\/\\\/schema.org\",\"@graph\":[{\"@type\":\"WebPage\",\"@id\":\"https:\\\/\\\/amec.es\\\/gana-competitividad\\\/cursos-sostenibilidad\\\/\",\"url\":\"https:\\\/\\\/amec.es\\\/gana-competitividad\\\/cursos-sostenibilidad\\\/\",\"name\":\"Cursos - SOSTENIBILITAT | amec Positive Industry\",\"isPartOf\":{\"@id\":\"https:\\\/\\\/amec.es\\\/#website\"},\"primaryImageOfPage\":{\"@id\":\"https:\\\/\\\/amec.es\\\/gana-competitividad\\\/cursos-sostenibilidad\\\/#primaryimage\"},\"image\":{\"@id\":\"https:\\\/\\\/amec.es\\\/gana-competitividad\\\/cursos-sostenibilidad\\\/#primaryimage\"},\"thumbnailUrl\":\"https:\\\/\\\/amec.es\\\/wp-content\\\/uploads\\\/2023\\\/07\\\/cabeceritasformacio.jpg\",\"datePublished\":\"2023-07-25T09:02:02+00:00\",\"dateModified\":\"2023-08-24T11:59:23+00:00\",\"breadcrumb\":{\"@id\":\"https:\\\/\\\/amec.es\\\/gana-competitividad\\\/cursos-sostenibilidad\\\/#breadcrumb\"},\"inLanguage\":\"ca\",\"potentialAction\":[{\"@type\":\"ReadAction\",\"target\":[\"https:\\\/\\\/amec.es\\\/gana-competitividad\\\/cursos-sostenibilidad\\\/\"]}]},{\"@type\":\"ImageObject\",\"inLanguage\":\"ca\",\"@id\":\"https:\\\/\\\/amec.es\\\/gana-competitividad\\\/cursos-sostenibilidad\\\/#primaryimage\",\"url\":\"https:\\\/\\\/amec.es\\\/wp-content\\\/uploads\\\/2023\\\/07\\\/cabeceritasformacio.jpg\",\"contentUrl\":\"https:\\\/\\\/amec.es\\\/wp-content\\\/uploads\\\/2023\\\/07\\\/cabeceritasformacio.jpg\",\"width\":1920,\"height\":284},{\"@type\":\"BreadcrumbList\",\"@id\":\"https:\\\/\\\/amec.es\\\/gana-competitividad\\\/cursos-sostenibilidad\\\/#breadcrumb\",\"itemListElement\":[{\"@type\":\"ListItem\",\"position\":1,\"name\":\"Portada\",\"item\":\"https:\\\/\\\/amec.es\\\/ca\\\/home-new\\\/\"},{\"@type\":\"ListItem\",\"position\":2,\"name\":\"Guanya competitivitat\",\"item\":\"https:\\\/\\\/amec.es\\\/ca\\\/guanya-competitivitat\\\/\"},{\"@type\":\"ListItem\",\"position\":3,\"name\":\"Cursos &#8211; SOSTENIBILITAT\"}]},{\"@type\":\"WebSite\",\"@id\":\"https:\\\/\\\/amec.es\\\/#website\",\"url\":\"https:\\\/\\\/amec.es\\\/\",\"name\":\"amec Positive Industry\",\"description\":\"\",\"publisher\":{\"@id\":\"https:\\\/\\\/amec.es\\\/#organization\"},\"potentialAction\":[{\"@type\":\"SearchAction\",\"target\":{\"@type\":\"EntryPoint\",\"urlTemplate\":\"https:\\\/\\\/amec.es\\\/?s={search_term_string}\"},\"query-input\":{\"@type\":\"PropertyValueSpecification\",\"valueRequired\":true,\"valueName\":\"search_term_string\"}}],\"inLanguage\":\"ca\"},{\"@type\":\"Organization\",\"@id\":\"https:\\\/\\\/amec.es\\\/#organization\",\"name\":\"amec Positive Industry\",\"url\":\"https:\\\/\\\/amec.es\\\/\",\"logo\":{\"@type\":\"ImageObject\",\"inLanguage\":\"ca\",\"@id\":\"https:\\\/\\\/amec.es\\\/#\\\/schema\\\/logo\\\/image\\\/\",\"url\":\"https:\\\/\\\/amec.es\\\/wp-content\\\/uploads\\\/2023\\\/07\\\/logoamec.png\",\"contentUrl\":\"https:\\\/\\\/amec.es\\\/wp-content\\\/uploads\\\/2023\\\/07\\\/logoamec.png\",\"width\":200,\"height\":48,\"caption\":\"amec Positive Industry\"},\"image\":{\"@id\":\"https:\\\/\\\/amec.es\\\/#\\\/schema\\\/logo\\\/image\\\/\"}}]}<\/script>\n<!-- \/ Yoast SEO plugin. -->","yoast_head_json":{"title":"Cursos - SOSTENIBILITAT | amec Positive Industry","robots":{"index":"index","follow":"follow","max-snippet":"max-snippet:-1","max-image-preview":"max-image-preview:large","max-video-preview":"max-video-preview:-1"},"canonical":"https:\/\/amec.es\/gana-competitividad\/cursos-sostenibilidad\/","og_locale":"ca_ES","og_type":"article","og_title":"Cursos - SOSTENIBILITAT | amec Positive Industry","og_description":"Guanya competitivitat Cursos La Sostenibilitat un dels factors essencials de competitivitat empresarial L&#8217;economia circular. Qu\u00e8 \u00e9s i com s&#8217;incorpora a la estrategia de l&#8217;empresa. La Sostenibilitat un dels factors essencials de competitivitat empresarial Desenvolupa els cinc factors claus de competitivitat per a la gesti\u00f3 empresarial en contextos incerts. Escull m\u00f2dul o desenvolupa el programa sencer. [&hellip;]","og_url":"https:\/\/amec.es\/gana-competitividad\/cursos-sostenibilidad\/","og_site_name":"amec Positive Industry","article_modified_time":"2023-08-24T11:59:23+00:00","og_image":[{"width":1920,"height":284,"url":"https:\/\/amec.es\/wp-content\/uploads\/2023\/07\/cabeceritasformacio.jpg","type":"image\/jpeg"}],"twitter_card":"summary_large_image","twitter_misc":{"Temps estimat de lectura":"5 minuts"},"schema":{"@context":"https:\/\/schema.org","@graph":[{"@type":"WebPage","@id":"https:\/\/amec.es\/gana-competitividad\/cursos-sostenibilidad\/","url":"https:\/\/amec.es\/gana-competitividad\/cursos-sostenibilidad\/","name":"Cursos - SOSTENIBILITAT | amec Positive Industry","isPartOf":{"@id":"https:\/\/amec.es\/#website"},"primaryImageOfPage":{"@id":"https:\/\/amec.es\/gana-competitividad\/cursos-sostenibilidad\/#primaryimage"},"image":{"@id":"https:\/\/amec.es\/gana-competitividad\/cursos-sostenibilidad\/#primaryimage"},"thumbnailUrl":"https:\/\/amec.es\/wp-content\/uploads\/2023\/07\/cabeceritasformacio.jpg","datePublished":"2023-07-25T09:02:02+00:00","dateModified":"2023-08-24T11:59:23+00:00","breadcrumb":{"@id":"https:\/\/amec.es\/gana-competitividad\/cursos-sostenibilidad\/#breadcrumb"},"inLanguage":"ca","potentialAction":[{"@type":"ReadAction","target":["https:\/\/amec.es\/gana-competitividad\/cursos-sostenibilidad\/"]}]},{"@type":"ImageObject","inLanguage":"ca","@id":"https:\/\/amec.es\/gana-competitividad\/cursos-sostenibilidad\/#primaryimage","url":"https:\/\/amec.es\/wp-content\/uploads\/2023\/07\/cabeceritasformacio.jpg","contentUrl":"https:\/\/amec.es\/wp-content\/uploads\/2023\/07\/cabeceritasformacio.jpg","width":1920,"height":284},{"@type":"BreadcrumbList","@id":"https:\/\/amec.es\/gana-competitividad\/cursos-sostenibilidad\/#breadcrumb","itemListElement":[{"@type":"ListItem","position":1,"name":"Portada","item":"https:\/\/amec.es\/ca\/home-new\/"},{"@type":"ListItem","position":2,"name":"Guanya competitivitat","item":"https:\/\/amec.es\/ca\/guanya-competitivitat\/"},{"@type":"ListItem","position":3,"name":"Cursos &#8211; SOSTENIBILITAT"}]},{"@type":"WebSite","@id":"https:\/\/amec.es\/#website","url":"https:\/\/amec.es\/","name":"amec Positive Industry","description":"","publisher":{"@id":"https:\/\/amec.es\/#organization"},"potentialAction":[{"@type":"SearchAction","target":{"@type":"EntryPoint","urlTemplate":"https:\/\/amec.es\/?s={search_term_string}"},"query-input":{"@type":"PropertyValueSpecification","valueRequired":true,"valueName":"search_term_string"}}],"inLanguage":"ca"},{"@type":"Organization","@id":"https:\/\/amec.es\/#organization","name":"amec Positive Industry","url":"https:\/\/amec.es\/","logo":{"@type":"ImageObject","inLanguage":"ca","@id":"https:\/\/amec.es\/#\/schema\/logo\/image\/","url":"https:\/\/amec.es\/wp-content\/uploads\/2023\/07\/logoamec.png","contentUrl":"https:\/\/amec.es\/wp-content\/uploads\/2023\/07\/logoamec.png","width":200,"height":48,"caption":"amec Positive Industry"},"image":{"@id":"https:\/\/amec.es\/#\/schema\/logo\/image\/"}}]}},"_links":{"self":[{"href":"https:\/\/amec.es\/ca\/wp-json\/wp\/v2\/pages\/5949","targetHints":{"allow":["GET"]}}],"collection":[{"href":"https:\/\/amec.es\/ca\/wp-json\/wp\/v2\/pages"}],"about":[{"href":"https:\/\/amec.es\/ca\/wp-json\/wp\/v2\/types\/page"}],"author":[{"embeddable":true,"href":"https:\/\/amec.es\/ca\/wp-json\/wp\/v2\/users\/1"}],"replies":[{"embeddable":true,"href":"https:\/\/amec.es\/ca\/wp-json\/wp\/v2\/comments?post=5949"}],"version-history":[{"count":1,"href":"https:\/\/amec.es\/ca\/wp-json\/wp\/v2\/pages\/5949\/revisions"}],"predecessor-version":[{"id":5950,"href":"https:\/\/amec.es\/ca\/wp-json\/wp\/v2\/pages\/5949\/revisions\/5950"}],"up":[{"embeddable":true,"href":"https:\/\/amec.es\/ca\/wp-json\/wp\/v2\/pages\/5903"}],"wp:featuredmedia":[{"embeddable":true,"href":"https:\/\/amec.es\/ca\/wp-json\/wp\/v2\/media\/1316"}],"wp:attachment":[{"href":"https:\/\/amec.es\/ca\/wp-json\/wp\/v2\/media?parent=5949"}],"wp:term":[{"taxonomy":"category","embeddable":true,"href":"https:\/\/amec.es\/ca\/wp-json\/wp\/v2\/categories?post=5949"},{"taxonomy":"post_tag","embeddable":true,"href":"https:\/\/amec.es\/ca\/wp-json\/wp\/v2\/tags?post=5949"}],"curies":[{"name":"wp","href":"https:\/\/api.w.org\/{rel}","templated":true}]}}