{"id":6034,"date":"2023-08-07T04:56:36","date_gmt":"2023-08-07T02:56:36","guid":{"rendered":"https:\/\/elementor2.ameclexdir.com\/index.php\/guanya-competitivitat\/cursos-nous-lideratges\/lider-coach-empoderar-i-fer-creixer-als-equips\/"},"modified":"2024-01-16T11:39:07","modified_gmt":"2024-01-16T10:39:07","slug":"lider-coach-empoderar-i-fer-creixer-als-equips","status":"publish","type":"page","link":"https:\/\/amec.es\/ca\/guanya-competitivitat\/cursos-nous-lideratges\/lider-coach-empoderar-i-fer-creixer-als-equips\/","title":{"rendered":"Lider Coach: Empoderar i fer cr\u00e8ixer als equips"},"content":{"rendered":"\t\t<div data-elementor-type=\"wp-page\" data-elementor-id=\"6034\" class=\"elementor elementor-6034\" data-elementor-post-type=\"page\">\n\t\t\t\t\t\t<section class=\"elementor-section elementor-top-section elementor-element elementor-element-261ee3c elementor-section-boxed elementor-section-height-default elementor-section-height-default\" data-id=\"261ee3c\" data-element_type=\"section\" data-e-type=\"section\" data-settings=\"{&quot;background_background&quot;:&quot;classic&quot;}\">\n\t\t\t\t\t\t<div class=\"elementor-container elementor-column-gap-default\">\n\t\t\t\t\t<div class=\"elementor-column elementor-col-100 elementor-top-column elementor-element elementor-element-be395dd\" data-id=\"be395dd\" data-element_type=\"column\" data-e-type=\"column\">\n\t\t\t<div class=\"elementor-widget-wrap elementor-element-populated\">\n\t\t\t\t\t\t<div class=\"elementor-element elementor-element-59be414 elementor-widget__width-initial elementor-widget-divider--view-line elementor-widget elementor-widget-global elementor-global-48210 elementor-global-159 elementor-widget-divider\" data-id=\"59be414\" data-element_type=\"widget\" data-e-type=\"widget\" data-widget_type=\"divider.default\">\n\t\t\t\t<div class=\"elementor-widget-container\">\n\t\t\t\t\t\t\t<div class=\"elementor-divider\">\n\t\t\t<span class=\"elementor-divider-separator\">\n\t\t\t\t\t\t<\/span>\n\t\t<\/div>\n\t\t\t\t\t\t<\/div>\n\t\t\t\t<\/div>\n\t\t\t\t\t<\/div>\n\t\t<\/div>\n\t\t\t\t\t<\/div>\n\t\t<\/section>\n\t\t\t\t<section class=\"elementor-section elementor-top-section elementor-element elementor-element-a41ec39 elementor-section-boxed elementor-section-height-default elementor-section-height-default\" data-id=\"a41ec39\" data-element_type=\"section\" data-e-type=\"section\" data-settings=\"{&quot;background_background&quot;:&quot;classic&quot;}\">\n\t\t\t\t\t\t<div class=\"elementor-container elementor-column-gap-default\">\n\t\t\t\t\t<div class=\"elementor-column elementor-col-33 elementor-top-column elementor-element elementor-element-1fdf8b1\" data-id=\"1fdf8b1\" data-element_type=\"column\" data-e-type=\"column\">\n\t\t\t<div class=\"elementor-widget-wrap elementor-element-populated\">\n\t\t\t\t\t\t<div class=\"elementor-element elementor-element-9c9c0a4 elementor-widget elementor-widget-heading\" data-id=\"9c9c0a4\" data-element_type=\"widget\" data-e-type=\"widget\" data-widget_type=\"heading.default\">\n\t\t\t\t<div class=\"elementor-widget-container\">\n\t\t\t\t\t<h2 class=\"elementor-heading-title elementor-size-default\">Lider Coach: Empoderar i fer cr\u00e8ixer als equips\n<\/h2>\t\t\t\t<\/div>\n\t\t\t\t<\/div>\n\t\t\t\t\t<\/div>\n\t\t<\/div>\n\t\t\t\t<div class=\"elementor-column elementor-col-66 elementor-top-column elementor-element elementor-element-045e790\" data-id=\"045e790\" data-element_type=\"column\" data-e-type=\"column\">\n\t\t\t<div class=\"elementor-widget-wrap elementor-element-populated\">\n\t\t\t\t\t\t<div class=\"elementor-element elementor-element-f3581ed elementor-widget elementor-widget-text-editor\" data-id=\"f3581ed\" data-element_type=\"widget\" data-e-type=\"widget\" data-widget_type=\"text-editor.default\">\n\t\t\t\t<div class=\"elementor-widget-container\">\n\t\t\t\t\t\t\t\t\t<p><strong>Noves dates 2024!<\/strong><\/p>\n<p><strong>31 de gener i 7,14 i 21 de febrer, de 9:00 a 12:00<\/strong><\/p>\n<ul>\n<li>Formaci\u00f3 de 12 hores dividida en 4 sessions de 3 hores cadascuna<\/li>\n<li>Programa online (amb un 40% de descompte per als membres d&#8217;<em><strong>amec<\/strong><\/em> i un 20% per a membres d&#8217;Ascamm i de l&#8217;AER)<\/li>\n<\/ul>\n<p>Aquest curs \u00e9s per a tu si gestiones equips i ja tens les bases de lideratge i vols desplegar un estil <strong>orientat a desenvolupar els equips: fer-los pensar, desafiar-los, generar autonomia i maximitzar-ne el potencial.<\/strong> <\/p>\n<p><strong>Entrenarem les compet\u00e8ncies, metodologies i eines per desenvolupar un estil de lideratge basat en EMPODERAR i INSPIRAR,<\/strong> perqu\u00e8 els equips creixin, alhora que tu, com a m\u00e0nager, tamb\u00e9 creixer\u00e0s i augmentar\u00e0s el valor que aportes.<\/p>\n<p><strong>T&#8217;interessa? inscriu-te emplenant el formulari del final d&#8217;aquesta p\u00e0gina<\/strong><\/p>\n\t\t\t\t\t\t\t\t<\/div>\n\t\t\t\t<\/div>\n\t\t\t\t\t<\/div>\n\t\t<\/div>\n\t\t\t\t\t<\/div>\n\t\t<\/section>\n\t\t\t\t<section class=\"elementor-section elementor-top-section elementor-element elementor-element-420554a elementor-section-boxed elementor-section-height-default elementor-section-height-default\" data-id=\"420554a\" data-element_type=\"section\" data-e-type=\"section\" data-settings=\"{&quot;background_background&quot;:&quot;classic&quot;}\">\n\t\t\t\t\t\t<div class=\"elementor-container elementor-column-gap-default\">\n\t\t\t\t\t<div class=\"elementor-column elementor-col-33 elementor-top-column elementor-element elementor-element-4b9c1fd\" data-id=\"4b9c1fd\" data-element_type=\"column\" data-e-type=\"column\" data-settings=\"{&quot;background_background&quot;:&quot;classic&quot;}\">\n\t\t\t<div class=\"elementor-widget-wrap elementor-element-populated\">\n\t\t\t\t\t\t<div class=\"elementor-element elementor-element-1bf2be2 elementor-widget elementor-widget-heading\" data-id=\"1bf2be2\" data-element_type=\"widget\" data-e-type=\"widget\" data-widget_type=\"heading.default\">\n\t\t\t\t<div class=\"elementor-widget-container\">\n\t\t\t\t\t<h2 class=\"elementor-heading-title elementor-size-default\">Quins beneficis obtindrem?\n<\/h2>\t\t\t\t<\/div>\n\t\t\t\t<\/div>\n\t\t\t\t<div class=\"elementor-element elementor-element-79f21a5 elementor-widget__width-initial elementor-widget-divider--view-line elementor-widget elementor-widget-global elementor-global-48210 elementor-global-159 elementor-widget-divider\" data-id=\"79f21a5\" data-element_type=\"widget\" data-e-type=\"widget\" data-widget_type=\"divider.default\">\n\t\t\t\t<div class=\"elementor-widget-container\">\n\t\t\t\t\t\t\t<div class=\"elementor-divider\">\n\t\t\t<span class=\"elementor-divider-separator\">\n\t\t\t\t\t\t<\/span>\n\t\t<\/div>\n\t\t\t\t\t\t<\/div>\n\t\t\t\t<\/div>\n\t\t\t\t\t<\/div>\n\t\t<\/div>\n\t\t\t\t<div class=\"elementor-column elementor-col-66 elementor-top-column elementor-element elementor-element-474bae4\" data-id=\"474bae4\" data-element_type=\"column\" data-e-type=\"column\">\n\t\t\t<div class=\"elementor-widget-wrap elementor-element-populated\">\n\t\t\t\t\t\t<div class=\"elementor-element elementor-element-bee4630 elementor-widget elementor-widget-text-editor\" data-id=\"bee4630\" data-element_type=\"widget\" data-e-type=\"widget\" data-widget_type=\"text-editor.default\">\n\t\t\t\t<div class=\"elementor-widget-container\">\n\t\t\t\t\t\t\t\t\t<p><strong>Pels l\u00edders<\/strong><\/p>\n<ul>\n<li>Fonaments de lideratge: lideratge i coaching <\/li>\n<li>Incorporen un estil de lideratge \u00fatil per inspirar i servir els equips.<\/li>\n<li>Es transformen en observadors m\u00e9s poderosos del fenomen hum\u00e0 i sist\u00e8mic, i intervenen amb una major consci\u00e8ncia i efic\u00e0cia.<\/li>\n<li>Gestionen de manera positiva els canvis.<\/li>\n<li>Cuestionan su forma habitual de hacer las cosas y ampl\u00edan su manera de pensar, sentir y relacionarse.<\/li>\n<li>. Aprenen a generar un clima obertura, empoderament i creativitat, que permet desplegar i combinar el talent de les persones.<\/li>\n<li>Se situen com a aprenents a la seva feina i per tant, aprenen m\u00e9s i m\u00e9s r\u00e0pid.<\/li>\n<li>Connecten amb les fortaleses i amb el coratge necessari per deixar anar el control.<\/li>\n<li>S&#8217;atreveixen a establir objectius fora de la seva zona de confort i anar-hi<\/li>\n<\/ul>\n<p><strong>Pels equips<\/strong><\/p>\n<ul>\n<li>Actuen des de la responsabilitat, i \u00e9s part de la soluci\u00f3.<\/li>\n<li>S&#8217;orienten al futur desitjat, connectant amb les fortaleses.<\/li>\n<li>Comparteixen el lideratge i eleven la seva autonomia d&#8217;acci\u00f3.<\/li>\n<li>S&#8217;empoderen i comparteixen obertament propostes de canvi.<\/li>\n<li>Es mobilitzen amb agilitat cap a objectius desafiants.<\/li>\n<li>Posen les ments i els cors al servei de la missi\u00f3 de l&#8217;Organitzaci\u00f3.<\/li>\n<li>Despleguen tot el seu talent.<\/li>\n<\/ul>\n\t\t\t\t\t\t\t\t<\/div>\n\t\t\t\t<\/div>\n\t\t\t\t\t<\/div>\n\t\t<\/div>\n\t\t\t\t\t<\/div>\n\t\t<\/section>\n\t\t\t\t<section class=\"elementor-section elementor-top-section elementor-element elementor-element-c781de6 elementor-section-boxed elementor-section-height-default elementor-section-height-default\" data-id=\"c781de6\" data-element_type=\"section\" data-e-type=\"section\" data-settings=\"{&quot;background_background&quot;:&quot;classic&quot;}\">\n\t\t\t\t\t\t<div class=\"elementor-container elementor-column-gap-default\">\n\t\t\t\t\t<div class=\"elementor-column elementor-col-33 elementor-top-column elementor-element elementor-element-5f0dfe1\" data-id=\"5f0dfe1\" data-element_type=\"column\" data-e-type=\"column\">\n\t\t\t<div class=\"elementor-widget-wrap elementor-element-populated\">\n\t\t\t\t\t\t<div class=\"elementor-element elementor-element-64807df elementor-widget elementor-widget-heading\" data-id=\"64807df\" data-element_type=\"widget\" data-e-type=\"widget\" data-widget_type=\"heading.default\">\n\t\t\t\t<div class=\"elementor-widget-container\">\n\t\t\t\t\t<h2 class=\"elementor-heading-title elementor-size-default\">Contingut del Programa\n<\/h2>\t\t\t\t<\/div>\n\t\t\t\t<\/div>\n\t\t\t\t\t<\/div>\n\t\t<\/div>\n\t\t\t\t<div class=\"elementor-column elementor-col-66 elementor-top-column elementor-element elementor-element-6cc3b0a\" data-id=\"6cc3b0a\" data-element_type=\"column\" data-e-type=\"column\">\n\t\t\t<div class=\"elementor-widget-wrap elementor-element-populated\">\n\t\t\t\t\t\t<div class=\"elementor-element elementor-element-9c95db2 elementor-widget elementor-widget-text-editor\" data-id=\"9c95db2\" data-element_type=\"widget\" data-e-type=\"widget\" data-widget_type=\"text-editor.default\">\n\t\t\t\t<div class=\"elementor-widget-container\">\n\t\t\t\t\t\t\t\t\t<p>1.- Paradigmes de lideratge<\/p>\n<ul>\n<li>Lideratge al servei dels equips<\/li>\n<li>Posicionament del l\u00edder: l\u00edder melic versus l\u00edder frontissa.<\/li>\n<li>Rol de v\u00edctima\/responsable segons la relaci\u00f3 amb el poder.<\/li>\n<li>Enfocament \u00fanic\/m\u00faltiple segons la relaci\u00f3 amb la diversitat.<\/li>\n<li>Liderar des del futur<\/li>\n<\/ul>\n<p>2.- Compet\u00e8ncies per fer cr\u00e9ixer els equips<\/p>\n<ul>\n<li>Escoltar m\u00e9s enll\u00e0 del que \u00e9s evident.<\/li>\n<li>Preguntar per comprendre i q\u00fcestionar<\/li>\n<li>Diferenciar entre judicis i afirmacions per obrir possibilitats<\/li>\n<li>Generar futur compartit i sentit.<\/li>\n<li>Comunicaci\u00f3 assertiva alhora que emp\u00e0tica<\/li>\n<\/ul>\n<p>3.- Empoderar: distincions, pautes i eines d&#8217;apoderament dels equips<\/p>\n<ul>\n<li>Generar un clima de seguretat on l&#8217;equip es pugui desplegar en confian\u00e7a <\/li>\n<li>Transcendir els prejudicis<\/li>\n<li>Involucrar i responsabilitzar totes les persones<\/li>\n<li>Aclarir la direcci\u00f3 i les regles de joc<\/li>\n<li>Donar sentit als canvis<\/li>\n<li>Facilitar ponts <\/li>\n<li>Influir en l&#8217;emocionalitat dels equips i la seva autoconfian\u00e7a.<\/li>\n<\/ul>\n<p>4.- Inspirar: distincions, pautes i eines per inspirar els equips<\/p>\n<ul>\n<li>Connectar amb el prop\u00f2sit<\/li>\n<li>Generar un clima de coraje, curiosidad y ambici\u00f3n<\/li>\n<li>Generar un clima de coratge, curiositat i ambici\u00f3 Dibuixar un futur il\u00b7lusionant en qu\u00e8 les persones puguin desplegar els seus talents.<\/li>\n<li>Comunicar per alinear amb els objectius organitzacionals.<\/li>\n<li>Facilitar espais de connexi\u00f3 amb diversos agents de l&#8217;ecosistema.<\/li>\n<\/ul>\n<p>5.- Entrenament de converses per mobilitzar i fer cr\u00e9ixer els equips en 5 fases:<\/p>\n<ul>\n<li>Context<\/li>\n<li>Comprendre i proposar<\/li>\n<li>Generar futur<\/li>\n<li>Comprometre<\/li>\n<li>Realitzar seguiment<\/li>\n<\/ul>\n\t\t\t\t\t\t\t\t<\/div>\n\t\t\t\t<\/div>\n\t\t\t\t\t<\/div>\n\t\t<\/div>\n\t\t\t\t\t<\/div>\n\t\t<\/section>\n\t\t\t\t<section class=\"elementor-section elementor-top-section elementor-element elementor-element-d8997d9 elementor-section-boxed elementor-section-height-default elementor-section-height-default\" data-id=\"d8997d9\" data-element_type=\"section\" data-e-type=\"section\" data-settings=\"{&quot;background_background&quot;:&quot;classic&quot;}\">\n\t\t\t\t\t\t<div class=\"elementor-container elementor-column-gap-default\">\n\t\t\t\t\t<div class=\"elementor-column elementor-col-100 elementor-top-column elementor-element elementor-element-195ad89\" data-id=\"195ad89\" data-element_type=\"column\" data-e-type=\"column\">\n\t\t\t<div class=\"elementor-widget-wrap elementor-element-populated\">\n\t\t\t\t\t\t<div class=\"elementor-element elementor-element-c41edf8 elementor-widget elementor-widget-heading\" data-id=\"c41edf8\" data-element_type=\"widget\" data-e-type=\"widget\" data-widget_type=\"heading.default\">\n\t\t\t\t<div class=\"elementor-widget-container\">\n\t\t\t\t\t<h3 class=\"elementor-heading-title elementor-size-default\">Equipo<\/h3>\t\t\t\t<\/div>\n\t\t\t\t<\/div>\n\t\t\t\t<div class=\"elementor-element elementor-element-25a0354 elementor-widget__width-initial elementor-widget-divider--view-line elementor-widget elementor-widget-global elementor-global-48210 elementor-global-159 elementor-widget-divider\" data-id=\"25a0354\" data-element_type=\"widget\" data-e-type=\"widget\" data-widget_type=\"divider.default\">\n\t\t\t\t<div class=\"elementor-widget-container\">\n\t\t\t\t\t\t\t<div class=\"elementor-divider\">\n\t\t\t<span class=\"elementor-divider-separator\">\n\t\t\t\t\t\t<\/span>\n\t\t<\/div>\n\t\t\t\t\t\t<\/div>\n\t\t\t\t<\/div>\n\t\t\t\t\t<\/div>\n\t\t<\/div>\n\t\t\t\t\t<\/div>\n\t\t<\/section>\n\t\t\t\t<section class=\"elementor-section elementor-top-section elementor-element elementor-element-7618fb3 elementor-section-boxed elementor-section-height-default elementor-section-height-default\" data-id=\"7618fb3\" data-element_type=\"section\" data-e-type=\"section\" data-settings=\"{&quot;background_background&quot;:&quot;classic&quot;}\">\n\t\t\t\t\t\t<div class=\"elementor-container elementor-column-gap-default\">\n\t\t\t\t\t<div class=\"elementor-column elementor-col-33 elementor-top-column elementor-element elementor-element-163a595\" data-id=\"163a595\" data-element_type=\"column\" data-e-type=\"column\">\n\t\t\t<div class=\"elementor-widget-wrap elementor-element-populated\">\n\t\t\t\t\t\t<div class=\"elementor-element elementor-element-4545c04 elementor-flip-box--effect-slide elementor-flip-box--direction-up elementor-widget elementor-widget-flip-box\" data-id=\"4545c04\" data-element_type=\"widget\" data-e-type=\"widget\" data-widget_type=\"flip-box.default\">\n\t\t\t\t<div class=\"elementor-widget-container\">\n\t\t\t\t\t\t\t<div class=\"elementor-flip-box\" tabindex=\"0\">\n\t\t\t<div class=\"elementor-flip-box__layer elementor-flip-box__front\">\n\t\t\t\t<div class=\"elementor-flip-box__layer__overlay\">\n\t\t\t\t\t<div class=\"elementor-flip-box__layer__inner\">\n\t\t\t\t\t\t\n\t\t\t\t\t\t\t\t\t\t\t\t\t<h3 class=\"elementor-flip-box__layer__title\">\n\t\t\t\t\t\t\t\t\u00c1ngels Pons\t\t\t\t\t\t\t<\/h3>\n\t\t\t\t\t\t\n\t\t\t\t\t\t\t\t\t\t\t<\/div>\n\t\t\t\t<\/div>\n\t\t\t<\/div>\n\t\t\t<div class=\"elementor-flip-box__layer elementor-flip-box__back\">\n\t\t\t<div class=\"elementor-flip-box__layer__overlay\">\n\t\t\t\t<div class=\"elementor-flip-box__layer__inner\">\n\t\t\t\t\t\t\t\t\t\t\t<h3 class=\"elementor-flip-box__layer__title\">\n\t\t\t\t\t\t\t\u00c1ngels Pons\t\t\t\t\t\t<\/h3>\n\t\t\t\t\t\n\t\t\t\t\t\t\t\t\t\t\t<div class=\"elementor-flip-box__layer__description\">\n\t\t\t\t\t\t\tFormadora de directius i m\u00e0nagers en lideratge, gesti\u00f3 d'equips i canvi cultural. S\u00f2cia fundadora d'Abiwell Liderazgo y Coaching i d'Abiwell Escuela de Coaching, acreditada per l'International Coaching Federation. Orientadora amb m\u00e9s de 5.000 hores d'orientaci\u00f3. Llicenciada en Ci\u00e8ncies Econ\u00f2miques i PDD a Esade.\n\n\t\t\t\t\t\t<\/div>\n\t\t\t\t\t\n\t\t\t\t\t\t\t\t<\/div>\n\t\t<\/div>\n\t\t<\/div>\n\t\t<\/div>\n\t\t\t\t\t\t<\/div>\n\t\t\t\t<\/div>\n\t\t\t\t\t<\/div>\n\t\t<\/div>\n\t\t\t\t<div class=\"elementor-column elementor-col-33 elementor-top-column elementor-element elementor-element-03cce4a\" data-id=\"03cce4a\" data-element_type=\"column\" data-e-type=\"column\">\n\t\t\t<div class=\"elementor-widget-wrap\">\n\t\t\t\t\t\t\t<\/div>\n\t\t<\/div>\n\t\t\t\t<div class=\"elementor-column elementor-col-33 elementor-top-column elementor-element elementor-element-3b6ff21\" data-id=\"3b6ff21\" data-element_type=\"column\" data-e-type=\"column\">\n\t\t\t<div class=\"elementor-widget-wrap\">\n\t\t\t\t\t\t\t<\/div>\n\t\t<\/div>\n\t\t\t\t\t<\/div>\n\t\t<\/section>\n\t\t\t\t<section class=\"elementor-section elementor-top-section elementor-element elementor-element-519de35 elementor-section-boxed elementor-section-height-default elementor-section-height-default\" data-id=\"519de35\" data-element_type=\"section\" data-e-type=\"section\" data-settings=\"{&quot;background_background&quot;:&quot;classic&quot;}\">\n\t\t\t\t\t\t<div class=\"elementor-container elementor-column-gap-default\">\n\t\t\t\t\t<div class=\"elementor-column elementor-col-100 elementor-top-column elementor-element elementor-element-7382ae4\" data-id=\"7382ae4\" data-element_type=\"column\" data-e-type=\"column\">\n\t\t\t<div class=\"elementor-widget-wrap elementor-element-populated\">\n\t\t\t\t\t\t<div class=\"elementor-element elementor-element-66327db elementor-widget elementor-widget-heading\" data-id=\"66327db\" data-element_type=\"widget\" data-e-type=\"widget\" data-widget_type=\"heading.default\">\n\t\t\t\t<div class=\"elementor-widget-container\">\n\t\t\t\t\t<h3 class=\"elementor-heading-title elementor-size-default\">Ficha t\u00e9cnica del Programa\n<\/h3>\t\t\t\t<\/div>\n\t\t\t\t<\/div>\n\t\t\t\t<div class=\"elementor-element elementor-element-97e0c10 elementor-widget__width-initial elementor-widget-divider--view-line elementor-widget elementor-widget-global elementor-global-48210 elementor-global-159 elementor-widget-divider\" data-id=\"97e0c10\" data-element_type=\"widget\" data-e-type=\"widget\" data-widget_type=\"divider.default\">\n\t\t\t\t<div class=\"elementor-widget-container\">\n\t\t\t\t\t\t\t<div class=\"elementor-divider\">\n\t\t\t<span class=\"elementor-divider-separator\">\n\t\t\t\t\t\t<\/span>\n\t\t<\/div>\n\t\t\t\t\t\t<\/div>\n\t\t\t\t<\/div>\n\t\t\t\t<section class=\"elementor-section elementor-inner-section elementor-element elementor-element-7a2cc51 elementor-section-boxed elementor-section-height-default elementor-section-height-default\" data-id=\"7a2cc51\" data-element_type=\"section\" data-e-type=\"section\">\n\t\t\t\t\t\t<div class=\"elementor-container elementor-column-gap-default\">\n\t\t\t\t\t<div class=\"elementor-column elementor-col-50 elementor-inner-column elementor-element elementor-element-1fd189e\" data-id=\"1fd189e\" data-element_type=\"column\" data-e-type=\"column\">\n\t\t\t<div class=\"elementor-widget-wrap elementor-element-populated\">\n\t\t\t\t\t\t<div class=\"elementor-element elementor-element-9cec37f elementor-widget elementor-widget-image\" data-id=\"9cec37f\" data-element_type=\"widget\" data-e-type=\"widget\" data-widget_type=\"image.default\">\n\t\t\t\t<div class=\"elementor-widget-container\">\n\t\t\t\t\t\t\t\t\t\t\t\t\t\t\t<img fetchpriority=\"high\" decoding=\"async\" width=\"800\" height=\"228\" src=\"https:\/\/amec.es\/wp-content\/uploads\/2023\/08\/diego-amec-serveis-2-1-1024x292.jpg\" class=\"attachment-large size-large wp-image-4175\" alt=\"\" srcset=\"https:\/\/amec.es\/wp-content\/uploads\/2023\/08\/diego-amec-serveis-2-1-1024x292.jpg 1024w, https:\/\/amec.es\/wp-content\/uploads\/2023\/08\/diego-amec-serveis-2-1-600x171.jpg 600w, https:\/\/amec.es\/wp-content\/uploads\/2023\/08\/diego-amec-serveis-2-1-300x85.jpg 300w, https:\/\/amec.es\/wp-content\/uploads\/2023\/08\/diego-amec-serveis-2-1-768x219.jpg 768w, https:\/\/amec.es\/wp-content\/uploads\/2023\/08\/diego-amec-serveis-2-1-1536x437.jpg 1536w, https:\/\/amec.es\/wp-content\/uploads\/2023\/08\/diego-amec-serveis-2-1.jpg 1756w\" sizes=\"(max-width: 800px) 100vw, 800px\" \/>\t\t\t\t\t\t\t\t\t\t\t\t\t\t\t<\/div>\n\t\t\t\t<\/div>\n\t\t\t\t\t<\/div>\n\t\t<\/div>\n\t\t\t\t<div class=\"elementor-column elementor-col-50 elementor-inner-column elementor-element elementor-element-abfb205\" data-id=\"abfb205\" data-element_type=\"column\" data-e-type=\"column\">\n\t\t\t<div class=\"elementor-widget-wrap elementor-element-populated\">\n\t\t\t\t\t\t<div class=\"elementor-element elementor-element-6ae7beb elementor-widget elementor-widget-text-editor\" data-id=\"6ae7beb\" data-element_type=\"widget\" data-e-type=\"widget\" data-widget_type=\"text-editor.default\">\n\t\t\t\t<div class=\"elementor-widget-container\">\n\t\t\t\t\t\t\t\t\t<p>Les empreses membres d&#8217;<em><strong>amec<\/strong><\/em>disposen d&#8217;un 40% de descompte en el preu i un 20% per a membres de l&#8217;AER)<\/p>\n<p>Membres d&#8217;<strong><em>amec<\/em><\/strong>: 590\u20ac + 21% IVA<\/p>\n<p>Membres d&#8217;Ascamm i de l&#8217;AER: 785\u20ac + 21% IVA<\/p>\n<p>Empreses no membres: 980\u20ac + 21% IVA <\/p>\n<p>Nombre m\u00ednim d&#8217;assistents: 7<\/p>\n\t\t\t\t\t\t\t\t<\/div>\n\t\t\t\t<\/div>\n\t\t\t\t\t<\/div>\n\t\t<\/div>\n\t\t\t\t\t<\/div>\n\t\t<\/section>\n\t\t\t\t<div class=\"elementor-element elementor-element-6305fb4 elementor-widget elementor-widget-text-editor\" data-id=\"6305fb4\" data-element_type=\"widget\" data-e-type=\"widget\" data-widget_type=\"text-editor.default\">\n\t\t\t\t<div class=\"elementor-widget-container\">\n\t\t\t\t\t\t\t\t\t<p><strong>Pol\u00edtica de cancel\u00b7laci\u00f3<\/strong><\/p>\n<p>Per a cancel\u00b7lacions realitzades durant els 30 dies abans de l&#8217;inici del taller, es tornar\u00e0 el 75% de l&#8217;import.<\/p>\n<p>Per cancel\u00b7lacions realitzades durant els 15 dies abans de l&#8217;inici del taller, no se&#8217;n tornar\u00e0 l&#8217;import.<\/p>\n<p><strong>Gesti\u00f3 de la Bonificaci\u00f3 Fundae:<\/strong><\/p>\n<p><em>amec<\/em> pot gestionar la bonificaci\u00f3 Fundae per a empreses associades participants en aquests tallers, per aix\u00f2 hem de disposar de la documentaci\u00f3 necess\u00e0ria 7 dies abans de l&#8217;inici del curs.<\/p>\n<p class=\"p1\">Tens alguna pregunta? contacta amb: &#8211; <a href=\"mailto:epahissa@amec.es\">epahissa@amec.es<\/a>  <\/p>\n\t\t\t\t\t\t\t\t<\/div>\n\t\t\t\t<\/div>\n\t\t\t\t\t<\/div>\n\t\t<\/div>\n\t\t\t\t\t<\/div>\n\t\t<\/section>\n\t\t\t\t<section class=\"elementor-section elementor-top-section elementor-element elementor-element-49e5adf elementor-section-boxed elementor-section-height-default elementor-section-height-default\" data-id=\"49e5adf\" data-element_type=\"section\" data-e-type=\"section\" data-settings=\"{&quot;background_background&quot;:&quot;classic&quot;}\">\n\t\t\t\t\t\t<div class=\"elementor-container elementor-column-gap-default\">\n\t\t\t\t\t<div class=\"elementor-column elementor-col-100 elementor-top-column elementor-element elementor-element-4c9edc0\" data-id=\"4c9edc0\" data-element_type=\"column\" data-e-type=\"column\">\n\t\t\t<div class=\"elementor-widget-wrap elementor-element-populated\">\n\t\t\t\t\t\t<div class=\"elementor-element elementor-element-8dd5211 elementor-widget elementor-widget-heading\" data-id=\"8dd5211\" data-element_type=\"widget\" data-e-type=\"widget\" data-widget_type=\"heading.default\">\n\t\t\t\t<div class=\"elementor-widget-container\">\n\t\t\t\t\t<h2 class=\"elementor-heading-title elementor-size-default\">Inscriu-te a la Formaci\u00f3: Lider coach, empoderar i fer cr\u00e8ixer als equips<\/h2>\t\t\t\t<\/div>\n\t\t\t\t<\/div>\n\t\t\t\t<div class=\"elementor-element elementor-element-ecd8da5 elementor-widget__width-initial elementor-widget-divider--view-line elementor-widget elementor-widget-global elementor-global-48210 elementor-global-159 elementor-widget-divider\" data-id=\"ecd8da5\" data-element_type=\"widget\" data-e-type=\"widget\" data-widget_type=\"divider.default\">\n\t\t\t\t<div class=\"elementor-widget-container\">\n\t\t\t\t\t\t\t<div class=\"elementor-divider\">\n\t\t\t<span class=\"elementor-divider-separator\">\n\t\t\t\t\t\t<\/span>\n\t\t<\/div>\n\t\t\t\t\t\t<\/div>\n\t\t\t\t<\/div>\n\t\t\t\t<div class=\"elementor-element elementor-element-0b6cb8d legales-blanco elementor-button-align-stretch elementor-widget elementor-widget-form\" data-id=\"0b6cb8d\" data-element_type=\"widget\" data-e-type=\"widget\" data-settings=\"{&quot;button_width&quot;:&quot;20&quot;,&quot;step_next_label&quot;:&quot;Seg\\u00fcent&quot;,&quot;step_previous_label&quot;:&quot;Anterior&quot;,&quot;step_type&quot;:&quot;number_text&quot;,&quot;step_icon_shape&quot;:&quot;circle&quot;}\" data-widget_type=\"form.default\">\n\t\t\t\t<div class=\"elementor-widget-container\">\n\t\t\t\t\t\t\t<form class=\"elementor-form\" method=\"post\" name=\"Formulari -Lider Coach\" aria-label=\"Formulari -Lider Coach\">\n\t\t\t<input type=\"hidden\" name=\"post_id\" value=\"6034\"\/>\n\t\t\t<input type=\"hidden\" name=\"form_id\" value=\"0b6cb8d\"\/>\n\t\t\t<input type=\"hidden\" name=\"referer_title\" value=\"amec Positive Industry\" \/>\n\n\t\t\t\n\t\t\t<div class=\"elementor-form-fields-wrapper elementor-labels-above\">\n\t\t\t\t\t\t\t\t<div class=\"elementor-field-type-text elementor-field-group elementor-column elementor-field-group-name elementor-col-100 elementor-field-required\">\n\t\t\t\t\t\t\t\t\t\t\t\t\t<input size=\"1\" type=\"text\" name=\"form_fields[name]\" id=\"form-field-name\" class=\"elementor-field elementor-size-sm  elementor-field-textual\" placeholder=\"Nom*\" required=\"required\">\n\t\t\t\t\t\t\t\t\t\t\t<\/div>\n\t\t\t\t\t\t\t\t<div class=\"elementor-field-type-text elementor-field-group elementor-column elementor-field-group-field_bfb214a elementor-col-100 elementor-field-required\">\n\t\t\t\t\t\t\t\t\t\t\t\t\t<input size=\"1\" type=\"text\" name=\"form_fields[field_bfb214a]\" id=\"form-field-field_bfb214a\" class=\"elementor-field elementor-size-sm  elementor-field-textual\" placeholder=\"Cognoms*\" required=\"required\">\n\t\t\t\t\t\t\t\t\t\t\t<\/div>\n\t\t\t\t\t\t\t\t<div class=\"elementor-field-type-text elementor-field-group elementor-column elementor-field-group-field_cbdc095 elementor-col-100 elementor-field-required\">\n\t\t\t\t\t\t\t\t\t\t\t\t\t<input size=\"1\" type=\"text\" name=\"form_fields[field_cbdc095]\" id=\"form-field-field_cbdc095\" class=\"elementor-field elementor-size-sm  elementor-field-textual\" placeholder=\"El teu correu electr\u00f2nic*\" required=\"required\">\n\t\t\t\t\t\t\t\t\t\t\t<\/div>\n\t\t\t\t\t\t\t\t<div class=\"elementor-field-type-text elementor-field-group elementor-column elementor-field-group-field_71f88b7 elementor-col-100 elementor-field-required\">\n\t\t\t\t\t\t\t\t\t\t\t\t\t<input size=\"1\" type=\"text\" name=\"form_fields[field_71f88b7]\" id=\"form-field-field_71f88b7\" class=\"elementor-field elementor-size-sm  elementor-field-textual\" placeholder=\"Empresa\/Entitat*\" required=\"required\">\n\t\t\t\t\t\t\t\t\t\t\t<\/div>\n\t\t\t\t\t\t\t\t<div class=\"elementor-field-type-text elementor-field-group elementor-column elementor-field-group-field_dd56502 elementor-col-100 elementor-field-required\">\n\t\t\t\t\t\t\t\t\t\t\t\t\t<input size=\"1\" type=\"text\" name=\"form_fields[field_dd56502]\" id=\"form-field-field_dd56502\" class=\"elementor-field elementor-size-sm  elementor-field-textual\" placeholder=\"C\u00e0rrec *\" required=\"required\">\n\t\t\t\t\t\t\t\t\t\t\t<\/div>\n\t\t\t\t\t\t\t\t<div class=\"elementor-field-type-tel elementor-field-group elementor-column elementor-field-group-field_a56bc2d elementor-col-100\">\n\t\t\t\t\t\t\t<input size=\"1\" type=\"tel\" name=\"form_fields[field_a56bc2d]\" id=\"form-field-field_a56bc2d\" class=\"elementor-field elementor-size-sm  elementor-field-textual\" placeholder=\"Tel\u00e8fon de contacte (opcional)\" pattern=\"[0-9()#&amp;+*-=.]+\" title=\"Only numbers and phone characters (#, -, *, etc) are accepted.\">\n\n\t\t\t\t\t\t<\/div>\n\t\t\t\t\t\t\t\t<div class=\"elementor-field-type-radio elementor-field-group elementor-column elementor-field-group-field_ca6f7bb elementor-col-100\">\n\t\t\t\t\t<div class=\"elementor-field-subgroup  \"><span class=\"elementor-field-option\"><input type=\"radio\" value=\"Som membres de l&#039;AER\" id=\"form-field-field_ca6f7bb-0\" name=\"form_fields[field_ca6f7bb]\"> <label for=\"form-field-field_ca6f7bb-0\">Som membres de l'AER<\/label><\/span><\/div>\t\t\t\t<\/div>\n\t\t\t\t\t\t\t\t<div class=\"elementor-field-type-radio elementor-field-group elementor-column elementor-field-group-field_9326389 elementor-col-100\">\n\t\t\t\t\t<div class=\"elementor-field-subgroup  \"><span class=\"elementor-field-option\"><input type=\"radio\" value=\"Som membres d&#039;Ascamm\" id=\"form-field-field_9326389-0\" name=\"form_fields[field_9326389]\"> <label for=\"form-field-field_9326389-0\">Som membres d'Ascamm<\/label><\/span><\/div>\t\t\t\t<\/div>\n\t\t\t\t\t\t\t\t<div class=\"elementor-field-type-acceptance elementor-field-group elementor-column elementor-field-group-field_7259d92 elementor-col-100 elementor-field-required\">\n\t\t\t\t\t\t\t<div class=\"elementor-field-subgroup\">\n\t\t\t<span class=\"elementor-field-option\">\n\t\t\t\t<input type=\"checkbox\" name=\"form_fields[field_7259d92]\" id=\"form-field-field_7259d92\" class=\"elementor-field elementor-size-sm  elementor-acceptance-field\" required=\"required\">\n\t\t\t\t<label for=\"form-field-field_7259d92\">He llegit i accepto les <a href=\"#\">condicions legals<\/a><\/label>\t\t\t<\/span>\n\t\t<\/div>\n\t\t\t\t\t\t<\/div>\n\t\t\t\t\t\t\t\t<div class=\"elementor-field-type-html elementor-field-group elementor-column elementor-field-group-field_7e04e21 elementor-col-100\">\n\t\t\t\t\t<p>Aquest lloc est\u00e0 protegit amb reCAPTCHA i s'apliquen les <a target=\"_blank\" href=\"https:\/\/policies.google.com\/terms\">Condicions<\/a> y el <a target=\"_blank\" href=\"https:\/\/policies.google.com\/privacy\">servei de privadesa<\/a> de Google.<\/p>\t\t\t\t<\/div>\n\t\t\t\t\t\t\t\t<div class=\"elementor-field-type-html elementor-field-group elementor-column elementor-field-group-field_a4c9a55 elementor-col-100\">\n\t\t\t\t\t* Camps obligatoris\t\t\t\t<\/div>\n\t\t\t\t\t\t\t\t<div class=\"elementor-field-group elementor-column elementor-field-type-submit elementor-col-20 e-form__buttons\">\n\t\t\t\t\t<button class=\"elementor-button elementor-size-sm\" type=\"submit\">\n\t\t\t\t\t\t<span class=\"elementor-button-content-wrapper\">\n\t\t\t\t\t\t\t\t\t\t\t\t\t\t\t\t\t\t\t\t\t\t<span class=\"elementor-button-text\">Enviar<\/span>\n\t\t\t\t\t\t\t\t\t\t\t\t\t<\/span>\n\t\t\t\t\t<\/button>\n\t\t\t\t<\/div>\n\t\t\t<\/div>\n\t\t<\/form>\n\t\t\t\t\t\t<\/div>\n\t\t\t\t<\/div>\n\t\t\t\t\t<\/div>\n\t\t<\/div>\n\t\t\t\t\t<\/div>\n\t\t<\/section>\n\t\t\t\t<\/div>\n\t\t","protected":false},"excerpt":{"rendered":"<p>Lider Coach: Empoderar i fer cr\u00e8ixer als equips Noves dates 2024! 31 de gener i 7,14 i 21 de febrer, de 9:00 a 12:00 Formaci\u00f3 de 12 hores dividida en 4 sessions de 3 hores cadascuna Programa online (amb un 40% de descompte per als membres d&#8217;amec i un 20% per a membres d&#8217;Ascamm i [&hellip;]<\/p>\n","protected":false},"author":1,"featured_media":4169,"parent":5942,"menu_order":0,"comment_status":"closed","ping_status":"closed","template":"","meta":{"inline_featured_image":false,"footnotes":""},"categories":[],"tags":[],"class_list":["post-6034","page","type-page","status-publish","has-post-thumbnail","hentry"],"yoast_head":"<!-- This site is optimized with the Yoast SEO plugin v27.3 - https:\/\/yoast.com\/product\/yoast-seo-wordpress\/ -->\n<title>Lider Coach: Empoderar i fer cr\u00e8ixer als equips | amec Positive Industry<\/title>\n<meta name=\"robots\" content=\"index, follow, max-snippet:-1, max-image-preview:large, max-video-preview:-1\" \/>\n<link rel=\"canonical\" href=\"https:\/\/amec.es\/ca\/guanya-competitivitat\/cursos-nous-lideratges\/lider-coach-empoderar-i-fer-creixer-als-equips\/\" \/>\n<meta property=\"og:locale\" content=\"ca_ES\" \/>\n<meta property=\"og:type\" content=\"article\" \/>\n<meta property=\"og:title\" content=\"Lider Coach: Empoderar i fer cr\u00e8ixer als equips | amec Positive Industry\" \/>\n<meta property=\"og:description\" content=\"Lider Coach: Empoderar i fer cr\u00e8ixer als equips Noves dates 2024! 31 de gener i 7,14 i 21 de febrer, de 9:00 a 12:00 Formaci\u00f3 de 12 hores dividida en 4 sessions de 3 hores cadascuna Programa online (amb un 40% de descompte per als membres d&#8217;amec i un 20% per a membres d&#8217;Ascamm i [&hellip;]\" \/>\n<meta property=\"og:url\" content=\"https:\/\/amec.es\/ca\/guanya-competitivitat\/cursos-nous-lideratges\/lider-coach-empoderar-i-fer-creixer-als-equips\/\" \/>\n<meta property=\"og:site_name\" content=\"amec Positive Industry\" \/>\n<meta property=\"article:modified_time\" content=\"2024-01-16T10:39:07+00:00\" \/>\n<meta property=\"og:image\" content=\"https:\/\/amec.es\/wp-content\/uploads\/2023\/08\/cabeceritasformacio-2.jpg\" \/>\n\t<meta property=\"og:image:width\" content=\"1920\" \/>\n\t<meta property=\"og:image:height\" content=\"284\" \/>\n\t<meta property=\"og:image:type\" content=\"image\/jpeg\" \/>\n<meta name=\"twitter:card\" content=\"summary_large_image\" \/>\n<meta name=\"twitter:label1\" content=\"Temps estimat de lectura\" \/>\n\t<meta name=\"twitter:data1\" content=\"4 minuts\" \/>\n<script type=\"application\/ld+json\" class=\"yoast-schema-graph\">{\"@context\":\"https:\\\/\\\/schema.org\",\"@graph\":[{\"@type\":\"WebPage\",\"@id\":\"https:\\\/\\\/amec.es\\\/ca\\\/guanya-competitivitat\\\/cursos-nous-lideratges\\\/lider-coach-empoderar-i-fer-creixer-als-equips\\\/\",\"url\":\"https:\\\/\\\/amec.es\\\/ca\\\/guanya-competitivitat\\\/cursos-nous-lideratges\\\/lider-coach-empoderar-i-fer-creixer-als-equips\\\/\",\"name\":\"Lider Coach: Empoderar i fer cr\u00e8ixer als equips | amec Positive Industry\",\"isPartOf\":{\"@id\":\"https:\\\/\\\/amec.es\\\/#website\"},\"primaryImageOfPage\":{\"@id\":\"https:\\\/\\\/amec.es\\\/ca\\\/guanya-competitivitat\\\/cursos-nous-lideratges\\\/lider-coach-empoderar-i-fer-creixer-als-equips\\\/#primaryimage\"},\"image\":{\"@id\":\"https:\\\/\\\/amec.es\\\/ca\\\/guanya-competitivitat\\\/cursos-nous-lideratges\\\/lider-coach-empoderar-i-fer-creixer-als-equips\\\/#primaryimage\"},\"thumbnailUrl\":\"https:\\\/\\\/amec.es\\\/wp-content\\\/uploads\\\/2023\\\/08\\\/cabeceritasformacio-2.jpg\",\"datePublished\":\"2023-08-07T02:56:36+00:00\",\"dateModified\":\"2024-01-16T10:39:07+00:00\",\"breadcrumb\":{\"@id\":\"https:\\\/\\\/amec.es\\\/ca\\\/guanya-competitivitat\\\/cursos-nous-lideratges\\\/lider-coach-empoderar-i-fer-creixer-als-equips\\\/#breadcrumb\"},\"inLanguage\":\"ca\",\"potentialAction\":[{\"@type\":\"ReadAction\",\"target\":[\"https:\\\/\\\/amec.es\\\/ca\\\/guanya-competitivitat\\\/cursos-nous-lideratges\\\/lider-coach-empoderar-i-fer-creixer-als-equips\\\/\"]}]},{\"@type\":\"ImageObject\",\"inLanguage\":\"ca\",\"@id\":\"https:\\\/\\\/amec.es\\\/ca\\\/guanya-competitivitat\\\/cursos-nous-lideratges\\\/lider-coach-empoderar-i-fer-creixer-als-equips\\\/#primaryimage\",\"url\":\"https:\\\/\\\/amec.es\\\/wp-content\\\/uploads\\\/2023\\\/08\\\/cabeceritasformacio-2.jpg\",\"contentUrl\":\"https:\\\/\\\/amec.es\\\/wp-content\\\/uploads\\\/2023\\\/08\\\/cabeceritasformacio-2.jpg\",\"width\":1920,\"height\":284},{\"@type\":\"BreadcrumbList\",\"@id\":\"https:\\\/\\\/amec.es\\\/ca\\\/guanya-competitivitat\\\/cursos-nous-lideratges\\\/lider-coach-empoderar-i-fer-creixer-als-equips\\\/#breadcrumb\",\"itemListElement\":[{\"@type\":\"ListItem\",\"position\":1,\"name\":\"Portada\",\"item\":\"https:\\\/\\\/amec.es\\\/ca\\\/home-new\\\/\"},{\"@type\":\"ListItem\",\"position\":2,\"name\":\"Guanya competitivitat\",\"item\":\"https:\\\/\\\/amec.es\\\/ca\\\/guanya-competitivitat\\\/\"},{\"@type\":\"ListItem\",\"position\":3,\"name\":\"Cursos &#8211; NOUS LIDERATGES\",\"item\":\"https:\\\/\\\/amec.es\\\/ca\\\/guanya-competitivitat\\\/cursos-nous-lideratges\\\/\"},{\"@type\":\"ListItem\",\"position\":4,\"name\":\"Lider Coach: Empoderar i fer cr\u00e8ixer als equips\"}]},{\"@type\":\"WebSite\",\"@id\":\"https:\\\/\\\/amec.es\\\/#website\",\"url\":\"https:\\\/\\\/amec.es\\\/\",\"name\":\"amec Positive Industry\",\"description\":\"\",\"publisher\":{\"@id\":\"https:\\\/\\\/amec.es\\\/#organization\"},\"potentialAction\":[{\"@type\":\"SearchAction\",\"target\":{\"@type\":\"EntryPoint\",\"urlTemplate\":\"https:\\\/\\\/amec.es\\\/?s={search_term_string}\"},\"query-input\":{\"@type\":\"PropertyValueSpecification\",\"valueRequired\":true,\"valueName\":\"search_term_string\"}}],\"inLanguage\":\"ca\"},{\"@type\":\"Organization\",\"@id\":\"https:\\\/\\\/amec.es\\\/#organization\",\"name\":\"amec Positive Industry\",\"url\":\"https:\\\/\\\/amec.es\\\/\",\"logo\":{\"@type\":\"ImageObject\",\"inLanguage\":\"ca\",\"@id\":\"https:\\\/\\\/amec.es\\\/#\\\/schema\\\/logo\\\/image\\\/\",\"url\":\"https:\\\/\\\/amec.es\\\/wp-content\\\/uploads\\\/2023\\\/07\\\/logoamec.png\",\"contentUrl\":\"https:\\\/\\\/amec.es\\\/wp-content\\\/uploads\\\/2023\\\/07\\\/logoamec.png\",\"width\":200,\"height\":48,\"caption\":\"amec Positive Industry\"},\"image\":{\"@id\":\"https:\\\/\\\/amec.es\\\/#\\\/schema\\\/logo\\\/image\\\/\"}}]}<\/script>\n<!-- \/ Yoast SEO plugin. -->","yoast_head_json":{"title":"Lider Coach: Empoderar i fer cr\u00e8ixer als equips | amec Positive Industry","robots":{"index":"index","follow":"follow","max-snippet":"max-snippet:-1","max-image-preview":"max-image-preview:large","max-video-preview":"max-video-preview:-1"},"canonical":"https:\/\/amec.es\/ca\/guanya-competitivitat\/cursos-nous-lideratges\/lider-coach-empoderar-i-fer-creixer-als-equips\/","og_locale":"ca_ES","og_type":"article","og_title":"Lider Coach: Empoderar i fer cr\u00e8ixer als equips | amec Positive Industry","og_description":"Lider Coach: Empoderar i fer cr\u00e8ixer als equips Noves dates 2024! 31 de gener i 7,14 i 21 de febrer, de 9:00 a 12:00 Formaci\u00f3 de 12 hores dividida en 4 sessions de 3 hores cadascuna Programa online (amb un 40% de descompte per als membres d&#8217;amec i un 20% per a membres d&#8217;Ascamm i [&hellip;]","og_url":"https:\/\/amec.es\/ca\/guanya-competitivitat\/cursos-nous-lideratges\/lider-coach-empoderar-i-fer-creixer-als-equips\/","og_site_name":"amec Positive Industry","article_modified_time":"2024-01-16T10:39:07+00:00","og_image":[{"width":1920,"height":284,"url":"https:\/\/amec.es\/wp-content\/uploads\/2023\/08\/cabeceritasformacio-2.jpg","type":"image\/jpeg"}],"twitter_card":"summary_large_image","twitter_misc":{"Temps estimat de lectura":"4 minuts"},"schema":{"@context":"https:\/\/schema.org","@graph":[{"@type":"WebPage","@id":"https:\/\/amec.es\/ca\/guanya-competitivitat\/cursos-nous-lideratges\/lider-coach-empoderar-i-fer-creixer-als-equips\/","url":"https:\/\/amec.es\/ca\/guanya-competitivitat\/cursos-nous-lideratges\/lider-coach-empoderar-i-fer-creixer-als-equips\/","name":"Lider Coach: Empoderar i fer cr\u00e8ixer als equips | amec Positive Industry","isPartOf":{"@id":"https:\/\/amec.es\/#website"},"primaryImageOfPage":{"@id":"https:\/\/amec.es\/ca\/guanya-competitivitat\/cursos-nous-lideratges\/lider-coach-empoderar-i-fer-creixer-als-equips\/#primaryimage"},"image":{"@id":"https:\/\/amec.es\/ca\/guanya-competitivitat\/cursos-nous-lideratges\/lider-coach-empoderar-i-fer-creixer-als-equips\/#primaryimage"},"thumbnailUrl":"https:\/\/amec.es\/wp-content\/uploads\/2023\/08\/cabeceritasformacio-2.jpg","datePublished":"2023-08-07T02:56:36+00:00","dateModified":"2024-01-16T10:39:07+00:00","breadcrumb":{"@id":"https:\/\/amec.es\/ca\/guanya-competitivitat\/cursos-nous-lideratges\/lider-coach-empoderar-i-fer-creixer-als-equips\/#breadcrumb"},"inLanguage":"ca","potentialAction":[{"@type":"ReadAction","target":["https:\/\/amec.es\/ca\/guanya-competitivitat\/cursos-nous-lideratges\/lider-coach-empoderar-i-fer-creixer-als-equips\/"]}]},{"@type":"ImageObject","inLanguage":"ca","@id":"https:\/\/amec.es\/ca\/guanya-competitivitat\/cursos-nous-lideratges\/lider-coach-empoderar-i-fer-creixer-als-equips\/#primaryimage","url":"https:\/\/amec.es\/wp-content\/uploads\/2023\/08\/cabeceritasformacio-2.jpg","contentUrl":"https:\/\/amec.es\/wp-content\/uploads\/2023\/08\/cabeceritasformacio-2.jpg","width":1920,"height":284},{"@type":"BreadcrumbList","@id":"https:\/\/amec.es\/ca\/guanya-competitivitat\/cursos-nous-lideratges\/lider-coach-empoderar-i-fer-creixer-als-equips\/#breadcrumb","itemListElement":[{"@type":"ListItem","position":1,"name":"Portada","item":"https:\/\/amec.es\/ca\/home-new\/"},{"@type":"ListItem","position":2,"name":"Guanya competitivitat","item":"https:\/\/amec.es\/ca\/guanya-competitivitat\/"},{"@type":"ListItem","position":3,"name":"Cursos &#8211; NOUS LIDERATGES","item":"https:\/\/amec.es\/ca\/guanya-competitivitat\/cursos-nous-lideratges\/"},{"@type":"ListItem","position":4,"name":"Lider Coach: Empoderar i fer cr\u00e8ixer als equips"}]},{"@type":"WebSite","@id":"https:\/\/amec.es\/#website","url":"https:\/\/amec.es\/","name":"amec Positive Industry","description":"","publisher":{"@id":"https:\/\/amec.es\/#organization"},"potentialAction":[{"@type":"SearchAction","target":{"@type":"EntryPoint","urlTemplate":"https:\/\/amec.es\/?s={search_term_string}"},"query-input":{"@type":"PropertyValueSpecification","valueRequired":true,"valueName":"search_term_string"}}],"inLanguage":"ca"},{"@type":"Organization","@id":"https:\/\/amec.es\/#organization","name":"amec Positive Industry","url":"https:\/\/amec.es\/","logo":{"@type":"ImageObject","inLanguage":"ca","@id":"https:\/\/amec.es\/#\/schema\/logo\/image\/","url":"https:\/\/amec.es\/wp-content\/uploads\/2023\/07\/logoamec.png","contentUrl":"https:\/\/amec.es\/wp-content\/uploads\/2023\/07\/logoamec.png","width":200,"height":48,"caption":"amec Positive Industry"},"image":{"@id":"https:\/\/amec.es\/#\/schema\/logo\/image\/"}}]}},"_links":{"self":[{"href":"https:\/\/amec.es\/ca\/wp-json\/wp\/v2\/pages\/6034","targetHints":{"allow":["GET"]}}],"collection":[{"href":"https:\/\/amec.es\/ca\/wp-json\/wp\/v2\/pages"}],"about":[{"href":"https:\/\/amec.es\/ca\/wp-json\/wp\/v2\/types\/page"}],"author":[{"embeddable":true,"href":"https:\/\/amec.es\/ca\/wp-json\/wp\/v2\/users\/1"}],"replies":[{"embeddable":true,"href":"https:\/\/amec.es\/ca\/wp-json\/wp\/v2\/comments?post=6034"}],"version-history":[{"count":3,"href":"https:\/\/amec.es\/ca\/wp-json\/wp\/v2\/pages\/6034\/revisions"}],"predecessor-version":[{"id":11340,"href":"https:\/\/amec.es\/ca\/wp-json\/wp\/v2\/pages\/6034\/revisions\/11340"}],"up":[{"embeddable":true,"href":"https:\/\/amec.es\/ca\/wp-json\/wp\/v2\/pages\/5942"}],"wp:featuredmedia":[{"embeddable":true,"href":"https:\/\/amec.es\/ca\/wp-json\/wp\/v2\/media\/4169"}],"wp:attachment":[{"href":"https:\/\/amec.es\/ca\/wp-json\/wp\/v2\/media?parent=6034"}],"wp:term":[{"taxonomy":"category","embeddable":true,"href":"https:\/\/amec.es\/ca\/wp-json\/wp\/v2\/categories?post=6034"},{"taxonomy":"post_tag","embeddable":true,"href":"https:\/\/amec.es\/ca\/wp-json\/wp\/v2\/tags?post=6034"}],"curies":[{"name":"wp","href":"https:\/\/api.w.org\/{rel}","templated":true}]}}