{"id":6063,"date":"2023-08-07T10:43:18","date_gmt":"2023-08-07T08:43:18","guid":{"rendered":"https:\/\/elementor2.ameclexdir.com\/index.php\/guanya-competitivitat\/cursos-innovacio-adaptabilitat\/gestio-de-les-compres-de-materies-primeres\/"},"modified":"2023-09-01T10:48:44","modified_gmt":"2023-09-01T10:48:44","slug":"gestio-de-les-compres-de-materies-primeres","status":"publish","type":"page","link":"https:\/\/amec.es\/ca\/guanya-competitivitat\/cursos-innovacio-adaptabilitat\/gestio-de-les-compres-de-materies-primeres\/","title":{"rendered":"Gesti\u00f3 de les compres de mat\u00e8ries primeres"},"content":{"rendered":"\t\t<div data-elementor-type=\"wp-page\" data-elementor-id=\"6063\" class=\"elementor elementor-6063 elementor-4411\" data-elementor-post-type=\"page\">\n\t\t\t\t\t\t<section class=\"elementor-section elementor-top-section elementor-element elementor-element-51cfc8c elementor-section-boxed elementor-section-height-default elementor-section-height-default\" data-id=\"51cfc8c\" data-element_type=\"section\" data-e-type=\"section\" data-settings=\"{&quot;background_background&quot;:&quot;classic&quot;}\">\n\t\t\t\t\t\t<div class=\"elementor-container elementor-column-gap-default\">\n\t\t\t\t\t<div class=\"elementor-column elementor-col-100 elementor-top-column elementor-element elementor-element-994173d\" data-id=\"994173d\" data-element_type=\"column\" data-e-type=\"column\">\n\t\t\t<div class=\"elementor-widget-wrap elementor-element-populated\">\n\t\t\t\t\t\t<div class=\"elementor-element elementor-element-522a003 elementor-widget__width-initial elementor-widget-divider--view-line elementor-widget elementor-widget-global elementor-global-48210 elementor-global-159 elementor-widget-divider\" data-id=\"522a003\" data-element_type=\"widget\" data-e-type=\"widget\" data-widget_type=\"divider.default\">\n\t\t\t\t<div class=\"elementor-widget-container\">\n\t\t\t\t\t\t\t<div class=\"elementor-divider\">\n\t\t\t<span class=\"elementor-divider-separator\">\n\t\t\t\t\t\t<\/span>\n\t\t<\/div>\n\t\t\t\t\t\t<\/div>\n\t\t\t\t<\/div>\n\t\t\t\t\t<\/div>\n\t\t<\/div>\n\t\t\t\t\t<\/div>\n\t\t<\/section>\n\t\t\t\t<section class=\"elementor-section elementor-top-section elementor-element elementor-element-3cab4aa elementor-section-boxed elementor-section-height-default elementor-section-height-default\" data-id=\"3cab4aa\" data-element_type=\"section\" data-e-type=\"section\" data-settings=\"{&quot;background_background&quot;:&quot;classic&quot;}\">\n\t\t\t\t\t\t<div class=\"elementor-container elementor-column-gap-default\">\n\t\t\t\t\t<div class=\"elementor-column elementor-col-33 elementor-top-column elementor-element elementor-element-9fc6b33\" data-id=\"9fc6b33\" data-element_type=\"column\" data-e-type=\"column\">\n\t\t\t<div class=\"elementor-widget-wrap elementor-element-populated\">\n\t\t\t\t\t\t<div class=\"elementor-element elementor-element-e805389 elementor-widget elementor-widget-heading\" data-id=\"e805389\" data-element_type=\"widget\" data-e-type=\"widget\" data-widget_type=\"heading.default\">\n\t\t\t\t<div class=\"elementor-widget-container\">\n\t\t\t\t\t<h2 class=\"elementor-heading-title elementor-size-default\">Gesti\u00f3 de les compres de mat\u00e8ries primeres\n<\/h2>\t\t\t\t<\/div>\n\t\t\t\t<\/div>\n\t\t\t\t\t<\/div>\n\t\t<\/div>\n\t\t\t\t<div class=\"elementor-column elementor-col-66 elementor-top-column elementor-element elementor-element-aefbe3b\" data-id=\"aefbe3b\" data-element_type=\"column\" data-e-type=\"column\">\n\t\t\t<div class=\"elementor-widget-wrap elementor-element-populated\">\n\t\t\t\t\t\t<div class=\"elementor-element elementor-element-e23b5b4 elementor-widget elementor-widget-text-editor\" data-id=\"e23b5b4\" data-element_type=\"widget\" data-e-type=\"widget\" data-widget_type=\"text-editor.default\">\n\t\t\t\t<div class=\"elementor-widget-container\">\n\t\t\t\t\t\t\t\t\t<ul>\n<li>Formaci\u00f3 de 12 hores dividida en 4 sessions de 3 hores cadascuna<\/li>\n<li>Programa online (amb 40% de descompte per als membres de <em><strong>Amec<\/strong><\/em>)<\/li>\n<\/ul>\n<p><strong>T&#8217;agradaria entendre millor el complexe mon de les mat\u00e8ries primeres?<\/strong><\/p>\n<p>Organitzem aquesta formaci\u00f3 online de Gesti\u00f3 de compres de mat\u00e8ries primres, dirigida tan a directius com a t\u00e8cnics interessats en introduir-se en aquest \u00e0mbit.<\/p>\n<p>En diversos sectors ( qu\u00edmica, transformaci\u00f3 de metalls), els costos de materials depenen en una part significativa de mat\u00e8ries primeres que es cotitzen en mercats amb alta volatilitat.<\/p>\n<p>en aquests mercats s&#8217;ha incrementat notablement en els darrers 10 anys, per la qual cosa el risc d&#8217;inestabilitat als costos de compra tamb\u00e9.<\/p>\n<p>Per al comprador de mat\u00e8ries pimes \u00e9s m\u00e9s necessari que mai disposar d&#8217;una metodologia que li permeti<\/p>\n<ul>\n<li>Analitzar la situaci\u00f3 i perspectives dels mercats de les mat\u00e8ries primeres<\/li>\n<li>Construir models predictius<\/li>\n<li>Seguir el risc cobert i el risc exposat<\/li>\n<\/ul>\n<p>Disposar d\u201fun model de presa de decisions basat en els punts anteriors<\/p>\n<p>Aix\u00ed mateix, aquesta metodologia \u00e9s tamb\u00e9 de gran utilitat especialment en sectors de productes semielaborats, ja que una correcta gesti\u00f3 del cost de les mat\u00e8ries primeres impacta profundament en la gesti\u00f3 comercial i financera, havent d&#8217;estar \u00edntimament interrelacionada amb els departaments de compres.<\/p>\n<p><strong>T&#8217;interessa? Reserva la teva pla\u00e7a enviant un mail a <a href=\"mailto:epahissa@amec.es\">epahissa@amec.es<\/a><\/strong><\/p>\n\t\t\t\t\t\t\t\t<\/div>\n\t\t\t\t<\/div>\n\t\t\t\t\t<\/div>\n\t\t<\/div>\n\t\t\t\t\t<\/div>\n\t\t<\/section>\n\t\t\t\t<section class=\"elementor-section elementor-top-section elementor-element elementor-element-7d0d085 elementor-section-boxed elementor-section-height-default elementor-section-height-default\" data-id=\"7d0d085\" data-element_type=\"section\" data-e-type=\"section\" data-settings=\"{&quot;background_background&quot;:&quot;classic&quot;}\">\n\t\t\t\t\t\t<div class=\"elementor-container elementor-column-gap-default\">\n\t\t\t\t\t<div class=\"elementor-column elementor-col-33 elementor-top-column elementor-element elementor-element-5889f32\" data-id=\"5889f32\" data-element_type=\"column\" data-e-type=\"column\">\n\t\t\t<div class=\"elementor-widget-wrap elementor-element-populated\">\n\t\t\t\t\t\t<div class=\"elementor-element elementor-element-0376d84 elementor-widget elementor-widget-heading\" data-id=\"0376d84\" data-element_type=\"widget\" data-e-type=\"widget\" data-widget_type=\"heading.default\">\n\t\t\t\t<div class=\"elementor-widget-container\">\n\t\t\t\t\t<h2 class=\"elementor-heading-title elementor-size-default\">Qu\u00e9 obtindrem?\n<\/h2>\t\t\t\t<\/div>\n\t\t\t\t<\/div>\n\t\t\t\t<div class=\"elementor-element elementor-element-596ffa0 elementor-widget__width-initial elementor-widget-divider--view-line elementor-widget elementor-widget-global elementor-global-48210 elementor-global-159 elementor-widget-divider\" data-id=\"596ffa0\" data-element_type=\"widget\" data-e-type=\"widget\" data-widget_type=\"divider.default\">\n\t\t\t\t<div class=\"elementor-widget-container\">\n\t\t\t\t\t\t\t<div class=\"elementor-divider\">\n\t\t\t<span class=\"elementor-divider-separator\">\n\t\t\t\t\t\t<\/span>\n\t\t<\/div>\n\t\t\t\t\t\t<\/div>\n\t\t\t\t<\/div>\n\t\t\t\t\t<\/div>\n\t\t<\/div>\n\t\t\t\t<div class=\"elementor-column elementor-col-66 elementor-top-column elementor-element elementor-element-af8c29e\" data-id=\"af8c29e\" data-element_type=\"column\" data-e-type=\"column\">\n\t\t\t<div class=\"elementor-widget-wrap elementor-element-populated\">\n\t\t\t\t\t\t<div class=\"elementor-element elementor-element-a0d3daa elementor-widget elementor-widget-text-editor\" data-id=\"a0d3daa\" data-element_type=\"widget\" data-e-type=\"widget\" data-widget_type=\"text-editor.default\">\n\t\t\t\t<div class=\"elementor-widget-container\">\n\t\t\t\t\t\t\t\t\t<p>Els objectius de la formaci\u00f3 s\u00f3n:<\/p>\n<ul>\n<li>Exposar els principis per a la gesti\u00f3 de mercats de mat\u00e8ries primeres a l&#8217;entorn macroecon\u00f2mic actual.<\/li>\n<li>Assegurar que els assistents, amb aquests principis, comprenguin i s&#8217;impliquin en les decisions de compres de primeres mat\u00e8ries que tenen alt impacte en els seus negocis.<\/li>\n<\/ul>\n\t\t\t\t\t\t\t\t<\/div>\n\t\t\t\t<\/div>\n\t\t\t\t\t<\/div>\n\t\t<\/div>\n\t\t\t\t\t<\/div>\n\t\t<\/section>\n\t\t\t\t<section class=\"elementor-section elementor-top-section elementor-element elementor-element-7cf332b elementor-section-boxed elementor-section-height-default elementor-section-height-default\" data-id=\"7cf332b\" data-element_type=\"section\" data-e-type=\"section\" data-settings=\"{&quot;background_background&quot;:&quot;classic&quot;}\">\n\t\t\t\t\t\t<div class=\"elementor-container elementor-column-gap-default\">\n\t\t\t\t\t<div class=\"elementor-column elementor-col-33 elementor-top-column elementor-element elementor-element-cbec406\" data-id=\"cbec406\" data-element_type=\"column\" data-e-type=\"column\">\n\t\t\t<div class=\"elementor-widget-wrap elementor-element-populated\">\n\t\t\t\t\t\t<div class=\"elementor-element elementor-element-15060f4 elementor-widget elementor-widget-heading\" data-id=\"15060f4\" data-element_type=\"widget\" data-e-type=\"widget\" data-widget_type=\"heading.default\">\n\t\t\t\t<div class=\"elementor-widget-container\">\n\t\t\t\t\t<h2 class=\"elementor-heading-title elementor-size-default\">Contingut del Programa\n<\/h2>\t\t\t\t<\/div>\n\t\t\t\t<\/div>\n\t\t\t\t\t<\/div>\n\t\t<\/div>\n\t\t\t\t<div class=\"elementor-column elementor-col-66 elementor-top-column elementor-element elementor-element-8c8476a\" data-id=\"8c8476a\" data-element_type=\"column\" data-e-type=\"column\">\n\t\t\t<div class=\"elementor-widget-wrap elementor-element-populated\">\n\t\t\t\t\t\t<div class=\"elementor-element elementor-element-45308bb elementor-widget elementor-widget-text-editor\" data-id=\"45308bb\" data-element_type=\"widget\" data-e-type=\"widget\" data-widget_type=\"text-editor.default\">\n\t\t\t\t<div class=\"elementor-widget-container\">\n\t\t\t\t\t\t\t\t\t<p>El contingut del programa formatiu per con\u00e8ixer com aplicar els m\u00e8todes m\u00e9s avan\u00e7ats en la gesti\u00f3 de compres de mat\u00e8ries primeres t\u00e9 la seg\u00fcent estructura:<\/p>\n<ul>\n<li>El creixement econ\u00f2mic a mitj\u00e0 i llarg termini\n<ul>\n<li>Els recursos naturals<\/li>\n<li>La tecnologia<\/li>\n<li>Les fluctuacions econ\u00f2miques<\/li>\n<li>Shoks de demanda<\/li>\n<li>Shoks d&#8217;oferta<\/li>\n<\/ul>\n<\/li>\n<li>Principis generals per entendre els mercats de mat\u00e8ries primeres\n<ul>\n<li>Situaci\u00f3 actual<\/li>\n<li>Tipologies de mercats<\/li>\n<li>Identificaci\u00f3 de factors clau<\/li>\n<li>La geometria dels mercats<\/li>\n<li>Tipificaci\u00f3 de mercats<\/li>\n<\/ul>\n<\/li>\n<li>Mercats i informaci\u00f3\n<ul>\n<li>Fonts d&#8217;informaci\u00f3 de mercats<\/li>\n<li>Mat\u00e8ries primeres clau en el context global<\/li>\n<\/ul>\n<\/li>\n<li>Monitoritzaci\u00f3 i seguiment de les compres en mercats de primeres\n<ul>\n<li>mat\u00e8ries Models de risc i decisi\u00f3<\/li>\n<li>Monitoritzaci\u00f3 i mesura de l&#8217;exercici<\/li>\n<\/ul>\n<\/li>\n<\/ul>\n\t\t\t\t\t\t\t\t<\/div>\n\t\t\t\t<\/div>\n\t\t\t\t\t<\/div>\n\t\t<\/div>\n\t\t\t\t\t<\/div>\n\t\t<\/section>\n\t\t\t\t<section class=\"elementor-section elementor-top-section elementor-element elementor-element-b34ec33 elementor-section-boxed elementor-section-height-default elementor-section-height-default\" data-id=\"b34ec33\" data-element_type=\"section\" data-e-type=\"section\" data-settings=\"{&quot;background_background&quot;:&quot;classic&quot;}\">\n\t\t\t\t\t\t<div class=\"elementor-container elementor-column-gap-default\">\n\t\t\t\t\t<div class=\"elementor-column elementor-col-100 elementor-top-column elementor-element elementor-element-994f3c8\" data-id=\"994f3c8\" data-element_type=\"column\" data-e-type=\"column\">\n\t\t\t<div class=\"elementor-widget-wrap elementor-element-populated\">\n\t\t\t\t\t\t<div class=\"elementor-element elementor-element-7d3666a elementor-widget elementor-widget-heading\" data-id=\"7d3666a\" data-element_type=\"widget\" data-e-type=\"widget\" data-widget_type=\"heading.default\">\n\t\t\t\t<div class=\"elementor-widget-container\">\n\t\t\t\t\t<h3 class=\"elementor-heading-title elementor-size-default\">Formadors<\/h3>\t\t\t\t<\/div>\n\t\t\t\t<\/div>\n\t\t\t\t<div class=\"elementor-element elementor-element-1ce32df elementor-widget__width-initial elementor-widget-divider--view-line elementor-widget elementor-widget-global elementor-global-48210 elementor-global-159 elementor-widget-divider\" data-id=\"1ce32df\" data-element_type=\"widget\" data-e-type=\"widget\" data-widget_type=\"divider.default\">\n\t\t\t\t<div class=\"elementor-widget-container\">\n\t\t\t\t\t\t\t<div class=\"elementor-divider\">\n\t\t\t<span class=\"elementor-divider-separator\">\n\t\t\t\t\t\t<\/span>\n\t\t<\/div>\n\t\t\t\t\t\t<\/div>\n\t\t\t\t<\/div>\n\t\t\t\t\t<\/div>\n\t\t<\/div>\n\t\t\t\t\t<\/div>\n\t\t<\/section>\n\t\t\t\t<section class=\"elementor-section elementor-top-section elementor-element elementor-element-edf1fc5 elementor-section-boxed elementor-section-height-default elementor-section-height-default\" data-id=\"edf1fc5\" data-element_type=\"section\" data-e-type=\"section\" data-settings=\"{&quot;background_background&quot;:&quot;classic&quot;}\">\n\t\t\t\t\t\t<div class=\"elementor-container elementor-column-gap-default\">\n\t\t\t\t\t<div class=\"elementor-column elementor-col-33 elementor-top-column elementor-element elementor-element-a54cb12\" data-id=\"a54cb12\" data-element_type=\"column\" data-e-type=\"column\">\n\t\t\t<div class=\"elementor-widget-wrap elementor-element-populated\">\n\t\t\t\t\t\t<div class=\"elementor-element elementor-element-64d5da5 elementor-flip-box--effect-slide elementor-flip-box--direction-up elementor-widget elementor-widget-flip-box\" data-id=\"64d5da5\" data-element_type=\"widget\" data-e-type=\"widget\" data-widget_type=\"flip-box.default\">\n\t\t\t\t<div class=\"elementor-widget-container\">\n\t\t\t\t\t\t\t<div class=\"elementor-flip-box\" tabindex=\"0\">\n\t\t\t<div class=\"elementor-flip-box__layer elementor-flip-box__front\">\n\t\t\t\t<div class=\"elementor-flip-box__layer__overlay\">\n\t\t\t\t\t<div class=\"elementor-flip-box__layer__inner\">\n\t\t\t\t\t\t\n\t\t\t\t\t\t\t\t\t\t\t\t\t<h3 class=\"elementor-flip-box__layer__title\">\n\t\t\t\t\t\t\t\tJordi Civit\t\t\t\t\t\t\t<\/h3>\n\t\t\t\t\t\t\n\t\t\t\t\t\t\t\t\t\t\t<\/div>\n\t\t\t\t<\/div>\n\t\t\t<\/div>\n\t\t\t<div class=\"elementor-flip-box__layer elementor-flip-box__back\">\n\t\t\t<div class=\"elementor-flip-box__layer__overlay\">\n\t\t\t\t<div class=\"elementor-flip-box__layer__inner\">\n\t\t\t\t\t\t\t\t\t\t\t<h3 class=\"elementor-flip-box__layer__title\">\n\t\t\t\t\t\t\tJordi Civit\t\t\t\t\t\t<\/h3>\n\t\t\t\t\t\n\t\t\t\t\t\t\t\t\t\t\t<div class=\"elementor-flip-box__layer__description\">\n\t\t\t\t\t\t\tDoctor en Biologia per la Universitat Aut\u00f2noma de Barcelona, UAB\nCoordinador de l'\u00c0rea de Compres, a IQS Executive Education\nAssessor i formador en gesti\u00f3 estrat\u00e8gica de compres. 25 anys d'experi\u00e8ncia a Adreces de Compres.\nMentor en Gesti\u00f3 Estrat\u00e8gica de Compres\t\t\t\t\t\t<\/div>\n\t\t\t\t\t\n\t\t\t\t\t\t\t\t<\/div>\n\t\t<\/div>\n\t\t<\/div>\n\t\t<\/div>\n\t\t\t\t\t\t<\/div>\n\t\t\t\t<\/div>\n\t\t\t\t\t<\/div>\n\t\t<\/div>\n\t\t\t\t<div class=\"elementor-column elementor-col-33 elementor-top-column elementor-element elementor-element-1730fd9\" data-id=\"1730fd9\" data-element_type=\"column\" data-e-type=\"column\">\n\t\t\t<div class=\"elementor-widget-wrap elementor-element-populated\">\n\t\t\t\t\t\t<div class=\"elementor-element elementor-element-8812f0a elementor-flip-box--effect-slide elementor-flip-box--direction-up elementor-widget elementor-widget-flip-box\" data-id=\"8812f0a\" data-element_type=\"widget\" data-e-type=\"widget\" data-widget_type=\"flip-box.default\">\n\t\t\t\t<div class=\"elementor-widget-container\">\n\t\t\t\t\t\t\t<div class=\"elementor-flip-box\" tabindex=\"0\">\n\t\t\t<div class=\"elementor-flip-box__layer elementor-flip-box__front\">\n\t\t\t\t<div class=\"elementor-flip-box__layer__overlay\">\n\t\t\t\t\t<div class=\"elementor-flip-box__layer__inner\">\n\t\t\t\t\t\t\n\t\t\t\t\t\t\t\t\t\t\t\t\t<h3 class=\"elementor-flip-box__layer__title\">\n\t\t\t\t\t\t\t\tEnric Grau\t\t\t\t\t\t\t<\/h3>\n\t\t\t\t\t\t\n\t\t\t\t\t\t\t\t\t\t\t<\/div>\n\t\t\t\t<\/div>\n\t\t\t<\/div>\n\t\t\t<div class=\"elementor-flip-box__layer elementor-flip-box__back\">\n\t\t\t<div class=\"elementor-flip-box__layer__overlay\">\n\t\t\t\t<div class=\"elementor-flip-box__layer__inner\">\n\t\t\t\t\t\t\t\t\t\t\t<h3 class=\"elementor-flip-box__layer__title\">\n\t\t\t\t\t\t\tEnric Grau\t\t\t\t\t\t<\/h3>\n\t\t\t\t\t\n\t\t\t\t\t\t\t\t\t\t\t<div class=\"elementor-flip-box__layer__description\">\n\t\t\t\t\t\t\tEnginyer Industrial per la UPC\nPDD, IESE\nM\u00e0ster en Mathematics for Finance\nExecutive Master MIP, URL\nDirector Comercial de UVE 2003\nProfessor associat d'IQS Executive Education\nExpertise en processament de dades i an\u00e0lisi de mercats\t\t\t\t\t\t<\/div>\n\t\t\t\t\t\n\t\t\t\t\t\t\t\t<\/div>\n\t\t<\/div>\n\t\t<\/div>\n\t\t<\/div>\n\t\t\t\t\t\t<\/div>\n\t\t\t\t<\/div>\n\t\t\t\t\t<\/div>\n\t\t<\/div>\n\t\t\t\t<div class=\"elementor-column elementor-col-33 elementor-top-column elementor-element elementor-element-1e8707d\" data-id=\"1e8707d\" data-element_type=\"column\" data-e-type=\"column\">\n\t\t\t<div class=\"elementor-widget-wrap\">\n\t\t\t\t\t\t\t<\/div>\n\t\t<\/div>\n\t\t\t\t\t<\/div>\n\t\t<\/section>\n\t\t\t\t<section class=\"elementor-section elementor-top-section elementor-element elementor-element-81911e7 elementor-section-boxed elementor-section-height-default elementor-section-height-default\" data-id=\"81911e7\" data-element_type=\"section\" data-e-type=\"section\" data-settings=\"{&quot;background_background&quot;:&quot;classic&quot;}\">\n\t\t\t\t\t\t<div class=\"elementor-container elementor-column-gap-default\">\n\t\t\t\t\t<div class=\"elementor-column elementor-col-100 elementor-top-column elementor-element elementor-element-0871a70\" data-id=\"0871a70\" data-element_type=\"column\" data-e-type=\"column\">\n\t\t\t<div class=\"elementor-widget-wrap elementor-element-populated\">\n\t\t\t\t\t\t<div class=\"elementor-element elementor-element-508513b elementor-widget elementor-widget-heading\" data-id=\"508513b\" data-element_type=\"widget\" data-e-type=\"widget\" data-widget_type=\"heading.default\">\n\t\t\t\t<div class=\"elementor-widget-container\">\n\t\t\t\t\t<h3 class=\"elementor-heading-title elementor-size-default\">Fitxa t\u00e8cnica del programa\n<\/h3>\t\t\t\t<\/div>\n\t\t\t\t<\/div>\n\t\t\t\t<div class=\"elementor-element elementor-element-b02967d elementor-widget__width-initial elementor-widget-divider--view-line elementor-widget elementor-widget-global elementor-global-48210 elementor-global-159 elementor-widget-divider\" data-id=\"b02967d\" data-element_type=\"widget\" data-e-type=\"widget\" data-widget_type=\"divider.default\">\n\t\t\t\t<div class=\"elementor-widget-container\">\n\t\t\t\t\t\t\t<div class=\"elementor-divider\">\n\t\t\t<span class=\"elementor-divider-separator\">\n\t\t\t\t\t\t<\/span>\n\t\t<\/div>\n\t\t\t\t\t\t<\/div>\n\t\t\t\t<\/div>\n\t\t\t\t<section class=\"elementor-section elementor-inner-section elementor-element elementor-element-2167bf8 elementor-section-boxed elementor-section-height-default elementor-section-height-default\" data-id=\"2167bf8\" data-element_type=\"section\" data-e-type=\"section\">\n\t\t\t\t\t\t<div class=\"elementor-container elementor-column-gap-default\">\n\t\t\t\t\t<div class=\"elementor-column elementor-col-50 elementor-inner-column elementor-element elementor-element-fdeddcd\" data-id=\"fdeddcd\" data-element_type=\"column\" data-e-type=\"column\">\n\t\t\t<div class=\"elementor-widget-wrap elementor-element-populated\">\n\t\t\t\t\t\t<div class=\"elementor-element elementor-element-4b83092 elementor-widget elementor-widget-image\" data-id=\"4b83092\" data-element_type=\"widget\" data-e-type=\"widget\" data-widget_type=\"image.default\">\n\t\t\t\t<div class=\"elementor-widget-container\">\n\t\t\t\t\t\t\t\t\t\t\t\t\t\t\t<img fetchpriority=\"high\" decoding=\"async\" width=\"800\" height=\"450\" src=\"https:\/\/amec.es\/wp-content\/uploads\/2023\/08\/banner-materias-primas-1024x576.png\" class=\"attachment-large size-large wp-image-4418\" alt=\"\" srcset=\"https:\/\/amec.es\/wp-content\/uploads\/2023\/08\/banner-materias-primas-1024x576.png 1024w, https:\/\/amec.es\/wp-content\/uploads\/2023\/08\/banner-materias-primas-600x337.png 600w, https:\/\/amec.es\/wp-content\/uploads\/2023\/08\/banner-materias-primas-300x169.png 300w, https:\/\/amec.es\/wp-content\/uploads\/2023\/08\/banner-materias-primas-768x432.png 768w, https:\/\/amec.es\/wp-content\/uploads\/2023\/08\/banner-materias-primas.png 1218w\" sizes=\"(max-width: 800px) 100vw, 800px\" \/>\t\t\t\t\t\t\t\t\t\t\t\t\t\t\t<\/div>\n\t\t\t\t<\/div>\n\t\t\t\t\t<\/div>\n\t\t<\/div>\n\t\t\t\t<div class=\"elementor-column elementor-col-50 elementor-inner-column elementor-element elementor-element-06f3936\" data-id=\"06f3936\" data-element_type=\"column\" data-e-type=\"column\">\n\t\t\t<div class=\"elementor-widget-wrap elementor-element-populated\">\n\t\t\t\t\t\t<div class=\"elementor-element elementor-element-07e86a9 elementor-widget elementor-widget-text-editor\" data-id=\"07e86a9\" data-element_type=\"widget\" data-e-type=\"widget\" data-widget_type=\"text-editor.default\">\n\t\t\t\t<div class=\"elementor-widget-container\">\n\t\t\t\t\t\t\t\t\t<p>Les empreses membres d&#8217;amec tenen un <strong>40% de descompte en el preu<\/strong><\/p>\n<p>Empreses membre <em><strong>d&#8217;amec<\/strong><\/em>: 988\u20ac + 21% IVA<\/p>\n<p>Empresas no membre: 1646 \u20ac + 21% IVA<\/p>\n<p>Nombre m\u00ednim d&#8217;assistents: 8<\/p>\n\t\t\t\t\t\t\t\t<\/div>\n\t\t\t\t<\/div>\n\t\t\t\t\t<\/div>\n\t\t<\/div>\n\t\t\t\t\t<\/div>\n\t\t<\/section>\n\t\t\t\t<div class=\"elementor-element elementor-element-fdf161f elementor-widget elementor-widget-text-editor\" data-id=\"fdf161f\" data-element_type=\"widget\" data-e-type=\"widget\" data-widget_type=\"text-editor.default\">\n\t\t\t\t<div class=\"elementor-widget-container\">\n\t\t\t\t\t\t\t\t\t<p><strong>Pol\u00edtica de cancel\u00b7laci\u00f3<\/strong><\/p>\n<p>Per a cancel\u00b7lacions realitzades durant els 30 dies abans de l&#8217;inici del taller, es tornar\u00e0 el 75% de l&#8217;import.<\/p>\n<p>Per cancel\u00b7lacions realitzades durant els 15 dies abans de l&#8217;inici del taller, no se&#8217;n tornar\u00e0 l&#8217;import.<\/p>\n<p><strong>Gesti\u00f3 de la Bonificaci\u00f3 Fundae:<\/strong><\/p>\n<p><strong><em>amec<\/em><\/strong> pot gestionar la bonificaci\u00f3 Fundae per a empreses associades participants en aquests tallers, per aix\u00f2 hem de disposar de la documentaci\u00f3 necess\u00e0ria 7 dies abans de l&#8217;inici del curs.<\/p>\n<p class=\"p1\">Tens alguna pregunta? contacta amb: &#8211; <a href=\"mailto:epahissa@amec.es\">epahissa@amec.es<\/a><\/p>\n\t\t\t\t\t\t\t\t<\/div>\n\t\t\t\t<\/div>\n\t\t\t\t\t<\/div>\n\t\t<\/div>\n\t\t\t\t\t<\/div>\n\t\t<\/section>\n\t\t\t\t<\/div>\n\t\t","protected":false},"excerpt":{"rendered":"<p>Gesti\u00f3 de les compres de mat\u00e8ries primeres Formaci\u00f3 de 12 hores dividida en 4 sessions de 3 hores cadascuna Programa online (amb 40% de descompte per als membres de Amec) T&#8217;agradaria entendre millor el complexe mon de les mat\u00e8ries primeres? Organitzem aquesta formaci\u00f3 online de Gesti\u00f3 de compres de mat\u00e8ries primres, dirigida tan a directius [&hellip;]<\/p>\n","protected":false},"author":1,"featured_media":4310,"parent":5947,"menu_order":0,"comment_status":"closed","ping_status":"closed","template":"","meta":{"inline_featured_image":false,"footnotes":""},"categories":[],"tags":[],"class_list":["post-6063","page","type-page","status-publish","has-post-thumbnail","hentry"],"yoast_head":"<!-- This site is optimized with the Yoast SEO plugin v27.3 - https:\/\/yoast.com\/product\/yoast-seo-wordpress\/ -->\n<title>Gesti\u00f3 de les compres de mat\u00e8ries primeres | amec Positive Industry<\/title>\n<meta name=\"robots\" content=\"index, follow, max-snippet:-1, max-image-preview:large, max-video-preview:-1\" \/>\n<link rel=\"canonical\" href=\"https:\/\/amec.es\/gana-competitividad\/cursos-innovacion-adaptabilidad\/gestion-de-compras-de-materias-primas\/\" \/>\n<meta property=\"og:locale\" content=\"ca_ES\" \/>\n<meta property=\"og:type\" content=\"article\" \/>\n<meta property=\"og:title\" content=\"Gesti\u00f3 de les compres de mat\u00e8ries primeres | amec Positive Industry\" \/>\n<meta property=\"og:description\" content=\"Gesti\u00f3 de les compres de mat\u00e8ries primeres Formaci\u00f3 de 12 hores dividida en 4 sessions de 3 hores cadascuna Programa online (amb 40% de descompte per als membres de Amec) T&#8217;agradaria entendre millor el complexe mon de les mat\u00e8ries primeres? Organitzem aquesta formaci\u00f3 online de Gesti\u00f3 de compres de mat\u00e8ries primres, dirigida tan a directius [&hellip;]\" \/>\n<meta property=\"og:url\" content=\"https:\/\/amec.es\/gana-competitividad\/cursos-innovacion-adaptabilidad\/gestion-de-compras-de-materias-primas\/\" \/>\n<meta property=\"og:site_name\" content=\"amec Positive Industry\" \/>\n<meta property=\"article:modified_time\" content=\"2023-09-01T10:48:44+00:00\" \/>\n<meta property=\"og:image\" content=\"https:\/\/amec.es\/wp-content\/uploads\/2023\/08\/cabeceritasformacio-4.jpg\" \/>\n\t<meta property=\"og:image:width\" content=\"1920\" \/>\n\t<meta property=\"og:image:height\" content=\"284\" \/>\n\t<meta property=\"og:image:type\" content=\"image\/jpeg\" \/>\n<meta name=\"twitter:card\" content=\"summary_large_image\" \/>\n<meta name=\"twitter:label1\" content=\"Temps estimat de lectura\" \/>\n\t<meta name=\"twitter:data1\" content=\"3 minuts\" \/>\n<script type=\"application\/ld+json\" class=\"yoast-schema-graph\">{\"@context\":\"https:\\\/\\\/schema.org\",\"@graph\":[{\"@type\":\"WebPage\",\"@id\":\"https:\\\/\\\/amec.es\\\/gana-competitividad\\\/cursos-innovacion-adaptabilidad\\\/gestion-de-compras-de-materias-primas\\\/\",\"url\":\"https:\\\/\\\/amec.es\\\/gana-competitividad\\\/cursos-innovacion-adaptabilidad\\\/gestion-de-compras-de-materias-primas\\\/\",\"name\":\"Gesti\u00f3 de les compres de mat\u00e8ries primeres | amec Positive Industry\",\"isPartOf\":{\"@id\":\"https:\\\/\\\/amec.es\\\/#website\"},\"primaryImageOfPage\":{\"@id\":\"https:\\\/\\\/amec.es\\\/gana-competitividad\\\/cursos-innovacion-adaptabilidad\\\/gestion-de-compras-de-materias-primas\\\/#primaryimage\"},\"image\":{\"@id\":\"https:\\\/\\\/amec.es\\\/gana-competitividad\\\/cursos-innovacion-adaptabilidad\\\/gestion-de-compras-de-materias-primas\\\/#primaryimage\"},\"thumbnailUrl\":\"https:\\\/\\\/amec.es\\\/wp-content\\\/uploads\\\/2023\\\/08\\\/cabeceritasformacio-4.jpg\",\"datePublished\":\"2023-08-07T08:43:18+00:00\",\"dateModified\":\"2023-09-01T10:48:44+00:00\",\"breadcrumb\":{\"@id\":\"https:\\\/\\\/amec.es\\\/gana-competitividad\\\/cursos-innovacion-adaptabilidad\\\/gestion-de-compras-de-materias-primas\\\/#breadcrumb\"},\"inLanguage\":\"ca\",\"potentialAction\":[{\"@type\":\"ReadAction\",\"target\":[\"https:\\\/\\\/amec.es\\\/gana-competitividad\\\/cursos-innovacion-adaptabilidad\\\/gestion-de-compras-de-materias-primas\\\/\"]}]},{\"@type\":\"ImageObject\",\"inLanguage\":\"ca\",\"@id\":\"https:\\\/\\\/amec.es\\\/gana-competitividad\\\/cursos-innovacion-adaptabilidad\\\/gestion-de-compras-de-materias-primas\\\/#primaryimage\",\"url\":\"https:\\\/\\\/amec.es\\\/wp-content\\\/uploads\\\/2023\\\/08\\\/cabeceritasformacio-4.jpg\",\"contentUrl\":\"https:\\\/\\\/amec.es\\\/wp-content\\\/uploads\\\/2023\\\/08\\\/cabeceritasformacio-4.jpg\",\"width\":1920,\"height\":284},{\"@type\":\"BreadcrumbList\",\"@id\":\"https:\\\/\\\/amec.es\\\/gana-competitividad\\\/cursos-innovacion-adaptabilidad\\\/gestion-de-compras-de-materias-primas\\\/#breadcrumb\",\"itemListElement\":[{\"@type\":\"ListItem\",\"position\":1,\"name\":\"Portada\",\"item\":\"https:\\\/\\\/amec.es\\\/ca\\\/home-new\\\/\"},{\"@type\":\"ListItem\",\"position\":2,\"name\":\"Guanya competitivitat\",\"item\":\"https:\\\/\\\/amec.es\\\/ca\\\/guanya-competitivitat\\\/\"},{\"@type\":\"ListItem\",\"position\":3,\"name\":\"Cursos &#8211; INNOVACI\u00d3 &amp; ADAPTABILITAT\",\"item\":\"https:\\\/\\\/amec.es\\\/gana-competitividad\\\/cursos-innovacion-adaptabilidad\\\/\"},{\"@type\":\"ListItem\",\"position\":4,\"name\":\"Gesti\u00f3 de les compres de mat\u00e8ries primeres\"}]},{\"@type\":\"WebSite\",\"@id\":\"https:\\\/\\\/amec.es\\\/#website\",\"url\":\"https:\\\/\\\/amec.es\\\/\",\"name\":\"amec Positive Industry\",\"description\":\"\",\"publisher\":{\"@id\":\"https:\\\/\\\/amec.es\\\/#organization\"},\"potentialAction\":[{\"@type\":\"SearchAction\",\"target\":{\"@type\":\"EntryPoint\",\"urlTemplate\":\"https:\\\/\\\/amec.es\\\/?s={search_term_string}\"},\"query-input\":{\"@type\":\"PropertyValueSpecification\",\"valueRequired\":true,\"valueName\":\"search_term_string\"}}],\"inLanguage\":\"ca\"},{\"@type\":\"Organization\",\"@id\":\"https:\\\/\\\/amec.es\\\/#organization\",\"name\":\"amec Positive Industry\",\"url\":\"https:\\\/\\\/amec.es\\\/\",\"logo\":{\"@type\":\"ImageObject\",\"inLanguage\":\"ca\",\"@id\":\"https:\\\/\\\/amec.es\\\/#\\\/schema\\\/logo\\\/image\\\/\",\"url\":\"https:\\\/\\\/amec.es\\\/wp-content\\\/uploads\\\/2023\\\/07\\\/logoamec.png\",\"contentUrl\":\"https:\\\/\\\/amec.es\\\/wp-content\\\/uploads\\\/2023\\\/07\\\/logoamec.png\",\"width\":200,\"height\":48,\"caption\":\"amec Positive Industry\"},\"image\":{\"@id\":\"https:\\\/\\\/amec.es\\\/#\\\/schema\\\/logo\\\/image\\\/\"}}]}<\/script>\n<!-- \/ Yoast SEO plugin. -->","yoast_head_json":{"title":"Gesti\u00f3 de les compres de mat\u00e8ries primeres | amec Positive Industry","robots":{"index":"index","follow":"follow","max-snippet":"max-snippet:-1","max-image-preview":"max-image-preview:large","max-video-preview":"max-video-preview:-1"},"canonical":"https:\/\/amec.es\/gana-competitividad\/cursos-innovacion-adaptabilidad\/gestion-de-compras-de-materias-primas\/","og_locale":"ca_ES","og_type":"article","og_title":"Gesti\u00f3 de les compres de mat\u00e8ries primeres | amec Positive Industry","og_description":"Gesti\u00f3 de les compres de mat\u00e8ries primeres Formaci\u00f3 de 12 hores dividida en 4 sessions de 3 hores cadascuna Programa online (amb 40% de descompte per als membres de Amec) T&#8217;agradaria entendre millor el complexe mon de les mat\u00e8ries primeres? Organitzem aquesta formaci\u00f3 online de Gesti\u00f3 de compres de mat\u00e8ries primres, dirigida tan a directius [&hellip;]","og_url":"https:\/\/amec.es\/gana-competitividad\/cursos-innovacion-adaptabilidad\/gestion-de-compras-de-materias-primas\/","og_site_name":"amec Positive Industry","article_modified_time":"2023-09-01T10:48:44+00:00","og_image":[{"width":1920,"height":284,"url":"https:\/\/amec.es\/wp-content\/uploads\/2023\/08\/cabeceritasformacio-4.jpg","type":"image\/jpeg"}],"twitter_card":"summary_large_image","twitter_misc":{"Temps estimat de lectura":"3 minuts"},"schema":{"@context":"https:\/\/schema.org","@graph":[{"@type":"WebPage","@id":"https:\/\/amec.es\/gana-competitividad\/cursos-innovacion-adaptabilidad\/gestion-de-compras-de-materias-primas\/","url":"https:\/\/amec.es\/gana-competitividad\/cursos-innovacion-adaptabilidad\/gestion-de-compras-de-materias-primas\/","name":"Gesti\u00f3 de les compres de mat\u00e8ries primeres | amec Positive Industry","isPartOf":{"@id":"https:\/\/amec.es\/#website"},"primaryImageOfPage":{"@id":"https:\/\/amec.es\/gana-competitividad\/cursos-innovacion-adaptabilidad\/gestion-de-compras-de-materias-primas\/#primaryimage"},"image":{"@id":"https:\/\/amec.es\/gana-competitividad\/cursos-innovacion-adaptabilidad\/gestion-de-compras-de-materias-primas\/#primaryimage"},"thumbnailUrl":"https:\/\/amec.es\/wp-content\/uploads\/2023\/08\/cabeceritasformacio-4.jpg","datePublished":"2023-08-07T08:43:18+00:00","dateModified":"2023-09-01T10:48:44+00:00","breadcrumb":{"@id":"https:\/\/amec.es\/gana-competitividad\/cursos-innovacion-adaptabilidad\/gestion-de-compras-de-materias-primas\/#breadcrumb"},"inLanguage":"ca","potentialAction":[{"@type":"ReadAction","target":["https:\/\/amec.es\/gana-competitividad\/cursos-innovacion-adaptabilidad\/gestion-de-compras-de-materias-primas\/"]}]},{"@type":"ImageObject","inLanguage":"ca","@id":"https:\/\/amec.es\/gana-competitividad\/cursos-innovacion-adaptabilidad\/gestion-de-compras-de-materias-primas\/#primaryimage","url":"https:\/\/amec.es\/wp-content\/uploads\/2023\/08\/cabeceritasformacio-4.jpg","contentUrl":"https:\/\/amec.es\/wp-content\/uploads\/2023\/08\/cabeceritasformacio-4.jpg","width":1920,"height":284},{"@type":"BreadcrumbList","@id":"https:\/\/amec.es\/gana-competitividad\/cursos-innovacion-adaptabilidad\/gestion-de-compras-de-materias-primas\/#breadcrumb","itemListElement":[{"@type":"ListItem","position":1,"name":"Portada","item":"https:\/\/amec.es\/ca\/home-new\/"},{"@type":"ListItem","position":2,"name":"Guanya competitivitat","item":"https:\/\/amec.es\/ca\/guanya-competitivitat\/"},{"@type":"ListItem","position":3,"name":"Cursos &#8211; INNOVACI\u00d3 &amp; ADAPTABILITAT","item":"https:\/\/amec.es\/gana-competitividad\/cursos-innovacion-adaptabilidad\/"},{"@type":"ListItem","position":4,"name":"Gesti\u00f3 de les compres de mat\u00e8ries primeres"}]},{"@type":"WebSite","@id":"https:\/\/amec.es\/#website","url":"https:\/\/amec.es\/","name":"amec Positive Industry","description":"","publisher":{"@id":"https:\/\/amec.es\/#organization"},"potentialAction":[{"@type":"SearchAction","target":{"@type":"EntryPoint","urlTemplate":"https:\/\/amec.es\/?s={search_term_string}"},"query-input":{"@type":"PropertyValueSpecification","valueRequired":true,"valueName":"search_term_string"}}],"inLanguage":"ca"},{"@type":"Organization","@id":"https:\/\/amec.es\/#organization","name":"amec Positive Industry","url":"https:\/\/amec.es\/","logo":{"@type":"ImageObject","inLanguage":"ca","@id":"https:\/\/amec.es\/#\/schema\/logo\/image\/","url":"https:\/\/amec.es\/wp-content\/uploads\/2023\/07\/logoamec.png","contentUrl":"https:\/\/amec.es\/wp-content\/uploads\/2023\/07\/logoamec.png","width":200,"height":48,"caption":"amec Positive Industry"},"image":{"@id":"https:\/\/amec.es\/#\/schema\/logo\/image\/"}}]}},"_links":{"self":[{"href":"https:\/\/amec.es\/ca\/wp-json\/wp\/v2\/pages\/6063","targetHints":{"allow":["GET"]}}],"collection":[{"href":"https:\/\/amec.es\/ca\/wp-json\/wp\/v2\/pages"}],"about":[{"href":"https:\/\/amec.es\/ca\/wp-json\/wp\/v2\/types\/page"}],"author":[{"embeddable":true,"href":"https:\/\/amec.es\/ca\/wp-json\/wp\/v2\/users\/1"}],"replies":[{"embeddable":true,"href":"https:\/\/amec.es\/ca\/wp-json\/wp\/v2\/comments?post=6063"}],"version-history":[{"count":1,"href":"https:\/\/amec.es\/ca\/wp-json\/wp\/v2\/pages\/6063\/revisions"}],"predecessor-version":[{"id":6064,"href":"https:\/\/amec.es\/ca\/wp-json\/wp\/v2\/pages\/6063\/revisions\/6064"}],"up":[{"embeddable":true,"href":"https:\/\/amec.es\/ca\/wp-json\/wp\/v2\/pages\/5947"}],"wp:featuredmedia":[{"embeddable":true,"href":"https:\/\/amec.es\/ca\/wp-json\/wp\/v2\/media\/4310"}],"wp:attachment":[{"href":"https:\/\/amec.es\/ca\/wp-json\/wp\/v2\/media?parent=6063"}],"wp:term":[{"taxonomy":"category","embeddable":true,"href":"https:\/\/amec.es\/ca\/wp-json\/wp\/v2\/categories?post=6063"},{"taxonomy":"post_tag","embeddable":true,"href":"https:\/\/amec.es\/ca\/wp-json\/wp\/v2\/tags?post=6063"}],"curies":[{"name":"wp","href":"https:\/\/api.w.org\/{rel}","templated":true}]}}