{"id":6067,"date":"2023-08-07T11:10:43","date_gmt":"2023-08-07T09:10:43","guid":{"rendered":"https:\/\/elementor2.ameclexdir.com\/index.php\/guanya-competitivitat\/cursos-sostenibilitat\/leconomia-circular-com-a-vector-destrategia-empresarial\/"},"modified":"2023-09-01T11:06:21","modified_gmt":"2023-09-01T11:06:21","slug":"leconomia-circular-com-a-vector-destrategia-empresarial","status":"publish","type":"page","link":"https:\/\/amec.es\/ca\/guanya-competitivitat\/cursos-sostenibilitat\/leconomia-circular-com-a-vector-destrategia-empresarial\/","title":{"rendered":"L&#8217;Economia circular com a vector d&#8217;estrategia empresarial"},"content":{"rendered":"\t\t<div data-elementor-type=\"wp-page\" data-elementor-id=\"6067\" class=\"elementor elementor-6067 elementor-4436\" data-elementor-post-type=\"page\">\n\t\t\t\t\t\t<section class=\"elementor-section elementor-top-section elementor-element elementor-element-88326e7 elementor-section-boxed elementor-section-height-default elementor-section-height-default\" data-id=\"88326e7\" data-element_type=\"section\" data-e-type=\"section\" data-settings=\"{&quot;background_background&quot;:&quot;classic&quot;}\">\n\t\t\t\t\t\t<div class=\"elementor-container elementor-column-gap-default\">\n\t\t\t\t\t<div class=\"elementor-column elementor-col-100 elementor-top-column elementor-element elementor-element-f64fa32\" data-id=\"f64fa32\" data-element_type=\"column\" data-e-type=\"column\">\n\t\t\t<div class=\"elementor-widget-wrap elementor-element-populated\">\n\t\t\t\t\t\t<div class=\"elementor-element elementor-element-0c121c2 elementor-widget__width-initial elementor-widget-divider--view-line elementor-widget elementor-widget-global elementor-global-48210 elementor-global-159 elementor-widget-divider\" data-id=\"0c121c2\" data-element_type=\"widget\" data-e-type=\"widget\" data-widget_type=\"divider.default\">\n\t\t\t\t<div class=\"elementor-widget-container\">\n\t\t\t\t\t\t\t<div class=\"elementor-divider\">\n\t\t\t<span class=\"elementor-divider-separator\">\n\t\t\t\t\t\t<\/span>\n\t\t<\/div>\n\t\t\t\t\t\t<\/div>\n\t\t\t\t<\/div>\n\t\t\t\t\t<\/div>\n\t\t<\/div>\n\t\t\t\t\t<\/div>\n\t\t<\/section>\n\t\t\t\t<section class=\"elementor-section elementor-top-section elementor-element elementor-element-dd53e19 elementor-section-boxed elementor-section-height-default elementor-section-height-default\" data-id=\"dd53e19\" data-element_type=\"section\" data-e-type=\"section\" data-settings=\"{&quot;background_background&quot;:&quot;classic&quot;}\">\n\t\t\t\t\t\t<div class=\"elementor-container elementor-column-gap-default\">\n\t\t\t\t\t<div class=\"elementor-column elementor-col-33 elementor-top-column elementor-element elementor-element-39b52f3\" data-id=\"39b52f3\" data-element_type=\"column\" data-e-type=\"column\">\n\t\t\t<div class=\"elementor-widget-wrap elementor-element-populated\">\n\t\t\t\t\t\t<div class=\"elementor-element elementor-element-7a45613 elementor-widget elementor-widget-heading\" data-id=\"7a45613\" data-element_type=\"widget\" data-e-type=\"widget\" data-widget_type=\"heading.default\">\n\t\t\t\t<div class=\"elementor-widget-container\">\n\t\t\t\t\t<h2 class=\"elementor-heading-title elementor-size-default\">Economia circular\n<\/h2>\t\t\t\t<\/div>\n\t\t\t\t<\/div>\n\t\t\t\t\t<\/div>\n\t\t<\/div>\n\t\t\t\t<div class=\"elementor-column elementor-col-66 elementor-top-column elementor-element elementor-element-1b31e0b\" data-id=\"1b31e0b\" data-element_type=\"column\" data-e-type=\"column\">\n\t\t\t<div class=\"elementor-widget-wrap elementor-element-populated\">\n\t\t\t\t\t\t<div class=\"elementor-element elementor-element-a2e4138 elementor-widget elementor-widget-text-editor\" data-id=\"a2e4138\" data-element_type=\"widget\" data-e-type=\"widget\" data-widget_type=\"text-editor.default\">\n\t\t\t\t<div class=\"elementor-widget-container\">\n\t\t\t\t\t\t\t\t\t<ul>\n<li>Escull entre els 5 m\u00f2duls (2 hores cadascun) o fes el programa sencer <\/li>\n<li>Programa online (amb 40% de descompte per als membres <em><strong>d&#8217;amec<\/strong><\/em>)<\/li>\n<li>Es compaginar\u00e0 l&#8217;exposici\u00f3 te\u00f2rica i de casos d&#8217;\u00e8xit amb la realitzaci\u00f3 d&#8217;exercicis pr\u00e0ctics per consolidar i aplicar els coneixements a l&#8217;empresa<\/li>\n<\/ul>\n<p><strong>Com podem incorporar l&#8217;economia circular a l&#8217;estrat\u00e8gica de l&#8217;empresa?<\/strong> Treballarem els aspectes clau de l&#8217;economia circular. Definirem els diferents models de negoci circulars. Aplicarem les t\u00e8cniques del Design Thinking. Definirem una proposta de valor circular mitjan\u00e7ant models de negoci on posarem el focus en l&#8217;acc\u00e9s al servei o soluci\u00f3.<\/p>\n<p><strong>T&#8217;interesa? Demana m\u00e9s informaci\u00f3 a <a href=\"mailto:epahissa@amec.es\">epahissa@amec.es<\/a><\/strong><\/p>\n\t\t\t\t\t\t\t\t<\/div>\n\t\t\t\t<\/div>\n\t\t\t\t\t<\/div>\n\t\t<\/div>\n\t\t\t\t\t<\/div>\n\t\t<\/section>\n\t\t\t\t<section class=\"elementor-section elementor-top-section elementor-element elementor-element-4d5801f elementor-section-boxed elementor-section-height-default elementor-section-height-default\" data-id=\"4d5801f\" data-element_type=\"section\" data-e-type=\"section\" data-settings=\"{&quot;background_background&quot;:&quot;classic&quot;}\">\n\t\t\t\t\t\t<div class=\"elementor-container elementor-column-gap-default\">\n\t\t\t\t\t<div class=\"elementor-column elementor-col-33 elementor-top-column elementor-element elementor-element-cb8a432\" data-id=\"cb8a432\" data-element_type=\"column\" data-e-type=\"column\">\n\t\t\t<div class=\"elementor-widget-wrap elementor-element-populated\">\n\t\t\t\t\t\t<div class=\"elementor-element elementor-element-e32c4cc elementor-widget elementor-widget-heading\" data-id=\"e32c4cc\" data-element_type=\"widget\" data-e-type=\"widget\" data-widget_type=\"heading.default\">\n\t\t\t\t<div class=\"elementor-widget-container\">\n\t\t\t\t\t<h2 class=\"elementor-heading-title elementor-size-default\">A qui ens dirigim?\n<\/h2>\t\t\t\t<\/div>\n\t\t\t\t<\/div>\n\t\t\t\t<div class=\"elementor-element elementor-element-af7eed0 elementor-widget__width-initial elementor-widget-divider--view-line elementor-widget elementor-widget-global elementor-global-48210 elementor-global-159 elementor-widget-divider\" data-id=\"af7eed0\" data-element_type=\"widget\" data-e-type=\"widget\" data-widget_type=\"divider.default\">\n\t\t\t\t<div class=\"elementor-widget-container\">\n\t\t\t\t\t\t\t<div class=\"elementor-divider\">\n\t\t\t<span class=\"elementor-divider-separator\">\n\t\t\t\t\t\t<\/span>\n\t\t<\/div>\n\t\t\t\t\t\t<\/div>\n\t\t\t\t<\/div>\n\t\t\t\t\t<\/div>\n\t\t<\/div>\n\t\t\t\t<div class=\"elementor-column elementor-col-66 elementor-top-column elementor-element elementor-element-401ad01\" data-id=\"401ad01\" data-element_type=\"column\" data-e-type=\"column\">\n\t\t\t<div class=\"elementor-widget-wrap elementor-element-populated\">\n\t\t\t\t\t\t<div class=\"elementor-element elementor-element-bf861ca elementor-widget elementor-widget-text-editor\" data-id=\"bf861ca\" data-element_type=\"widget\" data-e-type=\"widget\" data-widget_type=\"text-editor.default\">\n\t\t\t\t<div class=\"elementor-widget-container\">\n\t\t\t\t\t\t\t\t\t<ul>\n<li class=\"p1\"><strong>C\u00e0rrecs directius i responsables d&#8217;estrat\u00e8gia empresarial Jefes de innovaci\u00f3n<\/strong><\/li>\n<\/ul>\n<p>Participants que: <\/p>\n<ul>\n<li><span class=\"s1\">Estiguin afrontant <strong>transformacions importants<\/strong> a la seva empresa (mercats, models de negoci, processos productius, models d&#8217;innovaci\u00f3, entre d&#8217;altres)<\/span><\/li>\n<li><span class=\"s1\">Estiguin <strong>oberts al progr\u00e9s<\/strong><strong>:<\/strong> professionals que es vulguin plantejar noves preguntes i busquin respostes diferents davant l&#8217;entorn actual.<\/span><\/li>\n<\/ul>\n\t\t\t\t\t\t\t\t<\/div>\n\t\t\t\t<\/div>\n\t\t\t\t\t<\/div>\n\t\t<\/div>\n\t\t\t\t\t<\/div>\n\t\t<\/section>\n\t\t\t\t<section class=\"elementor-section elementor-top-section elementor-element elementor-element-9366c46 elementor-section-boxed elementor-section-height-default elementor-section-height-default\" data-id=\"9366c46\" data-element_type=\"section\" data-e-type=\"section\" data-settings=\"{&quot;background_background&quot;:&quot;classic&quot;}\">\n\t\t\t\t\t\t<div class=\"elementor-container elementor-column-gap-default\">\n\t\t\t\t\t<div class=\"elementor-column elementor-col-100 elementor-top-column elementor-element elementor-element-d9f65be\" data-id=\"d9f65be\" data-element_type=\"column\" data-e-type=\"column\">\n\t\t\t<div class=\"elementor-widget-wrap elementor-element-populated\">\n\t\t\t\t\t\t<div class=\"elementor-element elementor-element-20d602d elementor-widget elementor-widget-text-editor\" data-id=\"20d602d\" data-element_type=\"widget\" data-e-type=\"widget\" data-widget_type=\"text-editor.default\">\n\t\t\t\t<div class=\"elementor-widget-container\">\n\t\t\t\t\t\t\t\t\tPots participar en 1 o m\u00e9s dels 5 m\u00f2duls o pots desenvolupar les habilitats de tot el programa. \n\n\t\t\t\t\t\t\t\t<\/div>\n\t\t\t\t<\/div>\n\t\t\t\t\t<\/div>\n\t\t<\/div>\n\t\t\t\t\t<\/div>\n\t\t<\/section>\n\t\t\t\t<section class=\"elementor-section elementor-top-section elementor-element elementor-element-986cdc2 elementor-section-boxed elementor-section-height-default elementor-section-height-default\" data-id=\"986cdc2\" data-element_type=\"section\" data-e-type=\"section\" data-settings=\"{&quot;background_background&quot;:&quot;classic&quot;}\">\n\t\t\t\t\t\t<div class=\"elementor-container elementor-column-gap-default\">\n\t\t\t\t\t<div class=\"elementor-column elementor-col-33 elementor-top-column elementor-element elementor-element-9068ab4\" data-id=\"9068ab4\" data-element_type=\"column\" data-e-type=\"column\">\n\t\t\t<div class=\"elementor-widget-wrap elementor-element-populated\">\n\t\t\t\t\t\t<div class=\"elementor-element elementor-element-1624823 elementor-widget elementor-widget-heading\" data-id=\"1624823\" data-element_type=\"widget\" data-e-type=\"widget\" data-widget_type=\"heading.default\">\n\t\t\t\t<div class=\"elementor-widget-container\">\n\t\t\t\t\t<h2 class=\"elementor-heading-title elementor-size-default\">L'economia circular. Qu\u00e8 \u00e9s i com s'incorpora en la vessant esntrat\u00e8gica de l'empresa\n<\/h2>\t\t\t\t<\/div>\n\t\t\t\t<\/div>\n\t\t\t\t<div class=\"elementor-element elementor-element-20f9094 elementor-widget__width-initial elementor-widget-divider--view-line elementor-widget elementor-widget-global elementor-global-48210 elementor-global-159 elementor-widget-divider\" data-id=\"20f9094\" data-element_type=\"widget\" data-e-type=\"widget\" data-widget_type=\"divider.default\">\n\t\t\t\t<div class=\"elementor-widget-container\">\n\t\t\t\t\t\t\t<div class=\"elementor-divider\">\n\t\t\t<span class=\"elementor-divider-separator\">\n\t\t\t\t\t\t<\/span>\n\t\t<\/div>\n\t\t\t\t\t\t<\/div>\n\t\t\t\t<\/div>\n\t\t\t\t\t<\/div>\n\t\t<\/div>\n\t\t\t\t<div class=\"elementor-column elementor-col-66 elementor-top-column elementor-element elementor-element-6624e6a\" data-id=\"6624e6a\" data-element_type=\"column\" data-e-type=\"column\">\n\t\t\t<div class=\"elementor-widget-wrap elementor-element-populated\">\n\t\t\t\t\t\t<div class=\"elementor-element elementor-element-cd26631 elementor-widget elementor-widget-text-editor\" data-id=\"cd26631\" data-element_type=\"widget\" data-e-type=\"widget\" data-widget_type=\"text-editor.default\">\n\t\t\t\t<div class=\"elementor-widget-container\">\n\t\t\t\t\t\t\t\t\t<p><strong>16 de mar\u00e7. L\u2019Economia Circular: qu\u00e8 \u00e9s i com s\u2019incorpora en la vessant estrat\u00e8gia de l\u2019empresa.<\/strong> Diagnosi empresarial i casos d\u2019\u00e8xit: En una primera sessi\u00f3 introduct\u00f2ria es treballen els conceptes clau sobre Economia Circular, les diferents estrat\u00e8gies aplicables i com es pot definir el punt de partida i el roadmap de circularitat.<\/p>\n<ul>\n<li>Introducci\u00f3 i elements de context<\/li>\n<li>Definici\u00f3 i estrat\u00e8gies d\u2019Economia Circular<\/li>\n<li>Exemples i casos per a la inspiraci\u00f3<\/li>\n<li>Espai de debat<\/li>\n<\/ul>\n\t\t\t\t\t\t\t\t<\/div>\n\t\t\t\t<\/div>\n\t\t\t\t\t<\/div>\n\t\t<\/div>\n\t\t\t\t\t<\/div>\n\t\t<\/section>\n\t\t\t\t<section class=\"elementor-section elementor-top-section elementor-element elementor-element-9e6691a elementor-section-boxed elementor-section-height-default elementor-section-height-default\" data-id=\"9e6691a\" data-element_type=\"section\" data-e-type=\"section\" data-settings=\"{&quot;background_background&quot;:&quot;classic&quot;}\">\n\t\t\t\t\t\t<div class=\"elementor-container elementor-column-gap-default\">\n\t\t\t\t\t<div class=\"elementor-column elementor-col-33 elementor-top-column elementor-element elementor-element-2b0bca6\" data-id=\"2b0bca6\" data-element_type=\"column\" data-e-type=\"column\">\n\t\t\t<div class=\"elementor-widget-wrap elementor-element-populated\">\n\t\t\t\t\t\t<div class=\"elementor-element elementor-element-6ff1cf5 elementor-widget elementor-widget-heading\" data-id=\"6ff1cf5\" data-element_type=\"widget\" data-e-type=\"widget\" data-widget_type=\"heading.default\">\n\t\t\t\t<div class=\"elementor-widget-container\">\n\t\t\t\t\t<h2 class=\"elementor-heading-title elementor-size-default\">Innovaci\u00f3 per a la definici\u00f3 de nous models de negoci circulars\n<\/h2>\t\t\t\t<\/div>\n\t\t\t\t<\/div>\n\t\t\t\t<div class=\"elementor-element elementor-element-5bea892 elementor-widget__width-initial elementor-widget-divider--view-line elementor-widget elementor-widget-global elementor-global-48210 elementor-global-159 elementor-widget-divider\" data-id=\"5bea892\" data-element_type=\"widget\" data-e-type=\"widget\" data-widget_type=\"divider.default\">\n\t\t\t\t<div class=\"elementor-widget-container\">\n\t\t\t\t\t\t\t<div class=\"elementor-divider\">\n\t\t\t<span class=\"elementor-divider-separator\">\n\t\t\t\t\t\t<\/span>\n\t\t<\/div>\n\t\t\t\t\t\t<\/div>\n\t\t\t\t<\/div>\n\t\t\t\t\t<\/div>\n\t\t<\/div>\n\t\t\t\t<div class=\"elementor-column elementor-col-66 elementor-top-column elementor-element elementor-element-075c426\" data-id=\"075c426\" data-element_type=\"column\" data-e-type=\"column\">\n\t\t\t<div class=\"elementor-widget-wrap elementor-element-populated\">\n\t\t\t\t\t\t<div class=\"elementor-element elementor-element-e91ebd6 elementor-widget elementor-widget-text-editor\" data-id=\"e91ebd6\" data-element_type=\"widget\" data-e-type=\"widget\" data-widget_type=\"text-editor.default\">\n\t\t\t\t<div class=\"elementor-widget-container\">\n\t\t\t\t\t\t\t\t\t<p><strong>21 de mar\u00e7. Innovaci\u00f3 per a la definici\u00f3 de nous models de negoci circulars<\/strong>: taller pr\u00e0ctic on es defineixen els diferents models de negoci circulars i on s\u2019aplicaran les t\u00e8cniques de Design Thinking per tal de definir propostes aplicables a les empreses participants<\/p>\n<ul>\n<li>La innovaci\u00f3: qu\u00e8 \u00e9s i com aplica a l\u2019Economia Circular<\/li>\n<li>M\u00e8todes i eines per innovar: creativitat i Design Thinking<\/li>\n<li>Espai pr\u00e0ctic<\/li>\n<\/ul>\n\t\t\t\t\t\t\t\t<\/div>\n\t\t\t\t<\/div>\n\t\t\t\t\t<\/div>\n\t\t<\/div>\n\t\t\t\t\t<\/div>\n\t\t<\/section>\n\t\t\t\t<section class=\"elementor-section elementor-top-section elementor-element elementor-element-85df597 elementor-section-boxed elementor-section-height-default elementor-section-height-default\" data-id=\"85df597\" data-element_type=\"section\" data-e-type=\"section\" data-settings=\"{&quot;background_background&quot;:&quot;classic&quot;}\">\n\t\t\t\t\t\t<div class=\"elementor-container elementor-column-gap-default\">\n\t\t\t\t\t<div class=\"elementor-column elementor-col-33 elementor-top-column elementor-element elementor-element-3cd83ed\" data-id=\"3cd83ed\" data-element_type=\"column\" data-e-type=\"column\">\n\t\t\t<div class=\"elementor-widget-wrap elementor-element-populated\">\n\t\t\t\t\t\t<div class=\"elementor-element elementor-element-c4c9c0f elementor-widget elementor-widget-heading\" data-id=\"c4c9c0f\" data-element_type=\"widget\" data-e-type=\"widget\" data-widget_type=\"heading.default\">\n\t\t\t\t<div class=\"elementor-widget-container\">\n\t\t\t\t\t<h2 class=\"elementor-heading-title elementor-size-default\">Ecodisseny i ACV\n<\/h2>\t\t\t\t<\/div>\n\t\t\t\t<\/div>\n\t\t\t\t<div class=\"elementor-element elementor-element-912454d elementor-widget__width-initial elementor-widget-divider--view-line elementor-widget elementor-widget-global elementor-global-48210 elementor-global-159 elementor-widget-divider\" data-id=\"912454d\" data-element_type=\"widget\" data-e-type=\"widget\" data-widget_type=\"divider.default\">\n\t\t\t\t<div class=\"elementor-widget-container\">\n\t\t\t\t\t\t\t<div class=\"elementor-divider\">\n\t\t\t<span class=\"elementor-divider-separator\">\n\t\t\t\t\t\t<\/span>\n\t\t<\/div>\n\t\t\t\t\t\t<\/div>\n\t\t\t\t<\/div>\n\t\t\t\t\t<\/div>\n\t\t<\/div>\n\t\t\t\t<div class=\"elementor-column elementor-col-66 elementor-top-column elementor-element elementor-element-87e6e7a\" data-id=\"87e6e7a\" data-element_type=\"column\" data-e-type=\"column\">\n\t\t\t<div class=\"elementor-widget-wrap elementor-element-populated\">\n\t\t\t\t\t\t<div class=\"elementor-element elementor-element-638566e elementor-widget elementor-widget-text-editor\" data-id=\"638566e\" data-element_type=\"widget\" data-e-type=\"widget\" data-widget_type=\"text-editor.default\">\n\t\t\t\t<div class=\"elementor-widget-container\">\n\t\t\t\t\t\t\t\t\t<p><strong>23 de mar\u00e7. Ecodisseny i ACV<\/strong>: introducci\u00f3 als conceptes d\u2019Ecodisseny de producte i equips, roda d\u2019estrat\u00e8gies d\u2019ecodisseny, i com es mesura a trav\u00e9s d\u2019eines qualitatives i quantitatives per a l\u2019an\u00e0lisi de cicle de vida. Cicle de Vida<\/p>\n<ul>\n<li>: definici\u00f3<\/li>\n<li> Aspectes ambientals i impactes ambientals d\u2019un producte<\/li>\n<li>An\u00e0lisi de Cicle de Vida: qu\u00e8 \u00e9s i quines metodologies hi ha (qualitatives i quantitatives)<\/li>\n<li>Ecodisseny: definici\u00f3 i com aplicar l\u2019ACV per comparar alternatives<\/li>\n<li>Estrat\u00e8gies d\u2019ecodisseny i exemples<\/li>\n<li>Espais de taller pr\u00e0ctic i debat<\/li>\n<\/ul>\n\t\t\t\t\t\t\t\t<\/div>\n\t\t\t\t<\/div>\n\t\t\t\t\t<\/div>\n\t\t<\/div>\n\t\t\t\t\t<\/div>\n\t\t<\/section>\n\t\t\t\t<section class=\"elementor-section elementor-top-section elementor-element elementor-element-1f4ba6e elementor-section-boxed elementor-section-height-default elementor-section-height-default\" data-id=\"1f4ba6e\" data-element_type=\"section\" data-e-type=\"section\" data-settings=\"{&quot;background_background&quot;:&quot;classic&quot;}\">\n\t\t\t\t\t\t<div class=\"elementor-container elementor-column-gap-default\">\n\t\t\t\t\t<div class=\"elementor-column elementor-col-33 elementor-top-column elementor-element elementor-element-71b0eec\" data-id=\"71b0eec\" data-element_type=\"column\" data-e-type=\"column\">\n\t\t\t<div class=\"elementor-widget-wrap elementor-element-populated\">\n\t\t\t\t\t\t<div class=\"elementor-element elementor-element-b5ab05b elementor-widget elementor-widget-heading\" data-id=\"b5ab05b\" data-element_type=\"widget\" data-e-type=\"widget\" data-widget_type=\"heading.default\">\n\t\t\t\t<div class=\"elementor-widget-container\">\n\t\t\t\t\t<h2 class=\"elementor-heading-title elementor-size-default\">Servititzaci\u00f3<\/h2>\t\t\t\t<\/div>\n\t\t\t\t<\/div>\n\t\t\t\t<div class=\"elementor-element elementor-element-1b5607b elementor-widget__width-initial elementor-widget-divider--view-line elementor-widget elementor-widget-global elementor-global-48210 elementor-global-159 elementor-widget-divider\" data-id=\"1b5607b\" data-element_type=\"widget\" data-e-type=\"widget\" data-widget_type=\"divider.default\">\n\t\t\t\t<div class=\"elementor-widget-container\">\n\t\t\t\t\t\t\t<div class=\"elementor-divider\">\n\t\t\t<span class=\"elementor-divider-separator\">\n\t\t\t\t\t\t<\/span>\n\t\t<\/div>\n\t\t\t\t\t\t<\/div>\n\t\t\t\t<\/div>\n\t\t\t\t\t<\/div>\n\t\t<\/div>\n\t\t\t\t<div class=\"elementor-column elementor-col-66 elementor-top-column elementor-element elementor-element-6e36bd8\" data-id=\"6e36bd8\" data-element_type=\"column\" data-e-type=\"column\">\n\t\t\t<div class=\"elementor-widget-wrap elementor-element-populated\">\n\t\t\t\t\t\t<div class=\"elementor-element elementor-element-75c3d40 elementor-widget elementor-widget-text-editor\" data-id=\"75c3d40\" data-element_type=\"widget\" data-e-type=\"widget\" data-widget_type=\"text-editor.default\">\n\t\t\t\t<div class=\"elementor-widget-container\">\n\t\t\t\t\t\t\t\t\t<p><strong>27 de mar\u00e7. Servititzaci\u00f3:<\/strong> qu\u00e8 \u00e9s i com es defineix una proposta de valor circular a trav\u00e9s de models de negoci on es posa el focus en l\u2019acc\u00e9s al servei o soluci\u00f3 en lloc de la venda productes i\/o equips.<\/p>\n<ul>\n<li>Introducci\u00f3 i definici\u00f3 de models de negoci circulars<\/li>\n<li>La servititzaci\u00f3: qu\u00e8 \u00e9s. Casos i exemples<\/li>\n<li>Metodologia i eines per a definir una proposta de valor basada en la servititzaci\u00f3<\/li>\n<li>TCO: concepte de Total Cost of Ownership: qu\u00e8 \u00e9s i com aplica a la servititzaci\u00f3<\/li>\n<li>El finan\u00e7ament de la servititzaci\u00f3: reptes per als equipaments industrials<\/li>\n<li>Espai de taller pr\u00e0ctic i debat final<\/li>\n<\/ul>\n\t\t\t\t\t\t\t\t<\/div>\n\t\t\t\t<\/div>\n\t\t\t\t\t<\/div>\n\t\t<\/div>\n\t\t\t\t\t<\/div>\n\t\t<\/section>\n\t\t\t\t<section class=\"elementor-section elementor-top-section elementor-element elementor-element-1f3349a elementor-section-boxed elementor-section-height-default elementor-section-height-default\" data-id=\"1f3349a\" data-element_type=\"section\" data-e-type=\"section\" data-settings=\"{&quot;background_background&quot;:&quot;classic&quot;}\">\n\t\t\t\t\t\t<div class=\"elementor-container elementor-column-gap-default\">\n\t\t\t\t\t<div class=\"elementor-column elementor-col-33 elementor-top-column elementor-element elementor-element-db954ef\" data-id=\"db954ef\" data-element_type=\"column\" data-e-type=\"column\">\n\t\t\t<div class=\"elementor-widget-wrap elementor-element-populated\">\n\t\t\t\t\t\t<div class=\"elementor-element elementor-element-4c21ed1 elementor-widget elementor-widget-heading\" data-id=\"4c21ed1\" data-element_type=\"widget\" data-e-type=\"widget\" data-widget_type=\"heading.default\">\n\t\t\t\t<div class=\"elementor-widget-container\">\n\t\t\t\t\t<h2 class=\"elementor-heading-title elementor-size-default\">M\u00e8triques de circularitat i reporting\n<\/h2>\t\t\t\t<\/div>\n\t\t\t\t<\/div>\n\t\t\t\t<div class=\"elementor-element elementor-element-a7787a6 elementor-widget__width-initial elementor-widget-divider--view-line elementor-widget elementor-widget-global elementor-global-48210 elementor-global-159 elementor-widget-divider\" data-id=\"a7787a6\" data-element_type=\"widget\" data-e-type=\"widget\" data-widget_type=\"divider.default\">\n\t\t\t\t<div class=\"elementor-widget-container\">\n\t\t\t\t\t\t\t<div class=\"elementor-divider\">\n\t\t\t<span class=\"elementor-divider-separator\">\n\t\t\t\t\t\t<\/span>\n\t\t<\/div>\n\t\t\t\t\t\t<\/div>\n\t\t\t\t<\/div>\n\t\t\t\t\t<\/div>\n\t\t<\/div>\n\t\t\t\t<div class=\"elementor-column elementor-col-66 elementor-top-column elementor-element elementor-element-b4ea0ab\" data-id=\"b4ea0ab\" data-element_type=\"column\" data-e-type=\"column\">\n\t\t\t<div class=\"elementor-widget-wrap elementor-element-populated\">\n\t\t\t\t\t\t<div class=\"elementor-element elementor-element-7f0c4cd elementor-widget elementor-widget-text-editor\" data-id=\"7f0c4cd\" data-element_type=\"widget\" data-e-type=\"widget\" data-widget_type=\"text-editor.default\">\n\t\t\t\t<div class=\"elementor-widget-container\">\n\t\t\t\t\t\t\t\t\t<p><strong>29 de mar\u00e7. M\u00e8triques de circularitat i reporting:<\/strong> En aquesta sessi\u00f3 es treballar\u00e0 les m\u00e8triques i els sistemes de reporting ambiental, aix\u00ed com la incorporaci\u00f3 d\u2019aquestes m\u00e8triques ens els quadres de comandament integral.<\/p>\n<ul>\n<li>M\u00e8triques de circularitat: com i qu\u00e8 es mesura<\/li>\n<li>Entorn ESG<\/li>\n<li>Informes de sostenibilitat: est\u00e0ndards i elements que el composen<\/li>\n<li>Exemples d\u2019aplicaci\u00f3<\/li>\n<li>Taller pr\u00e1ctico debate<\/li>\n<\/ul>\n\t\t\t\t\t\t\t\t<\/div>\n\t\t\t\t<\/div>\n\t\t\t\t\t<\/div>\n\t\t<\/div>\n\t\t\t\t\t<\/div>\n\t\t<\/section>\n\t\t\t\t<section class=\"elementor-section elementor-top-section elementor-element elementor-element-c9177be elementor-section-boxed elementor-section-height-default elementor-section-height-default\" data-id=\"c9177be\" data-element_type=\"section\" data-e-type=\"section\" data-settings=\"{&quot;background_background&quot;:&quot;classic&quot;}\">\n\t\t\t\t\t\t<div class=\"elementor-container elementor-column-gap-default\">\n\t\t\t\t\t<div class=\"elementor-column elementor-col-100 elementor-top-column elementor-element elementor-element-db784ca\" data-id=\"db784ca\" data-element_type=\"column\" data-e-type=\"column\">\n\t\t\t<div class=\"elementor-widget-wrap elementor-element-populated\">\n\t\t\t\t\t\t<div class=\"elementor-element elementor-element-665f7ee elementor-widget elementor-widget-heading\" data-id=\"665f7ee\" data-element_type=\"widget\" data-e-type=\"widget\" data-widget_type=\"heading.default\">\n\t\t\t\t<div class=\"elementor-widget-container\">\n\t\t\t\t\t<h3 class=\"elementor-heading-title elementor-size-default\">Equipo<\/h3>\t\t\t\t<\/div>\n\t\t\t\t<\/div>\n\t\t\t\t<div class=\"elementor-element elementor-element-c08ed4f elementor-widget__width-initial elementor-widget-divider--view-line elementor-widget elementor-widget-global elementor-global-48210 elementor-global-159 elementor-widget-divider\" data-id=\"c08ed4f\" data-element_type=\"widget\" data-e-type=\"widget\" data-widget_type=\"divider.default\">\n\t\t\t\t<div class=\"elementor-widget-container\">\n\t\t\t\t\t\t\t<div class=\"elementor-divider\">\n\t\t\t<span class=\"elementor-divider-separator\">\n\t\t\t\t\t\t<\/span>\n\t\t<\/div>\n\t\t\t\t\t\t<\/div>\n\t\t\t\t<\/div>\n\t\t\t\t\t<\/div>\n\t\t<\/div>\n\t\t\t\t\t<\/div>\n\t\t<\/section>\n\t\t\t\t<section class=\"elementor-section elementor-top-section elementor-element elementor-element-eca24ca elementor-section-boxed elementor-section-height-default elementor-section-height-default\" data-id=\"eca24ca\" data-element_type=\"section\" data-e-type=\"section\" data-settings=\"{&quot;background_background&quot;:&quot;classic&quot;}\">\n\t\t\t\t\t\t<div class=\"elementor-container elementor-column-gap-default\">\n\t\t\t\t\t<div class=\"elementor-column elementor-col-33 elementor-top-column elementor-element elementor-element-63b857e\" data-id=\"63b857e\" data-element_type=\"column\" data-e-type=\"column\">\n\t\t\t<div class=\"elementor-widget-wrap elementor-element-populated\">\n\t\t\t\t\t\t<div class=\"elementor-element elementor-element-7f1cf7e elementor-flip-box--effect-slide elementor-flip-box--direction-up elementor-widget elementor-widget-flip-box\" data-id=\"7f1cf7e\" data-element_type=\"widget\" data-e-type=\"widget\" data-widget_type=\"flip-box.default\">\n\t\t\t\t<div class=\"elementor-widget-container\">\n\t\t\t\t\t\t\t<div class=\"elementor-flip-box\" tabindex=\"0\">\n\t\t\t<div class=\"elementor-flip-box__layer elementor-flip-box__front\">\n\t\t\t\t<div class=\"elementor-flip-box__layer__overlay\">\n\t\t\t\t\t<div class=\"elementor-flip-box__layer__inner\">\n\t\t\t\t\t\t\n\t\t\t\t\t\t\t\t\t\t\t\t\t<h3 class=\"elementor-flip-box__layer__title\">\n\t\t\t\t\t\t\t\tS\u00f2nia Llorens\t\t\t\t\t\t\t<\/h3>\n\t\t\t\t\t\t\n\t\t\t\t\t\t\t\t\t\t\t<\/div>\n\t\t\t\t<\/div>\n\t\t\t<\/div>\n\t\t\t<div class=\"elementor-flip-box__layer elementor-flip-box__back\">\n\t\t\t<div class=\"elementor-flip-box__layer__overlay\">\n\t\t\t\t<div class=\"elementor-flip-box__layer__inner\">\n\t\t\t\t\t\t\t\t\t\t\t<h3 class=\"elementor-flip-box__layer__title\">\n\t\t\t\t\t\t\tS\u00f2nia Llorens\t\t\t\t\t\t<\/h3>\n\t\t\t\t\t\n\t\t\t\t\t\t\t\t\t\t\t<div class=\"elementor-flip-box__layer__description\">\n\t\t\t\t\t\t\tDoctora en Ingenier\u00eda Industrial por la Universidad Polit\u00e9cnica de Catalu\u00f1a (UPC), la Universidad Jaume I (UJI) y la Universidad de Girona (UdG). M\u00e1ster en Ingenier\u00eda Mec\u00e1nica y Equipamiento Industrial (EMEI) por la Fundaci\u00f3n Polit\u00e9cnica de Catalu\u00f1a (FPC). Fundadora de INN2-INNOVACI\u00d3N INDUSTRIAL, acumula veinte a\u00f1os de experiencia en actividades de investigaci\u00f3n, docencia, ejecuci\u00f3n de proyectos y asesoramiento para la competitividad empresarial. Consultora acreditada por ACCI\u00d3 en innovaci\u00f3n y econom\u00eda circular. Actualmente dirige la C\u00e1tedra de Econom\u00eda Circular del Tecnocampus (UPF) y codirige del posgrado de Econom\u00eda Circular de la UPC School. Tambi\u00e9n es profesora del M\u00e1ster Industria 4.0 (UOC y TCM) y del M\u00e1ster EMEI (Ingenier\u00eda Mec\u00e1nica y Equipamiento Industrial \u2013 UPC).\n\n\t\t\t\t\t\t<\/div>\n\t\t\t\t\t\n\t\t\t\t\t\t\t\t<\/div>\n\t\t<\/div>\n\t\t<\/div>\n\t\t<\/div>\n\t\t\t\t\t\t<\/div>\n\t\t\t\t<\/div>\n\t\t\t\t\t<\/div>\n\t\t<\/div>\n\t\t\t\t<div class=\"elementor-column elementor-col-33 elementor-top-column elementor-element elementor-element-e76f13f\" data-id=\"e76f13f\" data-element_type=\"column\" data-e-type=\"column\">\n\t\t\t<div class=\"elementor-widget-wrap elementor-element-populated\">\n\t\t\t\t\t\t<div class=\"elementor-element elementor-element-1c2e990 elementor-flip-box--effect-slide elementor-flip-box--direction-up elementor-widget elementor-widget-flip-box\" data-id=\"1c2e990\" data-element_type=\"widget\" data-e-type=\"widget\" data-widget_type=\"flip-box.default\">\n\t\t\t\t<div class=\"elementor-widget-container\">\n\t\t\t\t\t\t\t<div class=\"elementor-flip-box\" tabindex=\"0\">\n\t\t\t<div class=\"elementor-flip-box__layer elementor-flip-box__front\">\n\t\t\t\t<div class=\"elementor-flip-box__layer__overlay\">\n\t\t\t\t\t<div class=\"elementor-flip-box__layer__inner\">\n\t\t\t\t\t\t\n\t\t\t\t\t\t\t\t\t\t\t\t\t<h3 class=\"elementor-flip-box__layer__title\">\n\t\t\t\t\t\t\t\tAriadna Benet\t\t\t\t\t\t\t<\/h3>\n\t\t\t\t\t\t\n\t\t\t\t\t\t\t\t\t\t\t<\/div>\n\t\t\t\t<\/div>\n\t\t\t<\/div>\n\t\t\t<div class=\"elementor-flip-box__layer elementor-flip-box__back\">\n\t\t\t<div class=\"elementor-flip-box__layer__overlay\">\n\t\t\t\t<div class=\"elementor-flip-box__layer__inner\">\n\t\t\t\t\t\t\t\t\t\t\t<h3 class=\"elementor-flip-box__layer__title\">\n\t\t\t\t\t\t\tAriadna Benet\t\t\t\t\t\t<\/h3>\n\t\t\t\t\t\n\t\t\t\t\t\t\t\t\t\t\t<div class=\"elementor-flip-box__layer__description\">\n\t\t\t\t\t\t\tLlicenciada en Qu\u00edmica i Doctora en biologia per la UB. M\u00e0ster en desenvolupament ambiental per la Universitat de East Anglia, \u00e9s consultora s\u00e8nior en sostenibilitat i en el redisseny de models de negoci sostenibles. M\u00e9s de deu anys com a assessora ambiental i estudis de petjada de carboni, la incorporaci\u00f3\u00b4 d\u2019estrat\u00e8gies de circularitat, ODS i els reportings segons els Est\u00e0ndards GRI. Dirigeix el postgrau d\u2019Economia Circular al IL3 i \u00e9s investigadora s\u00e8nior de la C\u00e0tedra d\u2019Economia Circular\n\n\t\t\t\t\t\t<\/div>\n\t\t\t\t\t\n\t\t\t\t\t\t\t\t<\/div>\n\t\t<\/div>\n\t\t<\/div>\n\t\t<\/div>\n\t\t\t\t\t\t<\/div>\n\t\t\t\t<\/div>\n\t\t\t\t\t<\/div>\n\t\t<\/div>\n\t\t\t\t<div class=\"elementor-column elementor-col-33 elementor-top-column elementor-element elementor-element-8813bee\" data-id=\"8813bee\" data-element_type=\"column\" data-e-type=\"column\">\n\t\t\t<div class=\"elementor-widget-wrap elementor-element-populated\">\n\t\t\t\t\t\t<div class=\"elementor-element elementor-element-9634960 elementor-flip-box--effect-slide elementor-flip-box--direction-up elementor-widget elementor-widget-flip-box\" data-id=\"9634960\" data-element_type=\"widget\" data-e-type=\"widget\" data-widget_type=\"flip-box.default\">\n\t\t\t\t<div class=\"elementor-widget-container\">\n\t\t\t\t\t\t\t<div class=\"elementor-flip-box\" tabindex=\"0\">\n\t\t\t<div class=\"elementor-flip-box__layer elementor-flip-box__front\">\n\t\t\t\t<div class=\"elementor-flip-box__layer__overlay\">\n\t\t\t\t\t<div class=\"elementor-flip-box__layer__inner\">\n\t\t\t\t\t\t\n\t\t\t\t\t\t\t\t\t\t\t\t\t<h3 class=\"elementor-flip-box__layer__title\">\n\t\t\t\t\t\t\t\tM\u00e0rian Buil\t\t\t\t\t\t\t<\/h3>\n\t\t\t\t\t\t\n\t\t\t\t\t\t\t\t\t\t\t<\/div>\n\t\t\t\t<\/div>\n\t\t\t<\/div>\n\t\t\t<div class=\"elementor-flip-box__layer elementor-flip-box__back\">\n\t\t\t<div class=\"elementor-flip-box__layer__overlay\">\n\t\t\t\t<div class=\"elementor-flip-box__layer__inner\">\n\t\t\t\t\t\t\t\t\t\t\t<h3 class=\"elementor-flip-box__layer__title\">\n\t\t\t\t\t\t\tM\u00e0rian Buil\t\t\t\t\t\t<\/h3>\n\t\t\t\t\t\n\t\t\t\t\t\t\t\t\t\t\t<div class=\"elementor-flip-box__layer__description\">\n\t\t\t\t\t\t\tEconomista, doctora acreditada (ANECA), sexenni viu de recerca (AQU) i certificaci\u00f3 internacional en mentoring. Professora titular\n\t\t\t\t\t\t<\/div>\n\t\t\t\t\t\n\t\t\t\t\t\t\t\t<\/div>\n\t\t<\/div>\n\t\t<\/div>\n\t\t<\/div>\n\t\t\t\t\t\t<\/div>\n\t\t\t\t<\/div>\n\t\t\t\t\t<\/div>\n\t\t<\/div>\n\t\t\t\t\t<\/div>\n\t\t<\/section>\n\t\t\t\t<section class=\"elementor-section elementor-top-section elementor-element elementor-element-028b000 elementor-section-boxed elementor-section-height-default elementor-section-height-default\" data-id=\"028b000\" data-element_type=\"section\" data-e-type=\"section\" data-settings=\"{&quot;background_background&quot;:&quot;classic&quot;}\">\n\t\t\t\t\t\t<div class=\"elementor-container elementor-column-gap-default\">\n\t\t\t\t\t<div class=\"elementor-column elementor-col-33 elementor-top-column elementor-element elementor-element-2814e25\" data-id=\"2814e25\" data-element_type=\"column\" data-e-type=\"column\">\n\t\t\t<div class=\"elementor-widget-wrap elementor-element-populated\">\n\t\t\t\t\t\t<div class=\"elementor-element elementor-element-6d04688 elementor-flip-box--effect-slide elementor-flip-box--direction-up elementor-widget elementor-widget-flip-box\" data-id=\"6d04688\" data-element_type=\"widget\" data-e-type=\"widget\" data-widget_type=\"flip-box.default\">\n\t\t\t\t<div class=\"elementor-widget-container\">\n\t\t\t\t\t\t\t<div class=\"elementor-flip-box\" tabindex=\"0\">\n\t\t\t<div class=\"elementor-flip-box__layer elementor-flip-box__front\">\n\t\t\t\t<div class=\"elementor-flip-box__layer__overlay\">\n\t\t\t\t\t<div class=\"elementor-flip-box__layer__inner\">\n\t\t\t\t\t\t\n\t\t\t\t\t\t\t\t\t\t\t\t\t<h3 class=\"elementor-flip-box__layer__title\">\n\t\t\t\t\t\t\t\tXavier Subirats\t\t\t\t\t\t\t<\/h3>\n\t\t\t\t\t\t\n\t\t\t\t\t\t\t\t\t\t\t<\/div>\n\t\t\t\t<\/div>\n\t\t\t<\/div>\n\t\t\t<div class=\"elementor-flip-box__layer elementor-flip-box__back\">\n\t\t\t<div class=\"elementor-flip-box__layer__overlay\">\n\t\t\t\t<div class=\"elementor-flip-box__layer__inner\">\n\t\t\t\t\t\t\t\t\t\t\t<h3 class=\"elementor-flip-box__layer__title\">\n\t\t\t\t\t\t\tXavier Subirats\t\t\t\t\t\t<\/h3>\n\t\t\t\t\t\n\t\t\t\t\t\t\t\t\t\t\t<div class=\"elementor-flip-box__layer__description\">\n\t\t\t\t\t\t\tXavier Subirats \u00e9s soci d'AMSEL Assessors. Llicenciat en economia. M\u00e0ster en Negocis Internacionals. PDD a l'IESE. Amb postgraus al Regne Unit, Alemanya i B\u00e8lgica. Centra la pr\u00e0ctica en govern corporatiu i reporting empresarial, aix\u00ed com en fiscalitat i finances corporatives. Assessora habitualment grups familiars, empreses espanyoles i filials a Espanya de grups italians, francesos i anglesos. Assisteix com a conseller no executiu als Consells d'Administraci\u00f3 dels sectors: ind\u00fastria aliment\u00e0ria, pesca i aq\u00fcicultura, ind\u00fastria farmac\u00e8utica, hotels, CETs i ind\u00fastria de dispositius electr\u00f2nics. \u00c9s consultor d'informes corporatius sobre empreses de distribuci\u00f3 d'aigua (AMSA), agricultura (Nomen). Coordinador GT Sostenibilitat i Resili\u00e8ncia del Cjo Gral Economistes Espanya\n\t\t\t\t\t\t<\/div>\n\t\t\t\t\t\n\t\t\t\t\t\t\t\t<\/div>\n\t\t<\/div>\n\t\t<\/div>\n\t\t<\/div>\n\t\t\t\t\t\t<\/div>\n\t\t\t\t<\/div>\n\t\t\t\t\t<\/div>\n\t\t<\/div>\n\t\t\t\t<div class=\"elementor-column elementor-col-33 elementor-top-column elementor-element elementor-element-61220e4\" data-id=\"61220e4\" data-element_type=\"column\" data-e-type=\"column\">\n\t\t\t<div class=\"elementor-widget-wrap elementor-element-populated\">\n\t\t\t\t\t\t<div class=\"elementor-element elementor-element-c4aeeb9 elementor-flip-box--effect-slide elementor-flip-box--direction-up elementor-widget elementor-widget-flip-box\" data-id=\"c4aeeb9\" data-element_type=\"widget\" data-e-type=\"widget\" data-widget_type=\"flip-box.default\">\n\t\t\t\t<div class=\"elementor-widget-container\">\n\t\t\t\t\t\t\t<div class=\"elementor-flip-box\" tabindex=\"0\">\n\t\t\t<div class=\"elementor-flip-box__layer elementor-flip-box__front\">\n\t\t\t\t<div class=\"elementor-flip-box__layer__overlay\">\n\t\t\t\t\t<div class=\"elementor-flip-box__layer__inner\">\n\t\t\t\t\t\t\n\t\t\t\t\t\t\t\t\t\t\t\t\t<h3 class=\"elementor-flip-box__layer__title\">\n\t\t\t\t\t\t\t\tAxel Ehberger\t\t\t\t\t\t\t<\/h3>\n\t\t\t\t\t\t\n\t\t\t\t\t\t\t\t\t\t\t<\/div>\n\t\t\t\t<\/div>\n\t\t\t<\/div>\n\t\t\t<div class=\"elementor-flip-box__layer elementor-flip-box__back\">\n\t\t\t<div class=\"elementor-flip-box__layer__overlay\">\n\t\t\t\t<div class=\"elementor-flip-box__layer__inner\">\n\t\t\t\t\t\t\t\t\t\t\t<h3 class=\"elementor-flip-box__layer__title\">\n\t\t\t\t\t\t\tAxel Ehberger\t\t\t\t\t\t<\/h3>\n\t\t\t\t\t\n\t\t\t\t\t\t\t\t\t\t\t<div class=\"elementor-flip-box__layer__description\">\n\t\t\t\t\t\t\t\"International Business Administration\" per la RheinMain University of Applied Sciences (Alemanya) i per la Universidad de Zaragoza. Consultor en Control de Gesti\u00f3, ofereix serveis externs de Controlling aix\u00ed com seminaris, cursos i formaci\u00f3 interna. \u00c9s assessor s\u00e8nior a la C\u00e0tedra d\u2019Economia Circular i de Sostenibilitat de la Fundaci\u00f3 Tecnocampus Matar\u00f3-Maresme. A m\u00e9s, imparteix classes en diverses universitats (com ara Tecnocampus Matar\u00f3-Maresme) i ocasionalment en programes de m\u00e0ster. Al mateix temps, col\u00b7labora activament amb associacions professionals com l'ICV (International Controller Association). Ha obtingut el Diplom CA de Controller, despr\u00e9s d'haver participat en el programa en cinc etapes per a Controllers de la Controller Akademie.\n\n\t\t\t\t\t\t<\/div>\n\t\t\t\t\t\n\t\t\t\t\t\t\t\t<\/div>\n\t\t<\/div>\n\t\t<\/div>\n\t\t<\/div>\n\t\t\t\t\t\t<\/div>\n\t\t\t\t<\/div>\n\t\t\t\t\t<\/div>\n\t\t<\/div>\n\t\t\t\t<div class=\"elementor-column elementor-col-33 elementor-top-column elementor-element elementor-element-e54a4c8\" data-id=\"e54a4c8\" data-element_type=\"column\" data-e-type=\"column\">\n\t\t\t<div class=\"elementor-widget-wrap\">\n\t\t\t\t\t\t\t<\/div>\n\t\t<\/div>\n\t\t\t\t\t<\/div>\n\t\t<\/section>\n\t\t\t\t<section class=\"elementor-section elementor-top-section elementor-element elementor-element-bb41e21 elementor-section-boxed elementor-section-height-default elementor-section-height-default\" data-id=\"bb41e21\" data-element_type=\"section\" data-e-type=\"section\" data-settings=\"{&quot;background_background&quot;:&quot;classic&quot;}\">\n\t\t\t\t\t\t<div class=\"elementor-container elementor-column-gap-default\">\n\t\t\t\t\t<div class=\"elementor-column elementor-col-100 elementor-top-column elementor-element elementor-element-6321e28\" data-id=\"6321e28\" data-element_type=\"column\" data-e-type=\"column\">\n\t\t\t<div class=\"elementor-widget-wrap elementor-element-populated\">\n\t\t\t\t\t\t<div class=\"elementor-element elementor-element-6aa9596 elementor-widget elementor-widget-heading\" data-id=\"6aa9596\" data-element_type=\"widget\" data-e-type=\"widget\" data-widget_type=\"heading.default\">\n\t\t\t\t<div class=\"elementor-widget-container\">\n\t\t\t\t\t<h3 class=\"elementor-heading-title elementor-size-default\">L'Economia circular com a vector d'estrategia empresarial\n<\/h3>\t\t\t\t<\/div>\n\t\t\t\t<\/div>\n\t\t\t\t<div class=\"elementor-element elementor-element-bfa9496 elementor-widget__width-initial elementor-widget-divider--view-line elementor-widget elementor-widget-global elementor-global-48210 elementor-global-159 elementor-widget-divider\" data-id=\"bfa9496\" data-element_type=\"widget\" data-e-type=\"widget\" data-widget_type=\"divider.default\">\n\t\t\t\t<div class=\"elementor-widget-container\">\n\t\t\t\t\t\t\t<div class=\"elementor-divider\">\n\t\t\t<span class=\"elementor-divider-separator\">\n\t\t\t\t\t\t<\/span>\n\t\t<\/div>\n\t\t\t\t\t\t<\/div>\n\t\t\t\t<\/div>\n\t\t\t\t<section class=\"elementor-section elementor-inner-section elementor-element elementor-element-1427b98 elementor-section-boxed elementor-section-height-default elementor-section-height-default\" data-id=\"1427b98\" data-element_type=\"section\" data-e-type=\"section\">\n\t\t\t\t\t\t<div class=\"elementor-container elementor-column-gap-default\">\n\t\t\t\t\t<div class=\"elementor-column elementor-col-50 elementor-inner-column elementor-element elementor-element-97972c7\" data-id=\"97972c7\" data-element_type=\"column\" data-e-type=\"column\">\n\t\t\t<div class=\"elementor-widget-wrap elementor-element-populated\">\n\t\t\t\t\t\t<div class=\"elementor-element elementor-element-81b77a0 elementor-widget elementor-widget-image\" data-id=\"81b77a0\" data-element_type=\"widget\" data-e-type=\"widget\" data-widget_type=\"image.default\">\n\t\t\t\t<div class=\"elementor-widget-container\">\n\t\t\t\t\t\t\t\t\t\t\t\t\t\t\t<img fetchpriority=\"high\" decoding=\"async\" width=\"300\" height=\"200\" src=\"https:\/\/amec.es\/wp-content\/uploads\/2023\/08\/diseno-sin-titulo-33-2.png\" class=\"attachment-full size-full wp-image-4458\" alt=\"\" \/>\t\t\t\t\t\t\t\t\t\t\t\t\t\t\t<\/div>\n\t\t\t\t<\/div>\n\t\t\t\t\t<\/div>\n\t\t<\/div>\n\t\t\t\t<div class=\"elementor-column elementor-col-50 elementor-inner-column elementor-element elementor-element-3475c64\" data-id=\"3475c64\" data-element_type=\"column\" data-e-type=\"column\">\n\t\t\t<div class=\"elementor-widget-wrap elementor-element-populated\">\n\t\t\t\t\t\t<div class=\"elementor-element elementor-element-9b30c05 elementor-widget elementor-widget-text-editor\" data-id=\"9b30c05\" data-element_type=\"widget\" data-e-type=\"widget\" data-widget_type=\"text-editor.default\">\n\t\t\t\t<div class=\"elementor-widget-container\">\n\t\t\t\t\t\t\t\t\t<p><strong><span class=\"s2\">Programa online<\/span><\/strong><\/p>\n<p>Escull la teva forma de participar!: Pots inscriure&#8217;t a tot el programa o b\u00e9 als m\u00f2duls que m\u00e9s t&#8217;interessin. <\/p>\n<p>Les empreses membres <em><strong>d&#8217;amec<\/strong><\/em> tenen un 40% de descompte en el preu. <\/p>\n<p>Preu per cada m\u00f2dul formatiu: no membres: <strong>164\u20ac+21% IVA<\/strong> &#8211; <strong>Membres amec: 98+ 21% IVA<\/strong><\/p>\n<p> Preu del programa complet: no membres: 658+21% IVA \u2013 <strong>Membres amec: 395+ 21% IVA<\/strong> <\/p>\n\t\t\t\t\t\t\t\t<\/div>\n\t\t\t\t<\/div>\n\t\t\t\t\t<\/div>\n\t\t<\/div>\n\t\t\t\t\t<\/div>\n\t\t<\/section>\n\t\t\t\t<div class=\"elementor-element elementor-element-3d83532 elementor-widget elementor-widget-text-editor\" data-id=\"3d83532\" data-element_type=\"widget\" data-e-type=\"widget\" data-widget_type=\"text-editor.default\">\n\t\t\t\t<div class=\"elementor-widget-container\">\n\t\t\t\t\t\t\t\t\t<p>Nombre m\u00ednim d&#8217;assistents: 8<\/p>\n<p><strong>Pol\u00edtica de cancel\u00b7laci\u00f3<\/strong><\/p>\n<p>Per a cancel\u00b7lacions realitzades durant els 30 dies abans de l&#8217;inici del taller, es tornar\u00e0 el 75% de l&#8217;import.<\/p>\n<p>Per cancel\u00b7lacions realitzades durant els 15 dies abans de l&#8217;inici del taller, no se&#8217;n tornar\u00e0 l&#8217;import.<\/p>\n<p><strong>Gesti\u00f3n de la Bonificaci\u00f3n Fundae: <em>amec<\/em><\/strong> no gestionar\u00e1 la bonificaci\u00f3n fundae para esta formaci\u00f3n.<\/p>\n<p class=\"p1\">Tens alguna pregunta? contacta amb: &#8211; <a href=\"mailto:epahissa@amec.es\">epahissa@amec.es<\/a>  <\/p>\n\t\t\t\t\t\t\t\t<\/div>\n\t\t\t\t<\/div>\n\t\t\t\t\t<\/div>\n\t\t<\/div>\n\t\t\t\t\t<\/div>\n\t\t<\/section>\n\t\t\t\t<\/div>\n\t\t","protected":false},"excerpt":{"rendered":"<p>Economia circular Escull entre els 5 m\u00f2duls (2 hores cadascun) o fes el programa sencer Programa online (amb 40% de descompte per als membres d&#8217;amec) Es compaginar\u00e0 l&#8217;exposici\u00f3 te\u00f2rica i de casos d&#8217;\u00e8xit amb la realitzaci\u00f3 d&#8217;exercicis pr\u00e0ctics per consolidar i aplicar els coneixements a l&#8217;empresa Com podem incorporar l&#8217;economia circular a l&#8217;estrat\u00e8gica de l&#8217;empresa? [&hellip;]<\/p>\n","protected":false},"author":1,"featured_media":4438,"parent":5949,"menu_order":0,"comment_status":"closed","ping_status":"closed","template":"","meta":{"inline_featured_image":false,"footnotes":""},"categories":[],"tags":[],"class_list":["post-6067","page","type-page","status-publish","has-post-thumbnail","hentry"],"yoast_head":"<!-- This site is optimized with the Yoast SEO plugin v27.3 - https:\/\/yoast.com\/product\/yoast-seo-wordpress\/ -->\n<title>L&#039;Economia circular com a vector d&#039;estrategia empresarial | amec Positive Industry<\/title>\n<meta name=\"robots\" content=\"index, follow, max-snippet:-1, max-image-preview:large, max-video-preview:-1\" \/>\n<link rel=\"canonical\" href=\"https:\/\/amec.es\/gana-competitividad\/cursos-sostenibilidad\/la-economia-circular-como-vector-de-estrategia-empresarial\/\" \/>\n<meta property=\"og:locale\" content=\"ca_ES\" \/>\n<meta property=\"og:type\" content=\"article\" \/>\n<meta property=\"og:title\" content=\"L&#039;Economia circular com a vector d&#039;estrategia empresarial | amec Positive Industry\" \/>\n<meta property=\"og:description\" content=\"Economia circular Escull entre els 5 m\u00f2duls (2 hores cadascun) o fes el programa sencer Programa online (amb 40% de descompte per als membres d&#8217;amec) Es compaginar\u00e0 l&#8217;exposici\u00f3 te\u00f2rica i de casos d&#8217;\u00e8xit amb la realitzaci\u00f3 d&#8217;exercicis pr\u00e0ctics per consolidar i aplicar els coneixements a l&#8217;empresa Com podem incorporar l&#8217;economia circular a l&#8217;estrat\u00e8gica de l&#8217;empresa? [&hellip;]\" \/>\n<meta property=\"og:url\" content=\"https:\/\/amec.es\/gana-competitividad\/cursos-sostenibilidad\/la-economia-circular-como-vector-de-estrategia-empresarial\/\" \/>\n<meta property=\"og:site_name\" content=\"amec Positive Industry\" \/>\n<meta property=\"article:modified_time\" content=\"2023-09-01T11:06:21+00:00\" \/>\n<meta property=\"og:image\" content=\"https:\/\/amec.es\/wp-content\/uploads\/2023\/08\/cabeceritasformacio.jpg\" \/>\n\t<meta property=\"og:image:width\" content=\"1920\" \/>\n\t<meta property=\"og:image:height\" content=\"284\" \/>\n\t<meta property=\"og:image:type\" content=\"image\/jpeg\" \/>\n<meta name=\"twitter:card\" content=\"summary_large_image\" \/>\n<meta name=\"twitter:label1\" content=\"Temps estimat de lectura\" \/>\n\t<meta name=\"twitter:data1\" content=\"6 minuts\" \/>\n<script type=\"application\/ld+json\" class=\"yoast-schema-graph\">{\"@context\":\"https:\\\/\\\/schema.org\",\"@graph\":[{\"@type\":\"WebPage\",\"@id\":\"https:\\\/\\\/amec.es\\\/gana-competitividad\\\/cursos-sostenibilidad\\\/la-economia-circular-como-vector-de-estrategia-empresarial\\\/\",\"url\":\"https:\\\/\\\/amec.es\\\/gana-competitividad\\\/cursos-sostenibilidad\\\/la-economia-circular-como-vector-de-estrategia-empresarial\\\/\",\"name\":\"L'Economia circular com a vector d'estrategia empresarial | amec Positive Industry\",\"isPartOf\":{\"@id\":\"https:\\\/\\\/amec.es\\\/#website\"},\"primaryImageOfPage\":{\"@id\":\"https:\\\/\\\/amec.es\\\/gana-competitividad\\\/cursos-sostenibilidad\\\/la-economia-circular-como-vector-de-estrategia-empresarial\\\/#primaryimage\"},\"image\":{\"@id\":\"https:\\\/\\\/amec.es\\\/gana-competitividad\\\/cursos-sostenibilidad\\\/la-economia-circular-como-vector-de-estrategia-empresarial\\\/#primaryimage\"},\"thumbnailUrl\":\"https:\\\/\\\/amec.es\\\/wp-content\\\/uploads\\\/2023\\\/08\\\/cabeceritasformacio.jpg\",\"datePublished\":\"2023-08-07T09:10:43+00:00\",\"dateModified\":\"2023-09-01T11:06:21+00:00\",\"breadcrumb\":{\"@id\":\"https:\\\/\\\/amec.es\\\/gana-competitividad\\\/cursos-sostenibilidad\\\/la-economia-circular-como-vector-de-estrategia-empresarial\\\/#breadcrumb\"},\"inLanguage\":\"ca\",\"potentialAction\":[{\"@type\":\"ReadAction\",\"target\":[\"https:\\\/\\\/amec.es\\\/gana-competitividad\\\/cursos-sostenibilidad\\\/la-economia-circular-como-vector-de-estrategia-empresarial\\\/\"]}]},{\"@type\":\"ImageObject\",\"inLanguage\":\"ca\",\"@id\":\"https:\\\/\\\/amec.es\\\/gana-competitividad\\\/cursos-sostenibilidad\\\/la-economia-circular-como-vector-de-estrategia-empresarial\\\/#primaryimage\",\"url\":\"https:\\\/\\\/amec.es\\\/wp-content\\\/uploads\\\/2023\\\/08\\\/cabeceritasformacio.jpg\",\"contentUrl\":\"https:\\\/\\\/amec.es\\\/wp-content\\\/uploads\\\/2023\\\/08\\\/cabeceritasformacio.jpg\",\"width\":1920,\"height\":284},{\"@type\":\"BreadcrumbList\",\"@id\":\"https:\\\/\\\/amec.es\\\/gana-competitividad\\\/cursos-sostenibilidad\\\/la-economia-circular-como-vector-de-estrategia-empresarial\\\/#breadcrumb\",\"itemListElement\":[{\"@type\":\"ListItem\",\"position\":1,\"name\":\"Portada\",\"item\":\"https:\\\/\\\/amec.es\\\/ca\\\/home-new\\\/\"},{\"@type\":\"ListItem\",\"position\":2,\"name\":\"Guanya competitivitat\",\"item\":\"https:\\\/\\\/amec.es\\\/ca\\\/guanya-competitivitat\\\/\"},{\"@type\":\"ListItem\",\"position\":3,\"name\":\"Cursos &#8211; SOSTENIBILITAT\",\"item\":\"https:\\\/\\\/amec.es\\\/gana-competitividad\\\/cursos-sostenibilidad\\\/\"},{\"@type\":\"ListItem\",\"position\":4,\"name\":\"L&#8217;Economia circular com a vector d&#8217;estrategia empresarial\"}]},{\"@type\":\"WebSite\",\"@id\":\"https:\\\/\\\/amec.es\\\/#website\",\"url\":\"https:\\\/\\\/amec.es\\\/\",\"name\":\"amec Positive Industry\",\"description\":\"\",\"publisher\":{\"@id\":\"https:\\\/\\\/amec.es\\\/#organization\"},\"potentialAction\":[{\"@type\":\"SearchAction\",\"target\":{\"@type\":\"EntryPoint\",\"urlTemplate\":\"https:\\\/\\\/amec.es\\\/?s={search_term_string}\"},\"query-input\":{\"@type\":\"PropertyValueSpecification\",\"valueRequired\":true,\"valueName\":\"search_term_string\"}}],\"inLanguage\":\"ca\"},{\"@type\":\"Organization\",\"@id\":\"https:\\\/\\\/amec.es\\\/#organization\",\"name\":\"amec Positive Industry\",\"url\":\"https:\\\/\\\/amec.es\\\/\",\"logo\":{\"@type\":\"ImageObject\",\"inLanguage\":\"ca\",\"@id\":\"https:\\\/\\\/amec.es\\\/#\\\/schema\\\/logo\\\/image\\\/\",\"url\":\"https:\\\/\\\/amec.es\\\/wp-content\\\/uploads\\\/2023\\\/07\\\/logoamec.png\",\"contentUrl\":\"https:\\\/\\\/amec.es\\\/wp-content\\\/uploads\\\/2023\\\/07\\\/logoamec.png\",\"width\":200,\"height\":48,\"caption\":\"amec Positive Industry\"},\"image\":{\"@id\":\"https:\\\/\\\/amec.es\\\/#\\\/schema\\\/logo\\\/image\\\/\"}}]}<\/script>\n<!-- \/ Yoast SEO plugin. -->","yoast_head_json":{"title":"L'Economia circular com a vector d'estrategia empresarial | amec Positive Industry","robots":{"index":"index","follow":"follow","max-snippet":"max-snippet:-1","max-image-preview":"max-image-preview:large","max-video-preview":"max-video-preview:-1"},"canonical":"https:\/\/amec.es\/gana-competitividad\/cursos-sostenibilidad\/la-economia-circular-como-vector-de-estrategia-empresarial\/","og_locale":"ca_ES","og_type":"article","og_title":"L'Economia circular com a vector d'estrategia empresarial | amec Positive Industry","og_description":"Economia circular Escull entre els 5 m\u00f2duls (2 hores cadascun) o fes el programa sencer Programa online (amb 40% de descompte per als membres d&#8217;amec) Es compaginar\u00e0 l&#8217;exposici\u00f3 te\u00f2rica i de casos d&#8217;\u00e8xit amb la realitzaci\u00f3 d&#8217;exercicis pr\u00e0ctics per consolidar i aplicar els coneixements a l&#8217;empresa Com podem incorporar l&#8217;economia circular a l&#8217;estrat\u00e8gica de l&#8217;empresa? [&hellip;]","og_url":"https:\/\/amec.es\/gana-competitividad\/cursos-sostenibilidad\/la-economia-circular-como-vector-de-estrategia-empresarial\/","og_site_name":"amec Positive Industry","article_modified_time":"2023-09-01T11:06:21+00:00","og_image":[{"width":1920,"height":284,"url":"https:\/\/amec.es\/wp-content\/uploads\/2023\/08\/cabeceritasformacio.jpg","type":"image\/jpeg"}],"twitter_card":"summary_large_image","twitter_misc":{"Temps estimat de lectura":"6 minuts"},"schema":{"@context":"https:\/\/schema.org","@graph":[{"@type":"WebPage","@id":"https:\/\/amec.es\/gana-competitividad\/cursos-sostenibilidad\/la-economia-circular-como-vector-de-estrategia-empresarial\/","url":"https:\/\/amec.es\/gana-competitividad\/cursos-sostenibilidad\/la-economia-circular-como-vector-de-estrategia-empresarial\/","name":"L'Economia circular com a vector d'estrategia empresarial | amec Positive Industry","isPartOf":{"@id":"https:\/\/amec.es\/#website"},"primaryImageOfPage":{"@id":"https:\/\/amec.es\/gana-competitividad\/cursos-sostenibilidad\/la-economia-circular-como-vector-de-estrategia-empresarial\/#primaryimage"},"image":{"@id":"https:\/\/amec.es\/gana-competitividad\/cursos-sostenibilidad\/la-economia-circular-como-vector-de-estrategia-empresarial\/#primaryimage"},"thumbnailUrl":"https:\/\/amec.es\/wp-content\/uploads\/2023\/08\/cabeceritasformacio.jpg","datePublished":"2023-08-07T09:10:43+00:00","dateModified":"2023-09-01T11:06:21+00:00","breadcrumb":{"@id":"https:\/\/amec.es\/gana-competitividad\/cursos-sostenibilidad\/la-economia-circular-como-vector-de-estrategia-empresarial\/#breadcrumb"},"inLanguage":"ca","potentialAction":[{"@type":"ReadAction","target":["https:\/\/amec.es\/gana-competitividad\/cursos-sostenibilidad\/la-economia-circular-como-vector-de-estrategia-empresarial\/"]}]},{"@type":"ImageObject","inLanguage":"ca","@id":"https:\/\/amec.es\/gana-competitividad\/cursos-sostenibilidad\/la-economia-circular-como-vector-de-estrategia-empresarial\/#primaryimage","url":"https:\/\/amec.es\/wp-content\/uploads\/2023\/08\/cabeceritasformacio.jpg","contentUrl":"https:\/\/amec.es\/wp-content\/uploads\/2023\/08\/cabeceritasformacio.jpg","width":1920,"height":284},{"@type":"BreadcrumbList","@id":"https:\/\/amec.es\/gana-competitividad\/cursos-sostenibilidad\/la-economia-circular-como-vector-de-estrategia-empresarial\/#breadcrumb","itemListElement":[{"@type":"ListItem","position":1,"name":"Portada","item":"https:\/\/amec.es\/ca\/home-new\/"},{"@type":"ListItem","position":2,"name":"Guanya competitivitat","item":"https:\/\/amec.es\/ca\/guanya-competitivitat\/"},{"@type":"ListItem","position":3,"name":"Cursos &#8211; SOSTENIBILITAT","item":"https:\/\/amec.es\/gana-competitividad\/cursos-sostenibilidad\/"},{"@type":"ListItem","position":4,"name":"L&#8217;Economia circular com a vector d&#8217;estrategia empresarial"}]},{"@type":"WebSite","@id":"https:\/\/amec.es\/#website","url":"https:\/\/amec.es\/","name":"amec Positive Industry","description":"","publisher":{"@id":"https:\/\/amec.es\/#organization"},"potentialAction":[{"@type":"SearchAction","target":{"@type":"EntryPoint","urlTemplate":"https:\/\/amec.es\/?s={search_term_string}"},"query-input":{"@type":"PropertyValueSpecification","valueRequired":true,"valueName":"search_term_string"}}],"inLanguage":"ca"},{"@type":"Organization","@id":"https:\/\/amec.es\/#organization","name":"amec Positive Industry","url":"https:\/\/amec.es\/","logo":{"@type":"ImageObject","inLanguage":"ca","@id":"https:\/\/amec.es\/#\/schema\/logo\/image\/","url":"https:\/\/amec.es\/wp-content\/uploads\/2023\/07\/logoamec.png","contentUrl":"https:\/\/amec.es\/wp-content\/uploads\/2023\/07\/logoamec.png","width":200,"height":48,"caption":"amec Positive Industry"},"image":{"@id":"https:\/\/amec.es\/#\/schema\/logo\/image\/"}}]}},"_links":{"self":[{"href":"https:\/\/amec.es\/ca\/wp-json\/wp\/v2\/pages\/6067","targetHints":{"allow":["GET"]}}],"collection":[{"href":"https:\/\/amec.es\/ca\/wp-json\/wp\/v2\/pages"}],"about":[{"href":"https:\/\/amec.es\/ca\/wp-json\/wp\/v2\/types\/page"}],"author":[{"embeddable":true,"href":"https:\/\/amec.es\/ca\/wp-json\/wp\/v2\/users\/1"}],"replies":[{"embeddable":true,"href":"https:\/\/amec.es\/ca\/wp-json\/wp\/v2\/comments?post=6067"}],"version-history":[{"count":1,"href":"https:\/\/amec.es\/ca\/wp-json\/wp\/v2\/pages\/6067\/revisions"}],"predecessor-version":[{"id":6068,"href":"https:\/\/amec.es\/ca\/wp-json\/wp\/v2\/pages\/6067\/revisions\/6068"}],"up":[{"embeddable":true,"href":"https:\/\/amec.es\/ca\/wp-json\/wp\/v2\/pages\/5949"}],"wp:featuredmedia":[{"embeddable":true,"href":"https:\/\/amec.es\/ca\/wp-json\/wp\/v2\/media\/4438"}],"wp:attachment":[{"href":"https:\/\/amec.es\/ca\/wp-json\/wp\/v2\/media?parent=6067"}],"wp:term":[{"taxonomy":"category","embeddable":true,"href":"https:\/\/amec.es\/ca\/wp-json\/wp\/v2\/categories?post=6067"},{"taxonomy":"post_tag","embeddable":true,"href":"https:\/\/amec.es\/ca\/wp-json\/wp\/v2\/tags?post=6067"}],"curies":[{"name":"wp","href":"https:\/\/api.w.org\/{rel}","templated":true}]}}